{"id":2667,"date":"2017-08-07T12:02:00","date_gmt":"2017-08-07T10:02:00","guid":{"rendered":"https:\/\/int-ecole-org.flywheelsites.com\/articles\/"},"modified":"2023-06-21T17:07:39","modified_gmt":"2023-06-21T15:07:39","slug":"articles","status":"publish","type":"page","link":"https:\/\/www.esme.fr\/recherche\/articles\/","title":{"rendered":"Publications"},"content":{"rendered":"\n<div class=\"wp-block-group alignwide has-global-padding is-layout-constrained wp-container-core-group-is-layout-12243e0f wp-block-group-is-layout-constrained\">\n<div style=\"height:25px\" aria-hidden=\"true\" class=\"wp-block-spacer\"><\/div>\n\n\n\n<p class=\"has-text-align-center has-base-color has-text-color\">Retrouvez ici l\u2019ensemble des publications de l\u2019\u00e9quipe de recherche de l\u2019ESME. Cette liste de publications inclut les publications des membres de l\u2019ESME Research Lab avant leur arriv\u00e9e \u00e0 l\u2019ESME.<\/p>\n\n\n\n<div style=\"height:25px\" aria-hidden=\"true\" class=\"wp-block-spacer\"><\/div>\n<\/div>\n\n\n\n<div class=\"wp-block-group alignwide block_article_publication has-global-padding is-layout-constrained wp-block-group-is-layout-constrained\">\n<div class=\"wp-block-group alignwide query_publication has-global-padding is-layout-constrained wp-block-group-is-layout-constrained\">\n<div class=\"wp-block-buttons alignwide red-tab is-content-justification-center is-layout-flex wp-container-core-buttons-is-layout-a89b3969 wp-block-buttons-is-layout-flex\">\n<div class=\"wp-block-button tab-title\"><a class=\"wp-block-button__link wp-element-button\">Livres<\/a><\/div>\n\n\n\n<div class=\"wp-block-button tab-title\"><a class=\"wp-block-button__link wp-element-button\">Journaux<\/a><\/div>\n\n\n\n<div class=\"wp-block-button tab-title\"><a class=\"wp-block-button__link wp-element-button\">Conf\u00e9rences<\/a><\/div>\n<\/div>\n\n\n\n<div class=\"wp-block-group alignwide tab-content has-global-padding is-layout-constrained wp-container-core-group-is-layout-12243e0f wp-block-group-is-layout-constrained\">\n<h2 class=\"wp-block-heading has-text-align-center has-base-color has-text-color has-x-large-font-size\" id=\"h-livres\"><strong>Livres<\/strong><\/h2>\n\n\n\n<div style=\"height:15px\" aria-hidden=\"true\" class=\"wp-block-spacer\"><\/div>\n\n\n\n<div class=\"wp-block-query is-layout-flow wp-block-query-is-layout-flow\"><ul class=\"wp-block-post-template is-layout-flow wp-block-post-template-is-layout-flow\"><li class=\"wp-block-post post-7723 journal_article type-journal_article status-publish hentry journal_article_cat-livres\">\n\n<hr class=\"wp-block-separator has-text-color has-background-color has-alpha-channel-opacity has-background-background-color has-background is-style-wide\"\/>\n\n\n\n<div class=\"wp-block-columns is-layout-flex wp-container-core-columns-is-layout-28f84493 wp-block-columns-is-layout-flex\">\n<div class=\"wp-block-column is-layout-flow wp-block-column-is-layout-flow\" style=\"flex-basis:30%\">\n<p class=\"has-base-color has-text-color\"><strong>B. P. Bhuyan, A. Ait Saadi, Y. Meraihi, and A. Ramdane-Cherif<\/strong><\/p>\n<\/div>\n\n\n\n<div class=\"wp-block-column is-layout-flow wp-block-column-is-layout-flow\" style=\"flex-basis:50%\"><h3 class=\"wp-block-post-title has-text-color has-base-color has-medium-font-size\">Scientific Machine Learning: Foundations, Algorithms and Applications,<\/h3>\n\n\n<p class=\"has-base-color has-text-color\">Springer Singapore, eBook ISBN: 978-981-95-7856-6, Due Date : April 2026.<\/p>\n<\/div>\n\n\n\n<div class=\"wp-block-column is-layout-flow wp-block-column-is-layout-flow\">\n<div class=\"wp-block-buttons is-layout-flex\">\n                <div class=\"wp-block-button has-custom-width wp-block-button__width-100 has-custom-font-size has-small-font-size\"><a target=\"_blank\" class=\"wp-block-button__link has-tertiary-color has-base-background-color has-text-color has-background wp-element-button\" href='https:\/\/link.springer.com\/shop\/all-disciplines\/en-eu\/?gad_source=1&amp;gad_campaignid=17353958544&amp;gclid=Cj0KCQjw7IjOBhDyARIsAFzrWQz2QP09sfC22C1hPBiyV0m4UrkujYJu_NPnDuUXZc5H06mfZWNUPrgaAg1LEALw_wcB' rel=\"noopener\">Lien vers l&rsquo;article<\/a><\/div>\n                <\/div>\n<\/div>\n<\/div>\n\n<\/li><li class=\"wp-block-post post-7698 journal_article type-journal_article status-publish hentry journal_article_cat-livres\">\n\n<hr class=\"wp-block-separator has-text-color has-background-color has-alpha-channel-opacity has-background-background-color has-background is-style-wide\"\/>\n\n\n\n<div class=\"wp-block-columns is-layout-flex wp-container-core-columns-is-layout-28f84493 wp-block-columns-is-layout-flex\">\n<div class=\"wp-block-column is-layout-flow wp-block-column-is-layout-flow\" style=\"flex-basis:30%\">\n<p class=\"has-base-color has-text-color\"><strong>A. Bousbaine, A. Josaph, A. Fekik, R. Akanbi, A. Fareha, D. Wilson, U. Diala, A. T. Azar, R. Moualek, N. Benyahia, and N. Benamrouche<\/strong><\/p>\n<\/div>\n\n\n\n<div class=\"wp-block-column is-layout-flow wp-block-column-is-layout-flow\" style=\"flex-basis:50%\"><h3 class=\"wp-block-post-title has-text-color has-base-color has-medium-font-size\">Chapter 6 &#8211; Visualization of 3D trajectory control of drones using computer aided modeling,\u00a0<\/h3>\n\n\n<p class=\"has-base-color has-text-color\">Advances in Nonlinear Dynamical Systems and Robotics (ANDC), Modeling, Dynamics and Control approaches for Modern Robotics, Academic Press, pp. 159-200, 2026.<\/p>\n<\/div>\n\n\n\n<div class=\"wp-block-column is-layout-flow wp-block-column-is-layout-flow\">\n<div class=\"wp-block-buttons is-layout-flex\">\n                <div class=\"wp-block-button has-custom-width wp-block-button__width-100 has-custom-font-size has-small-font-size\"><a target=\"_blank\" class=\"wp-block-button__link has-tertiary-color has-base-background-color has-text-color has-background wp-element-button\" href='https:\/\/www.sciencedirect.com\/science\/chapter\/edited-volume\/abs\/pii\/B9780443301063000129' rel=\"noopener\">Lien vers l&rsquo;article<\/a><\/div>\n                <\/div>\n<\/div>\n<\/div>\n\n<\/li><li class=\"wp-block-post post-7065 journal_article type-journal_article status-publish hentry journal_article_cat-livres\">\n\n<hr class=\"wp-block-separator has-text-color has-background-color has-alpha-channel-opacity has-background-background-color has-background is-style-wide\"\/>\n\n\n\n<div class=\"wp-block-columns is-layout-flex wp-container-core-columns-is-layout-28f84493 wp-block-columns-is-layout-flex\">\n<div class=\"wp-block-column is-layout-flow wp-block-column-is-layout-flow\" style=\"flex-basis:30%\">\n<p class=\"has-base-color has-text-color\"><strong>A. Sassi, I. Boussaada, and S.-I. Niculescu<\/strong><\/p>\n<\/div>\n\n\n\n<div class=\"wp-block-column is-layout-flow wp-block-column-is-layout-flow\" style=\"flex-basis:50%\"><h3 class=\"wp-block-post-title has-text-color has-base-color has-medium-font-size\">Some insights into partial pole placement method in observers design for time-delay systems,<\/h3>\n\n\n<p class=\"has-base-color has-text-color\">accepted for publication in Trends in Mathematics, Birkhauser, September 2024.<\/p>\n<\/div>\n\n\n\n<div class=\"wp-block-column is-layout-flow wp-block-column-is-layout-flow\">\n<div class=\"wp-block-buttons is-layout-flex\">\n                <div class=\"wp-block-button has-custom-width wp-block-button__width-100 has-custom-font-size has-small-font-size\"><a target=\"_blank\" class=\"wp-block-button__link has-tertiary-color has-base-background-color has-text-color has-background wp-element-button\" href='https:\/\/www.scimagojr.com\/journalsearch.php?q=21100447813&amp;tip=sid&amp;clean=0' rel=\"noopener\">Lien vers le chapitre de livre<\/a><\/div>\n                <\/div>\n<\/div>\n<\/div>\n\n<\/li><li class=\"wp-block-post post-6828 journal_article type-journal_article status-publish hentry journal_article_cat-livres\">\n\n<hr class=\"wp-block-separator has-text-color has-background-color has-alpha-channel-opacity has-background-background-color has-background is-style-wide\"\/>\n\n\n\n<div class=\"wp-block-columns is-layout-flex wp-container-core-columns-is-layout-28f84493 wp-block-columns-is-layout-flex\">\n<div class=\"wp-block-column is-layout-flow wp-block-column-is-layout-flow\" style=\"flex-basis:30%\">\n<p class=\"has-base-color has-text-color\"><strong>L. Amour and A. Dandoush<\/strong><\/p>\n<\/div>\n\n\n\n<div class=\"wp-block-column is-layout-flow wp-block-column-is-layout-flow\" style=\"flex-basis:50%\"><h3 class=\"wp-block-post-title has-text-color has-base-color has-medium-font-size\">Harnessing Crowdsourcing and Machine Learning for Mobile Services Performance Analysis,<\/h3>\n\n\n<p class=\"has-base-color has-text-color\">Advances and Challenges in Science and Technology, Issue 2, pp. 123\u2013158, 2023. <\/p>\n<\/div>\n\n\n\n<div class=\"wp-block-column is-layout-flow wp-block-column-is-layout-flow\">\n<div class=\"wp-block-buttons is-layout-flex\">\n                <div class=\"wp-block-button has-custom-width wp-block-button__width-100 has-custom-font-size has-small-font-size\"><a target=\"_blank\" class=\"wp-block-button__link has-tertiary-color has-base-background-color has-text-color has-background wp-element-button\" href='https:\/\/doi.org\/10.9734\/bpi\/acst\/v2\/7016A' rel=\"noopener\">Lien vers le chapitre de livre<\/a><\/div>\n                <\/div>\n<\/div>\n<\/div>\n\n<\/li><li class=\"wp-block-post post-6788 journal_article type-journal_article status-publish hentry journal_article_cat-livres\">\n\n<hr class=\"wp-block-separator has-text-color has-background-color has-alpha-channel-opacity has-background-background-color has-background is-style-wide\"\/>\n\n\n\n<div class=\"wp-block-columns is-layout-flex wp-container-core-columns-is-layout-28f84493 wp-block-columns-is-layout-flex\">\n<div class=\"wp-block-column is-layout-flow wp-block-column-is-layout-flow\" style=\"flex-basis:30%\">\n<p class=\"has-base-color has-text-color\"><strong>A. Ait Saadi, Y. Meraihi, A. Soukane, A. Ramdane-Cherif, A. Benmessaoud Gabis, and S. Yahia<\/strong><\/p>\n<\/div>\n\n\n\n<div class=\"wp-block-column is-layout-flow wp-block-column-is-layout-flow\" style=\"flex-basis:50%\"><h3 class=\"wp-block-post-title has-text-color has-base-color has-medium-font-size\">An Enhanced White Shark Optimization Algorithm for Unmanned Aerial Vehicles Placement,<\/h3>\n\n\n<p class=\"has-base-color has-text-color\">Future Research Directions in Computational Intelligence, Springer.<\/p>\n<\/div>\n\n\n\n<div class=\"wp-block-column is-layout-flow wp-block-column-is-layout-flow\">\n<div class=\"wp-block-buttons is-layout-flex\">\n                <div class=\"wp-block-button has-custom-width wp-block-button__width-100 has-custom-font-size has-small-font-size\"><a target=\"_blank\" class=\"wp-block-button__link has-tertiary-color has-base-background-color has-text-color has-background wp-element-button\" href='  ' rel=\"noopener\">Lien vers le chapitre de livre<\/a><\/div>\n                <\/div>\n<\/div>\n<\/div>\n\n<\/li><li class=\"wp-block-post post-7017 journal_article type-journal_article status-publish hentry journal_article_cat-livres\">\n\n<hr class=\"wp-block-separator has-text-color has-background-color has-alpha-channel-opacity has-background-background-color has-background is-style-wide\"\/>\n\n\n\n<div class=\"wp-block-columns is-layout-flex wp-container-core-columns-is-layout-28f84493 wp-block-columns-is-layout-flex\">\n<div class=\"wp-block-column is-layout-flow wp-block-column-is-layout-flow\" style=\"flex-basis:30%\">\n<p class=\"has-base-color has-text-color\"><strong>A. Bousbaine, A. Fareha, A. K. Josaph, A. Fekik, A. T. Azar, R. Moualek, N. Benyahia, N. Benamrouche, N. A. Kamal, A. K. Al Mhdawi, A. J. Humaidi, and I. K. Ibraheem<\/strong><\/p>\n<\/div>\n\n\n\n<div class=\"wp-block-column is-layout-flow wp-block-column-is-layout-flow\" style=\"flex-basis:50%\"><h3 class=\"wp-block-post-title has-text-color has-base-color has-medium-font-size\">Design and\u00a0Implementation of\u00a0a\u00a0Robust 6-DOF Quadrotor Controller Based on\u00a0Kalman Filter for\u00a0Position Control,<\/h3>\n\n\n<p class=\"has-base-color has-text-color\">Mobile Robot: Motion Control and Path Planning, Studies in Computational Intelligence, Issue 1090, pp. 331\u2013363, Springer, Cham, 2023.<\/p>\n<\/div>\n\n\n\n<div class=\"wp-block-column is-layout-flow wp-block-column-is-layout-flow\">\n<div class=\"wp-block-buttons is-layout-flex\">\n                <div class=\"wp-block-button has-custom-width wp-block-button__width-100 has-custom-font-size has-small-font-size\"><a target=\"_blank\" class=\"wp-block-button__link has-tertiary-color has-base-background-color has-text-color has-background wp-element-button\" href='https:\/\/doi.org\/10.1007\/978-3-031-26564-8_11' rel=\"noopener\">Lien vers le chapitre de livre<\/a><\/div>\n                <\/div>\n<\/div>\n<\/div>\n\n<\/li><li class=\"wp-block-post post-6718 journal_article type-journal_article status-publish hentry journal_article_cat-livres\">\n\n<hr class=\"wp-block-separator has-text-color has-background-color has-alpha-channel-opacity has-background-background-color has-background is-style-wide\"\/>\n\n\n\n<div class=\"wp-block-columns is-layout-flex wp-container-core-columns-is-layout-28f84493 wp-block-columns-is-layout-flex\">\n<div class=\"wp-block-column is-layout-flow wp-block-column-is-layout-flow\" style=\"flex-basis:30%\">\n<p class=\"has-base-color has-text-color\"><strong>L. Rundo, C. Militello, and A. Tangherloni<\/strong><\/p>\n<\/div>\n\n\n\n<div class=\"wp-block-column is-layout-flow wp-block-column-is-layout-flow\" style=\"flex-basis:50%\"><h3 class=\"wp-block-post-title has-text-color has-base-color has-medium-font-size\">Artificial Intelligence Applied to Medical Imaging and Computational Biology,<\/h3>\n\n\n<p class=\"has-base-color has-text-color\">published on February 2023, ISBN 978-3-0365-6487-6 (hardback), ISBN 978-3-0365-6488-3 (PDF), lien MDPI : https:\/\/www.mdpi.com\/books\/book\/6853, doi : https:\/\/doi.org\/10.3390\/books978-3-0365-6488-3.<\/p>\n<\/div>\n\n\n\n<div class=\"wp-block-column is-layout-flow wp-block-column-is-layout-flow\">\n<div class=\"wp-block-buttons is-layout-flex\">\n                <div class=\"wp-block-button has-custom-width wp-block-button__width-100 has-custom-font-size has-small-font-size\"><a target=\"_blank\" class=\"wp-block-button__link has-tertiary-color has-base-background-color has-text-color has-background wp-element-button\" href='https:\/\/hal.science\/hal-04086036' rel=\"noopener\">Lien vers le chapitre de livre<\/a><\/div>\n                <\/div>\n<\/div>\n<\/div>\n\n<\/li><li class=\"wp-block-post post-7529 journal_article type-journal_article status-publish hentry journal_article_cat-livres\">\n\n<hr class=\"wp-block-separator has-text-color has-background-color has-alpha-channel-opacity has-background-background-color has-background is-style-wide\"\/>\n\n\n\n<div class=\"wp-block-columns is-layout-flex wp-container-core-columns-is-layout-28f84493 wp-block-columns-is-layout-flex\">\n<div class=\"wp-block-column is-layout-flow wp-block-column-is-layout-flow\" style=\"flex-basis:30%\">\n<p class=\"has-base-color has-text-color\"><strong>M. Boussetta and A. Et-taleby<\/strong><\/p>\n<\/div>\n\n\n\n<div class=\"wp-block-column is-layout-flow wp-block-column-is-layout-flow\" style=\"flex-basis:50%\"><h3 class=\"wp-block-post-title has-text-color has-base-color has-medium-font-size\">Evaluation of the Wind Energy Potential in Morocco,<\/h3>\n\n\n<p class=\"has-base-color has-text-color\">Alternative Energy Resources in the MENA Region, 2022<\/p>\n<\/div>\n\n\n\n<div class=\"wp-block-column is-layout-flow wp-block-column-is-layout-flow\">\n<div class=\"wp-block-buttons is-layout-flex\">\n                <div class=\"wp-block-button has-custom-width wp-block-button__width-100 has-custom-font-size has-small-font-size\"><a target=\"_blank\" class=\"wp-block-button__link has-tertiary-color has-base-background-color has-text-color has-background wp-element-button\" href='https:\/\/link.springer.com\/chapter\/10.1007\/698_2022_940' rel=\"noopener\">Lien vers le chapitre de livre<\/a><\/div>\n                <\/div>\n<\/div>\n<\/div>\n\n<\/li><li class=\"wp-block-post post-4601 journal_article type-journal_article status-publish hentry journal_article_cat-livres\">\n\n<hr class=\"wp-block-separator has-text-color has-background-color has-alpha-channel-opacity has-background-background-color has-background is-style-wide\"\/>\n\n\n\n<div class=\"wp-block-columns is-layout-flex wp-container-core-columns-is-layout-28f84493 wp-block-columns-is-layout-flex\">\n<div class=\"wp-block-column is-layout-flow wp-block-column-is-layout-flow\" style=\"flex-basis:30%\">\n<p class=\"has-base-color has-text-color\"><strong>L. Amour, M. Quiniou, S. Tucci-Piergiovanni, H. Bourak, and S. Souihi<\/strong><\/p>\n<\/div>\n\n\n\n<div class=\"wp-block-column is-layout-flow wp-block-column-is-layout-flow\" style=\"flex-basis:50%\"><h3 class=\"wp-block-post-title has-text-color has-base-color has-medium-font-size\">uTakeCare: unlock full decentralization of personal data for a respectful decontainment in the context of COVID-19: toward a digitally empowered anonymous citizenship,<\/h3>\n\n\n<p class=\"has-base-color has-text-color\">Data Science for COVID-19, Academic Press, pp. 231-253, 2021.<\/p>\n<\/div>\n\n\n\n<div class=\"wp-block-column is-layout-flow wp-block-column-is-layout-flow\">\n<div class=\"wp-block-buttons is-layout-flex\">\n                <div class=\"wp-block-button has-custom-width wp-block-button__width-100 has-custom-font-size has-small-font-size\"><a target=\"_blank\" class=\"wp-block-button__link has-tertiary-color has-base-background-color has-text-color has-background wp-element-button\" href='https:\/\/www.sciencedirect.com\/science\/article\/pii\/B9780128245361000289?via%3Dihub' rel=\"noopener\">Lien vers le chapitre de livre<\/a><\/div>\n                <\/div>\n<\/div>\n<\/div>\n\n<\/li><li class=\"wp-block-post post-5661 journal_article type-journal_article status-publish hentry journal_article_cat-livres\">\n\n<hr class=\"wp-block-separator has-text-color has-background-color has-alpha-channel-opacity has-background-background-color has-background is-style-wide\"\/>\n\n\n\n<div class=\"wp-block-columns is-layout-flex wp-container-core-columns-is-layout-28f84493 wp-block-columns-is-layout-flex\">\n<div class=\"wp-block-column is-layout-flow wp-block-column-is-layout-flow\" style=\"flex-basis:30%\">\n<p class=\"has-base-color has-text-color\"><strong>A. Fekik, H. Denoun, A. Tahar, N. Benyahia, and N. Benamrouche<\/strong><\/p>\n<\/div>\n\n\n\n<div class=\"wp-block-column is-layout-flow wp-block-column-is-layout-flow\" style=\"flex-basis:50%\"><h3 class=\"wp-block-post-title has-text-color has-base-color has-medium-font-size\">Direct power control of three-phase PWM-rectifier with backstepping control,<\/h3>\n\n\n<p class=\"has-base-color has-text-color\">Backstepping Control of Nonlinear Dynamical Systems, pp. 215-234,\tScience Direct, 2021. <\/p>\n<\/div>\n\n\n\n<div class=\"wp-block-column is-layout-flow wp-block-column-is-layout-flow\">\n<div class=\"wp-block-buttons is-layout-flex\">\n                <div class=\"wp-block-button has-custom-width wp-block-button__width-100 has-custom-font-size has-small-font-size\"><a target=\"_blank\" class=\"wp-block-button__link has-tertiary-color has-base-background-color has-text-color has-background wp-element-button\" href='https:\/\/doi.org\/10.1016\/B978-0-12-817582-8.00017-9' rel=\"noopener\">Lien vers le chapitre de livre<\/a><\/div>\n                <\/div>\n<\/div>\n<\/div>\n\n<\/li><li class=\"wp-block-post post-5663 journal_article type-journal_article status-publish hentry journal_article_cat-livres\">\n\n<hr class=\"wp-block-separator has-text-color has-background-color has-alpha-channel-opacity has-background-background-color has-background is-style-wide\"\/>\n\n\n\n<div class=\"wp-block-columns is-layout-flex wp-container-core-columns-is-layout-28f84493 wp-block-columns-is-layout-flex\">\n<div class=\"wp-block-column is-layout-flow wp-block-column-is-layout-flow\" style=\"flex-basis:30%\">\n<p class=\"has-base-color has-text-color\"><strong>R. Moualek, N. Benyahia, A. Bousbaine, and N. Benamrouche <\/strong><\/p>\n<\/div>\n\n\n\n<div class=\"wp-block-column is-layout-flow wp-block-column-is-layout-flow\" style=\"flex-basis:50%\"><h3 class=\"wp-block-post-title has-text-color has-base-color has-medium-font-size\">Experimental Validation of Fuel Cell, Battery and Supercapacitor Energy Conversion System for Electric Vehicle Applications,<\/h3>\n\n\n<p class=\"has-base-color has-text-color\">Advances in Renewable Hydrogen and Other Sustainable EnergyCarriers, pp. 239-245, Springer, 2020.<\/p>\n<\/div>\n\n\n\n<div class=\"wp-block-column is-layout-flow wp-block-column-is-layout-flow\">\n<div class=\"wp-block-buttons is-layout-flex\">\n                <div class=\"wp-block-button has-custom-width wp-block-button__width-100 has-custom-font-size has-small-font-size\"><a target=\"_blank\" class=\"wp-block-button__link has-tertiary-color has-base-background-color has-text-color has-background wp-element-button\" href='https:\/\/link.springer.com\/chapter\/10.1007\/978-981-15-6595-3_31' rel=\"noopener\">Lien vers le chapitre de livre<\/a><\/div>\n                <\/div>\n<\/div>\n<\/div>\n\n<\/li><li class=\"wp-block-post post-5662 journal_article type-journal_article status-publish hentry journal_article_cat-livres\">\n\n<hr class=\"wp-block-separator has-text-color has-background-color has-alpha-channel-opacity has-background-background-color has-background is-style-wide\"\/>\n\n\n\n<div class=\"wp-block-columns is-layout-flex wp-container-core-columns-is-layout-28f84493 wp-block-columns-is-layout-flex\">\n<div class=\"wp-block-column is-layout-flow wp-block-column-is-layout-flow\" style=\"flex-basis:30%\">\n<p class=\"has-base-color has-text-color\"><strong>N. Benyahia, H. Denoun, A. Badji, A. Bousbaine, and N. Benamrouche<\/strong><\/p>\n<\/div>\n\n\n\n<div class=\"wp-block-column is-layout-flow wp-block-column-is-layout-flow\" style=\"flex-basis:50%\"><h3 class=\"wp-block-post-title has-text-color has-base-color has-medium-font-size\">Implementation of Fuel Cell and Photovoltaic Panels Based DC micro-grid prototype for electric vehicles charging station,<\/h3>\n\n\n<p class=\"has-base-color has-text-color\">Advances in Renewable Hydrogen and Other Sustainable Energy Carriers, pp. 291-298, Springer, 2020.<\/p>\n<\/div>\n\n\n\n<div class=\"wp-block-column is-layout-flow wp-block-column-is-layout-flow\">\n<div class=\"wp-block-buttons is-layout-flex\">\n                <div class=\"wp-block-button has-custom-width wp-block-button__width-100 has-custom-font-size has-small-font-size\"><a target=\"_blank\" class=\"wp-block-button__link has-tertiary-color has-base-background-color has-text-color has-background wp-element-button\" href='https:\/\/doi.org\/10.1007\/978-981-15-6595-3_38' rel=\"noopener\">Lien vers le chapitre de livre<\/a><\/div>\n                <\/div>\n<\/div>\n<\/div>\n\n<\/li><li class=\"wp-block-post post-6694 journal_article type-journal_article status-publish hentry journal_article_cat-livres\">\n\n<hr class=\"wp-block-separator has-text-color has-background-color has-alpha-channel-opacity has-background-background-color has-background is-style-wide\"\/>\n\n\n\n<div class=\"wp-block-columns is-layout-flex wp-container-core-columns-is-layout-28f84493 wp-block-columns-is-layout-flex\">\n<div class=\"wp-block-column is-layout-flow wp-block-column-is-layout-flow\" style=\"flex-basis:30%\">\n<p class=\"has-base-color has-text-color\"><strong>M. Maidi, H Marouane, S Rebai, and S. Herry <\/strong><\/p>\n<\/div>\n\n\n\n<div class=\"wp-block-column is-layout-flow wp-block-column-is-layout-flow\" style=\"flex-basis:50%\"><h3 class=\"wp-block-post-title has-text-color has-base-color has-medium-font-size\">Collecting, Classifying and Visualising Big Data for Biodiversity and Mobility,<\/h3>\n\n\n<p class=\"has-base-color has-text-color\">Book : Eco-Design of Buildings and Infrastructure, pp. 420-448, CRC Press, 2020. <\/p>\n<\/div>\n\n\n\n<div class=\"wp-block-column is-layout-flow wp-block-column-is-layout-flow\">\n<div class=\"wp-block-buttons is-layout-flex\">\n                <div class=\"wp-block-button has-custom-width wp-block-button__width-100 has-custom-font-size has-small-font-size\"><a target=\"_blank\" class=\"wp-block-button__link has-tertiary-color has-base-background-color has-text-color has-background wp-element-button\" href='https:\/\/www.taylorfrancis.com\/chapters\/edit\/10.1201\/9781003095071-24\/collecting-classifying-visualising-big-data-biodiversity-mobility-madjid-maidi-hela-marouane-salma-rebai-s%C3%A9bastien-herry?context=ubx&amp;refId=c66964e6-77ce-4775-82f1-12378de8e9f2' rel=\"noopener\">Lien vers le chapitre de livre<\/a><\/div>\n                <\/div>\n<\/div>\n<\/div>\n\n<\/li><li class=\"wp-block-post post-5430 journal_article type-journal_article status-publish hentry journal_article_cat-livres\">\n\n<hr class=\"wp-block-separator has-text-color has-background-color has-alpha-channel-opacity has-background-background-color has-background is-style-wide\"\/>\n\n\n\n<div class=\"wp-block-columns is-layout-flex wp-container-core-columns-is-layout-28f84493 wp-block-columns-is-layout-flex\">\n<div class=\"wp-block-column is-layout-flow wp-block-column-is-layout-flow\" style=\"flex-basis:30%\">\n<p class=\"has-base-color has-text-color\"><strong>A. Kammoun, N. Tabbane, G. Diaz, N. Achir, and A. Dandoush<\/strong><\/p>\n<\/div>\n\n\n\n<div class=\"wp-block-column is-layout-flow wp-block-column-is-layout-flow\" style=\"flex-basis:50%\"><h3 class=\"wp-block-post-title has-text-color has-base-color has-medium-font-size\">Proactive Network Slices Management Algorithm Based on Fuzzy Logic System and Support Vector Regression Model,<\/h3>\n\n\n<p class=\"has-base-color has-text-color\">Lecture Notes in Networks and Systems,, 97, pp. 386\u2013397, 2020.<\/p>\n<\/div>\n\n\n\n<div class=\"wp-block-column is-layout-flow wp-block-column-is-layout-flow\">\n<div class=\"wp-block-buttons is-layout-flex\">\n                <div class=\"wp-block-button has-custom-width wp-block-button__width-100 has-custom-font-size has-small-font-size\"><a target=\"_blank\" class=\"wp-block-button__link has-tertiary-color has-base-background-color has-text-color has-background wp-element-button\" href='https:\/\/www.springerprofessional.de\/en\/proactive-network-slices-management-algorithm-based-on-fuzzy-log\/17285058' rel=\"noopener\">Lien vers le chapitre de livre<\/a><\/div>\n                <\/div>\n<\/div>\n<\/div>\n\n<\/li><li class=\"wp-block-post post-4553 journal_article type-journal_article status-publish hentry journal_article_cat-livres\">\n\n<hr class=\"wp-block-separator has-text-color has-background-color has-alpha-channel-opacity has-background-background-color has-background is-style-wide\"\/>\n\n\n\n<div class=\"wp-block-columns is-layout-flex wp-container-core-columns-is-layout-28f84493 wp-block-columns-is-layout-flex\">\n<div class=\"wp-block-column is-layout-flow wp-block-column-is-layout-flow\" style=\"flex-basis:30%\">\n<p class=\"has-base-color has-text-color\"><strong>M. Maidi, H. Marouane, S. Jribi, and S. Herry<\/strong><\/p>\n<\/div>\n\n\n\n<div class=\"wp-block-column is-layout-flow wp-block-column-is-layout-flow\" style=\"flex-basis:50%\"><h3 class=\"wp-block-post-title has-text-color has-base-color has-medium-font-size\">Collecte, classification et visualisation de donn\u00e9es massives pour la biodiversit\u00e9 et la mobilit\u00e9,<\/h3>\n\n\n<p class=\"has-base-color has-text-color\">\u00c9co-conception des ensembles b\u00e2tis et des infrastructures, Vol. 2, pp. 465-486, Presses des Mines, 2019.<\/p>\n<\/div>\n\n\n\n<div class=\"wp-block-column is-layout-flow wp-block-column-is-layout-flow\">\n<div class=\"wp-block-buttons is-layout-flex\">\n                <div class=\"wp-block-button has-custom-width wp-block-button__width-100 has-custom-font-size has-small-font-size\"><a target=\"_blank\" class=\"wp-block-button__link has-tertiary-color has-base-background-color has-text-color has-background wp-element-button\" href='https:\/\/www.pressesdesmines.com\/produit\/eco-conception-des-ensembles-batis-et-des-infrastructures-2' rel=\"noopener\">Lien vers le livre<\/a><\/div>\n                <\/div>\n<\/div>\n<\/div>\n\n<\/li><li class=\"wp-block-post post-4401 journal_article type-journal_article status-publish hentry journal_article_cat-livres\">\n\n<hr class=\"wp-block-separator has-text-color has-background-color has-alpha-channel-opacity has-background-background-color has-background is-style-wide\"\/>\n\n\n\n<div class=\"wp-block-columns is-layout-flex wp-container-core-columns-is-layout-28f84493 wp-block-columns-is-layout-flex\">\n<div class=\"wp-block-column is-layout-flow wp-block-column-is-layout-flow\" style=\"flex-basis:30%\">\n<p class=\"has-base-color has-text-color\"><strong>M. Barara, H. Morel, G. Clerc, M. Jamma, P. Bevilacqua, and A. Zaoui<\/strong><\/p>\n<\/div>\n\n\n\n<div class=\"wp-block-column is-layout-flow wp-block-column-is-layout-flow\" style=\"flex-basis:50%\"><h3 class=\"wp-block-post-title has-text-color has-base-color has-medium-font-size\">Control Strategy Scheme and Impact of Meshed DC Micro-grid in the Middle East,<\/h3>\n\n\n<p class=\"has-base-color has-text-color\"> Climate Change and Energy Dynamics in the Middle East, Springer International Publishing, pp. 109-129, 2019.<\/p>\n<\/div>\n\n\n\n<div class=\"wp-block-column is-layout-flow wp-block-column-is-layout-flow\">\n<div class=\"wp-block-buttons is-layout-flex\">\n                <div class=\"wp-block-button has-custom-width wp-block-button__width-100 has-custom-font-size has-small-font-size\"><a target=\"_blank\" class=\"wp-block-button__link has-tertiary-color has-base-background-color has-text-color has-background wp-element-button\" href='https:\/\/www.springerprofessional.de\/en\/control-strategy-and-impact-of-meshed-dc-micro-grid-in-the-middl\/16582314' rel=\"noopener\">Lien vers le chapitre de livre<\/a><\/div>\n                <\/div>\n<\/div>\n<\/div>\n\n<\/li><li class=\"wp-block-post post-5665 journal_article type-journal_article status-publish hentry journal_article_cat-livres\">\n\n<hr class=\"wp-block-separator has-text-color has-background-color has-alpha-channel-opacity has-background-background-color has-background is-style-wide\"\/>\n\n\n\n<div class=\"wp-block-columns is-layout-flex wp-container-core-columns-is-layout-28f84493 wp-block-columns-is-layout-flex\">\n<div class=\"wp-block-column is-layout-flow wp-block-column-is-layout-flow\" style=\"flex-basis:30%\">\n<p class=\"has-base-color has-text-color\"><strong> S. Tamalouzt, N. Benyahia, M. Said Mohamed, A. Scipioni, and B. Davat<\/strong><\/p>\n<\/div>\n\n\n\n<div class=\"wp-block-column is-layout-flow wp-block-column-is-layout-flow\" style=\"flex-basis:50%\"><h3 class=\"wp-block-post-title has-text-color has-base-color has-medium-font-size\">Direct Torque Control Applied to DFIG Supplied via a Three-Level Inverter Under Random Behavior Wind Speed,<\/h3>\n\n\n<p class=\"has-base-color has-text-color\">Lecture Notes in Electrical Engineering, Electrimacs 2019, pp. 87-96, Springer, 2019.<\/p>\n<\/div>\n\n\n\n<div class=\"wp-block-column is-layout-flow wp-block-column-is-layout-flow\">\n<div class=\"wp-block-buttons is-layout-flex\">\n                <div class=\"wp-block-button has-custom-width wp-block-button__width-100 has-custom-font-size has-small-font-size\"><a target=\"_blank\" class=\"wp-block-button__link has-tertiary-color has-base-background-color has-text-color has-background wp-element-button\" href='https:\/\/doi.org\/10.1007\/978-3-030-37161-6_7' rel=\"noopener\">Lien vers le chapitre de livre<\/a><\/div>\n                <\/div>\n<\/div>\n<\/div>\n\n<\/li><li class=\"wp-block-post post-5664 journal_article type-journal_article status-publish hentry journal_article_cat-livres\">\n\n<hr class=\"wp-block-separator has-text-color has-background-color has-alpha-channel-opacity has-background-background-color has-background is-style-wide\"\/>\n\n\n\n<div class=\"wp-block-columns is-layout-flex wp-container-core-columns-is-layout-28f84493 wp-block-columns-is-layout-flex\">\n<div class=\"wp-block-column is-layout-flow wp-block-column-is-layout-flow\" style=\"flex-basis:30%\">\n<p class=\"has-base-color has-text-color\"><strong>S. Tamalouzt, N. Benyahia, A. Tounzi, and K. Idjdarene<\/strong><\/p>\n<\/div>\n\n\n\n<div class=\"wp-block-column is-layout-flow wp-block-column-is-layout-flow\" style=\"flex-basis:50%\"><h3 class=\"wp-block-post-title has-text-color has-base-color has-medium-font-size\">Performance Analysis of a Micro-Grid System Composed of Renewable Energy Sources with Hybrid Energy Storage System,<\/h3>\n\n\n<p class=\"has-base-color has-text-color\">Lecture Notes in Electrical Engineering, Electrimacs 2019, pp. 257-266, Springer, 2019.<\/p>\n<\/div>\n\n\n\n<div class=\"wp-block-column is-layout-flow wp-block-column-is-layout-flow\">\n<div class=\"wp-block-buttons is-layout-flex\">\n                <div class=\"wp-block-button has-custom-width wp-block-button__width-100 has-custom-font-size has-small-font-size\"><a target=\"_blank\" class=\"wp-block-button__link has-tertiary-color has-base-background-color has-text-color has-background wp-element-button\" href='https:\/\/doi.org\/10.1007\/978-3-030-37161-6_19' rel=\"noopener\">Lien vers le chapitre de livre<\/a><\/div>\n                <\/div>\n<\/div>\n<\/div>\n\n<\/li><li class=\"wp-block-post post-5535 journal_article type-journal_article status-publish hentry journal_article_cat-livres\">\n\n<hr class=\"wp-block-separator has-text-color has-background-color has-alpha-channel-opacity has-background-background-color has-background is-style-wide\"\/>\n\n\n\n<div class=\"wp-block-columns is-layout-flex wp-container-core-columns-is-layout-28f84493 wp-block-columns-is-layout-flex\">\n<div class=\"wp-block-column is-layout-flow wp-block-column-is-layout-flow\" style=\"flex-basis:30%\">\n<p class=\"has-base-color has-text-color\"><strong>A. Sassi, M. Zasadzinski, H.Souley Ali, and K. Abderrahim<\/strong><\/p>\n<\/div>\n\n\n\n<div class=\"wp-block-column is-layout-flow wp-block-column-is-layout-flow\" style=\"flex-basis:50%\"><h3 class=\"wp-block-post-title has-text-color has-base-color has-medium-font-size\">Functional H-infinity observer design for a class of bilinear systems with time delays,<\/h3>\n\n\n<p class=\"has-base-color has-text-color\">Stability, Control and Application of Time-delay Systems, Butterworth-Heinemann, pp. 405-422, 2019.<\/p>\n<\/div>\n\n\n\n<div class=\"wp-block-column is-layout-flow wp-block-column-is-layout-flow\">\n<div class=\"wp-block-buttons is-layout-flex\">\n                <div class=\"wp-block-button has-custom-width wp-block-button__width-100 has-custom-font-size has-small-font-size\"><a target=\"_blank\" class=\"wp-block-button__link has-tertiary-color has-base-background-color has-text-color has-background wp-element-button\" href='https:\/\/www.sciencedirect.com\/science\/article\/pii\/B9780128149287000202?via%3Dihub' rel=\"noopener\">Lien vers le chapitre de livre<\/a><\/div>\n                <\/div>\n<\/div>\n<\/div>\n\n<\/li><li class=\"wp-block-post post-5534 journal_article type-journal_article status-publish hentry journal_article_cat-livres\">\n\n<hr class=\"wp-block-separator has-text-color has-background-color has-alpha-channel-opacity has-background-background-color has-background is-style-wide\"\/>\n\n\n\n<div class=\"wp-block-columns is-layout-flex wp-container-core-columns-is-layout-28f84493 wp-block-columns-is-layout-flex\">\n<div class=\"wp-block-column is-layout-flow wp-block-column-is-layout-flow\" style=\"flex-basis:30%\">\n<p class=\"has-base-color has-text-color\"><strong>A. Sassi, H. Souley Ali, M. Zasadzinski, and K. Abderrahim<\/strong><\/p>\n<\/div>\n\n\n\n<div class=\"wp-block-column is-layout-flow wp-block-column-is-layout-flow\" style=\"flex-basis:50%\"><h3 class=\"wp-block-post-title has-text-color has-base-color has-medium-font-size\">Functional adaptive H-infinity observer design for a class of bilinear systems with time delays,<\/h3>\n\n\n<p class=\"has-base-color has-text-color\">Stability, Control and Application of Time-delay Systems, Butterworth-Heinemann, pp. 387-403, 2019.<\/p>\n<\/div>\n\n\n\n<div class=\"wp-block-column is-layout-flow wp-block-column-is-layout-flow\">\n<div class=\"wp-block-buttons is-layout-flex\">\n                <div class=\"wp-block-button has-custom-width wp-block-button__width-100 has-custom-font-size has-small-font-size\"><a target=\"_blank\" class=\"wp-block-button__link has-tertiary-color has-base-background-color has-text-color has-background wp-element-button\" href='https:\/\/doi.org\/10.1016\/B978-0-12-814928-7.00019-6' rel=\"noopener\">Lien vers le chapitre de livre<\/a><\/div>\n                <\/div>\n<\/div>\n<\/div>\n\n<\/li><li class=\"wp-block-post post-5666 journal_article type-journal_article status-publish hentry journal_article_cat-livres\">\n\n<hr class=\"wp-block-separator has-text-color has-background-color has-alpha-channel-opacity has-background-background-color has-background is-style-wide\"\/>\n\n\n\n<div class=\"wp-block-columns is-layout-flex wp-container-core-columns-is-layout-28f84493 wp-block-columns-is-layout-flex\">\n<div class=\"wp-block-column is-layout-flow wp-block-column-is-layout-flow\" style=\"flex-basis:30%\">\n<p class=\"has-base-color has-text-color\"><strong>A. Fekik, H. Denoun, A. T. Azar, M. Zaouia, N. Benyahia, M. L. Hamida, and N. Benamrouche<\/strong><\/p>\n<\/div>\n\n\n\n<div class=\"wp-block-column is-layout-flow wp-block-column-is-layout-flow\" style=\"flex-basis:50%\"><h3 class=\"wp-block-post-title has-text-color has-base-color has-medium-font-size\">Artificial Neural Network for PWM Rectifier Direct Power Control and DC Voltage Control,<\/h3>\n\n\n<p class=\"has-base-color has-text-color\">Advances in System Dynamics and Control, pp. 286-316, IGI-Global, 2018.<\/p>\n<\/div>\n\n\n\n<div class=\"wp-block-column is-layout-flow wp-block-column-is-layout-flow\">\n<div class=\"wp-block-buttons is-layout-flex\">\n                <div class=\"wp-block-button has-custom-width wp-block-button__width-100 has-custom-font-size has-small-font-size\"><a target=\"_blank\" class=\"wp-block-button__link has-tertiary-color has-base-background-color has-text-color has-background wp-element-button\" href='https:\/\/doi.org\/10.4018\/978-1-5225-4077-9.ch010' rel=\"noopener\">Lien vers le chapitre de livre<\/a><\/div>\n                <\/div>\n<\/div>\n<\/div>\n\n<\/li><li class=\"wp-block-post post-5173 journal_article type-journal_article status-publish hentry journal_article_cat-livres\">\n\n<hr class=\"wp-block-separator has-text-color has-background-color has-alpha-channel-opacity has-background-background-color has-background is-style-wide\"\/>\n\n\n\n<div class=\"wp-block-columns is-layout-flex wp-container-core-columns-is-layout-28f84493 wp-block-columns-is-layout-flex\">\n<div class=\"wp-block-column is-layout-flow wp-block-column-is-layout-flow\" style=\"flex-basis:30%\">\n<p class=\"has-base-color has-text-color\"><strong>E. Jenn, B. Ouni, et al.<\/strong><\/p>\n<\/div>\n\n\n\n<div class=\"wp-block-column is-layout-flow wp-block-column-is-layout-flow\" style=\"flex-basis:50%\"><h3 class=\"wp-block-post-title has-text-color has-base-color has-medium-font-size\">Modelling and Formal Verification in Action,<\/h3>\n\n\n<p class=\"has-base-color has-text-color\">2017.<\/p>\n<\/div>\n\n\n\n<div class=\"wp-block-column is-layout-flow wp-block-column-is-layout-flow\">\n<div class=\"wp-block-buttons is-layout-flex\">\n                <div class=\"wp-block-button has-custom-width wp-block-button__width-100 has-custom-font-size has-small-font-size\"><a target=\"_blank\" class=\"wp-block-button__link has-tertiary-color has-base-background-color has-text-color has-background wp-element-button\" href='https:\/\/docplayer.net\/62226576-The-ingequip-project-team-modelling-and-formal-verification-in-action-ingequip.html' rel=\"noopener\">Lien vers le chapitre de livre<\/a><\/div>\n                <\/div>\n<\/div>\n<\/div>\n\n<\/li><li class=\"wp-block-post post-5365 journal_article type-journal_article status-publish hentry journal_article_cat-livres\">\n\n<hr class=\"wp-block-separator has-text-color has-background-color has-alpha-channel-opacity has-background-background-color has-background is-style-wide\"\/>\n\n\n\n<div class=\"wp-block-columns is-layout-flex wp-container-core-columns-is-layout-28f84493 wp-block-columns-is-layout-flex\">\n<div class=\"wp-block-column is-layout-flow wp-block-column-is-layout-flow\" style=\"flex-basis:30%\">\n<p class=\"has-base-color has-text-color\"><strong>M. Jamma, M. Barara, A. Bennassar, and M. Akherraz<\/strong><\/p>\n<\/div>\n\n\n\n<div class=\"wp-block-column is-layout-flow wp-block-column-is-layout-flow\" style=\"flex-basis:50%\"><h3 class=\"wp-block-post-title has-text-color has-base-color has-medium-font-size\">Intelligent control strategy of a three-phase PWM rectifier based on artificial neural networks approach and fuzzy logic controller,<\/h3>\n\n\n<p class=\"has-base-color has-text-color\">Advances in Intelligent Systems and Computing. Vol. 552, pp. 329-339, 2017.<\/p>\n<\/div>\n\n\n\n<div class=\"wp-block-column is-layout-flow wp-block-column-is-layout-flow\">\n<div class=\"wp-block-buttons is-layout-flex\">\n                <div class=\"wp-block-button has-custom-width wp-block-button__width-100 has-custom-font-size has-small-font-size\"><a target=\"_blank\" class=\"wp-block-button__link has-tertiary-color has-base-background-color has-text-color has-background wp-element-button\" href='https:\/\/link.springer.com\/chapter\/10.1007\/978-3-319-52941-7_33' rel=\"noopener\">Lien vers le chapitre de livre<\/a><\/div>\n                <\/div>\n<\/div>\n<\/div>\n\n<\/li><li class=\"wp-block-post post-4332 journal_article type-journal_article status-publish hentry journal_article_cat-livres\">\n\n<hr class=\"wp-block-separator has-text-color has-background-color has-alpha-channel-opacity has-background-background-color has-background is-style-wide\"\/>\n\n\n\n<div class=\"wp-block-columns is-layout-flex wp-container-core-columns-is-layout-28f84493 wp-block-columns-is-layout-flex\">\n<div class=\"wp-block-column is-layout-flow wp-block-column-is-layout-flow\" style=\"flex-basis:30%\">\n<p class=\"has-base-color has-text-color\"><strong>G. Neglia, S. Alouf, A. Dandoush, S. Simoens, P. Dersin, A. Tuholukova, J. Billion, and P. Derouet<\/strong><\/p>\n<\/div>\n\n\n\n<div class=\"wp-block-column is-layout-flow wp-block-column-is-layout-flow\" style=\"flex-basis:50%\"><h3 class=\"wp-block-post-title has-text-color has-base-color has-medium-font-size\">Performance Evaluation of Train Moving-Block Control,<\/h3>\n\n\n<p class=\"has-base-color has-text-color\"> Lecture Notes in Computer Science book series (LNCS), Vol. 9826, pp. 348-363, 2016.<\/p>\n<\/div>\n\n\n\n<div class=\"wp-block-column is-layout-flow wp-block-column-is-layout-flow\">\n<div class=\"wp-block-buttons is-layout-flex\">\n                <div class=\"wp-block-button has-custom-width wp-block-button__width-100 has-custom-font-size has-small-font-size\"><a target=\"_blank\" class=\"wp-block-button__link has-tertiary-color has-base-background-color has-text-color has-background wp-element-button\" href='https:\/\/link.springer.com\/chapter\/10.1007%2F978-3-319-43425-4_23' rel=\"noopener\">Lien vers le chapitre de livre<\/a><\/div>\n                <\/div>\n<\/div>\n<\/div>\n\n<\/li><li class=\"wp-block-post post-4331 journal_article type-journal_article status-publish hentry journal_article_cat-livres\">\n\n<hr class=\"wp-block-separator has-text-color has-background-color has-alpha-channel-opacity has-background-background-color has-background is-style-wide\"\/>\n\n\n\n<div class=\"wp-block-columns is-layout-flex wp-container-core-columns-is-layout-28f84493 wp-block-columns-is-layout-flex\">\n<div class=\"wp-block-column is-layout-flow wp-block-column-is-layout-flow\" style=\"flex-basis:30%\">\n<p class=\"has-base-color has-text-color\"><strong>A. Dandoush, S. Alouf, and P. Nain<\/strong><\/p>\n<\/div>\n\n\n\n<div class=\"wp-block-column is-layout-flow wp-block-column-is-layout-flow\" style=\"flex-basis:50%\"><h3 class=\"wp-block-post-title has-text-color has-base-color has-medium-font-size\">Performance Analysis of Centralized versus Distributed Recovery Schemes in P2P Storage Systems,<\/h3>\n\n\n<p class=\"has-base-color has-text-color\">Springer, Lecture Notes in Computer Science book series (LNCS), Vol. 5550, pp. 676-689, 2009.<\/p>\n<\/div>\n\n\n\n<div class=\"wp-block-column is-layout-flow wp-block-column-is-layout-flow\">\n<div class=\"wp-block-buttons is-layout-flex\">\n                <div class=\"wp-block-button has-custom-width wp-block-button__width-100 has-custom-font-size has-small-font-size\"><a target=\"_blank\" class=\"wp-block-button__link has-tertiary-color has-base-background-color has-text-color has-background wp-element-button\" href='https:\/\/link.springer.com\/chapter\/10.1007%2F978-3-642-01399-7_53' rel=\"noopener\">Lien vers le chapitre de livre<\/a><\/div>\n                <\/div>\n<\/div>\n<\/div>\n\n<\/li><li class=\"wp-block-post post-4558 journal_article type-journal_article status-publish hentry journal_article_cat-livres\">\n\n<hr class=\"wp-block-separator has-text-color has-background-color has-alpha-channel-opacity has-background-background-color has-background is-style-wide\"\/>\n\n\n\n<div class=\"wp-block-columns is-layout-flex wp-container-core-columns-is-layout-28f84493 wp-block-columns-is-layout-flex\">\n<div class=\"wp-block-column is-layout-flow wp-block-column-is-layout-flow\" style=\"flex-basis:30%\">\n<p class=\"has-base-color has-text-color\"><strong>F. Ababsa, M. Maidi, J-Y. Didier, and M. Mallem<\/strong><\/p>\n<\/div>\n\n\n\n<div class=\"wp-block-column is-layout-flow wp-block-column-is-layout-flow\" style=\"flex-basis:50%\"><h3 class=\"wp-block-post-title has-text-color has-base-color has-medium-font-size\">Vision-Based Tracking for Mobile Augmented Reality,<\/h3>\n\n\n<p class=\"has-base-color has-text-color\">Multimedia Services in Intelligent Environments, pp. 297-326, Springer, 2008.<\/p>\n<\/div>\n\n\n\n<div class=\"wp-block-column is-layout-flow wp-block-column-is-layout-flow\">\n<div class=\"wp-block-buttons is-layout-flex\">\n                <div class=\"wp-block-button has-custom-width wp-block-button__width-100 has-custom-font-size has-small-font-size\"><a target=\"_blank\" class=\"wp-block-button__link has-tertiary-color has-base-background-color has-text-color has-background wp-element-button\" href='https:\/\/doi.org\/10.1007\/978-3-540-78502-6_12' rel=\"noopener\">Lien vers le chapitre de livre<\/a><\/div>\n                <\/div>\n<\/div>\n<\/div>\n\n<\/li><\/ul>\n\n<\/div>\n<\/div>\n\n\n\n<div class=\"wp-block-group alignwide tab-content has-global-padding is-layout-constrained wp-container-core-group-is-layout-12243e0f wp-block-group-is-layout-constrained\">\n<h2 class=\"wp-block-heading has-text-align-center has-base-color has-text-color has-x-large-font-size\" id=\"h-journaux\"><strong>Journaux<\/strong><\/h2>\n\n\n\n<div style=\"height:15px\" aria-hidden=\"true\" class=\"wp-block-spacer\"><\/div>\n\n\n\n<div class=\"wp-block-query is-layout-flow wp-block-query-is-layout-flow\"><ul class=\"wp-block-post-template is-layout-flow wp-block-post-template-is-layout-flow\"><li class=\"wp-block-post post-7731 journal_article type-journal_article status-publish hentry journal_article_cat-journaux\">\n\n<hr class=\"wp-block-separator has-text-color has-background-color has-alpha-channel-opacity has-background-background-color has-background is-style-wide\"\/>\n\n\n\n<div class=\"wp-block-columns is-layout-flex wp-container-core-columns-is-layout-28f84493 wp-block-columns-is-layout-flex\">\n<div class=\"wp-block-column is-layout-flow wp-block-column-is-layout-flow\" style=\"flex-basis:30%\">\n<p class=\"has-base-color has-text-color\"><strong>S. Fawaz and H. Menana<\/strong><\/p>\n<\/div>\n\n\n\n<div class=\"wp-block-column is-layout-flow wp-block-column-is-layout-flow\" style=\"flex-basis:50%\"><h3 class=\"wp-block-post-title has-text-color has-base-color has-medium-font-size\">AC Losses Modeling in ReBCO Superconducting Coils Using the Volume Integral Method,<\/h3>\n\n\n<p class=\"has-base-color has-text-color\">Journal of Progress In Electromagnetics Research (PIER), volume 167, pp. 15-20, 2026.<\/p>\n<\/div>\n\n\n\n<div class=\"wp-block-column is-layout-flow wp-block-column-is-layout-flow\">\n<div class=\"wp-block-buttons is-layout-flex\">\n                <div class=\"wp-block-button has-custom-width wp-block-button__width-100 has-custom-font-size has-small-font-size\"><a target=\"_blank\" class=\"wp-block-button__link has-tertiary-color has-base-background-color has-text-color has-background wp-element-button\" href=' 10.2528\/PIERC25123001 ' rel=\"noopener\">Lien vers l&rsquo;article<\/a><\/div>\n                <\/div>\n<\/div>\n<\/div>\n\n<\/li><li class=\"wp-block-post post-7718 journal_article type-journal_article status-publish hentry journal_article_cat-journaux\">\n\n<hr class=\"wp-block-separator has-text-color has-background-color has-alpha-channel-opacity has-background-background-color has-background is-style-wide\"\/>\n\n\n\n<div class=\"wp-block-columns is-layout-flex wp-container-core-columns-is-layout-28f84493 wp-block-columns-is-layout-flex\">\n<div class=\"wp-block-column is-layout-flow wp-block-column-is-layout-flow\" style=\"flex-basis:30%\">\n<p class=\"has-base-color has-text-color\"><strong>J. S. Costa, N. Benyahia, V. Reinbold, F. Mazenc, A. J. Sguarezi Filho, and A. Iovine<\/strong><\/p>\n<\/div>\n\n\n\n<div class=\"wp-block-column is-layout-flow wp-block-column-is-layout-flow\" style=\"flex-basis:50%\"><h3 class=\"wp-block-post-title has-text-color has-base-color has-medium-font-size\">A Bounded Nonlinear Controller for a Class of Step-Up DC\/DC Converters: Application to Renewable Energy Sources,<\/h3>\n\n\n<p class=\"has-base-color has-text-color\">IEEE Transactions on Industrial Electronics, pp. 1-13, 2026. <\/p>\n<\/div>\n\n\n\n<div class=\"wp-block-column is-layout-flow wp-block-column-is-layout-flow\">\n<div class=\"wp-block-buttons is-layout-flex\">\n                <div class=\"wp-block-button has-custom-width wp-block-button__width-100 has-custom-font-size has-small-font-size\"><a target=\"_blank\" class=\"wp-block-button__link has-tertiary-color has-base-background-color has-text-color has-background wp-element-button\" href=' 10.1109\/TIE.2026.3672844 ' rel=\"noopener\">Lien vers l&rsquo;article<\/a><\/div>\n                <\/div>\n<\/div>\n<\/div>\n\n<\/li><li class=\"wp-block-post post-7655 journal_article type-journal_article status-publish hentry journal_article_cat-journaux\">\n\n<hr class=\"wp-block-separator has-text-color has-background-color has-alpha-channel-opacity has-background-background-color has-background is-style-wide\"\/>\n\n\n\n<div class=\"wp-block-columns is-layout-flex wp-container-core-columns-is-layout-28f84493 wp-block-columns-is-layout-flex\">\n<div class=\"wp-block-column is-layout-flow wp-block-column-is-layout-flow\" style=\"flex-basis:30%\">\n<p class=\"has-base-color has-text-color\"><strong>Sirine Ammar, Nesrine Triki, Mohamed Karray, and Mohamed Ksantini<\/strong><\/p>\n<\/div>\n\n\n\n<div class=\"wp-block-column is-layout-flow wp-block-column-is-layout-flow\" style=\"flex-basis:50%\"><h3 class=\"wp-block-post-title has-text-color has-base-color has-medium-font-size\">A Multidimensional Benchmark of Public EEG Datasets for Driver State Monitoring in Brain-Computer Interfaces<\/h3>\n\n\n<p class=\"has-base-color has-text-color\">Accepted for publication in Sensors<\/p>\n<\/div>\n\n\n\n<div class=\"wp-block-column is-layout-flow wp-block-column-is-layout-flow\">\n<div class=\"wp-block-buttons is-layout-flex\">\n                <div class=\"wp-block-button has-custom-width wp-block-button__width-100 has-custom-font-size has-small-font-size\"><a target=\"_blank\" class=\"wp-block-button__link has-tertiary-color has-base-background-color has-text-color has-background wp-element-button\" href='https:\/\/www.scimagojr.com\/journalsearch.php?q=130124&amp;tip=sid&amp;clean=0' rel=\"noopener\">Lien vers l&rsquo;article<\/a><\/div>\n                <\/div>\n<\/div>\n<\/div>\n\n<\/li><li class=\"wp-block-post post-7699 journal_article type-journal_article status-publish hentry journal_article_cat-journaux\">\n\n<hr class=\"wp-block-separator has-text-color has-background-color has-alpha-channel-opacity has-background-background-color has-background is-style-wide\"\/>\n\n\n\n<div class=\"wp-block-columns is-layout-flex wp-container-core-columns-is-layout-28f84493 wp-block-columns-is-layout-flex\">\n<div class=\"wp-block-column is-layout-flow wp-block-column-is-layout-flow\" style=\"flex-basis:30%\">\n<p class=\"has-base-color has-text-color\"><strong>N. Benyahia, A. Badji, S. Aissou, J.-F. Charpentier, F. Becker, F. Scuiller, A. Bousbaine, and D. Ould-Abdeslam, <\/strong><\/p>\n<\/div>\n\n\n\n<div class=\"wp-block-column is-layout-flow wp-block-column-is-layout-flow\" style=\"flex-basis:50%\"><h3 class=\"wp-block-post-title has-text-color has-base-color has-medium-font-size\">A novel fuzzy-logic-improved direct power control strategy for DFIG-based wind turbine through real-time OPAL-RT validation,<\/h3>\n\n\n<p class=\"has-base-color has-text-color\">International Journal of Electrical Power and Energy Systems, Volume 172, 111317, 2025.  <\/p>\n<\/div>\n\n\n\n<div class=\"wp-block-column is-layout-flow wp-block-column-is-layout-flow\">\n<div class=\"wp-block-buttons is-layout-flex\">\n                <div class=\"wp-block-button has-custom-width wp-block-button__width-100 has-custom-font-size has-small-font-size\"><a target=\"_blank\" class=\"wp-block-button__link has-tertiary-color has-base-background-color has-text-color has-background wp-element-button\" href='https:\/\/doi.org\/10.1016\/j.ijepes.2025.111317' rel=\"noopener\">Lien vers l&rsquo;article<\/a><\/div>\n                <\/div>\n<\/div>\n<\/div>\n\n<\/li><li class=\"wp-block-post post-7611 journal_article type-journal_article status-publish hentry journal_article_cat-journaux\">\n\n<hr class=\"wp-block-separator has-text-color has-background-color has-alpha-channel-opacity has-background-background-color has-background is-style-wide\"\/>\n\n\n\n<div class=\"wp-block-columns is-layout-flex wp-container-core-columns-is-layout-28f84493 wp-block-columns-is-layout-flex\">\n<div class=\"wp-block-column is-layout-flow wp-block-column-is-layout-flow\" style=\"flex-basis:30%\">\n<p class=\"has-base-color has-text-color\"><strong>L. Hajmeftah, N. Triki, M. Karray, and M. Ksantini<\/strong><\/p>\n<\/div>\n\n\n\n<div class=\"wp-block-column is-layout-flow wp-block-column-is-layout-flow\" style=\"flex-basis:50%\"><h3 class=\"wp-block-post-title has-text-color has-base-color has-medium-font-size\">A Lightweight Deep Learning Model for Real-time Obstacle Avoidance in Autonomous Vehicles,<\/h3>\n\n\n<p class=\"has-base-color has-text-color\">Journal of Multimedia Tools and Applications, 2025, under review.<\/p>\n<\/div>\n\n\n\n<div class=\"wp-block-column is-layout-flow wp-block-column-is-layout-flow\">\n<div class=\"wp-block-buttons is-layout-flex\">\n                <div class=\"wp-block-button has-custom-width wp-block-button__width-100 has-custom-font-size has-small-font-size\"><a target=\"_blank\" class=\"wp-block-button__link has-tertiary-color has-base-background-color has-text-color has-background wp-element-button\" href='https:\/\/www.scimagojr.com\/journalsearch.php?q=4900152415&amp;tip=sid&amp;clean=0%20' rel=\"noopener\">Lien vers l&rsquo;article<\/a><\/div>\n                <\/div>\n<\/div>\n<\/div>\n\n<\/li><li class=\"wp-block-post post-7610 journal_article type-journal_article status-publish hentry journal_article_cat-journaux\">\n\n<hr class=\"wp-block-separator has-text-color has-background-color has-alpha-channel-opacity has-background-background-color has-background is-style-wide\"\/>\n\n\n\n<div class=\"wp-block-columns is-layout-flex wp-container-core-columns-is-layout-28f84493 wp-block-columns-is-layout-flex\">\n<div class=\"wp-block-column is-layout-flow wp-block-column-is-layout-flow\" style=\"flex-basis:30%\">\n<p class=\"has-base-color has-text-color\"><strong>A. Yahyaoui, S. Kotel, l. Hamel, A. Lahouij, and R. Maraoui Kamoun<\/strong><\/p>\n<\/div>\n\n\n\n<div class=\"wp-block-column is-layout-flow wp-block-column-is-layout-flow\" style=\"flex-basis:50%\"><h3 class=\"wp-block-post-title has-text-color has-base-color has-medium-font-size\">Secure and Scalable IoT Healthcare witha Permissioned Blockchain and Encryption Techniques,<\/h3>\n\n\n<p class=\"has-base-color has-text-color\">Computing, 2025.<\/p>\n<\/div>\n\n\n\n<div class=\"wp-block-column is-layout-flow wp-block-column-is-layout-flow\">\n<div class=\"wp-block-buttons is-layout-flex\">\n                <div class=\"wp-block-button has-custom-width wp-block-button__width-100 has-custom-font-size has-small-font-size\"><a target=\"_blank\" class=\"wp-block-button__link has-tertiary-color has-base-background-color has-text-color has-background wp-element-button\" href='https:\/\/www.scimagojr.com\/journalsearch.php?q=24407&amp;tip=sid&amp;clean=0#google_vignette' rel=\"noopener\">Lien vers l&rsquo;article<\/a><\/div>\n                <\/div>\n<\/div>\n<\/div>\n\n<\/li><li class=\"wp-block-post post-7607 journal_article type-journal_article status-publish hentry journal_article_cat-journaux\">\n\n<hr class=\"wp-block-separator has-text-color has-background-color has-alpha-channel-opacity has-background-background-color has-background is-style-wide\"\/>\n\n\n\n<div class=\"wp-block-columns is-layout-flex wp-container-core-columns-is-layout-28f84493 wp-block-columns-is-layout-flex\">\n<div class=\"wp-block-column is-layout-flow wp-block-column-is-layout-flow\" style=\"flex-basis:30%\">\n<p class=\"has-base-color has-text-color\"><strong>S. Mekhmoukh Taleb, E. Tahsin Yasin, A. Ait Saadi, M. Dogan, S. Yahia, Y. Meraihi, M. Koklu, S. Mirjalili, and A. Ramdane-Cherif<\/strong><\/p>\n<\/div>\n\n\n\n<div class=\"wp-block-column is-layout-flow wp-block-column-is-layout-flow\" style=\"flex-basis:50%\"><h3 class=\"wp-block-post-title has-text-color has-base-color has-medium-font-size\">A Comprehensive Survey of Aquila Optimizer: Theory, Variants, Hybridization, and Applications,<\/h3>\n\n\n<p class=\"has-base-color has-text-color\">Archives of Computational Methods in Engineering, pp. 1-47, 2025.<\/p>\n<\/div>\n\n\n\n<div class=\"wp-block-column is-layout-flow wp-block-column-is-layout-flow\">\n<div class=\"wp-block-buttons is-layout-flex\">\n                <div class=\"wp-block-button has-custom-width wp-block-button__width-100 has-custom-font-size has-small-font-size\"><a target=\"_blank\" class=\"wp-block-button__link has-tertiary-color has-base-background-color has-text-color has-background wp-element-button\" href='https:\/\/www.scimagojr.com\/journalsearch.php?q=18093&amp;tip=sid&amp;clean=0#google_vignette' rel=\"noopener\">Lien vers l&rsquo;article<\/a><\/div>\n                <\/div>\n<\/div>\n<\/div>\n\n<\/li><li class=\"wp-block-post post-7605 journal_article type-journal_article status-publish hentry journal_article_cat-journaux\">\n\n<hr class=\"wp-block-separator has-text-color has-background-color has-alpha-channel-opacity has-background-background-color has-background is-style-wide\"\/>\n\n\n\n<div class=\"wp-block-columns is-layout-flex wp-container-core-columns-is-layout-28f84493 wp-block-columns-is-layout-flex\">\n<div class=\"wp-block-column is-layout-flow wp-block-column-is-layout-flow\" style=\"flex-basis:30%\">\n<p class=\"has-base-color has-text-color\"><strong>A. Ait Saadi, S. Mekhmoukh Taleb, S. Yahia, M. Dogan, E. Tahsin Yasin, Y. Meraihi, M. Koklu, S. Mirjalili, and A. Ramdane-Cherif<\/strong><\/p>\n<\/div>\n\n\n\n<div class=\"wp-block-column is-layout-flow wp-block-column-is-layout-flow\" style=\"flex-basis:50%\"><h3 class=\"wp-block-post-title has-text-color has-base-color has-medium-font-size\">A Comprehensive Survey of Henry Gas Solubility Optimization Algorithm with its Theory, Variants, and Applications,<\/h3>\n\n\n<p class=\"has-base-color has-text-color\">Archives of Computational Methods in Engineering, pp. 1-63, 2025.<\/p>\n<\/div>\n\n\n\n<div class=\"wp-block-column is-layout-flow wp-block-column-is-layout-flow\">\n<div class=\"wp-block-buttons is-layout-flex\">\n                <div class=\"wp-block-button has-custom-width wp-block-button__width-100 has-custom-font-size has-small-font-size\"><a target=\"_blank\" class=\"wp-block-button__link has-tertiary-color has-base-background-color has-text-color has-background wp-element-button\" href='https:\/\/www.scimagojr.com\/journalsearch.php?q=18093&amp;tip=sid&amp;clean=0#google_vignette' rel=\"noopener\">Lien vers l&rsquo;article<\/a><\/div>\n                <\/div>\n<\/div>\n<\/div>\n\n<\/li><li class=\"wp-block-post post-7578 journal_article type-journal_article status-publish hentry journal_article_cat-journaux\">\n\n<hr class=\"wp-block-separator has-text-color has-background-color has-alpha-channel-opacity has-background-background-color has-background is-style-wide\"\/>\n\n\n\n<div class=\"wp-block-columns is-layout-flex wp-container-core-columns-is-layout-28f84493 wp-block-columns-is-layout-flex\">\n<div class=\"wp-block-column is-layout-flow wp-block-column-is-layout-flow\" style=\"flex-basis:30%\">\n<p class=\"has-base-color has-text-color\"><strong>N. Benyahia, A. Badji, S. Aissou, J.-F. Charpentier, F. Becker, F. Scuiller, A. Bousbaine, and D. Ould-Abdeslam<\/strong><\/p>\n<\/div>\n\n\n\n<div class=\"wp-block-column is-layout-flow wp-block-column-is-layout-flow\" style=\"flex-basis:50%\"><h3 class=\"wp-block-post-title has-text-color has-base-color has-medium-font-size\">Enhanced Real-Time Emulator for Naval Propulsion: Application to an Electric Boat Powered by a PEM Fuel Cell,<\/h3>\n\n\n<p class=\"has-base-color has-text-color\">Energy Conversion and Management: X, 2025.<\/p>\n<\/div>\n\n\n\n<div class=\"wp-block-column is-layout-flow wp-block-column-is-layout-flow\">\n<div class=\"wp-block-buttons is-layout-flex\">\n                <div class=\"wp-block-button has-custom-width wp-block-button__width-100 has-custom-font-size has-small-font-size\"><a target=\"_blank\" class=\"wp-block-button__link has-tertiary-color has-base-background-color has-text-color has-background wp-element-button\" href='https:\/\/www.sciencedirect.com\/science\/article\/pii\/S2590174525002090?via%3Dihub' rel=\"noopener\">Lien vers l&rsquo;article<\/a><\/div>\n                <\/div>\n<\/div>\n<\/div>\n\n<\/li><li class=\"wp-block-post post-7546 journal_article type-journal_article status-publish hentry journal_article_cat-journaux\">\n\n<hr class=\"wp-block-separator has-text-color has-background-color has-alpha-channel-opacity has-background-background-color has-background is-style-wide\"\/>\n\n\n\n<div class=\"wp-block-columns is-layout-flex wp-container-core-columns-is-layout-28f84493 wp-block-columns-is-layout-flex\">\n<div class=\"wp-block-column is-layout-flow wp-block-column-is-layout-flow\" style=\"flex-basis:30%\">\n<p class=\"has-base-color has-text-color\"><strong>K. Fathi Sayeh, S. Tamalouzt, D. Ziane, N. Benyahia, S. Lalouni Belaid, and Y. Belkhier<\/strong><\/p>\n<\/div>\n\n\n\n<div class=\"wp-block-column is-layout-flow wp-block-column-is-layout-flow\" style=\"flex-basis:50%\"><h3 class=\"wp-block-post-title has-text-color has-base-color has-medium-font-size\">Real-time fuzzy logic-based direct power control for wind energy systems,<\/h3>\n\n\n<p class=\"has-base-color has-text-color\">Engineering Applications of Artificial Intelligence, Volume 154, 110968, 2025.<\/p>\n<\/div>\n\n\n\n<div class=\"wp-block-column is-layout-flow wp-block-column-is-layout-flow\">\n<div class=\"wp-block-buttons is-layout-flex\">\n                <div class=\"wp-block-button has-custom-width wp-block-button__width-100 has-custom-font-size has-small-font-size\"><a target=\"_blank\" class=\"wp-block-button__link has-tertiary-color has-base-background-color has-text-color has-background wp-element-button\" href='https:\/\/www.sciencedirect.com\/science\/article\/pii\/S0952197625009686?dgcid=coauthor' rel=\"noopener\">Lien vers l&rsquo;article<\/a><\/div>\n                <\/div>\n<\/div>\n<\/div>\n\n<\/li><li class=\"wp-block-post post-7538 journal_article type-journal_article status-publish hentry journal_article_cat-journaux\">\n\n<hr class=\"wp-block-separator has-text-color has-background-color has-alpha-channel-opacity has-background-background-color has-background is-style-wide\"\/>\n\n\n\n<div class=\"wp-block-columns is-layout-flex wp-container-core-columns-is-layout-28f84493 wp-block-columns-is-layout-flex\">\n<div class=\"wp-block-column is-layout-flow wp-block-column-is-layout-flow\" style=\"flex-basis:30%\">\n<p class=\"has-base-color has-text-color\"><strong>C. Elwely Salem, A. Et-Taleby, Y. Chaibi, N. Ayadi, B. Elkari, M. Benslimane, and Z. Chalh<\/strong><\/p>\n<\/div>\n\n\n\n<div class=\"wp-block-column is-layout-flow wp-block-column-is-layout-flow\" style=\"flex-basis:50%\"><h3 class=\"wp-block-post-title has-text-color has-base-color has-medium-font-size\">Exploring DC Microgrid: Advanced Applications and Their Control Strategies,<\/h3>\n\n\n<p class=\"has-base-color has-text-color\">Energy 360, Volume 3, 100019, 2025.<\/p>\n<\/div>\n\n\n\n<div class=\"wp-block-column is-layout-flow wp-block-column-is-layout-flow\">\n<div class=\"wp-block-buttons is-layout-flex\">\n                <div class=\"wp-block-button has-custom-width wp-block-button__width-100 has-custom-font-size has-small-font-size\"><a target=\"_blank\" class=\"wp-block-button__link has-tertiary-color has-base-background-color has-text-color has-background wp-element-button\" href='https:\/\/www.sciencedirect.com\/science\/article\/pii\/S2950487225000066' rel=\"noopener\">Lien vers l&rsquo;article<\/a><\/div>\n                <\/div>\n<\/div>\n<\/div>\n\n<\/li><li class=\"wp-block-post post-7531 journal_article type-journal_article status-publish hentry journal_article_cat-journaux\">\n\n<hr class=\"wp-block-separator has-text-color has-background-color has-alpha-channel-opacity has-background-background-color has-background is-style-wide\"\/>\n\n\n\n<div class=\"wp-block-columns is-layout-flex wp-container-core-columns-is-layout-28f84493 wp-block-columns-is-layout-flex\">\n<div class=\"wp-block-column is-layout-flow wp-block-column-is-layout-flow\" style=\"flex-basis:30%\">\n<p class=\"has-base-color has-text-color\"><strong>A. Et-taleby, Y. Chaibi, N. Ayadi, B. Elkari, M. Benslimane, and Z. Chalh<\/strong><\/p>\n<\/div>\n\n\n\n<div class=\"wp-block-column is-layout-flow wp-block-column-is-layout-flow\" style=\"flex-basis:50%\"><h3 class=\"wp-block-post-title has-text-color has-base-color has-medium-font-size\">Enhancing fault detection and classification in photovoltaic systems based on a hybrid approach using fuzzy logic algorithm and thermal image processing,<\/h3>\n\n\n<p class=\"has-base-color has-text-color\">Scientific African, Volume 28, e02684, 2025.<\/p>\n<\/div>\n\n\n\n<div class=\"wp-block-column is-layout-flow wp-block-column-is-layout-flow\">\n<div class=\"wp-block-buttons is-layout-flex\">\n                <div class=\"wp-block-button has-custom-width wp-block-button__width-100 has-custom-font-size has-small-font-size\"><a target=\"_blank\" class=\"wp-block-button__link has-tertiary-color has-base-background-color has-text-color has-background wp-element-button\" href='https:\/\/www.sciencedirect.com\/science\/article\/pii\/S2468227625001541' rel=\"noopener\">Lien vers l&rsquo;article<\/a><\/div>\n                <\/div>\n<\/div>\n<\/div>\n\n<\/li><li class=\"wp-block-post post-7463 journal_article type-journal_article status-publish hentry journal_article_cat-journaux\">\n\n<hr class=\"wp-block-separator has-text-color has-background-color has-alpha-channel-opacity has-background-background-color has-background is-style-wide\"\/>\n\n\n\n<div class=\"wp-block-columns is-layout-flex wp-container-core-columns-is-layout-28f84493 wp-block-columns-is-layout-flex\">\n<div class=\"wp-block-column is-layout-flow wp-block-column-is-layout-flow\" style=\"flex-basis:30%\">\n<p class=\"has-base-color has-text-color\"><strong>M.A. Hebri, G. Bauw, J.P. Lecointe, S. Duchesne, S. Fawaz, G. Zito, I. Arslane, A. Abdelli, A. Maier, and C. Vandegnen<\/strong><\/p>\n<\/div>\n\n\n\n<div class=\"wp-block-column is-layout-flow wp-block-column-is-layout-flow\" style=\"flex-basis:50%\"><h3 class=\"wp-block-post-title has-text-color has-base-color has-medium-font-size\">Non-Oriented Electrical Steel Under Bending and Annealing Effects,<\/h3>\n\n\n<p class=\"has-base-color has-text-color\">Archives of Electrical Engineering, 2025.<\/p>\n<\/div>\n\n\n\n<div class=\"wp-block-column is-layout-flow wp-block-column-is-layout-flow\">\n<div class=\"wp-block-buttons is-layout-flex\">\n                <div class=\"wp-block-button has-custom-width wp-block-button__width-100 has-custom-font-size has-small-font-size\"><a target=\"_blank\" class=\"wp-block-button__link has-tertiary-color has-base-background-color has-text-color has-background wp-element-button\" href='https:\/\/www.scimagojr.com\/journalsearch.php?q=50094&amp;tip=sid&amp;clean=0' rel=\"noopener\">Lien vers l&rsquo;article<\/a><\/div>\n                <\/div>\n<\/div>\n<\/div>\n\n<\/li><li class=\"wp-block-post post-7304 journal_article type-journal_article status-publish hentry journal_article_cat-journaux\">\n\n<hr class=\"wp-block-separator has-text-color has-background-color has-alpha-channel-opacity has-background-background-color has-background is-style-wide\"\/>\n\n\n\n<div class=\"wp-block-columns is-layout-flex wp-container-core-columns-is-layout-28f84493 wp-block-columns-is-layout-flex\">\n<div class=\"wp-block-column is-layout-flow wp-block-column-is-layout-flow\" style=\"flex-basis:30%\">\n<p class=\"has-base-color has-text-color\"><strong>A. Ait Saadi, B. P. Bhuyan, and A. Ramdane-Cherif,<\/strong><\/p>\n<\/div>\n\n\n\n<div class=\"wp-block-column is-layout-flow wp-block-column-is-layout-flow\" style=\"flex-basis:50%\"><h3 class=\"wp-block-post-title has-text-color has-base-color has-medium-font-size\">Power consumption model for Unmanned Aerial Vehicles using Recurrent Neural Network techniques,<\/h3>\n\n\n<p class=\"has-base-color has-text-color\">Aerospace Science and Technology, accepted in December 2024.<\/p>\n<\/div>\n\n\n\n<div class=\"wp-block-column is-layout-flow wp-block-column-is-layout-flow\">\n<div class=\"wp-block-buttons is-layout-flex\">\n                <div class=\"wp-block-button has-custom-width wp-block-button__width-100 has-custom-font-size has-small-font-size\"><a target=\"_blank\" class=\"wp-block-button__link has-tertiary-color has-base-background-color has-text-color has-background wp-element-button\" href='https:\/\/www.scimagojr.com\/journalsearch.php?q=12507&amp;tip=sid&amp;clean=0' rel=\"noopener\">Lien vers l&rsquo;article<\/a><\/div>\n                <\/div>\n<\/div>\n<\/div>\n\n<\/li><li class=\"wp-block-post post-7220 journal_article type-journal_article status-publish hentry journal_article_cat-journaux\">\n\n<hr class=\"wp-block-separator has-text-color has-background-color has-alpha-channel-opacity has-background-background-color has-background is-style-wide\"\/>\n\n\n\n<div class=\"wp-block-columns is-layout-flex wp-container-core-columns-is-layout-28f84493 wp-block-columns-is-layout-flex\">\n<div class=\"wp-block-column is-layout-flow wp-block-column-is-layout-flow\" style=\"flex-basis:30%\">\n<p class=\"has-base-color has-text-color\"><strong>A. Kameni, D. Palessonga, Z. Semmoumy, and M. Bensetti<\/strong><\/p>\n<\/div>\n\n\n\n<div class=\"wp-block-column is-layout-flow wp-block-column-is-layout-flow\" style=\"flex-basis:50%\"><h3 class=\"wp-block-post-title has-text-color has-base-color has-medium-font-size\">Effective electromagnetic properties of composite material computed from neural network approach,<\/h3>\n\n\n<p class=\"has-base-color has-text-color\">International Journal of Numerical Modelling: Electronic Networks, Devices and Fields, 2024.<\/p>\n<\/div>\n\n\n\n<div class=\"wp-block-column is-layout-flow wp-block-column-is-layout-flow\">\n<div class=\"wp-block-buttons is-layout-flex\">\n                <div class=\"wp-block-button has-custom-width wp-block-button__width-100 has-custom-font-size has-small-font-size\"><a target=\"_blank\" class=\"wp-block-button__link has-tertiary-color has-base-background-color has-text-color has-background wp-element-button\" href='https:\/\/www.scimagojr.com\/journalsearch.php?q=18200&amp;tip=sid&amp;clean=0' rel=\"noopener\">Lien vers l&rsquo;article<\/a><\/div>\n                <\/div>\n<\/div>\n<\/div>\n\n<\/li><li class=\"wp-block-post post-7217 journal_article type-journal_article status-publish hentry journal_article_cat-journaux\">\n\n<hr class=\"wp-block-separator has-text-color has-background-color has-alpha-channel-opacity has-background-background-color has-background is-style-wide\"\/>\n\n\n\n<div class=\"wp-block-columns is-layout-flex wp-container-core-columns-is-layout-28f84493 wp-block-columns-is-layout-flex\">\n<div class=\"wp-block-column is-layout-flow wp-block-column-is-layout-flow\" style=\"flex-basis:30%\">\n<p class=\"has-base-color has-text-color\"><strong>H.M. Hailu, S. Hima, and A. Chaibet<\/strong><\/p>\n<\/div>\n\n\n\n<div class=\"wp-block-column is-layout-flow wp-block-column-is-layout-flow\" style=\"flex-basis:50%\"><h3 class=\"wp-block-post-title has-text-color has-base-color has-medium-font-size\">Optimizing Lane Change Precision in Autonomous Vehicles: Smooth Trajectory Execution With MPC-Based State Estimation,<\/h3>\n\n\n<p class=\"has-base-color has-text-color\">IEEE Access, Volume 12, pp. 105027-105041, 2024.<\/p>\n<\/div>\n\n\n\n<div class=\"wp-block-column is-layout-flow wp-block-column-is-layout-flow\">\n<div class=\"wp-block-buttons is-layout-flex\">\n                <div class=\"wp-block-button has-custom-width wp-block-button__width-100 has-custom-font-size has-small-font-size\"><a target=\"_blank\" class=\"wp-block-button__link has-tertiary-color has-base-background-color has-text-color has-background wp-element-button\" href='https:\/\/ieeexplore.ieee.org\/document\/10614452' rel=\"noopener\">Lien vers l&rsquo;article<\/a><\/div>\n                <\/div>\n<\/div>\n<\/div>\n\n<\/li><li class=\"wp-block-post post-7167 journal_article type-journal_article status-publish hentry journal_article_cat-journaux\">\n\n<hr class=\"wp-block-separator has-text-color has-background-color has-alpha-channel-opacity has-background-background-color has-background is-style-wide\"\/>\n\n\n\n<div class=\"wp-block-columns is-layout-flex wp-container-core-columns-is-layout-28f84493 wp-block-columns-is-layout-flex\">\n<div class=\"wp-block-column is-layout-flow wp-block-column-is-layout-flow\" style=\"flex-basis:30%\">\n<p class=\"has-base-color has-text-color\"><strong>N. Triki, M. Karray, and M. Ksantini<\/strong><\/p>\n<\/div>\n\n\n\n<div class=\"wp-block-column is-layout-flow wp-block-column-is-layout-flow\" style=\"flex-basis:50%\"><h3 class=\"wp-block-post-title has-text-color has-base-color has-medium-font-size\">A comprehensive survey and analysis of traffic sign recognition systems with hardware implementation,<\/h3>\n\n\n<p class=\"has-base-color has-text-color\">IEEE Access, 2024.<\/p>\n<\/div>\n\n\n\n<div class=\"wp-block-column is-layout-flow wp-block-column-is-layout-flow\">\n<div class=\"wp-block-buttons is-layout-flex\">\n                <div class=\"wp-block-button has-custom-width wp-block-button__width-100 has-custom-font-size has-small-font-size\"><a target=\"_blank\" class=\"wp-block-button__link has-tertiary-color has-base-background-color has-text-color has-background wp-element-button\" href='https:\/\/ieeexplore.ieee.org\/stamp\/stamp.jsp?tp=&amp;arnumber=10679144' rel=\"noopener\">Lien vers l&rsquo;article<\/a><\/div>\n                <\/div>\n<\/div>\n<\/div>\n\n<\/li><li class=\"wp-block-post post-7153 journal_article type-journal_article status-publish hentry journal_article_cat-journaux\">\n\n<hr class=\"wp-block-separator has-text-color has-background-color has-alpha-channel-opacity has-background-background-color has-background is-style-wide\"\/>\n\n\n\n<div class=\"wp-block-columns is-layout-flex wp-container-core-columns-is-layout-28f84493 wp-block-columns-is-layout-flex\">\n<div class=\"wp-block-column is-layout-flow wp-block-column-is-layout-flow\" style=\"flex-basis:30%\">\n<p class=\"has-base-color has-text-color\"><strong>G. Shafique, J. Boukhenfouf, F. Gruson, S. Samimi, F. Colas, and X. Guillaud<\/strong><\/p>\n<\/div>\n\n\n\n<div class=\"wp-block-column is-layout-flow wp-block-column-is-layout-flow\" style=\"flex-basis:50%\"><h3 class=\"wp-block-post-title has-text-color has-base-color has-medium-font-size\">Small Signal Analysis of DC Voltage Control Based on a Virtual Resistance of DC\/DC Converter Integrated in a Multiterminal DC Grid,<\/h3>\n\n\n<p class=\"has-base-color has-text-color\">IET Generation, Transmission and Distribution, 2024.<\/p>\n<\/div>\n\n\n\n<div class=\"wp-block-column is-layout-flow wp-block-column-is-layout-flow\">\n<div class=\"wp-block-buttons is-layout-flex\">\n                <div class=\"wp-block-button has-custom-width wp-block-button__width-100 has-custom-font-size has-small-font-size\"><a target=\"_blank\" class=\"wp-block-button__link has-tertiary-color has-base-background-color has-text-color has-background wp-element-button\" href='https:\/\/www.scimagojr.com\/journalsearch.php?q=5400152713&amp;tip=sid&amp;clean=0' rel=\"noopener\">Lien vers l&rsquo;article<\/a><\/div>\n                <\/div>\n<\/div>\n<\/div>\n\n<\/li><li class=\"wp-block-post post-7103 journal_article type-journal_article status-publish hentry journal_article_cat-journaux\">\n\n<hr class=\"wp-block-separator has-text-color has-background-color has-alpha-channel-opacity has-background-background-color has-background is-style-wide\"\/>\n\n\n\n<div class=\"wp-block-columns is-layout-flex wp-container-core-columns-is-layout-28f84493 wp-block-columns-is-layout-flex\">\n<div class=\"wp-block-column is-layout-flow wp-block-column-is-layout-flow\" style=\"flex-basis:30%\">\n<p class=\"has-base-color has-text-color\"><strong>E. Lebarbier, N. Marie, and A. Rosier<\/strong><\/p>\n<\/div>\n\n\n\n<div class=\"wp-block-column is-layout-flow wp-block-column-is-layout-flow\" style=\"flex-basis:50%\"><h3 class=\"wp-block-post-title has-text-color has-base-color has-medium-font-size\">Trend of high dimensional time series estimation using low-rank matrix factorization: heuristics and numerical experiments via the TrendTM package,<\/h3>\n\n\n<p class=\"has-base-color has-text-color\">Computational Statistics, June 2024.<\/p>\n<\/div>\n\n\n\n<div class=\"wp-block-column is-layout-flow wp-block-column-is-layout-flow\">\n<div class=\"wp-block-buttons is-layout-flex\">\n                <div class=\"wp-block-button has-custom-width wp-block-button__width-100 has-custom-font-size has-small-font-size\"><a target=\"_blank\" class=\"wp-block-button__link has-tertiary-color has-base-background-color has-text-color has-background wp-element-button\" href='https:\/\/hal.science\/hal-03719519v2' rel=\"noopener\">Lien vers l&rsquo;article<\/a><\/div>\n                <\/div>\n<\/div>\n<\/div>\n\n<\/li><li class=\"wp-block-post post-7069 journal_article type-journal_article status-publish hentry journal_article_cat-journaux\">\n\n<hr class=\"wp-block-separator has-text-color has-background-color has-alpha-channel-opacity has-background-background-color has-background is-style-wide\"\/>\n\n\n\n<div class=\"wp-block-columns is-layout-flex wp-container-core-columns-is-layout-28f84493 wp-block-columns-is-layout-flex\">\n<div class=\"wp-block-column is-layout-flow wp-block-column-is-layout-flow\" style=\"flex-basis:30%\">\n<p class=\"has-base-color has-text-color\"><strong>M. Karray, N. Triki, and M. Ksantini<\/strong><\/p>\n<\/div>\n\n\n\n<div class=\"wp-block-column is-layout-flow wp-block-column-is-layout-flow\" style=\"flex-basis:50%\"><h3 class=\"wp-block-post-title has-text-color has-base-color has-medium-font-size\">A New Speed Limit Recognition Methodology based on Ensemble learning: Hardware Validation,<\/h3>\n\n\n<p class=\"has-base-color has-text-color\">Computers, Materials &amp; Continua (CMC), accepted in May 2024.<\/p>\n<\/div>\n\n\n\n<div class=\"wp-block-column is-layout-flow wp-block-column-is-layout-flow\">\n<div class=\"wp-block-buttons is-layout-flex\">\n                <div class=\"wp-block-button has-custom-width wp-block-button__width-100 has-custom-font-size has-small-font-size\"><a target=\"_blank\" class=\"wp-block-button__link has-tertiary-color has-base-background-color has-text-color has-background wp-element-button\" href='https:\/\/www.scimagojr.com\/journalsearch.php?q=24364&amp;tip=sid&amp;clean=0' rel=\"noopener\">Lien vers l&rsquo;article<\/a><\/div>\n                <\/div>\n<\/div>\n<\/div>\n\n<\/li><li class=\"wp-block-post post-7061 journal_article type-journal_article status-publish hentry journal_article_cat-journaux\">\n\n<hr class=\"wp-block-separator has-text-color has-background-color has-alpha-channel-opacity has-background-background-color has-background is-style-wide\"\/>\n\n\n\n<div class=\"wp-block-columns is-layout-flex wp-container-core-columns-is-layout-28f84493 wp-block-columns-is-layout-flex\">\n<div class=\"wp-block-column is-layout-flow wp-block-column-is-layout-flow\" style=\"flex-basis:30%\">\n<p class=\"has-base-color has-text-color\"><strong>A. Alaerjan, R. Jabeur, H. Ben Chikha, M. Karray, and M. Ksantini<\/strong><\/p>\n<\/div>\n\n\n\n<div class=\"wp-block-column is-layout-flow wp-block-column-is-layout-flow\" style=\"flex-basis:50%\"><h3 class=\"wp-block-post-title has-text-color has-base-color has-medium-font-size\">Improvement of Smart Grid Stability using Artificial Intelligence and Ensemble Learning,<\/h3>\n\n\n<p class=\"has-base-color has-text-color\">Symmetry, accepted in April 2024.<\/p>\n<\/div>\n\n\n\n<div class=\"wp-block-column is-layout-flow wp-block-column-is-layout-flow\">\n<div class=\"wp-block-buttons is-layout-flex\">\n                <div class=\"wp-block-button has-custom-width wp-block-button__width-100 has-custom-font-size has-small-font-size\"><a target=\"_blank\" class=\"wp-block-button__link has-tertiary-color has-base-background-color has-text-color has-background wp-element-button\" href='https:\/\/www.scimagojr.com\/journalsearch.php?q=21100201542&amp;tip=sid&amp;clean=0' rel=\"noopener\">Lien vers l&rsquo;article<\/a><\/div>\n                <\/div>\n<\/div>\n<\/div>\n\n<\/li><li class=\"wp-block-post post-7041 journal_article type-journal_article status-publish hentry journal_article_cat-journaux\">\n\n<hr class=\"wp-block-separator has-text-color has-background-color has-alpha-channel-opacity has-background-background-color has-background is-style-wide\"\/>\n\n\n\n<div class=\"wp-block-columns is-layout-flex wp-container-core-columns-is-layout-28f84493 wp-block-columns-is-layout-flex\">\n<div class=\"wp-block-column is-layout-flow wp-block-column-is-layout-flow\" style=\"flex-basis:30%\">\n<p class=\"has-base-color has-text-color\"><strong>G. Belkacem, F. Loete, and T. Phulpin<\/strong><\/p>\n<\/div>\n\n\n\n<div class=\"wp-block-column is-layout-flow wp-block-column-is-layout-flow\" style=\"flex-basis:50%\"><h3 class=\"wp-block-post-title has-text-color has-base-color has-medium-font-size\">Broadband Eddy Current Measurement of the Sheet Resistance of GaN Semiconductors,<\/h3>\n\n\n<p class=\"has-base-color has-text-color\">Sensors, 2024.<\/p>\n<\/div>\n\n\n\n<div class=\"wp-block-column is-layout-flow wp-block-column-is-layout-flow\">\n<div class=\"wp-block-buttons is-layout-flex\">\n                <div class=\"wp-block-button has-custom-width wp-block-button__width-100 has-custom-font-size has-small-font-size\"><a target=\"_blank\" class=\"wp-block-button__link has-tertiary-color has-base-background-color has-text-color has-background wp-element-button\" href='  ' rel=\"noopener\">Lien vers l&rsquo;article<\/a><\/div>\n                <\/div>\n<\/div>\n<\/div>\n\n<\/li><li class=\"wp-block-post post-6807 journal_article type-journal_article status-publish hentry journal_article_cat-journaux\">\n\n<hr class=\"wp-block-separator has-text-color has-background-color has-alpha-channel-opacity has-background-background-color has-background is-style-wide\"\/>\n\n\n\n<div class=\"wp-block-columns is-layout-flex wp-container-core-columns-is-layout-28f84493 wp-block-columns-is-layout-flex\">\n<div class=\"wp-block-column is-layout-flow wp-block-column-is-layout-flow\" style=\"flex-basis:30%\">\n<p class=\"has-base-color has-text-color\"><strong>M. Maidi, S. Otmane, Y. Lehiani, and M. Preda<\/strong><\/p>\n<\/div>\n\n\n\n<div class=\"wp-block-column is-layout-flow wp-block-column-is-layout-flow\" style=\"flex-basis:50%\"><h3 class=\"wp-block-post-title has-text-color has-base-color has-medium-font-size\">Object Detection enhanced by Hybrid Overlay for Augmented Reality,<\/h3>\n\n\n<p class=\"has-base-color has-text-color\">International Journal of Semantic Computing, Issue 17, Number 3, pp. 1-13, World Scientific Publishing, 2023.<\/p>\n<\/div>\n\n\n\n<div class=\"wp-block-column is-layout-flow wp-block-column-is-layout-flow\">\n<div class=\"wp-block-buttons is-layout-flex\">\n                <div class=\"wp-block-button has-custom-width wp-block-button__width-100 has-custom-font-size has-small-font-size\"><a target=\"_blank\" class=\"wp-block-button__link has-tertiary-color has-base-background-color has-text-color has-background wp-element-button\" href='https:\/\/doi.org\/10.1142\/S1793351X23300029' rel=\"noopener\">Lien vers l&rsquo;article<\/a><\/div>\n                <\/div>\n<\/div>\n<\/div>\n\n<\/li><li class=\"wp-block-post post-6806 journal_article type-journal_article status-publish hentry journal_article_cat-journaux\">\n\n<hr class=\"wp-block-separator has-text-color has-background-color has-alpha-channel-opacity has-background-background-color has-background is-style-wide\"\/>\n\n\n\n<div class=\"wp-block-columns is-layout-flex wp-container-core-columns-is-layout-28f84493 wp-block-columns-is-layout-flex\">\n<div class=\"wp-block-column is-layout-flow wp-block-column-is-layout-flow\" style=\"flex-basis:30%\">\n<p class=\"has-base-color has-text-color\"><strong>A. D\u00e9gardin, D. Alamarguy, A. Br\u00e9zard Oudot, S. Beldi, C. Chaumont, F. Boussaha, A. Cheneau, and A. Kreisler<\/strong><\/p>\n<\/div>\n\n\n\n<div class=\"wp-block-column is-layout-flow wp-block-column-is-layout-flow\" style=\"flex-basis:50%\"><h3 class=\"wp-block-post-title has-text-color has-base-color has-medium-font-size\">Fast and Uncooled Semiconducting Ca-Doped Y-Ba-Cu-O Thin Film-Based Thermal Sensors for Infrared,<\/h3>\n\n\n<p class=\"has-base-color has-text-color\">Sensors 2023, Issue 23, Number 18, pp. 7934, 2023.<\/p>\n<\/div>\n\n\n\n<div class=\"wp-block-column is-layout-flow wp-block-column-is-layout-flow\">\n<div class=\"wp-block-buttons is-layout-flex\">\n                <div class=\"wp-block-button has-custom-width wp-block-button__width-100 has-custom-font-size has-small-font-size\"><a target=\"_blank\" class=\"wp-block-button__link has-tertiary-color has-base-background-color has-text-color has-background wp-element-button\" href='https:\/\/doi.org\/10.3390\/s23187934' rel=\"noopener\">Lien vers l&rsquo;article<\/a><\/div>\n                <\/div>\n<\/div>\n<\/div>\n\n<\/li><li class=\"wp-block-post post-6786 journal_article type-journal_article status-publish hentry journal_article_cat-journaux\">\n\n<hr class=\"wp-block-separator has-text-color has-background-color has-alpha-channel-opacity has-background-background-color has-background is-style-wide\"\/>\n\n\n\n<div class=\"wp-block-columns is-layout-flex wp-container-core-columns-is-layout-28f84493 wp-block-columns-is-layout-flex\">\n<div class=\"wp-block-column is-layout-flow wp-block-column-is-layout-flow\" style=\"flex-basis:30%\">\n<p class=\"has-base-color has-text-color\"><strong>A. Ait Saadi, Y. Meraihi, A. Soukane, S. Yahia, A. Ramdane-Cherif, and A. Benmessaoud Gabis<\/strong><\/p>\n<\/div>\n\n\n\n<div class=\"wp-block-column is-layout-flow wp-block-column-is-layout-flow\" style=\"flex-basis:50%\"><h3 class=\"wp-block-post-title has-text-color has-base-color has-medium-font-size\">An enhanced African Vulture Optimization Algorithm for solving the Unmanned Aerial Vehicles path planning problem,<\/h3>\n\n\n<p class=\"has-base-color has-text-color\">Computers and Electrical Engineering, Issue 110, pp. 108802, 2023.<\/p>\n<\/div>\n\n\n\n<div class=\"wp-block-column is-layout-flow wp-block-column-is-layout-flow\">\n<div class=\"wp-block-buttons is-layout-flex\">\n                <div class=\"wp-block-button has-custom-width wp-block-button__width-100 has-custom-font-size has-small-font-size\"><a target=\"_blank\" class=\"wp-block-button__link has-tertiary-color has-base-background-color has-text-color has-background wp-element-button\" href='https:\/\/www.sciencedirect.com\/science\/article\/abs\/pii\/S0045790623002264' rel=\"noopener\">Lien vers l&rsquo;article<\/a><\/div>\n                <\/div>\n<\/div>\n<\/div>\n\n<\/li><li class=\"wp-block-post post-7237 journal_article type-journal_article status-publish hentry journal_article_cat-journaux\">\n\n<hr class=\"wp-block-separator has-text-color has-background-color has-alpha-channel-opacity has-background-background-color has-background is-style-wide\"\/>\n\n\n\n<div class=\"wp-block-columns is-layout-flex wp-container-core-columns-is-layout-28f84493 wp-block-columns-is-layout-flex\">\n<div class=\"wp-block-column is-layout-flow wp-block-column-is-layout-flow\" style=\"flex-basis:30%\">\n<p class=\"has-base-color has-text-color\"><strong>M. Lahlouh, R. Blanc, M. Piotin, J. Szewczyk, N. Passat, and Y. Chenoune<\/strong><\/p>\n<\/div>\n\n\n\n<div class=\"wp-block-column is-layout-flow wp-block-column-is-layout-flow\" style=\"flex-basis:50%\"><h3 class=\"wp-block-post-title has-text-color has-base-color has-medium-font-size\">Cerebral AVM segmentation from 3D rotational angiography images by convolutional neural networks,<\/h3>\n\n\n<p class=\"has-base-color has-text-color\">Neuroscience Informatics, Elsevier, Volume 3, pp. 100138, 2023.<\/p>\n<\/div>\n\n\n\n<div class=\"wp-block-column is-layout-flow wp-block-column-is-layout-flow\">\n<div class=\"wp-block-buttons is-layout-flex\">\n                <div class=\"wp-block-button has-custom-width wp-block-button__width-100 has-custom-font-size has-small-font-size\"><a target=\"_blank\" class=\"wp-block-button__link has-tertiary-color has-base-background-color has-text-color has-background wp-element-button\" href='https:\/\/hal.science\/hal-04164909' rel=\"noopener\">Lien vers l&rsquo;article<\/a><\/div>\n                <\/div>\n<\/div>\n<\/div>\n\n<\/li><li class=\"wp-block-post post-6739 journal_article type-journal_article status-publish hentry journal_article_cat-journaux\">\n\n<hr class=\"wp-block-separator has-text-color has-background-color has-alpha-channel-opacity has-background-background-color has-background is-style-wide\"\/>\n\n\n\n<div class=\"wp-block-columns is-layout-flex wp-container-core-columns-is-layout-28f84493 wp-block-columns-is-layout-flex\">\n<div class=\"wp-block-column is-layout-flow wp-block-column-is-layout-flow\" style=\"flex-basis:30%\">\n<p class=\"has-base-color has-text-color\"><strong>R. Moualek, N. Benamrouche, N. Benyahya, and A. Bousbaine<\/strong><\/p>\n<\/div>\n\n\n\n<div class=\"wp-block-column is-layout-flow wp-block-column-is-layout-flow\" style=\"flex-basis:50%\"><h3 class=\"wp-block-post-title has-text-color has-base-color has-medium-font-size\">Hybrid multi power sources PEMFC\/battery\/supercapacitor real time setup energy conversion system,<\/h3>\n\n\n<p class=\"has-base-color has-text-color\">International Journal of Power Electronics and Drive Systems (IJPEDS), Volume 14, Issue 3, pp. 1844-1854, September 2023.<\/p>\n<\/div>\n\n\n\n<div class=\"wp-block-column is-layout-flow wp-block-column-is-layout-flow\">\n<div class=\"wp-block-buttons is-layout-flex\">\n                <div class=\"wp-block-button has-custom-width wp-block-button__width-100 has-custom-font-size has-small-font-size\"><a target=\"_blank\" class=\"wp-block-button__link has-tertiary-color has-base-background-color has-text-color has-background wp-element-button\" href='http:\/\/doi.org\/10.11591\/ijpeds.v14.i3.pp1844-1854' rel=\"noopener\">Lien vers l&rsquo;article<\/a><\/div>\n                <\/div>\n<\/div>\n<\/div>\n\n<\/li><li class=\"wp-block-post post-6558 journal_article type-journal_article status-publish hentry journal_article_cat-journaux\">\n\n<hr class=\"wp-block-separator has-text-color has-background-color has-alpha-channel-opacity has-background-background-color has-background is-style-wide\"\/>\n\n\n\n<div class=\"wp-block-columns is-layout-flex wp-container-core-columns-is-layout-28f84493 wp-block-columns-is-layout-flex\">\n<div class=\"wp-block-column is-layout-flow wp-block-column-is-layout-flow\" style=\"flex-basis:30%\">\n<p class=\"has-base-color has-text-color\"><strong>N. Triki, M. Karray, and M. Ksantini<\/strong><\/p>\n<\/div>\n\n\n\n<div class=\"wp-block-column is-layout-flow wp-block-column-is-layout-flow\" style=\"flex-basis:50%\"><h3 class=\"wp-block-post-title has-text-color has-base-color has-medium-font-size\">A Real-Time Traffic Sign Recognition Method Using a New Attention-Based Deep Convolutional Neural Network for Smart Vehicles<\/h3>\n\n\n<p class=\"has-base-color has-text-color\">Applied Sciences, Volume 13, Issue 8, 2023.<\/p>\n<\/div>\n\n\n\n<div class=\"wp-block-column is-layout-flow wp-block-column-is-layout-flow\">\n<div class=\"wp-block-buttons is-layout-flex\">\n                <div class=\"wp-block-button has-custom-width wp-block-button__width-100 has-custom-font-size has-small-font-size\"><a target=\"_blank\" class=\"wp-block-button__link has-tertiary-color has-base-background-color has-text-color has-background wp-element-button\" href='https:\/\/www.mdpi.com\/2076-3417\/13\/8\/4793' rel=\"noopener\">Lien vers l&rsquo;article<\/a><\/div>\n                <\/div>\n<\/div>\n<\/div>\n\n<\/li><li class=\"wp-block-post post-6785 journal_article type-journal_article status-publish hentry journal_article_cat-journaux\">\n\n<hr class=\"wp-block-separator has-text-color has-background-color has-alpha-channel-opacity has-background-background-color has-background is-style-wide\"\/>\n\n\n\n<div class=\"wp-block-columns is-layout-flex wp-container-core-columns-is-layout-28f84493 wp-block-columns-is-layout-flex\">\n<div class=\"wp-block-column is-layout-flow wp-block-column-is-layout-flow\" style=\"flex-basis:30%\">\n<p class=\"has-base-color has-text-color\"><strong>A. Ait Saadi, A. Soukane, Y. Meraihi, A. Benmessaoud Gabis, and A. Ramdane-Cherif<\/strong><\/p>\n<\/div>\n\n\n\n<div class=\"wp-block-column is-layout-flow wp-block-column-is-layout-flow\" style=\"flex-basis:50%\"><h3 class=\"wp-block-post-title has-text-color has-base-color has-medium-font-size\">A Hybrid Improved Manta Ray Foraging Optimization With Tabu Search Algorithm for Solving the UAV Placement Problem in Smart Cities,<\/h3>\n\n\n<p class=\"has-base-color has-text-color\">IEEE Access, Issue 11, pp. 24315-24342, 2023.<\/p>\n<\/div>\n\n\n\n<div class=\"wp-block-column is-layout-flow wp-block-column-is-layout-flow\">\n<div class=\"wp-block-buttons is-layout-flex\">\n                <div class=\"wp-block-button has-custom-width wp-block-button__width-100 has-custom-font-size has-small-font-size\"><a target=\"_blank\" class=\"wp-block-button__link has-tertiary-color has-base-background-color has-text-color has-background wp-element-button\" href='https:\/\/ieeexplore.ieee.org\/abstract\/document\/10065438' rel=\"noopener\">Lien vers l&rsquo;article<\/a><\/div>\n                <\/div>\n<\/div>\n<\/div>\n\n<\/li><li class=\"wp-block-post post-7181 journal_article type-journal_article status-publish hentry journal_article_cat-journaux\">\n\n<hr class=\"wp-block-separator has-text-color has-background-color has-alpha-channel-opacity has-background-background-color has-background is-style-wide\"\/>\n\n\n\n<div class=\"wp-block-columns is-layout-flex wp-container-core-columns-is-layout-28f84493 wp-block-columns-is-layout-flex\">\n<div class=\"wp-block-column is-layout-flow wp-block-column-is-layout-flow\" style=\"flex-basis:30%\">\n<p class=\"has-base-color has-text-color\"><strong>S. Fawaz, H. Menana, B. Douine, and L. Qu\u00e9val<\/strong><\/p>\n<\/div>\n\n\n\n<div class=\"wp-block-column is-layout-flow wp-block-column-is-layout-flow\" style=\"flex-basis:50%\"><h3 class=\"wp-block-post-title has-text-color has-base-color has-medium-font-size\">Fast modeling approach of large-scale non-inductive HTS coils under different current supply,<\/h3>\n\n\n<p class=\"has-base-color has-text-color\">Physica Scripta, Volume 98, p. 045503, 2023.<\/p>\n<\/div>\n\n\n\n<div class=\"wp-block-column is-layout-flow wp-block-column-is-layout-flow\">\n<div class=\"wp-block-buttons is-layout-flex\">\n                <div class=\"wp-block-button has-custom-width wp-block-button__width-100 has-custom-font-size has-small-font-size\"><a target=\"_blank\" class=\"wp-block-button__link has-tertiary-color has-base-background-color has-text-color has-background wp-element-button\" href='https:\/\/iopscience.iop.org\/article\/10.1088\/1402-4896\/acbbae' rel=\"noopener\">Lien vers l&rsquo;article<\/a><\/div>\n                <\/div>\n<\/div>\n<\/div>\n\n<\/li><li class=\"wp-block-post post-7523 journal_article type-journal_article status-publish hentry journal_article_cat-journaux\">\n\n<hr class=\"wp-block-separator has-text-color has-background-color has-alpha-channel-opacity has-background-background-color has-background is-style-wide\"\/>\n\n\n\n<div class=\"wp-block-columns is-layout-flex wp-container-core-columns-is-layout-28f84493 wp-block-columns-is-layout-flex\">\n<div class=\"wp-block-column is-layout-flow wp-block-column-is-layout-flow\" style=\"flex-basis:30%\">\n<p class=\"has-base-color has-text-color\"><strong>A. Et-taleby, Y. Chaibi, M. Benslimane and M. Boussetta<\/strong><\/p>\n<\/div>\n\n\n\n<div class=\"wp-block-column is-layout-flow wp-block-column-is-layout-flow\" style=\"flex-basis:50%\"><h3 class=\"wp-block-post-title has-text-color has-base-color has-medium-font-size\">Applications of Machine Learning Algorithms for Photovoltaic Fault Detection: a Review,<\/h3>\n\n\n<p class=\"has-base-color has-text-color\">Statistics, Optimization &amp; Information Computing, 2023<\/p>\n<\/div>\n\n\n\n<div class=\"wp-block-column is-layout-flow wp-block-column-is-layout-flow\">\n<div class=\"wp-block-buttons is-layout-flex\">\n                <div class=\"wp-block-button has-custom-width wp-block-button__width-100 has-custom-font-size has-small-font-size\"><a target=\"_blank\" class=\"wp-block-button__link has-tertiary-color has-base-background-color has-text-color has-background wp-element-button\" href='http:\/\/www.iapress.org\/index.php\/soic\/article\/view\/1537' rel=\"noopener\">Lien vers l&rsquo;article<\/a><\/div>\n                <\/div>\n<\/div>\n<\/div>\n\n<\/li><li class=\"wp-block-post post-6778 journal_article type-journal_article status-publish hentry journal_article_cat-journaux\">\n\n<hr class=\"wp-block-separator has-text-color has-background-color has-alpha-channel-opacity has-background-background-color has-background is-style-wide\"\/>\n\n\n\n<div class=\"wp-block-columns is-layout-flex wp-container-core-columns-is-layout-28f84493 wp-block-columns-is-layout-flex\">\n<div class=\"wp-block-column is-layout-flow wp-block-column-is-layout-flow\" style=\"flex-basis:30%\">\n<p class=\"has-base-color has-text-color\"><strong>A. Ait Saadi, A. Soukane, Y. Meraihi, A. Benmessaoud Gabis, and A. Ramdane-Cherif<\/strong><\/p>\n<\/div>\n\n\n\n<div class=\"wp-block-column is-layout-flow wp-block-column-is-layout-flow\" style=\"flex-basis:50%\"><h3 class=\"wp-block-post-title has-text-color has-base-color has-medium-font-size\">A novel hybrid chaotic Aquila optimization algorithm with simulated annealing for unmanned aerial vehicles path planning,<\/h3>\n\n\n<p class=\"has-base-color has-text-color\">Computers and Electrical Engineering, Issue 104, pp. 108461, 2022.<\/p>\n<\/div>\n\n\n\n<div class=\"wp-block-column is-layout-flow wp-block-column-is-layout-flow\">\n<div class=\"wp-block-buttons is-layout-flex\">\n                <div class=\"wp-block-button has-custom-width wp-block-button__width-100 has-custom-font-size has-small-font-size\"><a target=\"_blank\" class=\"wp-block-button__link has-tertiary-color has-base-background-color has-text-color has-background wp-element-button\" href='https:\/\/www.sciencedirect.com\/science\/article\/abs\/pii\/S0045790622006760' rel=\"noopener\">Lien vers l&rsquo;article<\/a><\/div>\n                <\/div>\n<\/div>\n<\/div>\n\n<\/li><li class=\"wp-block-post post-7521 journal_article type-journal_article status-publish hentry journal_article_cat-journaux\">\n\n<hr class=\"wp-block-separator has-text-color has-background-color has-alpha-channel-opacity has-background-background-color has-background is-style-wide\"\/>\n\n\n\n<div class=\"wp-block-columns is-layout-flex wp-container-core-columns-is-layout-28f84493 wp-block-columns-is-layout-flex\">\n<div class=\"wp-block-column is-layout-flow wp-block-column-is-layout-flow\" style=\"flex-basis:30%\">\n<p class=\"has-base-color has-text-color\"><strong>A. Et-taleby, Y. Chaibi, A. Allouhi, M. Boussetta and M. Benslimane<\/strong><\/p>\n<\/div>\n\n\n\n<div class=\"wp-block-column is-layout-flow wp-block-column-is-layout-flow\" style=\"flex-basis:50%\"><h3 class=\"wp-block-post-title has-text-color has-base-color has-medium-font-size\">A combined convolutional neural network model and support vector machine technique for fault detection and classification based on electroluminescence images of photovoltaic modules,<\/h3>\n\n\n<p class=\"has-base-color has-text-color\">Sustainable Energy, Grids and Networks, 2022<\/p>\n<\/div>\n\n\n\n<div class=\"wp-block-column is-layout-flow wp-block-column-is-layout-flow\">\n<div class=\"wp-block-buttons is-layout-flex\">\n                <div class=\"wp-block-button has-custom-width wp-block-button__width-100 has-custom-font-size has-small-font-size\"><a target=\"_blank\" class=\"wp-block-button__link has-tertiary-color has-base-background-color has-text-color has-background wp-element-button\" href='https:\/\/www.sciencedirect.com\/science\/article\/abs\/pii\/S2352467722001916' rel=\"noopener\">Lien vers l&rsquo;article<\/a><\/div>\n                <\/div>\n<\/div>\n<\/div>\n\n<\/li><li class=\"wp-block-post post-7178 journal_article type-journal_article status-publish hentry journal_article_cat-journaux\">\n\n<hr class=\"wp-block-separator has-text-color has-background-color has-alpha-channel-opacity has-background-background-color has-background is-style-wide\"\/>\n\n\n\n<div class=\"wp-block-columns is-layout-flex wp-container-core-columns-is-layout-28f84493 wp-block-columns-is-layout-flex\">\n<div class=\"wp-block-column is-layout-flow wp-block-column-is-layout-flow\" style=\"flex-basis:30%\">\n<p class=\"has-base-color has-text-color\"><strong>S. Fawaz, H. Menana, and B. Douine<\/strong><\/p>\n<\/div>\n\n\n\n<div class=\"wp-block-column is-layout-flow wp-block-column-is-layout-flow\" style=\"flex-basis:50%\"><h3 class=\"wp-block-post-title has-text-color has-base-color has-medium-font-size\">Numerical and Experimental Investigations of HTS Coils Inductance,<\/h3>\n\n\n<p class=\"has-base-color has-text-color\">IEEE Transactions on Magnetics, Volume 58, Issue 59, pp. 1-4, 2022.<\/p>\n<\/div>\n\n\n\n<div class=\"wp-block-column is-layout-flow wp-block-column-is-layout-flow\">\n<div class=\"wp-block-buttons is-layout-flex\">\n                <div class=\"wp-block-button has-custom-width wp-block-button__width-100 has-custom-font-size has-small-font-size\"><a target=\"_blank\" class=\"wp-block-button__link has-tertiary-color has-base-background-color has-text-color has-background wp-element-button\" href='https:\/\/ieeexplore.ieee.org\/abstract\/document\/9757133' rel=\"noopener\">Lien vers l&rsquo;article<\/a><\/div>\n                <\/div>\n<\/div>\n<\/div>\n\n<\/li><li class=\"wp-block-post post-5593 journal_article type-journal_article status-publish hentry journal_article_cat-journaux\">\n\n<hr class=\"wp-block-separator has-text-color has-background-color has-alpha-channel-opacity has-background-background-color has-background is-style-wide\"\/>\n\n\n\n<div class=\"wp-block-columns is-layout-flex wp-container-core-columns-is-layout-28f84493 wp-block-columns-is-layout-flex\">\n<div class=\"wp-block-column is-layout-flow wp-block-column-is-layout-flow\" style=\"flex-basis:30%\">\n<p class=\"has-base-color has-text-color\"><strong>P. Nicaise, J. Hu. J.-M. Martin, S. Beldi, C. Chaumont, P. Bonifacio, M. Piat, H. Geoffray, and F. Boussaha<\/strong><\/p>\n<\/div>\n\n\n\n<div class=\"wp-block-column is-layout-flow wp-block-column-is-layout-flow\" style=\"flex-basis:50%\"><h3 class=\"wp-block-post-title has-text-color has-base-color has-medium-font-size\">Investigation of Optical Coupling in Microwave Kinetic Inductance Detectors Using Superconducting Reflective Plates,<\/h3>\n\n\n<p class=\"has-base-color has-text-color\">Journal of Low Temperature Physics, 2022.<\/p>\n<\/div>\n\n\n\n<div class=\"wp-block-column is-layout-flow wp-block-column-is-layout-flow\">\n<div class=\"wp-block-buttons is-layout-flex\">\n                <div class=\"wp-block-button has-custom-width wp-block-button__width-100 has-custom-font-size has-small-font-size\"><a target=\"_blank\" class=\"wp-block-button__link has-tertiary-color has-base-background-color has-text-color has-background wp-element-button\" href='https:\/\/link.springer.com\/article\/10.1007\/s10909-022-02789-7' rel=\"noopener\">Lien vers l&rsquo;article<\/a><\/div>\n                <\/div>\n<\/div>\n<\/div>\n\n<\/li><li class=\"wp-block-post post-7173 journal_article type-journal_article status-publish hentry journal_article_cat-journaux\">\n\n<hr class=\"wp-block-separator has-text-color has-background-color has-alpha-channel-opacity has-background-background-color has-background is-style-wide\"\/>\n\n\n\n<div class=\"wp-block-columns is-layout-flex wp-container-core-columns-is-layout-28f84493 wp-block-columns-is-layout-flex\">\n<div class=\"wp-block-column is-layout-flow wp-block-column-is-layout-flow\" style=\"flex-basis:30%\">\n<p class=\"has-base-color has-text-color\"><strong>B. Douine, L. Queval, F. Trillaud, S. Fawaz, H. Menana, I. Schwenker, O. Despouys, and N. Ivanov<\/strong><\/p>\n<\/div>\n\n\n\n<div class=\"wp-block-column is-layout-flow wp-block-column-is-layout-flow\" style=\"flex-basis:50%\"><h3 class=\"wp-block-post-title has-text-color has-base-color has-medium-font-size\">Characterization of a Superconducting Power Filter for Embedded Electrical Grid Application<\/h3>\n\n\n<p class=\"has-base-color has-text-color\">IEEE Transactions on Applied Superconductivity, Volume 32, Issue 4, pp. 1-4, 2022. <\/p>\n<\/div>\n\n\n\n<div class=\"wp-block-column is-layout-flow wp-block-column-is-layout-flow\">\n<div class=\"wp-block-buttons is-layout-flex\">\n                <div class=\"wp-block-button has-custom-width wp-block-button__width-100 has-custom-font-size has-small-font-size\"><a target=\"_blank\" class=\"wp-block-button__link has-tertiary-color has-base-background-color has-text-color has-background wp-element-button\" href='https:\/\/ieeexplore.ieee.org\/abstract\/document\/9718176' rel=\"noopener\">Lien vers l&rsquo;article<\/a><\/div>\n                <\/div>\n<\/div>\n<\/div>\n\n<\/li><li class=\"wp-block-post post-7377 journal_article type-journal_article status-publish hentry journal_article_cat-journaux\">\n\n<hr class=\"wp-block-separator has-text-color has-background-color has-alpha-channel-opacity has-background-background-color has-background is-style-wide\"\/>\n\n\n\n<div class=\"wp-block-columns is-layout-flex wp-container-core-columns-is-layout-28f84493 wp-block-columns-is-layout-flex\">\n<div class=\"wp-block-column is-layout-flow wp-block-column-is-layout-flow\" style=\"flex-basis:30%\">\n<p class=\"has-base-color has-text-color\"><strong>J. Callupe, J. Martinez, E. Monacelli, G. Foggea, Y. Hirata, and S. Delaplace<\/strong><\/p>\n<\/div>\n\n\n\n<div class=\"wp-block-column is-layout-flow wp-block-column-is-layout-flow\" style=\"flex-basis:50%\"><h3 class=\"wp-block-post-title has-text-color has-base-color has-medium-font-size\">WISP,\u00a0wearable\u00a0inertial sensor for online wheelchair propulsion detection,<\/h3>\n\n\n<p class=\"has-base-color has-text-color\">MDPI Sensors, Issue 22, p. 4221, 2022.<\/p>\n<\/div>\n\n\n\n<div class=\"wp-block-column is-layout-flow wp-block-column-is-layout-flow\">\n<div class=\"wp-block-buttons is-layout-flex\">\n                <div class=\"wp-block-button has-custom-width wp-block-button__width-100 has-custom-font-size has-small-font-size\"><a target=\"_blank\" class=\"wp-block-button__link has-tertiary-color has-base-background-color has-text-color has-background wp-element-button\" href='https:\/\/www.mdpi.com\/1424-8220\/22\/11\/4221' rel=\"noopener\">Lien vers l&rsquo;article<\/a><\/div>\n                <\/div>\n<\/div>\n<\/div>\n\n<\/li><li class=\"wp-block-post post-7176 journal_article type-journal_article status-publish hentry journal_article_cat-journaux\">\n\n<hr class=\"wp-block-separator has-text-color has-background-color has-alpha-channel-opacity has-background-background-color has-background is-style-wide\"\/>\n\n\n\n<div class=\"wp-block-columns is-layout-flex wp-container-core-columns-is-layout-28f84493 wp-block-columns-is-layout-flex\">\n<div class=\"wp-block-column is-layout-flow wp-block-column-is-layout-flow\" style=\"flex-basis:30%\">\n<p class=\"has-base-color has-text-color\"><strong>Y. Statra, S. Fawaz, H. Menana, and B. Douine<\/strong><\/p>\n<\/div>\n\n\n\n<div class=\"wp-block-column is-layout-flow wp-block-column-is-layout-flow\" style=\"flex-basis:50%\"><h3 class=\"wp-block-post-title has-text-color has-base-color has-medium-font-size\">Experimental Electromagnetic Characterization of High Temperature Superconductors Coils Located in Proximity to Electromagnetically Active Materials,<\/h3>\n\n\n<p class=\"has-base-color has-text-color\">FDMP-Fluid Dynamics &amp; Materials Processing, Volume 18, Issue 5, pp. 1529-1537, 2022.<\/p>\n<\/div>\n\n\n\n<div class=\"wp-block-column is-layout-flow wp-block-column-is-layout-flow\">\n<div class=\"wp-block-buttons is-layout-flex\">\n                <div class=\"wp-block-button has-custom-width wp-block-button__width-100 has-custom-font-size has-small-font-size\"><a target=\"_blank\" class=\"wp-block-button__link has-tertiary-color has-base-background-color has-text-color has-background wp-element-button\" href='https:\/\/www.techscience.com\/fdmp\/v18n5\/47974' rel=\"noopener\">Lien vers l&rsquo;article<\/a><\/div>\n                <\/div>\n<\/div>\n<\/div>\n\n<\/li><li class=\"wp-block-post post-7522 journal_article type-journal_article status-publish hentry journal_article_cat-journaux\">\n\n<hr class=\"wp-block-separator has-text-color has-background-color has-alpha-channel-opacity has-background-background-color has-background is-style-wide\"\/>\n\n\n\n<div class=\"wp-block-columns is-layout-flex wp-container-core-columns-is-layout-28f84493 wp-block-columns-is-layout-flex\">\n<div class=\"wp-block-column is-layout-flow wp-block-column-is-layout-flow\" style=\"flex-basis:30%\">\n<p class=\"has-base-color has-text-color\"><strong>A. Et-taleby, Y. Chaibi, M. Boussetta, A. Allouhi and M. Benslimane<\/strong><\/p>\n<\/div>\n\n\n\n<div class=\"wp-block-column is-layout-flow wp-block-column-is-layout-flow\" style=\"flex-basis:50%\"><h3 class=\"wp-block-post-title has-text-color has-base-color has-medium-font-size\">A novel fault detection technique for PV systems based on the K-means algorithm, coded wireless Orthogonal Frequency Division Multiplexing and thermal image processing techniques,<\/h3>\n\n\n<p class=\"has-base-color has-text-color\">Solar Energy, 2022<\/p>\n<\/div>\n\n\n\n<div class=\"wp-block-column is-layout-flow wp-block-column-is-layout-flow\">\n<div class=\"wp-block-buttons is-layout-flex\">\n                <div class=\"wp-block-button has-custom-width wp-block-button__width-100 has-custom-font-size has-small-font-size\"><a target=\"_blank\" class=\"wp-block-button__link has-tertiary-color has-base-background-color has-text-color has-background wp-element-button\" href='https:\/\/www.sciencedirect.com\/science\/article\/abs\/pii\/S0038092X22002651' rel=\"noopener\">Lien vers l&rsquo;article<\/a><\/div>\n                <\/div>\n<\/div>\n<\/div>\n\n<\/li><li class=\"wp-block-post post-6777 journal_article type-journal_article status-publish hentry journal_article_cat-journaux\">\n\n<hr class=\"wp-block-separator has-text-color has-background-color has-alpha-channel-opacity has-background-background-color has-background is-style-wide\"\/>\n\n\n\n<div class=\"wp-block-columns is-layout-flex wp-container-core-columns-is-layout-28f84493 wp-block-columns-is-layout-flex\">\n<div class=\"wp-block-column is-layout-flow wp-block-column-is-layout-flow\" style=\"flex-basis:30%\">\n<p class=\"has-base-color has-text-color\"><strong>A. Ait Saadi, A. Soukane, Y. Meraihi, A. Benmessaoud Gabis, S. Mirjalili, and A. Ramdane-Cherif<\/strong><\/p>\n<\/div>\n\n\n\n<div class=\"wp-block-column is-layout-flow wp-block-column-is-layout-flow\" style=\"flex-basis:50%\"><h3 class=\"wp-block-post-title has-text-color has-base-color has-medium-font-size\">UAV path planning using optimization approaches: A survey,<\/h3>\n\n\n<p class=\"has-base-color has-text-color\">Archives of Computational Methods in Engineering, Issue 29, pp. 4233-4284, 2022.<\/p>\n<\/div>\n\n\n\n<div class=\"wp-block-column is-layout-flow wp-block-column-is-layout-flow\">\n<div class=\"wp-block-buttons is-layout-flex\">\n                <div class=\"wp-block-button has-custom-width wp-block-button__width-100 has-custom-font-size has-small-font-size\"><a target=\"_blank\" class=\"wp-block-button__link has-tertiary-color has-base-background-color has-text-color has-background wp-element-button\" href='https:\/\/link.springer.com\/article\/10.1007\/s11831-022-09742-7' rel=\"noopener\">Lien vers l&rsquo;article<\/a><\/div>\n                <\/div>\n<\/div>\n<\/div>\n\n<\/li><li class=\"wp-block-post post-4914 journal_article type-journal_article status-publish hentry journal_article_cat-journaux\">\n\n<hr class=\"wp-block-separator has-text-color has-background-color has-alpha-channel-opacity has-background-background-color has-background is-style-wide\"\/>\n\n\n\n<div class=\"wp-block-columns is-layout-flex wp-container-core-columns-is-layout-28f84493 wp-block-columns-is-layout-flex\">\n<div class=\"wp-block-column is-layout-flow wp-block-column-is-layout-flow\" style=\"flex-basis:30%\">\n<p class=\"has-base-color has-text-color\"><strong>N. Marie and A. Rosier<\/strong><\/p>\n<\/div>\n\n\n\n<div class=\"wp-block-column is-layout-flow wp-block-column-is-layout-flow\" style=\"flex-basis:50%\"><h3 class=\"wp-block-post-title has-text-color has-base-color has-medium-font-size\">Nadaraya-Watson Estimator for I.I.D. Paths of Diffusion Processes,<\/h3>\n\n\n<p class=\"has-base-color has-text-color\">Scandinavian Journal of Statistics, April 2022.<\/p>\n<\/div>\n\n\n\n<div class=\"wp-block-column is-layout-flow wp-block-column-is-layout-flow\">\n<div class=\"wp-block-buttons is-layout-flex\">\n                <div class=\"wp-block-button has-custom-width wp-block-button__width-100 has-custom-font-size has-small-font-size\"><a target=\"_blank\" class=\"wp-block-button__link has-tertiary-color has-base-background-color has-text-color has-background wp-element-button\" href='https:\/\/hal.archives-ouvertes.fr\/hal-03226531' rel=\"noopener\">Lien vers l&rsquo;article<\/a><\/div>\n                <\/div>\n<\/div>\n<\/div>\n\n<\/li><li class=\"wp-block-post post-4913 journal_article type-journal_article status-publish hentry journal_article_cat-journaux\">\n\n<hr class=\"wp-block-separator has-text-color has-background-color has-alpha-channel-opacity has-background-background-color has-background is-style-wide\"\/>\n\n\n\n<div class=\"wp-block-columns is-layout-flex wp-container-core-columns-is-layout-28f84493 wp-block-columns-is-layout-flex\">\n<div class=\"wp-block-column is-layout-flow wp-block-column-is-layout-flow\" style=\"flex-basis:30%\">\n<p class=\"has-base-color has-text-color\"><strong>P. Alquier, N. Marie, and A. Rosier<\/strong><\/p>\n<\/div>\n\n\n\n<div class=\"wp-block-column is-layout-flow wp-block-column-is-layout-flow\" style=\"flex-basis:50%\"><h3 class=\"wp-block-post-title has-text-color has-base-color has-medium-font-size\">Tight Risk Bound for High Dimensional Time Series Completion,<\/h3>\n\n\n<p class=\"has-base-color has-text-color\">Electronic Journal of Statistics, April 2022.<\/p>\n<\/div>\n\n\n\n<div class=\"wp-block-column is-layout-flow wp-block-column-is-layout-flow\">\n<div class=\"wp-block-buttons is-layout-flex\">\n                <div class=\"wp-block-button has-custom-width wp-block-button__width-100 has-custom-font-size has-small-font-size\"><a target=\"_blank\" class=\"wp-block-button__link has-tertiary-color has-base-background-color has-text-color has-background wp-element-button\" href='https:\/\/hal.archives-ouvertes.fr\/hal-03142254' rel=\"noopener\">Lien vers l&rsquo;article<\/a><\/div>\n                <\/div>\n<\/div>\n<\/div>\n\n<\/li><li class=\"wp-block-post post-5425 journal_article type-journal_article status-publish hentry journal_article_cat-journaux\">\n\n<hr class=\"wp-block-separator has-text-color has-background-color has-alpha-channel-opacity has-background-background-color has-background is-style-wide\"\/>\n\n\n\n<div class=\"wp-block-columns is-layout-flex wp-container-core-columns-is-layout-28f84493 wp-block-columns-is-layout-flex\">\n<div class=\"wp-block-column is-layout-flow wp-block-column-is-layout-flow\" style=\"flex-basis:30%\">\n<p class=\"has-base-color has-text-color\"><strong>L. Amour and A. Dandoush<\/strong><\/p>\n<\/div>\n\n\n\n<div class=\"wp-block-column is-layout-flow wp-block-column-is-layout-flow\" style=\"flex-basis:50%\"><h3 class=\"wp-block-post-title has-text-color has-base-color has-medium-font-size\">Crowdsourcing Based Performance Analysis of Mobile User Heterogeneous Services,<\/h3>\n\n\n<p class=\"has-base-color has-text-color\">Electronics (Switzerland), 11(7), 1011, 2022.<\/p>\n<\/div>\n\n\n\n<div class=\"wp-block-column is-layout-flow wp-block-column-is-layout-flow\">\n<div class=\"wp-block-buttons is-layout-flex\">\n                <div class=\"wp-block-button has-custom-width wp-block-button__width-100 has-custom-font-size has-small-font-size\"><a target=\"_blank\" class=\"wp-block-button__link has-tertiary-color has-base-background-color has-text-color has-background wp-element-button\" href='https:\/\/www.mdpi.com\/2079-9292\/11\/7\/1011' rel=\"noopener\">Lien vers l&rsquo;article<\/a><\/div>\n                <\/div>\n<\/div>\n<\/div>\n\n<\/li><li class=\"wp-block-post post-7171 journal_article type-journal_article status-publish hentry journal_article_cat-journaux\">\n\n<hr class=\"wp-block-separator has-text-color has-background-color has-alpha-channel-opacity has-background-background-color has-background is-style-wide\"\/>\n\n\n\n<div class=\"wp-block-columns is-layout-flex wp-container-core-columns-is-layout-28f84493 wp-block-columns-is-layout-flex\">\n<div class=\"wp-block-column is-layout-flow wp-block-column-is-layout-flow\" style=\"flex-basis:30%\">\n<p class=\"has-base-color has-text-color\"><strong>S. Fawaz, H. Menana, B. Douine, and L. Queval<\/strong><\/p>\n<\/div>\n\n\n\n<div class=\"wp-block-column is-layout-flow wp-block-column-is-layout-flow\" style=\"flex-basis:50%\"><h3 class=\"wp-block-post-title has-text-color has-base-color has-medium-font-size\">DC modeling and characterization of HTS coils with non uniform current density distribution,<\/h3>\n\n\n<p class=\"has-base-color has-text-color\">Superconducting science and technology, Volume 34, pp. 124001, 2021.<\/p>\n<\/div>\n\n\n\n<div class=\"wp-block-column is-layout-flow wp-block-column-is-layout-flow\">\n<div class=\"wp-block-buttons is-layout-flex\">\n                <div class=\"wp-block-button has-custom-width wp-block-button__width-100 has-custom-font-size has-small-font-size\"><a target=\"_blank\" class=\"wp-block-button__link has-tertiary-color has-base-background-color has-text-color has-background wp-element-button\" href='https:\/\/iopscience.iop.org\/article\/10.1088\/1361-6668\/ac336c' rel=\"noopener\">Lien vers l&rsquo;article<\/a><\/div>\n                <\/div>\n<\/div>\n<\/div>\n\n<\/li><li class=\"wp-block-post post-5130 journal_article type-journal_article status-publish hentry journal_article_cat-journaux\">\n\n<hr class=\"wp-block-separator has-text-color has-background-color has-alpha-channel-opacity has-background-background-color has-background is-style-wide\"\/>\n\n\n\n<div class=\"wp-block-columns is-layout-flex wp-container-core-columns-is-layout-28f84493 wp-block-columns-is-layout-flex\">\n<div class=\"wp-block-column is-layout-flow wp-block-column-is-layout-flow\" style=\"flex-basis:30%\">\n<p class=\"has-base-color has-text-color\"><strong>J. Hu, F. Boussaha, J.-M. Martin, P. Nicaise, C. Chaumont, S. Beldi, M. Piat, and P. Bonifacio<\/strong><\/p>\n<\/div>\n\n\n\n<div class=\"wp-block-column is-layout-flow wp-block-column-is-layout-flow\" style=\"flex-basis:50%\"><h3 class=\"wp-block-post-title has-text-color has-base-color has-medium-font-size\">Large inverse transient phase response of titanium-nitride-based microwave kinetic inductance detectors,<\/h3>\n\n\n<p class=\"has-base-color has-text-color\">Applied Physics Letters 119, 212601, 2021.<\/p>\n<\/div>\n\n\n\n<div class=\"wp-block-column is-layout-flow wp-block-column-is-layout-flow\">\n<div class=\"wp-block-buttons is-layout-flex\">\n                <div class=\"wp-block-button has-custom-width wp-block-button__width-100 has-custom-font-size has-small-font-size\"><a target=\"_blank\" class=\"wp-block-button__link has-tertiary-color has-base-background-color has-text-color has-background wp-element-button\" href='https:\/\/doi.org\/10.1063\/5.0074103%20' rel=\"noopener\">Lien vers l&rsquo;article<\/a><\/div>\n                <\/div>\n<\/div>\n<\/div>\n\n<\/li><li class=\"wp-block-post post-5193 journal_article type-journal_article status-publish hentry journal_article_cat-journaux\">\n\n<hr class=\"wp-block-separator has-text-color has-background-color has-alpha-channel-opacity has-background-background-color has-background is-style-wide\"\/>\n\n\n\n<div class=\"wp-block-columns is-layout-flex wp-container-core-columns-is-layout-28f84493 wp-block-columns-is-layout-flex\">\n<div class=\"wp-block-column is-layout-flow wp-block-column-is-layout-flow\" style=\"flex-basis:30%\">\n<p class=\"has-base-color has-text-color\"><strong>L. Martinez, D. Palessonga, P. Roquefort, A. Chevalier, A. Maalouf, J. Ville, and V. Laur<\/strong><\/p>\n<\/div>\n\n\n\n<div class=\"wp-block-column is-layout-flow wp-block-column-is-layout-flow\" style=\"flex-basis:50%\"><h3 class=\"wp-block-post-title has-text-color has-base-color has-medium-font-size\">Development of a High Temperature Printable Composite for Microwave Absorption Applications,<\/h3>\n\n\n<p class=\"has-base-color has-text-color\">AIMS Mater, Vol. 8, Issue 5, pp. 739-747, 2021.<\/p>\n<\/div>\n\n\n\n<div class=\"wp-block-column is-layout-flow wp-block-column-is-layout-flow\">\n<div class=\"wp-block-buttons is-layout-flex\">\n                <div class=\"wp-block-button has-custom-width wp-block-button__width-100 has-custom-font-size has-small-font-size\"><a target=\"_blank\" class=\"wp-block-button__link has-tertiary-color has-base-background-color has-text-color has-background wp-element-button\" href='https:\/\/www.aimspress.com\/article\/id\/614c650cba35de6c81c1346f' rel=\"noopener\">Lien vers l&rsquo;article<\/a><\/div>\n                <\/div>\n<\/div>\n<\/div>\n\n<\/li><li class=\"wp-block-post post-5200 journal_article type-journal_article status-publish hentry journal_article_cat-journaux\">\n\n<hr class=\"wp-block-separator has-text-color has-background-color has-alpha-channel-opacity has-background-background-color has-background is-style-wide\"\/>\n\n\n\n<div class=\"wp-block-columns is-layout-flex wp-container-core-columns-is-layout-28f84493 wp-block-columns-is-layout-flex\">\n<div class=\"wp-block-column is-layout-flow wp-block-column-is-layout-flow\" style=\"flex-basis:30%\">\n<p class=\"has-base-color has-text-color\"><strong>A. Caldas, M. Grossard, M. Makarov, and P. Rodriguez-Ayerbe<\/strong><\/p>\n<\/div>\n\n\n\n<div class=\"wp-block-column is-layout-flow wp-block-column-is-layout-flow\" style=\"flex-basis:50%\"><h3 class=\"wp-block-post-title has-text-color has-base-color has-medium-font-size\">Task-level Dexterous Manipulation with Multifingered Hand Under Modeling Uncertainties,<\/h3>\n\n\n<p class=\"has-base-color has-text-color\">Journal of Dynamic Systems, Measurement, and Control, 2021.<\/p>\n<\/div>\n\n\n\n<div class=\"wp-block-column is-layout-flow wp-block-column-is-layout-flow\">\n<div class=\"wp-block-buttons is-layout-flex\">\n                <div class=\"wp-block-button has-custom-width wp-block-button__width-100 has-custom-font-size has-small-font-size\"><a target=\"_blank\" class=\"wp-block-button__link has-tertiary-color has-base-background-color has-text-color has-background wp-element-button\" href='https:\/\/asmedigitalcollection.asme.org\/dynamicsystems\/article-abstract\/144\/3\/031001\/1120436\/Task-Level-Dexterous-Manipulation-With?redirectedFrom=fulltext' rel=\"noopener\">Lien vers l&rsquo;article<\/a><\/div>\n                <\/div>\n<\/div>\n<\/div>\n\n<\/li><li class=\"wp-block-post post-5174 journal_article type-journal_article status-publish hentry journal_article_cat-journaux\">\n\n<hr class=\"wp-block-separator has-text-color has-background-color has-alpha-channel-opacity has-background-background-color has-background is-style-wide\"\/>\n\n\n\n<div class=\"wp-block-columns is-layout-flex wp-container-core-columns-is-layout-28f84493 wp-block-columns-is-layout-flex\">\n<div class=\"wp-block-column is-layout-flow wp-block-column-is-layout-flow\" style=\"flex-basis:30%\">\n<p class=\"has-base-color has-text-color\"><strong>B. Ouni, C. Aussagues, S. Dhouib, and C. Mraidha <\/strong><\/p>\n<\/div>\n\n\n\n<div class=\"wp-block-column is-layout-flow wp-block-column-is-layout-flow\" style=\"flex-basis:50%\"><h3 class=\"wp-block-post-title has-text-color has-base-color has-medium-font-size\">Model-Driven architectural framework towards safe and secure nuclear power reactors,<\/h3>\n\n\n<p class=\"has-base-color has-text-color\">MDPI Sensors Journal, Vol. 2021, Issue 15, pp. 5136, July 2021.<\/p>\n<\/div>\n\n\n\n<div class=\"wp-block-column is-layout-flow wp-block-column-is-layout-flow\">\n<div class=\"wp-block-buttons is-layout-flex\">\n                <div class=\"wp-block-button has-custom-width wp-block-button__width-100 has-custom-font-size has-small-font-size\"><a target=\"_blank\" class=\"wp-block-button__link has-tertiary-color has-base-background-color has-text-color has-background wp-element-button\" href='https:\/\/hal.archives-ouvertes.fr\/DM2I\/cea-03345836v1' rel=\"noopener\">Lien vers l&rsquo;article<\/a><\/div>\n                <\/div>\n<\/div>\n<\/div>\n\n<\/li><li class=\"wp-block-post post-7238 journal_article type-journal_article status-publish hentry journal_article_cat-journaux\">\n\n<hr class=\"wp-block-separator has-text-color has-background-color has-alpha-channel-opacity has-background-background-color has-background is-style-wide\"\/>\n\n\n\n<div class=\"wp-block-columns is-layout-flex wp-container-core-columns-is-layout-28f84493 wp-block-columns-is-layout-flex\">\n<div class=\"wp-block-column is-layout-flow wp-block-column-is-layout-flow\" style=\"flex-basis:30%\">\n<p class=\"has-base-color has-text-color\"><strong>A. Kedra, M. Lahlouh, E. Shotar, Y. Chenoune, L. Boistard, A. Boussac, N. Shor, J. Savatovsky, R. Hage, V. Touitou, P. Nicholson, F. Claren\u00e7on, M. Piotin, R. Blanc, and S. Lenck<\/strong><\/p>\n<\/div>\n\n\n\n<div class=\"wp-block-column is-layout-flow wp-block-column-is-layout-flow\" style=\"flex-basis:50%\"><h3 class=\"wp-block-post-title has-text-color has-base-color has-medium-font-size\">Global collapse of the dural sinuses after venous stenting in idiopathic intracranial hypertension,<\/h3>\n\n\n<p class=\"has-base-color has-text-color\">Journal of Neurology, Neurosurgery and Psychiatry, Volume 92, pp. 1363-1364, 2021.<\/p>\n<\/div>\n\n\n\n<div class=\"wp-block-column is-layout-flow wp-block-column-is-layout-flow\">\n<div class=\"wp-block-buttons is-layout-flex\">\n                <div class=\"wp-block-button has-custom-width wp-block-button__width-100 has-custom-font-size has-small-font-size\"><a target=\"_blank\" class=\"wp-block-button__link has-tertiary-color has-base-background-color has-text-color has-background wp-element-button\" href='https:\/\/hal.science\/hal-03277749' rel=\"noopener\">Lien vers l&rsquo;article<\/a><\/div>\n                <\/div>\n<\/div>\n<\/div>\n\n<\/li><li class=\"wp-block-post post-4569 journal_article type-journal_article status-publish hentry journal_article_cat-journaux\">\n\n<hr class=\"wp-block-separator has-text-color has-background-color has-alpha-channel-opacity has-background-background-color has-background is-style-wide\"\/>\n\n\n\n<div class=\"wp-block-columns is-layout-flex wp-container-core-columns-is-layout-28f84493 wp-block-columns-is-layout-flex\">\n<div class=\"wp-block-column is-layout-flow wp-block-column-is-layout-flow\" style=\"flex-basis:30%\">\n<p class=\"has-base-color has-text-color\"><strong>S. Pang, S. Aghaei Hashjin, et al.<\/strong><\/p>\n<\/div>\n\n\n\n<div class=\"wp-block-column is-layout-flow wp-block-column-is-layout-flow\" style=\"flex-basis:50%\"><h3 class=\"wp-block-post-title has-text-color has-base-color has-medium-font-size\">Large-Signal Stabilization of Power Converters Cascaded Input Filter Using Adaptive Energy Shaping Control,<\/h3>\n\n\n<p class=\"has-base-color has-text-color\">IEEE Transactions on Transportation Electrification, Vol. 7, No. 2, pp. 838-853, June 2021.<\/p>\n<\/div>\n\n\n\n<div class=\"wp-block-column is-layout-flow wp-block-column-is-layout-flow\">\n<div class=\"wp-block-buttons is-layout-flex\">\n                <div class=\"wp-block-button has-custom-width wp-block-button__width-100 has-custom-font-size has-small-font-size\"><a target=\"_blank\" class=\"wp-block-button__link has-tertiary-color has-base-background-color has-text-color has-background wp-element-button\" href='https:\/\/ieeexplore.ieee.org\/document\/9186732' rel=\"noopener\">Lien vers l&rsquo;article<\/a><\/div>\n                <\/div>\n<\/div>\n<\/div>\n\n<\/li><li class=\"wp-block-post post-4568 journal_article type-journal_article status-publish hentry journal_article_cat-journaux\">\n\n<hr class=\"wp-block-separator has-text-color has-background-color has-alpha-channel-opacity has-background-background-color has-background is-style-wide\"\/>\n\n\n\n<div class=\"wp-block-columns is-layout-flex wp-container-core-columns-is-layout-28f84493 wp-block-columns-is-layout-flex\">\n<div class=\"wp-block-column is-layout-flow wp-block-column-is-layout-flow\" style=\"flex-basis:30%\">\n<p class=\"has-base-color has-text-color\"><strong>S. Aghaei Hashjin, A. Corne, S. Pang, K. Ait-Abderrahim, E. -H. Miliani, and B. Nahid-Mobarakeh<\/strong><\/p>\n<\/div>\n\n\n\n<div class=\"wp-block-column is-layout-flow wp-block-column-is-layout-flow\" style=\"flex-basis:50%\"><h3 class=\"wp-block-post-title has-text-color has-base-color has-medium-font-size\">Current Sensorless Control for WRSM Using Model Free Adaptive Control,<\/h3>\n\n\n<p class=\"has-base-color has-text-color\">IEEE Transactions on Transportation Electrification, Vol. 7, No. 2, pp. 683-693, June 2021.<\/p>\n<\/div>\n\n\n\n<div class=\"wp-block-column is-layout-flow wp-block-column-is-layout-flow\">\n<div class=\"wp-block-buttons is-layout-flex\">\n                <div class=\"wp-block-button has-custom-width wp-block-button__width-100 has-custom-font-size has-small-font-size\"><a target=\"_blank\" class=\"wp-block-button__link has-tertiary-color has-base-background-color has-text-color has-background wp-element-button\" href='https:\/\/ieeexplore.ieee.org\/document\/9220163' rel=\"noopener\">Lien vers l&rsquo;article<\/a><\/div>\n                <\/div>\n<\/div>\n<\/div>\n\n<\/li><li class=\"wp-block-post post-5427 journal_article type-journal_article status-publish hentry journal_article_cat-journaux\">\n\n<hr class=\"wp-block-separator has-text-color has-background-color has-alpha-channel-opacity has-background-background-color has-background is-style-wide\"\/>\n\n\n\n<div class=\"wp-block-columns is-layout-flex wp-container-core-columns-is-layout-28f84493 wp-block-columns-is-layout-flex\">\n<div class=\"wp-block-column is-layout-flow wp-block-column-is-layout-flow\" style=\"flex-basis:30%\">\n<p class=\"has-base-color has-text-color\"><strong>M. Chahbar, G. Diaz, A. Dandoush, C. Cerin, and K. Ghoumid<\/strong><\/p>\n<\/div>\n\n\n\n<div class=\"wp-block-column is-layout-flow wp-block-column-is-layout-flow\" style=\"flex-basis:50%\"><h3 class=\"wp-block-post-title has-text-color has-base-color has-medium-font-size\">A Comprehensive Survey on the E2E 5G Network Slicing Model,<\/h3>\n\n\n<p class=\"has-base-color has-text-color\">IEEE Transactions on Network and Service Management, 18(1), pp. 49\u201362, 9295415, 2021.<\/p>\n<\/div>\n\n\n\n<div class=\"wp-block-column is-layout-flow wp-block-column-is-layout-flow\">\n<div class=\"wp-block-buttons is-layout-flex\">\n                <div class=\"wp-block-button has-custom-width wp-block-button__width-100 has-custom-font-size has-small-font-size\"><a target=\"_blank\" class=\"wp-block-button__link has-tertiary-color has-base-background-color has-text-color has-background wp-element-button\" href='https:\/\/ieeexplore.ieee.org\/document\/9295415' rel=\"noopener\">Lien vers l&rsquo;article<\/a><\/div>\n                <\/div>\n<\/div>\n<\/div>\n\n<\/li><li class=\"wp-block-post post-4643 journal_article type-journal_article status-publish hentry journal_article_cat-journaux\">\n\n<hr class=\"wp-block-separator has-text-color has-background-color has-alpha-channel-opacity has-background-background-color has-background is-style-wide\"\/>\n\n\n\n<div class=\"wp-block-columns is-layout-flex wp-container-core-columns-is-layout-28f84493 wp-block-columns-is-layout-flex\">\n<div class=\"wp-block-column is-layout-flow wp-block-column-is-layout-flow\" style=\"flex-basis:30%\">\n<p class=\"has-base-color has-text-color\"><strong>K. Taibouni, A. Miere, E. Souied, E. Petit, and Y. Chenoune<\/strong><\/p>\n<\/div>\n\n\n\n<div class=\"wp-block-column is-layout-flow wp-block-column-is-layout-flow\" style=\"flex-basis:50%\"><h3 class=\"wp-block-post-title has-text-color has-base-color has-medium-font-size\">Choroidal Neovascularization Screening on OCT Angiography Choriocapillaris Images by Convolutional Neural Networks,<\/h3>\n\n\n<p class=\"has-base-color has-text-color\">Applied Sciences, Vol. 11, Issue 19, 2021 (Open Access).<\/p>\n<\/div>\n\n\n\n<div class=\"wp-block-column is-layout-flow wp-block-column-is-layout-flow\">\n<div class=\"wp-block-buttons is-layout-flex\">\n                <div class=\"wp-block-button has-custom-width wp-block-button__width-100 has-custom-font-size has-small-font-size\"><a target=\"_blank\" class=\"wp-block-button__link has-tertiary-color has-base-background-color has-text-color has-background wp-element-button\" href='https:\/\/www.mdpi.com\/2076-3417\/11\/19\/9313' rel=\"noopener\">Lien vers l&rsquo;article<\/a><\/div>\n                <\/div>\n<\/div>\n<\/div>\n\n<\/li><li class=\"wp-block-post post-5141 journal_article type-journal_article status-publish hentry journal_article_cat-journaux\">\n\n<hr class=\"wp-block-separator has-text-color has-background-color has-alpha-channel-opacity has-background-background-color has-background is-style-wide\"\/>\n\n\n\n<div class=\"wp-block-columns is-layout-flex wp-container-core-columns-is-layout-28f84493 wp-block-columns-is-layout-flex\">\n<div class=\"wp-block-column is-layout-flow wp-block-column-is-layout-flow\" style=\"flex-basis:30%\">\n<p class=\"has-base-color has-text-color\"><strong>M. Ba<\/strong><\/p>\n<\/div>\n\n\n\n<div class=\"wp-block-column is-layout-flow wp-block-column-is-layout-flow\" style=\"flex-basis:50%\"><h3 class=\"wp-block-post-title has-text-color has-base-color has-medium-font-size\">With a transaction fee Market and without a block size limit in Bitcoin Blockchain, there exists a Nash Equilibrium point of the mining game,<\/h3>\n\n\n<p class=\"has-base-color has-text-color\">International Journal of Game Theory and Technology, Springer Verlag, Vol. 6, Issue 1, pp.1-23, 2020.<\/p>\n<\/div>\n\n\n\n<div class=\"wp-block-column is-layout-flow wp-block-column-is-layout-flow\">\n<div class=\"wp-block-buttons is-layout-flex\">\n                <div class=\"wp-block-button has-custom-width wp-block-button__width-100 has-custom-font-size has-small-font-size\"><a target=\"_blank\" class=\"wp-block-button__link has-tertiary-color has-base-background-color has-text-color has-background wp-element-button\" href='https:\/\/hal.archives-ouvertes.fr\/hal-03112236' rel=\"noopener\">Lien vers l&rsquo;article<\/a><\/div>\n                <\/div>\n<\/div>\n<\/div>\n\n<\/li><li class=\"wp-block-post post-4570 journal_article type-journal_article status-publish hentry journal_article_cat-journaux\">\n\n<hr class=\"wp-block-separator has-text-color has-background-color has-alpha-channel-opacity has-background-background-color has-background is-style-wide\"\/>\n\n\n\n<div class=\"wp-block-columns is-layout-flex wp-container-core-columns-is-layout-28f84493 wp-block-columns-is-layout-flex\">\n<div class=\"wp-block-column is-layout-flow wp-block-column-is-layout-flow\" style=\"flex-basis:30%\">\n<p class=\"has-base-color has-text-color\"><strong>S. Pang, B. Nahid-Mobarakeh, S. Aghaei Hashjin, S. Pierfederici, J.-P. Martin, et al.<\/strong><\/p>\n<\/div>\n\n\n\n<div class=\"wp-block-column is-layout-flow wp-block-column-is-layout-flow\" style=\"flex-basis:50%\"><h3 class=\"wp-block-post-title has-text-color has-base-color has-medium-font-size\">Stability Improvement of Cascaded Power Conversion Systems Based on Hamiltonian Energy Control Theory<\/h3>\n\n\n<p class=\"has-base-color has-text-color\">IEEE Transactions on Industry Applications, Institute of Electrical and Electronics Engineers, Vol. 57 (1), pp. 1081-1093, 2021.<\/p>\n<\/div>\n\n\n\n<div class=\"wp-block-column is-layout-flow wp-block-column-is-layout-flow\">\n<div class=\"wp-block-buttons is-layout-flex\">\n                <div class=\"wp-block-button has-custom-width wp-block-button__width-100 has-custom-font-size has-small-font-size\"><a target=\"_blank\" class=\"wp-block-button__link has-tertiary-color has-base-background-color has-text-color has-background wp-element-button\" href='https:\/\/hal.archives-ouvertes.fr\/hal-03186569' rel=\"noopener\">Lien vers l&rsquo;article<\/a><\/div>\n                <\/div>\n<\/div>\n<\/div>\n\n<\/li><li class=\"wp-block-post post-7520 journal_article type-journal_article status-publish hentry journal_article_cat-journaux\">\n\n<hr class=\"wp-block-separator has-text-color has-background-color has-alpha-channel-opacity has-background-background-color has-background is-style-wide\"\/>\n\n\n\n<div class=\"wp-block-columns is-layout-flex wp-container-core-columns-is-layout-28f84493 wp-block-columns-is-layout-flex\">\n<div class=\"wp-block-column is-layout-flow wp-block-column-is-layout-flow\" style=\"flex-basis:30%\">\n<p class=\"has-base-color has-text-color\"><strong>A. Et-taleby, M. Boussetta and M. Benslimane<\/strong><\/p>\n<\/div>\n\n\n\n<div class=\"wp-block-column is-layout-flow wp-block-column-is-layout-flow\" style=\"flex-basis:50%\"><h3 class=\"wp-block-post-title has-text-color has-base-color has-medium-font-size\">Faults Detection for Photovoltaic Field Based on K-Means, Elbow, and Average Silhouette Techniques through the Segmentation of a Thermal Image,<\/h3>\n\n\n<p class=\"has-base-color has-text-color\">International Journal of Photoenergy, 2020<\/p>\n<\/div>\n\n\n\n<div class=\"wp-block-column is-layout-flow wp-block-column-is-layout-flow\">\n<div class=\"wp-block-buttons is-layout-flex\">\n                <div class=\"wp-block-button has-custom-width wp-block-button__width-100 has-custom-font-size has-small-font-size\"><a target=\"_blank\" class=\"wp-block-button__link has-tertiary-color has-base-background-color has-text-color has-background wp-element-button\" href='https:\/\/onlinelibrary.wiley.com\/doi\/full\/10.1155\/2020\/6617597' rel=\"noopener\">Lien vers l&rsquo;article<\/a><\/div>\n                <\/div>\n<\/div>\n<\/div>\n\n<\/li><li class=\"wp-block-post post-4649 journal_article type-journal_article status-publish hentry journal_article_cat-journaux\">\n\n<hr class=\"wp-block-separator has-text-color has-background-color has-alpha-channel-opacity has-background-background-color has-background is-style-wide\"\/>\n\n\n\n<div class=\"wp-block-columns is-layout-flex wp-container-core-columns-is-layout-28f84493 wp-block-columns-is-layout-flex\">\n<div class=\"wp-block-column is-layout-flow wp-block-column-is-layout-flow\" style=\"flex-basis:30%\">\n<p class=\"has-base-color has-text-color\"><strong>A. Fernando Pascaner, S. Houriez&#8211;Gombaud-Saintonge, D. Craiem, U. Gencer, M. Casciaro, E. Charpentier, K. Bouaou, A. De Cesare, T. Dietenbeck, Y. Chenoune, N. Kachenoura, E. Mousseaux, G. Soulat, and E. Bollache<\/strong><\/p>\n<\/div>\n\n\n\n<div class=\"wp-block-column is-layout-flow wp-block-column-is-layout-flow\" style=\"flex-basis:50%\"><h3 class=\"wp-block-post-title has-text-color has-base-color has-medium-font-size\">Comprehensive assessment of local and regional aortic stiffness in patients with tricuspid or bicuspid aortic valve aortopathy using magnetic resonance imaging,<\/h3>\n\n\n<p class=\"has-base-color has-text-color\">International Journal of Cardiology, Elsevier, 2020.<\/p>\n<\/div>\n\n\n\n<div class=\"wp-block-column is-layout-flow wp-block-column-is-layout-flow\">\n<div class=\"wp-block-buttons is-layout-flex\">\n                <div class=\"wp-block-button has-custom-width wp-block-button__width-100 has-custom-font-size has-small-font-size\"><a target=\"_blank\" class=\"wp-block-button__link has-tertiary-color has-base-background-color has-text-color has-background wp-element-button\" href='https:\/\/hal.archives-ouvertes.fr\/hal-03037787\/' rel=\"noopener\">Lien vers l&rsquo;article<\/a><\/div>\n                <\/div>\n<\/div>\n<\/div>\n\n<\/li><li class=\"wp-block-post post-5636 journal_article type-journal_article status-publish hentry journal_article_cat-journaux\">\n\n<hr class=\"wp-block-separator has-text-color has-background-color has-alpha-channel-opacity has-background-background-color has-background is-style-wide\"\/>\n\n\n\n<div class=\"wp-block-columns is-layout-flex wp-container-core-columns-is-layout-28f84493 wp-block-columns-is-layout-flex\">\n<div class=\"wp-block-column is-layout-flow wp-block-column-is-layout-flow\" style=\"flex-basis:30%\">\n<p class=\"has-base-color has-text-color\"><strong>H. Djoudi, N. Benyahia, A. Bousbaine, R. Moualek , S. Aissou, and N. Benamrouche <\/strong><\/p>\n<\/div>\n\n\n\n<div class=\"wp-block-column is-layout-flow wp-block-column-is-layout-flow\" style=\"flex-basis:50%\"><h3 class=\"wp-block-post-title has-text-color has-base-color has-medium-font-size\">Simulation and Experimental Investigation into a Photovoltaic and Fuel Cell Hybrid Integration Power System for a Typical Small House Application,<\/h3>\n\n\n<p class=\"has-base-color has-text-color\">Electric Power Components and Systems, Vol. 48, pp. 1598-1613, 2020.<\/p>\n<\/div>\n\n\n\n<div class=\"wp-block-column is-layout-flow wp-block-column-is-layout-flow\">\n<div class=\"wp-block-buttons is-layout-flex\">\n                <div class=\"wp-block-button has-custom-width wp-block-button__width-100 has-custom-font-size has-small-font-size\"><a target=\"_blank\" class=\"wp-block-button__link has-tertiary-color has-base-background-color has-text-color has-background wp-element-button\" href='https:\/\/doi.org\/10.1080\/15325008.2020.1857471' rel=\"noopener\">Lien vers l&rsquo;article<\/a><\/div>\n                <\/div>\n<\/div>\n<\/div>\n\n<\/li><li class=\"wp-block-post post-4651 journal_article type-journal_article status-publish hentry journal_article_cat-journaux\">\n\n<hr class=\"wp-block-separator has-text-color has-background-color has-alpha-channel-opacity has-background-background-color has-background is-style-wide\"\/>\n\n\n\n<div class=\"wp-block-columns is-layout-flex wp-container-core-columns-is-layout-28f84493 wp-block-columns-is-layout-flex\">\n<div class=\"wp-block-column is-layout-flow wp-block-column-is-layout-flow\" style=\"flex-basis:30%\">\n<p class=\"has-base-color has-text-color\"><strong>A. Miere, T. Le Meur, K. Bitton, C. Pallone, O. Semoun, V. Capuano, D. Colantuono, K. Taibouni, Y. Chenoune, P. Astroz, S. Berlemont, E. Petit, and E. Souied<\/strong><\/p>\n<\/div>\n\n\n\n<div class=\"wp-block-column is-layout-flow wp-block-column-is-layout-flow\" style=\"flex-basis:50%\"><h3 class=\"wp-block-post-title has-text-color has-base-color has-medium-font-size\">Deep Learning-Based Classification of Inherited Retinal Diseases Using Fundus Autofluorescence,<\/h3>\n\n\n<p class=\"has-base-color has-text-color\">Journal of Clinical Medicine, Vol. 9, No 10, pp. 3303, 2020 (Open Access).<\/p>\n<\/div>\n\n\n\n<div class=\"wp-block-column is-layout-flow wp-block-column-is-layout-flow\">\n<div class=\"wp-block-buttons is-layout-flex\">\n                <div class=\"wp-block-button has-custom-width wp-block-button__width-100 has-custom-font-size has-small-font-size\"><a target=\"_blank\" class=\"wp-block-button__link has-tertiary-color has-base-background-color has-text-color has-background wp-element-button\" href='https:\/\/pubmed.ncbi.nlm.nih.gov\/33066661\/' rel=\"noopener\">Lien vers l&rsquo;article<\/a><\/div>\n                <\/div>\n<\/div>\n<\/div>\n\n<\/li><li class=\"wp-block-post post-4571 journal_article type-journal_article status-publish hentry journal_article_cat-journaux\">\n\n<hr class=\"wp-block-separator has-text-color has-background-color has-alpha-channel-opacity has-background-background-color has-background is-style-wide\"\/>\n\n\n\n<div class=\"wp-block-columns is-layout-flex wp-container-core-columns-is-layout-28f84493 wp-block-columns-is-layout-flex\">\n<div class=\"wp-block-column is-layout-flow wp-block-column-is-layout-flow\" style=\"flex-basis:30%\">\n<p class=\"has-base-color has-text-color\"><strong>S. Aghaei Hashjin, S. Pang, E. -H. Miliani, K. Ait-Abderrahim, and B. Nahid-Mobarakeh<\/strong><\/p>\n<\/div>\n\n\n\n<div class=\"wp-block-column is-layout-flow wp-block-column-is-layout-flow\" style=\"flex-basis:50%\"><h3 class=\"wp-block-post-title has-text-color has-base-color has-medium-font-size\">Data-Driven Model-Free Adaptive Current Control of a Wound Rotor Synchronous Machine Drive System,<\/h3>\n\n\n<p class=\"has-base-color has-text-color\">IEEE Transactions on Transportation Electrification, Vol. 6, No. 3, pp. 1146-1156, September 2020.<\/p>\n<\/div>\n\n\n\n<div class=\"wp-block-column is-layout-flow wp-block-column-is-layout-flow\">\n<div class=\"wp-block-buttons is-layout-flex\">\n                <div class=\"wp-block-button has-custom-width wp-block-button__width-100 has-custom-font-size has-small-font-size\"><a target=\"_blank\" class=\"wp-block-button__link has-tertiary-color has-base-background-color has-text-color has-background wp-element-button\" href='https:\/\/ieeexplore.ieee.org\/document\/9131747' rel=\"noopener\">Lien vers l&rsquo;article<\/a><\/div>\n                <\/div>\n<\/div>\n<\/div>\n\n<\/li><li class=\"wp-block-post post-5142 journal_article type-journal_article status-publish hentry journal_article_cat-journaux\">\n\n<hr class=\"wp-block-separator has-text-color has-background-color has-alpha-channel-opacity has-background-background-color has-background is-style-wide\"\/>\n\n\n\n<div class=\"wp-block-columns is-layout-flex wp-container-core-columns-is-layout-28f84493 wp-block-columns-is-layout-flex\">\n<div class=\"wp-block-column is-layout-flow wp-block-column-is-layout-flow\" style=\"flex-basis:30%\">\n<p class=\"has-base-color has-text-color\"><strong>M. Ba<\/strong><\/p>\n<\/div>\n\n\n\n<div class=\"wp-block-column is-layout-flow wp-block-column-is-layout-flow\" style=\"flex-basis:50%\"><h3 class=\"wp-block-post-title has-text-color has-base-color has-medium-font-size\">The effect of propagation delay on the dynamic evolution of the Bitcoin Blockchain,<\/h3>\n\n\n<p class=\"has-base-color has-text-color\">Digital Communication and Network, Vol. 6, Issue 2, pp. 157-166, 2020.<\/p>\n<\/div>\n\n\n\n<div class=\"wp-block-column is-layout-flow wp-block-column-is-layout-flow\">\n<div class=\"wp-block-buttons is-layout-flex\">\n                <div class=\"wp-block-button has-custom-width wp-block-button__width-100 has-custom-font-size has-small-font-size\"><a target=\"_blank\" class=\"wp-block-button__link has-tertiary-color has-base-background-color has-text-color has-background wp-element-button\" href='https:\/\/www.sciencedirect.com\/science\/article\/pii\/S2352864818300373' rel=\"noopener\">Lien vers l&rsquo;article<\/a><\/div>\n                <\/div>\n<\/div>\n<\/div>\n\n<\/li><li class=\"wp-block-post post-4926 journal_article type-journal_article status-publish hentry journal_article_cat-journaux\">\n\n<hr class=\"wp-block-separator has-text-color has-background-color has-alpha-channel-opacity has-background-background-color has-background is-style-wide\"\/>\n\n\n\n<div class=\"wp-block-columns is-layout-flex wp-container-core-columns-is-layout-28f84493 wp-block-columns-is-layout-flex\">\n<div class=\"wp-block-column is-layout-flow wp-block-column-is-layout-flow\" style=\"flex-basis:30%\">\n<p class=\"has-base-color has-text-color\"><strong>F. Boussaha, S. Beldi, A. Monfardini, J. Hu, M. Calvo, C. Chaumont, F. Levy-Bertrand, T. Vacelet, A. Traini, J. Firminy, M. Piat, and F. Reix<\/strong><\/p>\n<\/div>\n\n\n\n<div class=\"wp-block-column is-layout-flow wp-block-column-is-layout-flow\" style=\"flex-basis:50%\"><h3 class=\"wp-block-post-title has-text-color has-base-color has-medium-font-size\">Development of TiN Vacuum-Gap Capacitor Lumped Element Kinetic Inductance Detectors,<\/h3>\n\n\n<p class=\"has-base-color has-text-color\">Journal Low Temperature Physics, Vol. 199, pp. 994-1003, 2020.<\/p>\n<\/div>\n\n\n\n<div class=\"wp-block-column is-layout-flow wp-block-column-is-layout-flow\">\n<div class=\"wp-block-buttons is-layout-flex\">\n                <div class=\"wp-block-button has-custom-width wp-block-button__width-100 has-custom-font-size has-small-font-size\"><a target=\"_blank\" class=\"wp-block-button__link has-tertiary-color has-base-background-color has-text-color has-background wp-element-button\" href='https:\/\/doi.org\/10.1007\/s10909-019-02309-0%20' rel=\"noopener\">Lien vers l&rsquo;article<\/a><\/div>\n                <\/div>\n<\/div>\n<\/div>\n\n<\/li><li class=\"wp-block-post post-5429 journal_article type-journal_article status-publish hentry journal_article_cat-journaux\">\n\n<hr class=\"wp-block-separator has-text-color has-background-color has-alpha-channel-opacity has-background-background-color has-background is-style-wide\"\/>\n\n\n\n<div class=\"wp-block-columns is-layout-flex wp-container-core-columns-is-layout-28f84493 wp-block-columns-is-layout-flex\">\n<div class=\"wp-block-column is-layout-flow wp-block-column-is-layout-flow\" style=\"flex-basis:30%\">\n<p class=\"has-base-color has-text-color\"><strong>A. Kammoun, N. Tabbane, G. Diaz, N. Achir, and A. Dandoush<\/strong><\/p>\n<\/div>\n\n\n\n<div class=\"wp-block-column is-layout-flow wp-block-column-is-layout-flow\" style=\"flex-basis:50%\"><h3 class=\"wp-block-post-title has-text-color has-base-color has-medium-font-size\">Inter-slice Mobility Management in the Context of SDN\/NFV Networks,<\/h3>\n\n\n<p class=\"has-base-color has-text-color\">International Workshop on Distributed Computing for Emerging Smart Networks, DiCES-N 2019, Communications in Computer and Information Science, Vol. 1130, pp. 77\u201390, Springer, 2020.<\/p>\n<\/div>\n\n\n\n<div class=\"wp-block-column is-layout-flow wp-block-column-is-layout-flow\">\n<div class=\"wp-block-buttons is-layout-flex\">\n                <div class=\"wp-block-button has-custom-width wp-block-button__width-100 has-custom-font-size has-small-font-size\"><a target=\"_blank\" class=\"wp-block-button__link has-tertiary-color has-base-background-color has-text-color has-background wp-element-button\" href='https:\/\/doi.org\/10.1007\/978-3-030-40131-3_5' rel=\"noopener\">Lien vers l&rsquo;article<\/a><\/div>\n                <\/div>\n<\/div>\n<\/div>\n\n<\/li><li class=\"wp-block-post post-4652 journal_article type-journal_article status-publish hentry journal_article_cat-journaux\">\n\n<hr class=\"wp-block-separator has-text-color has-background-color has-alpha-channel-opacity has-background-background-color has-background is-style-wide\"\/>\n\n\n\n<div class=\"wp-block-columns is-layout-flex wp-container-core-columns-is-layout-28f84493 wp-block-columns-is-layout-flex\">\n<div class=\"wp-block-column is-layout-flow wp-block-column-is-layout-flow\" style=\"flex-basis:30%\">\n<p class=\"has-base-color has-text-color\"><strong>Y. Chenoune, O. Tankyevych, F. Li, M. Piotin, R. Blanc, and E. Petit<\/strong><\/p>\n<\/div>\n\n\n\n<div class=\"wp-block-column is-layout-flow wp-block-column-is-layout-flow\" style=\"flex-basis:50%\"><h3 class=\"wp-block-post-title has-text-color has-base-color has-medium-font-size\">Three-dimensional segmentation and symbolic representation of cerebral vessels on 3DRA images of arteriovenous malformations,<\/h3>\n\n\n<p class=\"has-base-color has-text-color\">Computers in Biology and Medicine, Vol. 115, Article number 103489, 2019. <\/p>\n<\/div>\n\n\n\n<div class=\"wp-block-column is-layout-flow wp-block-column-is-layout-flow\">\n<div class=\"wp-block-buttons is-layout-flex\">\n                <div class=\"wp-block-button has-custom-width wp-block-button__width-100 has-custom-font-size has-small-font-size\"><a target=\"_blank\" class=\"wp-block-button__link has-tertiary-color has-base-background-color has-text-color has-background wp-element-button\" href='https:\/\/doi.org\/10.1016\/j.compbiomed.2019.103489' rel=\"noopener\">Lien vers l&rsquo;article<\/a><\/div>\n                <\/div>\n<\/div>\n<\/div>\n\n<\/li><li class=\"wp-block-post post-4654 journal_article type-journal_article status-publish hentry journal_article_cat-journaux\">\n\n<hr class=\"wp-block-separator has-text-color has-background-color has-alpha-channel-opacity has-background-background-color has-background is-style-wide\"\/>\n\n\n\n<div class=\"wp-block-columns is-layout-flex wp-container-core-columns-is-layout-28f84493 wp-block-columns-is-layout-flex\">\n<div class=\"wp-block-column is-layout-flow wp-block-column-is-layout-flow\" style=\"flex-basis:30%\">\n<p class=\"has-base-color has-text-color\"><strong>S. Houriez&#8211;Gombaud-Saintonge, E. Mousseaux, I. Bargiotas, A. De Cesare, T. Dietenbeck, K. Bouaou, A. Redheuil, G. Soulat, A. Giron, U. Gencer, D. Craiem, E. Messas, E. Bollache, Y. Chenoune, and N. Kachenoura<\/strong><\/p>\n<\/div>\n\n\n\n<div class=\"wp-block-column is-layout-flow wp-block-column-is-layout-flow\" style=\"flex-basis:50%\"><h3 class=\"wp-block-post-title has-text-color has-base-color has-medium-font-size\">Comparison of Different Methods for the Estimation of Aortic Pulse Wave Velocity from 4D Flow MRI Data,<\/h3>\n\n\n<p class=\"has-base-color has-text-color\">Journal of Cardiovascular Magnetic Resonance, 2019 (Open Access). <\/p>\n<\/div>\n\n\n\n<div class=\"wp-block-column is-layout-flow wp-block-column-is-layout-flow\">\n<div class=\"wp-block-buttons is-layout-flex\">\n                <div class=\"wp-block-button has-custom-width wp-block-button__width-100 has-custom-font-size has-small-font-size\"><a target=\"_blank\" class=\"wp-block-button__link has-tertiary-color has-base-background-color has-text-color has-background wp-element-button\" href='https:\/\/doi.org\/10.1186\/s12968-019-0584-x' rel=\"noopener\">Lien vers l&rsquo;article<\/a><\/div>\n                <\/div>\n<\/div>\n<\/div>\n\n<\/li><li class=\"wp-block-post post-4667 journal_article type-journal_article status-publish hentry journal_article_cat-journaux\">\n\n<hr class=\"wp-block-separator has-text-color has-background-color has-alpha-channel-opacity has-background-background-color has-background is-style-wide\"\/>\n\n\n\n<div class=\"wp-block-columns is-layout-flex wp-container-core-columns-is-layout-28f84493 wp-block-columns-is-layout-flex\">\n<div class=\"wp-block-column is-layout-flow wp-block-column-is-layout-flow\" style=\"flex-basis:30%\">\n<p class=\"has-base-color has-text-color\"><strong>A. Pascaner, S. Houriez&#8211;Gombaud-Saintonge, G. Soulat, U. Gencer, T. Dietenbeck, Y. Chenoune, N. Kachenoura, E. Mousseaux, D. Craiem, and E. Bollache<\/strong><\/p>\n<\/div>\n\n\n\n<div class=\"wp-block-column is-layout-flow wp-block-column-is-layout-flow\" style=\"flex-basis:50%\"><h3 class=\"wp-block-post-title has-text-color has-base-color has-medium-font-size\">P129 Arterial Stiffness in Bicuspid or Tricuspid Aortic Valve  Aortopathy Using Magnetic Resonance Imaging: Crossing the Physical and Hemodynamic limits?,<\/h3>\n\n\n<p class=\"has-base-color has-text-color\">Artery Research, Vol. 25, Issue Supplement 1, pp. S170 &#8211; S170, 2019.  <\/p>\n<\/div>\n\n\n\n<div class=\"wp-block-column is-layout-flow wp-block-column-is-layout-flow\">\n<div class=\"wp-block-buttons is-layout-flex\">\n                <div class=\"wp-block-button has-custom-width wp-block-button__width-100 has-custom-font-size has-small-font-size\"><a target=\"_blank\" class=\"wp-block-button__link has-tertiary-color has-base-background-color has-text-color has-background wp-element-button\" href='https:\/\/www.atlantis-press.com\/journals\/artres\/125934612' rel=\"noopener\">Lien vers l&rsquo;article<\/a><\/div>\n                <\/div>\n<\/div>\n<\/div>\n\n<\/li><li class=\"wp-block-post post-4671 journal_article type-journal_article status-publish hentry journal_article_cat-journaux\">\n\n<hr class=\"wp-block-separator has-text-color has-background-color has-alpha-channel-opacity has-background-background-color has-background is-style-wide\"\/>\n\n\n\n<div class=\"wp-block-columns is-layout-flex wp-container-core-columns-is-layout-28f84493 wp-block-columns-is-layout-flex\">\n<div class=\"wp-block-column is-layout-flow wp-block-column-is-layout-flow\" style=\"flex-basis:30%\">\n<p class=\"has-base-color has-text-color\"><strong>S. Houriez&#8211;Gombaud-Saintonge, A. Pascaner, G. Soulat, U. Gencer, T. Dietenbeck, D. Craiem, E. Bollache, Y. Chenoune, E. Mousseaux, and N. Kachenoura<\/strong><\/p>\n<\/div>\n\n\n\n<div class=\"wp-block-column is-layout-flow wp-block-column-is-layout-flow\" style=\"flex-basis:50%\"><h3 class=\"wp-block-post-title has-text-color has-base-color has-medium-font-size\">P123 Beyond Diameters, Flow Hemodynamics Quantified by Magnetic Resonance Imaging to Help Characterizing Aneurysmal Aorta,<\/h3>\n\n\n<p class=\"has-base-color has-text-color\">Artery Research, Vol. 25, Issue Supplement 1, pp. S163 &#8211; S163., 2019.<\/p>\n<\/div>\n\n\n\n<div class=\"wp-block-column is-layout-flow wp-block-column-is-layout-flow\">\n<div class=\"wp-block-buttons is-layout-flex\">\n                <div class=\"wp-block-button has-custom-width wp-block-button__width-100 has-custom-font-size has-small-font-size\"><a target=\"_blank\" class=\"wp-block-button__link has-tertiary-color has-base-background-color has-text-color has-background wp-element-button\" href='https:\/\/www.atlantis-press.com\/journals\/artres\/125934617' rel=\"noopener\">Lien vers l&rsquo;article<\/a><\/div>\n                <\/div>\n<\/div>\n<\/div>\n\n<\/li><li class=\"wp-block-post post-4588 journal_article type-journal_article status-publish hentry journal_article_cat-journaux\">\n\n<hr class=\"wp-block-separator has-text-color has-background-color has-alpha-channel-opacity has-background-background-color has-background is-style-wide\"\/>\n\n\n\n<div class=\"wp-block-columns is-layout-flex wp-container-core-columns-is-layout-28f84493 wp-block-columns-is-layout-flex\">\n<div class=\"wp-block-column is-layout-flow wp-block-column-is-layout-flow\" style=\"flex-basis:30%\">\n<p class=\"has-base-color has-text-color\"><strong>L. Amour, S. Souihi, A. Mellouk, and S.M. Mushtaq<\/strong><\/p>\n<\/div>\n\n\n\n<div class=\"wp-block-column is-layout-flow wp-block-column-is-layout-flow\" style=\"flex-basis:50%\"><h3 class=\"wp-block-post-title has-text-color has-base-color has-medium-font-size\">Q2ABR: QoE-aware adaptive video bit rate solution,<\/h3>\n\n\n<p class=\"has-base-color has-text-color\">International Journal of Communication Systems, Vol. 33, Issue 10, pp. 21, 2019.<\/p>\n<\/div>\n\n\n\n<div class=\"wp-block-column is-layout-flow wp-block-column-is-layout-flow\">\n<div class=\"wp-block-buttons is-layout-flex\">\n                <div class=\"wp-block-button has-custom-width wp-block-button__width-100 has-custom-font-size has-small-font-size\"><a target=\"_blank\" class=\"wp-block-button__link has-tertiary-color has-base-background-color has-text-color has-background wp-element-button\" href='https:\/\/onlinelibrary.wiley.com\/doi\/10.1002\/dac.4204' rel=\"noopener\">Lien vers l&rsquo;article<\/a><\/div>\n                <\/div>\n<\/div>\n<\/div>\n\n<\/li><li class=\"wp-block-post post-4927 journal_article type-journal_article status-publish hentry journal_article_cat-journaux\">\n\n<hr class=\"wp-block-separator has-text-color has-background-color has-alpha-channel-opacity has-background-background-color has-background is-style-wide\"\/>\n\n\n\n<div class=\"wp-block-columns is-layout-flex wp-container-core-columns-is-layout-28f84493 wp-block-columns-is-layout-flex\">\n<div class=\"wp-block-column is-layout-flow wp-block-column-is-layout-flow\" style=\"flex-basis:30%\">\n<p class=\"has-base-color has-text-color\"><strong>S. Beldi, F. Boussaha, J. Hu, A. Monfardini, A. Traini, F. Levy-Bertrand, C. Chaumont, M. Gonzales, J. Firminy, F. Reix, M. Rosticher, S. Mignot, M. Piat, and P. Bonifacio<\/strong><\/p>\n<\/div>\n\n\n\n<div class=\"wp-block-column is-layout-flow wp-block-column-is-layout-flow\" style=\"flex-basis:50%\"><h3 class=\"wp-block-post-title has-text-color has-base-color has-medium-font-size\">High Q-factor near in-frared and visible Al2O3-based parallel-plate capacitor kinetic inductance detectors,<\/h3>\n\n\n<p class=\"has-base-color has-text-color\">Optics Express, Vol. 27, Issue 9, pp. 13319-13328, 2019.<\/p>\n<\/div>\n\n\n\n<div class=\"wp-block-column is-layout-flow wp-block-column-is-layout-flow\">\n<div class=\"wp-block-buttons is-layout-flex\">\n                <div class=\"wp-block-button has-custom-width wp-block-button__width-100 has-custom-font-size has-small-font-size\"><a target=\"_blank\" class=\"wp-block-button__link has-tertiary-color has-base-background-color has-text-color has-background wp-element-button\" href='https:\/\/doi.org\/10.1364\/OE.27.013319' rel=\"noopener\">Lien vers l&rsquo;article<\/a><\/div>\n                <\/div>\n<\/div>\n<\/div>\n\n<\/li><li class=\"wp-block-post post-4674 journal_article type-journal_article status-publish hentry journal_article_cat-journaux\">\n\n<hr class=\"wp-block-separator has-text-color has-background-color has-alpha-channel-opacity has-background-background-color has-background is-style-wide\"\/>\n\n\n\n<div class=\"wp-block-columns is-layout-flex wp-container-core-columns-is-layout-28f84493 wp-block-columns-is-layout-flex\">\n<div class=\"wp-block-column is-layout-flow wp-block-column-is-layout-flow\" style=\"flex-basis:30%\">\n<p class=\"has-base-color has-text-color\"><strong>K. Taibouni, Y. Chenoune, A. Miere, D. Colantuono, E. Souied, and E. Petit<\/strong><\/p>\n<\/div>\n\n\n\n<div class=\"wp-block-column is-layout-flow wp-block-column-is-layout-flow\" style=\"flex-basis:50%\"><h3 class=\"wp-block-post-title has-text-color has-base-color has-medium-font-size\">Automated Quantification of Choroidal Neovascularization on Optical Coherence Tomography Angiographic images,<\/h3>\n\n\n<p class=\"has-base-color has-text-color\">Computers in Biology and Medicine, Vol. 114, 2019, Article number 103450. <\/p>\n<\/div>\n\n\n\n<div class=\"wp-block-column is-layout-flow wp-block-column-is-layout-flow\">\n<div class=\"wp-block-buttons is-layout-flex\">\n                <div class=\"wp-block-button has-custom-width wp-block-button__width-100 has-custom-font-size has-small-font-size\"><a target=\"_blank\" class=\"wp-block-button__link has-tertiary-color has-base-background-color has-text-color has-background wp-element-button\" href='https:\/\/doi.org\/10.1016\/j.compbiomed.2019.103450%20' rel=\"noopener\">Lien vers l&rsquo;article<\/a><\/div>\n                <\/div>\n<\/div>\n<\/div>\n\n<\/li><li class=\"wp-block-post post-4442 journal_article type-journal_article status-publish hentry journal_article_cat-journaux\">\n\n<hr class=\"wp-block-separator has-text-color has-background-color has-alpha-channel-opacity has-background-background-color has-background is-style-wide\"\/>\n\n\n\n<div class=\"wp-block-columns is-layout-flex wp-container-core-columns-is-layout-28f84493 wp-block-columns-is-layout-flex\">\n<div class=\"wp-block-column is-layout-flow wp-block-column-is-layout-flow\" style=\"flex-basis:30%\">\n<p class=\"has-base-color has-text-color\"><strong>R. Cherif, Z. Tang, F. Guyomarc\u2019h, L. Chevallier, and Y. Le Menach<\/strong><\/p>\n<\/div>\n\n\n\n<div class=\"wp-block-column is-layout-flow wp-block-column-is-layout-flow\" style=\"flex-basis:50%\"><h3 class=\"wp-block-post-title has-text-color has-base-color has-medium-font-size\">An Improved Newton Method Based on Choosing Initial Guess Applied to Scalar Formulation in Nonlinear Magnetostatics,<\/h3>\n\n\n<p class=\"has-base-color has-text-color\">IEEE Transactions on Magnetics, Vol. 55, No. 6, pp. 1-4, 2019.<\/p>\n<\/div>\n\n\n\n<div class=\"wp-block-column is-layout-flow wp-block-column-is-layout-flow\">\n<div class=\"wp-block-buttons is-layout-flex\">\n                <div class=\"wp-block-button has-custom-width wp-block-button__width-100 has-custom-font-size has-small-font-size\"><a target=\"_blank\" class=\"wp-block-button__link has-tertiary-color has-base-background-color has-text-color has-background wp-element-button\" href='https:\/\/ieeexplore.ieee.org\/document\/8657768' rel=\"noopener\">Lien vers l&rsquo;article<\/a><\/div>\n                <\/div>\n<\/div>\n<\/div>\n\n<\/li><li class=\"wp-block-post post-5350 journal_article type-journal_article status-publish hentry journal_article_cat-journaux\">\n\n<hr class=\"wp-block-separator has-text-color has-background-color has-alpha-channel-opacity has-background-background-color has-background is-style-wide\"\/>\n\n\n\n<div class=\"wp-block-columns is-layout-flex wp-container-core-columns-is-layout-28f84493 wp-block-columns-is-layout-flex\">\n<div class=\"wp-block-column is-layout-flow wp-block-column-is-layout-flow\" style=\"flex-basis:30%\">\n<p class=\"has-base-color has-text-color\"><strong>M. Jamma, A. Bennassar, M. Akherraz, and M. Barara<\/strong><\/p>\n<\/div>\n\n\n\n<div class=\"wp-block-column is-layout-flow wp-block-column-is-layout-flow\" style=\"flex-basis:50%\"><h3 class=\"wp-block-post-title has-text-color has-base-color has-medium-font-size\">Direct power control of a three-phase PWM AC\/DC converter based on intelligent approach with dc bus voltage regulation using sliding mode controller,<\/h3>\n\n\n<p class=\"has-base-color has-text-color\">International Journal of Power and Energy Conversion, Vol. 10, Issue 3, pp. 372-387, 2019.<\/p>\n<\/div>\n\n\n\n<div class=\"wp-block-column is-layout-flow wp-block-column-is-layout-flow\">\n<div class=\"wp-block-buttons is-layout-flex\">\n                <div class=\"wp-block-button has-custom-width wp-block-button__width-100 has-custom-font-size has-small-font-size\"><a target=\"_blank\" class=\"wp-block-button__link has-tertiary-color has-base-background-color has-text-color has-background wp-element-button\" href='https:\/\/www.inderscienceonline.com\/doi\/abs\/10.1504\/IJPEC.2019.102275' rel=\"noopener\">Lien vers l&rsquo;article<\/a><\/div>\n                <\/div>\n<\/div>\n<\/div>\n\n<\/li><li class=\"wp-block-post post-5522 journal_article type-journal_article status-publish hentry journal_article_cat-journaux\">\n\n<hr class=\"wp-block-separator has-text-color has-background-color has-alpha-channel-opacity has-background-background-color has-background is-style-wide\"\/>\n\n\n\n<div class=\"wp-block-columns is-layout-flex wp-container-core-columns-is-layout-28f84493 wp-block-columns-is-layout-flex\">\n<div class=\"wp-block-column is-layout-flow wp-block-column-is-layout-flow\" style=\"flex-basis:30%\">\n<p class=\"has-base-color has-text-color\"><strong>A. Sassi, H. Souley Ali, M. Zasadzinski, and K. Abderrahim<\/strong><\/p>\n<\/div>\n\n\n\n<div class=\"wp-block-column is-layout-flow wp-block-column-is-layout-flow\" style=\"flex-basis:50%\"><h3 class=\"wp-block-post-title has-text-color has-base-color has-medium-font-size\">Adaptive observer design for a class of descriptor nonlinear systems,<\/h3>\n\n\n<p class=\"has-base-color has-text-color\">European Journal of Control, Vol. 44, pp. 90-102, 2018.<\/p>\n<\/div>\n\n\n\n<div class=\"wp-block-column is-layout-flow wp-block-column-is-layout-flow\">\n<div class=\"wp-block-buttons is-layout-flex\">\n                <div class=\"wp-block-button has-custom-width wp-block-button__width-100 has-custom-font-size has-small-font-size\"><a target=\"_blank\" class=\"wp-block-button__link has-tertiary-color has-base-background-color has-text-color has-background wp-element-button\" href='https:\/\/www.sciencedirect.com\/science\/article\/abs\/pii\/S0947358018300608' rel=\"noopener\">Lien vers l&rsquo;article<\/a><\/div>\n                <\/div>\n<\/div>\n<\/div>\n\n<\/li><li class=\"wp-block-post post-4334 journal_article type-journal_article status-publish hentry journal_article_cat-journaux\">\n\n<hr class=\"wp-block-separator has-text-color has-background-color has-alpha-channel-opacity has-background-background-color has-background is-style-wide\"\/>\n\n\n\n<div class=\"wp-block-columns is-layout-flex wp-container-core-columns-is-layout-28f84493 wp-block-columns-is-layout-flex\">\n<div class=\"wp-block-column is-layout-flow wp-block-column-is-layout-flow\" style=\"flex-basis:30%\">\n<p class=\"has-base-color has-text-color\"><strong>H. Marouane, C. Duvallet, A. Makni, R. Bouaziz, and B. Sadeg<\/strong><\/p>\n<\/div>\n\n\n\n<div class=\"wp-block-column is-layout-flow wp-block-column-is-layout-flow\" style=\"flex-basis:50%\"><h3 class=\"wp-block-post-title has-text-color has-base-color has-medium-font-size\">An UML Profile for Representing Real-Time Design Patterns,<\/h3>\n\n\n<p class=\"has-base-color has-text-color\">Journal of King Saud University &#8211; Computer and Information Sciences, Vol. 30, pp. 478-497, 2018.<\/p>\n<\/div>\n\n\n\n<div class=\"wp-block-column is-layout-flow wp-block-column-is-layout-flow\">\n<div class=\"wp-block-buttons is-layout-flex\">\n                <div class=\"wp-block-button has-custom-width wp-block-button__width-100 has-custom-font-size has-small-font-size\"><a target=\"_blank\" class=\"wp-block-button__link has-tertiary-color has-base-background-color has-text-color has-background wp-element-button\" href='https:\/\/www.sciencedirect.com\/science\/article\/pii\/S131915781630115X' rel=\"noopener\">Lien vers l&rsquo;article<\/a><\/div>\n                <\/div>\n<\/div>\n<\/div>\n\n<\/li><li class=\"wp-block-post post-4447 journal_article type-journal_article status-publish hentry journal_article_cat-journaux\">\n\n<hr class=\"wp-block-separator has-text-color has-background-color has-alpha-channel-opacity has-background-background-color has-background is-style-wide\"\/>\n\n\n\n<div class=\"wp-block-columns is-layout-flex wp-container-core-columns-is-layout-28f84493 wp-block-columns-is-layout-flex\">\n<div class=\"wp-block-column is-layout-flow wp-block-column-is-layout-flow\" style=\"flex-basis:30%\">\n<p class=\"has-base-color has-text-color\"><strong>R. Cherif, Z. Tang, F. Guyomarch, L. Chevallier, Y. Le Menach<\/strong><\/p>\n<\/div>\n\n\n\n<div class=\"wp-block-column is-layout-flow wp-block-column-is-layout-flow\" style=\"flex-basis:50%\"><h3 class=\"wp-block-post-title has-text-color has-base-color has-medium-font-size\">An Improved Starting Point (ISP-) Newton method applied to Vector Potential Formulation Solving 3D Nonlinear Magnetostatic Problems,<\/h3>\n\n\n<p class=\"has-base-color has-text-color\">COMPEL &#8211; The International journal for Computation and Mathematics in Electrical and Electronic Engineering, 2018.<\/p>\n<\/div>\n\n\n\n<div class=\"wp-block-column is-layout-flow wp-block-column-is-layout-flow\">\n<div class=\"wp-block-buttons is-layout-flex\">\n                <div class=\"wp-block-button has-custom-width wp-block-button__width-100 has-custom-font-size has-small-font-size\"><a target=\"_blank\" class=\"wp-block-button__link has-tertiary-color has-base-background-color has-text-color has-background wp-element-button\" href='https:\/\/hal.archives-ouvertes.fr\/hal-01894445' rel=\"noopener\">Lien vers l&rsquo;article<\/a><\/div>\n                <\/div>\n<\/div>\n<\/div>\n\n<\/li><li class=\"wp-block-post post-4928 journal_article type-journal_article status-publish hentry journal_article_cat-journaux\">\n\n<hr class=\"wp-block-separator has-text-color has-background-color has-alpha-channel-opacity has-background-background-color has-background is-style-wide\"\/>\n\n\n\n<div class=\"wp-block-columns is-layout-flex wp-container-core-columns-is-layout-28f84493 wp-block-columns-is-layout-flex\">\n<div class=\"wp-block-column is-layout-flow wp-block-column-is-layout-flow\" style=\"flex-basis:30%\">\n<p class=\"has-base-color has-text-color\"><strong>S. Beldi, F. Boussaha, C. Chaumont, S. Mignot, F. Reix, A. Tartari, T. Vacelet, A. Traini, M. Piat, and P. Bonifacio<\/strong><\/p>\n<\/div>\n\n\n\n<div class=\"wp-block-column is-layout-flow wp-block-column-is-layout-flow\" style=\"flex-basis:50%\"><h3 class=\"wp-block-post-title has-text-color has-base-color has-medium-font-size\">Design of Near Infrared and Visible Kinetic Inductance Detectors Using MIM Capacitors,<\/h3>\n\n\n<p class=\"has-base-color has-text-color\">Journal Low Temperature Physics, Vol. 193, pp. 184-188, 2018.<\/p>\n<\/div>\n\n\n\n<div class=\"wp-block-column is-layout-flow wp-block-column-is-layout-flow\">\n<div class=\"wp-block-buttons is-layout-flex\">\n                <div class=\"wp-block-button has-custom-width wp-block-button__width-100 has-custom-font-size has-small-font-size\"><a target=\"_blank\" class=\"wp-block-button__link has-tertiary-color has-base-background-color has-text-color has-background wp-element-button\" href='https:\/\/doi.org\/10.1007\/s10909-018-2035-8%20' rel=\"noopener\">Lien vers l&rsquo;article<\/a><\/div>\n                <\/div>\n<\/div>\n<\/div>\n\n<\/li><li class=\"wp-block-post post-5144 journal_article type-journal_article status-publish hentry journal_article_cat-journaux\">\n\n<hr class=\"wp-block-separator has-text-color has-background-color has-alpha-channel-opacity has-background-background-color has-background is-style-wide\"\/>\n\n\n\n<div class=\"wp-block-columns is-layout-flex wp-container-core-columns-is-layout-28f84493 wp-block-columns-is-layout-flex\">\n<div class=\"wp-block-column is-layout-flow wp-block-column-is-layout-flow\" style=\"flex-basis:30%\">\n<p class=\"has-base-color has-text-color\"><strong>M. Ba<\/strong><\/p>\n<\/div>\n\n\n\n<div class=\"wp-block-column is-layout-flow wp-block-column-is-layout-flow\" style=\"flex-basis:50%\"><h3 class=\"wp-block-post-title has-text-color has-base-color has-medium-font-size\">The Markov Chain resuting from the states of Bitcoin System and its invariante mesure,<\/h3>\n\n\n<p class=\"has-base-color has-text-color\">International Journal of Computer Applications, Vol. 181, Issue 4, pp. 1-7, 2018.<\/p>\n<\/div>\n\n\n\n<div class=\"wp-block-column is-layout-flow wp-block-column-is-layout-flow\">\n<div class=\"wp-block-buttons is-layout-flex\">\n                <div class=\"wp-block-button has-custom-width wp-block-button__width-100 has-custom-font-size has-small-font-size\"><a target=\"_blank\" class=\"wp-block-button__link has-tertiary-color has-base-background-color has-text-color has-background wp-element-button\" href='https:\/\/www.ijcaonline.org\/archives\/volume181\/number4\/29701-2018917520' rel=\"noopener\">Lien vers l&rsquo;article<\/a><\/div>\n                <\/div>\n<\/div>\n<\/div>\n\n<\/li><li class=\"wp-block-post post-4929 journal_article type-journal_article status-publish hentry journal_article_cat-journaux\">\n\n<hr class=\"wp-block-separator has-text-color has-background-color has-alpha-channel-opacity has-background-background-color has-background is-style-wide\"\/>\n\n\n\n<div class=\"wp-block-columns is-layout-flex wp-container-core-columns-is-layout-28f84493 wp-block-columns-is-layout-flex\">\n<div class=\"wp-block-column is-layout-flow wp-block-column-is-layout-flow\" style=\"flex-basis:30%\">\n<p class=\"has-base-color has-text-color\"><strong>A. Traini, A. Tartari, G. Bordier, F. Boussaha, C. Chaumont, S. Beldi, F. Reix, and M. Piat<\/strong><\/p>\n<\/div>\n\n\n\n<div class=\"wp-block-column is-layout-flow wp-block-column-is-layout-flow\" style=\"flex-basis:50%\"><h3 class=\"wp-block-post-title has-text-color has-base-color has-medium-font-size\">Dual-Color Antenna-Coupled LE-KID for Next-Generation Multi-chroic CMB Focal Planes,<\/h3>\n\n\n<p class=\"has-base-color has-text-color\">Journal of Low Temperature Physics, Vol. 193, pp. 170\u2013175, 2018.<\/p>\n<\/div>\n\n\n\n<div class=\"wp-block-column is-layout-flow wp-block-column-is-layout-flow\">\n<div class=\"wp-block-buttons is-layout-flex\">\n                <div class=\"wp-block-button has-custom-width wp-block-button__width-100 has-custom-font-size has-small-font-size\"><a target=\"_blank\" class=\"wp-block-button__link has-tertiary-color has-base-background-color has-text-color has-background wp-element-button\" href='https:\/\/doi.org\/10.1007\/s10909-018-2038-5' rel=\"noopener\">Lien vers l&rsquo;article<\/a><\/div>\n                <\/div>\n<\/div>\n<\/div>\n\n<\/li><li class=\"wp-block-post post-4321 journal_article type-journal_article status-publish hentry journal_article_cat-journaux\">\n\n<hr class=\"wp-block-separator has-text-color has-background-color has-alpha-channel-opacity has-background-background-color has-background is-style-wide\"\/>\n\n\n\n<div class=\"wp-block-columns is-layout-flex wp-container-core-columns-is-layout-28f84493 wp-block-columns-is-layout-flex\">\n<div class=\"wp-block-column is-layout-flow wp-block-column-is-layout-flow\" style=\"flex-basis:30%\">\n<p class=\"has-base-color has-text-color\"><strong>A. Hafsaoui, A. Dandoush, G. Urvoy-Keller, M.Siekkinen, and D.Collange<\/strong><\/p>\n<\/div>\n\n\n\n<div class=\"wp-block-column is-layout-flow wp-block-column-is-layout-flow\" style=\"flex-basis:50%\"><h3 class=\"wp-block-post-title has-text-color has-base-color has-medium-font-size\">A fine-grained response\u00a0time analysis technique in heterogeneous environments,<\/h3>\n\n\n<p class=\"has-base-color has-text-color\">Computer\u00a0Networks, Elsevier, Vol. 130,\u00a0pp. 16-33, 2018.<\/p>\n<\/div>\n\n\n\n<div class=\"wp-block-column is-layout-flow wp-block-column-is-layout-flow\">\n<div class=\"wp-block-buttons is-layout-flex\">\n                <div class=\"wp-block-button has-custom-width wp-block-button__width-100 has-custom-font-size has-small-font-size\"><a target=\"_blank\" class=\"wp-block-button__link has-tertiary-color has-base-background-color has-text-color has-background wp-element-button\" href='https:\/\/www.sciencedirect.com\/science\/article\/abs\/pii\/S1389128617304140?via%3Dihub' rel=\"noopener\">Lien vers l&rsquo;article<\/a><\/div>\n                <\/div>\n<\/div>\n<\/div>\n\n<\/li><li class=\"wp-block-post post-4677 journal_article type-journal_article status-publish hentry journal_article_cat-journaux\">\n\n<hr class=\"wp-block-separator has-text-color has-background-color has-alpha-channel-opacity has-background-background-color has-background is-style-wide\"\/>\n\n\n\n<div class=\"wp-block-columns is-layout-flex wp-container-core-columns-is-layout-28f84493 wp-block-columns-is-layout-flex\">\n<div class=\"wp-block-column is-layout-flow wp-block-column-is-layout-flow\" style=\"flex-basis:30%\">\n<p class=\"has-base-color has-text-color\"><strong>C. Chahine, C. Lagorre, Y. Chenoune, R. El Berbari, Z. El Fawal, and E. Petit<\/strong><\/p>\n<\/div>\n\n\n\n<div class=\"wp-block-column is-layout-flow wp-block-column-is-layout-flow\" style=\"flex-basis:50%\"><h3 class=\"wp-block-post-title has-text-color has-base-color has-medium-font-size\">Information fusion for unsupervised image segmentation using stochastic watershed and Hessian matrix<\/h3>\n\n\n<p class=\"has-base-color has-text-color\">IET Image Processing, Vol. 12, Issue 4, pp. 525-531, 2017 (Open Access).<\/p>\n<\/div>\n\n\n\n<div class=\"wp-block-column is-layout-flow wp-block-column-is-layout-flow\">\n<div class=\"wp-block-buttons is-layout-flex\">\n                <div class=\"wp-block-button has-custom-width wp-block-button__width-100 has-custom-font-size has-small-font-size\"><a target=\"_blank\" class=\"wp-block-button__link has-tertiary-color has-base-background-color has-text-color has-background wp-element-button\" href='https:\/\/doi.org\/10.1049\/iet-ipr.2017.0798' rel=\"noopener\">Lien vers l&rsquo;article<\/a><\/div>\n                <\/div>\n<\/div>\n<\/div>\n\n<\/li><li class=\"wp-block-post post-5346 journal_article type-journal_article status-publish hentry journal_article_cat-journaux\">\n\n<hr class=\"wp-block-separator has-text-color has-background-color has-alpha-channel-opacity has-background-background-color has-background is-style-wide\"\/>\n\n\n\n<div class=\"wp-block-columns is-layout-flex wp-container-core-columns-is-layout-28f84493 wp-block-columns-is-layout-flex\">\n<div class=\"wp-block-column is-layout-flow wp-block-column-is-layout-flow\" style=\"flex-basis:30%\">\n<p class=\"has-base-color has-text-color\"><strong>R. El Akhrif, A. Abbou, M. Barara, M. Akherraz, and Y. Majdoub <\/strong><\/p>\n<\/div>\n\n\n\n<div class=\"wp-block-column is-layout-flow wp-block-column-is-layout-flow\" style=\"flex-basis:50%\"><h3 class=\"wp-block-post-title has-text-color has-base-color has-medium-font-size\">Experimental dSPACE analysis for self-excited induction generator used in voltage control,<\/h3>\n\n\n<p class=\"has-base-color has-text-color\">International Journal of Power Electronics and Drive Systems, Vol. 8, Issue 3, pp. 1368-1380, 2017. <\/p>\n<\/div>\n\n\n\n<div class=\"wp-block-column is-layout-flow wp-block-column-is-layout-flow\">\n<div class=\"wp-block-buttons is-layout-flex\">\n                <div class=\"wp-block-button has-custom-width wp-block-button__width-100 has-custom-font-size has-small-font-size\"><a target=\"_blank\" class=\"wp-block-button__link has-tertiary-color has-base-background-color has-text-color has-background wp-element-button\" href='https:\/\/www.researchgate.net\/publication\/322350166_Experimental_dSPACE_Analysis_for_Self-excited_Induction_Generator_Used_in_Voltage_Control' rel=\"noopener\">Lien vers l&rsquo;article<\/a><\/div>\n                <\/div>\n<\/div>\n<\/div>\n\n<\/li><li class=\"wp-block-post post-5343 journal_article type-journal_article status-publish hentry journal_article_cat-journaux\">\n\n<hr class=\"wp-block-separator has-text-color has-background-color has-alpha-channel-opacity has-background-background-color has-background is-style-wide\"\/>\n\n\n\n<div class=\"wp-block-columns is-layout-flex wp-container-core-columns-is-layout-28f84493 wp-block-columns-is-layout-flex\">\n<div class=\"wp-block-column is-layout-flow wp-block-column-is-layout-flow\" style=\"flex-basis:30%\">\n<p class=\"has-base-color has-text-color\"><strong>M. Jamma, A. Bennassar, M. Barara, and M. Akherraz<\/strong><\/p>\n<\/div>\n\n\n\n<div class=\"wp-block-column is-layout-flow wp-block-column-is-layout-flow\" style=\"flex-basis:50%\"><h3 class=\"wp-block-post-title has-text-color has-base-color has-medium-font-size\">Advanced direct power control for grid-connected distribution generation system based on fuzzy logic and artificial neural networks techniques,<\/h3>\n\n\n<p class=\"has-base-color has-text-color\">International Journal of Power Electronics and Drive Systems (IJPEDS), Vol. 8, Issue 3, pp. 979-989, 2017. <\/p>\n<\/div>\n\n\n\n<div class=\"wp-block-column is-layout-flow wp-block-column-is-layout-flow\">\n<div class=\"wp-block-buttons is-layout-flex\">\n                <div class=\"wp-block-button has-custom-width wp-block-button__width-100 has-custom-font-size has-small-font-size\"><a target=\"_blank\" class=\"wp-block-button__link has-tertiary-color has-base-background-color has-text-color has-background wp-element-button\" href='https:\/\/ijpeds.iaescore.com\/index.php\/IJPEDS\/article\/view\/8349' rel=\"noopener\">Lien vers l&rsquo;article<\/a><\/div>\n                <\/div>\n<\/div>\n<\/div>\n\n<\/li><li class=\"wp-block-post post-5347 journal_article type-journal_article status-publish hentry journal_article_cat-journaux\">\n\n<hr class=\"wp-block-separator has-text-color has-background-color has-alpha-channel-opacity has-background-background-color has-background is-style-wide\"\/>\n\n\n\n<div class=\"wp-block-columns is-layout-flex wp-container-core-columns-is-layout-28f84493 wp-block-columns-is-layout-flex\">\n<div class=\"wp-block-column is-layout-flow wp-block-column-is-layout-flow\" style=\"flex-basis:30%\">\n<p class=\"has-base-color has-text-color\"><strong>R. El Akhrif, A. Abbou, M. Barara, M. Akherraz, and Y. Majdoub<\/strong><\/p>\n<\/div>\n\n\n\n<div class=\"wp-block-column is-layout-flow wp-block-column-is-layout-flow\" style=\"flex-basis:50%\"><h3 class=\"wp-block-post-title has-text-color has-base-color has-medium-font-size\">dSPACE Implementation for a Fuzzy Logic Voltage Control using a Self-Excited Induction Generator and a Voltage Source Inverter,<\/h3>\n\n\n<p class=\"has-base-color has-text-color\">International Journal of Electrical and Computer Engineering, Vol. 7, Issue 4, pp. 1749, 2017.<\/p>\n<\/div>\n\n\n\n<div class=\"wp-block-column is-layout-flow wp-block-column-is-layout-flow\">\n<div class=\"wp-block-buttons is-layout-flex\">\n                <div class=\"wp-block-button has-custom-width wp-block-button__width-100 has-custom-font-size has-small-font-size\"><a target=\"_blank\" class=\"wp-block-button__link has-tertiary-color has-base-background-color has-text-color has-background wp-element-button\" href='http:\/\/ijece.iaescore.com\/index.php\/IJECE\/article\/view\/7712' rel=\"noopener\">Lien vers l&rsquo;article<\/a><\/div>\n                <\/div>\n<\/div>\n<\/div>\n\n<\/li><li class=\"wp-block-post post-5194 journal_article type-journal_article status-publish hentry journal_article_cat-journaux\">\n\n<hr class=\"wp-block-separator has-text-color has-background-color has-alpha-channel-opacity has-background-background-color has-background is-style-wide\"\/>\n\n\n\n<div class=\"wp-block-columns is-layout-flex wp-container-core-columns-is-layout-28f84493 wp-block-columns-is-layout-flex\">\n<div class=\"wp-block-column is-layout-flow wp-block-column-is-layout-flow\" style=\"flex-basis:30%\">\n<p class=\"has-base-color has-text-color\"><strong>D. Palessonga, M. El Gibari, S. Ginestar, H. Terrisse, B. Guiffard, A. Kassiba, and H. W. Li<\/strong><\/p>\n<\/div>\n\n\n\n<div class=\"wp-block-column is-layout-flow wp-block-column-is-layout-flow\" style=\"flex-basis:50%\"><h3 class=\"wp-block-post-title has-text-color has-base-color has-medium-font-size\">Bandwidth improvement of microwave photonic components based on electro-optic polymers loaded with TiO2 nanoparticles,<\/h3>\n\n\n<p class=\"has-base-color has-text-color\">Applied Physics A, Vol. 123, Issue 542, 2017.<\/p>\n<\/div>\n\n\n\n<div class=\"wp-block-column is-layout-flow wp-block-column-is-layout-flow\">\n<div class=\"wp-block-buttons is-layout-flex\">\n                <div class=\"wp-block-button has-custom-width wp-block-button__width-100 has-custom-font-size has-small-font-size\"><a target=\"_blank\" class=\"wp-block-button__link has-tertiary-color has-base-background-color has-text-color has-background wp-element-button\" href='https:\/\/doi.org\/10.1007\/s00339-017-1154-4' rel=\"noopener\">Lien vers l&rsquo;article<\/a><\/div>\n                <\/div>\n<\/div>\n<\/div>\n\n<\/li><li class=\"wp-block-post post-5349 journal_article type-journal_article status-publish hentry journal_article_cat-journaux\">\n\n<hr class=\"wp-block-separator has-text-color has-background-color has-alpha-channel-opacity has-background-background-color has-background is-style-wide\"\/>\n\n\n\n<div class=\"wp-block-columns is-layout-flex wp-container-core-columns-is-layout-28f84493 wp-block-columns-is-layout-flex\">\n<div class=\"wp-block-column is-layout-flow wp-block-column-is-layout-flow\" style=\"flex-basis:30%\">\n<p class=\"has-base-color has-text-color\"><strong>M. Jamma, M. Barara, M. Akherraz, and A. Bennassar<\/strong><\/p>\n<\/div>\n\n\n\n<div class=\"wp-block-column is-layout-flow wp-block-column-is-layout-flow\" style=\"flex-basis:50%\"><h3 class=\"wp-block-post-title has-text-color has-base-color has-medium-font-size\">Comparative study of PI and backstepping with integral action controllers based on direct power control for three-phase PWM rectifier,<\/h3>\n\n\n<p class=\"has-base-color has-text-color\">Indonesian Journal of Electrical Engineering and Informatics (IJEEI), Vol. 9, Issue 2, pp. 234\u2013243, 2017. <\/p>\n<\/div>\n\n\n\n<div class=\"wp-block-column is-layout-flow wp-block-column-is-layout-flow\">\n<div class=\"wp-block-buttons is-layout-flex\">\n                <div class=\"wp-block-button has-custom-width wp-block-button__width-100 has-custom-font-size has-small-font-size\"><a target=\"_blank\" class=\"wp-block-button__link has-tertiary-color has-base-background-color has-text-color has-background wp-element-button\" href='https:\/\/www.researchgate.net\/publication\/319095360_Comparative_study_of_PI_and_backstepping_with_integral_action_controllers_based_on_direct_power_control_for_Three-Phase_PWM_rectifier' rel=\"noopener\">Lien vers l&rsquo;article<\/a><\/div>\n                <\/div>\n<\/div>\n<\/div>\n\n<\/li><li class=\"wp-block-post post-5175 journal_article type-journal_article status-publish hentry journal_article_cat-journaux\">\n\n<hr class=\"wp-block-separator has-text-color has-background-color has-alpha-channel-opacity has-background-background-color has-background is-style-wide\"\/>\n\n\n\n<div class=\"wp-block-columns is-layout-flex wp-container-core-columns-is-layout-28f84493 wp-block-columns-is-layout-flex\">\n<div class=\"wp-block-column is-layout-flow wp-block-column-is-layout-flow\" style=\"flex-basis:30%\">\n<p class=\"has-base-color has-text-color\"><strong>B. Ouni, I. Mhedbi, C. Trabelsi, R. Ben Atitallah, and C. Belleudy<\/strong><\/p>\n<\/div>\n\n\n\n<div class=\"wp-block-column is-layout-flow wp-block-column-is-layout-flow\" style=\"flex-basis:50%\"><h3 class=\"wp-block-post-title has-text-color has-base-color has-medium-font-size\">Multi-Level Energy\/Power-Aware Design Methodology for MPSoC,<\/h3>\n\n\n<p class=\"has-base-color has-text-color\">Elsevier, Journal of Parallel and Distributed Computing, Vol. 100, pp. 203-215, February 2017.<\/p>\n<\/div>\n\n\n\n<div class=\"wp-block-column is-layout-flow wp-block-column-is-layout-flow\">\n<div class=\"wp-block-buttons is-layout-flex\">\n                <div class=\"wp-block-button has-custom-width wp-block-button__width-100 has-custom-font-size has-small-font-size\"><a target=\"_blank\" class=\"wp-block-button__link has-tertiary-color has-base-background-color has-text-color has-background wp-element-button\" href='https:\/\/www.sciencedirect.com\/science\/article\/abs\/pii\/S0743731516300041' rel=\"noopener\">Lien vers l&rsquo;article<\/a><\/div>\n                <\/div>\n<\/div>\n<\/div>\n\n<\/li><li class=\"wp-block-post post-6992 journal_article type-journal_article status-publish hentry journal_article_cat-journaux\">\n\n<hr class=\"wp-block-separator has-text-color has-background-color has-alpha-channel-opacity has-background-background-color has-background is-style-wide\"\/>\n\n\n\n<div class=\"wp-block-columns is-layout-flex wp-container-core-columns-is-layout-28f84493 wp-block-columns-is-layout-flex\">\n<div class=\"wp-block-column is-layout-flow wp-block-column-is-layout-flow\" style=\"flex-basis:30%\">\n<p class=\"has-base-color has-text-color\"><strong>P. Pankovits, D. Abbes, C. Saudemont, S. Brisset, J. Pouget, and B. Robyns<\/strong><\/p>\n<\/div>\n\n\n\n<div class=\"wp-block-column is-layout-flow wp-block-column-is-layout-flow\" style=\"flex-basis:50%\"><h3 class=\"wp-block-post-title has-text-color has-base-color has-medium-font-size\">Multi-criteria fuzzy-logic optimized supervision for hybrid railway power substations,<\/h3>\n\n\n<p class=\"has-base-color has-text-color\">Mathematics and Computer in Simulation, MathCom, Elsevier, Issue 130, pp. 236-250, 2016.<\/p>\n<\/div>\n\n\n\n<div class=\"wp-block-column is-layout-flow wp-block-column-is-layout-flow\">\n<div class=\"wp-block-buttons is-layout-flex\">\n                <div class=\"wp-block-button has-custom-width wp-block-button__width-100 has-custom-font-size has-small-font-size\"><a target=\"_blank\" class=\"wp-block-button__link has-tertiary-color has-base-background-color has-text-color has-background wp-element-button\" href='http:\/\/dx.doi.org\/10.1016\/j.matcom.2016.05.002' rel=\"noopener\">Lien vers l&rsquo;article<\/a><\/div>\n                <\/div>\n<\/div>\n<\/div>\n\n<\/li><li class=\"wp-block-post post-4573 journal_article type-journal_article status-publish hentry journal_article_cat-journaux\">\n\n<hr class=\"wp-block-separator has-text-color has-background-color has-alpha-channel-opacity has-background-background-color has-background is-style-wide\"\/>\n\n\n\n<div class=\"wp-block-columns is-layout-flex wp-container-core-columns-is-layout-28f84493 wp-block-columns-is-layout-flex\">\n<div class=\"wp-block-column is-layout-flow wp-block-column-is-layout-flow\" style=\"flex-basis:30%\">\n<p class=\"has-base-color has-text-color\"><strong>I. Iskender, S. Aghaei Hashjin, and A. Mamizadeh<\/strong><\/p>\n<\/div>\n\n\n\n<div class=\"wp-block-column is-layout-flow wp-block-column-is-layout-flow\" style=\"flex-basis:50%\"><h3 class=\"wp-block-post-title has-text-color has-base-color has-medium-font-size\">Design and Implementation of a Six Isolated Output Fly-back Converter,<\/h3>\n\n\n<p class=\"has-base-color has-text-color\">International Journal of engineering, Technology and Natural Science, Vol. 1, pp. 12-19, 2016.<\/p>\n<\/div>\n\n\n\n<div class=\"wp-block-column is-layout-flow wp-block-column-is-layout-flow\">\n<div class=\"wp-block-buttons is-layout-flex\">\n                <div class=\"wp-block-button has-custom-width wp-block-button__width-100 has-custom-font-size has-small-font-size\"><a target=\"_blank\" class=\"wp-block-button__link has-tertiary-color has-base-background-color has-text-color has-background wp-element-button\" href='https:\/\/scholar.google.com\/citations?view_op=view_citation&amp;hl=en&amp;user=lTrV7cgAAAAJ&amp;citation_for_view=lTrV7cgAAAAJ:IjCSPb-OGe4C' rel=\"noopener\">Lien vers l&rsquo;article<\/a><\/div>\n                <\/div>\n<\/div>\n<\/div>\n\n<\/li><li class=\"wp-block-post post-5637 journal_article type-journal_article status-publish hentry journal_article_cat-journaux\">\n\n<hr class=\"wp-block-separator has-text-color has-background-color has-alpha-channel-opacity has-background-background-color has-background is-style-wide\"\/>\n\n\n\n<div class=\"wp-block-columns is-layout-flex wp-container-core-columns-is-layout-28f84493 wp-block-columns-is-layout-flex\">\n<div class=\"wp-block-column is-layout-flow wp-block-column-is-layout-flow\" style=\"flex-basis:30%\">\n<p class=\"has-base-color has-text-color\"><strong>H. Djoudi, N. Benyahia, A. Bousbaine, R. Moualek, S. Aissou, N. Benamrouche<\/strong><\/p>\n<\/div>\n\n\n\n<div class=\"wp-block-column is-layout-flow wp-block-column-is-layout-flow\" style=\"flex-basis:50%\"><h3 class=\"wp-block-post-title has-text-color has-base-color has-medium-font-size\">Performances analysis of WT-DFIG with PV and Fuel Cell hybrid power sources system associated with the hydrogen storage hybrid energy system,<\/h3>\n\n\n<p class=\"has-base-color has-text-color\">International Journal of Hydrogen Energy, Vol. 41, Issue 45, pp. 21006-21021, 2016.<\/p>\n<\/div>\n\n\n\n<div class=\"wp-block-column is-layout-flow wp-block-column-is-layout-flow\">\n<div class=\"wp-block-buttons is-layout-flex\">\n                <div class=\"wp-block-button has-custom-width wp-block-button__width-100 has-custom-font-size has-small-font-size\"><a target=\"_blank\" class=\"wp-block-button__link has-tertiary-color has-base-background-color has-text-color has-background wp-element-button\" href='https:\/\/doi.org\/10.1016\/j.ijhydene.2016.06.163' rel=\"noopener\">Lien vers l&rsquo;article<\/a><\/div>\n                <\/div>\n<\/div>\n<\/div>\n\n<\/li><li class=\"wp-block-post post-4418 journal_article type-journal_article status-publish hentry journal_article_cat-journaux\">\n\n<hr class=\"wp-block-separator has-text-color has-background-color has-alpha-channel-opacity has-background-background-color has-background is-style-wide\"\/>\n\n\n\n<div class=\"wp-block-columns is-layout-flex wp-container-core-columns-is-layout-28f84493 wp-block-columns-is-layout-flex\">\n<div class=\"wp-block-column is-layout-flow wp-block-column-is-layout-flow\" style=\"flex-basis:30%\">\n<p class=\"has-base-color has-text-color\"><strong>S. Samimi, F. Gruson, P. Delarue, F. Colas, M. M. Belhaouane, and X. Guillaud<\/strong><\/p>\n<\/div>\n\n\n\n<div class=\"wp-block-column is-layout-flow wp-block-column-is-layout-flow\" style=\"flex-basis:50%\"><h3 class=\"wp-block-post-title has-text-color has-base-color has-medium-font-size\">MMC Stored Energy Participation to the DC Bus Voltage Control in an HVDC Link,<\/h3>\n\n\n<p class=\"has-base-color has-text-color\">IEEE Transactions on Power Delivery, Vol. 31, No. 4, pp. 1710-1718, 2016.<\/p>\n<\/div>\n\n\n\n<div class=\"wp-block-column is-layout-flow wp-block-column-is-layout-flow\">\n<div class=\"wp-block-buttons is-layout-flex\">\n                <div class=\"wp-block-button has-custom-width wp-block-button__width-100 has-custom-font-size has-small-font-size\"><a target=\"_blank\" class=\"wp-block-button__link has-tertiary-color has-base-background-color has-text-color has-background wp-element-button\" href='https:\/\/ieeexplore.ieee.org\/document\/7518744' rel=\"noopener\">Lien vers l&rsquo;article<\/a><\/div>\n                <\/div>\n<\/div>\n<\/div>\n\n<\/li><li class=\"wp-block-post post-5338 journal_article type-journal_article status-publish hentry journal_article_cat-journaux\">\n\n<hr class=\"wp-block-separator has-text-color has-background-color has-alpha-channel-opacity has-background-background-color has-background is-style-wide\"\/>\n\n\n\n<div class=\"wp-block-columns is-layout-flex wp-container-core-columns-is-layout-28f84493 wp-block-columns-is-layout-flex\">\n<div class=\"wp-block-column is-layout-flow wp-block-column-is-layout-flow\" style=\"flex-basis:30%\">\n<p class=\"has-base-color has-text-color\"><strong>M. Barara, C. Adiuku, K. Alhosani, Naji Al Sayari, A. Bieg, and M. Akherraz<\/strong><\/p>\n<\/div>\n\n\n\n<div class=\"wp-block-column is-layout-flow wp-block-column-is-layout-flow\" style=\"flex-basis:50%\"><h3 class=\"wp-block-post-title has-text-color has-base-color has-medium-font-size\">Implementation of a DSPACE based standalone renewable energy supply feeding an isolated load,<\/h3>\n\n\n<p class=\"has-base-color has-text-color\">International Journal of Energy and Environmental Engineering, Volume 7, Issue 2, pp. 125\u2013135, 2016. <\/p>\n<\/div>\n\n\n\n<div class=\"wp-block-column is-layout-flow wp-block-column-is-layout-flow\">\n<div class=\"wp-block-buttons is-layout-flex\">\n                <div class=\"wp-block-button has-custom-width wp-block-button__width-100 has-custom-font-size has-small-font-size\"><a target=\"_blank\" class=\"wp-block-button__link has-tertiary-color has-base-background-color has-text-color has-background wp-element-button\" href='https:\/\/link.springer.com\/article\/10.1007\/s40095-016-0207-3' rel=\"noopener\">Lien vers l&rsquo;article<\/a><\/div>\n                <\/div>\n<\/div>\n<\/div>\n\n<\/li><li class=\"wp-block-post post-5342 journal_article type-journal_article status-publish hentry journal_article_cat-journaux\">\n\n<hr class=\"wp-block-separator has-text-color has-background-color has-alpha-channel-opacity has-background-background-color has-background is-style-wide\"\/>\n\n\n\n<div class=\"wp-block-columns is-layout-flex wp-container-core-columns-is-layout-28f84493 wp-block-columns-is-layout-flex\">\n<div class=\"wp-block-column is-layout-flow wp-block-column-is-layout-flow\" style=\"flex-basis:30%\">\n<p class=\"has-base-color has-text-color\"><strong>R. Chilipi, N. Al Sayari, and M. Barara<\/strong><\/p>\n<\/div>\n\n\n\n<div class=\"wp-block-column is-layout-flow wp-block-column-is-layout-flow\" style=\"flex-basis:50%\"><h3 class=\"wp-block-post-title has-text-color has-base-color has-medium-font-size\">An Adaptive Control Algorithm for Grid-Interfacing Inverters in Renewable Energy Based Distributed Generation Systems,<\/h3>\n\n\n<p class=\"has-base-color has-text-color\">Energy Conversion and Management, Vol. 111, pp. 443-452, 2016.<\/p>\n<\/div>\n\n\n\n<div class=\"wp-block-column is-layout-flow wp-block-column-is-layout-flow\">\n<div class=\"wp-block-buttons is-layout-flex\">\n                <div class=\"wp-block-button has-custom-width wp-block-button__width-100 has-custom-font-size has-small-font-size\"><a target=\"_blank\" class=\"wp-block-button__link has-tertiary-color has-base-background-color has-text-color has-background wp-element-button\" href='https:\/\/www.sciencedirect.com\/science\/article\/abs\/pii\/S0196890415011851' rel=\"noopener\">Lien vers l&rsquo;article<\/a><\/div>\n                <\/div>\n<\/div>\n<\/div>\n\n<\/li><li class=\"wp-block-post post-5357 journal_article type-journal_article status-publish hentry journal_article_cat-journaux\">\n\n<hr class=\"wp-block-separator has-text-color has-background-color has-alpha-channel-opacity has-background-background-color has-background is-style-wide\"\/>\n\n\n\n<div class=\"wp-block-columns is-layout-flex wp-container-core-columns-is-layout-28f84493 wp-block-columns-is-layout-flex\">\n<div class=\"wp-block-column is-layout-flow wp-block-column-is-layout-flow\" style=\"flex-basis:30%\">\n<p class=\"has-base-color has-text-color\"><strong>A. Bennassar, A. Abbou, M. Akherraz, and M. Barara <\/strong><\/p>\n<\/div>\n\n\n\n<div class=\"wp-block-column is-layout-flow wp-block-column-is-layout-flow\" style=\"flex-basis:50%\"><h3 class=\"wp-block-post-title has-text-color has-base-color has-medium-font-size\">Fuzzy logic based adaptation mechanism for adaptive Luenberger observer sensorless direct torque control of induction motor,<\/h3>\n\n\n<p class=\"has-base-color has-text-color\">Journal of Engineering Science &amp; Technology, Vol. 11, Issue 1, pp. 46-59, 2016.<\/p>\n<\/div>\n\n\n\n<div class=\"wp-block-column is-layout-flow wp-block-column-is-layout-flow\">\n<div class=\"wp-block-buttons is-layout-flex\">\n                <div class=\"wp-block-button has-custom-width wp-block-button__width-100 has-custom-font-size has-small-font-size\"><a target=\"_blank\" class=\"wp-block-button__link has-tertiary-color has-base-background-color has-text-color has-background wp-element-button\" href='https:\/\/www.researchgate.net\/publication\/289522924_Fuzzy_logic_based_adaptation_mechanism_for_adaptive_Luenberger_observer_sensorless_direct_torque_conrol_of_induction_motor' rel=\"noopener\">Lien vers l&rsquo;article<\/a><\/div>\n                <\/div>\n<\/div>\n<\/div>\n\n<\/li><li class=\"wp-block-post post-4890 journal_article type-journal_article status-publish hentry journal_article_cat-journaux\">\n\n<hr class=\"wp-block-separator has-text-color has-background-color has-alpha-channel-opacity has-background-background-color has-background is-style-wide\"\/>\n\n\n\n<div class=\"wp-block-columns is-layout-flex wp-container-core-columns-is-layout-28f84493 wp-block-columns-is-layout-flex\">\n<div class=\"wp-block-column is-layout-flow wp-block-column-is-layout-flow\" style=\"flex-basis:30%\">\n<p class=\"has-base-color has-text-color\"><strong>A. Bareggi and G.E. O&rsquo;Donnell<\/strong><\/p>\n<\/div>\n\n\n\n<div class=\"wp-block-column is-layout-flow wp-block-column-is-layout-flow\" style=\"flex-basis:50%\"><h3 class=\"wp-block-post-title has-text-color has-base-color has-medium-font-size\">Thermal and mechanical effects of high-speed impinging jet in orthogonal machining operations: Experimental, finite elements and analytical investigations,<\/h3>\n\n\n<p class=\"has-base-color has-text-color\">Proceedings of the Institution of Mechanical Engineers, Part B: Journal of Engineering Manufacture, Vol. 229, Issue 3, pp. 1-13, 2015.<\/p>\n<\/div>\n\n\n\n<div class=\"wp-block-column is-layout-flow wp-block-column-is-layout-flow\">\n<div class=\"wp-block-buttons is-layout-flex\">\n                <div class=\"wp-block-button has-custom-width wp-block-button__width-100 has-custom-font-size has-small-font-size\"><a target=\"_blank\" class=\"wp-block-button__link has-tertiary-color has-base-background-color has-text-color has-background wp-element-button\" href='https:\/\/doi.org\/10.1177\/0954405414530897' rel=\"noopener\">Lien vers l&rsquo;article<\/a><\/div>\n                <\/div>\n<\/div>\n<\/div>\n\n<\/li><li class=\"wp-block-post post-4572 journal_article type-journal_article status-publish hentry journal_article_cat-journaux\">\n\n<hr class=\"wp-block-separator has-text-color has-background-color has-alpha-channel-opacity has-background-background-color has-background is-style-wide\"\/>\n\n\n\n<div class=\"wp-block-columns is-layout-flex wp-container-core-columns-is-layout-28f84493 wp-block-columns-is-layout-flex\">\n<div class=\"wp-block-column is-layout-flow wp-block-column-is-layout-flow\" style=\"flex-basis:30%\">\n<p class=\"has-base-color has-text-color\"><strong>A. Najafi, I. Iskender, B. Dokmetas, and S. Aghaei Hashjin<\/strong><\/p>\n<\/div>\n\n\n\n<div class=\"wp-block-column is-layout-flow wp-block-column-is-layout-flow\" style=\"flex-basis:50%\"><h3 class=\"wp-block-post-title has-text-color has-base-color has-medium-font-size\">Distribution Transformer Losses Calculation Based on TSFEM,<\/h3>\n\n\n<p class=\"has-base-color has-text-color\">International Journal of Computing, Communications &amp; Instrumentation Engineering (IJCCIE), Vol. 2, 2015. <\/p>\n<\/div>\n\n\n\n<div class=\"wp-block-column is-layout-flow wp-block-column-is-layout-flow\">\n<div class=\"wp-block-buttons is-layout-flex\">\n                <div class=\"wp-block-button has-custom-width wp-block-button__width-100 has-custom-font-size has-small-font-size\"><a target=\"_blank\" class=\"wp-block-button__link has-tertiary-color has-base-background-color has-text-color has-background wp-element-button\" href='https:\/\/www.semanticscholar.org\/paper\/Distribution-Transformer-Losses-Calculation-Based-Najafi-Iskender\/6b6135140772d3774025cfae9bcc5ad9e54b62c1' rel=\"noopener\">Lien vers l&rsquo;article<\/a><\/div>\n                <\/div>\n<\/div>\n<\/div>\n\n<\/li><li class=\"wp-block-post post-4495 journal_article type-journal_article status-publish hentry journal_article_cat-journaux\">\n\n<hr class=\"wp-block-separator has-text-color has-background-color has-alpha-channel-opacity has-background-background-color has-background is-style-wide\"\/>\n\n\n\n<div class=\"wp-block-columns is-layout-flex wp-container-core-columns-is-layout-28f84493 wp-block-columns-is-layout-flex\">\n<div class=\"wp-block-column is-layout-flow wp-block-column-is-layout-flow\" style=\"flex-basis:30%\">\n<p class=\"has-base-color has-text-color\"><strong>M. Maidi, F. Ababsa, M. Mallem, and M. Preda<\/strong><\/p>\n<\/div>\n\n\n\n<div class=\"wp-block-column is-layout-flow wp-block-column-is-layout-flow\" style=\"flex-basis:50%\"><h3 class=\"wp-block-post-title has-text-color has-base-color has-medium-font-size\">Hybrid Tracking System for Robust Fiducials Registration in Augmented Reality,<\/h3>\n\n\n<p class=\"has-base-color has-text-color\">Signal, Image and Video Processing International Journal, Vol. 9, N\u00b04, pp. 831-849, Springer, 2015.<\/p>\n<\/div>\n\n\n\n<div class=\"wp-block-column is-layout-flow wp-block-column-is-layout-flow\">\n<div class=\"wp-block-buttons is-layout-flex\">\n                <div class=\"wp-block-button has-custom-width wp-block-button__width-100 has-custom-font-size has-small-font-size\"><a target=\"_blank\" class=\"wp-block-button__link has-tertiary-color has-base-background-color has-text-color has-background wp-element-button\" href='https:\/\/link.springer.com\/article\/10.1007\/s11760-013-0508-4' rel=\"noopener\">Lien vers l&rsquo;article<\/a><\/div>\n                <\/div>\n<\/div>\n<\/div>\n\n<\/li><li class=\"wp-block-post post-5638 journal_article type-journal_article status-publish hentry journal_article_cat-journaux\">\n\n<hr class=\"wp-block-separator has-text-color has-background-color has-alpha-channel-opacity has-background-background-color has-background is-style-wide\"\/>\n\n\n\n<div class=\"wp-block-columns is-layout-flex wp-container-core-columns-is-layout-28f84493 wp-block-columns-is-layout-flex\">\n<div class=\"wp-block-column is-layout-flow wp-block-column-is-layout-flow\" style=\"flex-basis:30%\">\n<p class=\"has-base-color has-text-color\"><strong>N. Benyahia, Z. Denoun, M. Zaouia, T. Rekioua, and N. Benamrouche<\/strong><\/p>\n<\/div>\n\n\n\n<div class=\"wp-block-column is-layout-flow wp-block-column-is-layout-flow\" style=\"flex-basis:50%\"><h3 class=\"wp-block-post-title has-text-color has-base-color has-medium-font-size\">Power system simulation of the fuel cell and super-capacitor based electric vehicle using an interleaving technique,<\/h3>\n\n\n<p class=\"has-base-color has-text-color\">International Journal of Hydrogen Energy, Vol. 40, Issue 45, pp. 15806-15814, 2015.<\/p>\n<\/div>\n\n\n\n<div class=\"wp-block-column is-layout-flow wp-block-column-is-layout-flow\">\n<div class=\"wp-block-buttons is-layout-flex\">\n                <div class=\"wp-block-button has-custom-width wp-block-button__width-100 has-custom-font-size has-small-font-size\"><a target=\"_blank\" class=\"wp-block-button__link has-tertiary-color has-base-background-color has-text-color has-background wp-element-button\" href='https:\/\/doi.org\/10.1016\/j.ijhydene.2015.03.081' rel=\"noopener\">Lien vers l&rsquo;article<\/a><\/div>\n                <\/div>\n<\/div>\n<\/div>\n\n<\/li><li class=\"wp-block-post post-4323 journal_article type-journal_article status-publish hentry journal_article_cat-journaux\">\n\n<hr class=\"wp-block-separator has-text-color has-background-color has-alpha-channel-opacity has-background-background-color has-background is-style-wide\"\/>\n\n\n\n<div class=\"wp-block-columns is-layout-flex wp-container-core-columns-is-layout-28f84493 wp-block-columns-is-layout-flex\">\n<div class=\"wp-block-column is-layout-flow wp-block-column-is-layout-flow\" style=\"flex-basis:30%\">\n<p class=\"has-base-color has-text-color\"><strong>A. Dandoush and M. Elgamel<\/strong><\/p>\n<\/div>\n\n\n\n<div class=\"wp-block-column is-layout-flow wp-block-column-is-layout-flow\" style=\"flex-basis:50%\"><h3 class=\"wp-block-post-title has-text-color has-base-color has-medium-font-size\">A modified Manhattan distance with application in localization algorithms for ad-hoc Wireless Sensors Networks,<\/h3>\n\n\n<p class=\"has-base-color has-text-color\">Ad Hoc Networks Journal of Elsevier, Vol. 33, pp. 168-189, 2015.<\/p>\n<\/div>\n\n\n\n<div class=\"wp-block-column is-layout-flow wp-block-column-is-layout-flow\">\n<div class=\"wp-block-buttons is-layout-flex\">\n                <div class=\"wp-block-button has-custom-width wp-block-button__width-100 has-custom-font-size has-small-font-size\"><a target=\"_blank\" class=\"wp-block-button__link has-tertiary-color has-base-background-color has-text-color has-background wp-element-button\" href='https:\/\/www.sciencedirect.com\/science\/article\/abs\/pii\/S1570870515000931?via%3Dihub' rel=\"noopener\">Lien vers l&rsquo;article<\/a><\/div>\n                <\/div>\n<\/div>\n<\/div>\n\n<\/li><li class=\"wp-block-post post-5341 journal_article type-journal_article status-publish hentry journal_article_cat-journaux\">\n\n<hr class=\"wp-block-separator has-text-color has-background-color has-alpha-channel-opacity has-background-background-color has-background is-style-wide\"\/>\n\n\n\n<div class=\"wp-block-columns is-layout-flex wp-container-core-columns-is-layout-28f84493 wp-block-columns-is-layout-flex\">\n<div class=\"wp-block-column is-layout-flow wp-block-column-is-layout-flow\" style=\"flex-basis:30%\">\n<p class=\"has-base-color has-text-color\"><strong>M. Barara, C. Adiuku, K. Naji Al Sayari Alhosani, A. Bieg, A. Abbou, and M. Akherraz<\/strong><\/p>\n<\/div>\n\n\n\n<div class=\"wp-block-column is-layout-flow wp-block-column-is-layout-flow\" style=\"flex-basis:50%\"><h3 class=\"wp-block-post-title has-text-color has-base-color has-medium-font-size\">Hardware implementation Voltage Control for Self Excited Induction Generator Used in Small Power Generation,<\/h3>\n\n\n<p class=\"has-base-color has-text-color\">International Review of Electrical Engineering (I.R.E.E.), Vol. 10, Issue 4, 2015.<\/p>\n<\/div>\n\n\n\n<div class=\"wp-block-column is-layout-flow wp-block-column-is-layout-flow\">\n<div class=\"wp-block-buttons is-layout-flex\">\n                <div class=\"wp-block-button has-custom-width wp-block-button__width-100 has-custom-font-size has-small-font-size\"><a target=\"_blank\" class=\"wp-block-button__link has-tertiary-color has-base-background-color has-text-color has-background wp-element-button\" href='https:\/\/www.researchgate.net\/publication\/282647164_Hardware_Implementation_of_Voltage_Control_for_Self_Excited_Induction_Generator_Used_in_Small_Power_Generation' rel=\"noopener\">Lien vers l&rsquo;article<\/a><\/div>\n                <\/div>\n<\/div>\n<\/div>\n\n<\/li><li class=\"wp-block-post post-5145 journal_article type-journal_article status-publish hentry journal_article_cat-journaux\">\n\n<hr class=\"wp-block-separator has-text-color has-background-color has-alpha-channel-opacity has-background-background-color has-background is-style-wide\"\/>\n\n\n\n<div class=\"wp-block-columns is-layout-flex wp-container-core-columns-is-layout-28f84493 wp-block-columns-is-layout-flex\">\n<div class=\"wp-block-column is-layout-flow wp-block-column-is-layout-flow\" style=\"flex-basis:30%\">\n<p class=\"has-base-color has-text-color\"><strong>M. Ba and P. Mathieu<\/strong><\/p>\n<\/div>\n\n\n\n<div class=\"wp-block-column is-layout-flow wp-block-column-is-layout-flow\" style=\"flex-basis:50%\"><h3 class=\"wp-block-post-title has-text-color has-base-color has-medium-font-size\">A Sobolev inequality and the invariance principle for diffusion in a periodic potentiel,<\/h3>\n\n\n<p class=\"has-base-color has-text-color\">SIAM Journal of Computer Applications, Vol. 47, Issue 3, pp. 2022\u20132043, 2015.<\/p>\n<\/div>\n\n\n\n<div class=\"wp-block-column is-layout-flow wp-block-column-is-layout-flow\">\n<div class=\"wp-block-buttons is-layout-flex\">\n                <div class=\"wp-block-button has-custom-width wp-block-button__width-100 has-custom-font-size has-small-font-size\"><a target=\"_blank\" class=\"wp-block-button__link has-tertiary-color has-base-background-color has-text-color has-background wp-element-button\" href='https:\/\/doi.org\/10.1137\/130949683' rel=\"noopener\">Lien vers l&rsquo;article<\/a><\/div>\n                <\/div>\n<\/div>\n<\/div>\n\n<\/li><li class=\"wp-block-post post-4626 journal_article type-journal_article status-publish hentry journal_article_cat-journaux\">\n\n<hr class=\"wp-block-separator has-text-color has-background-color has-alpha-channel-opacity has-background-background-color has-background is-style-wide\"\/>\n\n\n\n<div class=\"wp-block-columns is-layout-flex wp-container-core-columns-is-layout-28f84493 wp-block-columns-is-layout-flex\">\n<div class=\"wp-block-column is-layout-flow wp-block-column-is-layout-flow\" style=\"flex-basis:30%\">\n<p class=\"has-base-color has-text-color\"><strong>M. Makarov, A. Caldas, M. Grossard, P. Rodr\u00edguez-Ayerbe, and D. Dumur<\/strong><\/p>\n<\/div>\n\n\n\n<div class=\"wp-block-column is-layout-flow wp-block-column-is-layout-flow\" style=\"flex-basis:50%\"><h3 class=\"wp-block-post-title has-text-color has-base-color has-medium-font-size\">Adaptive Filtering for Robust Proprioceptive Robot Impact Detection Under Model Uncertainties,<\/h3>\n\n\n<p class=\"has-base-color has-text-color\">IEEE\/ASME Transactions on Mechatronics, Vol. 19, No. 6, pp. 1917-1928, December 2014.<\/p>\n<\/div>\n\n\n\n<div class=\"wp-block-column is-layout-flow wp-block-column-is-layout-flow\">\n<div class=\"wp-block-buttons is-layout-flex\">\n                <div class=\"wp-block-button has-custom-width wp-block-button__width-100 has-custom-font-size has-small-font-size\"><a target=\"_blank\" class=\"wp-block-button__link has-tertiary-color has-base-background-color has-text-color has-background wp-element-button\" href='https:\/\/ieeexplore.ieee.org\/document\/6804662' rel=\"noopener\">Lien vers l&rsquo;article<\/a><\/div>\n                <\/div>\n<\/div>\n<\/div>\n\n<\/li><li class=\"wp-block-post post-5345 journal_article type-journal_article status-publish hentry journal_article_cat-journaux\">\n\n<hr class=\"wp-block-separator has-text-color has-background-color has-alpha-channel-opacity has-background-background-color has-background is-style-wide\"\/>\n\n\n\n<div class=\"wp-block-columns is-layout-flex wp-container-core-columns-is-layout-28f84493 wp-block-columns-is-layout-flex\">\n<div class=\"wp-block-column is-layout-flow wp-block-column-is-layout-flow\" style=\"flex-basis:30%\">\n<p class=\"has-base-color has-text-color\"><strong>M. Barara, A. Bennassar, A. Abbou, M. Akherraz, and B. Bossoufi<\/strong><\/p>\n<\/div>\n\n\n\n<div class=\"wp-block-column is-layout-flow wp-block-column-is-layout-flow\" style=\"flex-basis:50%\"><h3 class=\"wp-block-post-title has-text-color has-base-color has-medium-font-size\">Advanced control of wind electric pumping system for isolated areas application,<\/h3>\n\n\n<p class=\"has-base-color has-text-color\">International Journal of Power Electronics and Drive Systems, Vol. 4, Issue 4, pp. 567-577, 2014.<\/p>\n<\/div>\n\n\n\n<div class=\"wp-block-column is-layout-flow wp-block-column-is-layout-flow\">\n<div class=\"wp-block-buttons is-layout-flex\">\n                <div class=\"wp-block-button has-custom-width wp-block-button__width-100 has-custom-font-size has-small-font-size\"><a target=\"_blank\" class=\"wp-block-button__link has-tertiary-color has-base-background-color has-text-color has-background wp-element-button\" href='https:\/\/www.researchgate.net\/publication\/282647423_Advanced_Control_of_Wind_Electric_Pumping_System_for_Isolated_Areas_Application' rel=\"noopener\">Lien vers l&rsquo;article<\/a><\/div>\n                <\/div>\n<\/div>\n<\/div>\n\n<\/li><li class=\"wp-block-post post-5653 journal_article type-journal_article status-publish hentry journal_article_cat-journaux\">\n\n<hr class=\"wp-block-separator has-text-color has-background-color has-alpha-channel-opacity has-background-background-color has-background is-style-wide\"\/>\n\n\n\n<div class=\"wp-block-columns is-layout-flex wp-container-core-columns-is-layout-28f84493 wp-block-columns-is-layout-flex\">\n<div class=\"wp-block-column is-layout-flow wp-block-column-is-layout-flow\" style=\"flex-basis:30%\">\n<p class=\"has-base-color has-text-color\"><strong>M. Zaouia, H. Denoun, N. Benyahia, M. Bouheraoua, and N. Benamrouche<\/strong><\/p>\n<\/div>\n\n\n\n<div class=\"wp-block-column is-layout-flow wp-block-column-is-layout-flow\" style=\"flex-basis:50%\"><h3 class=\"wp-block-post-title has-text-color has-base-color has-medium-font-size\">2D-FEM Modeling of an Electromagnetic Energy Recovery Damper for Vehicle Applications,<\/h3>\n\n\n<p class=\"has-base-color has-text-color\">International Journal of Electrical Engineering and Informatics, Vol. 6, Number 1, pp. 93-106, 2014.<\/p>\n<\/div>\n\n\n\n<div class=\"wp-block-column is-layout-flow wp-block-column-is-layout-flow\">\n<div class=\"wp-block-buttons is-layout-flex\">\n                <div class=\"wp-block-button has-custom-width wp-block-button__width-100 has-custom-font-size has-small-font-size\"><a target=\"_blank\" class=\"wp-block-button__link has-tertiary-color has-base-background-color has-text-color has-background wp-element-button\" href='https:\/\/www.researchgate.net\/publication\/273487554_2D-FEM_Modeling_of_an_Electromagnetic_Energy_Recovery_Damper_for_Vehicle_Applications' rel=\"noopener\">Lien vers l&rsquo;article<\/a><\/div>\n                <\/div>\n<\/div>\n<\/div>\n\n<\/li><li class=\"wp-block-post post-5639 journal_article type-journal_article status-publish hentry journal_article_cat-journaux\">\n\n<hr class=\"wp-block-separator has-text-color has-background-color has-alpha-channel-opacity has-background-background-color has-background is-style-wide\"\/>\n\n\n\n<div class=\"wp-block-columns is-layout-flex wp-container-core-columns-is-layout-28f84493 wp-block-columns-is-layout-flex\">\n<div class=\"wp-block-column is-layout-flow wp-block-column-is-layout-flow\" style=\"flex-basis:30%\">\n<p class=\"has-base-color has-text-color\"><strong>N. Benyahia, H. Denoun, A. Badji, M. Zaouia, T. Rekioua, and N. Benamrouche<\/strong><\/p>\n<\/div>\n\n\n\n<div class=\"wp-block-column is-layout-flow wp-block-column-is-layout-flow\" style=\"flex-basis:50%\"><h3 class=\"wp-block-post-title has-text-color has-base-color has-medium-font-size\">MPPT Controller for an interleaved Boost dc-dc Converter used in fuel cell electric vehicles,<\/h3>\n\n\n<p class=\"has-base-color has-text-color\">International Journal of Hydrogen Energy, Vol. 39, Issue 27, pp. 15196-15205, 2014.<\/p>\n<\/div>\n\n\n\n<div class=\"wp-block-column is-layout-flow wp-block-column-is-layout-flow\">\n<div class=\"wp-block-buttons is-layout-flex\">\n                <div class=\"wp-block-button has-custom-width wp-block-button__width-100 has-custom-font-size has-small-font-size\"><a target=\"_blank\" class=\"wp-block-button__link has-tertiary-color has-base-background-color has-text-color has-background wp-element-button\" href='https:\/\/doi.org\/10.1016\/j.ijhydene.2014.03.185' rel=\"noopener\">Lien vers l&rsquo;article<\/a><\/div>\n                <\/div>\n<\/div>\n<\/div>\n\n<\/li><li class=\"wp-block-post post-5356 journal_article type-journal_article status-publish hentry journal_article_cat-journaux\">\n\n<hr class=\"wp-block-separator has-text-color has-background-color has-alpha-channel-opacity has-background-background-color has-background is-style-wide\"\/>\n\n\n\n<div class=\"wp-block-columns is-layout-flex wp-container-core-columns-is-layout-28f84493 wp-block-columns-is-layout-flex\">\n<div class=\"wp-block-column is-layout-flow wp-block-column-is-layout-flow\" style=\"flex-basis:30%\">\n<p class=\"has-base-color has-text-color\"><strong>A. Bennassar, A. Abbou, M. Akherraz, A. Essalmi, M. Barara, and H. Mahmoudi<\/strong><\/p>\n<\/div>\n\n\n\n<div class=\"wp-block-column is-layout-flow wp-block-column-is-layout-flow\" style=\"flex-basis:50%\"><h3 class=\"wp-block-post-title has-text-color has-base-color has-medium-font-size\">Sensorless sliding mode control of induction motor based on Luenberger observer using fuzzy logic adaptation mechanism,<\/h3>\n\n\n<p class=\"has-base-color has-text-color\">Journal of Theoretical and Applied Information Technology, Vol. 65, Issue 1, pp. 130-136, 2014.  <\/p>\n<\/div>\n\n\n\n<div class=\"wp-block-column is-layout-flow wp-block-column-is-layout-flow\">\n<div class=\"wp-block-buttons is-layout-flex\">\n                <div class=\"wp-block-button has-custom-width wp-block-button__width-100 has-custom-font-size has-small-font-size\"><a target=\"_blank\" class=\"wp-block-button__link has-tertiary-color has-base-background-color has-text-color has-background wp-element-button\" href='https:\/\/www.researchgate.net\/publication\/287213324_Sensorless_sliding_mode_control_of_induction_motor_based_on_Luenberger_observer_using_fuzzy_logic_adaptation_mechanism' rel=\"noopener\">Lien vers l&rsquo;article<\/a><\/div>\n                <\/div>\n<\/div>\n<\/div>\n\n<\/li><li class=\"wp-block-post post-4405 journal_article type-journal_article status-publish hentry journal_article_cat-journaux\">\n\n<hr class=\"wp-block-separator has-text-color has-background-color has-alpha-channel-opacity has-background-background-color has-background is-style-wide\"\/>\n\n\n\n<div class=\"wp-block-columns is-layout-flex wp-container-core-columns-is-layout-28f84493 wp-block-columns-is-layout-flex\">\n<div class=\"wp-block-column is-layout-flow wp-block-column-is-layout-flow\" style=\"flex-basis:30%\">\n<p class=\"has-base-color has-text-color\"><strong>G. Belkacem, S.  Lefebvre, P-Y. Joubert, M. Berkani, and G. Rostaing<\/strong><\/p>\n<\/div>\n\n\n\n<div class=\"wp-block-column is-layout-flow wp-block-column-is-layout-flow\" style=\"flex-basis:50%\"><h3 class=\"wp-block-post-title has-text-color has-base-color has-medium-font-size\">Distributed and Coupled Electrothermal Model of Power Semiconductor Devices,<\/h3>\n\n\n<p class=\"has-base-color has-text-color\">The European Physical Journal Applied Physics, Vol. 66, N\u00b0 2, 2014. <\/p>\n<\/div>\n\n\n\n<div class=\"wp-block-column is-layout-flow wp-block-column-is-layout-flow\">\n<div class=\"wp-block-buttons is-layout-flex\">\n                <div class=\"wp-block-button has-custom-width wp-block-button__width-100 has-custom-font-size has-small-font-size\"><a target=\"_blank\" class=\"wp-block-button__link has-tertiary-color has-base-background-color has-text-color has-background wp-element-button\" href='https:\/\/doi.org\/10.1051\/epjap\/2014130486%20' rel=\"noopener\">Lien vers l&rsquo;article<\/a><\/div>\n                <\/div>\n<\/div>\n<\/div>\n\n<\/li><li class=\"wp-block-post post-4324 journal_article type-journal_article status-publish hentry journal_article_cat-journaux\">\n\n<hr class=\"wp-block-separator has-text-color has-background-color has-alpha-channel-opacity has-background-background-color has-background is-style-wide\"\/>\n\n\n\n<div class=\"wp-block-columns is-layout-flex wp-container-core-columns-is-layout-28f84493 wp-block-columns-is-layout-flex\">\n<div class=\"wp-block-column is-layout-flow wp-block-column-is-layout-flow\" style=\"flex-basis:30%\">\n<p class=\"has-base-color has-text-color\"><strong>A. Dandoush, S. Alouf, and P. Nain<\/strong><\/p>\n<\/div>\n\n\n\n<div class=\"wp-block-column is-layout-flow wp-block-column-is-layout-flow\" style=\"flex-basis:50%\"><h3 class=\"wp-block-post-title has-text-color has-base-color has-medium-font-size\">Lifetime and availability of data stored on a P2P system: Evaluation of redundancy and recovery schemes,<\/h3>\n\n\n<p class=\"has-base-color has-text-color\">Computer Networks, Elsevier, Vol. 64, pp. 243-260, 2014.<\/p>\n<\/div>\n\n\n\n<div class=\"wp-block-column is-layout-flow wp-block-column-is-layout-flow\">\n<div class=\"wp-block-buttons is-layout-flex\">\n                <div class=\"wp-block-button has-custom-width wp-block-button__width-100 has-custom-font-size has-small-font-size\"><a target=\"_blank\" class=\"wp-block-button__link has-tertiary-color has-base-background-color has-text-color has-background wp-element-button\" href='https:\/\/www.sciencedirect.com\/science\/article\/abs\/pii\/S1389128614000772?via%3Dihub' rel=\"noopener\">Lien vers l&rsquo;article<\/a><\/div>\n                <\/div>\n<\/div>\n<\/div>\n\n<\/li><li class=\"wp-block-post post-5355 journal_article type-journal_article status-publish hentry journal_article_cat-journaux\">\n\n<hr class=\"wp-block-separator has-text-color has-background-color has-alpha-channel-opacity has-background-background-color has-background is-style-wide\"\/>\n\n\n\n<div class=\"wp-block-columns is-layout-flex wp-container-core-columns-is-layout-28f84493 wp-block-columns-is-layout-flex\">\n<div class=\"wp-block-column is-layout-flow wp-block-column-is-layout-flow\" style=\"flex-basis:30%\">\n<p class=\"has-base-color has-text-color\"><strong>A. Bennassar, A. Abbou, M. Akherraz, and M. Barara<\/strong><\/p>\n<\/div>\n\n\n\n<div class=\"wp-block-column is-layout-flow wp-block-column-is-layout-flow\" style=\"flex-basis:50%\"><h3 class=\"wp-block-post-title has-text-color has-base-color has-medium-font-size\">A new sensorless control design of induction motor based on backstepping sliding mode approach,<\/h3>\n\n\n<p class=\"has-base-color has-text-color\">International Review on Modelling and Simulations, Vol. 7, Issue 1, pp. 37-44, 2014. <\/p>\n<\/div>\n\n\n\n<div class=\"wp-block-column is-layout-flow wp-block-column-is-layout-flow\">\n<div class=\"wp-block-buttons is-layout-flex\">\n                <div class=\"wp-block-button has-custom-width wp-block-button__width-100 has-custom-font-size has-small-font-size\"><a target=\"_blank\" class=\"wp-block-button__link has-tertiary-color has-base-background-color has-text-color has-background wp-element-button\" href='https:\/\/www.praiseworthyprize.org\/jsm\/index.php?journal=iremos&amp;page=article&amp;op=view&amp;path%5B%5D=14550' rel=\"noopener\">Lien vers l&rsquo;article<\/a><\/div>\n                <\/div>\n<\/div>\n<\/div>\n\n<\/li><li class=\"wp-block-post post-4891 journal_article type-journal_article status-publish hentry journal_article_cat-journaux\">\n\n<hr class=\"wp-block-separator has-text-color has-background-color has-alpha-channel-opacity has-background-background-color has-background is-style-wide\"\/>\n\n\n\n<div class=\"wp-block-columns is-layout-flex wp-container-core-columns-is-layout-28f84493 wp-block-columns-is-layout-flex\">\n<div class=\"wp-block-column is-layout-flow wp-block-column-is-layout-flow\" style=\"flex-basis:30%\">\n<p class=\"has-base-color has-text-color\"><strong>A. Bareggi<\/strong><\/p>\n<\/div>\n\n\n\n<div class=\"wp-block-column is-layout-flow wp-block-column-is-layout-flow\" style=\"flex-basis:50%\"><h3 class=\"wp-block-post-title has-text-color has-base-color has-medium-font-size\">\u00ab\u00a0Fantasie sopra Iste Confessor et sopra Ave Maris Stella\u00a0\u00bb by Rocco Rodio.\u00a0Analysis of the original edition and diplomatic transcription,<\/h3>\n\n\n<p class=\"has-base-color has-text-color\">Music &#8211; Integration \u2013 Interpretation, Vol. 17, pp. 141-191, 2014.<\/p>\n<\/div>\n\n\n\n<div class=\"wp-block-column is-layout-flow wp-block-column-is-layout-flow\">\n<div class=\"wp-block-buttons is-layout-flex\">\n                <div class=\"wp-block-button has-custom-width wp-block-button__width-100 has-custom-font-size has-small-font-size\"><a target=\"_blank\" class=\"wp-block-button__link has-tertiary-color has-base-background-color has-text-color has-background wp-element-button\" href='https:\/\/www.researchgate.net\/publication\/267390005_THE_FANTASIE_SOPRA_ISTE_CONFESSOR_AND_SOPRA_AVE_MARIS_STELLA_BY_ROCCO_RODIO_Analysis_of_the_original_edition_and_diplomatic_transcription' rel=\"noopener\">Lien vers l&rsquo;article<\/a><\/div>\n                <\/div>\n<\/div>\n<\/div>\n\n<\/li><li class=\"wp-block-post post-4889 journal_article type-journal_article status-publish hentry journal_article_cat-journaux\">\n\n<hr class=\"wp-block-separator has-text-color has-background-color has-alpha-channel-opacity has-background-background-color has-background is-style-wide\"\/>\n\n\n\n<div class=\"wp-block-columns is-layout-flex wp-container-core-columns-is-layout-28f84493 wp-block-columns-is-layout-flex\">\n<div class=\"wp-block-column is-layout-flow wp-block-column-is-layout-flow\" style=\"flex-basis:30%\">\n<p class=\"has-base-color has-text-color\"><strong>S. Gatouillat, A. Bareggi, E. Vidal-Sall\u00e9, and P. Boisse<\/strong><\/p>\n<\/div>\n\n\n\n<div class=\"wp-block-column is-layout-flow wp-block-column-is-layout-flow\" style=\"flex-basis:50%\"><h3 class=\"wp-block-post-title has-text-color has-base-color has-medium-font-size\">Meso modelling for composite preform shaping \u2013 Simulation of the loss of cohesion of the woven fibre network,<\/h3>\n\n\n<p class=\"has-base-color has-text-color\">Composites Part A: Applied Science and Manufacturing, Vol. 54, pp. 135-144, 2013.<\/p>\n<\/div>\n\n\n\n<div class=\"wp-block-column is-layout-flow wp-block-column-is-layout-flow\">\n<div class=\"wp-block-buttons is-layout-flex\">\n                <div class=\"wp-block-button has-custom-width wp-block-button__width-100 has-custom-font-size has-small-font-size\"><a target=\"_blank\" class=\"wp-block-button__link has-tertiary-color has-base-background-color has-text-color has-background wp-element-button\" href='https:\/\/www.sciencedirect.com\/science\/article\/abs\/pii\/S1359835X13001942' rel=\"noopener\">Lien vers l&rsquo;article<\/a><\/div>\n                <\/div>\n<\/div>\n<\/div>\n\n<\/li><li class=\"wp-block-post post-4557 journal_article type-journal_article status-publish hentry journal_article_cat-journaux\">\n\n<hr class=\"wp-block-separator has-text-color has-background-color has-alpha-channel-opacity has-background-background-color has-background is-style-wide\"\/>\n\n\n\n<div class=\"wp-block-columns is-layout-flex wp-container-core-columns-is-layout-28f84493 wp-block-columns-is-layout-flex\">\n<div class=\"wp-block-column is-layout-flow wp-block-column-is-layout-flow\" style=\"flex-basis:30%\">\n<p class=\"has-base-color has-text-color\"><strong>M. Maidi, M. Mallem, L. Benchikh, and S. Otmane<\/strong><\/p>\n<\/div>\n\n\n\n<div class=\"wp-block-column is-layout-flow wp-block-column-is-layout-flow\" style=\"flex-basis:50%\"><h3 class=\"wp-block-post-title has-text-color has-base-color has-medium-font-size\">An Evaluation of Camera Pose Methods for an Augmented Reality System: Application to Teaching Industrial Robots,<\/h3>\n\n\n<p class=\"has-base-color has-text-color\">Transactions on Computational Science XVII, Vol. 7420, Part 1, Chapter 1, pp. 3-30, Springer, 2013.<\/p>\n<\/div>\n\n\n\n<div class=\"wp-block-column is-layout-flow wp-block-column-is-layout-flow\">\n<div class=\"wp-block-buttons is-layout-flex\">\n                <div class=\"wp-block-button has-custom-width wp-block-button__width-100 has-custom-font-size has-small-font-size\"><a target=\"_blank\" class=\"wp-block-button__link has-tertiary-color has-base-background-color has-text-color has-background wp-element-button\" href='https:\/\/doi.org\/10.1007\/978-3-642-35840-1_1' rel=\"noopener\">Lien vers l&rsquo;article<\/a><\/div>\n                <\/div>\n<\/div>\n<\/div>\n\n<\/li><li class=\"wp-block-post post-5655 journal_article type-journal_article status-publish hentry journal_article_cat-journaux\">\n\n<hr class=\"wp-block-separator has-text-color has-background-color has-alpha-channel-opacity has-background-background-color has-background is-style-wide\"\/>\n\n\n\n<div class=\"wp-block-columns is-layout-flex wp-container-core-columns-is-layout-28f84493 wp-block-columns-is-layout-flex\">\n<div class=\"wp-block-column is-layout-flow wp-block-column-is-layout-flow\" style=\"flex-basis:30%\">\n<p class=\"has-base-color has-text-color\"><strong>N. Benyahia, H. Denoun, M. Zaouia, S. Tamalouzt, M. Bouheraoua, N. Benamrouche, T. Rekioua, and S. Haddad<\/strong><\/p>\n<\/div>\n\n\n\n<div class=\"wp-block-column is-layout-flow wp-block-column-is-layout-flow\" style=\"flex-basis:50%\"><h3 class=\"wp-block-post-title has-text-color has-base-color has-medium-font-size\">Characterization and control of supercapacitors bank for Stand-Alone Photovoltaic Energy,<\/h3>\n\n\n<p class=\"has-base-color has-text-color\">Journal of Energy Procedia, Vol. 42, pp. 539-548, 2013.<\/p>\n<\/div>\n\n\n\n<div class=\"wp-block-column is-layout-flow wp-block-column-is-layout-flow\">\n<div class=\"wp-block-buttons is-layout-flex\">\n                <div class=\"wp-block-button has-custom-width wp-block-button__width-100 has-custom-font-size has-small-font-size\"><a target=\"_blank\" class=\"wp-block-button__link has-tertiary-color has-base-background-color has-text-color has-background wp-element-button\" href='https:\/\/doi.org\/10.1016\/j.egypro.2013.11.055' rel=\"noopener\">Lien vers l&rsquo;article<\/a><\/div>\n                <\/div>\n<\/div>\n<\/div>\n\n<\/li><li class=\"wp-block-post post-5654 journal_article type-journal_article status-publish hentry journal_article_cat-journaux\">\n\n<hr class=\"wp-block-separator has-text-color has-background-color has-alpha-channel-opacity has-background-background-color has-background is-style-wide\"\/>\n\n\n\n<div class=\"wp-block-columns is-layout-flex wp-container-core-columns-is-layout-28f84493 wp-block-columns-is-layout-flex\">\n<div class=\"wp-block-column is-layout-flow wp-block-column-is-layout-flow\" style=\"flex-basis:30%\">\n<p class=\"has-base-color has-text-color\"><strong>N. Benyahia, T. Rekioua, N. Benamrouche, and A. Bousbaine<\/strong><\/p>\n<\/div>\n\n\n\n<div class=\"wp-block-column is-layout-flow wp-block-column-is-layout-flow\" style=\"flex-basis:50%\"><h3 class=\"wp-block-post-title has-text-color has-base-color has-medium-font-size\">Fuel Cell Emulator for Supercapacitor Energy Storage Applications,<\/h3>\n\n\n<p class=\"has-base-color has-text-color\">Electric Power Components and Systems, Vol. 41, Issue 6, pp. 569-585, 2013.<\/p>\n<\/div>\n\n\n\n<div class=\"wp-block-column is-layout-flow wp-block-column-is-layout-flow\">\n<div class=\"wp-block-buttons is-layout-flex\">\n                <div class=\"wp-block-button has-custom-width wp-block-button__width-100 has-custom-font-size has-small-font-size\"><a target=\"_blank\" class=\"wp-block-button__link has-tertiary-color has-base-background-color has-text-color has-background wp-element-button\" href='https:\/\/doi.org\/10.1080\/15325008.2012.755234' rel=\"noopener\">Lien vers l&rsquo;article<\/a><\/div>\n                <\/div>\n<\/div>\n<\/div>\n\n<\/li><li class=\"wp-block-post post-5358 journal_article type-journal_article status-publish hentry journal_article_cat-journaux\">\n\n<hr class=\"wp-block-separator has-text-color has-background-color has-alpha-channel-opacity has-background-background-color has-background is-style-wide\"\/>\n\n\n\n<div class=\"wp-block-columns is-layout-flex wp-container-core-columns-is-layout-28f84493 wp-block-columns-is-layout-flex\">\n<div class=\"wp-block-column is-layout-flow wp-block-column-is-layout-flow\" style=\"flex-basis:30%\">\n<p class=\"has-base-color has-text-color\"><strong>A. Abbou, M. Barara, A. Ouchati, M. Akherraz, and H. Mahmoudi<\/strong><\/p>\n<\/div>\n\n\n\n<div class=\"wp-block-column is-layout-flow wp-block-column-is-layout-flow\" style=\"flex-basis:50%\"><h3 class=\"wp-block-post-title has-text-color has-base-color has-medium-font-size\">Capacitance required analysis for self excited induction generator,<\/h3>\n\n\n<p class=\"has-base-color has-text-color\">Journal of Theoretical and Applied Information Technology, Vol. 55, Issue 3, 2013. <\/p>\n<\/div>\n\n\n\n<div class=\"wp-block-column is-layout-flow wp-block-column-is-layout-flow\">\n<div class=\"wp-block-buttons is-layout-flex\">\n                <div class=\"wp-block-button has-custom-width wp-block-button__width-100 has-custom-font-size has-small-font-size\"><a target=\"_blank\" class=\"wp-block-button__link has-tertiary-color has-base-background-color has-text-color has-background wp-element-button\" href='https:\/\/www.researchgate.net\/publication\/287702318_Capacitance_required_analysis_for_self-excited_induction_generateur' rel=\"noopener\">Lien vers l&rsquo;article<\/a><\/div>\n                <\/div>\n<\/div>\n<\/div>\n\n<\/li><li class=\"wp-block-post post-5344 journal_article type-journal_article status-publish hentry journal_article_cat-journaux\">\n\n<hr class=\"wp-block-separator has-text-color has-background-color has-alpha-channel-opacity has-background-background-color has-background is-style-wide\"\/>\n\n\n\n<div class=\"wp-block-columns is-layout-flex wp-container-core-columns-is-layout-28f84493 wp-block-columns-is-layout-flex\">\n<div class=\"wp-block-column is-layout-flow wp-block-column-is-layout-flow\" style=\"flex-basis:30%\">\n<p class=\"has-base-color has-text-color\"><strong>M. Barara, A. Abbou, M. Akherraz, D. Taibi, and A. Bennassar<\/strong><\/p>\n<\/div>\n\n\n\n<div class=\"wp-block-column is-layout-flow wp-block-column-is-layout-flow\" style=\"flex-basis:50%\"><h3 class=\"wp-block-post-title has-text-color has-base-color has-medium-font-size\">Modeling and control voltage of wind pumping systems using a self excited induction generator,<\/h3>\n\n\n<p class=\"has-base-color has-text-color\">International Journal on Electrical Engineering and Informatics, Vol. 5, Issue 2, pp. 164-172, 2013. <\/p>\n<\/div>\n\n\n\n<div class=\"wp-block-column is-layout-flow wp-block-column-is-layout-flow\">\n<div class=\"wp-block-buttons is-layout-flex\">\n                <div class=\"wp-block-button has-custom-width wp-block-button__width-100 has-custom-font-size has-small-font-size\"><a target=\"_blank\" class=\"wp-block-button__link has-tertiary-color has-base-background-color has-text-color has-background wp-element-button\" href='https:\/\/www.semanticscholar.org\/paper\/Modeling-and-Control-Voltage-of-Wind-Pumping-using-Barara-Abbou\/f5805a51dd1c42e321b62f8fd2c5695dd81cefdc' rel=\"noopener\">Lien vers l&rsquo;article<\/a><\/div>\n                <\/div>\n<\/div>\n<\/div>\n\n<\/li><li class=\"wp-block-post post-5351 journal_article type-journal_article status-publish hentry journal_article_cat-journaux\">\n\n<hr class=\"wp-block-separator has-text-color has-background-color has-alpha-channel-opacity has-background-background-color has-background is-style-wide\"\/>\n\n\n\n<div class=\"wp-block-columns is-layout-flex wp-container-core-columns-is-layout-28f84493 wp-block-columns-is-layout-flex\">\n<div class=\"wp-block-column is-layout-flow wp-block-column-is-layout-flow\" style=\"flex-basis:30%\">\n<p class=\"has-base-color has-text-color\"><strong>A. Bennassar, A. Abbou, M. Akherraz, and M. Barara  <\/strong><\/p>\n<\/div>\n\n\n\n<div class=\"wp-block-column is-layout-flow wp-block-column-is-layout-flow\" style=\"flex-basis:50%\"><h3 class=\"wp-block-post-title has-text-color has-base-color has-medium-font-size\">Fuzzy logic speed control for sensorless indirect field oriented of induction motor using an extended Kalman filter,<\/h3>\n\n\n<p class=\"has-base-color has-text-color\">International Review of Automatic Control, Vol. 6, Issue 3, pp. 332-339, 2013. <\/p>\n<\/div>\n\n\n\n<div class=\"wp-block-column is-layout-flow wp-block-column-is-layout-flow\">\n<div class=\"wp-block-buttons is-layout-flex\">\n                <div class=\"wp-block-button has-custom-width wp-block-button__width-100 has-custom-font-size has-small-font-size\"><a target=\"_blank\" class=\"wp-block-button__link has-tertiary-color has-base-background-color has-text-color has-background wp-element-button\" href='https:\/\/www.researchgate.net\/publication\/286013789_Fuzzy_logic_speed_control_for_sensorless_indirect_field_oriented_of_induction_motor_using_an_extended_Kalman_filter' rel=\"noopener\">Lien vers l&rsquo;article<\/a><\/div>\n                <\/div>\n<\/div>\n<\/div>\n\n<\/li><li class=\"wp-block-post post-4410 journal_article type-journal_article status-publish hentry journal_article_cat-journaux\">\n\n<hr class=\"wp-block-separator has-text-color has-background-color has-alpha-channel-opacity has-background-background-color has-background is-style-wide\"\/>\n\n\n\n<div class=\"wp-block-columns is-layout-flex wp-container-core-columns-is-layout-28f84493 wp-block-columns-is-layout-flex\">\n<div class=\"wp-block-column is-layout-flow wp-block-column-is-layout-flow\" style=\"flex-basis:30%\">\n<p class=\"has-base-color has-text-color\"><strong>C. Ledoux, P. Lefranc, and C. Larouci<\/strong><\/p>\n<\/div>\n\n\n\n<div class=\"wp-block-column is-layout-flow wp-block-column-is-layout-flow\" style=\"flex-basis:50%\"><h3 class=\"wp-block-post-title has-text-color has-base-color has-medium-font-size\">Pre-sizing methodology of embedded static converters using a virtual prototyping tool based on an optimisation under constraints method: comparaison of two power-sharing topologies,<\/h3>\n\n\n<p class=\"has-base-color has-text-color\">IET Electrical Systems in Transportation, Vol. 3, pp. 1-9, 2013.<\/p>\n<\/div>\n\n\n\n<div class=\"wp-block-column is-layout-flow wp-block-column-is-layout-flow\">\n<div class=\"wp-block-buttons is-layout-flex\">\n                <div class=\"wp-block-button has-custom-width wp-block-button__width-100 has-custom-font-size has-small-font-size\"><a target=\"_blank\" class=\"wp-block-button__link has-tertiary-color has-base-background-color has-text-color has-background wp-element-button\" href='https:\/\/doi.org\/10.1049\/iet-est.2011.0027' rel=\"noopener\">Lien vers l&rsquo;article<\/a><\/div>\n                <\/div>\n<\/div>\n<\/div>\n\n<\/li><li class=\"wp-block-post post-5176 journal_article type-journal_article status-publish hentry journal_article_cat-journaux\">\n\n<hr class=\"wp-block-separator has-text-color has-background-color has-alpha-channel-opacity has-background-background-color has-background is-style-wide\"\/>\n\n\n\n<div class=\"wp-block-columns is-layout-flex wp-container-core-columns-is-layout-28f84493 wp-block-columns-is-layout-flex\">\n<div class=\"wp-block-column is-layout-flow wp-block-column-is-layout-flow\" style=\"flex-basis:30%\">\n<p class=\"has-base-color has-text-color\"><strong>I. Belaid, B. Ouni, F. Muller, M. Benjemaa<\/strong><\/p>\n<\/div>\n\n\n\n<div class=\"wp-block-column is-layout-flow wp-block-column-is-layout-flow\" style=\"flex-basis:50%\"><h3 class=\"wp-block-post-title has-text-color has-base-color has-medium-font-size\">Complete and Approximate Methods for Off-Line Placement of Hardware Tasks on Reconfigurable Devices,<\/h3>\n\n\n<p class=\"has-base-color has-text-color\">Journal of Circuits, Systems and Computers, JCSC, Vol. 22, Issue 2, February 2013.<\/p>\n<\/div>\n\n\n\n<div class=\"wp-block-column is-layout-flow wp-block-column-is-layout-flow\">\n<div class=\"wp-block-buttons is-layout-flex\">\n                <div class=\"wp-block-button has-custom-width wp-block-button__width-100 has-custom-font-size has-small-font-size\"><a target=\"_blank\" class=\"wp-block-button__link has-tertiary-color has-base-background-color has-text-color has-background wp-element-button\" href='https:\/\/hal.archives-ouvertes.fr\/hal-00770589' rel=\"noopener\">Lien vers l&rsquo;article<\/a><\/div>\n                <\/div>\n<\/div>\n<\/div>\n\n<\/li><li class=\"wp-block-post post-5354 journal_article type-journal_article status-publish hentry journal_article_cat-journaux\">\n\n<hr class=\"wp-block-separator has-text-color has-background-color has-alpha-channel-opacity has-background-background-color has-background is-style-wide\"\/>\n\n\n\n<div class=\"wp-block-columns is-layout-flex wp-container-core-columns-is-layout-28f84493 wp-block-columns-is-layout-flex\">\n<div class=\"wp-block-column is-layout-flow wp-block-column-is-layout-flow\" style=\"flex-basis:30%\">\n<p class=\"has-base-color has-text-color\"><strong>A. Bennassar, A. Abbou, M. Akherraz, and M. Barara<\/strong><\/p>\n<\/div>\n\n\n\n<div class=\"wp-block-column is-layout-flow wp-block-column-is-layout-flow\" style=\"flex-basis:50%\"><h3 class=\"wp-block-post-title has-text-color has-base-color has-medium-font-size\">A comparative study of IP, fuzzy logic and sliding mode controllers in a speed vector control of induction motor,<\/h3>\n\n\n<p class=\"has-base-color has-text-color\">International Review on Modelling and Simulations, Vol. 6, Issue 6, pp. 1865-1871, 2013. <\/p>\n<\/div>\n\n\n\n<div class=\"wp-block-column is-layout-flow wp-block-column-is-layout-flow\">\n<div class=\"wp-block-buttons is-layout-flex\">\n                <div class=\"wp-block-button has-custom-width wp-block-button__width-100 has-custom-font-size has-small-font-size\"><a target=\"_blank\" class=\"wp-block-button__link has-tertiary-color has-base-background-color has-text-color has-background wp-element-button\" href='https:\/\/www.praiseworthyprize.org\/jsm\/index.php?journal=iremos&amp;page=article&amp;op=view&amp;path%5B%5D=14191' rel=\"noopener\">Lien vers l&rsquo;article<\/a><\/div>\n                <\/div>\n<\/div>\n<\/div>\n\n<\/li><li class=\"wp-block-post post-5353 journal_article type-journal_article status-publish hentry journal_article_cat-journaux\">\n\n<hr class=\"wp-block-separator has-text-color has-background-color has-alpha-channel-opacity has-background-background-color has-background is-style-wide\"\/>\n\n\n\n<div class=\"wp-block-columns is-layout-flex wp-container-core-columns-is-layout-28f84493 wp-block-columns-is-layout-flex\">\n<div class=\"wp-block-column is-layout-flow wp-block-column-is-layout-flow\" style=\"flex-basis:30%\">\n<p class=\"has-base-color has-text-color\"><strong>M. Barara, A. Abbou, M. Akherraz, A. Bennaser, and D. Taibi <\/strong><\/p>\n<\/div>\n\n\n\n<div class=\"wp-block-column is-layout-flow wp-block-column-is-layout-flow\" style=\"flex-basis:50%\"><h3 class=\"wp-block-post-title has-text-color has-base-color has-medium-font-size\">Comparative study of PI and fuzzy DC voltage control for a wind energy conversion system,<\/h3>\n\n\n<p class=\"has-base-color has-text-color\">International Review on Modelling and Simulations, Vol. 6, Issue 2, p. 396, 2013. <\/p>\n<\/div>\n\n\n\n<div class=\"wp-block-column is-layout-flow wp-block-column-is-layout-flow\">\n<div class=\"wp-block-buttons is-layout-flex\">\n                <div class=\"wp-block-button has-custom-width wp-block-button__width-100 has-custom-font-size has-small-font-size\"><a target=\"_blank\" class=\"wp-block-button__link has-tertiary-color has-base-background-color has-text-color has-background wp-element-button\" href='https:\/\/www.praiseworthyprize.org\/jsm\/index.php?journal=iremos&amp;page=article&amp;op=view&amp;path%5B%5D=12323e' rel=\"noopener\">Lien vers l&rsquo;article<\/a><\/div>\n                <\/div>\n<\/div>\n<\/div>\n\n<\/li><li class=\"wp-block-post post-5352 journal_article type-journal_article status-publish hentry journal_article_cat-journaux\">\n\n<hr class=\"wp-block-separator has-text-color has-background-color has-alpha-channel-opacity has-background-background-color has-background is-style-wide\"\/>\n\n\n\n<div class=\"wp-block-columns is-layout-flex wp-container-core-columns-is-layout-28f84493 wp-block-columns-is-layout-flex\">\n<div class=\"wp-block-column is-layout-flow wp-block-column-is-layout-flow\" style=\"flex-basis:30%\">\n<p class=\"has-base-color has-text-color\"><strong>A. Bennassar, A. Abbou, M. Akherraz, and M. Barara, <\/strong><\/p>\n<\/div>\n\n\n\n<div class=\"wp-block-column is-layout-flow wp-block-column-is-layout-flow\" style=\"flex-basis:50%\"><h3 class=\"wp-block-post-title has-text-color has-base-color has-medium-font-size\">Sensorless backstepping control using an adaptive Luenberger observer with three levels npc inverter,<\/h3>\n\n\n<p class=\"has-base-color has-text-color\">World Academy of Science, Engineering and Technology, International Journal of Electrical Science and Engineering, Vol. 7, Issue. 8, pp. 1102-1108, 2013. <\/p>\n<\/div>\n\n\n\n<div class=\"wp-block-column is-layout-flow wp-block-column-is-layout-flow\">\n<div class=\"wp-block-buttons is-layout-flex\">\n                <div class=\"wp-block-button has-custom-width wp-block-button__width-100 has-custom-font-size has-small-font-size\"><a target=\"_blank\" class=\"wp-block-button__link has-tertiary-color has-base-background-color has-text-color has-background wp-element-button\" href='https:\/\/www.researchgate.net\/publication\/287211244_Sensorless_backstepping_control_using_an_adaptive_Luenberger_observer_with_three_levels_NPC_inverter' rel=\"noopener\">Lien vers l&rsquo;article<\/a><\/div>\n                <\/div>\n<\/div>\n<\/div>\n\n<\/li><li class=\"wp-block-post post-4411 journal_article type-journal_article status-publish hentry journal_article_cat-journaux\">\n\n<hr class=\"wp-block-separator has-text-color has-background-color has-alpha-channel-opacity has-background-background-color has-background is-style-wide\"\/>\n\n\n\n<div class=\"wp-block-columns is-layout-flex wp-container-core-columns-is-layout-28f84493 wp-block-columns-is-layout-flex\">\n<div class=\"wp-block-column is-layout-flow wp-block-column-is-layout-flow\" style=\"flex-basis:30%\">\n<p class=\"has-base-color has-text-color\"><strong>C. Ledoux, P. Lefranc, and C. Larouci<\/strong><\/p>\n<\/div>\n\n\n\n<div class=\"wp-block-column is-layout-flow wp-block-column-is-layout-flow\" style=\"flex-basis:50%\"><h3 class=\"wp-block-post-title has-text-color has-base-color has-medium-font-size\">Pre-sizing methodology of DC-AC converters using a virtual prototyping tool applied to sequential multi-load systems,<\/h3>\n\n\n<p class=\"has-base-color has-text-color\">IET Power Electronics, The Institution of Engineering and Technology, Vol. 6, pp. 244-250, 2013.<\/p>\n<\/div>\n\n\n\n<div class=\"wp-block-column is-layout-flow wp-block-column-is-layout-flow\">\n<div class=\"wp-block-buttons is-layout-flex\">\n                <div class=\"wp-block-button has-custom-width wp-block-button__width-100 has-custom-font-size has-small-font-size\"><a target=\"_blank\" class=\"wp-block-button__link has-tertiary-color has-base-background-color has-text-color has-background wp-element-button\" href='https:\/\/hal-supelec.archives-ouvertes.fr\/hal-00977656' rel=\"noopener\">Lien vers l&rsquo;article<\/a><\/div>\n                <\/div>\n<\/div>\n<\/div>\n\n<\/li><li class=\"wp-block-post post-4888 journal_article type-journal_article status-publish hentry journal_article_cat-journaux\">\n\n<hr class=\"wp-block-separator has-text-color has-background-color has-alpha-channel-opacity has-background-background-color has-background is-style-wide\"\/>\n\n\n\n<div class=\"wp-block-columns is-layout-flex wp-container-core-columns-is-layout-28f84493 wp-block-columns-is-layout-flex\">\n<div class=\"wp-block-column is-layout-flow wp-block-column-is-layout-flow\" style=\"flex-basis:30%\">\n<p class=\"has-base-color has-text-color\"><strong>A Bareggi, E Maire, O Bouaziz, and M Di Michiel<\/strong><\/p>\n<\/div>\n\n\n\n<div class=\"wp-block-column is-layout-flow wp-block-column-is-layout-flow\" style=\"flex-basis:50%\"><h3 class=\"wp-block-post-title has-text-color has-base-color has-medium-font-size\">Damage in dual phase steels and its constituents studied by X-ray tomography,<\/h3>\n\n\n<p class=\"has-base-color has-text-color\">International Journal of Fracture, Springer Verlag, Vol. 174, Issue 2, pp. 217-227, 2012.<\/p>\n<\/div>\n\n\n\n<div class=\"wp-block-column is-layout-flow wp-block-column-is-layout-flow\">\n<div class=\"wp-block-buttons is-layout-flex\">\n                <div class=\"wp-block-button has-custom-width wp-block-button__width-100 has-custom-font-size has-small-font-size\"><a target=\"_blank\" class=\"wp-block-button__link has-tertiary-color has-base-background-color has-text-color has-background wp-element-button\" href='https:\/\/hal.archives-ouvertes.fr\/hal-01538043' rel=\"noopener\">Lien vers l&rsquo;article<\/a><\/div>\n                <\/div>\n<\/div>\n<\/div>\n\n<\/li><li class=\"wp-block-post post-5359 journal_article type-journal_article status-publish hentry journal_article_cat-journaux\">\n\n<hr class=\"wp-block-separator has-text-color has-background-color has-alpha-channel-opacity has-background-background-color has-background is-style-wide\"\/>\n\n\n\n<div class=\"wp-block-columns is-layout-flex wp-container-core-columns-is-layout-28f84493 wp-block-columns-is-layout-flex\">\n<div class=\"wp-block-column is-layout-flow wp-block-column-is-layout-flow\" style=\"flex-basis:30%\">\n<p class=\"has-base-color has-text-color\"><strong>A.Abbou, M. Akherraz, H. Mahmoudi, and M. Barara<\/strong><\/p>\n<\/div>\n\n\n\n<div class=\"wp-block-column is-layout-flow wp-block-column-is-layout-flow\" style=\"flex-basis:50%\"><h3 class=\"wp-block-post-title has-text-color has-base-color has-medium-font-size\">Control of Isolated Self Excited Induction Generator With DTFC Strategy and DC Voltage Fuzzy Controller Used Wind Turbine,<\/h3>\n\n\n<p class=\"has-base-color has-text-color\">International Review On Modelling and Simulations, Vol. 5, Issue 5, pp. 2017-2025, 2012.<\/p>\n<\/div>\n\n\n\n<div class=\"wp-block-column is-layout-flow wp-block-column-is-layout-flow\">\n<div class=\"wp-block-buttons is-layout-flex\">\n                <div class=\"wp-block-button has-custom-width wp-block-button__width-100 has-custom-font-size has-small-font-size\"><a target=\"_blank\" class=\"wp-block-button__link has-tertiary-color has-base-background-color has-text-color has-background wp-element-button\" href='https:\/\/www.researchgate.net\/publication\/282722330_Control_of_isolated_self-excited_induction_generator_with_DTFC_strategy_and_DC_voltage_fuzzy_controller_used_in_wind_turbine' rel=\"noopener\">Lien vers l&rsquo;article<\/a><\/div>\n                <\/div>\n<\/div>\n<\/div>\n\n<\/li><li class=\"wp-block-post post-5178 journal_article type-journal_article status-publish hentry journal_article_cat-journaux\">\n\n<hr class=\"wp-block-separator has-text-color has-background-color has-alpha-channel-opacity has-background-background-color has-background is-style-wide\"\/>\n\n\n\n<div class=\"wp-block-columns is-layout-flex wp-container-core-columns-is-layout-28f84493 wp-block-columns-is-layout-flex\">\n<div class=\"wp-block-column is-layout-flow wp-block-column-is-layout-flow\" style=\"flex-basis:30%\">\n<p class=\"has-base-color has-text-color\"><strong>B. Ouni, C. Belleudy, and E. Senn<\/strong><\/p>\n<\/div>\n\n\n\n<div class=\"wp-block-column is-layout-flow wp-block-column-is-layout-flow\" style=\"flex-basis:50%\"><h3 class=\"wp-block-post-title has-text-color has-base-color has-medium-font-size\">Accurate energy characterization of OS services in embedded systems,<\/h3>\n\n\n<p class=\"has-base-color has-text-color\">EURASIP Journal on Embedded Systems, Vol. 2012, Issue 6, July 2012.<\/p>\n<\/div>\n\n\n\n<div class=\"wp-block-column is-layout-flow wp-block-column-is-layout-flow\">\n<div class=\"wp-block-buttons is-layout-flex\">\n                <div class=\"wp-block-button has-custom-width wp-block-button__width-100 has-custom-font-size has-small-font-size\"><a target=\"_blank\" class=\"wp-block-button__link has-tertiary-color has-base-background-color has-text-color has-background wp-element-button\" href='https:\/\/hal.archives-ouvertes.fr\/hal-00770584\/' rel=\"noopener\">Lien vers l&rsquo;article<\/a><\/div>\n                <\/div>\n<\/div>\n<\/div>\n\n<\/li><li class=\"wp-block-post post-4678 journal_article type-journal_article status-publish hentry journal_article_cat-journaux\">\n\n<hr class=\"wp-block-separator has-text-color has-background-color has-alpha-channel-opacity has-background-background-color has-background is-style-wide\"\/>\n\n\n\n<div class=\"wp-block-columns is-layout-flex wp-container-core-columns-is-layout-28f84493 wp-block-columns-is-layout-flex\">\n<div class=\"wp-block-column is-layout-flow wp-block-column-is-layout-flow\" style=\"flex-basis:30%\">\n<p class=\"has-base-color has-text-color\"><strong>Y. Chenoune, C. Pellot-Berakat, C. Constantinides, R. El Berbari, M. Lefort, E. Roullot, E. Mousseaux, and F. Frouin<\/strong><\/p>\n<\/div>\n\n\n\n<div class=\"wp-block-column is-layout-flow wp-block-column-is-layout-flow\" style=\"flex-basis:50%\"><h3 class=\"wp-block-post-title has-text-color has-base-color has-medium-font-size\">Methodology for Jointly Assessing Myocardial Infarct Extent and Regional Contraction in 3D-CMRI<\/h3>\n\n\n<p class=\"has-base-color has-text-color\">IEEE Transactions on Biomedical Engineering, 59(9):2650-9, 2012.<\/p>\n<\/div>\n\n\n\n<div class=\"wp-block-column is-layout-flow wp-block-column-is-layout-flow\">\n<div class=\"wp-block-buttons is-layout-flex\">\n                <div class=\"wp-block-button has-custom-width wp-block-button__width-100 has-custom-font-size has-small-font-size\"><a target=\"_blank\" class=\"wp-block-button__link has-tertiary-color has-base-background-color has-text-color has-background wp-element-button\" href='https:\/\/hal.science\/hal-04142254' rel=\"noopener\">Lien vers l&rsquo;article<\/a><\/div>\n                <\/div>\n<\/div>\n<\/div>\n\n<\/li><li class=\"wp-block-post post-5297 journal_article type-journal_article status-publish hentry journal_article_cat-journaux\">\n\n<hr class=\"wp-block-separator has-text-color has-background-color has-alpha-channel-opacity has-background-background-color has-background is-style-wide\"\/>\n\n\n\n<div class=\"wp-block-columns is-layout-flex wp-container-core-columns-is-layout-28f84493 wp-block-columns-is-layout-flex\">\n<div class=\"wp-block-column is-layout-flow wp-block-column-is-layout-flow\" style=\"flex-basis:30%\">\n<p class=\"has-base-color has-text-color\"><strong>C. Le Martret, A. Le Duc, P. Ciblat, and S. Marcille<\/strong><\/p>\n<\/div>\n\n\n\n<div class=\"wp-block-column is-layout-flow wp-block-column-is-layout-flow\" style=\"flex-basis:50%\"><h3 class=\"wp-block-post-title has-text-color has-base-color has-medium-font-size\">Analytical performance derivation of Hybrid ARQ schemes at IP layer,<\/h3>\n\n\n<p class=\"has-base-color has-text-color\">IEEE Transactions on Communications, Vol. 60, Issue 5, pp. 1305-1314, May 2012. <\/p>\n<\/div>\n\n\n\n<div class=\"wp-block-column is-layout-flow wp-block-column-is-layout-flow\">\n<div class=\"wp-block-buttons is-layout-flex\">\n                <div class=\"wp-block-button has-custom-width wp-block-button__width-100 has-custom-font-size has-small-font-size\"><a target=\"_blank\" class=\"wp-block-button__link has-tertiary-color has-base-background-color has-text-color has-background wp-element-button\" href='https:\/\/ieeexplore.ieee.org\/document\/6192276' rel=\"noopener\">Lien vers l&rsquo;article<\/a><\/div>\n                <\/div>\n<\/div>\n<\/div>\n\n<\/li><li class=\"wp-block-post post-4943 journal_article type-journal_article status-publish hentry journal_article_cat-journaux\">\n\n<hr class=\"wp-block-separator has-text-color has-background-color has-alpha-channel-opacity has-background-background-color has-background is-style-wide\"\/>\n\n\n\n<div class=\"wp-block-columns is-layout-flex wp-container-core-columns-is-layout-28f84493 wp-block-columns-is-layout-flex\">\n<div class=\"wp-block-column is-layout-flow wp-block-column-is-layout-flow\" style=\"flex-basis:30%\">\n<p class=\"has-base-color has-text-color\"><strong>M. Graiet, R. Maraoui, M. Kmimech, M. Tahar Bhiri, and W. Gaaloul<\/strong><\/p>\n<\/div>\n\n\n\n<div class=\"wp-block-column is-layout-flow wp-block-column-is-layout-flow\" style=\"flex-basis:50%\"><h3 class=\"wp-block-post-title has-text-color has-base-color has-medium-font-size\">Towards an approach of formal verification of mediation protocol based on web services of MDE type,<\/h3>\n\n\n<p class=\"has-base-color has-text-color\">International Journal of Web Information System (IJWIS), Vol. 8, Issue 1, pp. 32-54, 2012.<\/p>\n<\/div>\n\n\n\n<div class=\"wp-block-column is-layout-flow wp-block-column-is-layout-flow\">\n<div class=\"wp-block-buttons is-layout-flex\">\n                <div class=\"wp-block-button has-custom-width wp-block-button__width-100 has-custom-font-size has-small-font-size\"><a target=\"_blank\" class=\"wp-block-button__link has-tertiary-color has-base-background-color has-text-color has-background wp-element-button\" href='https:\/\/doi.org\/10.1108\/17440081211222582' rel=\"noopener\">Lien vers l&rsquo;article<\/a><\/div>\n                <\/div>\n<\/div>\n<\/div>\n\n<\/li><li class=\"wp-block-post post-5438 journal_article type-journal_article status-publish hentry journal_article_cat-journaux\">\n\n<hr class=\"wp-block-separator has-text-color has-background-color has-alpha-channel-opacity has-background-background-color has-background is-style-wide\"\/>\n\n\n\n<div class=\"wp-block-columns is-layout-flex wp-container-core-columns-is-layout-28f84493 wp-block-columns-is-layout-flex\">\n<div class=\"wp-block-column is-layout-flow wp-block-column-is-layout-flow\" style=\"flex-basis:30%\">\n<p class=\"has-base-color has-text-color\"><strong>C. Landron, E. Maire, O. Bouaziz, J. Adrien, L. Lecarme, A. Bareggi<\/strong><\/p>\n<\/div>\n\n\n\n<div class=\"wp-block-column is-layout-flow wp-block-column-is-layout-flow\" style=\"flex-basis:50%\"><h3 class=\"wp-block-post-title has-text-color has-base-color has-medium-font-size\">Validation of void growth models using X-ray microtomography characterization of damage in dual phase steels,<\/h3>\n\n\n<p class=\"has-base-color has-text-color\">Acta Material, 59(20), pp. 7564\u20137573, 2011.<\/p>\n<\/div>\n\n\n\n<div class=\"wp-block-column is-layout-flow wp-block-column-is-layout-flow\">\n<div class=\"wp-block-buttons is-layout-flex\">\n                <div class=\"wp-block-button has-custom-width wp-block-button__width-100 has-custom-font-size has-small-font-size\"><a target=\"_blank\" class=\"wp-block-button__link has-tertiary-color has-base-background-color has-text-color has-background wp-element-button\" href='https:\/\/www.sciencedirect.com\/science\/article\/abs\/pii\/S1359645411006239' rel=\"noopener\">Lien vers l&rsquo;article<\/a><\/div>\n                <\/div>\n<\/div>\n<\/div>\n\n<\/li><li class=\"wp-block-post post-4950 journal_article type-journal_article status-publish hentry journal_article_cat-journaux\">\n\n<hr class=\"wp-block-separator has-text-color has-background-color has-alpha-channel-opacity has-background-background-color has-background is-style-wide\"\/>\n\n\n\n<div class=\"wp-block-columns is-layout-flex wp-container-core-columns-is-layout-28f84493 wp-block-columns-is-layout-flex\">\n<div class=\"wp-block-column is-layout-flow wp-block-column-is-layout-flow\" style=\"flex-basis:30%\">\n<p class=\"has-base-color has-text-color\"><strong>M. Graiet, L. Hamel, R. Maraoui, M. Kmimech, M. Tahar Bhiri, and W. Gaaloul<\/strong><\/p>\n<\/div>\n\n\n\n<div class=\"wp-block-column is-layout-flow wp-block-column-is-layout-flow\" style=\"flex-basis:50%\"><h3 class=\"wp-block-post-title has-text-color has-base-color has-medium-font-size\">Towards an Approach of Formal Verication of Web Service Composition,<\/h3>\n\n\n<p class=\"has-base-color has-text-color\">International Journal On Advances in Intelligent Systems (IJAIS), Vol. 4, No 3 and 4, pp. 332-342, 2011.<\/p>\n<\/div>\n\n\n\n<div class=\"wp-block-column is-layout-flow wp-block-column-is-layout-flow\">\n<div class=\"wp-block-buttons is-layout-flex\">\n                <div class=\"wp-block-button has-custom-width wp-block-button__width-100 has-custom-font-size has-small-font-size\"><a target=\"_blank\" class=\"wp-block-button__link has-tertiary-color has-base-background-color has-text-color has-background wp-element-button\" href='https:\/\/scholar.google.com\/citations?view_op=view_citation&amp;hl=fr&amp;user=21cLtOsAAAAJ&amp;cstart=20&amp;pagesize=80&amp;citation_for_view=21cLtOsAAAAJ:vV6vV6tmYwMC' rel=\"noopener\">Lien vers l&rsquo;article<\/a><\/div>\n                <\/div>\n<\/div>\n<\/div>\n\n<\/li><li class=\"wp-block-post post-4887 journal_article type-journal_article status-publish hentry journal_article_cat-journaux\">\n\n<hr class=\"wp-block-separator has-text-color has-background-color has-alpha-channel-opacity has-background-background-color has-background is-style-wide\"\/>\n\n\n\n<div class=\"wp-block-columns is-layout-flex wp-container-core-columns-is-layout-28f84493 wp-block-columns-is-layout-flex\">\n<div class=\"wp-block-column is-layout-flow wp-block-column-is-layout-flow\" style=\"flex-basis:30%\">\n<p class=\"has-base-color has-text-color\"><strong>A. Bareggi, E. Maire, A. Lasalle, and S. Deville<\/strong><\/p>\n<\/div>\n\n\n\n<div class=\"wp-block-column is-layout-flow wp-block-column-is-layout-flow\" style=\"flex-basis:50%\"><h3 class=\"wp-block-post-title has-text-color has-base-color has-medium-font-size\">Dynamics of the Freezing Front During the Solidification of a Colloidal Alumina Aqueous Suspension: In Situ X-Ray Radiography, Tomography, and Modeling,<\/h3>\n\n\n<p class=\"has-base-color has-text-color\">Journal of the American Ceramic Society, Wiley, Vol. 94, Issue 10, pp. 3570-3578, 2011. <\/p>\n<\/div>\n\n\n\n<div class=\"wp-block-column is-layout-flow wp-block-column-is-layout-flow\">\n<div class=\"wp-block-buttons is-layout-flex\">\n                <div class=\"wp-block-button has-custom-width wp-block-button__width-100 has-custom-font-size has-small-font-size\"><a target=\"_blank\" class=\"wp-block-button__link has-tertiary-color has-base-background-color has-text-color has-background wp-element-button\" href='https:\/\/hal.archives-ouvertes.fr\/hal-01785616' rel=\"noopener\">Lien vers l&rsquo;article<\/a><\/div>\n                <\/div>\n<\/div>\n<\/div>\n\n<\/li><li class=\"wp-block-post post-4496 journal_article type-journal_article status-publish hentry journal_article_cat-journaux\">\n\n<hr class=\"wp-block-separator has-text-color has-background-color has-alpha-channel-opacity has-background-background-color has-background is-style-wide\"\/>\n\n\n\n<div class=\"wp-block-columns is-layout-flex wp-container-core-columns-is-layout-28f84493 wp-block-columns-is-layout-flex\">\n<div class=\"wp-block-column is-layout-flow wp-block-column-is-layout-flow\" style=\"flex-basis:30%\">\n<p class=\"has-base-color has-text-color\"><strong>M. Haydar, D. Roussel, M. Maidi, S. Otmane, and M. Mallem<\/strong><\/p>\n<\/div>\n\n\n\n<div class=\"wp-block-column is-layout-flow wp-block-column-is-layout-flow\" style=\"flex-basis:50%\"><h3 class=\"wp-block-post-title has-text-color has-base-color has-medium-font-size\">Virtual and Augmented Reality for Cultural Computing and Heritage: a case study of Virtual Exploration of Underwater Archaeological Sites,<\/h3>\n\n\n<p class=\"has-base-color has-text-color\">Special Issue of Virtual Reality \u201cVirtual Reality and Culture Technology\u201d, Vol. 15, N\u00b04, pp. 311-327, Springer, 2011.<\/p>\n<\/div>\n\n\n\n<div class=\"wp-block-column is-layout-flow wp-block-column-is-layout-flow\">\n<div class=\"wp-block-buttons is-layout-flex\">\n                <div class=\"wp-block-button has-custom-width wp-block-button__width-100 has-custom-font-size has-small-font-size\"><a target=\"_blank\" class=\"wp-block-button__link has-tertiary-color has-base-background-color has-text-color has-background wp-element-button\" href='https:\/\/link.springer.com\/article\/10.1007\/s10055-010-0176-4' rel=\"noopener\">Lien vers l&rsquo;article<\/a><\/div>\n                <\/div>\n<\/div>\n<\/div>\n\n<\/li><li class=\"wp-block-post post-4469 journal_article type-journal_article status-publish hentry journal_article_cat-journaux\">\n\n<hr class=\"wp-block-separator has-text-color has-background-color has-alpha-channel-opacity has-background-background-color has-background is-style-wide\"\/>\n\n\n\n<div class=\"wp-block-columns is-layout-flex wp-container-core-columns-is-layout-28f84493 wp-block-columns-is-layout-flex\">\n<div class=\"wp-block-column is-layout-flow wp-block-column-is-layout-flow\" style=\"flex-basis:30%\">\n<p class=\"has-base-color has-text-color\"><strong>H. Arioui, S. Hima, L. Nehaoua, R. J. V. Bertin, and S. Espi\u00e9<\/strong><\/p>\n<\/div>\n\n\n\n<div class=\"wp-block-column is-layout-flow wp-block-column-is-layout-flow\" style=\"flex-basis:50%\"><h3 class=\"wp-block-post-title has-text-color has-base-color has-medium-font-size\">From design to experiments of a 2 dof vehicle driving simulator,<\/h3>\n\n\n<p class=\"has-base-color has-text-color\">IEEE Transactions on Vehicular Technology, Vol. 60, No. 2, pp. 357-368, 2011.<\/p>\n<\/div>\n\n\n\n<div class=\"wp-block-column is-layout-flow wp-block-column-is-layout-flow\">\n<div class=\"wp-block-buttons is-layout-flex\">\n                <div class=\"wp-block-button has-custom-width wp-block-button__width-100 has-custom-font-size has-small-font-size\"><a target=\"_blank\" class=\"wp-block-button__link has-tertiary-color has-base-background-color has-text-color has-background wp-element-button\" href='https:\/\/ieeexplore.ieee.org\/abstract\/document\/5618576' rel=\"noopener\">Lien vers l&rsquo;article<\/a><\/div>\n                <\/div>\n<\/div>\n<\/div>\n\n<\/li><li class=\"wp-block-post post-4498 journal_article type-journal_article status-publish hentry journal_article_cat-journaux\">\n\n<hr class=\"wp-block-separator has-text-color has-background-color has-alpha-channel-opacity has-background-background-color has-background is-style-wide\"\/>\n\n\n\n<div class=\"wp-block-columns is-layout-flex wp-container-core-columns-is-layout-28f84493 wp-block-columns-is-layout-flex\">\n<div class=\"wp-block-column is-layout-flow wp-block-column-is-layout-flow\" style=\"flex-basis:30%\">\n<p class=\"has-base-color has-text-color\"><strong>M. Maidi, F. Ababsa, and M. Mallem<\/strong><\/p>\n<\/div>\n\n\n\n<div class=\"wp-block-column is-layout-flow wp-block-column-is-layout-flow\" style=\"flex-basis:50%\"><h3 class=\"wp-block-post-title has-text-color has-base-color has-medium-font-size\">Handling Occlusions for Robust Augmented Reality Systems,<\/h3>\n\n\n<p class=\"has-base-color has-text-color\">Eurasip Journal on Image and Video Processing, Vol. 2010, pp. 1-12, 2010.<\/p>\n<\/div>\n\n\n\n<div class=\"wp-block-column is-layout-flow wp-block-column-is-layout-flow\">\n<div class=\"wp-block-buttons is-layout-flex\">\n                <div class=\"wp-block-button has-custom-width wp-block-button__width-100 has-custom-font-size has-small-font-size\"><a target=\"_blank\" class=\"wp-block-button__link has-tertiary-color has-base-background-color has-text-color has-background wp-element-button\" href='https:\/\/hal.archives-ouvertes.fr\/hal-00639361' rel=\"noopener\">Lien vers l&rsquo;article<\/a><\/div>\n                <\/div>\n<\/div>\n<\/div>\n\n<\/li><li class=\"wp-block-post post-4497 journal_article type-journal_article status-publish hentry journal_article_cat-journaux\">\n\n<hr class=\"wp-block-separator has-text-color has-background-color has-alpha-channel-opacity has-background-background-color has-background is-style-wide\"\/>\n\n\n\n<div class=\"wp-block-columns is-layout-flex wp-container-core-columns-is-layout-28f84493 wp-block-columns-is-layout-flex\">\n<div class=\"wp-block-column is-layout-flow wp-block-column-is-layout-flow\" style=\"flex-basis:30%\">\n<p class=\"has-base-color has-text-color\"><strong>M. Maidi, J-Y. Didier, F. Ababsa,  and M. Mallem <\/strong><\/p>\n<\/div>\n\n\n\n<div class=\"wp-block-column is-layout-flow wp-block-column-is-layout-flow\" style=\"flex-basis:50%\"><h3 class=\"wp-block-post-title has-text-color has-base-color has-medium-font-size\">A Performance Study for Camera Pose Estimation using Visual Marker based Tracking,<\/h3>\n\n\n<p class=\"has-base-color has-text-color\">Machine Vision and Applications, IAPR International Journal, Vol. 21, N\u00b03, pp. 365-376, Springer, 2010.<\/p>\n<\/div>\n\n\n\n<div class=\"wp-block-column is-layout-flow wp-block-column-is-layout-flow\">\n<div class=\"wp-block-buttons is-layout-flex\">\n                <div class=\"wp-block-button has-custom-width wp-block-button__width-100 has-custom-font-size has-small-font-size\"><a target=\"_blank\" class=\"wp-block-button__link has-tertiary-color has-base-background-color has-text-color has-background wp-element-button\" href='https:\/\/link.springer.com\/article\/10.1007\/s00138-008-0170-y' rel=\"noopener\">Lien vers l&rsquo;article<\/a><\/div>\n                <\/div>\n<\/div>\n<\/div>\n\n<\/li><li class=\"wp-block-post post-4470 journal_article type-journal_article status-publish hentry journal_article_cat-journaux\">\n\n<hr class=\"wp-block-separator has-text-color has-background-color has-alpha-channel-opacity has-background-background-color has-background is-style-wide\"\/>\n\n\n\n<div class=\"wp-block-columns is-layout-flex wp-container-core-columns-is-layout-28f84493 wp-block-columns-is-layout-flex\">\n<div class=\"wp-block-column is-layout-flow wp-block-column-is-layout-flow\" style=\"flex-basis:30%\">\n<p class=\"has-base-color has-text-color\"><strong>H. Arioui, L. Nehaoua, S. Hima, N. S\u00e9guy, and S. Espi\u00e9<\/strong><\/p>\n<\/div>\n\n\n\n<div class=\"wp-block-column is-layout-flow wp-block-column-is-layout-flow\" style=\"flex-basis:50%\"><h3 class=\"wp-block-post-title has-text-color has-base-color has-medium-font-size\">Mechatronics, design and modeling of a motorcycle riding simulator,<\/h3>\n\n\n<p class=\"has-base-color has-text-color\">IEEE\/ASME Transactions on Mechatronics, Vol. 15, No. 5, pp. 805-818, 2010.<\/p>\n<\/div>\n\n\n\n<div class=\"wp-block-column is-layout-flow wp-block-column-is-layout-flow\">\n<div class=\"wp-block-buttons is-layout-flex\">\n                <div class=\"wp-block-button has-custom-width wp-block-button__width-100 has-custom-font-size has-small-font-size\"><a target=\"_blank\" class=\"wp-block-button__link has-tertiary-color has-base-background-color has-text-color has-background wp-element-button\" href='https:\/\/ieeexplore.ieee.org\/document\/5409681' rel=\"noopener\">Lien vers l&rsquo;article<\/a><\/div>\n                <\/div>\n<\/div>\n<\/div>\n\n<\/li><li class=\"wp-block-post post-4682 journal_article type-journal_article status-publish hentry journal_article_cat-journaux\">\n\n<hr class=\"wp-block-separator has-text-color has-background-color has-alpha-channel-opacity has-background-background-color has-background is-style-wide\"\/>\n\n\n\n<div class=\"wp-block-columns is-layout-flex wp-container-core-columns-is-layout-28f84493 wp-block-columns-is-layout-flex\">\n<div class=\"wp-block-column is-layout-flow wp-block-column-is-layout-flow\" style=\"flex-basis:30%\">\n<p class=\"has-base-color has-text-color\"><strong>B. Romain, O. Lucidarme, J. Dauguet, S. Mul\u00e9, N. Souedet, Y. Chenoune, A. Guibal, T.Delzescaux, and F. Frouin <\/strong><\/p>\n<\/div>\n\n\n\n<div class=\"wp-block-column is-layout-flow wp-block-column-is-layout-flow\" style=\"flex-basis:50%\"><h3 class=\"wp-block-post-title has-text-color has-base-color has-medium-font-size\">Registration and functional analysis of CT dynamic image sequences for the follow-up of patients with hepatic tumors undergoing antiangiogenic therapy,<\/h3>\n\n\n<p class=\"has-base-color has-text-color\">IRBM 2010, Vol. 31, Issues 5-6, pp. 263-270, 2010.<\/p>\n<\/div>\n\n\n\n<div class=\"wp-block-column is-layout-flow wp-block-column-is-layout-flow\">\n<div class=\"wp-block-buttons is-layout-flex\">\n                <div class=\"wp-block-button has-custom-width wp-block-button__width-100 has-custom-font-size has-small-font-size\"><a target=\"_blank\" class=\"wp-block-button__link has-tertiary-color has-base-background-color has-text-color has-background wp-element-button\" href='https:\/\/www.researchgate.net\/publication\/241124933_Registration_and_functional_analysis_of_CT_dynamic_image_sequences_for_the_follow-up_of_patients_with_hepatic_tumors_undergoing_antiangiogenic_therapy' rel=\"noopener\">Lien vers l&rsquo;article<\/a><\/div>\n                <\/div>\n<\/div>\n<\/div>\n\n<\/li><li class=\"wp-block-post post-4684 journal_article type-journal_article status-publish hentry journal_article_cat-journaux\">\n\n<hr class=\"wp-block-separator has-text-color has-background-color has-alpha-channel-opacity has-background-background-color has-background is-style-wide\"\/>\n\n\n\n<div class=\"wp-block-columns is-layout-flex wp-container-core-columns-is-layout-28f84493 wp-block-columns-is-layout-flex\">\n<div class=\"wp-block-column is-layout-flow wp-block-column-is-layout-flow\" style=\"flex-basis:30%\">\n<p class=\"has-base-color has-text-color\"><strong>C. Constantinides, R. El Berbari, A.  De Cesare, Y. Chenoune, E. Roullot, A. Herment, E. Mousseaux, and F. Frouin<\/strong><\/p>\n<\/div>\n\n\n\n<div class=\"wp-block-column is-layout-flow wp-block-column-is-layout-flow\" style=\"flex-basis:50%\"><h3 class=\"wp-block-post-title has-text-color has-base-color has-medium-font-size\">D\u00e9veloppement et Evaluation d&rsquo;un Algorithme de Segmentation Automatis\u00e9e des Ventricules Gauche et Droit sur des Images Cin\u00e9 d\u2019IRM,<\/h3>\n\n\n<p class=\"has-base-color has-text-color\">IRBM 2009, Vol. 30, Issue 4, pp. 188-191, 2009.<\/p>\n<\/div>\n\n\n\n<div class=\"wp-block-column is-layout-flow wp-block-column-is-layout-flow\">\n<div class=\"wp-block-buttons is-layout-flex\">\n                <div class=\"wp-block-button has-custom-width wp-block-button__width-100 has-custom-font-size has-small-font-size\"><a target=\"_blank\" class=\"wp-block-button__link has-tertiary-color has-base-background-color has-text-color has-background wp-element-button\" href='https:\/\/doi.org\/10.1016\/j.irbm.2009.06.002%20' rel=\"noopener\">Lien vers l&rsquo;article<\/a><\/div>\n                <\/div>\n<\/div>\n<\/div>\n\n<\/li><li class=\"wp-block-post post-5304 journal_article type-journal_article status-publish hentry journal_article_cat-journaux\">\n\n<hr class=\"wp-block-separator has-text-color has-background-color has-alpha-channel-opacity has-background-background-color has-background is-style-wide\"\/>\n\n\n\n<div class=\"wp-block-columns is-layout-flex wp-container-core-columns-is-layout-28f84493 wp-block-columns-is-layout-flex\">\n<div class=\"wp-block-column is-layout-flow wp-block-column-is-layout-flow\" style=\"flex-basis:30%\">\n<p class=\"has-base-color has-text-color\"><strong>C. Le Martret and A. Le Duc<\/strong><\/p>\n<\/div>\n\n\n\n<div class=\"wp-block-column is-layout-flow wp-block-column-is-layout-flow\" style=\"flex-basis:50%\"><h3 class=\"wp-block-post-title has-text-color has-base-color has-medium-font-size\">Incremental redundancy retransmission method for fragmented packets,<\/h3>\n\n\n<p class=\"has-base-color has-text-color\">International extension of the Patent \u00ab\u00a0Proc\u00e9d\u00e9 de retransmission \u00e0 redondance incr\u00e9mentale pour des paquets fragment\u00e9s\u00a0\u00bb, Publication N\u00b0 WO 2008\/077909, International N\u00b0 PCT\/EP2007\/064392, July 2008.<\/p>\n<\/div>\n\n\n\n<div class=\"wp-block-column is-layout-flow wp-block-column-is-layout-flow\">\n<div class=\"wp-block-buttons is-layout-flex\">\n                <div class=\"wp-block-button has-custom-width wp-block-button__width-100 has-custom-font-size has-small-font-size\"><a target=\"_blank\" class=\"wp-block-button__link has-tertiary-color has-base-background-color has-text-color has-background wp-element-button\" href=' # ' rel=\"noopener\">Lien vers l&rsquo;article<\/a><\/div>\n                <\/div>\n<\/div>\n<\/div>\n\n<\/li><li class=\"wp-block-post post-5305 journal_article type-journal_article status-publish hentry journal_article_cat-journaux\">\n\n<hr class=\"wp-block-separator has-text-color has-background-color has-alpha-channel-opacity has-background-background-color has-background is-style-wide\"\/>\n\n\n\n<div class=\"wp-block-columns is-layout-flex wp-container-core-columns-is-layout-28f84493 wp-block-columns-is-layout-flex\">\n<div class=\"wp-block-column is-layout-flow wp-block-column-is-layout-flow\" style=\"flex-basis:30%\">\n<p class=\"has-base-color has-text-color\"><strong>C. Le Martret and A. Le Duc<\/strong><\/p>\n<\/div>\n\n\n\n<div class=\"wp-block-column is-layout-flow wp-block-column-is-layout-flow\" style=\"flex-basis:50%\"><h3 class=\"wp-block-post-title has-text-color has-base-color has-medium-font-size\">Proc\u00e9d\u00e9 de retransmission \u00e0 redondance incr\u00e9mentale pour des paquets fragment\u00e9s,<\/h3>\n\n\n<p class=\"has-base-color has-text-color\">French Patent, Publication N\u00b0 FR2910757, December 2006.<\/p>\n<\/div>\n\n\n\n<div class=\"wp-block-column is-layout-flow wp-block-column-is-layout-flow\">\n<div class=\"wp-block-buttons is-layout-flex\">\n                <div class=\"wp-block-button has-custom-width wp-block-button__width-100 has-custom-font-size has-small-font-size\"><a target=\"_blank\" class=\"wp-block-button__link has-tertiary-color has-base-background-color has-text-color has-background wp-element-button\" href=' # ' rel=\"noopener\">Lien vers l&rsquo;article<\/a><\/div>\n                <\/div>\n<\/div>\n<\/div>\n\n<\/li><li class=\"wp-block-post post-4679 journal_article type-journal_article status-publish hentry journal_article_cat-journaux\">\n\n<hr class=\"wp-block-separator has-text-color has-background-color has-alpha-channel-opacity has-background-background-color has-background is-style-wide\"\/>\n\n\n\n<div class=\"wp-block-columns is-layout-flex wp-container-core-columns-is-layout-28f84493 wp-block-columns-is-layout-flex\">\n<div class=\"wp-block-column is-layout-flow wp-block-column-is-layout-flow\" style=\"flex-basis:30%\">\n<p class=\"has-base-color has-text-color\"><strong>Y. Chenoune, E. Del\u00e9chelle, E. Petit, J. Garot, T. Goissen, and A. Rahmouni <\/strong><\/p>\n<\/div>\n\n\n\n<div class=\"wp-block-column is-layout-flow wp-block-column-is-layout-flow\" style=\"flex-basis:50%\"><h3 class=\"wp-block-post-title has-text-color has-base-color has-medium-font-size\">Segmentation of Cardiac Cine-MR Images and Myocardial Deformation Assessment using Level Set Methods,<\/h3>\n\n\n<p class=\"has-base-color has-text-color\">Computerized Medical Imaging and Graphics (CMIG), Vol. 29, Issue 8, pp. 607-616, 2005.<\/p>\n<\/div>\n\n\n\n<div class=\"wp-block-column is-layout-flow wp-block-column-is-layout-flow\">\n<div class=\"wp-block-buttons is-layout-flex\">\n                <div class=\"wp-block-button has-custom-width wp-block-button__width-100 has-custom-font-size has-small-font-size\"><a target=\"_blank\" class=\"wp-block-button__link has-tertiary-color has-base-background-color has-text-color has-background wp-element-button\" href='https:\/\/pubmed.ncbi.nlm.nih.gov\/16290086\/' rel=\"noopener\">Lien vers l&rsquo;article<\/a><\/div>\n                <\/div>\n<\/div>\n<\/div>\n\n<\/li><li class=\"wp-block-post post-4766 journal_article type-journal_article status-publish hentry journal_article_cat-journaux\">\n\n<hr class=\"wp-block-separator has-text-color has-background-color has-alpha-channel-opacity has-background-background-color has-background is-style-wide\"\/>\n\n\n\n<div class=\"wp-block-columns is-layout-flex wp-container-core-columns-is-layout-28f84493 wp-block-columns-is-layout-flex\">\n<div class=\"wp-block-column is-layout-flow wp-block-column-is-layout-flow\" style=\"flex-basis:30%\">\n<p class=\"has-base-color has-text-color\"><strong>Z. Toffano, M. Pez, P. Desgreys, Y. Herv\u00e9, C. Le brun, J-C. Mollier, G. Barbary, J-J Charlot, S. Constant, A. Destrez, M. Karray, M. Marec, A. Rissons, and S. Snaidero<\/strong><\/p>\n<\/div>\n\n\n\n<div class=\"wp-block-column is-layout-flow wp-block-column-is-layout-flow\" style=\"flex-basis:50%\"><h3 class=\"wp-block-post-title has-text-color has-base-color has-medium-font-size\">Multilevel Behavioral Simulation of VCSEL based Optoelectronic Modules,<\/h3>\n\n\n<p class=\"has-base-color has-text-color\">IEEE Journal of Selected Topics in Quantum Electronics, Vol. 9, No. 3, pp. 949-960, 2003.<\/p>\n<\/div>\n\n\n\n<div class=\"wp-block-column is-layout-flow wp-block-column-is-layout-flow\">\n<div class=\"wp-block-buttons is-layout-flex\">\n                <div class=\"wp-block-button has-custom-width wp-block-button__width-100 has-custom-font-size has-small-font-size\"><a target=\"_blank\" class=\"wp-block-button__link has-tertiary-color has-base-background-color has-text-color has-background wp-element-button\" href='https:\/\/ieeexplore.ieee.org\/document\/1250497' rel=\"noopener\">Lien vers l&rsquo;article<\/a><\/div>\n                <\/div>\n<\/div>\n<\/div>\n\n<\/li><li class=\"wp-block-post post-4471 journal_article type-journal_article status-publish hentry journal_article_cat-journaux\">\n\n<hr class=\"wp-block-separator has-text-color has-background-color has-alpha-channel-opacity has-background-background-color has-background is-style-wide\"\/>\n\n\n\n<div class=\"wp-block-columns is-layout-flex wp-container-core-columns-is-layout-28f84493 wp-block-columns-is-layout-flex\">\n<div class=\"wp-block-column is-layout-flow wp-block-column-is-layout-flow\" style=\"flex-basis:30%\">\n<p class=\"has-base-color has-text-color\"><strong>Y. Bestaoui and S. Hima<\/strong><\/p>\n<\/div>\n\n\n\n<div class=\"wp-block-column is-layout-flow wp-block-column-is-layout-flow\" style=\"flex-basis:50%\"><h3 class=\"wp-block-post-title has-text-color has-base-color has-medium-font-size\">Some insights in Path Planning of Small Autonomous Airships,<\/h3>\n\n\n<p class=\"has-base-color has-text-color\">Archives of Control Sciences, Polish Academy of Sciences, Vol. 11, pp. 139-166, 2002. <\/p>\n<\/div>\n\n\n\n<div class=\"wp-block-column is-layout-flow wp-block-column-is-layout-flow\">\n<div class=\"wp-block-buttons is-layout-flex\">\n                <div class=\"wp-block-button has-custom-width wp-block-button__width-100 has-custom-font-size has-small-font-size\"><a target=\"_blank\" class=\"wp-block-button__link has-tertiary-color has-base-background-color has-text-color has-background wp-element-button\" href='https:\/\/www.researchgate.net\/publication\/228699084_Some_insight_in_path_planning_of_small_autonomous_blimps' rel=\"noopener\">Lien vers l&rsquo;article<\/a><\/div>\n                <\/div>\n<\/div>\n<\/div>\n\n<\/li><li class=\"wp-block-post post-5523 journal_article type-journal_article status-publish hentry journal_article_cat-journaux\">\n\n<hr class=\"wp-block-separator has-text-color has-background-color has-alpha-channel-opacity has-background-background-color has-background is-style-wide\"\/>\n\n\n\n<div class=\"wp-block-columns is-layout-flex wp-container-core-columns-is-layout-28f84493 wp-block-columns-is-layout-flex\">\n<div class=\"wp-block-column is-layout-flow wp-block-column-is-layout-flow\" style=\"flex-basis:30%\">\n<p class=\"has-base-color has-text-color\"><strong>A. Sassi, M. Zasadzinksi, H. Souley Ali, and K. Abderrahim<\/strong><\/p>\n<\/div>\n\n\n\n<div class=\"wp-block-column is-layout-flow wp-block-column-is-layout-flow\" style=\"flex-basis:50%\"><h3 class=\"wp-block-post-title has-text-color has-base-color has-medium-font-size\">Adaptive observer design for a class of nonlinear systems with time delays,<\/h3>\n\n\n<p class=\"has-base-color has-text-color\">Advances in Science, Technology and Engineering Systems Journal (ASTES), Volume 3, Issue 1, pp. 373-383, 2018.<\/p>\n<\/div>\n\n\n\n<div class=\"wp-block-column is-layout-flow wp-block-column-is-layout-flow\">\n<div class=\"wp-block-buttons is-layout-flex\">\n                <div class=\"wp-block-button has-custom-width wp-block-button__width-100 has-custom-font-size has-small-font-size\"><a target=\"_blank\" class=\"wp-block-button__link has-tertiary-color has-base-background-color has-text-color has-background wp-element-button\" href='https:\/\/www.astesj.com\/v03\/i01\/p46\/' rel=\"noopener\">Lien vers l&rsquo;article<\/a><\/div>\n                <\/div>\n<\/div>\n<\/div>\n\n<\/li><\/ul>\n\n<\/div>\n<\/div>\n\n\n\n<div class=\"wp-block-group alignwide tab-content has-global-padding is-layout-constrained wp-container-core-group-is-layout-12243e0f wp-block-group-is-layout-constrained\">\n<h2 class=\"wp-block-heading has-text-align-center has-base-color has-text-color has-x-large-font-size\" id=\"h-conf-rences\"><strong>Conf\u00e9rences<\/strong><\/h2>\n\n\n\n<div style=\"height:15px\" aria-hidden=\"true\" class=\"wp-block-spacer\"><\/div>\n\n\n\n<div class=\"wp-block-query is-layout-flow wp-block-query-is-layout-flow\"><ul class=\"wp-block-post-template is-layout-flow wp-block-post-template-is-layout-flow\"><li class=\"wp-block-post post-7733 journal_article type-journal_article status-publish hentry journal_article_cat-conferences\">\n\n<hr class=\"wp-block-separator has-text-color has-background-color has-alpha-channel-opacity has-background-background-color has-background is-style-wide\"\/>\n\n\n\n<div class=\"wp-block-columns is-layout-flex wp-container-core-columns-is-layout-28f84493 wp-block-columns-is-layout-flex\">\n<div class=\"wp-block-column is-layout-flow wp-block-column-is-layout-flow\" style=\"flex-basis:30%\">\n<p class=\"has-base-color has-text-color\"><strong>A. Desvignes, M. Hoffmann, A. Gaymard, M. Lahlouh, and Y. Leroul-Chenoune<\/strong><\/p>\n<\/div>\n\n\n\n<div class=\"wp-block-column is-layout-flow wp-block-column-is-layout-flow\" style=\"flex-basis:50%\"><h3 class=\"wp-block-post-title has-text-color has-base-color has-medium-font-size\">Deep Learning Based Segmentation of the Aortic Arch and Supra-Aortic Trunks for Cerebral Catheterization Planning,<\/h3>\n\n\n<p class=\"has-base-color has-text-color\">7th International Conference on Bio-engineering for Smart Technologies (BioSmart 2026), Salerno, Italy, June 2026.<\/p>\n<\/div>\n\n\n\n<div class=\"wp-block-column is-layout-flow wp-block-column-is-layout-flow\">\n<div class=\"wp-block-buttons is-layout-flex\">\n                <div class=\"wp-block-button has-custom-width wp-block-button__width-100 has-custom-font-size has-small-font-size\"><a target=\"_blank\" class=\"wp-block-button__link has-tertiary-color has-base-background-color has-text-color has-background wp-element-button\" href='https:\/\/www.biosmart-conference.org\/' rel=\"noopener\">Lien vers l&rsquo;article<\/a><\/div>\n                <\/div>\n<\/div>\n<\/div>\n\n<\/li><li class=\"wp-block-post post-7724 journal_article type-journal_article status-publish hentry journal_article_cat-conferences\">\n\n<hr class=\"wp-block-separator has-text-color has-background-color has-alpha-channel-opacity has-background-background-color has-background is-style-wide\"\/>\n\n\n\n<div class=\"wp-block-columns is-layout-flex wp-container-core-columns-is-layout-28f84493 wp-block-columns-is-layout-flex\">\n<div class=\"wp-block-column is-layout-flow wp-block-column-is-layout-flow\" style=\"flex-basis:30%\">\n<p class=\"has-base-color has-text-color\"><strong>B. P. Bhuyan, A. Ait Saadi, S. M. Hazarika, and A. Ramdane-Cherif<\/strong><\/p>\n<\/div>\n\n\n\n<div class=\"wp-block-column is-layout-flow wp-block-column-is-layout-flow\" style=\"flex-basis:50%\"><h3 class=\"wp-block-post-title has-text-color has-base-color has-medium-font-size\">C&rsquo;est Bon: Contrastive Explanation for Multi-Class Graph Neural Networks,<\/h3>\n\n\n<p class=\"has-base-color has-text-color\">IEEE International Conference on Smart Sustainable Systems for Computer and Engineering Applications (IEEE 3SCEA 2026), Cairo, Egypt, April 2026.<\/p>\n<\/div>\n\n\n\n<div class=\"wp-block-column is-layout-flow wp-block-column-is-layout-flow\">\n<div class=\"wp-block-buttons is-layout-flex\">\n                <div class=\"wp-block-button has-custom-width wp-block-button__width-100 has-custom-font-size has-small-font-size\"><a target=\"_blank\" class=\"wp-block-button__link has-tertiary-color has-base-background-color has-text-color has-background wp-element-button\" href='https:\/\/ufe.edu.eg\/3scea2026\/' rel=\"noopener\">Lien vers la conf\u00e9rence<\/a><\/div>\n                <\/div>\n<\/div>\n<\/div>\n\n<\/li><li class=\"wp-block-post post-7666 journal_article type-journal_article status-publish hentry journal_article_cat-conferences\">\n\n<hr class=\"wp-block-separator has-text-color has-background-color has-alpha-channel-opacity has-background-background-color has-background is-style-wide\"\/>\n\n\n\n<div class=\"wp-block-columns is-layout-flex wp-container-core-columns-is-layout-28f84493 wp-block-columns-is-layout-flex\">\n<div class=\"wp-block-column is-layout-flow wp-block-column-is-layout-flow\" style=\"flex-basis:30%\">\n<p class=\"has-base-color has-text-color\"><strong>T. Waqas, M. Lahlouh, S. Mul\u00e9, and Y. Chenoune-Leroul<\/strong><\/p>\n<\/div>\n\n\n\n<div class=\"wp-block-column is-layout-flow wp-block-column-is-layout-flow\" style=\"flex-basis:50%\"><h3 class=\"wp-block-post-title has-text-color has-base-color has-medium-font-size\">Anatomical Context Improves Multi-Class Liver Tumor Classification Under Severe Class Imbalance: A Statistical Validation Study,<\/h3>\n\n\n<p class=\"has-base-color has-text-color\">IEEE International Symposium on Biomedical Imaging (ISBI) 2026, London, United Kingdom, April 2026.<\/p>\n<\/div>\n\n\n\n<div class=\"wp-block-column is-layout-flow wp-block-column-is-layout-flow\">\n<div class=\"wp-block-buttons is-layout-flex\">\n                <div class=\"wp-block-button has-custom-width wp-block-button__width-100 has-custom-font-size has-small-font-size\"><a target=\"_blank\" class=\"wp-block-button__link has-tertiary-color has-base-background-color has-text-color has-background wp-element-button\" href='https:\/\/biomedicalimaging.org\/2026\/contributors\/papers\/' rel=\"noopener\">Lien vers la conf\u00e9rence<\/a><\/div>\n                <\/div>\n<\/div>\n<\/div>\n\n<\/li><li class=\"wp-block-post post-7687 journal_article type-journal_article status-publish hentry journal_article_cat-conferences\">\n\n<hr class=\"wp-block-separator has-text-color has-background-color has-alpha-channel-opacity has-background-background-color has-background is-style-wide\"\/>\n\n\n\n<div class=\"wp-block-columns is-layout-flex wp-container-core-columns-is-layout-28f84493 wp-block-columns-is-layout-flex\">\n<div class=\"wp-block-column is-layout-flow wp-block-column-is-layout-flow\" style=\"flex-basis:30%\">\n<p class=\"has-base-color has-text-color\"><strong>T. Waqas, M. Lahlouh, S. Mul\u00e9, and Y. Leroul-Chenoune<\/strong><\/p>\n<\/div>\n\n\n\n<div class=\"wp-block-column is-layout-flow wp-block-column-is-layout-flow\" style=\"flex-basis:50%\"><h3 class=\"wp-block-post-title has-text-color has-base-color has-medium-font-size\">Anatomical context vs. precise segmentation: A comparative 3D CNN framework for primary liver tumor classification on MRI,<\/h3>\n\n\n<p class=\"has-base-color has-text-color\">SPIE Medical Imaging 2026, Vancouver, British Columbia, Canada, 1392622, February 2026.<\/p>\n<\/div>\n\n\n\n<div class=\"wp-block-column is-layout-flow wp-block-column-is-layout-flow\">\n<div class=\"wp-block-buttons is-layout-flex\">\n                <div class=\"wp-block-button has-custom-width wp-block-button__width-100 has-custom-font-size has-small-font-size\"><a target=\"_blank\" class=\"wp-block-button__link has-tertiary-color has-base-background-color has-text-color has-background wp-element-button\" href='https:\/\/doi.org\/10.1117\/12.3085717' rel=\"noopener\">Lien vers l&rsquo;article<\/a><\/div>\n                <\/div>\n<\/div>\n<\/div>\n\n<\/li><li class=\"wp-block-post post-7623 journal_article type-journal_article status-publish hentry journal_article_cat-conferences\">\n\n<hr class=\"wp-block-separator has-text-color has-background-color has-alpha-channel-opacity has-background-background-color has-background is-style-wide\"\/>\n\n\n\n<div class=\"wp-block-columns is-layout-flex wp-container-core-columns-is-layout-28f84493 wp-block-columns-is-layout-flex\">\n<div class=\"wp-block-column is-layout-flow wp-block-column-is-layout-flow\" style=\"flex-basis:30%\">\n<p class=\"has-base-color has-text-color\"><strong>H. Menana and S. Fawaz<\/strong><\/p>\n<\/div>\n\n\n\n<div class=\"wp-block-column is-layout-flow wp-block-column-is-layout-flow\" style=\"flex-basis:50%\"><h3 class=\"wp-block-post-title has-text-color has-base-color has-medium-font-size\">Rapid AC Losses Modeling in Superconducting Coils Made of HTS Tapes,<\/h3>\n\n\n<p class=\"has-base-color has-text-color\">10th International Conference On Superconductivity and Magnetism (ICSM), Mu\u011fla, Turkey, May 2025.<\/p>\n<\/div>\n\n\n\n<div class=\"wp-block-column is-layout-flow wp-block-column-is-layout-flow\">\n<div class=\"wp-block-buttons is-layout-flex\">\n                <div class=\"wp-block-button has-custom-width wp-block-button__width-100 has-custom-font-size has-small-font-size\"><a target=\"_blank\" class=\"wp-block-button__link has-tertiary-color has-base-background-color has-text-color has-background wp-element-button\" href='https:\/\/icsmforever.org\/' rel=\"noopener\">Lien vers la conf\u00e9rence<\/a><\/div>\n                <\/div>\n<\/div>\n<\/div>\n\n<\/li><li class=\"wp-block-post post-7621 journal_article type-journal_article status-publish hentry journal_article_cat-conferences\">\n\n<hr class=\"wp-block-separator has-text-color has-background-color has-alpha-channel-opacity has-background-background-color has-background is-style-wide\"\/>\n\n\n\n<div class=\"wp-block-columns is-layout-flex wp-container-core-columns-is-layout-28f84493 wp-block-columns-is-layout-flex\">\n<div class=\"wp-block-column is-layout-flow wp-block-column-is-layout-flow\" style=\"flex-basis:30%\">\n<p class=\"has-base-color has-text-color\"><strong>M. A. Hebri, J.-P. Lecointe, S. Fawaz, G. Bauw, S. Duchesne, G. Zito, I. Arslane, and A. Maier<\/strong><\/p>\n<\/div>\n\n\n\n<div class=\"wp-block-column is-layout-flow wp-block-column-is-layout-flow\" style=\"flex-basis:50%\"><h3 class=\"wp-block-post-title has-text-color has-base-color has-medium-font-size\">Effects of Bending and Annealing on NOES, GOES, and FeCo Magnetic Materials,<\/h3>\n\n\n<p class=\"has-base-color has-text-color\">27th Soft Magnetic Materials Conference (SMM), Torino, Italy, September 2025.<\/p>\n<\/div>\n\n\n\n<div class=\"wp-block-column is-layout-flow wp-block-column-is-layout-flow\">\n<div class=\"wp-block-buttons is-layout-flex\">\n                <div class=\"wp-block-button has-custom-width wp-block-button__width-100 has-custom-font-size has-small-font-size\"><a target=\"_blank\" class=\"wp-block-button__link has-tertiary-color has-base-background-color has-text-color has-background wp-element-button\" href='https:\/\/smm27.polito.it\/' rel=\"noopener\">Lien vers la conf\u00e9rence<\/a><\/div>\n                <\/div>\n<\/div>\n<\/div>\n\n<\/li><li class=\"wp-block-post post-7620 journal_article type-journal_article status-publish hentry journal_article_cat-conferences\">\n\n<hr class=\"wp-block-separator has-text-color has-background-color has-alpha-channel-opacity has-background-background-color has-background is-style-wide\"\/>\n\n\n\n<div class=\"wp-block-columns is-layout-flex wp-container-core-columns-is-layout-28f84493 wp-block-columns-is-layout-flex\">\n<div class=\"wp-block-column is-layout-flow wp-block-column-is-layout-flow\" style=\"flex-basis:30%\">\n<p class=\"has-base-color has-text-color\"><strong>J.-P. Lecointe, M. A. Hebri, G. Bauw, S. Fawaz, S. Duchesne, G. Zito, A. Abdelli, and I. Arslane<\/strong><\/p>\n<\/div>\n\n\n\n<div class=\"wp-block-column is-layout-flow wp-block-column-is-layout-flow\" style=\"flex-basis:50%\"><h3 class=\"wp-block-post-title has-text-color has-base-color has-medium-font-size\">What materials for an electrical motor with a high power density?<\/h3>\n\n\n<p class=\"has-base-color has-text-color\">5th International Conference on Electrolysis (ICE), Freiburg, Germany, August 2025.<\/p>\n<\/div>\n\n\n\n<div class=\"wp-block-column is-layout-flow wp-block-column-is-layout-flow\">\n<div class=\"wp-block-buttons is-layout-flex\">\n                <div class=\"wp-block-button has-custom-width wp-block-button__width-100 has-custom-font-size has-small-font-size\"><a target=\"_blank\" class=\"wp-block-button__link has-tertiary-color has-base-background-color has-text-color has-background wp-element-button\" href='https:\/\/www.ice2025.eu\/' rel=\"noopener\">Lien vers la conf\u00e9rence<\/a><\/div>\n                <\/div>\n<\/div>\n<\/div>\n\n<\/li><li class=\"wp-block-post post-7618 journal_article type-journal_article status-publish hentry journal_article_cat-conferences\">\n\n<hr class=\"wp-block-separator has-text-color has-background-color has-alpha-channel-opacity has-background-background-color has-background is-style-wide\"\/>\n\n\n\n<div class=\"wp-block-columns is-layout-flex wp-container-core-columns-is-layout-28f84493 wp-block-columns-is-layout-flex\">\n<div class=\"wp-block-column is-layout-flow wp-block-column-is-layout-flow\" style=\"flex-basis:30%\">\n<p class=\"has-base-color has-text-color\"><strong>R. Verdy-Ricard, E. Perales, M.-A. Labiod, G. Bendiab, and Y. Chenoune<\/strong><\/p>\n<\/div>\n\n\n\n<div class=\"wp-block-column is-layout-flow wp-block-column-is-layout-flow\" style=\"flex-basis:50%\"><h3 class=\"wp-block-post-title has-text-color has-base-color has-medium-font-size\">Federated Learning for Securing Medical Imaging Against Deepfakes in 6G Smart Hospitals,<\/h3>\n\n\n<p class=\"has-base-color has-text-color\">2025 IEEE International Conference on Cyber Security and Resilience (IEEE CSR), Chaina, Crete, Greece, August 2025.<\/p>\n<\/div>\n\n\n\n<div class=\"wp-block-column is-layout-flow wp-block-column-is-layout-flow\">\n<div class=\"wp-block-buttons is-layout-flex\">\n                <div class=\"wp-block-button has-custom-width wp-block-button__width-100 has-custom-font-size has-small-font-size\"><a target=\"_blank\" class=\"wp-block-button__link has-tertiary-color has-base-background-color has-text-color has-background wp-element-button\" href='https:\/\/www.ieee-csr.org\/' rel=\"noopener\">Lien vers la conf\u00e9rence<\/a><\/div>\n                <\/div>\n<\/div>\n<\/div>\n\n<\/li><li class=\"wp-block-post post-7603 journal_article type-journal_article status-publish hentry journal_article_cat-conferences\">\n\n<hr class=\"wp-block-separator has-text-color has-background-color has-alpha-channel-opacity has-background-background-color has-background is-style-wide\"\/>\n\n\n\n<div class=\"wp-block-columns is-layout-flex wp-container-core-columns-is-layout-28f84493 wp-block-columns-is-layout-flex\">\n<div class=\"wp-block-column is-layout-flow wp-block-column-is-layout-flow\" style=\"flex-basis:30%\">\n<p class=\"has-base-color has-text-color\"><strong>A. Ait Saadi, M. Dulva Hina, B. Pratim Bhuyan, G. Ivanova, and A. Ramdane-Cherif<\/strong><\/p>\n<\/div>\n\n\n\n<div class=\"wp-block-column is-layout-flow wp-block-column-is-layout-flow\" style=\"flex-basis:50%\"><h3 class=\"wp-block-post-title has-text-color has-base-color has-medium-font-size\">A Guided Kolmogorov-Arnold Network for Enhanced Security in Assistive UAV Technologies,<\/h3>\n\n\n<p class=\"has-base-color has-text-color\">International Conference on Computer Systems and Technologies (CompSysTech), University of Ruse, Bulgaria, June 2025.<\/p>\n<\/div>\n\n\n\n<div class=\"wp-block-column is-layout-flow wp-block-column-is-layout-flow\">\n<div class=\"wp-block-buttons is-layout-flex\">\n                <div class=\"wp-block-button has-custom-width wp-block-button__width-100 has-custom-font-size has-small-font-size\"><a target=\"_blank\" class=\"wp-block-button__link has-tertiary-color has-base-background-color has-text-color has-background wp-element-button\" href='https:\/\/www.compsystech.org\/' rel=\"noopener\">Lien vers la conf\u00e9rence<\/a><\/div>\n                <\/div>\n<\/div>\n<\/div>\n\n<\/li><li class=\"wp-block-post post-7600 journal_article type-journal_article status-publish hentry journal_article_cat-conferences\">\n\n<hr class=\"wp-block-separator has-text-color has-background-color has-alpha-channel-opacity has-background-background-color has-background is-style-wide\"\/>\n\n\n\n<div class=\"wp-block-columns is-layout-flex wp-container-core-columns-is-layout-28f84493 wp-block-columns-is-layout-flex\">\n<div class=\"wp-block-column is-layout-flow wp-block-column-is-layout-flow\" style=\"flex-basis:30%\">\n<p class=\"has-base-color has-text-color\"><strong>C. Elharti, L. Hammen, M. Bensetti, L. Pichon, and D. Palessonga<\/strong><\/p>\n<\/div>\n\n\n\n<div class=\"wp-block-column is-layout-flow wp-block-column-is-layout-flow\" style=\"flex-basis:50%\"><h3 class=\"wp-block-post-title has-text-color has-base-color has-medium-font-size\">Immunity of pacemakers near high power systems at 85 kHz,<\/h3>\n\n\n<p class=\"has-base-color has-text-color\">EMC Europe, Paris, France, September 2025.<\/p>\n<\/div>\n\n\n\n<div class=\"wp-block-column is-layout-flow wp-block-column-is-layout-flow\">\n<div class=\"wp-block-buttons is-layout-flex\">\n                <div class=\"wp-block-button has-custom-width wp-block-button__width-100 has-custom-font-size has-small-font-size\"><a target=\"_blank\" class=\"wp-block-button__link has-tertiary-color has-base-background-color has-text-color has-background wp-element-button\" href='https:\/\/premc.org\/emceurope2025\/' rel=\"noopener\">Lien vers la conf\u00e9rence<\/a><\/div>\n                <\/div>\n<\/div>\n<\/div>\n\n<\/li><li class=\"wp-block-post post-7536 journal_article type-journal_article status-publish hentry journal_article_cat-conferences\">\n\n<hr class=\"wp-block-separator has-text-color has-background-color has-alpha-channel-opacity has-background-background-color has-background is-style-wide\"\/>\n\n\n\n<div class=\"wp-block-columns is-layout-flex wp-container-core-columns-is-layout-28f84493 wp-block-columns-is-layout-flex\">\n<div class=\"wp-block-column is-layout-flow wp-block-column-is-layout-flow\" style=\"flex-basis:30%\">\n<p class=\"has-base-color has-text-color\"><strong>A. Bareggi, S. Sargenti, and L. Amour<\/strong><\/p>\n<\/div>\n\n\n\n<div class=\"wp-block-column is-layout-flow wp-block-column-is-layout-flow\" style=\"flex-basis:50%\"><h3 class=\"wp-block-post-title has-text-color has-base-color has-medium-font-size\">VR Enhanced Music Performance: Immersive Tools for Artistic Research. The experimentation of a VR Version of Tierkreis by K. Stockhausen,<\/h3>\n\n\n<p class=\"has-base-color has-text-color\">International Conference on eXtended Reality (XR Salento), Otranto, Italy, June 2025.<\/p>\n<\/div>\n\n\n\n<div class=\"wp-block-column is-layout-flow wp-block-column-is-layout-flow\">\n<div class=\"wp-block-buttons is-layout-flex\">\n                <div class=\"wp-block-button has-custom-width wp-block-button__width-100 has-custom-font-size has-small-font-size\"><a target=\"_blank\" class=\"wp-block-button__link has-tertiary-color has-base-background-color has-text-color has-background wp-element-button\" href='https:\/\/www.xrsalento.it\/' rel=\"noopener\">Lien vers la conf\u00e9rence<\/a><\/div>\n                <\/div>\n<\/div>\n<\/div>\n\n<\/li><li class=\"wp-block-post post-7532 journal_article type-journal_article status-publish hentry journal_article_cat-conferences\">\n\n<hr class=\"wp-block-separator has-text-color has-background-color has-alpha-channel-opacity has-background-background-color has-background is-style-wide\"\/>\n\n\n\n<div class=\"wp-block-columns is-layout-flex wp-container-core-columns-is-layout-28f84493 wp-block-columns-is-layout-flex\">\n<div class=\"wp-block-column is-layout-flow wp-block-column-is-layout-flow\" style=\"flex-basis:30%\">\n<p class=\"has-base-color has-text-color\"><strong>T. Waqas, M. Lahlouh, S. Mul\u00e9, and Y. Chenoune<\/strong><\/p>\n<\/div>\n\n\n\n<div class=\"wp-block-column is-layout-flow wp-block-column-is-layout-flow\" style=\"flex-basis:50%\"><h3 class=\"wp-block-post-title has-text-color has-base-color has-medium-font-size\">AI-Driven Multimodal Approach: A Comprehensive Framework for Liver Tumor Diagnosis and Prognosis Using MRI,<\/h3>\n\n\n<p class=\"has-base-color has-text-color\">6th International Conference on Bio-engineering for Smart Technologies (IEEE BioSMART 2025), pp. 1-4, Paris, France, May 2025.<\/p>\n<\/div>\n\n\n\n<div class=\"wp-block-column is-layout-flow wp-block-column-is-layout-flow\">\n<div class=\"wp-block-buttons is-layout-flex\">\n                <div class=\"wp-block-button has-custom-width wp-block-button__width-100 has-custom-font-size has-small-font-size\"><a target=\"_blank\" class=\"wp-block-button__link has-tertiary-color has-base-background-color has-text-color has-background wp-element-button\" href='https:\/\/ieeexplore.ieee.org\/document\/11046047' rel=\"noopener\">Lien vers l&rsquo;article<\/a><\/div>\n                <\/div>\n<\/div>\n<\/div>\n\n<\/li><li class=\"wp-block-post post-7513 journal_article type-journal_article status-publish hentry journal_article_cat-conferences\">\n\n<hr class=\"wp-block-separator has-text-color has-background-color has-alpha-channel-opacity has-background-background-color has-background is-style-wide\"\/>\n\n\n\n<div class=\"wp-block-columns is-layout-flex wp-container-core-columns-is-layout-28f84493 wp-block-columns-is-layout-flex\">\n<div class=\"wp-block-column is-layout-flow wp-block-column-is-layout-flow\" style=\"flex-basis:30%\">\n<p class=\"has-base-color has-text-color\"><strong>N. Triki, M. Karray, O. Kahouli, and M. Ksantini<\/strong><\/p>\n<\/div>\n\n\n\n<div class=\"wp-block-column is-layout-flow wp-block-column-is-layout-flow\" style=\"flex-basis:50%\"><h3 class=\"wp-block-post-title has-text-color has-base-color has-medium-font-size\">A Few-Shot Learning Approach for Red Palm Weevil Recognition in Low-Data Scenarios,<\/h3>\n\n\n<p class=\"has-base-color has-text-color\">6th International Conference on Bio-engineering for Smart Technologies (BioSmart 2025), Paris, France, May 2025.<\/p>\n<\/div>\n\n\n\n<div class=\"wp-block-column is-layout-flow wp-block-column-is-layout-flow\">\n<div class=\"wp-block-buttons is-layout-flex\">\n                <div class=\"wp-block-button has-custom-width wp-block-button__width-100 has-custom-font-size has-small-font-size\"><a target=\"_blank\" class=\"wp-block-button__link has-tertiary-color has-base-background-color has-text-color has-background wp-element-button\" href='https:\/\/www.biosmart-conference.org\/' rel=\"noopener\">Lien vers la conf\u00e9rence<\/a><\/div>\n                <\/div>\n<\/div>\n<\/div>\n\n<\/li><li class=\"wp-block-post post-7496 journal_article type-journal_article status-publish hentry journal_article_cat-conferences\">\n\n<hr class=\"wp-block-separator has-text-color has-background-color has-alpha-channel-opacity has-background-background-color has-background is-style-wide\"\/>\n\n\n\n<div class=\"wp-block-columns is-layout-flex wp-container-core-columns-is-layout-28f84493 wp-block-columns-is-layout-flex\">\n<div class=\"wp-block-column is-layout-flow wp-block-column-is-layout-flow\" style=\"flex-basis:30%\">\n<p class=\"has-base-color has-text-color\"><strong>H. Jamet, A. Sassi, D. Eb\u00e9rard, and M. Di Loreto<\/strong><\/p>\n<\/div>\n\n\n\n<div class=\"wp-block-column is-layout-flow wp-block-column-is-layout-flow\" style=\"flex-basis:50%\"><h3 class=\"wp-block-post-title has-text-color has-base-color has-medium-font-size\">Existence and design of a functional observer for LTI systems with known bounded input,<\/h3>\n\n\n<p class=\"has-base-color has-text-color\">9th IFAC Symposium on System Structure and Control (SSSC 2025), Gif-sur-Yvette, France, June 2025.<\/p>\n<\/div>\n\n\n\n<div class=\"wp-block-column is-layout-flow wp-block-column-is-layout-flow\">\n<div class=\"wp-block-buttons is-layout-flex\">\n                <div class=\"wp-block-button has-custom-width wp-block-button__width-100 has-custom-font-size has-small-font-size\"><a target=\"_blank\" class=\"wp-block-button__link has-tertiary-color has-base-background-color has-text-color has-background wp-element-button\" href='https:\/\/www.ifac-control.org\/conferences\/system-structure-and-control-9th-sssc-2025tm' rel=\"noopener\">Lien vers la conf\u00e9rence<\/a><\/div>\n                <\/div>\n<\/div>\n<\/div>\n\n<\/li><li class=\"wp-block-post post-7495 journal_article type-journal_article status-publish hentry journal_article_cat-conferences\">\n\n<hr class=\"wp-block-separator has-text-color has-background-color has-alpha-channel-opacity has-background-background-color has-background is-style-wide\"\/>\n\n\n\n<div class=\"wp-block-columns is-layout-flex wp-container-core-columns-is-layout-28f84493 wp-block-columns-is-layout-flex\">\n<div class=\"wp-block-column is-layout-flow wp-block-column-is-layout-flow\" style=\"flex-basis:30%\">\n<p class=\"has-base-color has-text-color\"><strong>A. Sassi, I. Boussaada, S.-J. Niculescu, and M. Zasadzinski<\/strong><\/p>\n<\/div>\n\n\n\n<div class=\"wp-block-column is-layout-flow wp-block-column-is-layout-flow\" style=\"flex-basis:50%\"><h3 class=\"wp-block-post-title has-text-color has-base-color has-medium-font-size\">Prescribed Exponential Convergence in Adaptive Observer Design with Applications,<\/h3>\n\n\n<p class=\"has-base-color has-text-color\">19th IFAC Workshop on Time Delay Systems (TDS 2025), Gif-sur-Yvette, France, June 2025.<\/p>\n<\/div>\n\n\n\n<div class=\"wp-block-column is-layout-flow wp-block-column-is-layout-flow\">\n<div class=\"wp-block-buttons is-layout-flex\">\n                <div class=\"wp-block-button has-custom-width wp-block-button__width-100 has-custom-font-size has-small-font-size\"><a target=\"_blank\" class=\"wp-block-button__link has-tertiary-color has-base-background-color has-text-color has-background wp-element-button\" href='https:\/\/www.ifac-control.org\/conferences\/time-delay-systems-19th-tds-2025tm' rel=\"noopener\">Lien vers la conf\u00e9rence<\/a><\/div>\n                <\/div>\n<\/div>\n<\/div>\n\n<\/li><li class=\"wp-block-post post-7494 journal_article type-journal_article status-publish hentry journal_article_cat-conferences\">\n\n<hr class=\"wp-block-separator has-text-color has-background-color has-alpha-channel-opacity has-background-background-color has-background is-style-wide\"\/>\n\n\n\n<div class=\"wp-block-columns is-layout-flex wp-container-core-columns-is-layout-28f84493 wp-block-columns-is-layout-flex\">\n<div class=\"wp-block-column is-layout-flow wp-block-column-is-layout-flow\" style=\"flex-basis:30%\">\n<p class=\"has-base-color has-text-color\"><strong>S. Fawaz, G. Bauw, S. Duchesne, and J.-P. Lecointe<\/strong><\/p>\n<\/div>\n\n\n\n<div class=\"wp-block-column is-layout-flow wp-block-column-is-layout-flow\" style=\"flex-basis:50%\"><h3 class=\"wp-block-post-title has-text-color has-base-color has-medium-font-size\">Evaluation of the Electrical Insulation System of Stator Tooth Winding for high-power density PMSM,<\/h3>\n\n\n<p class=\"has-base-color has-text-color\">100th IEEE Conference on Electrical Insulation and Dielectric Phenomena (IEEE CEIDP 2025), Manchester, United Kingdom, September 2025.<\/p>\n<\/div>\n\n\n\n<div class=\"wp-block-column is-layout-flow wp-block-column-is-layout-flow\">\n<div class=\"wp-block-buttons is-layout-flex\">\n                <div class=\"wp-block-button has-custom-width wp-block-button__width-100 has-custom-font-size has-small-font-size\"><a target=\"_blank\" class=\"wp-block-button__link has-tertiary-color has-base-background-color has-text-color has-background wp-element-button\" href='https:\/\/ceidp.org\/' rel=\"noopener\">Lien vers la conf\u00e9rence<\/a><\/div>\n                <\/div>\n<\/div>\n<\/div>\n\n<\/li><li class=\"wp-block-post post-7488 journal_article type-journal_article status-publish hentry journal_article_cat-conferences\">\n\n<hr class=\"wp-block-separator has-text-color has-background-color has-alpha-channel-opacity has-background-background-color has-background is-style-wide\"\/>\n\n\n\n<div class=\"wp-block-columns is-layout-flex wp-container-core-columns-is-layout-28f84493 wp-block-columns-is-layout-flex\">\n<div class=\"wp-block-column is-layout-flow wp-block-column-is-layout-flow\" style=\"flex-basis:30%\">\n<p class=\"has-base-color has-text-color\"><strong>A. Chibet, S. Hima, and A. Kribeche<\/strong><\/p>\n<\/div>\n\n\n\n<div class=\"wp-block-column is-layout-flow wp-block-column-is-layout-flow\" style=\"flex-basis:50%\"><h3 class=\"wp-block-post-title has-text-color has-base-color has-medium-font-size\">Optimizing Autonomous Vehicle Safety and Performance: Advanced CLF-CBF Integration for Adaptive Cruise Control,<\/h3>\n\n\n<p class=\"has-base-color has-text-color\">23rd European Control Conference 2025 (ECC 25), Thessaloniki, Greece, June 2025. <\/p>\n<\/div>\n\n\n\n<div class=\"wp-block-column is-layout-flow wp-block-column-is-layout-flow\">\n<div class=\"wp-block-buttons is-layout-flex\">\n                <div class=\"wp-block-button has-custom-width wp-block-button__width-100 has-custom-font-size has-small-font-size\"><a target=\"_blank\" class=\"wp-block-button__link has-tertiary-color has-base-background-color has-text-color has-background wp-element-button\" href='https:\/\/ecc25.euca-ecc.org\/' rel=\"noopener\">Lien vers la conf\u00e9rence<\/a><\/div>\n                <\/div>\n<\/div>\n<\/div>\n\n<\/li><li class=\"wp-block-post post-7487 journal_article type-journal_article status-publish hentry journal_article_cat-conferences\">\n\n<hr class=\"wp-block-separator has-text-color has-background-color has-alpha-channel-opacity has-background-background-color has-background is-style-wide\"\/>\n\n\n\n<div class=\"wp-block-columns is-layout-flex wp-container-core-columns-is-layout-28f84493 wp-block-columns-is-layout-flex\">\n<div class=\"wp-block-column is-layout-flow wp-block-column-is-layout-flow\" style=\"flex-basis:30%\">\n<p class=\"has-base-color has-text-color\"><strong>S. Fawaz and H. Menana<\/strong><\/p>\n<\/div>\n\n\n\n<div class=\"wp-block-column is-layout-flow wp-block-column-is-layout-flow\" style=\"flex-basis:50%\"><h3 class=\"wp-block-post-title has-text-color has-base-color has-medium-font-size\">AC Losses Modeling in ReBCO Superconducting Coils Using the Volume Integral Method,<\/h3>\n\n\n<p class=\"has-base-color has-text-color\">Conference on the Computation of Electromagnetic Fields (COMPUMAG 2025), Naples, Italy, June 2025.<\/p>\n<\/div>\n\n\n\n<div class=\"wp-block-column is-layout-flow wp-block-column-is-layout-flow\">\n<div class=\"wp-block-buttons is-layout-flex\">\n                <div class=\"wp-block-button has-custom-width wp-block-button__width-100 has-custom-font-size has-small-font-size\"><a target=\"_blank\" class=\"wp-block-button__link has-tertiary-color has-base-background-color has-text-color has-background wp-element-button\" href='https:\/\/www.compumag2025.com\/cm\/' rel=\"noopener\">Lien vers l&rsquo;article<\/a><\/div>\n                <\/div>\n<\/div>\n<\/div>\n\n<\/li><li class=\"wp-block-post post-7484 journal_article type-journal_article status-publish hentry journal_article_cat-conferences\">\n\n<hr class=\"wp-block-separator has-text-color has-background-color has-alpha-channel-opacity has-background-background-color has-background is-style-wide\"\/>\n\n\n\n<div class=\"wp-block-columns is-layout-flex wp-container-core-columns-is-layout-28f84493 wp-block-columns-is-layout-flex\">\n<div class=\"wp-block-column is-layout-flow wp-block-column-is-layout-flow\" style=\"flex-basis:30%\">\n<p class=\"has-base-color has-text-color\"><strong>D. Palessonga, A. Kameni, and M. Bensetti<\/strong><\/p>\n<\/div>\n\n\n\n<div class=\"wp-block-column is-layout-flow wp-block-column-is-layout-flow\" style=\"flex-basis:50%\"><h3 class=\"wp-block-post-title has-text-color has-base-color has-medium-font-size\">Modeling shielding enclosures of magnetic and conductive composite layers for low frequency power electronics,<\/h3>\n\n\n<p class=\"has-base-color has-text-color\">25th International Conference on the Computation of Electromagnetic Fields (COMPUMAG 2025), Naples, Italy, June 2025.<\/p>\n<\/div>\n\n\n\n<div class=\"wp-block-column is-layout-flow wp-block-column-is-layout-flow\">\n<div class=\"wp-block-buttons is-layout-flex\">\n                <div class=\"wp-block-button has-custom-width wp-block-button__width-100 has-custom-font-size has-small-font-size\"><a target=\"_blank\" class=\"wp-block-button__link has-tertiary-color has-base-background-color has-text-color has-background wp-element-button\" href='https:\/\/www.compumag2025.com\/cm\/' rel=\"noopener\">Lien vers la conf\u00e9rence<\/a><\/div>\n                <\/div>\n<\/div>\n<\/div>\n\n<\/li><li class=\"wp-block-post post-7483 journal_article type-journal_article status-publish hentry journal_article_cat-conferences\">\n\n<hr class=\"wp-block-separator has-text-color has-background-color has-alpha-channel-opacity has-background-background-color has-background is-style-wide\"\/>\n\n\n\n<div class=\"wp-block-columns is-layout-flex wp-container-core-columns-is-layout-28f84493 wp-block-columns-is-layout-flex\">\n<div class=\"wp-block-column is-layout-flow wp-block-column-is-layout-flow\" style=\"flex-basis:30%\">\n<p class=\"has-base-color has-text-color\"><strong>A. Kameni, D. Palessonga, and M. Bensetti<\/strong><\/p>\n<\/div>\n\n\n\n<div class=\"wp-block-column is-layout-flow wp-block-column-is-layout-flow\" style=\"flex-basis:50%\"><h3 class=\"wp-block-post-title has-text-color has-base-color has-medium-font-size\">Machine learning to predict effective conductivity of composite materials for shielding applications,<\/h3>\n\n\n<p class=\"has-base-color has-text-color\">2024 IEEE 21st Biennial Conference on Electromagnetic Field Computation- Extended Papers (CEFC-Extended), Jeju, Republic of Korea, pp. 1-4, 2024.<\/p>\n<\/div>\n\n\n\n<div class=\"wp-block-column is-layout-flow wp-block-column-is-layout-flow\">\n<div class=\"wp-block-buttons is-layout-flex\">\n                <div class=\"wp-block-button has-custom-width wp-block-button__width-100 has-custom-font-size has-small-font-size\"><a target=\"_blank\" class=\"wp-block-button__link has-tertiary-color has-base-background-color has-text-color has-background wp-element-button\" href='https:\/\/ieeexplore.ieee.org\/document\/10849180' rel=\"noopener\">Lien vers l&rsquo;article<\/a><\/div>\n                <\/div>\n<\/div>\n<\/div>\n\n<\/li><li class=\"wp-block-post post-7479 journal_article type-journal_article status-publish hentry journal_article_cat-conferences\">\n\n<hr class=\"wp-block-separator has-text-color has-background-color has-alpha-channel-opacity has-background-background-color has-background is-style-wide\"\/>\n\n\n\n<div class=\"wp-block-columns is-layout-flex wp-container-core-columns-is-layout-28f84493 wp-block-columns-is-layout-flex\">\n<div class=\"wp-block-column is-layout-flow wp-block-column-is-layout-flow\" style=\"flex-basis:30%\">\n<p class=\"has-base-color has-text-color\"><strong>C. Elharti, D. Palessonga, L. Pichon, and M. Bensetti<\/strong><\/p>\n<\/div>\n\n\n\n<div class=\"wp-block-column is-layout-flow wp-block-column-is-layout-flow\" style=\"flex-basis:50%\"><h3 class=\"wp-block-post-title has-text-color has-base-color has-medium-font-size\">Immunity Study of Pacemakers Near Wireless Power Transfer Systems for Automotive Applications: a First Modelling Approach,<\/h3>\n\n\n<p class=\"has-base-color has-text-color\">IEEE Wireless Power Technology Conference and Expo (IEEE WPTCE 2025), Rome, Italy, June 2025.<\/p>\n<\/div>\n\n\n\n<div class=\"wp-block-column is-layout-flow wp-block-column-is-layout-flow\">\n<div class=\"wp-block-buttons is-layout-flex\">\n                <div class=\"wp-block-button has-custom-width wp-block-button__width-100 has-custom-font-size has-small-font-size\"><a target=\"_blank\" class=\"wp-block-button__link has-tertiary-color has-base-background-color has-text-color has-background wp-element-button\" href='https:\/\/ieee-wptce.org\/' rel=\"noopener\">Lien vers la conf\u00e9rence<\/a><\/div>\n                <\/div>\n<\/div>\n<\/div>\n\n<\/li><li class=\"wp-block-post post-7445 journal_article type-journal_article status-publish hentry journal_article_cat-conferences\">\n\n<hr class=\"wp-block-separator has-text-color has-background-color has-alpha-channel-opacity has-background-background-color has-background is-style-wide\"\/>\n\n\n\n<div class=\"wp-block-columns is-layout-flex wp-container-core-columns-is-layout-28f84493 wp-block-columns-is-layout-flex\">\n<div class=\"wp-block-column is-layout-flow wp-block-column-is-layout-flow\" style=\"flex-basis:30%\">\n<p class=\"has-base-color has-text-color\"><strong>R. Sayegh, H. Marouane, S. Hoteit, and A. Dandoush<\/strong><\/p>\n<\/div>\n\n\n\n<div class=\"wp-block-column is-layout-flow wp-block-column-is-layout-flow\" style=\"flex-basis:50%\"><h3 class=\"wp-block-post-title has-text-color has-base-color has-medium-font-size\">Mobility Aware Task Migration in Vehicular Edge Computing Networks,<\/h3>\n\n\n<p class=\"has-base-color has-text-color\">International Teletraffic Congress (ITC 36), Trondheim, Norge, June 2025.<\/p>\n<\/div>\n\n\n\n<div class=\"wp-block-column is-layout-flow wp-block-column-is-layout-flow\">\n<div class=\"wp-block-buttons is-layout-flex\">\n                <div class=\"wp-block-button has-custom-width wp-block-button__width-100 has-custom-font-size has-small-font-size\"><a target=\"_blank\" class=\"wp-block-button__link has-tertiary-color has-base-background-color has-text-color has-background wp-element-button\" href='https:\/\/itc36.itc-conference.org\/' rel=\"noopener\">Lien vers la conf\u00e9rence<\/a><\/div>\n                <\/div>\n<\/div>\n<\/div>\n\n<\/li><li class=\"wp-block-post post-7359 journal_article type-journal_article status-publish hentry journal_article_cat-conferences\">\n\n<hr class=\"wp-block-separator has-text-color has-background-color has-alpha-channel-opacity has-background-background-color has-background is-style-wide\"\/>\n\n\n\n<div class=\"wp-block-columns is-layout-flex wp-container-core-columns-is-layout-28f84493 wp-block-columns-is-layout-flex\">\n<div class=\"wp-block-column is-layout-flow wp-block-column-is-layout-flow\" style=\"flex-basis:30%\">\n<p class=\"has-base-color has-text-color\"><strong>B. P. Bhuyan, A. Ait Saadi, and A. Ramdane-Cherif<\/strong><\/p>\n<\/div>\n\n\n\n<div class=\"wp-block-column is-layout-flow wp-block-column-is-layout-flow\" style=\"flex-basis:50%\"><h3 class=\"wp-block-post-title has-text-color has-base-color has-medium-font-size\">Encoding Higher-Order Logic in Spatio-Temporal Hypergraphs for Neuro-Symbolic Learning,<\/h3>\n\n\n<p class=\"has-base-color has-text-color\">European Symposium on Artificial Neural Networks, Computational Intelligence and Machine Learning (ESANN), Bruges, Belgium, April 2025.<\/p>\n<\/div>\n\n\n\n<div class=\"wp-block-column is-layout-flow wp-block-column-is-layout-flow\">\n<div class=\"wp-block-buttons is-layout-flex\">\n                <div class=\"wp-block-button has-custom-width wp-block-button__width-100 has-custom-font-size has-small-font-size\"><a target=\"_blank\" class=\"wp-block-button__link has-tertiary-color has-base-background-color has-text-color has-background wp-element-button\" href='https:\/\/www.esann.org\/' rel=\"noopener\">Lien vers la conf\u00e9rence<\/a><\/div>\n                <\/div>\n<\/div>\n<\/div>\n\n<\/li><li class=\"wp-block-post post-7524 journal_article type-journal_article status-publish hentry journal_article_cat-conferences\">\n\n<hr class=\"wp-block-separator has-text-color has-background-color has-alpha-channel-opacity has-background-background-color has-background is-style-wide\"\/>\n\n\n\n<div class=\"wp-block-columns is-layout-flex wp-container-core-columns-is-layout-28f84493 wp-block-columns-is-layout-flex\">\n<div class=\"wp-block-column is-layout-flow wp-block-column-is-layout-flow\" style=\"flex-basis:30%\">\n<p class=\"has-base-color has-text-color\"><strong>N. Ayadi, A. Et-taleby, Y. Chaibi, C. Elwely Salem, M. Benslimane and Z. Chalh<\/strong><\/p>\n<\/div>\n\n\n\n<div class=\"wp-block-column is-layout-flow wp-block-column-is-layout-flow\" style=\"flex-basis:50%\"><h3 class=\"wp-block-post-title has-text-color has-base-color has-medium-font-size\">Photovoltaic hotspot fault detection based on detectron2 with faster R-CNN,<\/h3>\n\n\n<p class=\"has-base-color has-text-color\">3rd International Conference on Embedded Systems and Artificial Intelligence (ESAI), 2024<\/p>\n<\/div>\n\n\n\n<div class=\"wp-block-column is-layout-flow wp-block-column-is-layout-flow\">\n<div class=\"wp-block-buttons is-layout-flex\">\n                <div class=\"wp-block-button has-custom-width wp-block-button__width-100 has-custom-font-size has-small-font-size\"><a target=\"_blank\" class=\"wp-block-button__link has-tertiary-color has-base-background-color has-text-color has-background wp-element-button\" href='https:\/\/ieeexplore.ieee.org\/document\/10913808' rel=\"noopener\">Lien vers l&rsquo;article<\/a><\/div>\n                <\/div>\n<\/div>\n<\/div>\n\n<\/li><li class=\"wp-block-post post-7296 journal_article type-journal_article status-publish hentry journal_article_cat-conferences\">\n\n<hr class=\"wp-block-separator has-text-color has-background-color has-alpha-channel-opacity has-background-background-color has-background is-style-wide\"\/>\n\n\n\n<div class=\"wp-block-columns is-layout-flex wp-container-core-columns-is-layout-28f84493 wp-block-columns-is-layout-flex\">\n<div class=\"wp-block-column is-layout-flow wp-block-column-is-layout-flow\" style=\"flex-basis:30%\">\n<p class=\"has-base-color has-text-color\"><strong>N. Triki, M. Karray, N. El Kadhi, and M. Ksantini<\/strong><\/p>\n<\/div>\n\n\n\n<div class=\"wp-block-column is-layout-flow wp-block-column-is-layout-flow\" style=\"flex-basis:50%\"><h3 class=\"wp-block-post-title has-text-color has-base-color has-medium-font-size\">Enhancing Traffic Sign Recognition Via Transfer Learning: A Decision-Aid Framework with Real-Time Embedded Validation,<\/h3>\n\n\n<p class=\"has-base-color has-text-color\">2024 International Conference on Decision Aid Sciences and Applications (DASA), Kingdom of Bahrain, December 2024.<\/p>\n<\/div>\n\n\n\n<div class=\"wp-block-column is-layout-flow wp-block-column-is-layout-flow\">\n<div class=\"wp-block-buttons is-layout-flex\">\n                <div class=\"wp-block-button has-custom-width wp-block-button__width-100 has-custom-font-size has-small-font-size\"><a target=\"_blank\" class=\"wp-block-button__link has-tertiary-color has-base-background-color has-text-color has-background wp-element-button\" href='https:\/\/dasa24.asu.edu.bh\/' rel=\"noopener\">Lien vers la conf\u00e9rence<\/a><\/div>\n                <\/div>\n<\/div>\n<\/div>\n\n<\/li><li class=\"wp-block-post post-7216 journal_article type-journal_article status-publish hentry journal_article_cat-conferences\">\n\n<hr class=\"wp-block-separator has-text-color has-background-color has-alpha-channel-opacity has-background-background-color has-background is-style-wide\"\/>\n\n\n\n<div class=\"wp-block-columns is-layout-flex wp-container-core-columns-is-layout-28f84493 wp-block-columns-is-layout-flex\">\n<div class=\"wp-block-column is-layout-flow wp-block-column-is-layout-flow\" style=\"flex-basis:30%\">\n<p class=\"has-base-color has-text-color\"><strong>A. Yahyaoui, S. Kotel, F. Sbiaa, L. Hamel, A. Lahouij, and R. Maraoui Kamoun<\/strong><\/p>\n<\/div>\n\n\n\n<div class=\"wp-block-column is-layout-flow wp-block-column-is-layout-flow\" style=\"flex-basis:50%\"><h3 class=\"wp-block-post-title has-text-color has-base-color has-medium-font-size\">A Scalable Approach for Improving IoT Healthcare Systems with Privacy and Permissioned Blockchain,<\/h3>\n\n\n<p class=\"has-base-color has-text-color\">International Web Information Systems Engineering Conference (WISE 2024), Doha, Qatar, December 2024.<\/p>\n<\/div>\n\n\n\n<div class=\"wp-block-column is-layout-flow wp-block-column-is-layout-flow\">\n<div class=\"wp-block-buttons is-layout-flex\">\n                <div class=\"wp-block-button has-custom-width wp-block-button__width-100 has-custom-font-size has-small-font-size\"><a target=\"_blank\" class=\"wp-block-button__link has-tertiary-color has-base-background-color has-text-color has-background wp-element-button\" href='https:\/\/wise2024-qatar.com\/' rel=\"noopener\">Lien vers la conf\u00e9rence<\/a><\/div>\n                <\/div>\n<\/div>\n<\/div>\n\n<\/li><li class=\"wp-block-post post-7166 journal_article type-journal_article status-publish hentry journal_article_cat-conferences\">\n\n<hr class=\"wp-block-separator has-text-color has-background-color has-alpha-channel-opacity has-background-background-color has-background is-style-wide\"\/>\n\n\n\n<div class=\"wp-block-columns is-layout-flex wp-container-core-columns-is-layout-28f84493 wp-block-columns-is-layout-flex\">\n<div class=\"wp-block-column is-layout-flow wp-block-column-is-layout-flow\" style=\"flex-basis:30%\">\n<p class=\"has-base-color has-text-color\"><strong>R. Sayegh, A. Dandoush, H. Marouane, and S. Hoteit <\/strong><\/p>\n<\/div>\n\n\n\n<div class=\"wp-block-column is-layout-flow wp-block-column-is-layout-flow\" style=\"flex-basis:50%\"><h3 class=\"wp-block-post-title has-text-color has-base-color has-medium-font-size\">Preliminary Evaluation and Optimization of Task Offloading and Latency in Vehicular Edge Computing,<\/h3>\n\n\n<p class=\"has-base-color has-text-color\">IEEE International Conference on Smart Communities (IEEE HONET), Doha, Qatar, December 2024.<\/p>\n<\/div>\n\n\n\n<div class=\"wp-block-column is-layout-flow wp-block-column-is-layout-flow\">\n<div class=\"wp-block-buttons is-layout-flex\">\n                <div class=\"wp-block-button has-custom-width wp-block-button__width-100 has-custom-font-size has-small-font-size\"><a target=\"_blank\" class=\"wp-block-button__link has-tertiary-color has-base-background-color has-text-color has-background wp-element-button\" href='https:\/\/honet-ict.org\/' rel=\"noopener\">Lien vers la conf\u00e9rence<\/a><\/div>\n                <\/div>\n<\/div>\n<\/div>\n\n<\/li><li class=\"wp-block-post post-7378 journal_article type-journal_article status-publish hentry journal_article_cat-conferences\">\n\n<hr class=\"wp-block-separator has-text-color has-background-color has-alpha-channel-opacity has-background-background-color has-background is-style-wide\"\/>\n\n\n\n<div class=\"wp-block-columns is-layout-flex wp-container-core-columns-is-layout-28f84493 wp-block-columns-is-layout-flex\">\n<div class=\"wp-block-column is-layout-flow wp-block-column-is-layout-flow\" style=\"flex-basis:30%\">\n<p class=\"has-base-color has-text-color\"><strong>J. Martinez Rocha, F. Pennino, C. Dubois, E. Monacelli, and M. Gabbrielli<\/strong><\/p>\n<\/div>\n\n\n\n<div class=\"wp-block-column is-layout-flow wp-block-column-is-layout-flow\" style=\"flex-basis:50%\"><h3 class=\"wp-block-post-title has-text-color has-base-color has-medium-font-size\">Contrastive learning for body gesture detection during Adapted Physical,<\/h3>\n\n\n<p class=\"has-base-color has-text-color\">2024 33rd IEEE International Conference on Robot and Human Interactive Communication (ROMAN), pp. 381-386, Pasadena, CA, USA, August 2024.<\/p>\n<\/div>\n\n\n\n<div class=\"wp-block-column is-layout-flow wp-block-column-is-layout-flow\">\n<div class=\"wp-block-buttons is-layout-flex\">\n                <div class=\"wp-block-button has-custom-width wp-block-button__width-100 has-custom-font-size has-small-font-size\"><a target=\"_blank\" class=\"wp-block-button__link has-tertiary-color has-base-background-color has-text-color has-background wp-element-button\" href='https:\/\/ieeexplore.ieee.org\/abstract\/document\/10731183' rel=\"noopener\">Lien vers l&rsquo;article<\/a><\/div>\n                <\/div>\n<\/div>\n<\/div>\n\n<\/li><li class=\"wp-block-post post-7162 journal_article type-journal_article status-publish hentry journal_article_cat-conferences\">\n\n<hr class=\"wp-block-separator has-text-color has-background-color has-alpha-channel-opacity has-background-background-color has-background is-style-wide\"\/>\n\n\n\n<div class=\"wp-block-columns is-layout-flex wp-container-core-columns-is-layout-28f84493 wp-block-columns-is-layout-flex\">\n<div class=\"wp-block-column is-layout-flow wp-block-column-is-layout-flow\" style=\"flex-basis:30%\">\n<p class=\"has-base-color has-text-color\"><strong>A. Sassi, I. Boussaada, S.-I. Niculescu, and M. Zasadzinski<\/strong><\/p>\n<\/div>\n\n\n\n<div class=\"wp-block-column is-layout-flow wp-block-column-is-layout-flow\" style=\"flex-basis:50%\"><h3 class=\"wp-block-post-title has-text-color has-base-color has-medium-font-size\">Observer-based Controller Design for LTI SISO Systems with Feedback Delay. A Partial Pole Placement Approach,<\/h3>\n\n\n<p class=\"has-base-color has-text-color\">IFAC Workshop on Time Delay Systems (TDS), Udine, Italy, September 2024.<\/p>\n<\/div>\n\n\n\n<div class=\"wp-block-column is-layout-flow wp-block-column-is-layout-flow\">\n<div class=\"wp-block-buttons is-layout-flex\">\n                <div class=\"wp-block-button has-custom-width wp-block-button__width-100 has-custom-font-size has-small-font-size\"><a target=\"_blank\" class=\"wp-block-button__link has-tertiary-color has-base-background-color has-text-color has-background wp-element-button\" href='http:\/\/tds2024.uniud.it\/' rel=\"noopener\">Lien vers la conf\u00e9rence<\/a><\/div>\n                <\/div>\n<\/div>\n<\/div>\n\n<\/li><li class=\"wp-block-post post-7155 journal_article type-journal_article status-publish hentry journal_article_cat-conferences\">\n\n<hr class=\"wp-block-separator has-text-color has-background-color has-alpha-channel-opacity has-background-background-color has-background is-style-wide\"\/>\n\n\n\n<div class=\"wp-block-columns is-layout-flex wp-container-core-columns-is-layout-28f84493 wp-block-columns-is-layout-flex\">\n<div class=\"wp-block-column is-layout-flow wp-block-column-is-layout-flow\" style=\"flex-basis:30%\">\n<p class=\"has-base-color has-text-color\"><strong>S.-E. Laidoudi, M. Maidi, and S. Otmane<\/strong><\/p>\n<\/div>\n\n\n\n<div class=\"wp-block-column is-layout-flow wp-block-column-is-layout-flow\" style=\"flex-basis:50%\"><h3 class=\"wp-block-post-title has-text-color has-base-color has-medium-font-size\">Real-Time Indoor Object Detection based on hybrid CNN-Transformer Approach<\/h3>\n\n\n<p class=\"has-base-color has-text-color\">27th European Conference on Artificial Intelligence (ECAI\u20192024), Santiago de Compostela, Spain, October 2024.<\/p>\n<\/div>\n\n\n\n<div class=\"wp-block-column is-layout-flow wp-block-column-is-layout-flow\">\n<div class=\"wp-block-buttons is-layout-flex\">\n                <div class=\"wp-block-button has-custom-width wp-block-button__width-100 has-custom-font-size has-small-font-size\"><a target=\"_blank\" class=\"wp-block-button__link has-tertiary-color has-base-background-color has-text-color has-background wp-element-button\" href='https:\/\/www.ecai2024.eu\/' rel=\"noopener\">Lien vers la conf\u00e9rence<\/a><\/div>\n                <\/div>\n<\/div>\n<\/div>\n\n<\/li><li class=\"wp-block-post post-7241 journal_article type-journal_article status-publish hentry journal_article_cat-conferences\">\n\n<hr class=\"wp-block-separator has-text-color has-background-color has-alpha-channel-opacity has-background-background-color has-background is-style-wide\"\/>\n\n\n\n<div class=\"wp-block-columns is-layout-flex wp-container-core-columns-is-layout-28f84493 wp-block-columns-is-layout-flex\">\n<div class=\"wp-block-column is-layout-flow wp-block-column-is-layout-flow\" style=\"flex-basis:30%\">\n<p class=\"has-base-color has-text-color\"><strong>W. Babonnaud, E. Delouche, and M. Lahlouh<\/strong><\/p>\n<\/div>\n\n\n\n<div class=\"wp-block-column is-layout-flow wp-block-column-is-layout-flow\" style=\"flex-basis:50%\"><h3 class=\"wp-block-post-title has-text-color has-base-color has-medium-font-size\">The Bias that Lies Beneath: Qualitative Uncovering of Stereotypes in Large Language Models,<\/h3>\n\n\n<p class=\"has-base-color has-text-color\">14th Scandinavian Conference on Artificial Intelligence (SCAI), J\u00f6nk\u00f6ping, Sweden, pp. 195-203, June 2024.<\/p>\n<\/div>\n\n\n\n<div class=\"wp-block-column is-layout-flow wp-block-column-is-layout-flow\">\n<div class=\"wp-block-buttons is-layout-flex\">\n                <div class=\"wp-block-button has-custom-width wp-block-button__width-100 has-custom-font-size has-small-font-size\"><a target=\"_blank\" class=\"wp-block-button__link has-tertiary-color has-base-background-color has-text-color has-background wp-element-button\" href='https:\/\/ecp.ep.liu.se\/index.php\/sais\/article\/view\/1014' rel=\"noopener\">Lien vers l&rsquo;article<\/a><\/div>\n                <\/div>\n<\/div>\n<\/div>\n\n<\/li><li class=\"wp-block-post post-7077 journal_article type-journal_article status-publish hentry journal_article_cat-conferences\">\n\n<hr class=\"wp-block-separator has-text-color has-background-color has-alpha-channel-opacity has-background-background-color has-background is-style-wide\"\/>\n\n\n\n<div class=\"wp-block-columns is-layout-flex wp-container-core-columns-is-layout-28f84493 wp-block-columns-is-layout-flex\">\n<div class=\"wp-block-column is-layout-flow wp-block-column-is-layout-flow\" style=\"flex-basis:30%\">\n<p class=\"has-base-color has-text-color\"><strong>B. Altiner, A. Saoud, A. Caldas, and M. Makarov<\/strong><\/p>\n<\/div>\n\n\n\n<div class=\"wp-block-column is-layout-flow wp-block-column-is-layout-flow\" style=\"flex-basis:50%\"><h3 class=\"wp-block-post-title has-text-color has-base-color has-medium-font-size\">Scenario Convex Programs for Dexterous Manipulation under Modeling Uncertainties,<\/h3>\n\n\n<p class=\"has-base-color has-text-color\">2024 IEEE 20th International Conference on Automation Science and Engineering (IEEE CASE 2024), Bari, Italy, August 2024.<\/p>\n<\/div>\n\n\n\n<div class=\"wp-block-column is-layout-flow wp-block-column-is-layout-flow\">\n<div class=\"wp-block-buttons is-layout-flex\">\n                <div class=\"wp-block-button has-custom-width wp-block-button__width-100 has-custom-font-size has-small-font-size\"><a target=\"_blank\" class=\"wp-block-button__link has-tertiary-color has-base-background-color has-text-color has-background wp-element-button\" href='https:\/\/2024.ieeecase.org\/' rel=\"noopener\">Lien vers la conf\u00e9rence<\/a><\/div>\n                <\/div>\n<\/div>\n<\/div>\n\n<\/li><li class=\"wp-block-post post-7526 journal_article type-journal_article status-publish hentry journal_article_cat-conferences\">\n\n<hr class=\"wp-block-separator has-text-color has-background-color has-alpha-channel-opacity has-background-background-color has-background is-style-wide\"\/>\n\n\n\n<div class=\"wp-block-columns is-layout-flex wp-container-core-columns-is-layout-28f84493 wp-block-columns-is-layout-flex\">\n<div class=\"wp-block-column is-layout-flow wp-block-column-is-layout-flow\" style=\"flex-basis:30%\">\n<p class=\"has-base-color has-text-color\"><strong>N. Ayadi, A. Et-taleby, C. Elwely Salem, Y. Chaibi, M. Benslimane, and Z. Chalh<\/strong><\/p>\n<\/div>\n\n\n\n<div class=\"wp-block-column is-layout-flow wp-block-column-is-layout-flow\" style=\"flex-basis:50%\"><h3 class=\"wp-block-post-title has-text-color has-base-color has-medium-font-size\">Analysis of the Faults Impact on Current and Voltage Characteristics of Photovoltaic Solar Systems,<\/h3>\n\n\n<p class=\"has-base-color has-text-color\">6th Global Power, Energy and Communication Conference (GPECOM), 2024.<\/p>\n<\/div>\n\n\n\n<div class=\"wp-block-column is-layout-flow wp-block-column-is-layout-flow\">\n<div class=\"wp-block-buttons is-layout-flex\">\n                <div class=\"wp-block-button has-custom-width wp-block-button__width-100 has-custom-font-size has-small-font-size\"><a target=\"_blank\" class=\"wp-block-button__link has-tertiary-color has-base-background-color has-text-color has-background wp-element-button\" href='https:\/\/ieeexplore.ieee.org\/abstract\/document\/10582609' rel=\"noopener\">Lien vers l&rsquo;article<\/a><\/div>\n                <\/div>\n<\/div>\n<\/div>\n\n<\/li><li class=\"wp-block-post post-7070 journal_article type-journal_article status-publish hentry journal_article_cat-conferences\">\n\n<hr class=\"wp-block-separator has-text-color has-background-color has-alpha-channel-opacity has-background-background-color has-background is-style-wide\"\/>\n\n\n\n<div class=\"wp-block-columns is-layout-flex wp-container-core-columns-is-layout-28f84493 wp-block-columns-is-layout-flex\">\n<div class=\"wp-block-column is-layout-flow wp-block-column-is-layout-flow\" style=\"flex-basis:30%\">\n<p class=\"has-base-color has-text-color\"><strong>S. Yahia, S. M. Taleb, V. Loscri, and A. Ait Saadi<\/strong><\/p>\n<\/div>\n\n\n\n<div class=\"wp-block-column is-layout-flow wp-block-column-is-layout-flow\" style=\"flex-basis:50%\"><h3 class=\"wp-block-post-title has-text-color has-base-color has-medium-font-size\">Dynamic 3D UAV Placement Optimization : ImprovedBonobo Optimizer for Enhanced Coverage and Communication,<\/h3>\n\n\n<p class=\"has-base-color has-text-color\">IEEE International Symposium on Personal, Indoor and Mobile Radio Communications (PIMRC 2024), Valencia, Spain, September 2024.<\/p>\n<\/div>\n\n\n\n<div class=\"wp-block-column is-layout-flow wp-block-column-is-layout-flow\">\n<div class=\"wp-block-buttons is-layout-flex\">\n                <div class=\"wp-block-button has-custom-width wp-block-button__width-100 has-custom-font-size has-small-font-size\"><a target=\"_blank\" class=\"wp-block-button__link has-tertiary-color has-base-background-color has-text-color has-background wp-element-button\" href='https:\/\/pimrc2024.ieee-pimrc.org\/' rel=\"noopener\">Lien vers la conf\u00e9rence<\/a><\/div>\n                <\/div>\n<\/div>\n<\/div>\n\n<\/li><li class=\"wp-block-post post-7068 journal_article type-journal_article status-publish hentry journal_article_cat-conferences\">\n\n<hr class=\"wp-block-separator has-text-color has-background-color has-alpha-channel-opacity has-background-background-color has-background is-style-wide\"\/>\n\n\n\n<div class=\"wp-block-columns is-layout-flex wp-container-core-columns-is-layout-28f84493 wp-block-columns-is-layout-flex\">\n<div class=\"wp-block-column is-layout-flow wp-block-column-is-layout-flow\" style=\"flex-basis:30%\">\n<p class=\"has-base-color has-text-color\"><strong>M. Ossonce, P. Duhamel, and F. Alberge<\/strong><\/p>\n<\/div>\n\n\n\n<div class=\"wp-block-column is-layout-flow wp-block-column-is-layout-flow\" style=\"flex-basis:50%\"><h3 class=\"wp-block-post-title has-text-color has-base-color has-medium-font-size\">Adequate structuring of the latent space for easy classification and out-of-distribution detection,<\/h3>\n\n\n<p class=\"has-base-color has-text-color\">32nd European Conference on Signal Processing (EUSIPCO 2024), Lyon, France, August 2024.<\/p>\n<\/div>\n\n\n\n<div class=\"wp-block-column is-layout-flow wp-block-column-is-layout-flow\">\n<div class=\"wp-block-buttons is-layout-flex\">\n                <div class=\"wp-block-button has-custom-width wp-block-button__width-100 has-custom-font-size has-small-font-size\"><a target=\"_blank\" class=\"wp-block-button__link has-tertiary-color has-base-background-color has-text-color has-background wp-element-button\" href='https:\/\/eurasip.org\/eusipco-conferences\/' rel=\"noopener\">Lien vers la conf\u00e9rence<\/a><\/div>\n                <\/div>\n<\/div>\n<\/div>\n\n<\/li><li class=\"wp-block-post post-7066 journal_article type-journal_article status-publish hentry journal_article_cat-conferences\">\n\n<hr class=\"wp-block-separator has-text-color has-background-color has-alpha-channel-opacity has-background-background-color has-background is-style-wide\"\/>\n\n\n\n<div class=\"wp-block-columns is-layout-flex wp-container-core-columns-is-layout-28f84493 wp-block-columns-is-layout-flex\">\n<div class=\"wp-block-column is-layout-flow wp-block-column-is-layout-flow\" style=\"flex-basis:30%\">\n<p class=\"has-base-color has-text-color\"><strong>C. Abdelaali, A. Brouri, F. Giri, A. Sassi, and A. Bouklata<\/strong><\/p>\n<\/div>\n\n\n\n<div class=\"wp-block-column is-layout-flow wp-block-column-is-layout-flow\" style=\"flex-basis:50%\"><h3 class=\"wp-block-post-title has-text-color has-base-color has-medium-font-size\">Modeling and Adaptive Observer Design of Buck Power Converter with Transmission Delay,\u00a0<\/h3>\n\n\n<p class=\"has-base-color has-text-color\">12th IFAC Symposium on Control of Power and Energy Systems (CPES), Rabat, Morocco, July 2024.<\/p>\n<\/div>\n\n\n\n<div class=\"wp-block-column is-layout-flow wp-block-column-is-layout-flow\">\n<div class=\"wp-block-buttons is-layout-flex\">\n                <div class=\"wp-block-button has-custom-width wp-block-button__width-100 has-custom-font-size has-small-font-size\"><a target=\"_blank\" class=\"wp-block-button__link has-tertiary-color has-base-background-color has-text-color has-background wp-element-button\" href='https:\/\/www.cpes2024.org\/' rel=\"noopener\">Lien vers la conf\u00e9rence<\/a><\/div>\n                <\/div>\n<\/div>\n<\/div>\n\n<\/li><li class=\"wp-block-post post-7064 journal_article type-journal_article status-publish hentry journal_article_cat-conferences\">\n\n<hr class=\"wp-block-separator has-text-color has-background-color has-alpha-channel-opacity has-background-background-color has-background is-style-wide\"\/>\n\n\n\n<div class=\"wp-block-columns is-layout-flex wp-container-core-columns-is-layout-28f84493 wp-block-columns-is-layout-flex\">\n<div class=\"wp-block-column is-layout-flow wp-block-column-is-layout-flow\" style=\"flex-basis:30%\">\n<p class=\"has-base-color has-text-color\"><strong>E. Amirouche, N. Benyahia, S. Aissou, A. Belkaid, I. Colak, and A. Berboucha<\/strong><\/p>\n<\/div>\n\n\n\n<div class=\"wp-block-column is-layout-flow wp-block-column-is-layout-flow\" style=\"flex-basis:50%\"><h3 class=\"wp-block-post-title has-text-color has-base-color has-medium-font-size\">Energy Management Strategy for Nano-grid in Isolated Areas,<\/h3>\n\n\n<p class=\"has-base-color has-text-color\">12th International Conference on Smart Grid (ICSMARTGRID 2024), Set\u00fabal, Portugal, May 2024.<\/p>\n<\/div>\n\n\n\n<div class=\"wp-block-column is-layout-flow wp-block-column-is-layout-flow\">\n<div class=\"wp-block-buttons is-layout-flex\">\n                <div class=\"wp-block-button has-custom-width wp-block-button__width-100 has-custom-font-size has-small-font-size\"><a target=\"_blank\" class=\"wp-block-button__link has-tertiary-color has-base-background-color has-text-color has-background wp-element-button\" href='https:\/\/www.icsmartgrid.org\/index.php?id=prog' rel=\"noopener\">Lien vers la conf\u00e9rence<\/a><\/div>\n                <\/div>\n<\/div>\n<\/div>\n\n<\/li><li class=\"wp-block-post post-7528 journal_article type-journal_article status-publish hentry journal_article_cat-conferences\">\n\n<hr class=\"wp-block-separator has-text-color has-background-color has-alpha-channel-opacity has-background-background-color has-background is-style-wide\"\/>\n\n\n\n<div class=\"wp-block-columns is-layout-flex wp-container-core-columns-is-layout-28f84493 wp-block-columns-is-layout-flex\">\n<div class=\"wp-block-column is-layout-flow wp-block-column-is-layout-flow\" style=\"flex-basis:30%\">\n<p class=\"has-base-color has-text-color\"><strong>Y. Chaibi, A. Et-taleby, B. Elkari, Z. Chalh and M. Benslimane<\/strong><\/p>\n<\/div>\n\n\n\n<div class=\"wp-block-column is-layout-flow wp-block-column-is-layout-flow\" style=\"flex-basis:50%\"><h3 class=\"wp-block-post-title has-text-color has-base-color has-medium-font-size\">An Experimental Assessment of the Single-and Double-Diode Models: The Possibility of a Hybrid Approach,<\/h3>\n\n\n<p class=\"has-base-color has-text-color\">The 2nd edition of the International Conference on Electrical Systems &amp; Automation (ICESA 2023), 2023<\/p>\n<\/div>\n\n\n\n<div class=\"wp-block-column is-layout-flow wp-block-column-is-layout-flow\">\n<div class=\"wp-block-buttons is-layout-flex\">\n                <div class=\"wp-block-button has-custom-width wp-block-button__width-100 has-custom-font-size has-small-font-size\"><a target=\"_blank\" class=\"wp-block-button__link has-tertiary-color has-base-background-color has-text-color has-background wp-element-button\" href='https:\/\/link.springer.com\/chapter\/10.1007\/978-3-031-49772-8_10' rel=\"noopener\">Lien vers l&rsquo;article<\/a><\/div>\n                <\/div>\n<\/div>\n<\/div>\n\n<\/li><li class=\"wp-block-post post-7527 journal_article type-journal_article status-publish hentry journal_article_cat-conferences\">\n\n<hr class=\"wp-block-separator has-text-color has-background-color has-alpha-channel-opacity has-background-background-color has-background is-style-wide\"\/>\n\n\n\n<div class=\"wp-block-columns is-layout-flex wp-container-core-columns-is-layout-28f84493 wp-block-columns-is-layout-flex\">\n<div class=\"wp-block-column is-layout-flow wp-block-column-is-layout-flow\" style=\"flex-basis:30%\">\n<p class=\"has-base-color has-text-color\"><strong>A. Et-taleby, Y. Chaibi, B. Elkari, M. Benslimane, and Z. Chalh<\/strong><\/p>\n<\/div>\n\n\n\n<div class=\"wp-block-column is-layout-flow wp-block-column-is-layout-flow\" style=\"flex-basis:50%\"><h3 class=\"wp-block-post-title has-text-color has-base-color has-medium-font-size\">Detection and Classification of Faults in PV Systems Based on Thermal Imaging and Fuzzy Logic Algorithm,<\/h3>\n\n\n<p class=\"has-base-color has-text-color\">The 2nd edition of the International Conference on Electrical Systems &amp; Automation (ICESA 2023), 2023.<\/p>\n<\/div>\n\n\n\n<div class=\"wp-block-column is-layout-flow wp-block-column-is-layout-flow\">\n<div class=\"wp-block-buttons is-layout-flex\">\n                <div class=\"wp-block-button has-custom-width wp-block-button__width-100 has-custom-font-size has-small-font-size\"><a target=\"_blank\" class=\"wp-block-button__link has-tertiary-color has-base-background-color has-text-color has-background wp-element-button\" href='https:\/\/link.springer.com\/chapter\/10.1007\/978-3-031-49772-8_12' rel=\"noopener\">Lien vers l&rsquo;article<\/a><\/div>\n                <\/div>\n<\/div>\n<\/div>\n\n<\/li><li class=\"wp-block-post post-7059 journal_article type-journal_article status-publish hentry journal_article_cat-conferences\">\n\n<hr class=\"wp-block-separator has-text-color has-background-color has-alpha-channel-opacity has-background-background-color has-background is-style-wide\"\/>\n\n\n\n<div class=\"wp-block-columns is-layout-flex wp-container-core-columns-is-layout-28f84493 wp-block-columns-is-layout-flex\">\n<div class=\"wp-block-column is-layout-flow wp-block-column-is-layout-flow\" style=\"flex-basis:30%\">\n<p class=\"has-base-color has-text-color\"><strong>J. Boukhenfouf, G. Shafique, S. Samimi, M. Merlin, P. Le Moigne, P. Delarue, F. Colas, F. Gruson, and X. Guillaud<\/strong><\/p>\n<\/div>\n\n\n\n<div class=\"wp-block-column is-layout-flow wp-block-column-is-layout-flow\" style=\"flex-basis:50%\"><h3 class=\"wp-block-post-title has-text-color has-base-color has-medium-font-size\">Introducing dissymmetrical inductances in the Modular Multilevel DC converter (M2DC),<\/h3>\n\n\n<p class=\"has-base-color has-text-color\">International Conference on Modeling and Simulation of Electric Machines, Converters and Systems (ELECTRIMACS 2024), Castell\u00f3, Spain, May 2024.<\/p>\n<\/div>\n\n\n\n<div class=\"wp-block-column is-layout-flow wp-block-column-is-layout-flow\">\n<div class=\"wp-block-buttons is-layout-flex\">\n                <div class=\"wp-block-button has-custom-width wp-block-button__width-100 has-custom-font-size has-small-font-size\"><a target=\"_blank\" class=\"wp-block-button__link has-tertiary-color has-base-background-color has-text-color has-background wp-element-button\" href='https:\/\/electrimacs2024.uji.es\/' rel=\"noopener\">Lien vers la conf\u00e9rence<\/a><\/div>\n                <\/div>\n<\/div>\n<\/div>\n\n<\/li><li class=\"wp-block-post post-7044 journal_article type-journal_article status-publish hentry journal_article_cat-conferences\">\n\n<hr class=\"wp-block-separator has-text-color has-background-color has-alpha-channel-opacity has-background-background-color has-background is-style-wide\"\/>\n\n\n\n<div class=\"wp-block-columns is-layout-flex wp-container-core-columns-is-layout-28f84493 wp-block-columns-is-layout-flex\">\n<div class=\"wp-block-column is-layout-flow wp-block-column-is-layout-flow\" style=\"flex-basis:30%\">\n<p class=\"has-base-color has-text-color\"><strong>A. Kameni, D. Palessonga, Z. Semmoumy, and M. Bensetti<\/strong><\/p>\n<\/div>\n\n\n\n<div class=\"wp-block-column is-layout-flow wp-block-column-is-layout-flow\" style=\"flex-basis:50%\"><h3 class=\"wp-block-post-title has-text-color has-base-color has-medium-font-size\">Machine Learning to Predict Effective Conductivity of Composite Materials for Shielding Applications,<\/h3>\n\n\n<p class=\"has-base-color has-text-color\">IEEE Conference on Electromagnetic Field Computation (IEEE CEFC 2024), Jeju, Korea, June 2024.<\/p>\n<\/div>\n\n\n\n<div class=\"wp-block-column is-layout-flow wp-block-column-is-layout-flow\">\n<div class=\"wp-block-buttons is-layout-flex\">\n                <div class=\"wp-block-button has-custom-width wp-block-button__width-100 has-custom-font-size has-small-font-size\"><a target=\"_blank\" class=\"wp-block-button__link has-tertiary-color has-base-background-color has-text-color has-background wp-element-button\" href='http:\/\/cefc2024.com\/cfp.php' rel=\"noopener\">Lien vers la conf\u00e9rence<\/a><\/div>\n                <\/div>\n<\/div>\n<\/div>\n\n<\/li><li class=\"wp-block-post post-7039 journal_article type-journal_article status-publish hentry journal_article_cat-conferences\">\n\n<hr class=\"wp-block-separator has-text-color has-background-color has-alpha-channel-opacity has-background-background-color has-background is-style-wide\"\/>\n\n\n\n<div class=\"wp-block-columns is-layout-flex wp-container-core-columns-is-layout-28f84493 wp-block-columns-is-layout-flex\">\n<div class=\"wp-block-column is-layout-flow wp-block-column-is-layout-flow\" style=\"flex-basis:30%\">\n<p class=\"has-base-color has-text-color\"><strong>J. Drappier, F. Guyomarch, R. Cherif, Y. Le Menach, O. Messal, L. Chevallier, and A. Benabou <\/strong><\/p>\n<\/div>\n\n\n\n<div class=\"wp-block-column is-layout-flow wp-block-column-is-layout-flow\" style=\"flex-basis:50%\"><h3 class=\"wp-block-post-title has-text-color has-base-color has-medium-font-size\">Anisotropic Models of Nonlinear Magnetic Behavior Laws for Finite Element Modeling of Iron Losses in a Toroidal Core<\/h3>\n\n\n<p class=\"has-base-color has-text-color\">IEEE International Magnetics Conference (INTERMAG 2024), Rio de Janeiro, Brazil, May 2024.<\/p>\n<\/div>\n\n\n\n<div class=\"wp-block-column is-layout-flow wp-block-column-is-layout-flow\">\n<div class=\"wp-block-buttons is-layout-flex\">\n                <div class=\"wp-block-button has-custom-width wp-block-button__width-100 has-custom-font-size has-small-font-size\"><a target=\"_blank\" class=\"wp-block-button__link has-tertiary-color has-base-background-color has-text-color has-background wp-element-button\" href='https:\/\/www.intermag2024.org\/' rel=\"noopener\">Lien vers la conf\u00e9rence<\/a><\/div>\n                <\/div>\n<\/div>\n<\/div>\n\n<\/li><li class=\"wp-block-post post-6943 journal_article type-journal_article status-publish hentry journal_article_cat-conferences\">\n\n<hr class=\"wp-block-separator has-text-color has-background-color has-alpha-channel-opacity has-background-background-color has-background is-style-wide\"\/>\n\n\n\n<div class=\"wp-block-columns is-layout-flex wp-container-core-columns-is-layout-28f84493 wp-block-columns-is-layout-flex\">\n<div class=\"wp-block-column is-layout-flow wp-block-column-is-layout-flow\" style=\"flex-basis:30%\">\n<p class=\"has-base-color has-text-color\"><strong>N. Triki, M. Karray, and M. Ksantini<\/strong><\/p>\n<\/div>\n\n\n\n<div class=\"wp-block-column is-layout-flow wp-block-column-is-layout-flow\" style=\"flex-basis:50%\"><h3 class=\"wp-block-post-title has-text-color has-base-color has-medium-font-size\">New Speed Limit Recognition System: Software and Hardware Validation,<\/h3>\n\n\n<p class=\"has-base-color has-text-color\">16th International Conference on Agents and Artificial Intelligence (ICAART), Roma, Italy, February 2024.<\/p>\n<\/div>\n\n\n\n<div class=\"wp-block-column is-layout-flow wp-block-column-is-layout-flow\">\n<div class=\"wp-block-buttons is-layout-flex\">\n                <div class=\"wp-block-button has-custom-width wp-block-button__width-100 has-custom-font-size has-small-font-size\"><a target=\"_blank\" class=\"wp-block-button__link has-tertiary-color has-base-background-color has-text-color has-background wp-element-button\" href='https:\/\/icaart.scitevents.org\/' rel=\"noopener\">Lien vers la conf\u00e9rence<\/a><\/div>\n                <\/div>\n<\/div>\n<\/div>\n\n<\/li><li class=\"wp-block-post post-6942 journal_article type-journal_article status-publish hentry journal_article_cat-conferences\">\n\n<hr class=\"wp-block-separator has-text-color has-background-color has-alpha-channel-opacity has-background-background-color has-background is-style-wide\"\/>\n\n\n\n<div class=\"wp-block-columns is-layout-flex wp-container-core-columns-is-layout-28f84493 wp-block-columns-is-layout-flex\">\n<div class=\"wp-block-column is-layout-flow wp-block-column-is-layout-flow\" style=\"flex-basis:30%\">\n<p class=\"has-base-color has-text-color\"><strong>A. Turki, S. Ammar, M. Karray, and M. Ksantini<\/strong><\/p>\n<\/div>\n\n\n\n<div class=\"wp-block-column is-layout-flow wp-block-column-is-layout-flow\" style=\"flex-basis:50%\"><h3 class=\"wp-block-post-title has-text-color has-base-color has-medium-font-size\">Facial Expression-Based Drowsiness Detection System for Driver Safety Using Deep Learning Techniques,<\/h3>\n\n\n<p class=\"has-base-color has-text-color\">16th International Conference on Agents and Artificial Intelligence (ICAART), Roma, Italy, February 2024.<\/p>\n<\/div>\n\n\n\n<div class=\"wp-block-column is-layout-flow wp-block-column-is-layout-flow\">\n<div class=\"wp-block-buttons is-layout-flex\">\n                <div class=\"wp-block-button has-custom-width wp-block-button__width-100 has-custom-font-size has-small-font-size\"><a target=\"_blank\" class=\"wp-block-button__link has-tertiary-color has-base-background-color has-text-color has-background wp-element-button\" href='https:\/\/icaart.scitevents.org\/' rel=\"noopener\">Lien vers la conf\u00e9rence<\/a><\/div>\n                <\/div>\n<\/div>\n<\/div>\n\n<\/li><li class=\"wp-block-post post-6924 journal_article type-journal_article status-publish hentry journal_article_cat-conferences\">\n\n<hr class=\"wp-block-separator has-text-color has-background-color has-alpha-channel-opacity has-background-background-color has-background is-style-wide\"\/>\n\n\n\n<div class=\"wp-block-columns is-layout-flex wp-container-core-columns-is-layout-28f84493 wp-block-columns-is-layout-flex\">\n<div class=\"wp-block-column is-layout-flow wp-block-column-is-layout-flow\" style=\"flex-basis:30%\">\n<p class=\"has-base-color has-text-color\"><strong>A. Sassi, I. Boussaada, and S.-I. Niculescu<\/strong><\/p>\n<\/div>\n\n\n\n<div class=\"wp-block-column is-layout-flow wp-block-column-is-layout-flow\" style=\"flex-basis:50%\"><h3 class=\"wp-block-post-title has-text-color has-base-color has-medium-font-size\">Reduced-Order Observer Design for Time-Delay Systems using Partial Pole Placement,<\/h3>\n\n\n<p class=\"has-base-color has-text-color\">11th International Conference on Systems and Control (ICSC) 2023, Sousse, Tunisia, December 2023.<\/p>\n<\/div>\n\n\n\n<div class=\"wp-block-column is-layout-flow wp-block-column-is-layout-flow\">\n<div class=\"wp-block-buttons is-layout-flex\">\n                <div class=\"wp-block-button has-custom-width wp-block-button__width-100 has-custom-font-size has-small-font-size\"><a target=\"_blank\" class=\"wp-block-button__link has-tertiary-color has-base-background-color has-text-color has-background wp-element-button\" href='https:\/\/hal.science\/hal-04381790' rel=\"noopener\">Lien vers l&rsquo;article<\/a><\/div>\n                <\/div>\n<\/div>\n<\/div>\n\n<\/li><li class=\"wp-block-post post-6749 journal_article type-journal_article status-publish hentry journal_article_cat-conferences\">\n\n<hr class=\"wp-block-separator has-text-color has-background-color has-alpha-channel-opacity has-background-background-color has-background is-style-wide\"\/>\n\n\n\n<div class=\"wp-block-columns is-layout-flex wp-container-core-columns-is-layout-28f84493 wp-block-columns-is-layout-flex\">\n<div class=\"wp-block-column is-layout-flow wp-block-column-is-layout-flow\" style=\"flex-basis:30%\">\n<p class=\"has-base-color has-text-color\"><strong>H. Marouane, A. Dandoush, L. Amour, and A. Erbad<\/strong><\/p>\n<\/div>\n\n\n\n<div class=\"wp-block-column is-layout-flow wp-block-column-is-layout-flow\" style=\"flex-basis:50%\"><h3 class=\"wp-block-post-title has-text-color has-base-color has-medium-font-size\">Performance Evaluation of Machine Learning-Based Misbehavior Detection Systems in VANETs: A Comprehensive Study,<\/h3>\n\n\n<p class=\"has-base-color has-text-color\">2023 International Symposium on Networks, Computers and Communications (ISNCC), Doha, Qatar, pp. 1-6, October 2023.<\/p>\n<\/div>\n\n\n\n<div class=\"wp-block-column is-layout-flow wp-block-column-is-layout-flow\">\n<div class=\"wp-block-buttons is-layout-flex\">\n                <div class=\"wp-block-button has-custom-width wp-block-button__width-100 has-custom-font-size has-small-font-size\"><a target=\"_blank\" class=\"wp-block-button__link has-tertiary-color has-base-background-color has-text-color has-background wp-element-button\" href='https:\/\/www.isncc-conf.org\/' rel=\"noopener\">Lien vers la conf\u00e9rence<\/a><\/div>\n                <\/div>\n<\/div>\n<\/div>\n\n<\/li><li class=\"wp-block-post post-6751 journal_article type-journal_article status-publish hentry journal_article_cat-conferences\">\n\n<hr class=\"wp-block-separator has-text-color has-background-color has-alpha-channel-opacity has-background-background-color has-background is-style-wide\"\/>\n\n\n\n<div class=\"wp-block-columns is-layout-flex wp-container-core-columns-is-layout-28f84493 wp-block-columns-is-layout-flex\">\n<div class=\"wp-block-column is-layout-flow wp-block-column-is-layout-flow\" style=\"flex-basis:30%\">\n<p class=\"has-base-color has-text-color\"><strong>V. KumarSkandPriya, A. Dandoush, and G. Diaz<\/strong><\/p>\n<\/div>\n\n\n\n<div class=\"wp-block-column is-layout-flow wp-block-column-is-layout-flow\" style=\"flex-basis:50%\"><h3 class=\"wp-block-post-title has-text-color has-base-color has-medium-font-size\">Slicenet: a Simple and Scalable Flow-Level Simulator for Network Slice Provisioning and Management,\u00a0<\/h3>\n\n\n<p class=\"has-base-color has-text-color\">2023 International Symposium on Networks, Computers and Communications (ISNCC), Doha, Qatar, October 2023.<\/p>\n<\/div>\n\n\n\n<div class=\"wp-block-column is-layout-flow wp-block-column-is-layout-flow\">\n<div class=\"wp-block-buttons is-layout-flex\">\n                <div class=\"wp-block-button has-custom-width wp-block-button__width-100 has-custom-font-size has-small-font-size\"><a target=\"_blank\" class=\"wp-block-button__link has-tertiary-color has-base-background-color has-text-color has-background wp-element-button\" href='https:\/\/www.isncc-conf.org\/' rel=\"noopener\">Lien vers la conf\u00e9rence<\/a><\/div>\n                <\/div>\n<\/div>\n<\/div>\n\n<\/li><li class=\"wp-block-post post-7379 journal_article type-journal_article status-publish hentry journal_article_cat-conferences\">\n\n<hr class=\"wp-block-separator has-text-color has-background-color has-alpha-channel-opacity has-background-background-color has-background is-style-wide\"\/>\n\n\n\n<div class=\"wp-block-columns is-layout-flex wp-container-core-columns-is-layout-28f84493 wp-block-columns-is-layout-flex\">\n<div class=\"wp-block-column is-layout-flow wp-block-column-is-layout-flow\" style=\"flex-basis:30%\">\n<p class=\"has-base-color has-text-color\"><strong>J. Callupe Luna, J. Martinez Rocha, E. Monacelli, L. Dutrievoz, S. Delaplace, and Y. Hirata<\/strong><\/p>\n<\/div>\n\n\n\n<div class=\"wp-block-column is-layout-flow wp-block-column-is-layout-flow\" style=\"flex-basis:50%\"><h3 class=\"wp-block-post-title has-text-color has-base-color has-medium-font-size\">Volting, a novel dancing wheelchair with augmented mobility: Pushing lateral inclinations,<\/h3>\n\n\n<p class=\"has-base-color has-text-color\">2023 International Conference on Rehabilitation Robotics (ICORR), pp. 1-6, Singapore, Singapore, September 2023.<\/p>\n<\/div>\n\n\n\n<div class=\"wp-block-column is-layout-flow wp-block-column-is-layout-flow\">\n<div class=\"wp-block-buttons is-layout-flex\">\n                <div class=\"wp-block-button has-custom-width wp-block-button__width-100 has-custom-font-size has-small-font-size\"><a target=\"_blank\" class=\"wp-block-button__link has-tertiary-color has-base-background-color has-text-color has-background wp-element-button\" href='https:\/\/ieeexplore.ieee.org\/abstract\/document\/10304755' rel=\"noopener\">Lien vers l&rsquo;article<\/a><\/div>\n                <\/div>\n<\/div>\n<\/div>\n\n<\/li><li class=\"wp-block-post post-6808 journal_article type-journal_article status-publish hentry journal_article_cat-conferences\">\n\n<hr class=\"wp-block-separator has-text-color has-background-color has-alpha-channel-opacity has-background-background-color has-background is-style-wide\"\/>\n\n\n\n<div class=\"wp-block-columns is-layout-flex wp-container-core-columns-is-layout-28f84493 wp-block-columns-is-layout-flex\">\n<div class=\"wp-block-column is-layout-flow wp-block-column-is-layout-flow\" style=\"flex-basis:30%\">\n<p class=\"has-base-color has-text-color\"><strong>S.-E. Laidoudi, M. Maidi, and S. Otmane<\/strong><\/p>\n<\/div>\n\n\n\n<div class=\"wp-block-column is-layout-flow wp-block-column-is-layout-flow\" style=\"flex-basis:50%\"><h3 class=\"wp-block-post-title has-text-color has-base-color has-medium-font-size\">A CNN-based model for low-textured object detection and tracking,<\/h3>\n\n\n<p class=\"has-base-color has-text-color\">2023 IEEE 19th International Conference on Intelligent Computer Communication and Processing (ICCP), Cluj-Napoca, Romania, October 2023.<\/p>\n<\/div>\n\n\n\n<div class=\"wp-block-column is-layout-flow wp-block-column-is-layout-flow\">\n<div class=\"wp-block-buttons is-layout-flex\">\n                <div class=\"wp-block-button has-custom-width wp-block-button__width-100 has-custom-font-size has-small-font-size\"><a target=\"_blank\" class=\"wp-block-button__link has-tertiary-color has-base-background-color has-text-color has-background wp-element-button\" href='https:\/\/iccp.ro\/' rel=\"noopener\">Lien vers la conf\u00e9rence<\/a><\/div>\n                <\/div>\n<\/div>\n<\/div>\n\n<\/li><li class=\"wp-block-post post-6809 journal_article type-journal_article status-publish hentry journal_article_cat-conferences\">\n\n<hr class=\"wp-block-separator has-text-color has-background-color has-alpha-channel-opacity has-background-background-color has-background is-style-wide\"\/>\n\n\n\n<div class=\"wp-block-columns is-layout-flex wp-container-core-columns-is-layout-28f84493 wp-block-columns-is-layout-flex\">\n<div class=\"wp-block-column is-layout-flow wp-block-column-is-layout-flow\" style=\"flex-basis:30%\">\n<p class=\"has-base-color has-text-color\"><strong>S.-E. Laidoudi, M. Maidi, and S. Otmane<\/strong><\/p>\n<\/div>\n\n\n\n<div class=\"wp-block-column is-layout-flow wp-block-column-is-layout-flow\" style=\"flex-basis:50%\"><h3 class=\"wp-block-post-title has-text-color has-base-color has-medium-font-size\">Real-Time Detection of Low-Textured Objects based on Deep Learning,<\/h3>\n\n\n<p class=\"has-base-color has-text-color\">IEEE 25th International Workshop on Multimedia Signal Processing (IEEE MMSP 2023), Poitiers, France, September 2023.<\/p>\n<\/div>\n\n\n\n<div class=\"wp-block-column is-layout-flow wp-block-column-is-layout-flow\">\n<div class=\"wp-block-buttons is-layout-flex\">\n                <div class=\"wp-block-button has-custom-width wp-block-button__width-100 has-custom-font-size has-small-font-size\"><a target=\"_blank\" class=\"wp-block-button__link has-tertiary-color has-base-background-color has-text-color has-background wp-element-button\" href='https:\/\/attend.ieee.org\/mmsp-2023\/' rel=\"noopener\">Lien vers la conf\u00e9rence<\/a><\/div>\n                <\/div>\n<\/div>\n<\/div>\n\n<\/li><li class=\"wp-block-post post-7551 journal_article type-journal_article status-publish hentry journal_article_cat-conferences\">\n\n<hr class=\"wp-block-separator has-text-color has-background-color has-alpha-channel-opacity has-background-background-color has-background is-style-wide\"\/>\n\n\n\n<div class=\"wp-block-columns is-layout-flex wp-container-core-columns-is-layout-28f84493 wp-block-columns-is-layout-flex\">\n<div class=\"wp-block-column is-layout-flow wp-block-column-is-layout-flow\" style=\"flex-basis:30%\">\n<p class=\"has-base-color has-text-color\"><strong>M. Houssin, O. Hotescu, and F. Boniol<\/strong><\/p>\n<\/div>\n\n\n\n<div class=\"wp-block-column is-layout-flow wp-block-column-is-layout-flow\" style=\"flex-basis:50%\"><h3 class=\"wp-block-post-title has-text-color has-base-color has-medium-font-size\">A Unified Model for integrated Modular Architecture-TSN based Systems<\/h3>\n\n\n<p class=\"has-base-color has-text-color\">ETFA, Sinaia, Romania, September 2023.<\/p>\n<\/div>\n\n\n\n<div class=\"wp-block-column is-layout-flow wp-block-column-is-layout-flow\">\n<div class=\"wp-block-buttons is-layout-flex\">\n                <div class=\"wp-block-button has-custom-width wp-block-button__width-100 has-custom-font-size has-small-font-size\"><a target=\"_blank\" class=\"wp-block-button__link has-tertiary-color has-base-background-color has-text-color has-background wp-element-button\" href='https:\/\/hal.science\/hal-04596694v1\/file\/Postprint_A_Unified_Model_for_Integrated_Modular_Architecture-TSN_based_Systems.pdf' rel=\"noopener\">Lien vers la conf\u00e9rence<\/a><\/div>\n                <\/div>\n<\/div>\n<\/div>\n\n<\/li><li class=\"wp-block-post post-6748 journal_article type-journal_article status-publish hentry journal_article_cat-conferences\">\n\n<hr class=\"wp-block-separator has-text-color has-background-color has-alpha-channel-opacity has-background-background-color has-background is-style-wide\"\/>\n\n\n\n<div class=\"wp-block-columns is-layout-flex wp-container-core-columns-is-layout-28f84493 wp-block-columns-is-layout-flex\">\n<div class=\"wp-block-column is-layout-flow wp-block-column-is-layout-flow\" style=\"flex-basis:30%\">\n<p class=\"has-base-color has-text-color\"><strong>A. Bareggi, F. Bardazzi, L. Amour, and M. Ostrowicki<\/strong><\/p>\n<\/div>\n\n\n\n<div class=\"wp-block-column is-layout-flow wp-block-column-is-layout-flow\" style=\"flex-basis:50%\"><h3 class=\"wp-block-post-title has-text-color has-base-color has-medium-font-size\">New Perspectives in Virtual Environments for Opera Music,<\/h3>\n\n\n<p class=\"has-base-color has-text-color\">Immersive and 3D Audio: from Architecture to Automotive Conference (I3DA 2023), Bologna, Italy, pp. 1-6, September 2023.<\/p>\n<\/div>\n\n\n\n<div class=\"wp-block-column is-layout-flow wp-block-column-is-layout-flow\">\n<div class=\"wp-block-buttons is-layout-flex\">\n                <div class=\"wp-block-button has-custom-width wp-block-button__width-100 has-custom-font-size has-small-font-size\"><a target=\"_blank\" class=\"wp-block-button__link has-tertiary-color has-base-background-color has-text-color has-background wp-element-button\" href='https:\/\/www.i3da2023.org\/' rel=\"noopener\">Lien vers la conf\u00e9rence<\/a><\/div>\n                <\/div>\n<\/div>\n<\/div>\n\n<\/li><li class=\"wp-block-post post-7012 journal_article type-journal_article status-publish hentry journal_article_cat-conferences\">\n\n<hr class=\"wp-block-separator has-text-color has-background-color has-alpha-channel-opacity has-background-background-color has-background is-style-wide\"\/>\n\n\n\n<div class=\"wp-block-columns is-layout-flex wp-container-core-columns-is-layout-28f84493 wp-block-columns-is-layout-flex\">\n<div class=\"wp-block-column is-layout-flow wp-block-column-is-layout-flow\" style=\"flex-basis:30%\">\n<p class=\"has-base-color has-text-color\"><strong>A. Kameni, D. Palessonga, Z. Semmoumy, and M. Bensetti<\/strong><\/p>\n<\/div>\n\n\n\n<div class=\"wp-block-column is-layout-flow wp-block-column-is-layout-flow\" style=\"flex-basis:50%\"><h3 class=\"wp-block-post-title has-text-color has-base-color has-medium-font-size\">Effective electromagnetic properties of composite material computed from neural network approach,<\/h3>\n\n\n<p class=\"has-base-color has-text-color\">International Symposium on Electric &amp; Magnetic Field (EMF), Marseille, France, August 2023.<\/p>\n<\/div>\n\n\n\n<div class=\"wp-block-column is-layout-flow wp-block-column-is-layout-flow\">\n<div class=\"wp-block-buttons is-layout-flex\">\n                <div class=\"wp-block-button has-custom-width wp-block-button__width-100 has-custom-font-size has-small-font-size\"><a target=\"_blank\" class=\"wp-block-button__link has-tertiary-color has-base-background-color has-text-color has-background wp-element-button\" href='https:\/\/emf2023.org\/' rel=\"noopener\">Lien vers la conf\u00e9rence<\/a><\/div>\n                <\/div>\n<\/div>\n<\/div>\n\n<\/li><li class=\"wp-block-post post-7013 journal_article type-journal_article status-publish hentry journal_article_cat-conferences\">\n\n<hr class=\"wp-block-separator has-text-color has-background-color has-alpha-channel-opacity has-background-background-color has-background is-style-wide\"\/>\n\n\n\n<div class=\"wp-block-columns is-layout-flex wp-container-core-columns-is-layout-28f84493 wp-block-columns-is-layout-flex\">\n<div class=\"wp-block-column is-layout-flow wp-block-column-is-layout-flow\" style=\"flex-basis:30%\">\n<p class=\"has-base-color has-text-color\"><strong>M. Lahlouh, Y. Chenoune, R. Blanc, M. Piotin, S. Escalard, R. Fahed, J. Szewczyk, and N. Passat<\/strong><\/p>\n<\/div>\n\n\n\n<div class=\"wp-block-column is-layout-flow wp-block-column-is-layout-flow\" style=\"flex-basis:50%\"><h3 class=\"wp-block-post-title has-text-color has-base-color has-medium-font-size\">Automated Aortic Anatomy Analysis: From Image To Clinical Indicators,<\/h3>\n\n\n<p class=\"has-base-color has-text-color\">IEEE Engineering in Medicine and Biology Conference (EMBC 2023), Sydney, Australia, July 2023, pp. 1-5.<\/p>\n<\/div>\n\n\n\n<div class=\"wp-block-column is-layout-flow wp-block-column-is-layout-flow\">\n<div class=\"wp-block-buttons is-layout-flex\">\n                <div class=\"wp-block-button has-custom-width wp-block-button__width-100 has-custom-font-size has-small-font-size\"><a target=\"_blank\" class=\"wp-block-button__link has-tertiary-color has-base-background-color has-text-color has-background wp-element-button\" href='https:\/\/hal.science\/hal-04065597' rel=\"noopener\">Lien vers l&rsquo;article<\/a><\/div>\n                <\/div>\n<\/div>\n<\/div>\n\n<\/li><li class=\"wp-block-post post-7207 journal_article type-journal_article status-publish hentry journal_article_cat-conferences\">\n\n<hr class=\"wp-block-separator has-text-color has-background-color has-alpha-channel-opacity has-background-background-color has-background is-style-wide\"\/>\n\n\n\n<div class=\"wp-block-columns is-layout-flex wp-container-core-columns-is-layout-28f84493 wp-block-columns-is-layout-flex\">\n<div class=\"wp-block-column is-layout-flow wp-block-column-is-layout-flow\" style=\"flex-basis:30%\">\n<p class=\"has-base-color has-text-color\"><strong>S. Fawaz, H. Menana, and B. Douine<\/strong><\/p>\n<\/div>\n\n\n\n<div class=\"wp-block-column is-layout-flow wp-block-column-is-layout-flow\" style=\"flex-basis:50%\"><h3 class=\"wp-block-post-title has-text-color has-base-color has-medium-font-size\">Caract\u00e9risations exp\u00e9rimentale et num\u00e9rique des supraconducteurs HTC pour des applications en \u00e9nergie \u00e9lectrique,<\/h3>\n\n\n<p class=\"has-base-color has-text-color\">Symposium de G\u00e9nie \u00c9lectrique (SGE 2023), Lille, France, July 2023.<\/p>\n<\/div>\n\n\n\n<div class=\"wp-block-column is-layout-flow wp-block-column-is-layout-flow\">\n<div class=\"wp-block-buttons is-layout-flex\">\n                <div class=\"wp-block-button has-custom-width wp-block-button__width-100 has-custom-font-size has-small-font-size\"><a target=\"_blank\" class=\"wp-block-button__link has-tertiary-color has-base-background-color has-text-color has-background wp-element-button\" href='https:\/\/sge2023.sciencesconf.org\/' rel=\"noopener\">Lien vers la conf\u00e9rence<\/a><\/div>\n                <\/div>\n<\/div>\n<\/div>\n\n<\/li><li class=\"wp-block-post post-6721 journal_article type-journal_article status-publish hentry journal_article_cat-conferences\">\n\n<hr class=\"wp-block-separator has-text-color has-background-color has-alpha-channel-opacity has-background-background-color has-background is-style-wide\"\/>\n\n\n\n<div class=\"wp-block-columns is-layout-flex wp-container-core-columns-is-layout-28f84493 wp-block-columns-is-layout-flex\">\n<div class=\"wp-block-column is-layout-flow wp-block-column-is-layout-flow\" style=\"flex-basis:30%\">\n<p class=\"has-base-color has-text-color\"><strong>S. Kotel, F. Sbiaa, R. Maraoui Kamoun, and L. Hamel<\/strong><\/p>\n<\/div>\n\n\n\n<div class=\"wp-block-column is-layout-flow wp-block-column-is-layout-flow\" style=\"flex-basis:50%\"><h3 class=\"wp-block-post-title has-text-color has-base-color has-medium-font-size\">A Blockchain-based approach for secure IoT,<\/h3>\n\n\n<p class=\"has-base-color has-text-color\">27th International Conference on Knowledge-Based and Intelligent Information &amp; Engineering Systems (KES 2023), Athens, Greece, September 2023.<\/p>\n<\/div>\n\n\n\n<div class=\"wp-block-column is-layout-flow wp-block-column-is-layout-flow\">\n<div class=\"wp-block-buttons is-layout-flex\">\n                <div class=\"wp-block-button has-custom-width wp-block-button__width-100 has-custom-font-size has-small-font-size\"><a target=\"_blank\" class=\"wp-block-button__link has-tertiary-color has-base-background-color has-text-color has-background wp-element-button\" href='http:\/\/kes2023.kesinternational.org\/' rel=\"noopener\">Lien vers la conf\u00e9rence<\/a><\/div>\n                <\/div>\n<\/div>\n<\/div>\n\n<\/li><li class=\"wp-block-post post-5733 journal_article type-journal_article status-publish hentry journal_article_cat-conferences\">\n\n<hr class=\"wp-block-separator has-text-color has-background-color has-alpha-channel-opacity has-background-background-color has-background is-style-wide\"\/>\n\n\n\n<div class=\"wp-block-columns is-layout-flex wp-container-core-columns-is-layout-28f84493 wp-block-columns-is-layout-flex\">\n<div class=\"wp-block-column is-layout-flow wp-block-column-is-layout-flow\" style=\"flex-basis:30%\">\n<p class=\"has-base-color has-text-color\"><strong>G. Shafique, S. Samimi, and F. Gruson<\/strong><\/p>\n<\/div>\n\n\n\n<div class=\"wp-block-column is-layout-flow wp-block-column-is-layout-flow\" style=\"flex-basis:50%\"><h3 class=\"wp-block-post-title has-text-color has-base-color has-medium-font-size\">Reduce Order Modeling of the multilevel modular DC\/DC converter (M2DC) for HVDC grid,<\/h3>\n\n\n<p class=\"has-base-color has-text-color\">25th European Conference on Power Electronics and Applications (EPE\u201923 ECCE EUROPE), Aalborg, Denmark, September 2023.<\/p>\n<\/div>\n\n\n\n<div class=\"wp-block-column is-layout-flow wp-block-column-is-layout-flow\">\n<div class=\"wp-block-buttons is-layout-flex\">\n                <div class=\"wp-block-button has-custom-width wp-block-button__width-100 has-custom-font-size has-small-font-size\"><a target=\"_blank\" class=\"wp-block-button__link has-tertiary-color has-base-background-color has-text-color has-background wp-element-button\" href='https:\/\/epe2023.com\/' rel=\"noopener\">Lien vers la conf\u00e9rence<\/a><\/div>\n                <\/div>\n<\/div>\n<\/div>\n\n<\/li><li class=\"wp-block-post post-6993 journal_article type-journal_article status-publish hentry journal_article_cat-conferences\">\n\n<hr class=\"wp-block-separator has-text-color has-background-color has-alpha-channel-opacity has-background-background-color has-background is-style-wide\"\/>\n\n\n\n<div class=\"wp-block-columns is-layout-flex wp-container-core-columns-is-layout-28f84493 wp-block-columns-is-layout-flex\">\n<div class=\"wp-block-column is-layout-flow wp-block-column-is-layout-flow\" style=\"flex-basis:30%\">\n<p class=\"has-base-color has-text-color\"><strong>V. Borredon, Y. Kaci, Z. Abouliatim, C. Socquet, and P. Pankovits<\/strong><\/p>\n<\/div>\n\n\n\n<div class=\"wp-block-column is-layout-flow wp-block-column-is-layout-flow\" style=\"flex-basis:50%\"><h3 class=\"wp-block-post-title has-text-color has-base-color has-medium-font-size\">Comparative design of a stand-alone solar energy system with socioeconomic factors,<\/h3>\n\n\n<p class=\"has-base-color has-text-color\">11th IEEE International Conference on Smart Grid (icSmartGrid), Paris, France, pp. 1-6, June 2023.<\/p>\n<\/div>\n\n\n\n<div class=\"wp-block-column is-layout-flow wp-block-column-is-layout-flow\">\n<div class=\"wp-block-buttons is-layout-flex\">\n                <div class=\"wp-block-button has-custom-width wp-block-button__width-100 has-custom-font-size has-small-font-size\"><a target=\"_blank\" class=\"wp-block-button__link has-tertiary-color has-base-background-color has-text-color has-background wp-element-button\" href='https:\/\/www.proceedings.com\/69647.html' rel=\"noopener\">Lien vers la conf\u00e9rence<\/a><\/div>\n                <\/div>\n<\/div>\n<\/div>\n\n<\/li><li class=\"wp-block-post post-7552 journal_article type-journal_article status-publish hentry journal_article_cat-conferences\">\n\n<hr class=\"wp-block-separator has-text-color has-background-color has-alpha-channel-opacity has-background-background-color has-background is-style-wide\"\/>\n\n\n\n<div class=\"wp-block-columns is-layout-flex wp-container-core-columns-is-layout-28f84493 wp-block-columns-is-layout-flex\">\n<div class=\"wp-block-column is-layout-flow wp-block-column-is-layout-flow\" style=\"flex-basis:30%\">\n<p class=\"has-base-color has-text-color\"><strong>M. Houssin, O. Hotescu, and F. Boniol<\/strong><\/p>\n<\/div>\n\n\n\n<div class=\"wp-block-column is-layout-flow wp-block-column-is-layout-flow\" style=\"flex-basis:50%\"><h3 class=\"wp-block-post-title has-text-color has-base-color has-medium-font-size\">Functional Latency Optimization for Networked IMA system<\/h3>\n\n\n<p class=\"has-base-color has-text-color\">JWRTC, Dortmund, Germany, June 2023.<\/p>\n<\/div>\n\n\n\n<div class=\"wp-block-column is-layout-flow wp-block-column-is-layout-flow\">\n<div class=\"wp-block-buttons is-layout-flex\">\n                <div class=\"wp-block-button has-custom-width wp-block-button__width-100 has-custom-font-size has-small-font-size\"><a target=\"_blank\" class=\"wp-block-button__link has-tertiary-color has-base-background-color has-text-color has-background wp-element-button\" href='https:\/\/hal.science\/hal-05023676\/' rel=\"noopener\">Lien vers la conf\u00e9rence<\/a><\/div>\n                <\/div>\n<\/div>\n<\/div>\n\n<\/li><li class=\"wp-block-post post-5730 journal_article type-journal_article status-publish hentry journal_article_cat-conferences\">\n\n<hr class=\"wp-block-separator has-text-color has-background-color has-alpha-channel-opacity has-background-background-color has-background is-style-wide\"\/>\n\n\n\n<div class=\"wp-block-columns is-layout-flex wp-container-core-columns-is-layout-28f84493 wp-block-columns-is-layout-flex\">\n<div class=\"wp-block-column is-layout-flow wp-block-column-is-layout-flow\" style=\"flex-basis:30%\">\n<p class=\"has-base-color has-text-color\"><strong>A. Bareggi and L. Billard<\/strong><\/p>\n<\/div>\n\n\n\n<div class=\"wp-block-column is-layout-flow wp-block-column-is-layout-flow\" style=\"flex-basis:50%\"><h3 class=\"wp-block-post-title has-text-color has-base-color has-medium-font-size\">Towards scientific awarenesses in practical choral configuration by 2D acoustic simulation,<\/h3>\n\n\n<p class=\"has-base-color has-text-color\">30th European Association for music in Schools (EAS) Conference, Lyon, France, May 2023.<\/p>\n<\/div>\n\n\n\n<div class=\"wp-block-column is-layout-flow wp-block-column-is-layout-flow\">\n<div class=\"wp-block-buttons is-layout-flex\">\n                <div class=\"wp-block-button has-custom-width wp-block-button__width-100 has-custom-font-size has-small-font-size\"><a target=\"_blank\" class=\"wp-block-button__link has-tertiary-color has-base-background-color has-text-color has-background wp-element-button\" href='https:\/\/eas-music.org\/2023-lyon\/' rel=\"noopener\">Lien vers la conf\u00e9rence<\/a><\/div>\n                <\/div>\n<\/div>\n<\/div>\n\n<\/li><li class=\"wp-block-post post-5729 journal_article type-journal_article status-publish hentry journal_article_cat-conferences\">\n\n<hr class=\"wp-block-separator has-text-color has-background-color has-alpha-channel-opacity has-background-background-color has-background is-style-wide\"\/>\n\n\n\n<div class=\"wp-block-columns is-layout-flex wp-container-core-columns-is-layout-28f84493 wp-block-columns-is-layout-flex\">\n<div class=\"wp-block-column is-layout-flow wp-block-column-is-layout-flow\" style=\"flex-basis:30%\">\n<p class=\"has-base-color has-text-color\"><strong>A. Bareggi and S. Sargenti<\/strong><\/p>\n<\/div>\n\n\n\n<div class=\"wp-block-column is-layout-flow wp-block-column-is-layout-flow\" style=\"flex-basis:50%\"><h3 class=\"wp-block-post-title has-text-color has-base-color has-medium-font-size\">Listening and composing in electroacoustic music classes: an experimentation with sustainable tools,<\/h3>\n\n\n<p class=\"has-base-color has-text-color\">30th European Association for music in Schools (EAS) Conference, Lyon, France, May 2023.<\/p>\n<\/div>\n\n\n\n<div class=\"wp-block-column is-layout-flow wp-block-column-is-layout-flow\">\n<div class=\"wp-block-buttons is-layout-flex\">\n                <div class=\"wp-block-button has-custom-width wp-block-button__width-100 has-custom-font-size has-small-font-size\"><a target=\"_blank\" class=\"wp-block-button__link has-tertiary-color has-base-background-color has-text-color has-background wp-element-button\" href='https:\/\/eas-music.org\/2023-lyon\/' rel=\"noopener\">Lien vers la conf\u00e9rence<\/a><\/div>\n                <\/div>\n<\/div>\n<\/div>\n\n<\/li><li class=\"wp-block-post post-6559 journal_article type-journal_article status-publish hentry journal_article_cat-conferences\">\n\n<hr class=\"wp-block-separator has-text-color has-background-color has-alpha-channel-opacity has-background-background-color has-background is-style-wide\"\/>\n\n\n\n<div class=\"wp-block-columns is-layout-flex wp-container-core-columns-is-layout-28f84493 wp-block-columns-is-layout-flex\">\n<div class=\"wp-block-column is-layout-flow wp-block-column-is-layout-flow\" style=\"flex-basis:30%\">\n<p class=\"has-base-color has-text-color\"><strong>R. Cherif, F. Guyomarch, Z. Tang, L. Chevallier, and Y. Le Menach<\/strong><\/p>\n<\/div>\n\n\n\n<div class=\"wp-block-column is-layout-flow wp-block-column-is-layout-flow\" style=\"flex-basis:50%\"><h3 class=\"wp-block-post-title has-text-color has-base-color has-medium-font-size\">Improving the Newton initial guess when solving fast time-varying magnetostatic problems,\u00a0<\/h3>\n\n\n<p class=\"has-base-color has-text-color\">24th International Conference on the Computation of Electromagnetic Fields (COMPUMAG), Kyoto, Japan, May 2023.<\/p>\n<\/div>\n\n\n\n<div class=\"wp-block-column is-layout-flow wp-block-column-is-layout-flow\">\n<div class=\"wp-block-buttons is-layout-flex\">\n                <div class=\"wp-block-button has-custom-width wp-block-button__width-100 has-custom-font-size has-small-font-size\"><a target=\"_blank\" class=\"wp-block-button__link has-tertiary-color has-base-background-color has-text-color has-background wp-element-button\" href='https:\/\/www.compumag2023.com\/program\/www.conftool.pro\/compumag2023\/indexf8c1.html?page=browseSessions&amp;print=export&amp;ismobile=false&amp;form_session=18#paperID411' rel=\"noopener\">Lien vers l&rsquo;article<\/a><\/div>\n                <\/div>\n<\/div>\n<\/div>\n\n<\/li><li class=\"wp-block-post post-7201 journal_article type-journal_article status-publish hentry journal_article_cat-conferences\">\n\n<hr class=\"wp-block-separator has-text-color has-background-color has-alpha-channel-opacity has-background-background-color has-background is-style-wide\"\/>\n\n\n\n<div class=\"wp-block-columns is-layout-flex wp-container-core-columns-is-layout-28f84493 wp-block-columns-is-layout-flex\">\n<div class=\"wp-block-column is-layout-flow wp-block-column-is-layout-flow\" style=\"flex-basis:30%\">\n<p class=\"has-base-color has-text-color\"><strong>S. Fawaz, H. Menana, and B. Douine<\/strong><\/p>\n<\/div>\n\n\n\n<div class=\"wp-block-column is-layout-flow wp-block-column-is-layout-flow\" style=\"flex-basis:50%\"><h3 class=\"wp-block-post-title has-text-color has-base-color has-medium-font-size\">Losses in Large Scale Non-Inductive High Temperature Superconducting Coils,<\/h3>\n\n\n<p class=\"has-base-color has-text-color\">8th International Conference on Superconductivity and Magnetism (ICSM2023), Fethiye-Oludeniz, Turkey, May 2023.<\/p>\n<\/div>\n\n\n\n<div class=\"wp-block-column is-layout-flow wp-block-column-is-layout-flow\">\n<div class=\"wp-block-buttons is-layout-flex\">\n                <div class=\"wp-block-button has-custom-width wp-block-button__width-100 has-custom-font-size has-small-font-size\"><a target=\"_blank\" class=\"wp-block-button__link has-tertiary-color has-base-background-color has-text-color has-background wp-element-button\" href='https:\/\/icsm2023.org\/' rel=\"noopener\">Lien vers la conf\u00e9rence<\/a><\/div>\n                <\/div>\n<\/div>\n<\/div>\n\n<\/li><li class=\"wp-block-post post-6787 journal_article type-journal_article status-publish hentry journal_article_cat-conferences\">\n\n<hr class=\"wp-block-separator has-text-color has-background-color has-alpha-channel-opacity has-background-background-color has-background is-style-wide\"\/>\n\n\n\n<div class=\"wp-block-columns is-layout-flex wp-container-core-columns-is-layout-28f84493 wp-block-columns-is-layout-flex\">\n<div class=\"wp-block-column is-layout-flow wp-block-column-is-layout-flow\" style=\"flex-basis:30%\">\n<p class=\"has-base-color has-text-color\"><strong>S. Mekhmoukh, Y. Meraihi, S. Yahia, A. Ait Saadi, A. Benmessaoud Gabis, and A. Ramdane-Cherif<\/strong><\/p>\n<\/div>\n\n\n\n<div class=\"wp-block-column is-layout-flow wp-block-column-is-layout-flow\" style=\"flex-basis:50%\"><h3 class=\"wp-block-post-title has-text-color has-base-color has-medium-font-size\">Simulated Annealing for the UAV placement problem,<\/h3>\n\n\n<p class=\"has-base-color has-text-color\">1st National Workshop on Wireless Network, Cloud Computing and Cryptography, Boumerdes, Algeria, April 2023.<\/p>\n<\/div>\n\n\n\n<div class=\"wp-block-column is-layout-flow wp-block-column-is-layout-flow\">\n<div class=\"wp-block-buttons is-layout-flex\">\n                <div class=\"wp-block-button has-custom-width wp-block-button__width-100 has-custom-font-size has-small-font-size\"><a target=\"_blank\" class=\"wp-block-button__link has-tertiary-color has-base-background-color has-text-color has-background wp-element-button\" href='https:\/\/wwn3c2022.univ-boumerdes.dz\/call_for_Paper.pdf' rel=\"noopener\">Lien vers la conf\u00e9rence<\/a><\/div>\n                <\/div>\n<\/div>\n<\/div>\n\n<\/li><li class=\"wp-block-post post-7381 journal_article type-journal_article status-publish hentry journal_article_cat-conferences\">\n\n<hr class=\"wp-block-separator has-text-color has-background-color has-alpha-channel-opacity has-background-background-color has-background is-style-wide\"\/>\n\n\n\n<div class=\"wp-block-columns is-layout-flex wp-container-core-columns-is-layout-28f84493 wp-block-columns-is-layout-flex\">\n<div class=\"wp-block-column is-layout-flow wp-block-column-is-layout-flow\" style=\"flex-basis:30%\">\n<p class=\"has-base-color has-text-color\"><strong>J. Martinez Rocha, J. Callupe Luna, E. Monacelli, G. Foggea, M. Passedouet, and S. Delaplace<\/strong><\/p>\n<\/div>\n\n\n\n<div class=\"wp-block-column is-layout-flow wp-block-column-is-layout-flow\" style=\"flex-basis:50%\"><h3 class=\"wp-block-post-title has-text-color has-base-color has-medium-font-size\">Dance Gestures Recognition for Wheelchair Control,<\/h3>\n\n\n<p class=\"has-base-color has-text-color\">2023 8th International Conference on Control and Robotics Engineering (ICCRE), pp. 84-90, Niigata, Japan, April 2023.<\/p>\n<\/div>\n\n\n\n<div class=\"wp-block-column is-layout-flow wp-block-column-is-layout-flow\">\n<div class=\"wp-block-buttons is-layout-flex\">\n                <div class=\"wp-block-button has-custom-width wp-block-button__width-100 has-custom-font-size has-small-font-size\"><a target=\"_blank\" class=\"wp-block-button__link has-tertiary-color has-base-background-color has-text-color has-background wp-element-button\" href='https:\/\/ieeexplore.ieee.org\/abstract\/document\/10155605' rel=\"noopener\">Lien vers l&rsquo;article<\/a><\/div>\n                <\/div>\n<\/div>\n<\/div>\n\n<\/li><li class=\"wp-block-post post-7244 journal_article type-journal_article status-publish hentry journal_article_cat-conferences\">\n\n<hr class=\"wp-block-separator has-text-color has-background-color has-alpha-channel-opacity has-background-background-color has-background is-style-wide\"\/>\n\n\n\n<div class=\"wp-block-columns is-layout-flex wp-container-core-columns-is-layout-28f84493 wp-block-columns-is-layout-flex\">\n<div class=\"wp-block-column is-layout-flow wp-block-column-is-layout-flow\" style=\"flex-basis:30%\">\n<p class=\"has-base-color has-text-color\"><strong>M. Lahlouh, Y. Chenoune, R. Blanc, M. P. Piotin, S. Escalard, R. Fahed, J. Szewczyk, and N. Passat<\/strong><\/p>\n<\/div>\n\n\n\n<div class=\"wp-block-column is-layout-flow wp-block-column-is-layout-flow\" style=\"flex-basis:50%\"><h3 class=\"wp-block-post-title has-text-color has-base-color has-medium-font-size\">Segmentation and characterization of the aorta and supra-aortic trunks for neuroradiology procedure planning,<\/h3>\n\n\n<p class=\"has-base-color has-text-color\">Colloque Fran\u00e7ais d&rsquo;Intelligence Artificielle en Imagerie Biom\u00e9dicale (IABM), Paris, France, March 2023.<\/p>\n<\/div>\n\n\n\n<div class=\"wp-block-column is-layout-flow wp-block-column-is-layout-flow\">\n<div class=\"wp-block-buttons is-layout-flex\">\n                <div class=\"wp-block-button has-custom-width wp-block-button__width-100 has-custom-font-size has-small-font-size\"><a target=\"_blank\" class=\"wp-block-button__link has-tertiary-color has-base-background-color has-text-color has-background wp-element-button\" href='https:\/\/hal.science\/hal-03932761' rel=\"noopener\">Lien vers l&rsquo;article<\/a><\/div>\n                <\/div>\n<\/div>\n<\/div>\n\n<\/li><li class=\"wp-block-post post-7205 journal_article type-journal_article status-publish hentry journal_article_cat-conferences\">\n\n<hr class=\"wp-block-separator has-text-color has-background-color has-alpha-channel-opacity has-background-background-color has-background is-style-wide\"\/>\n\n\n\n<div class=\"wp-block-columns is-layout-flex wp-container-core-columns-is-layout-28f84493 wp-block-columns-is-layout-flex\">\n<div class=\"wp-block-column is-layout-flow wp-block-column-is-layout-flow\" style=\"flex-basis:30%\">\n<p class=\"has-base-color has-text-color\"><strong>S. Fawaz, H. Menana, and B. Douine<\/strong><\/p>\n<\/div>\n\n\n\n<div class=\"wp-block-column is-layout-flow wp-block-column-is-layout-flow\" style=\"flex-basis:50%\"><h3 class=\"wp-block-post-title has-text-color has-base-color has-medium-font-size\">Fast integral modeling approach for the characterization of a superconductor stabilizer in DC electric grid,<\/h3>\n\n\n<p class=\"has-base-color has-text-color\">Symposium on Advanced Technologies in Electrical Systems (SATES 2023), Arras, France, March 2023.<\/p>\n<\/div>\n\n\n\n<div class=\"wp-block-column is-layout-flow wp-block-column-is-layout-flow\">\n<div class=\"wp-block-buttons is-layout-flex\">\n                <div class=\"wp-block-button has-custom-width wp-block-button__width-100 has-custom-font-size has-small-font-size\"><a target=\"_blank\" class=\"wp-block-button__link has-tertiary-color has-base-background-color has-text-color has-background wp-element-button\" href='https:\/\/sates-2023.sciencesconf.org\/' rel=\"noopener\">Lien vers la conf\u00e9rence<\/a><\/div>\n                <\/div>\n<\/div>\n<\/div>\n\n<\/li><li class=\"wp-block-post post-5780 journal_article type-journal_article status-publish hentry journal_article_cat-conferences\">\n\n<hr class=\"wp-block-separator has-text-color has-background-color has-alpha-channel-opacity has-background-background-color has-background is-style-wide\"\/>\n\n\n\n<div class=\"wp-block-columns is-layout-flex wp-container-core-columns-is-layout-28f84493 wp-block-columns-is-layout-flex\">\n<div class=\"wp-block-column is-layout-flow wp-block-column-is-layout-flow\" style=\"flex-basis:30%\">\n<p class=\"has-base-color has-text-color\"><strong>A. Dandoush, A. Gouissem, and B. Sait Ciftler,\u00a0<\/strong><\/p>\n<\/div>\n\n\n\n<div class=\"wp-block-column is-layout-flow wp-block-column-is-layout-flow\" style=\"flex-basis:50%\"><h3 class=\"wp-block-post-title has-text-color has-base-color has-medium-font-size\">Secure and Privacy-Preserving Federated Learning-Based Resource Allocation for Next Generation Networks,<\/h3>\n\n\n<p class=\"has-base-color has-text-color\">1st\u00a0international conference on\u00a0Innovation and Technological Advances for Sustainable Development (ITAS), Doha, Qatar,\u00a0March 2023.<\/p>\n<\/div>\n\n\n\n<div class=\"wp-block-column is-layout-flow wp-block-column-is-layout-flow\">\n<div class=\"wp-block-buttons is-layout-flex\">\n                <div class=\"wp-block-button has-custom-width wp-block-button__width-100 has-custom-font-size has-small-font-size\"><a target=\"_blank\" class=\"wp-block-button__link has-tertiary-color has-base-background-color has-text-color has-background wp-element-button\" href='https:\/\/conference.udst.edu.qa\/' rel=\"noopener\">Lien vers la conf\u00e9rence<\/a><\/div>\n                <\/div>\n<\/div>\n<\/div>\n\n<\/li><li class=\"wp-block-post post-5779 journal_article type-journal_article status-publish hentry journal_article_cat-conferences\">\n\n<hr class=\"wp-block-separator has-text-color has-background-color has-alpha-channel-opacity has-background-background-color has-background is-style-wide\"\/>\n\n\n\n<div class=\"wp-block-columns is-layout-flex wp-container-core-columns-is-layout-28f84493 wp-block-columns-is-layout-flex\">\n<div class=\"wp-block-column is-layout-flow wp-block-column-is-layout-flow\" style=\"flex-basis:30%\">\n<p class=\"has-base-color has-text-color\"><strong>A. Kammoun, A. Dandoush,\u00a0G. Diaz, N. Achir, and\u00a0N. Tabbane,<\/strong><\/p>\n<\/div>\n\n\n\n<div class=\"wp-block-column is-layout-flow wp-block-column-is-layout-flow\" style=\"flex-basis:50%\"><h3 class=\"wp-block-post-title has-text-color has-base-color has-medium-font-size\">Enabling New Generation Services with Multi-Level Delegation Architecture of Slicing Technology,<\/h3>\n\n\n<p class=\"has-base-color has-text-color\">1st\u00a0international conference on\u00a0Innovation and Technological Advances for Sustainable Development (ITAS), Doha, Qatar,\u00a0March 2023.<\/p>\n<\/div>\n\n\n\n<div class=\"wp-block-column is-layout-flow wp-block-column-is-layout-flow\">\n<div class=\"wp-block-buttons is-layout-flex\">\n                <div class=\"wp-block-button has-custom-width wp-block-button__width-100 has-custom-font-size has-small-font-size\"><a target=\"_blank\" class=\"wp-block-button__link has-tertiary-color has-base-background-color has-text-color has-background wp-element-button\" href='https:\/\/conference.udst.edu.qa\/' rel=\"noopener\">Lien vers la conf\u00e9rence<\/a><\/div>\n                <\/div>\n<\/div>\n<\/div>\n\n<\/li><li class=\"wp-block-post post-5695 journal_article type-journal_article status-publish hentry journal_article_cat-conferences\">\n\n<hr class=\"wp-block-separator has-text-color has-background-color has-alpha-channel-opacity has-background-background-color has-background is-style-wide\"\/>\n\n\n\n<div class=\"wp-block-columns is-layout-flex wp-container-core-columns-is-layout-28f84493 wp-block-columns-is-layout-flex\">\n<div class=\"wp-block-column is-layout-flow wp-block-column-is-layout-flow\" style=\"flex-basis:30%\">\n<p class=\"has-base-color has-text-color\"><strong>H. Kadri, R. Cherif, A. Aitouche, and R. Merzouki<\/strong><\/p>\n<\/div>\n\n\n\n<div class=\"wp-block-column is-layout-flow wp-block-column-is-layout-flow\" style=\"flex-basis:50%\"><h3 class=\"wp-block-post-title has-text-color has-base-color has-medium-font-size\">Formal Model for Control of Autonomous Navigation,<\/h3>\n\n\n<p class=\"has-base-color has-text-color\">2022 IEEE 21st International Conference on Sciences and Techniques of Automatic Control and Computer Engineering (STA&rsquo;2022), pp. 641-647, Sousse, Tunisia, December 2022.<\/p>\n<\/div>\n\n\n\n<div class=\"wp-block-column is-layout-flow wp-block-column-is-layout-flow\">\n<div class=\"wp-block-buttons is-layout-flex\">\n                <div class=\"wp-block-button has-custom-width wp-block-button__width-100 has-custom-font-size has-small-font-size\"><a target=\"_blank\" class=\"wp-block-button__link has-tertiary-color has-base-background-color has-text-color has-background wp-element-button\" href='https:\/\/ieeexplore.ieee.org\/document\/10019239' rel=\"noopener\">Lien vers l&rsquo;article<\/a><\/div>\n                <\/div>\n<\/div>\n<\/div>\n\n<\/li><li class=\"wp-block-post post-6780 journal_article type-journal_article status-publish hentry journal_article_cat-conferences\">\n\n<hr class=\"wp-block-separator has-text-color has-background-color has-alpha-channel-opacity has-background-background-color has-background is-style-wide\"\/>\n\n\n\n<div class=\"wp-block-columns is-layout-flex wp-container-core-columns-is-layout-28f84493 wp-block-columns-is-layout-flex\">\n<div class=\"wp-block-column is-layout-flow wp-block-column-is-layout-flow\" style=\"flex-basis:30%\">\n<p class=\"has-base-color has-text-color\"><strong>A. Ait Saadi, Y. Meraihi, A. Soukane, A. Ramdane-Cherif, A. Benmessaoud Gabis, and S. Mekhmoukh<\/strong><\/p>\n<\/div>\n\n\n\n<div class=\"wp-block-column is-layout-flow wp-block-column-is-layout-flow\" style=\"flex-basis:50%\"><h3 class=\"wp-block-post-title has-text-color has-base-color has-medium-font-size\">Unmanned Aerial Vehicles Path Planning based on an enhanced Whale Optimization Algorithm,<\/h3>\n\n\n<p class=\"has-base-color has-text-color\">3rd International conference on Machine Intelligence &amp; Data Science Applications (MIDAS), pp. 103-117, Versailles, France, December 2022.<\/p>\n<\/div>\n\n\n\n<div class=\"wp-block-column is-layout-flow wp-block-column-is-layout-flow\">\n<div class=\"wp-block-buttons is-layout-flex\">\n                <div class=\"wp-block-button has-custom-width wp-block-button__width-100 has-custom-font-size has-small-font-size\"><a target=\"_blank\" class=\"wp-block-button__link has-tertiary-color has-base-background-color has-text-color has-background wp-element-button\" href='https:\/\/link.springer.com\/chapter\/10.1007\/978-981-99-1620-7_9' rel=\"noopener\">Lien vers l&rsquo;article<\/a><\/div>\n                <\/div>\n<\/div>\n<\/div>\n\n<\/li><li class=\"wp-block-post post-5703 journal_article type-journal_article status-publish hentry journal_article_cat-conferences\">\n\n<hr class=\"wp-block-separator has-text-color has-background-color has-alpha-channel-opacity has-background-background-color has-background is-style-wide\"\/>\n\n\n\n<div class=\"wp-block-columns is-layout-flex wp-container-core-columns-is-layout-28f84493 wp-block-columns-is-layout-flex\">\n<div class=\"wp-block-column is-layout-flow wp-block-column-is-layout-flow\" style=\"flex-basis:30%\">\n<p class=\"has-base-color has-text-color\"><strong>M. Maidi and S. Otmane<\/strong><\/p>\n<\/div>\n\n\n\n<div class=\"wp-block-column is-layout-flow wp-block-column-is-layout-flow\" style=\"flex-basis:50%\"><h3 class=\"wp-block-post-title has-text-color has-base-color has-medium-font-size\">Multimodal 2D\/3D Registration for Open Augmented Reality Applications,<\/h3>\n\n\n<p class=\"has-base-color has-text-color\">24th IEEE International Symposium on Multimedia (ISM&rsquo;2022), pp. 84-85, Naples, Italy, December 2022.<\/p>\n<\/div>\n\n\n\n<div class=\"wp-block-column is-layout-flow wp-block-column-is-layout-flow\">\n<div class=\"wp-block-buttons is-layout-flex\">\n                <div class=\"wp-block-button has-custom-width wp-block-button__width-100 has-custom-font-size has-small-font-size\"><a target=\"_blank\" class=\"wp-block-button__link has-tertiary-color has-base-background-color has-text-color has-background wp-element-button\" href='https:\/\/ieeexplore.ieee.org\/document\/10019685' rel=\"noopener\">Lien vers l&rsquo;article<\/a><\/div>\n                <\/div>\n<\/div>\n<\/div>\n\n<\/li><li class=\"wp-block-post post-5694 journal_article type-journal_article status-publish hentry journal_article_cat-conferences\">\n\n<hr class=\"wp-block-separator has-text-color has-background-color has-alpha-channel-opacity has-background-background-color has-background is-style-wide\"\/>\n\n\n\n<div class=\"wp-block-columns is-layout-flex wp-container-core-columns-is-layout-28f84493 wp-block-columns-is-layout-flex\">\n<div class=\"wp-block-column is-layout-flow wp-block-column-is-layout-flow\" style=\"flex-basis:30%\">\n<p class=\"has-base-color has-text-color\"><strong>A. Bareggi and F. Bardazzi, <\/strong><\/p>\n<\/div>\n\n\n\n<div class=\"wp-block-column is-layout-flow wp-block-column-is-layout-flow\" style=\"flex-basis:50%\"><h3 class=\"wp-block-post-title has-text-color has-base-color has-medium-font-size\">Perspectives, opportunities and criticism for synchronous and practical blended learning in instrumental and vocal ensemble music. The case study of In Media Stat Virtus and Virtual Stage,<\/h3>\n\n\n<p class=\"has-base-color has-text-color\">Association Europ\u00e9enne des Conservatoires annual meeting, Lyon, France, November 2022.<\/p>\n<\/div>\n\n\n\n<div class=\"wp-block-column is-layout-flow wp-block-column-is-layout-flow\">\n<div class=\"wp-block-buttons is-layout-flex\">\n                <div class=\"wp-block-button has-custom-width wp-block-button__width-100 has-custom-font-size has-small-font-size\"><a target=\"_blank\" class=\"wp-block-button__link has-tertiary-color has-base-background-color has-text-color has-background wp-element-button\" href='https:\/\/aec-music.eu\/event\/aec-annual-congress-and-general-assembly-2022\/programme\/' rel=\"noopener\">Lien vers la conf\u00e9rence<\/a><\/div>\n                <\/div>\n<\/div>\n<\/div>\n\n<\/li><li class=\"wp-block-post post-7198 journal_article type-journal_article status-publish hentry journal_article_cat-conferences\">\n\n<hr class=\"wp-block-separator has-text-color has-background-color has-alpha-channel-opacity has-background-background-color has-background is-style-wide\"\/>\n\n\n\n<div class=\"wp-block-columns is-layout-flex wp-container-core-columns-is-layout-28f84493 wp-block-columns-is-layout-flex\">\n<div class=\"wp-block-column is-layout-flow wp-block-column-is-layout-flow\" style=\"flex-basis:30%\">\n<p class=\"has-base-color has-text-color\"><strong>S. Fawaz, H. Menana, and B. Douine<\/strong><\/p>\n<\/div>\n\n\n\n<div class=\"wp-block-column is-layout-flow wp-block-column-is-layout-flow\" style=\"flex-basis:50%\"><h3 class=\"wp-block-post-title has-text-color has-base-color has-medium-font-size\">Numerical and Experimental Investigations of the Electromagnetic Parameters of Superconducting Coils,<\/h3>\n\n\n<p class=\"has-base-color has-text-color\">8th International Conference on Quantum Materials and Technologies, Bodrum, Turkey, October 2022.<\/p>\n<\/div>\n\n\n\n<div class=\"wp-block-column is-layout-flow wp-block-column-is-layout-flow\">\n<div class=\"wp-block-buttons is-layout-flex\">\n                <div class=\"wp-block-button has-custom-width wp-block-button__width-100 has-custom-font-size has-small-font-size\"><a target=\"_blank\" class=\"wp-block-button__link has-tertiary-color has-base-background-color has-text-color has-background wp-element-button\" href='https:\/\/www.icmab.cat\/the-international-conference-on-quantum-materials-and-technologies-is-happening-in-16-22-october-2022-submit-your-abstract-now' rel=\"noopener\">Lien vers la conf\u00e9rence<\/a><\/div>\n                <\/div>\n<\/div>\n<\/div>\n\n<\/li><li class=\"wp-block-post post-5623 journal_article type-journal_article status-publish hentry journal_article_cat-conferences\">\n\n<hr class=\"wp-block-separator has-text-color has-background-color has-alpha-channel-opacity has-background-background-color has-background is-style-wide\"\/>\n\n\n\n<div class=\"wp-block-columns is-layout-flex wp-container-core-columns-is-layout-28f84493 wp-block-columns-is-layout-flex\">\n<div class=\"wp-block-column is-layout-flow wp-block-column-is-layout-flow\" style=\"flex-basis:30%\">\n<p class=\"has-base-color has-text-color\"><strong>A. Sassi, I. Boussaada, and S. Niculescu<\/strong><\/p>\n<\/div>\n\n\n\n<div class=\"wp-block-column is-layout-flow wp-block-column-is-layout-flow\" style=\"flex-basis:50%\"><h3 class=\"wp-block-post-title has-text-color has-base-color has-medium-font-size\">Observer Design in LTI Time-Delay Systems Using Partial Pole Placement with Applications,<\/h3>\n\n\n<p class=\"has-base-color has-text-color\">Joint 8th IFAC Symposium on System Structure and Control, 17th IFAC Workshop on Time Delay Systems, 5th IFAC Workshop on Linear Parameter Varying Systems, (Joint SSSC, TDS, LPVS 2022), through the Conference Manuscript Management System of Joint SSSC, TDS, LPVS 2022, Montreal, Canada, September 2022.<\/p>\n<\/div>\n\n\n\n<div class=\"wp-block-column is-layout-flow wp-block-column-is-layout-flow\">\n<div class=\"wp-block-buttons is-layout-flex\">\n                <div class=\"wp-block-button has-custom-width wp-block-button__width-100 has-custom-font-size has-small-font-size\"><a target=\"_blank\" class=\"wp-block-button__link has-tertiary-color has-base-background-color has-text-color has-background wp-element-button\" href='https:\/\/www.sciencedirect.com\/science\/article\/pii\/S2405896322030087' rel=\"noopener\">Lien vers l&rsquo;article<\/a><\/div>\n                <\/div>\n<\/div>\n<\/div>\n\n<\/li><li class=\"wp-block-post post-7196 journal_article type-journal_article status-publish hentry journal_article_cat-conferences\">\n\n<hr class=\"wp-block-separator has-text-color has-background-color has-alpha-channel-opacity has-background-background-color has-background is-style-wide\"\/>\n\n\n\n<div class=\"wp-block-columns is-layout-flex wp-container-core-columns-is-layout-28f84493 wp-block-columns-is-layout-flex\">\n<div class=\"wp-block-column is-layout-flow wp-block-column-is-layout-flow\" style=\"flex-basis:30%\">\n<p class=\"has-base-color has-text-color\"><strong>S. Fawaz, H. Menana, and B. Douine<\/strong><\/p>\n<\/div>\n\n\n\n<div class=\"wp-block-column is-layout-flow wp-block-column-is-layout-flow\" style=\"flex-basis:50%\"><h3 class=\"wp-block-post-title has-text-color has-base-color has-medium-font-size\">Fast integral modeling approach of large-scale non-inductive HTS coils,<\/h3>\n\n\n<p class=\"has-base-color has-text-color\">8th International Workshop on Numerical Modelling of High Temperature Superconductors, Nancy, France, June 2022.<\/p>\n<\/div>\n\n\n\n<div class=\"wp-block-column is-layout-flow wp-block-column-is-layout-flow\">\n<div class=\"wp-block-buttons is-layout-flex\">\n                <div class=\"wp-block-button has-custom-width wp-block-button__width-100 has-custom-font-size has-small-font-size\"><a target=\"_blank\" class=\"wp-block-button__link has-tertiary-color has-base-background-color has-text-color has-background wp-element-button\" href='https:\/\/htsmod2022.sciencesconf.org\/' rel=\"noopener\">Lien vers la conf\u00e9rence<\/a><\/div>\n                <\/div>\n<\/div>\n<\/div>\n\n<\/li><li class=\"wp-block-post post-5656 journal_article type-journal_article status-publish hentry journal_article_cat-conferences\">\n\n<hr class=\"wp-block-separator has-text-color has-background-color has-alpha-channel-opacity has-background-background-color has-background is-style-wide\"\/>\n\n\n\n<div class=\"wp-block-columns is-layout-flex wp-container-core-columns-is-layout-28f84493 wp-block-columns-is-layout-flex\">\n<div class=\"wp-block-column is-layout-flow wp-block-column-is-layout-flow\" style=\"flex-basis:30%\">\n<p class=\"has-base-color has-text-color\"><strong>N. Benyahia, J.-F. Charpentier, F. Becker, and F. Scuiler<\/strong><\/p>\n<\/div>\n\n\n\n<div class=\"wp-block-column is-layout-flow wp-block-column-is-layout-flow\" style=\"flex-basis:50%\"><h3 class=\"wp-block-post-title has-text-color has-base-color has-medium-font-size\">Performance Analysis of a Hardware In the Loop based Emulation of a Naval Propulsion System associated with Supercapacitor Energy Storage System,<\/h3>\n\n\n<p class=\"has-base-color has-text-color\">14th International Conference of TC-Electrimacs Committee (Electrimacs 2022), Nancy, France, May 2022.<\/p>\n<\/div>\n\n\n\n<div class=\"wp-block-column is-layout-flow wp-block-column-is-layout-flow\">\n<div class=\"wp-block-buttons is-layout-flex\">\n                <div class=\"wp-block-button has-custom-width wp-block-button__width-100 has-custom-font-size has-small-font-size\"><a target=\"_blank\" class=\"wp-block-button__link has-tertiary-color has-base-background-color has-text-color has-background wp-element-button\" href='https:\/\/electrimacs2022.sciencesconf.org\/' rel=\"noopener\">Lien vers la conf\u00e9rence<\/a><\/div>\n                <\/div>\n<\/div>\n<\/div>\n\n<\/li><li class=\"wp-block-post post-5378 journal_article type-journal_article status-publish hentry journal_article_cat-conferences\">\n\n<hr class=\"wp-block-separator has-text-color has-background-color has-alpha-channel-opacity has-background-background-color has-background is-style-wide\"\/>\n\n\n\n<div class=\"wp-block-columns is-layout-flex wp-container-core-columns-is-layout-28f84493 wp-block-columns-is-layout-flex\">\n<div class=\"wp-block-column is-layout-flow wp-block-column-is-layout-flow\" style=\"flex-basis:30%\">\n<p class=\"has-base-color has-text-color\"><strong>O. Fares, A. Dandoush, and N. Aitsaadi<\/strong><\/p>\n<\/div>\n\n\n\n<div class=\"wp-block-column is-layout-flow wp-block-column-is-layout-flow\" style=\"flex-basis:50%\"><h3 class=\"wp-block-post-title has-text-color has-base-color has-medium-font-size\">OPR: SDN-based Optimal Path Routing within Transit Autonomous System Networks,<\/h3>\n\n\n<p class=\"has-base-color has-text-color\">IEEE International Conference on Communications 2022 (IEEE ICC 2022), Seoul, South Korea, May 2022.<\/p>\n<\/div>\n\n\n\n<div class=\"wp-block-column is-layout-flow wp-block-column-is-layout-flow\">\n<div class=\"wp-block-buttons is-layout-flex\">\n                <div class=\"wp-block-button has-custom-width wp-block-button__width-100 has-custom-font-size has-small-font-size\"><a target=\"_blank\" class=\"wp-block-button__link has-tertiary-color has-base-background-color has-text-color has-background wp-element-button\" href='https:\/\/icc2022.ieee-icc.org\/' rel=\"noopener\">Lien vers la conf\u00e9rence<\/a><\/div>\n                <\/div>\n<\/div>\n<\/div>\n\n<\/li><li class=\"wp-block-post post-5379 journal_article type-journal_article status-publish hentry journal_article_cat-conferences\">\n\n<hr class=\"wp-block-separator has-text-color has-background-color has-alpha-channel-opacity has-background-background-color has-background is-style-wide\"\/>\n\n\n\n<div class=\"wp-block-columns is-layout-flex wp-container-core-columns-is-layout-28f84493 wp-block-columns-is-layout-flex\">\n<div class=\"wp-block-column is-layout-flow wp-block-column-is-layout-flow\" style=\"flex-basis:30%\">\n<p class=\"has-base-color has-text-color\"><strong>M. Lahlouh, Y. Chenoune, R. Blanc, J. Szewczyk, and N. Passat<\/strong><\/p>\n<\/div>\n\n\n\n<div class=\"wp-block-column is-layout-flow wp-block-column-is-layout-flow\" style=\"flex-basis:50%\"><h3 class=\"wp-block-post-title has-text-color has-base-color has-medium-font-size\">Aortic arch anatomy characterization from MRA: a CNN-based segmentation approach,<\/h3>\n\n\n<p class=\"has-base-color has-text-color\">IEEE International Symposium on Biomedical Imaging (IEEE ISBI 2022), Kolkata, India, March 2022, pp. 1-5.<\/p>\n<\/div>\n\n\n\n<div class=\"wp-block-column is-layout-flow wp-block-column-is-layout-flow\">\n<div class=\"wp-block-buttons is-layout-flex\">\n                <div class=\"wp-block-button has-custom-width wp-block-button__width-100 has-custom-font-size has-small-font-size\"><a target=\"_blank\" class=\"wp-block-button__link has-tertiary-color has-base-background-color has-text-color has-background wp-element-button\" href='https:\/\/hal.science\/hal-03517593' rel=\"noopener\">Lien vers l&rsquo;article<\/a><\/div>\n                <\/div>\n<\/div>\n<\/div>\n\n<\/li><li class=\"wp-block-post post-7194 journal_article type-journal_article status-publish hentry journal_article_cat-conferences\">\n\n<hr class=\"wp-block-separator has-text-color has-background-color has-alpha-channel-opacity has-background-background-color has-background is-style-wide\"\/>\n\n\n\n<div class=\"wp-block-columns is-layout-flex wp-container-core-columns-is-layout-28f84493 wp-block-columns-is-layout-flex\">\n<div class=\"wp-block-column is-layout-flow wp-block-column-is-layout-flow\" style=\"flex-basis:30%\">\n<p class=\"has-base-color has-text-color\"><strong>F. Trillaud, B. Douine, S. Fawaz, H. Menana, and N. Ivanov<\/strong><\/p>\n<\/div>\n\n\n\n<div class=\"wp-block-column is-layout-flow wp-block-column-is-layout-flow\" style=\"flex-basis:50%\"><h3 class=\"wp-block-post-title has-text-color has-base-color has-medium-font-size\">AC losses in non-inductive high temperature superconducting coils: modeling and measurements,<\/h3>\n\n\n<p class=\"has-base-color has-text-color\">23rd Conference on the Computation of Electromagnetic Fields (COMPUMAG), Cancun, Mexico, January 2022.<\/p>\n<\/div>\n\n\n\n<div class=\"wp-block-column is-layout-flow wp-block-column-is-layout-flow\">\n<div class=\"wp-block-buttons is-layout-flex\">\n                <div class=\"wp-block-button has-custom-width wp-block-button__width-100 has-custom-font-size has-small-font-size\"><a target=\"_blank\" class=\"wp-block-button__link has-tertiary-color has-base-background-color has-text-color has-background wp-element-button\" href='https:\/\/ieeexplore.ieee.org\/xpl\/conhome\/9827463\/proceeding' rel=\"noopener\">Lien vers la conf\u00e9rence<\/a><\/div>\n                <\/div>\n<\/div>\n<\/div>\n\n<\/li><li class=\"wp-block-post post-7192 journal_article type-journal_article status-publish hentry journal_article_cat-conferences\">\n\n<hr class=\"wp-block-separator has-text-color has-background-color has-alpha-channel-opacity has-background-background-color has-background is-style-wide\"\/>\n\n\n\n<div class=\"wp-block-columns is-layout-flex wp-container-core-columns-is-layout-28f84493 wp-block-columns-is-layout-flex\">\n<div class=\"wp-block-column is-layout-flow wp-block-column-is-layout-flow\" style=\"flex-basis:30%\">\n<p class=\"has-base-color has-text-color\"><strong>S. Fawaz, H. Menana, Y. Statra, and B. Douine<\/strong><\/p>\n<\/div>\n\n\n\n<div class=\"wp-block-column is-layout-flow wp-block-column-is-layout-flow\" style=\"flex-basis:50%\"><h3 class=\"wp-block-post-title has-text-color has-base-color has-medium-font-size\">Numerical modeling and experimental study of HTS coils inductance,<\/h3>\n\n\n<p class=\"has-base-color has-text-color\">23rd Conference on the Computation of Electromagnetic Fields (COMPUMAG), Cancun, Mexico, January 2022.<\/p>\n<\/div>\n\n\n\n<div class=\"wp-block-column is-layout-flow wp-block-column-is-layout-flow\">\n<div class=\"wp-block-buttons is-layout-flex\">\n                <div class=\"wp-block-button has-custom-width wp-block-button__width-100 has-custom-font-size has-small-font-size\"><a target=\"_blank\" class=\"wp-block-button__link has-tertiary-color has-base-background-color has-text-color has-background wp-element-button\" href='https:\/\/ieeexplore.ieee.org\/xpl\/conhome\/9827463\/proceeding' rel=\"noopener\">Lien vers la conf\u00e9rence<\/a><\/div>\n                <\/div>\n<\/div>\n<\/div>\n\n<\/li><li class=\"wp-block-post post-5306 journal_article type-journal_article status-publish hentry journal_article_cat-conferences\">\n\n<hr class=\"wp-block-separator has-text-color has-background-color has-alpha-channel-opacity has-background-background-color has-background is-style-wide\"\/>\n\n\n\n<div class=\"wp-block-columns is-layout-flex wp-container-core-columns-is-layout-28f84493 wp-block-columns-is-layout-flex\">\n<div class=\"wp-block-column is-layout-flow wp-block-column-is-layout-flow\" style=\"flex-basis:30%\">\n<p class=\"has-base-color has-text-color\"><strong>O. Fares, A. Dandoush, and N. Aitsaadi<\/strong><\/p>\n<\/div>\n\n\n\n<div class=\"wp-block-column is-layout-flow wp-block-column-is-layout-flow\" style=\"flex-basis:50%\"><h3 class=\"wp-block-post-title has-text-color has-base-color has-medium-font-size\">SDN-based Platform Enabling Intelligent Routing within Transit Autonomous System Networks,<\/h3>\n\n\n<p class=\"has-base-color has-text-color\">2022 IEEE 19th Annual Consumer Communications &amp; Networking Conference (CCNC), January 2022.<\/p>\n<\/div>\n\n\n\n<div class=\"wp-block-column is-layout-flow wp-block-column-is-layout-flow\">\n<div class=\"wp-block-buttons is-layout-flex\">\n                <div class=\"wp-block-button has-custom-width wp-block-button__width-100 has-custom-font-size has-small-font-size\"><a target=\"_blank\" class=\"wp-block-button__link has-tertiary-color has-base-background-color has-text-color has-background wp-element-button\" href='https:\/\/ieeexplore.ieee.org\/document\/9700661' rel=\"noopener\">Lien vers l&rsquo;article<\/a><\/div>\n                <\/div>\n<\/div>\n<\/div>\n\n<\/li><li class=\"wp-block-post post-5399 journal_article type-journal_article status-publish hentry journal_article_cat-conferences\">\n\n<hr class=\"wp-block-separator has-text-color has-background-color has-alpha-channel-opacity has-background-background-color has-background is-style-wide\"\/>\n\n\n\n<div class=\"wp-block-columns is-layout-flex wp-container-core-columns-is-layout-28f84493 wp-block-columns-is-layout-flex\">\n<div class=\"wp-block-column is-layout-flow wp-block-column-is-layout-flow\" style=\"flex-basis:30%\">\n<p class=\"has-base-color has-text-color\"><strong>M. Barara, T. Alnejaili, S. Labdai, M. Ouriagli, and L. Chrifi-Alaoui<\/strong><\/p>\n<\/div>\n\n\n\n<div class=\"wp-block-column is-layout-flow wp-block-column-is-layout-flow\" style=\"flex-basis:50%\"><h3 class=\"wp-block-post-title has-text-color has-base-color has-medium-font-size\">Energy management strategy for a hybrid PV-Battery isolated system,<\/h3>\n\n\n<p class=\"has-base-color has-text-color\">9th International Renewable and Sustainable Energy Conference (IRSEC) IEEE Conference, Maroc (virtual edition), pp. 1-5, November 2021.<\/p>\n<\/div>\n\n\n\n<div class=\"wp-block-column is-layout-flow wp-block-column-is-layout-flow\">\n<div class=\"wp-block-buttons is-layout-flex\">\n                <div class=\"wp-block-button has-custom-width wp-block-button__width-100 has-custom-font-size has-small-font-size\"><a target=\"_blank\" class=\"wp-block-button__link has-tertiary-color has-base-background-color has-text-color has-background wp-element-button\" href='https:\/\/ieeexplore.ieee.org\/document\/9741096' rel=\"noopener\">Lien vers l&rsquo;article<\/a><\/div>\n                <\/div>\n<\/div>\n<\/div>\n\n<\/li><li class=\"wp-block-post post-5435 journal_article type-journal_article status-publish hentry journal_article_cat-conferences\">\n\n<hr class=\"wp-block-separator has-text-color has-background-color has-alpha-channel-opacity has-background-background-color has-background is-style-wide\"\/>\n\n\n\n<div class=\"wp-block-columns is-layout-flex wp-container-core-columns-is-layout-28f84493 wp-block-columns-is-layout-flex\">\n<div class=\"wp-block-column is-layout-flow wp-block-column-is-layout-flow\" style=\"flex-basis:30%\">\n<p class=\"has-base-color has-text-color\"><strong>Y. Li, A. Dandoush, and J. Liu<\/strong><\/p>\n<\/div>\n\n\n\n<div class=\"wp-block-column is-layout-flow wp-block-column-is-layout-flow\" style=\"flex-basis:50%\"><h3 class=\"wp-block-post-title has-text-color has-base-color has-medium-font-size\">Evaluation and Optimization of learning-based DNS over HTTPS Traffic Classification,<\/h3>\n\n\n<p class=\"has-base-color has-text-color\">2021 International Symposium on Networks, Computers and Communications (ISNCC), pp. 1-6, Dubai, United Arab Emirates, October 2021.<\/p>\n<\/div>\n\n\n\n<div class=\"wp-block-column is-layout-flow wp-block-column-is-layout-flow\">\n<div class=\"wp-block-buttons is-layout-flex\">\n                <div class=\"wp-block-button has-custom-width wp-block-button__width-100 has-custom-font-size has-small-font-size\"><a target=\"_blank\" class=\"wp-block-button__link has-tertiary-color has-base-background-color has-text-color has-background wp-element-button\" href='https:\/\/ieeexplore.ieee.org\/document\/9615659?denied=' rel=\"noopener\">Lien vers l&rsquo;article<\/a><\/div>\n                <\/div>\n<\/div>\n<\/div>\n\n<\/li><li class=\"wp-block-post post-7190 journal_article type-journal_article status-publish hentry journal_article_cat-conferences\">\n\n<hr class=\"wp-block-separator has-text-color has-background-color has-alpha-channel-opacity has-background-background-color has-background is-style-wide\"\/>\n\n\n\n<div class=\"wp-block-columns is-layout-flex wp-container-core-columns-is-layout-28f84493 wp-block-columns-is-layout-flex\">\n<div class=\"wp-block-column is-layout-flow wp-block-column-is-layout-flow\" style=\"flex-basis:30%\">\n<p class=\"has-base-color has-text-color\"><strong>S. Fawaz, H. Menana, B. Douine, and L. Queval<\/strong><\/p>\n<\/div>\n\n\n\n<div class=\"wp-block-column is-layout-flow wp-block-column-is-layout-flow\" style=\"flex-basis:50%\"><h3 class=\"wp-block-post-title has-text-color has-base-color has-medium-font-size\">DC characterization of HTS coils with non-uniform current density distribution using E(J) and Jc(B) dependency,<\/h3>\n\n\n<p class=\"has-base-color has-text-color\">7th International Conference on Superconductivity and Magnetism, Bodrum, Turkey, October 2021.<\/p>\n<\/div>\n\n\n\n<div class=\"wp-block-column is-layout-flow wp-block-column-is-layout-flow\">\n<div class=\"wp-block-buttons is-layout-flex\">\n                <div class=\"wp-block-button has-custom-width wp-block-button__width-100 has-custom-font-size has-small-font-size\"><a target=\"_blank\" class=\"wp-block-button__link has-tertiary-color has-base-background-color has-text-color has-background wp-element-button\" href='https:\/\/ieeecsc.org\/event\/icsm-2021' rel=\"noopener\">Lien vers la conf\u00e9rence<\/a><\/div>\n                <\/div>\n<\/div>\n<\/div>\n\n<\/li><li class=\"wp-block-post post-7204 journal_article type-journal_article status-publish hentry journal_article_cat-conferences\">\n\n<hr class=\"wp-block-separator has-text-color has-background-color has-alpha-channel-opacity has-background-background-color has-background is-style-wide\"\/>\n\n\n\n<div class=\"wp-block-columns is-layout-flex wp-container-core-columns-is-layout-28f84493 wp-block-columns-is-layout-flex\">\n<div class=\"wp-block-column is-layout-flow wp-block-column-is-layout-flow\" style=\"flex-basis:30%\">\n<p class=\"has-base-color has-text-color\"><strong>S. Fawaz, H. Menana, B. Douine, and L. Queval<\/strong><\/p>\n<\/div>\n\n\n\n<div class=\"wp-block-column is-layout-flow wp-block-column-is-layout-flow\" style=\"flex-basis:50%\"><h3 class=\"wp-block-post-title has-text-color has-base-color has-medium-font-size\">Mod\u00e9lisation et caract\u00e9risation en courant continu des bobines SHTC avec une distribution non uniforme de la densit\u00e9 de courant,<\/h3>\n\n\n<p class=\"has-base-color has-text-color\">13\u00e8mes Journ\u00e9es de Cryog\u00e9nie et de Supraconductivit\u00e9, Aussois, France, October 2021.<\/p>\n<\/div>\n\n\n\n<div class=\"wp-block-column is-layout-flow wp-block-column-is-layout-flow\">\n<div class=\"wp-block-buttons is-layout-flex\">\n                <div class=\"wp-block-button has-custom-width wp-block-button__width-100 has-custom-font-size has-small-font-size\"><a target=\"_blank\" class=\"wp-block-button__link has-tertiary-color has-base-background-color has-text-color has-background wp-element-button\" href='http:\/\/www.affccs.org\/aussois2021\/' rel=\"noopener\">Lien vers la conf\u00e9rence<\/a><\/div>\n                <\/div>\n<\/div>\n<\/div>\n\n<\/li><li class=\"wp-block-post post-7188 journal_article type-journal_article status-publish hentry journal_article_cat-conferences\">\n\n<hr class=\"wp-block-separator has-text-color has-background-color has-alpha-channel-opacity has-background-background-color has-background is-style-wide\"\/>\n\n\n\n<div class=\"wp-block-columns is-layout-flex wp-container-core-columns-is-layout-28f84493 wp-block-columns-is-layout-flex\">\n<div class=\"wp-block-column is-layout-flow wp-block-column-is-layout-flow\" style=\"flex-basis:30%\">\n<p class=\"has-base-color has-text-color\"><strong>B. Douine, L. Queval, F. Trillaud, S. Fawaz, H. Menana, et al.<\/strong><\/p>\n<\/div>\n\n\n\n<div class=\"wp-block-column is-layout-flow wp-block-column-is-layout-flow\" style=\"flex-basis:50%\"><h3 class=\"wp-block-post-title has-text-color has-base-color has-medium-font-size\">Characterization of Superconducting Power Filter for embedded electrical grid application,<\/h3>\n\n\n<p class=\"has-base-color has-text-color\">15th European Applied Superconductivity Conference (EUCAS), Moscow, Russia, September 2021.<\/p>\n<\/div>\n\n\n\n<div class=\"wp-block-column is-layout-flow wp-block-column-is-layout-flow\">\n<div class=\"wp-block-buttons is-layout-flex\">\n                <div class=\"wp-block-button has-custom-width wp-block-button__width-100 has-custom-font-size has-small-font-size\"><a target=\"_blank\" class=\"wp-block-button__link has-tertiary-color has-base-background-color has-text-color has-background wp-element-button\" href='https:\/\/ieeecsc.org\/event\/eucas-2021' rel=\"noopener\">Lien vers la conf\u00e9rence<\/a><\/div>\n                <\/div>\n<\/div>\n<\/div>\n\n<\/li><li class=\"wp-block-post post-7203 journal_article type-journal_article status-publish hentry journal_article_cat-conferences\">\n\n<hr class=\"wp-block-separator has-text-color has-background-color has-alpha-channel-opacity has-background-background-color has-background is-style-wide\"\/>\n\n\n\n<div class=\"wp-block-columns is-layout-flex wp-container-core-columns-is-layout-28f84493 wp-block-columns-is-layout-flex\">\n<div class=\"wp-block-column is-layout-flow wp-block-column-is-layout-flow\" style=\"flex-basis:30%\">\n<p class=\"has-base-color has-text-color\"><strong>B. Douine, S. Fawaz, H. Menana, and Y. Statra<\/strong><\/p>\n<\/div>\n\n\n\n<div class=\"wp-block-column is-layout-flow wp-block-column-is-layout-flow\" style=\"flex-basis:50%\"><h3 class=\"wp-block-post-title has-text-color has-base-color has-medium-font-size\">Caract\u00e9risation de rubans supraconducteurs pour des applications en g\u00e9nie \u00e9lectrique,<\/h3>\n\n\n<p class=\"has-base-color has-text-color\">Symposium de G\u00e9nie Electrique (SGE), Nantes, France, July 2021.<\/p>\n<\/div>\n\n\n\n<div class=\"wp-block-column is-layout-flow wp-block-column-is-layout-flow\">\n<div class=\"wp-block-buttons is-layout-flex\">\n                <div class=\"wp-block-button has-custom-width wp-block-button__width-100 has-custom-font-size has-small-font-size\"><a target=\"_blank\" class=\"wp-block-button__link has-tertiary-color has-base-background-color has-text-color has-background wp-element-button\" href='https:\/\/www.sge-conf.fr\/sge-2020\/' rel=\"noopener\">Lien vers la conf\u00e9rence<\/a><\/div>\n                <\/div>\n<\/div>\n<\/div>\n\n<\/li><li class=\"wp-block-post post-5179 journal_article type-journal_article status-publish hentry journal_article_cat-conferences\">\n\n<hr class=\"wp-block-separator has-text-color has-background-color has-alpha-channel-opacity has-background-background-color has-background is-style-wide\"\/>\n\n\n\n<div class=\"wp-block-columns is-layout-flex wp-container-core-columns-is-layout-28f84493 wp-block-columns-is-layout-flex\">\n<div class=\"wp-block-column is-layout-flow wp-block-column-is-layout-flow\" style=\"flex-basis:30%\">\n<p class=\"has-base-color has-text-color\"><strong>B. Ouni, C. Aussagues, S. Dhouib, C. Mraidha <\/strong><\/p>\n<\/div>\n\n\n\n<div class=\"wp-block-column is-layout-flow wp-block-column-is-layout-flow\" style=\"flex-basis:50%\"><h3 class=\"wp-block-post-title has-text-color has-base-color has-medium-font-size\">Novel Model-Based approach for instrumentation and control of nuclear reactors,<\/h3>\n\n\n<p class=\"has-base-color has-text-color\">ANIMMA Conference, Prague, Czech Republic, June 2021.<\/p>\n<\/div>\n\n\n\n<div class=\"wp-block-column is-layout-flow wp-block-column-is-layout-flow\">\n<div class=\"wp-block-buttons is-layout-flex\">\n                <div class=\"wp-block-button has-custom-width wp-block-button__width-100 has-custom-font-size has-small-font-size\"><a target=\"_blank\" class=\"wp-block-button__link has-tertiary-color has-base-background-color has-text-color has-background wp-element-button\" href='https:\/\/indico.utef.cvut.cz\/event\/23\/' rel=\"noopener\">Lien vers la conf\u00e9rence<\/a><\/div>\n                <\/div>\n<\/div>\n<\/div>\n\n<\/li><li class=\"wp-block-post post-7184 journal_article type-journal_article status-publish hentry journal_article_cat-conferences\">\n\n<hr class=\"wp-block-separator has-text-color has-background-color has-alpha-channel-opacity has-background-background-color has-background is-style-wide\"\/>\n\n\n\n<div class=\"wp-block-columns is-layout-flex wp-container-core-columns-is-layout-28f84493 wp-block-columns-is-layout-flex\">\n<div class=\"wp-block-column is-layout-flow wp-block-column-is-layout-flow\" style=\"flex-basis:30%\">\n<p class=\"has-base-color has-text-color\"><strong>S. Fawaz, H. Menana, B. Douine, and L. Queval<\/strong><\/p>\n<\/div>\n\n\n\n<div class=\"wp-block-column is-layout-flow wp-block-column-is-layout-flow\" style=\"flex-basis:50%\"><h3 class=\"wp-block-post-title has-text-color has-base-color has-medium-font-size\">DC modeling &amp; characterization of HTS coils with non-uniform current density distribution,<\/h3>\n\n\n<p class=\"has-base-color has-text-color\">7th International Workshop on Numerical Modelling of High Temperature Superconductors, Nancy, France, June 2021.<\/p>\n<\/div>\n\n\n\n<div class=\"wp-block-column is-layout-flow wp-block-column-is-layout-flow\">\n<div class=\"wp-block-buttons is-layout-flex\">\n                <div class=\"wp-block-button has-custom-width wp-block-button__width-100 has-custom-font-size has-small-font-size\"><a target=\"_blank\" class=\"wp-block-button__link has-tertiary-color has-base-background-color has-text-color has-background wp-element-button\" href='https:\/\/htsmod2020.sciencesconf.org\/' rel=\"noopener\">Lien vers la conf\u00e9rence<\/a><\/div>\n                <\/div>\n<\/div>\n<\/div>\n\n<\/li><li class=\"wp-block-post post-7182 journal_article type-journal_article status-publish hentry journal_article_cat-conferences\">\n\n<hr class=\"wp-block-separator has-text-color has-background-color has-alpha-channel-opacity has-background-background-color has-background is-style-wide\"\/>\n\n\n\n<div class=\"wp-block-columns is-layout-flex wp-container-core-columns-is-layout-28f84493 wp-block-columns-is-layout-flex\">\n<div class=\"wp-block-column is-layout-flow wp-block-column-is-layout-flow\" style=\"flex-basis:30%\">\n<p class=\"has-base-color has-text-color\"><strong>Y. Statra, S. Fawaz, H. Menana, and B. Douine<\/strong><\/p>\n<\/div>\n\n\n\n<div class=\"wp-block-column is-layout-flow wp-block-column-is-layout-flow\" style=\"flex-basis:50%\"><h3 class=\"wp-block-post-title has-text-color has-base-color has-medium-font-size\">Experimental characterization of the electromagnetic properties of HTS coils in self-field and with the proximity of electromagnetically active materials,<\/h3>\n\n\n<p class=\"has-base-color has-text-color\">International Conference on Materials &amp; Energy, Metz, France, June 2021.<\/p>\n<\/div>\n\n\n\n<div class=\"wp-block-column is-layout-flow wp-block-column-is-layout-flow\">\n<div class=\"wp-block-buttons is-layout-flex\">\n                <div class=\"wp-block-button has-custom-width wp-block-button__width-100 has-custom-font-size has-small-font-size\"><a target=\"_blank\" class=\"wp-block-button__link has-tertiary-color has-base-background-color has-text-color has-background wp-element-button\" href='https:\/\/www.icome.ecam-epmi.fr\/ICOME2021\/' rel=\"noopener\">Lien vers la conf\u00e9rence<\/a><\/div>\n                <\/div>\n<\/div>\n<\/div>\n\n<\/li><li class=\"wp-block-post post-5377 journal_article type-journal_article status-publish hentry journal_article_cat-conferences\">\n\n<hr class=\"wp-block-separator has-text-color has-background-color has-alpha-channel-opacity has-background-background-color has-background is-style-wide\"\/>\n\n\n\n<div class=\"wp-block-columns is-layout-flex wp-container-core-columns-is-layout-28f84493 wp-block-columns-is-layout-flex\">\n<div class=\"wp-block-column is-layout-flow wp-block-column-is-layout-flow\" style=\"flex-basis:30%\">\n<p class=\"has-base-color has-text-color\"><strong>M. Chahbar, G. Diaz, and A. Dandoush<\/strong><\/p>\n<\/div>\n\n\n\n<div class=\"wp-block-column is-layout-flow wp-block-column-is-layout-flow\" style=\"flex-basis:50%\"><h3 class=\"wp-block-post-title has-text-color has-base-color has-medium-font-size\">InterS: Towards Inter-Slice Bandwidth Resource Sharing,<\/h3>\n\n\n<p class=\"has-base-color has-text-color\">IEEE 22nd International Conference on High Performance Switching and Routing (IEEE HPSR 2021), Paris, France, June 2021.<\/p>\n<\/div>\n\n\n\n<div class=\"wp-block-column is-layout-flow wp-block-column-is-layout-flow\">\n<div class=\"wp-block-buttons is-layout-flex\">\n                <div class=\"wp-block-button has-custom-width wp-block-button__width-100 has-custom-font-size has-small-font-size\"><a target=\"_blank\" class=\"wp-block-button__link has-tertiary-color has-base-background-color has-text-color has-background wp-element-button\" href='https:\/\/ieeexplore.ieee.org\/document\/9481833' rel=\"noopener\">Lien vers l&rsquo;article<\/a><\/div>\n                <\/div>\n<\/div>\n<\/div>\n\n<\/li><li class=\"wp-block-post post-4589 journal_article type-journal_article status-publish hentry journal_article_cat-conferences\">\n\n<hr class=\"wp-block-separator has-text-color has-background-color has-alpha-channel-opacity has-background-background-color has-background is-style-wide\"\/>\n\n\n\n<div class=\"wp-block-columns is-layout-flex wp-container-core-columns-is-layout-28f84493 wp-block-columns-is-layout-flex\">\n<div class=\"wp-block-column is-layout-flow wp-block-column-is-layout-flow\" style=\"flex-basis:30%\">\n<p class=\"has-base-color has-text-color\"><strong>L. Amour and A. Dandoush<\/strong><\/p>\n<\/div>\n\n\n\n<div class=\"wp-block-column is-layout-flow wp-block-column-is-layout-flow\" style=\"flex-basis:50%\"><h3 class=\"wp-block-post-title has-text-color has-base-color has-medium-font-size\">Towards a Crowdsourced Network Measurements Analyzer (CNMA) for the Streaming Service,<\/h3>\n\n\n<p class=\"has-base-color has-text-color\">22nd IEEE International Conference on High Performance Switching and Routing (HPSR&rsquo;2021), pp. 5, Paris, France, June 2021.<\/p>\n<\/div>\n\n\n\n<div class=\"wp-block-column is-layout-flow wp-block-column-is-layout-flow\">\n<div class=\"wp-block-buttons is-layout-flex\">\n                <div class=\"wp-block-button has-custom-width wp-block-button__width-100 has-custom-font-size has-small-font-size\"><a target=\"_blank\" class=\"wp-block-button__link has-tertiary-color has-base-background-color has-text-color has-background wp-element-button\" href='https:\/\/ieeexplore.ieee.org\/document\/9481867' rel=\"noopener\">Lien vers l&rsquo;article<\/a><\/div>\n                <\/div>\n<\/div>\n<\/div>\n\n<\/li><li class=\"wp-block-post post-4898 journal_article type-journal_article status-publish hentry journal_article_cat-conferences\">\n\n<hr class=\"wp-block-separator has-text-color has-background-color has-alpha-channel-opacity has-background-background-color has-background is-style-wide\"\/>\n\n\n\n<div class=\"wp-block-columns is-layout-flex wp-container-core-columns-is-layout-28f84493 wp-block-columns-is-layout-flex\">\n<div class=\"wp-block-column is-layout-flow wp-block-column-is-layout-flow\" style=\"flex-basis:30%\">\n<p class=\"has-base-color has-text-color\"><strong>A. Bareggi and S. Sargenti<\/strong><\/p>\n<\/div>\n\n\n\n<div class=\"wp-block-column is-layout-flow wp-block-column-is-layout-flow\" style=\"flex-basis:50%\"><h3 class=\"wp-block-post-title has-text-color has-base-color has-medium-font-size\">Towards Accessible and Sustainable Learning of Real Time Electroacoustic Composition and Performance at Undergraduate Academic Level,<\/h3>\n\n\n<p class=\"has-base-color has-text-color\">CSEDU 2021, April 2021.<\/p>\n<\/div>\n\n\n\n<div class=\"wp-block-column is-layout-flow wp-block-column-is-layout-flow\">\n<div class=\"wp-block-buttons is-layout-flex\">\n                <div class=\"wp-block-button has-custom-width wp-block-button__width-100 has-custom-font-size has-small-font-size\"><a target=\"_blank\" class=\"wp-block-button__link has-tertiary-color has-base-background-color has-text-color has-background wp-element-button\" href='https:\/\/csedu.scitevents.org\/?y=2021' rel=\"noopener\">Lien vers la conf\u00e9rence<\/a><\/div>\n                <\/div>\n<\/div>\n<\/div>\n\n<\/li><li class=\"wp-block-post post-5423 journal_article type-journal_article status-publish hentry journal_article_cat-conferences\">\n\n<hr class=\"wp-block-separator has-text-color has-background-color has-alpha-channel-opacity has-background-background-color has-background is-style-wide\"\/>\n\n\n\n<div class=\"wp-block-columns is-layout-flex wp-container-core-columns-is-layout-28f84493 wp-block-columns-is-layout-flex\">\n<div class=\"wp-block-column is-layout-flow wp-block-column-is-layout-flow\" style=\"flex-basis:30%\">\n<p class=\"has-base-color has-text-color\"><strong>G. Belkacem, M. Gaoua, S. Iqbla, P. Grassin, F. Gadot, and H. Ouslimani<\/strong><\/p>\n<\/div>\n\n\n\n<div class=\"wp-block-column is-layout-flow wp-block-column-is-layout-flow\" style=\"flex-basis:50%\"><h3 class=\"wp-block-post-title has-text-color has-base-color has-medium-font-size\">Demonstration of Multiband Polarization Conversion and Near Perfect Absorption Using a Novel Metasurface,<\/h3>\n\n\n<p class=\"has-base-color has-text-color\">2021 IEEE Conference on Antenna Measurements &amp; Applications (CAMA), Antibes, France, November 2021.<\/p>\n<\/div>\n\n\n\n<div class=\"wp-block-column is-layout-flow wp-block-column-is-layout-flow\">\n<div class=\"wp-block-buttons is-layout-flex\">\n                <div class=\"wp-block-button has-custom-width wp-block-button__width-100 has-custom-font-size has-small-font-size\"><a target=\"_blank\" class=\"wp-block-button__link has-tertiary-color has-base-background-color has-text-color has-background wp-element-button\" href='https:\/\/ieeexplore.ieee.org\/document\/9703391\/authors#authors' rel=\"noopener\">Lien vers l&rsquo;article<\/a><\/div>\n                <\/div>\n<\/div>\n<\/div>\n\n<\/li><li class=\"wp-block-post post-4769 journal_article type-journal_article status-publish hentry journal_article_cat-conferences\">\n\n<hr class=\"wp-block-separator has-text-color has-background-color has-alpha-channel-opacity has-background-background-color has-background is-style-wide\"\/>\n\n\n\n<div class=\"wp-block-columns is-layout-flex wp-container-core-columns-is-layout-28f84493 wp-block-columns-is-layout-flex\">\n<div class=\"wp-block-column is-layout-flow wp-block-column-is-layout-flow\" style=\"flex-basis:30%\">\n<p class=\"has-base-color has-text-color\"><strong>N. Triki, M. Ksantini, and M. Karray<\/strong><\/p>\n<\/div>\n\n\n\n<div class=\"wp-block-column is-layout-flow wp-block-column-is-layout-flow\" style=\"flex-basis:50%\"><h3 class=\"wp-block-post-title has-text-color has-base-color has-medium-font-size\">Traffic Sign Recognition System based on belief functions theory,<\/h3>\n\n\n<p class=\"has-base-color has-text-color\">13th International Conference on Agents and Artificial Intelligence (ICAART 2021), Vol. 2, pp. 775-780, February 2021. <\/p>\n<\/div>\n\n\n\n<div class=\"wp-block-column is-layout-flow wp-block-column-is-layout-flow\">\n<div class=\"wp-block-buttons is-layout-flex\">\n                <div class=\"wp-block-button has-custom-width wp-block-button__width-100 has-custom-font-size has-small-font-size\"><a target=\"_blank\" class=\"wp-block-button__link has-tertiary-color has-base-background-color has-text-color has-background wp-element-button\" href='https:\/\/www.scitepress.org\/Link.aspx?doi=10.5220\/0010239807750780' rel=\"noopener\">Lien vers l&rsquo;article<\/a><\/div>\n                <\/div>\n<\/div>\n<\/div>\n\n<\/li><li class=\"wp-block-post post-4409 journal_article type-journal_article status-publish hentry journal_article_cat-conferences\">\n\n<hr class=\"wp-block-separator has-text-color has-background-color has-alpha-channel-opacity has-background-background-color has-background is-style-wide\"\/>\n\n\n\n<div class=\"wp-block-columns is-layout-flex wp-container-core-columns-is-layout-28f84493 wp-block-columns-is-layout-flex\">\n<div class=\"wp-block-column is-layout-flow wp-block-column-is-layout-flow\" style=\"flex-basis:30%\">\n<p class=\"has-base-color has-text-color\"><strong>M. Barara, M-R. Barakat, N. Elhaj, and G. Belkacem<\/strong><\/p>\n<\/div>\n\n\n\n<div class=\"wp-block-column is-layout-flow wp-block-column-is-layout-flow\" style=\"flex-basis:50%\"><h3 class=\"wp-block-post-title has-text-color has-base-color has-medium-font-size\">Robust Voltage Control for Four-Phase Interleaved DC-DC Boost Converter for Electric Vehicle Application,<\/h3>\n\n\n<p class=\"has-base-color has-text-color\">International Conference on Digital Technologies and Applications (ICDTA), Fez, Morocco, pp. 1409-1420, January 2021. <\/p>\n<\/div>\n\n\n\n<div class=\"wp-block-column is-layout-flow wp-block-column-is-layout-flow\">\n<div class=\"wp-block-buttons is-layout-flex\">\n                <div class=\"wp-block-button has-custom-width wp-block-button__width-100 has-custom-font-size has-small-font-size\"><a target=\"_blank\" class=\"wp-block-button__link has-tertiary-color has-base-background-color has-text-color has-background wp-element-button\" href='https:\/\/link.springer.com\/chapter\/10.1007\/978-3-030-73882-2_128' rel=\"noopener\">Lien vers l&rsquo;article<\/a><\/div>\n                <\/div>\n<\/div>\n<\/div>\n\n<\/li><li class=\"wp-block-post post-4499 journal_article type-journal_article status-publish hentry journal_article_cat-conferences\">\n\n<hr class=\"wp-block-separator has-text-color has-background-color has-alpha-channel-opacity has-background-background-color has-background is-style-wide\"\/>\n\n\n\n<div class=\"wp-block-columns is-layout-flex wp-container-core-columns-is-layout-28f84493 wp-block-columns-is-layout-flex\">\n<div class=\"wp-block-column is-layout-flow wp-block-column-is-layout-flow\" style=\"flex-basis:30%\">\n<p class=\"has-base-color has-text-color\"><strong>M. Maidi, Y. Lehiani, and M. Preda<\/strong><\/p>\n<\/div>\n\n\n\n<div class=\"wp-block-column is-layout-flow wp-block-column-is-layout-flow\" style=\"flex-basis:50%\"><h3 class=\"wp-block-post-title has-text-color has-base-color has-medium-font-size\">Open Augmented Reality System For Mobile Markerless Tracking,<\/h3>\n\n\n<p class=\"has-base-color has-text-color\">IEEE International Conference on Image Processing (ICIP\u20192020), pp. 2591-2595, Abu Dhabi, United Arab Emirates, October 2020.<\/p>\n<\/div>\n\n\n\n<div class=\"wp-block-column is-layout-flow wp-block-column-is-layout-flow\">\n<div class=\"wp-block-buttons is-layout-flex\">\n                <div class=\"wp-block-button has-custom-width wp-block-button__width-100 has-custom-font-size has-small-font-size\"><a target=\"_blank\" class=\"wp-block-button__link has-tertiary-color has-base-background-color has-text-color has-background wp-element-button\" href='https:\/\/doi.org\/10.1109\/ICIP40778.2020.9191362' rel=\"noopener\">Lien vers l&rsquo;article<\/a><\/div>\n                <\/div>\n<\/div>\n<\/div>\n\n<\/li><li class=\"wp-block-post post-4627 journal_article type-journal_article status-publish hentry journal_article_cat-conferences\">\n\n<hr class=\"wp-block-separator has-text-color has-background-color has-alpha-channel-opacity has-background-background-color has-background is-style-wide\"\/>\n\n\n\n<div class=\"wp-block-columns is-layout-flex wp-container-core-columns-is-layout-28f84493 wp-block-columns-is-layout-flex\">\n<div class=\"wp-block-column is-layout-flow wp-block-column-is-layout-flow\" style=\"flex-basis:30%\">\n<p class=\"has-base-color has-text-color\"><strong>U. Vollhardt, M. Makarov, A. Caldas, M. Grossard, and P. Rodriguez-Ayerbe<\/strong><\/p>\n<\/div>\n\n\n\n<div class=\"wp-block-column is-layout-flow wp-block-column-is-layout-flow\" style=\"flex-basis:50%\"><h3 class=\"wp-block-post-title has-text-color has-base-color has-medium-font-size\">Influence of the object stiffness on the grasp stability with compliant hand based on energetic approach,<\/h3>\n\n\n<p class=\"has-base-color has-text-color\">21st IFAC World Congress, pp.9905-9911, Berlin, Germany, July 2020.<\/p>\n<\/div>\n\n\n\n<div class=\"wp-block-column is-layout-flow wp-block-column-is-layout-flow\">\n<div class=\"wp-block-buttons is-layout-flex\">\n                <div class=\"wp-block-button has-custom-width wp-block-button__width-100 has-custom-font-size has-small-font-size\"><a target=\"_blank\" class=\"wp-block-button__link has-tertiary-color has-base-background-color has-text-color has-background wp-element-button\" href='https:\/\/hal.archives-ouvertes.fr\/hal-03106621' rel=\"noopener\">Lien vers l&rsquo;article<\/a><\/div>\n                <\/div>\n<\/div>\n<\/div>\n\n<\/li><li class=\"wp-block-post post-5428 journal_article type-journal_article status-publish hentry journal_article_cat-conferences\">\n\n<hr class=\"wp-block-separator has-text-color has-background-color has-alpha-channel-opacity has-background-background-color has-background is-style-wide\"\/>\n\n\n\n<div class=\"wp-block-columns is-layout-flex wp-container-core-columns-is-layout-28f84493 wp-block-columns-is-layout-flex\">\n<div class=\"wp-block-column is-layout-flow wp-block-column-is-layout-flow\" style=\"flex-basis:30%\">\n<p class=\"has-base-color has-text-color\"><strong>R. Touihri, S. Alwan, A. Dandoush, N. Aitsaadi, and C. Veillon<\/strong><\/p>\n<\/div>\n\n\n\n<div class=\"wp-block-column is-layout-flow wp-block-column-is-layout-flow\" style=\"flex-basis:50%\"><h3 class=\"wp-block-post-title has-text-color has-base-color has-medium-font-size\">SDN-Based Batch Flow Routing in CamCube Server-Only Data Center Networks,<\/h3>\n\n\n<p class=\"has-base-color has-text-color\">IEEE International Conference on Communications, Dublin, Ireland, June 2020.<\/p>\n<\/div>\n\n\n\n<div class=\"wp-block-column is-layout-flow wp-block-column-is-layout-flow\">\n<div class=\"wp-block-buttons is-layout-flex\">\n                <div class=\"wp-block-button has-custom-width wp-block-button__width-100 has-custom-font-size has-small-font-size\"><a target=\"_blank\" class=\"wp-block-button__link has-tertiary-color has-base-background-color has-text-color has-background wp-element-button\" href='https:\/\/ieeexplore.ieee.org\/document\/9149245' rel=\"noopener\">Lien vers l&rsquo;article<\/a><\/div>\n                <\/div>\n<\/div>\n<\/div>\n\n<\/li><li class=\"wp-block-post post-4576 journal_article type-journal_article status-publish hentry journal_article_cat-conferences\">\n\n<hr class=\"wp-block-separator has-text-color has-background-color has-alpha-channel-opacity has-background-background-color has-background is-style-wide\"\/>\n\n\n\n<div class=\"wp-block-columns is-layout-flex wp-container-core-columns-is-layout-28f84493 wp-block-columns-is-layout-flex\">\n<div class=\"wp-block-column is-layout-flow wp-block-column-is-layout-flow\" style=\"flex-basis:30%\">\n<p class=\"has-base-color has-text-color\"><strong>P. Haghgooei, S. Aghaei Hashjin, N. Takorabet, D. Arab-Khaburi, and B. Nahid-Mobarakeh<\/strong><\/p>\n<\/div>\n\n\n\n<div class=\"wp-block-column is-layout-flow wp-block-column-is-layout-flow\" style=\"flex-basis:50%\"><h3 class=\"wp-block-post-title has-text-color has-base-color has-medium-font-size\">Comprehensive Online Parameters Identification of Wound Rotor Synchronous Machine (WRSM) by Proposing Two New Parameters and Using Kalman Observer,<\/h3>\n\n\n<p class=\"has-base-color has-text-color\">IEEE Transportation Electrification Conference &amp; Expo, pp. 192-197, Chicago, USA, June 2020.<\/p>\n<\/div>\n\n\n\n<div class=\"wp-block-column is-layout-flow wp-block-column-is-layout-flow\">\n<div class=\"wp-block-buttons is-layout-flex\">\n                <div class=\"wp-block-button has-custom-width wp-block-button__width-100 has-custom-font-size has-small-font-size\"><a target=\"_blank\" class=\"wp-block-button__link has-tertiary-color has-base-background-color has-text-color has-background wp-element-button\" href='https:\/\/ieeexplore.ieee.org\/document\/9161552' rel=\"noopener\">Lien vers l&rsquo;article<\/a><\/div>\n                <\/div>\n<\/div>\n<\/div>\n\n<\/li><li class=\"wp-block-post post-5195 journal_article type-journal_article status-publish hentry journal_article_cat-conferences\">\n\n<hr class=\"wp-block-separator has-text-color has-background-color has-alpha-channel-opacity has-background-background-color has-background is-style-wide\"\/>\n\n\n\n<div class=\"wp-block-columns is-layout-flex wp-container-core-columns-is-layout-28f84493 wp-block-columns-is-layout-flex\">\n<div class=\"wp-block-column is-layout-flow wp-block-column-is-layout-flow\" style=\"flex-basis:30%\">\n<p class=\"has-base-color has-text-color\"><strong>Y. Arbaoui, R. Gingat, P. Agaciak, A. Pen, D. Palessonga, L. Martinez-Cano, P. Roquefort, A. Maalouf, A. Chevalier, J. Ville, T. Aubry, and V. Laur<\/strong><\/p>\n<\/div>\n\n\n\n<div class=\"wp-block-column is-layout-flow wp-block-column-is-layout-flow\" style=\"flex-basis:50%\"><h3 class=\"wp-block-post-title has-text-color has-base-color has-medium-font-size\">3D printed microwave absorbers : Towards innovative structures and concepts,<\/h3>\n\n\n<p class=\"has-base-color has-text-color\">International Conference on Microwave and Terahertz Technology, Bangkok, Thailand, December 2019.<\/p>\n<\/div>\n\n\n\n<div class=\"wp-block-column is-layout-flow wp-block-column-is-layout-flow\">\n<div class=\"wp-block-buttons is-layout-flex\">\n                <div class=\"wp-block-button has-custom-width wp-block-button__width-100 has-custom-font-size has-small-font-size\"><a target=\"_blank\" class=\"wp-block-button__link has-tertiary-color has-base-background-color has-text-color has-background wp-element-button\" href='https:\/\/www.janconf.org\/conference\/ICMTT-BT2019\/' rel=\"noopener\">Lien vers la conf\u00e9rence<\/a><\/div>\n                <\/div>\n<\/div>\n<\/div>\n\n<\/li><li class=\"wp-block-post post-5453 journal_article type-journal_article status-publish hentry journal_article_cat-conferences\">\n\n<hr class=\"wp-block-separator has-text-color has-background-color has-alpha-channel-opacity has-background-background-color has-background is-style-wide\"\/>\n\n\n\n<div class=\"wp-block-columns is-layout-flex wp-container-core-columns-is-layout-28f84493 wp-block-columns-is-layout-flex\">\n<div class=\"wp-block-column is-layout-flow wp-block-column-is-layout-flow\" style=\"flex-basis:30%\">\n<p class=\"has-base-color has-text-color\"><strong>R. Touihri, S. Alwan, A. Dandoush, N. Aitsaadi, and C. Veillon<\/strong><\/p>\n<\/div>\n\n\n\n<div class=\"wp-block-column is-layout-flow wp-block-column-is-layout-flow\" style=\"flex-basis:50%\"><h3 class=\"wp-block-post-title has-text-color has-base-color has-medium-font-size\">M-CRP: Novel Multicast SDN Based Routing Scheme in CamCube Server-Only Datacenter,<\/h3>\n\n\n<p class=\"has-base-color has-text-color\">2019 IEEE Global Communications Conference (GLOBECOM), pp. 1-6, Waikoloa, HI, USA, December 2019. <\/p>\n<\/div>\n\n\n\n<div class=\"wp-block-column is-layout-flow wp-block-column-is-layout-flow\">\n<div class=\"wp-block-buttons is-layout-flex\">\n                <div class=\"wp-block-button has-custom-width wp-block-button__width-100 has-custom-font-size has-small-font-size\"><a target=\"_blank\" class=\"wp-block-button__link has-tertiary-color has-base-background-color has-text-color has-background wp-element-button\" href='https:\/\/ieeexplore.ieee.org\/document\/9013306' rel=\"noopener\">Lien vers l&rsquo;article<\/a><\/div>\n                <\/div>\n<\/div>\n<\/div>\n\n<\/li><li class=\"wp-block-post post-4591 journal_article type-journal_article status-publish hentry journal_article_cat-conferences\">\n\n<hr class=\"wp-block-separator has-text-color has-background-color has-alpha-channel-opacity has-background-background-color has-background is-style-wide\"\/>\n\n\n\n<div class=\"wp-block-columns is-layout-flex wp-container-core-columns-is-layout-28f84493 wp-block-columns-is-layout-flex\">\n<div class=\"wp-block-column is-layout-flow wp-block-column-is-layout-flow\" style=\"flex-basis:30%\">\n<p class=\"has-base-color has-text-color\"><strong>L. Amour, V. Tong, S. Souihi, H. A. Tran, and A. Mellouk<\/strong><\/p>\n<\/div>\n\n\n\n<div class=\"wp-block-column is-layout-flow wp-block-column-is-layout-flow\" style=\"flex-basis:50%\"><h3 class=\"wp-block-post-title has-text-color has-base-color has-medium-font-size\">Quality Estimation Framework for Encrypted Traffic (Q2ET),<\/h3>\n\n\n<p class=\"has-base-color has-text-color\">2019 IEEE Global Communications Conference, (GLOBECOM&rsquo;2019), pp.6, Waikoloa, HI, USA, December 2019.<\/p>\n<\/div>\n\n\n\n<div class=\"wp-block-column is-layout-flow wp-block-column-is-layout-flow\">\n<div class=\"wp-block-buttons is-layout-flex\">\n                <div class=\"wp-block-button has-custom-width wp-block-button__width-100 has-custom-font-size has-small-font-size\"><a target=\"_blank\" class=\"wp-block-button__link has-tertiary-color has-base-background-color has-text-color has-background wp-element-button\" href='https:\/\/ieeexplore.ieee.org\/document\/9014234' rel=\"noopener\">Lien vers l&rsquo;article<\/a><\/div>\n                <\/div>\n<\/div>\n<\/div>\n\n<\/li><li class=\"wp-block-post post-5432 journal_article type-journal_article status-publish hentry journal_article_cat-conferences\">\n\n<hr class=\"wp-block-separator has-text-color has-background-color has-alpha-channel-opacity has-background-background-color has-background is-style-wide\"\/>\n\n\n\n<div class=\"wp-block-columns is-layout-flex wp-container-core-columns-is-layout-28f84493 wp-block-columns-is-layout-flex\">\n<div class=\"wp-block-column is-layout-flow wp-block-column-is-layout-flow\" style=\"flex-basis:30%\">\n<p class=\"has-base-color has-text-color\"><strong>M. Chahbar, G. Diaz, and A. Dandoush<\/strong><\/p>\n<\/div>\n\n\n\n<div class=\"wp-block-column is-layout-flow wp-block-column-is-layout-flow\" style=\"flex-basis:50%\"><h3 class=\"wp-block-post-title has-text-color has-base-color has-medium-font-size\">Towards a Unified Network Slicing Model,<\/h3>\n\n\n<p class=\"has-base-color has-text-color\">2019 15th International Conference on Network and Service Management (CNSM), pp. 1-5, Halifax, NS, Canada, October 2019.<\/p>\n<\/div>\n\n\n\n<div class=\"wp-block-column is-layout-flow wp-block-column-is-layout-flow\">\n<div class=\"wp-block-buttons is-layout-flex\">\n                <div class=\"wp-block-button has-custom-width wp-block-button__width-100 has-custom-font-size has-small-font-size\"><a target=\"_blank\" class=\"wp-block-button__link has-tertiary-color has-base-background-color has-text-color has-background wp-element-button\" href='https:\/\/ieeexplore.ieee.org\/document\/9012745\/authors#authors' rel=\"noopener\">Lien vers l&rsquo;article<\/a><\/div>\n                <\/div>\n<\/div>\n<\/div>\n\n<\/li><li class=\"wp-block-post post-5451 journal_article type-journal_article status-publish hentry journal_article_cat-conferences\">\n\n<hr class=\"wp-block-separator has-text-color has-background-color has-alpha-channel-opacity has-background-background-color has-background is-style-wide\"\/>\n\n\n\n<div class=\"wp-block-columns is-layout-flex wp-container-core-columns-is-layout-28f84493 wp-block-columns-is-layout-flex\">\n<div class=\"wp-block-column is-layout-flow wp-block-column-is-layout-flow\" style=\"flex-basis:30%\">\n<p class=\"has-base-color has-text-color\"><strong>M. Chahbar, G. Diaz, A. Dandoush, C. C\u00e9rin, and K. Ghoumid<\/strong><\/p>\n<\/div>\n\n\n\n<div class=\"wp-block-column is-layout-flow wp-block-column-is-layout-flow\" style=\"flex-basis:50%\"><h3 class=\"wp-block-post-title has-text-color has-base-color has-medium-font-size\">NESSMA: Network Slice Subnet Management Framework,<\/h3>\n\n\n<p class=\"has-base-color has-text-color\">2019 10th International Conference on Networks of the Future (NoF), pp. 54-57, Rome, Italy, October 2019.<\/p>\n<\/div>\n\n\n\n<div class=\"wp-block-column is-layout-flow wp-block-column-is-layout-flow\">\n<div class=\"wp-block-buttons is-layout-flex\">\n                <div class=\"wp-block-button has-custom-width wp-block-button__width-100 has-custom-font-size has-small-font-size\"><a target=\"_blank\" class=\"wp-block-button__link has-tertiary-color has-base-background-color has-text-color has-background wp-element-button\" href='https:\/\/ieeexplore.ieee.org\/document\/9015010' rel=\"noopener\">Lien vers l&rsquo;article<\/a><\/div>\n                <\/div>\n<\/div>\n<\/div>\n\n<\/li><li class=\"wp-block-post post-5450 journal_article type-journal_article status-publish hentry journal_article_cat-conferences\">\n\n<hr class=\"wp-block-separator has-text-color has-background-color has-alpha-channel-opacity has-background-background-color has-background is-style-wide\"\/>\n\n\n\n<div class=\"wp-block-columns is-layout-flex wp-container-core-columns-is-layout-28f84493 wp-block-columns-is-layout-flex\">\n<div class=\"wp-block-column is-layout-flow wp-block-column-is-layout-flow\" style=\"flex-basis:30%\">\n<p class=\"has-base-color has-text-color\"><strong>A. Kammoun, N. Tabbane, G. Diaz, N. Achir, and A. Dandoush<\/strong><\/p>\n<\/div>\n\n\n\n<div class=\"wp-block-column is-layout-flow wp-block-column-is-layout-flow\" style=\"flex-basis:50%\"><h3 class=\"wp-block-post-title has-text-color has-base-color has-medium-font-size\">Dynamic Handler Framework for Network Slices Management,<\/h3>\n\n\n<p class=\"has-base-color has-text-color\">2019 International Conference on Software, Telecommunications and Computer Networks (SoftCOM), pp. 1-6, Split, Croatia, September 2019. <\/p>\n<\/div>\n\n\n\n<div class=\"wp-block-column is-layout-flow wp-block-column-is-layout-flow\">\n<div class=\"wp-block-buttons is-layout-flex\">\n                <div class=\"wp-block-button has-custom-width wp-block-button__width-100 has-custom-font-size has-small-font-size\"><a target=\"_blank\" class=\"wp-block-button__link has-tertiary-color has-base-background-color has-text-color has-background wp-element-button\" href='https:\/\/ieeexplore.ieee.org\/abstract\/document\/8903783' rel=\"noopener\">Lien vers l&rsquo;article<\/a><\/div>\n                <\/div>\n<\/div>\n<\/div>\n\n<\/li><li class=\"wp-block-post post-4686 journal_article type-journal_article status-publish hentry journal_article_cat-conferences\">\n\n<hr class=\"wp-block-separator has-text-color has-background-color has-alpha-channel-opacity has-background-background-color has-background is-style-wide\"\/>\n\n\n\n<div class=\"wp-block-columns is-layout-flex wp-container-core-columns-is-layout-28f84493 wp-block-columns-is-layout-flex\">\n<div class=\"wp-block-column is-layout-flow wp-block-column-is-layout-flow\" style=\"flex-basis:30%\">\n<p class=\"has-base-color has-text-color\"><strong>S. Houriez&#8211;Gombaud-Saintonge, A. Pascaner, G. Soulat, U. Gencer, T. Dietenbeck, D. Craiem, E. Bollache, Y. Chenoune, E. Mousseaux, and N. Kachenoura<\/strong><\/p>\n<\/div>\n\n\n\n<div class=\"wp-block-column is-layout-flow wp-block-column-is-layout-flow\" style=\"flex-basis:50%\"><h3 class=\"wp-block-post-title has-text-color has-base-color has-medium-font-size\">Characterization of Aortic Blood Flow Changes in Normal and Pathological Dilatation: Input of 4-Dimensional Flow Magnetic Resonance Imaging,<\/h3>\n\n\n<p class=\"has-base-color has-text-color\">Computing in Cardiology (CinC), Singapor, September 2019.<\/p>\n<\/div>\n\n\n\n<div class=\"wp-block-column is-layout-flow wp-block-column-is-layout-flow\">\n<div class=\"wp-block-buttons is-layout-flex\">\n                <div class=\"wp-block-button has-custom-width wp-block-button__width-100 has-custom-font-size has-small-font-size\"><a target=\"_blank\" class=\"wp-block-button__link has-tertiary-color has-base-background-color has-text-color has-background wp-element-button\" href='https:\/\/www.semanticscholar.org\/paper\/Characterization-of-Blood-Flow-Changes-in-Normal-4D-Houriez--Gombaud-Saintonge-Pascaner\/d5be671db9712675f37010dd709d8c97c5b46d75' rel=\"noopener\">Lien vers l&rsquo;article<\/a><\/div>\n                <\/div>\n<\/div>\n<\/div>\n\n<\/li><li class=\"wp-block-post post-5433 journal_article type-journal_article status-publish hentry journal_article_cat-conferences\">\n\n<hr class=\"wp-block-separator has-text-color has-background-color has-alpha-channel-opacity has-background-background-color has-background is-style-wide\"\/>\n\n\n\n<div class=\"wp-block-columns is-layout-flex wp-container-core-columns-is-layout-28f84493 wp-block-columns-is-layout-flex\">\n<div class=\"wp-block-column is-layout-flow wp-block-column-is-layout-flow\" style=\"flex-basis:30%\">\n<p class=\"has-base-color has-text-color\"><strong>Y. Li, T. Osinski, and A. Dandoush<\/strong><\/p>\n<\/div>\n\n\n\n<div class=\"wp-block-column is-layout-flow wp-block-column-is-layout-flow\" style=\"flex-basis:50%\"><h3 class=\"wp-block-post-title has-text-color has-base-color has-medium-font-size\">Enabling Multi-Tenants Isolation for Software-Defined Cloud Networks via XMPP and BGP: Implementation and Evaluation,<\/h3>\n\n\n<p class=\"has-base-color has-text-color\">2019 7th International Conference on Future Internet of Things and Cloud (FiCloud), pp. 72-79, Istanbul, Turkey, August 2019.<\/p>\n<\/div>\n\n\n\n<div class=\"wp-block-column is-layout-flow wp-block-column-is-layout-flow\">\n<div class=\"wp-block-buttons is-layout-flex\">\n                <div class=\"wp-block-button has-custom-width wp-block-button__width-100 has-custom-font-size has-small-font-size\"><a target=\"_blank\" class=\"wp-block-button__link has-tertiary-color has-base-background-color has-text-color has-background wp-element-button\" href='https:\/\/ieeexplore.ieee.org\/document\/8972839' rel=\"noopener\">Lien vers l&rsquo;article<\/a><\/div>\n                <\/div>\n<\/div>\n<\/div>\n\n<\/li><li class=\"wp-block-post post-4930 journal_article type-journal_article status-publish hentry journal_article_cat-conferences\">\n\n<hr class=\"wp-block-separator has-text-color has-background-color has-alpha-channel-opacity has-background-background-color has-background is-style-wide\"\/>\n\n\n\n<div class=\"wp-block-columns is-layout-flex wp-container-core-columns-is-layout-28f84493 wp-block-columns-is-layout-flex\">\n<div class=\"wp-block-column is-layout-flow wp-block-column-is-layout-flow\" style=\"flex-basis:30%\">\n<p class=\"has-base-color has-text-color\"><strong>S.Beldi, F. Boussaha et al.<\/strong><\/p>\n<\/div>\n\n\n\n<div class=\"wp-block-column is-layout-flow wp-block-column-is-layout-flow\" style=\"flex-basis:50%\"><h3 class=\"wp-block-post-title has-text-color has-base-color has-medium-font-size\">Developement of near infrared and visible Kinetic Inductance Detectors for astronomy,<\/h3>\n\n\n<p class=\"has-base-color has-text-color\">18th International Workshop on Low Temperature Detectors, Milano, Italy, July 2019.<\/p>\n<\/div>\n\n\n\n<div class=\"wp-block-column is-layout-flow wp-block-column-is-layout-flow\">\n<div class=\"wp-block-buttons is-layout-flex\">\n                <div class=\"wp-block-button has-custom-width wp-block-button__width-100 has-custom-font-size has-small-font-size\"><a target=\"_blank\" class=\"wp-block-button__link has-tertiary-color has-base-background-color has-text-color has-background wp-element-button\" href='https:\/\/agenda.infn.it\/event\/15448\/' rel=\"noopener\">Lien vers la conf\u00e9rence<\/a><\/div>\n                <\/div>\n<\/div>\n<\/div>\n\n<\/li><li class=\"wp-block-post post-4629 journal_article type-journal_article status-publish hentry journal_article_cat-conferences\">\n\n<hr class=\"wp-block-separator has-text-color has-background-color has-alpha-channel-opacity has-background-background-color has-background is-style-wide\"\/>\n\n\n\n<div class=\"wp-block-columns is-layout-flex wp-container-core-columns-is-layout-28f84493 wp-block-columns-is-layout-flex\">\n<div class=\"wp-block-column is-layout-flow wp-block-column-is-layout-flow\" style=\"flex-basis:30%\">\n<p class=\"has-base-color has-text-color\"><strong>A. Caldas, M. Makarov, M. Grossard, and P. Rodriguez-Ayerbe<\/strong><\/p>\n<\/div>\n\n\n\n<div class=\"wp-block-column is-layout-flow wp-block-column-is-layout-flow\" style=\"flex-basis:50%\"><h3 class=\"wp-block-post-title has-text-color has-base-color has-medium-font-size\">LPV Modeling and Control for Dexterous Manipulation with a Multifingered Hand under Geometric Uncertainties,<\/h3>\n\n\n<p class=\"has-base-color has-text-color\">2019 IEEE\/ASME International Conference on Advanced Intelligent Mechatronics (AIM), pp. 826-832, Hong Kong, China, 2019.<\/p>\n<\/div>\n\n\n\n<div class=\"wp-block-column is-layout-flow wp-block-column-is-layout-flow\">\n<div class=\"wp-block-buttons is-layout-flex\">\n                <div class=\"wp-block-button has-custom-width wp-block-button__width-100 has-custom-font-size has-small-font-size\"><a target=\"_blank\" class=\"wp-block-button__link has-tertiary-color has-base-background-color has-text-color has-background wp-element-button\" href='https:\/\/ieeexplore.ieee.org\/abstract\/document\/8868786' rel=\"noopener\">Lien vers l&rsquo;article<\/a><\/div>\n                <\/div>\n<\/div>\n<\/div>\n\n<\/li><li class=\"wp-block-post post-4628 journal_article type-journal_article status-publish hentry journal_article_cat-conferences\">\n\n<hr class=\"wp-block-separator has-text-color has-background-color has-alpha-channel-opacity has-background-background-color has-background is-style-wide\"\/>\n\n\n\n<div class=\"wp-block-columns is-layout-flex wp-container-core-columns-is-layout-28f84493 wp-block-columns-is-layout-flex\">\n<div class=\"wp-block-column is-layout-flow wp-block-column-is-layout-flow\" style=\"flex-basis:30%\">\n<p class=\"has-base-color has-text-color\"><strong>U. Vollhardt, M. Makarov, A. Caldas, M. Grossard, and P. Rodriguez-Ayerbe<\/strong><\/p>\n<\/div>\n\n\n\n<div class=\"wp-block-column is-layout-flow wp-block-column-is-layout-flow\" style=\"flex-basis:50%\"><h3 class=\"wp-block-post-title has-text-color has-base-color has-medium-font-size\">Energy-based stability analysis for robust grasp selection with compliant multi-fingered hands,<\/h3>\n\n\n<p class=\"has-base-color has-text-color\">2019 18th European Control Conference (ECC), pp.1592-1597, Naples, Italy, June 2019.<\/p>\n<\/div>\n\n\n\n<div class=\"wp-block-column is-layout-flow wp-block-column-is-layout-flow\">\n<div class=\"wp-block-buttons is-layout-flex\">\n                <div class=\"wp-block-button has-custom-width wp-block-button__width-100 has-custom-font-size has-small-font-size\"><a target=\"_blank\" class=\"wp-block-button__link has-tertiary-color has-base-background-color has-text-color has-background wp-element-button\" href='https:\/\/hal.archives-ouvertes.fr\/hal-02499342' rel=\"noopener\">Lien vers l&rsquo;article<\/a><\/div>\n                <\/div>\n<\/div>\n<\/div>\n\n<\/li><li class=\"wp-block-post post-4574 journal_article type-journal_article status-publish hentry journal_article_cat-conferences\">\n\n<hr class=\"wp-block-separator has-text-color has-background-color has-alpha-channel-opacity has-background-background-color has-background is-style-wide\"\/>\n\n\n\n<div class=\"wp-block-columns is-layout-flex wp-container-core-columns-is-layout-28f84493 wp-block-columns-is-layout-flex\">\n<div class=\"wp-block-column is-layout-flow wp-block-column-is-layout-flow\" style=\"flex-basis:30%\">\n<p class=\"has-base-color has-text-color\"><strong>S. Aghaei Hashjin, E.-H. Miliani, K. Ait-Abderrahim, and B. Nahid-Mobarakeh<\/strong><\/p>\n<\/div>\n\n\n\n<div class=\"wp-block-column is-layout-flow wp-block-column-is-layout-flow\" style=\"flex-basis:50%\"><h3 class=\"wp-block-post-title has-text-color has-base-color has-medium-font-size\">Current Sensorless Model Free Control Applied on PMSM Drive System,<\/h3>\n\n\n<p class=\"has-base-color has-text-color\">IEEE Transportation Electrification Conference and Expo, Michigan,USA, June 2019.<\/p>\n<\/div>\n\n\n\n<div class=\"wp-block-column is-layout-flow wp-block-column-is-layout-flow\">\n<div class=\"wp-block-buttons is-layout-flex\">\n                <div class=\"wp-block-button has-custom-width wp-block-button__width-100 has-custom-font-size has-small-font-size\"><a target=\"_blank\" class=\"wp-block-button__link has-tertiary-color has-base-background-color has-text-color has-background wp-element-button\" href='https:\/\/ieeexplore.ieee.org\/document\/8790572' rel=\"noopener\">Lien vers l&rsquo;article<\/a><\/div>\n                <\/div>\n<\/div>\n<\/div>\n\n<\/li><li class=\"wp-block-post post-4712 journal_article type-journal_article status-publish hentry journal_article_cat-conferences\">\n\n<hr class=\"wp-block-separator has-text-color has-background-color has-alpha-channel-opacity has-background-background-color has-background is-style-wide\"\/>\n\n\n\n<div class=\"wp-block-columns is-layout-flex wp-container-core-columns-is-layout-28f84493 wp-block-columns-is-layout-flex\">\n<div class=\"wp-block-column is-layout-flow wp-block-column-is-layout-flow\" style=\"flex-basis:30%\">\n<p class=\"has-base-color has-text-color\"><strong>S. Houriez&#8211;Gombaud-Saintonge, A. Pascaner, G. Soulat, U. Gencer, T. Dietenbeck, D. Craiem, E. Bollache, Y. Chenoune, E. Mousseaux, and N. Kachenoura<\/strong><\/p>\n<\/div>\n\n\n\n<div class=\"wp-block-column is-layout-flow wp-block-column-is-layout-flow\" style=\"flex-basis:50%\"><h3 class=\"wp-block-post-title has-text-color has-base-color has-medium-font-size\">Apport de l\u2019\u00e9tude des flux en IRM de v\u00e9locim\u00e9trie 4D pour la caract\u00e9risation de la dilatation aortique,<\/h3>\n\n\n<p class=\"has-base-color has-text-color\">Recherche en Imagerie et Technologies de la Sant\u00e9, (RITS), Tours, France, May 2019.<\/p>\n<\/div>\n\n\n\n<div class=\"wp-block-column is-layout-flow wp-block-column-is-layout-flow\">\n<div class=\"wp-block-buttons is-layout-flex\">\n                <div class=\"wp-block-button has-custom-width wp-block-button__width-100 has-custom-font-size has-small-font-size\"><a target=\"_blank\" class=\"wp-block-button__link has-tertiary-color has-base-background-color has-text-color has-background wp-element-button\" href='https:\/\/hal.science\/hal-04142136' rel=\"noopener\">Lien vers l&rsquo;article<\/a><\/div>\n                <\/div>\n<\/div>\n<\/div>\n\n<\/li><li class=\"wp-block-post post-5455 journal_article type-journal_article status-publish hentry journal_article_cat-conferences\">\n\n<hr class=\"wp-block-separator has-text-color has-background-color has-alpha-channel-opacity has-background-background-color has-background is-style-wide\"\/>\n\n\n\n<div class=\"wp-block-columns is-layout-flex wp-container-core-columns-is-layout-28f84493 wp-block-columns-is-layout-flex\">\n<div class=\"wp-block-column is-layout-flow wp-block-column-is-layout-flow\" style=\"flex-basis:30%\">\n<p class=\"has-base-color has-text-color\"><strong>R. Touihri, S. Alwan, A. Dandoush, N. Aitsaadi, and C. Veillon<\/strong><\/p>\n<\/div>\n\n\n\n<div class=\"wp-block-column is-layout-flow wp-block-column-is-layout-flow\" style=\"flex-basis:50%\"><h3 class=\"wp-block-post-title has-text-color has-base-color has-medium-font-size\">CRP: Optimized SDN Routing Protocol in Server-Only CamCube Data-Center Networks,<\/h3>\n\n\n<p class=\"has-base-color has-text-color\">2019 IEEE International Conference on Communications (ICC), pp. 1-6, Shangai, China, May 2019.<\/p>\n<\/div>\n\n\n\n<div class=\"wp-block-column is-layout-flow wp-block-column-is-layout-flow\">\n<div class=\"wp-block-buttons is-layout-flex\">\n                <div class=\"wp-block-button has-custom-width wp-block-button__width-100 has-custom-font-size has-small-font-size\"><a target=\"_blank\" class=\"wp-block-button__link has-tertiary-color has-base-background-color has-text-color has-background wp-element-button\" href='https:\/\/ieeexplore.ieee.org\/abstract\/document\/8761884' rel=\"noopener\">Lien vers l&rsquo;article<\/a><\/div>\n                <\/div>\n<\/div>\n<\/div>\n\n<\/li><li class=\"wp-block-post post-4714 journal_article type-journal_article status-publish hentry journal_article_cat-conferences\">\n\n<hr class=\"wp-block-separator has-text-color has-background-color has-alpha-channel-opacity has-background-background-color has-background is-style-wide\"\/>\n\n\n\n<div class=\"wp-block-columns is-layout-flex wp-container-core-columns-is-layout-28f84493 wp-block-columns-is-layout-flex\">\n<div class=\"wp-block-column is-layout-flow wp-block-column-is-layout-flow\" style=\"flex-basis:30%\">\n<p class=\"has-base-color has-text-color\"><strong>K. Taibouni, Y. Chenoune, A. Miere, E. Souied, and E. Petit<\/strong><\/p>\n<\/div>\n\n\n\n<div class=\"wp-block-column is-layout-flow wp-block-column-is-layout-flow\" style=\"flex-basis:50%\"><h3 class=\"wp-block-post-title has-text-color has-base-color has-medium-font-size\">Analyse d\u2019images r\u00e9tiniennes OCTA par apprentissage profond pour le d\u00e9pistage automatique de la DMLA,<\/h3>\n\n\n<p class=\"has-base-color has-text-color\">Recherche en Imagerie et Technologies pour la Sant\u00e9 (RITS), Tours, France, May 2019.<\/p>\n<\/div>\n\n\n\n<div class=\"wp-block-column is-layout-flow wp-block-column-is-layout-flow\">\n<div class=\"wp-block-buttons is-layout-flex\">\n                <div class=\"wp-block-button has-custom-width wp-block-button__width-100 has-custom-font-size has-small-font-size\"><a target=\"_blank\" class=\"wp-block-button__link has-tertiary-color has-base-background-color has-text-color has-background wp-element-button\" href='https:\/\/hal.science\/hal-04142163' rel=\"noopener\">Lien vers l&rsquo;article<\/a><\/div>\n                <\/div>\n<\/div>\n<\/div>\n\n<\/li><li class=\"wp-block-post post-4770 journal_article type-journal_article status-publish hentry journal_article_cat-conferences\">\n\n<hr class=\"wp-block-separator has-text-color has-background-color has-alpha-channel-opacity has-background-background-color has-background is-style-wide\"\/>\n\n\n\n<div class=\"wp-block-columns is-layout-flex wp-container-core-columns-is-layout-28f84493 wp-block-columns-is-layout-flex\">\n<div class=\"wp-block-column is-layout-flow wp-block-column-is-layout-flow\" style=\"flex-basis:30%\">\n<p class=\"has-base-color has-text-color\"><strong>A. Ellouze, M. Karray, M. Ksantini, and F. Delmotte<\/strong><\/p>\n<\/div>\n\n\n\n<div class=\"wp-block-column is-layout-flow wp-block-column-is-layout-flow\" style=\"flex-basis:50%\"><h3 class=\"wp-block-post-title has-text-color has-base-color has-medium-font-size\">Localizing, tracking and classifying aerial objects,<\/h3>\n\n\n<p class=\"has-base-color has-text-color\">The 6th IEEE International Conference on Control, Decision and Information Technologies, Paris, France, April 2019.<\/p>\n<\/div>\n\n\n\n<div class=\"wp-block-column is-layout-flow wp-block-column-is-layout-flow\">\n<div class=\"wp-block-buttons is-layout-flex\">\n                <div class=\"wp-block-button has-custom-width wp-block-button__width-100 has-custom-font-size has-small-font-size\"><a target=\"_blank\" class=\"wp-block-button__link has-tertiary-color has-base-background-color has-text-color has-background wp-element-button\" href='https:\/\/ieeexplore.ieee.org\/document\/8820550' rel=\"noopener\">Lien vers l&rsquo;article<\/a><\/div>\n                <\/div>\n<\/div>\n<\/div>\n\n<\/li><li class=\"wp-block-post post-4771 journal_article type-journal_article status-publish hentry journal_article_cat-conferences\">\n\n<hr class=\"wp-block-separator has-text-color has-background-color has-alpha-channel-opacity has-background-background-color has-background is-style-wide\"\/>\n\n\n\n<div class=\"wp-block-columns is-layout-flex wp-container-core-columns-is-layout-28f84493 wp-block-columns-is-layout-flex\">\n<div class=\"wp-block-column is-layout-flow wp-block-column-is-layout-flow\" style=\"flex-basis:30%\">\n<p class=\"has-base-color has-text-color\"><strong>A. Ellouze, M. Ksantini, F. Delmotte, and M. Karray<\/strong><\/p>\n<\/div>\n\n\n\n<div class=\"wp-block-column is-layout-flow wp-block-column-is-layout-flow\" style=\"flex-basis:50%\"><h3 class=\"wp-block-post-title has-text-color has-base-color has-medium-font-size\">Multiple Object Tracking: Case of Aircraft Detection and Tracking,<\/h3>\n\n\n<p class=\"has-base-color has-text-color\">The 16th IEEE International Multi-Conference on Systems, Signals and Devices, Istanbul, Turkey, March 2019.<\/p>\n<\/div>\n\n\n\n<div class=\"wp-block-column is-layout-flow wp-block-column-is-layout-flow\">\n<div class=\"wp-block-buttons is-layout-flex\">\n                <div class=\"wp-block-button has-custom-width wp-block-button__width-100 has-custom-font-size has-small-font-size\"><a target=\"_blank\" class=\"wp-block-button__link has-tertiary-color has-base-background-color has-text-color has-background wp-element-button\" href='https:\/\/ieeexplore.ieee.org\/document\/8893202' rel=\"noopener\">Lien vers l&rsquo;article<\/a><\/div>\n                <\/div>\n<\/div>\n<\/div>\n\n<\/li><li class=\"wp-block-post post-4327 journal_article type-journal_article status-publish hentry journal_article_cat-conferences\">\n\n<hr class=\"wp-block-separator has-text-color has-background-color has-alpha-channel-opacity has-background-background-color has-background is-style-wide\"\/>\n\n\n\n<div class=\"wp-block-columns is-layout-flex wp-container-core-columns-is-layout-28f84493 wp-block-columns-is-layout-flex\">\n<div class=\"wp-block-column is-layout-flow wp-block-column-is-layout-flow\" style=\"flex-basis:30%\">\n<p class=\"has-base-color has-text-color\"><strong>R. Touihri, S. Alwan, A. Dandoush, N. Aitsaadi and C. Veillon<\/strong><\/p>\n<\/div>\n\n\n\n<div class=\"wp-block-column is-layout-flow wp-block-column-is-layout-flow\" style=\"flex-basis:50%\"><h3 class=\"wp-block-post-title has-text-color has-base-color has-medium-font-size\">Novel Optimized SDN Routing Scheme in CamCube Server Only Data Center Networks,<\/h3>\n\n\n<p class=\"has-base-color has-text-color\">2019 16th IEEE Annual Consumer Communications &amp; Networking Conference (CCNC), Las Vegas, NV, USA, pp. 1-2, January 2019.<\/p>\n<\/div>\n\n\n\n<div class=\"wp-block-column is-layout-flow wp-block-column-is-layout-flow\">\n<div class=\"wp-block-buttons is-layout-flex\">\n                <div class=\"wp-block-button has-custom-width wp-block-button__width-100 has-custom-font-size has-small-font-size\"><a target=\"_blank\" class=\"wp-block-button__link has-tertiary-color has-base-background-color has-text-color has-background wp-element-button\" href='https:\/\/ieeexplore.ieee.org\/document\/8651677' rel=\"noopener\">Lien vers l&rsquo;article<\/a><\/div>\n                <\/div>\n<\/div>\n<\/div>\n\n<\/li><li class=\"wp-block-post post-4326 journal_article type-journal_article status-publish hentry journal_article_cat-conferences\">\n\n<hr class=\"wp-block-separator has-text-color has-background-color has-alpha-channel-opacity has-background-background-color has-background is-style-wide\"\/>\n\n\n\n<div class=\"wp-block-columns is-layout-flex wp-container-core-columns-is-layout-28f84493 wp-block-columns-is-layout-flex\">\n<div class=\"wp-block-column is-layout-flow wp-block-column-is-layout-flow\" style=\"flex-basis:30%\">\n<p class=\"has-base-color has-text-color\"><strong>T. Osinski and A. Dandoush<\/strong><\/p>\n<\/div>\n\n\n\n<div class=\"wp-block-column is-layout-flow wp-block-column-is-layout-flow\" style=\"flex-basis:50%\"><h3 class=\"wp-block-post-title has-text-color has-base-color has-medium-font-size\">XMPP as a scalable multi-tenants isolation solution for ONOS-based Software-Defined Cloud Networks,<\/h3>\n\n\n<p class=\"has-base-color has-text-color\">2018 14th International Conference on Network and Service Management (CNSM), Roma, Italy, November 2018.<\/p>\n<\/div>\n\n\n\n<div class=\"wp-block-column is-layout-flow wp-block-column-is-layout-flow\">\n<div class=\"wp-block-buttons is-layout-flex\">\n                <div class=\"wp-block-button has-custom-width wp-block-button__width-100 has-custom-font-size has-small-font-size\"><a target=\"_blank\" class=\"wp-block-button__link has-tertiary-color has-base-background-color has-text-color has-background wp-element-button\" href='https:\/\/ieeexplore.ieee.org\/document\/8584981' rel=\"noopener\">Lien vers l&rsquo;article<\/a><\/div>\n                <\/div>\n<\/div>\n<\/div>\n\n<\/li><li class=\"wp-block-post post-5196 journal_article type-journal_article status-publish hentry journal_article_cat-conferences\">\n\n<hr class=\"wp-block-separator has-text-color has-background-color has-alpha-channel-opacity has-background-background-color has-background is-style-wide\"\/>\n\n\n\n<div class=\"wp-block-columns is-layout-flex wp-container-core-columns-is-layout-28f84493 wp-block-columns-is-layout-flex\">\n<div class=\"wp-block-column is-layout-flow wp-block-column-is-layout-flow\" style=\"flex-basis:30%\">\n<p class=\"has-base-color has-text-color\"><strong>V. Laur, M. Kaissar Abboud, A. Maalouf, D. Palessonga, A. Chevalier, and J. Ville<\/strong><\/p>\n<\/div>\n\n\n\n<div class=\"wp-block-column is-layout-flow wp-block-column-is-layout-flow\" style=\"flex-basis:50%\"><h3 class=\"wp-block-post-title has-text-color has-base-color has-medium-font-size\">Heat-resistant 3D printed microwave devices,<\/h3>\n\n\n<p class=\"has-base-color has-text-color\">IEEE Asia-Pacific Microwave Conference, Kyoto, Japan, November 2018.<\/p>\n<\/div>\n\n\n\n<div class=\"wp-block-column is-layout-flow wp-block-column-is-layout-flow\">\n<div class=\"wp-block-buttons is-layout-flex\">\n                <div class=\"wp-block-button has-custom-width wp-block-button__width-100 has-custom-font-size has-small-font-size\"><a target=\"_blank\" class=\"wp-block-button__link has-tertiary-color has-base-background-color has-text-color has-background wp-element-button\" href='https:\/\/ieeexplore.ieee.org\/document\/8617301' rel=\"noopener\">Lien vers l&rsquo;article<\/a><\/div>\n                <\/div>\n<\/div>\n<\/div>\n\n<\/li><li class=\"wp-block-post post-5657 journal_article type-journal_article status-publish hentry journal_article_cat-conferences\">\n\n<hr class=\"wp-block-separator has-text-color has-background-color has-alpha-channel-opacity has-background-background-color has-background is-style-wide\"\/>\n\n\n\n<div class=\"wp-block-columns is-layout-flex wp-container-core-columns-is-layout-28f84493 wp-block-columns-is-layout-flex\">\n<div class=\"wp-block-column is-layout-flow wp-block-column-is-layout-flow\" style=\"flex-basis:30%\">\n<p class=\"has-base-color has-text-color\"><strong>M. L. Hamida, H. Denoun, A. Fekkik, N. Benyahia, M. Zaouia, and N.Benamrouche<\/strong><\/p>\n<\/div>\n\n\n\n<div class=\"wp-block-column is-layout-flow wp-block-column-is-layout-flow\" style=\"flex-basis:50%\"><h3 class=\"wp-block-post-title has-text-color has-base-color has-medium-font-size\">Cyclic Reports Modulation Control Strategy for a Five Cells Inverter<\/h3>\n\n\n<p class=\"has-base-color has-text-color\">6th International Conference on Electrical Sciences and Technologies in Maghreb (CISTEM), Algiers, Algeria, October 2018.<\/p>\n<\/div>\n\n\n\n<div class=\"wp-block-column is-layout-flow wp-block-column-is-layout-flow\">\n<div class=\"wp-block-buttons is-layout-flex\">\n                <div class=\"wp-block-button has-custom-width wp-block-button__width-100 has-custom-font-size has-small-font-size\"><a target=\"_blank\" class=\"wp-block-button__link has-tertiary-color has-base-background-color has-text-color has-background wp-element-button\" href='https:\/\/doi.org\/10.1109\/CISTEM.2018.8613536' rel=\"noopener\">Lien vers l&rsquo;article<\/a><\/div>\n                <\/div>\n<\/div>\n<\/div>\n\n<\/li><li class=\"wp-block-post post-5197 journal_article type-journal_article status-publish hentry journal_article_cat-conferences\">\n\n<hr class=\"wp-block-separator has-text-color has-background-color has-alpha-channel-opacity has-background-background-color has-background is-style-wide\"\/>\n\n\n\n<div class=\"wp-block-columns is-layout-flex wp-container-core-columns-is-layout-28f84493 wp-block-columns-is-layout-flex\">\n<div class=\"wp-block-column is-layout-flow wp-block-column-is-layout-flow\" style=\"flex-basis:30%\">\n<p class=\"has-base-color has-text-color\"><strong>Y. Arbaoui, R. Gingat, A. Pen, P. Agaciak, D. Palessonga, P. Roquefort, A. Maalouf, A. Chevalier, J. Ville, T. Aubry, P. Queffelec, and V. Laur<\/strong><\/p>\n<\/div>\n\n\n\n<div class=\"wp-block-column is-layout-flow wp-block-column-is-layout-flow\" style=\"flex-basis:50%\"><h3 class=\"wp-block-post-title has-text-color has-base-color has-medium-font-size\">Fused Deposition Modeling: A new technology for the fabrication of microwave loads,<\/h3>\n\n\n<p class=\"has-base-color has-text-color\">International Symposium Space Passive Components Days, Noordwijk, Netherlands, October 2018.<\/p>\n<\/div>\n\n\n\n<div class=\"wp-block-column is-layout-flow wp-block-column-is-layout-flow\">\n<div class=\"wp-block-buttons is-layout-flex\">\n                <div class=\"wp-block-button has-custom-width wp-block-button__width-100 has-custom-font-size has-small-font-size\"><a target=\"_blank\" class=\"wp-block-button__link has-tertiary-color has-base-background-color has-text-color has-background wp-element-button\" href='https:\/\/www.electronicspecifier.com\/news\/events-news\/space-passive-components-days-symposium-2018' rel=\"noopener\">Lien vers la conf\u00e9rence<\/a><\/div>\n                <\/div>\n<\/div>\n<\/div>\n\n<\/li><li class=\"wp-block-post post-5361 journal_article type-journal_article status-publish hentry journal_article_cat-conferences\">\n\n<hr class=\"wp-block-separator has-text-color has-background-color has-alpha-channel-opacity has-background-background-color has-background is-style-wide\"\/>\n\n\n\n<div class=\"wp-block-columns is-layout-flex wp-container-core-columns-is-layout-28f84493 wp-block-columns-is-layout-flex\">\n<div class=\"wp-block-column is-layout-flow wp-block-column-is-layout-flow\" style=\"flex-basis:30%\">\n<p class=\"has-base-color has-text-color\"><strong>M. Jamma, M. Akherraz, and M. Barara  <\/strong><\/p>\n<\/div>\n\n\n\n<div class=\"wp-block-column is-layout-flow wp-block-column-is-layout-flow\" style=\"flex-basis:50%\"><h3 class=\"wp-block-post-title has-text-color has-base-color has-medium-font-size\">ANFIS Based DC-Link Voltage Control of PWM Rectifier-Inverter System with Enhanced Dynamic Performance,<\/h3>\n\n\n<p class=\"has-base-color has-text-color\">IECON 2018 &#8211; 44th Annual Conference of the IEEE Industrial Electronics Society, Washington, DC, USA, pp. 2219-2224, October 2018.<\/p>\n<\/div>\n\n\n\n<div class=\"wp-block-column is-layout-flow wp-block-column-is-layout-flow\">\n<div class=\"wp-block-buttons is-layout-flex\">\n                <div class=\"wp-block-button has-custom-width wp-block-button__width-100 has-custom-font-size has-small-font-size\"><a target=\"_blank\" class=\"wp-block-button__link has-tertiary-color has-base-background-color has-text-color has-background wp-element-button\" href='https:\/\/ieeexplore.ieee.org\/document\/8591620' rel=\"noopener\">Lien vers l&rsquo;article<\/a><\/div>\n                <\/div>\n<\/div>\n<\/div>\n\n<\/li><li class=\"wp-block-post post-4464 journal_article type-journal_article status-publish hentry journal_article_cat-conferences\">\n\n<hr class=\"wp-block-separator has-text-color has-background-color has-alpha-channel-opacity has-background-background-color has-background is-style-wide\"\/>\n\n\n\n<div class=\"wp-block-columns is-layout-flex wp-container-core-columns-is-layout-28f84493 wp-block-columns-is-layout-flex\">\n<div class=\"wp-block-column is-layout-flow wp-block-column-is-layout-flow\" style=\"flex-basis:30%\">\n<p class=\"has-base-color has-text-color\"><strong>R. Cherif, Z. Tang, F. Guyomarc\u2019h, L. Chevallier, and Y. Le Menach<\/strong><\/p>\n<\/div>\n\n\n\n<div class=\"wp-block-column is-layout-flow wp-block-column-is-layout-flow\" style=\"flex-basis:50%\"><h3 class=\"wp-block-post-title has-text-color has-base-color has-medium-font-size\">An Improved Newton Method Based on Choosing Initial Guess Applied to Scalar Potential Formulation in Nonlinear Magnetostatics,<\/h3>\n\n\n<p class=\"has-base-color has-text-color\">IEEE Conference on Electromagnetic Field Computation (CEFC), Hangzhou, China, October 2018.<\/p>\n<\/div>\n\n\n\n<div class=\"wp-block-column is-layout-flow wp-block-column-is-layout-flow\">\n<div class=\"wp-block-buttons is-layout-flex\">\n                <div class=\"wp-block-button has-custom-width wp-block-button__width-100 has-custom-font-size has-small-font-size\"><a target=\"_blank\" class=\"wp-block-button__link has-tertiary-color has-base-background-color has-text-color has-background wp-element-button\" href='http:\/\/hdl.handle.net\/20.500.12210\/31636' rel=\"noopener\">Lien vers l&rsquo;article<\/a><\/div>\n                <\/div>\n<\/div>\n<\/div>\n\n<\/li><li class=\"wp-block-post post-4687 journal_article type-journal_article status-publish hentry journal_article_cat-conferences\">\n\n<hr class=\"wp-block-separator has-text-color has-background-color has-alpha-channel-opacity has-background-background-color has-background is-style-wide\"\/>\n\n\n\n<div class=\"wp-block-columns is-layout-flex wp-container-core-columns-is-layout-28f84493 wp-block-columns-is-layout-flex\">\n<div class=\"wp-block-column is-layout-flow wp-block-column-is-layout-flow\" style=\"flex-basis:30%\">\n<p class=\"has-base-color has-text-color\"><strong>S. Houriez&#8211;Gombaud-Saintonge, E. Bollache, G. Soulat, Y. Alattar, J. Lamy, T. Dietenbeck, A. De Cesare, A. Giron, K. Bouaou, U. Gencer, A. Redheuil, E. Mousseaux, Y. Chenoune, and N. Kachenoura<\/strong><\/p>\n<\/div>\n\n\n\n<div class=\"wp-block-column is-layout-flow wp-block-column-is-layout-flow\" style=\"flex-basis:50%\"><h3 class=\"wp-block-post-title has-text-color has-base-color has-medium-font-size\">Evaluation of Left Ventricular Diastolic Function Using 4D Flow Magnetic Resonance Imaging,<\/h3>\n\n\n<p class=\"has-base-color has-text-color\">Computing in Cardiology (CinC), Maachtricht, The Netherlands, September 2018.<\/p>\n<\/div>\n\n\n\n<div class=\"wp-block-column is-layout-flow wp-block-column-is-layout-flow\">\n<div class=\"wp-block-buttons is-layout-flex\">\n                <div class=\"wp-block-button has-custom-width wp-block-button__width-100 has-custom-font-size has-small-font-size\"><a target=\"_blank\" class=\"wp-block-button__link has-tertiary-color has-base-background-color has-text-color has-background wp-element-button\" href='https:\/\/www.google.com\/url?sa=t&amp;rct=j&amp;q=&amp;esrc=s&amp;source=web&amp;cd=&amp;ved=2ahUKEwjAs77xl-H_AhVZXqQEHWTbAR0QFnoECAoQAQ&amp;url=https%3A%2F%2Fhal.science%2Fhal-03771665v1%2Ffile%2FCinC2018-041.pdf&amp;usg=AOvVaw07zDQgkJv2hb1mFmVh4NYp&amp;opi=89978449' rel=\"noopener\">Lien vers l&rsquo;article<\/a><\/div>\n                <\/div>\n<\/div>\n<\/div>\n\n<\/li><li class=\"wp-block-post post-5340 journal_article type-journal_article status-publish hentry journal_article_cat-conferences\">\n\n<hr class=\"wp-block-separator has-text-color has-background-color has-alpha-channel-opacity has-background-background-color has-background is-style-wide\"\/>\n\n\n\n<div class=\"wp-block-columns is-layout-flex wp-container-core-columns-is-layout-28f84493 wp-block-columns-is-layout-flex\">\n<div class=\"wp-block-column is-layout-flow wp-block-column-is-layout-flow\" style=\"flex-basis:30%\">\n<p class=\"has-base-color has-text-color\"><strong>H. Morel, L. Michel, G. Clerc, P. Bevilacqua, M. Barara, V. Steinmetz, and B. P\u00e9ron<\/strong><\/p>\n<\/div>\n\n\n\n<div class=\"wp-block-column is-layout-flow wp-block-column-is-layout-flow\" style=\"flex-basis:50%\"><h3 class=\"wp-block-post-title has-text-color has-base-color has-medium-font-size\">Micror\u00e9seaux DC : avantages des r\u00e9seaux maill\u00e9s,<\/h3>\n\n\n<p class=\"has-base-color has-text-color\">Symposium de G\u00e9nie Electrique (SGE), Nancy, France, July 2018.<\/p>\n<\/div>\n\n\n\n<div class=\"wp-block-column is-layout-flow wp-block-column-is-layout-flow\">\n<div class=\"wp-block-buttons is-layout-flex\">\n                <div class=\"wp-block-button has-custom-width wp-block-button__width-100 has-custom-font-size has-small-font-size\"><a target=\"_blank\" class=\"wp-block-button__link has-tertiary-color has-base-background-color has-text-color has-background wp-element-button\" href='https:\/\/sge2018.sciencesconf.org\/' rel=\"noopener\">Lien vers la conf\u00e9rence <\/a><\/div>\n                <\/div>\n<\/div>\n<\/div>\n\n<\/li><li class=\"wp-block-post post-4473 journal_article type-journal_article status-publish hentry journal_article_cat-conferences\">\n\n<hr class=\"wp-block-separator has-text-color has-background-color has-alpha-channel-opacity has-background-background-color has-background is-style-wide\"\/>\n\n\n\n<div class=\"wp-block-columns is-layout-flex wp-container-core-columns-is-layout-28f84493 wp-block-columns-is-layout-flex\">\n<div class=\"wp-block-column is-layout-flow wp-block-column-is-layout-flow\" style=\"flex-basis:30%\">\n<p class=\"has-base-color has-text-color\"><strong>F. Ben Abdellah, N. Azouz, L. Beji, S Hima, and A. Abichou<\/strong><\/p>\n<\/div>\n\n\n\n<div class=\"wp-block-column is-layout-flow wp-block-column-is-layout-flow\" style=\"flex-basis:50%\"><h3 class=\"wp-block-post-title has-text-color has-base-color has-medium-font-size\">Modeling and control of an aerial robocrane using wire driven system,<\/h3>\n\n\n<p class=\"has-base-color has-text-color\">American Control Conference, Milwaukee, WI, USA, June 2018.<\/p>\n<\/div>\n\n\n\n<div class=\"wp-block-column is-layout-flow wp-block-column-is-layout-flow\">\n<div class=\"wp-block-buttons is-layout-flex\">\n                <div class=\"wp-block-button has-custom-width wp-block-button__width-100 has-custom-font-size has-small-font-size\"><a target=\"_blank\" class=\"wp-block-button__link has-tertiary-color has-base-background-color has-text-color has-background wp-element-button\" href='https:\/\/ieeexplore.ieee.org\/document\/8431168' rel=\"noopener\">Lien vers l&rsquo;article<\/a><\/div>\n                <\/div>\n<\/div>\n<\/div>\n\n<\/li><li class=\"wp-block-post post-5531 journal_article type-journal_article status-publish hentry journal_article_cat-conferences\">\n\n<hr class=\"wp-block-separator has-text-color has-background-color has-alpha-channel-opacity has-background-background-color has-background is-style-wide\"\/>\n\n\n\n<div class=\"wp-block-columns is-layout-flex wp-container-core-columns-is-layout-28f84493 wp-block-columns-is-layout-flex\">\n<div class=\"wp-block-column is-layout-flow wp-block-column-is-layout-flow\" style=\"flex-basis:30%\">\n<p class=\"has-base-color has-text-color\"><strong>A. Sassi, H. Souley Ali, M. Zasadzinski, and K. Abderrahim<\/strong><\/p>\n<\/div>\n\n\n\n<div class=\"wp-block-column is-layout-flow wp-block-column-is-layout-flow\" style=\"flex-basis:50%\"><h3 class=\"wp-block-post-title has-text-color has-base-color has-medium-font-size\">Commande bas\u00e9e observateur d\u2019un syst\u00e8me LPV: Application \u00e0 une g\u00e9n\u00e9ratrice asynchrone \u00e0 double alimentation,<\/h3>\n\n\n<p class=\"has-base-color has-text-color\">Congr\u00e8s National de la Recherche en IUT, CNRIUT&rsquo;2018, Aix en Provence, France, June 2018. <\/p>\n<\/div>\n\n\n\n<div class=\"wp-block-column is-layout-flow wp-block-column-is-layout-flow\">\n<div class=\"wp-block-buttons is-layout-flex\">\n                <div class=\"wp-block-button has-custom-width wp-block-button__width-100 has-custom-font-size has-small-font-size\"><a target=\"_blank\" class=\"wp-block-button__link has-tertiary-color has-base-background-color has-text-color has-background wp-element-button\" href='https:\/\/hal.archives-ouvertes.fr\/hal-01961295v1' rel=\"noopener\">Lien vers l&rsquo;article<\/a><\/div>\n                <\/div>\n<\/div>\n<\/div>\n\n<\/li><li class=\"wp-block-post post-4472 journal_article type-journal_article status-publish hentry journal_article_cat-conferences\">\n\n<hr class=\"wp-block-separator has-text-color has-background-color has-alpha-channel-opacity has-background-background-color has-background is-style-wide\"\/>\n\n\n\n<div class=\"wp-block-columns is-layout-flex wp-container-core-columns-is-layout-28f84493 wp-block-columns-is-layout-flex\">\n<div class=\"wp-block-column is-layout-flow wp-block-column-is-layout-flow\" style=\"flex-basis:30%\">\n<p class=\"has-base-color has-text-color\"><strong>F. Ben Abdellah, S Hima, N. Azouz, L. Beji, and A. Abichou<\/strong><\/p>\n<\/div>\n\n\n\n<div class=\"wp-block-column is-layout-flow wp-block-column-is-layout-flow\" style=\"flex-basis:50%\"><h3 class=\"wp-block-post-title has-text-color has-base-color has-medium-font-size\">Modeling and stabilization of airship-mounted crane : Design, Analysis and simulation,<\/h3>\n\n\n<p class=\"has-base-color has-text-color\">15th IFAC Symposium on Control in Transportation Systems, Savona, Italy, June 2018.<\/p>\n<\/div>\n\n\n\n<div class=\"wp-block-column is-layout-flow wp-block-column-is-layout-flow\">\n<div class=\"wp-block-buttons is-layout-flex\">\n                <div class=\"wp-block-button has-custom-width wp-block-button__width-100 has-custom-font-size has-small-font-size\"><a target=\"_blank\" class=\"wp-block-button__link has-tertiary-color has-base-background-color has-text-color has-background wp-element-button\" href='https:\/\/www.sciencedirect.com\/science\/article\/pii\/S2405896318307973?via%3Dihub' rel=\"noopener\">Lien vers l&rsquo;article<\/a><\/div>\n                <\/div>\n<\/div>\n<\/div>\n\n<\/li><li class=\"wp-block-post post-4465 journal_article type-journal_article status-publish hentry journal_article_cat-conferences\">\n\n<hr class=\"wp-block-separator has-text-color has-background-color has-alpha-channel-opacity has-background-background-color has-background is-style-wide\"\/>\n\n\n\n<div class=\"wp-block-columns is-layout-flex wp-container-core-columns-is-layout-28f84493 wp-block-columns-is-layout-flex\">\n<div class=\"wp-block-column is-layout-flow wp-block-column-is-layout-flow\" style=\"flex-basis:30%\">\n<p class=\"has-base-color has-text-color\"><strong>R. Cherif, Z. Tang, F. Guyomarc\u2019h, L. Chevallier, and Y. Le Menach<\/strong><\/p>\n<\/div>\n\n\n\n<div class=\"wp-block-column is-layout-flow wp-block-column-is-layout-flow\" style=\"flex-basis:50%\"><h3 class=\"wp-block-post-title has-text-color has-base-color has-medium-font-size\">An Improved starting point for Newton\u2019s method solving 3D nonlinear magnetostatic problems,<\/h3>\n\n\n<p class=\"has-base-color has-text-color\">EPNC 2018, Arras, France, June 2018.<\/p>\n<\/div>\n\n\n\n<div class=\"wp-block-column is-layout-flow wp-block-column-is-layout-flow\">\n<div class=\"wp-block-buttons is-layout-flex\">\n                <div class=\"wp-block-button has-custom-width wp-block-button__width-100 has-custom-font-size has-small-font-size\"><a target=\"_blank\" class=\"wp-block-button__link has-tertiary-color has-base-background-color has-text-color has-background wp-element-button\" href='https:\/\/hal.archives-ouvertes.fr\/hal-01894445' rel=\"noopener\">Lien vers l&rsquo;article<\/a><\/div>\n                <\/div>\n<\/div>\n<\/div>\n\n<\/li><li class=\"wp-block-post post-4325 journal_article type-journal_article status-publish hentry journal_article_cat-conferences\">\n\n<hr class=\"wp-block-separator has-text-color has-background-color has-alpha-channel-opacity has-background-background-color has-background is-style-wide\"\/>\n\n\n\n<div class=\"wp-block-columns is-layout-flex wp-container-core-columns-is-layout-28f84493 wp-block-columns-is-layout-flex\">\n<div class=\"wp-block-column is-layout-flow wp-block-column-is-layout-flow\" style=\"flex-basis:30%\">\n<p class=\"has-base-color has-text-color\"><strong>A. Kammoun, N. Tabbane, G. Diaz, A. Dandoush, and N. Achir<\/strong><\/p>\n<\/div>\n\n\n\n<div class=\"wp-block-column is-layout-flow wp-block-column-is-layout-flow\" style=\"flex-basis:50%\"><h3 class=\"wp-block-post-title has-text-color has-base-color has-medium-font-size\">End-to-End Efficient Heuristic Algorithm for 5G Network Slicing,<\/h3>\n\n\n<p class=\"has-base-color has-text-color\">IEEE International Conference on Advanced Information Networking and Applications, AINA 2018, Krakow, Poland, May 2018.<\/p>\n<\/div>\n\n\n\n<div class=\"wp-block-column is-layout-flow wp-block-column-is-layout-flow\">\n<div class=\"wp-block-buttons is-layout-flex\">\n                <div class=\"wp-block-button has-custom-width wp-block-button__width-100 has-custom-font-size has-small-font-size\"><a target=\"_blank\" class=\"wp-block-button__link has-tertiary-color has-base-background-color has-text-color has-background wp-element-button\" href='https:\/\/ieeexplore.ieee.org\/document\/8432267' rel=\"noopener\">Lien vers l&rsquo;article<\/a><\/div>\n                <\/div>\n<\/div>\n<\/div>\n\n<\/li><li class=\"wp-block-post post-5520 journal_article type-journal_article status-publish hentry journal_article_cat-conferences\">\n\n<hr class=\"wp-block-separator has-text-color has-background-color has-alpha-channel-opacity has-background-background-color has-background is-style-wide\"\/>\n\n\n\n<div class=\"wp-block-columns is-layout-flex wp-container-core-columns-is-layout-28f84493 wp-block-columns-is-layout-flex\">\n<div class=\"wp-block-column is-layout-flow wp-block-column-is-layout-flow\" style=\"flex-basis:30%\">\n<p class=\"has-base-color has-text-color\"><strong>A. Sassi, M. Zasadzinski, H. S. Ali, and K. Abderrahim<\/strong><\/p>\n<\/div>\n\n\n\n<div class=\"wp-block-column is-layout-flow wp-block-column-is-layout-flow\" style=\"flex-basis:50%\"><h3 class=\"wp-block-post-title has-text-color has-base-color has-medium-font-size\">Observer based control of a wind Driven Doubly Fed Induction Generator,<\/h3>\n\n\n<p class=\"has-base-color has-text-color\">ICOME&rsquo;18, San Sebastian, Spain, April 2018. <\/p>\n<\/div>\n\n\n\n<div class=\"wp-block-column is-layout-flow wp-block-column-is-layout-flow\">\n<div class=\"wp-block-buttons is-layout-flex\">\n                <div class=\"wp-block-button has-custom-width wp-block-button__width-100 has-custom-font-size has-small-font-size\"><a target=\"_blank\" class=\"wp-block-button__link has-tertiary-color has-base-background-color has-text-color has-background wp-element-button\" href='https:\/\/hal.archives-ouvertes.fr\/hal-01933902' rel=\"noopener\">Lien vers l&rsquo;article<\/a><\/div>\n                <\/div>\n<\/div>\n<\/div>\n\n<\/li><li class=\"wp-block-post post-4595 journal_article type-journal_article status-publish hentry journal_article_cat-conferences\">\n\n<hr class=\"wp-block-separator has-text-color has-background-color has-alpha-channel-opacity has-background-background-color has-background is-style-wide\"\/>\n\n\n\n<div class=\"wp-block-columns is-layout-flex wp-container-core-columns-is-layout-28f84493 wp-block-columns-is-layout-flex\">\n<div class=\"wp-block-column is-layout-flow wp-block-column-is-layout-flow\" style=\"flex-basis:30%\">\n<p class=\"has-base-color has-text-color\"><strong>L. Amour, M. I. Boulabiar, S. Souihi, and A. Mellouk<\/strong><\/p>\n<\/div>\n\n\n\n<div class=\"wp-block-column is-layout-flow wp-block-column-is-layout-flow\" style=\"flex-basis:50%\"><h3 class=\"wp-block-post-title has-text-color has-base-color has-medium-font-size\">An improved QoE estimation method based on QoS and affective computing,<\/h3>\n\n\n<p class=\"has-base-color has-text-color\">International Symposium on Programming and Systems (ISPS&rsquo;2018), pp. 7, Algeries, Algeria, April 2018.<\/p>\n<\/div>\n\n\n\n<div class=\"wp-block-column is-layout-flow wp-block-column-is-layout-flow\">\n<div class=\"wp-block-buttons is-layout-flex\">\n                <div class=\"wp-block-button has-custom-width wp-block-button__width-100 has-custom-font-size has-small-font-size\"><a target=\"_blank\" class=\"wp-block-button__link has-tertiary-color has-base-background-color has-text-color has-background wp-element-button\" href='https:\/\/ieeexplore.ieee.org\/document\/8379009' rel=\"noopener\">Lien vers l&rsquo;article<\/a><\/div>\n                <\/div>\n<\/div>\n<\/div>\n\n<\/li><li class=\"wp-block-post post-4772 journal_article type-journal_article status-publish hentry journal_article_cat-conferences\">\n\n<hr class=\"wp-block-separator has-text-color has-background-color has-alpha-channel-opacity has-background-background-color has-background is-style-wide\"\/>\n\n\n\n<div class=\"wp-block-columns is-layout-flex wp-container-core-columns-is-layout-28f84493 wp-block-columns-is-layout-flex\">\n<div class=\"wp-block-column is-layout-flow wp-block-column-is-layout-flow\" style=\"flex-basis:30%\">\n<p class=\"has-base-color has-text-color\"><strong>A. Ellouze, M. Ksantini, F. Delmotte, and M. Karray<\/strong><\/p>\n<\/div>\n\n\n\n<div class=\"wp-block-column is-layout-flow wp-block-column-is-layout-flow\" style=\"flex-basis:50%\"><h3 class=\"wp-block-post-title has-text-color has-base-color has-medium-font-size\">Single object tracking applied to an aircraft,<\/h3>\n\n\n<p class=\"has-base-color has-text-color\">The 15th IEEE International Multi-Conference on Systems, Signals and Devices, Hammamet, Tunisia, March 2018.<\/p>\n<\/div>\n\n\n\n<div class=\"wp-block-column is-layout-flow wp-block-column-is-layout-flow\">\n<div class=\"wp-block-buttons is-layout-flex\">\n                <div class=\"wp-block-button has-custom-width wp-block-button__width-100 has-custom-font-size has-small-font-size\"><a target=\"_blank\" class=\"wp-block-button__link has-tertiary-color has-base-background-color has-text-color has-background wp-element-button\" href='https:\/\/ieeexplore.ieee.org\/document\/8570663' rel=\"noopener\">Lien vers l&rsquo;article<\/a><\/div>\n                <\/div>\n<\/div>\n<\/div>\n\n<\/li><li class=\"wp-block-post post-5180 journal_article type-journal_article status-publish hentry journal_article_cat-conferences\">\n\n<hr class=\"wp-block-separator has-text-color has-background-color has-alpha-channel-opacity has-background-background-color has-background is-style-wide\"\/>\n\n\n\n<div class=\"wp-block-columns is-layout-flex wp-container-core-columns-is-layout-28f84493 wp-block-columns-is-layout-flex\">\n<div class=\"wp-block-column is-layout-flow wp-block-column-is-layout-flow\" style=\"flex-basis:30%\">\n<p class=\"has-base-color has-text-color\"><strong>I. Sugiarto, D. Shang, A. Kumar Singh, B. Ouni, G. Merrett, B. Al-Hashimi, and S. Furber<\/strong><\/p>\n<\/div>\n\n\n\n<div class=\"wp-block-column is-layout-flow wp-block-column-is-layout-flow\" style=\"flex-basis:50%\"><h3 class=\"wp-block-post-title has-text-color has-base-color has-medium-font-size\">Software-defined PMC for Runtime Power Management of a Many-core Neuromorphic Platform,<\/h3>\n\n\n<p class=\"has-base-color has-text-color\">Proceedings of IEEE International Conference on Computer Engineering and Systems (ICCES 2017), pp. 641-646, Cairo, Egypt, December 2017. Best paper award.<\/p>\n<\/div>\n\n\n\n<div class=\"wp-block-column is-layout-flow wp-block-column-is-layout-flow\">\n<div class=\"wp-block-buttons is-layout-flex\">\n                <div class=\"wp-block-button has-custom-width wp-block-button__width-100 has-custom-font-size has-small-font-size\"><a target=\"_blank\" class=\"wp-block-button__link has-tertiary-color has-base-background-color has-text-color has-background wp-element-button\" href='https:\/\/ieeexplore.ieee.org\/document\/8275383' rel=\"noopener\">Lien vers l&rsquo;article<\/a><\/div>\n                <\/div>\n<\/div>\n<\/div>\n\n<\/li><li class=\"wp-block-post post-5521 journal_article type-journal_article status-publish hentry journal_article_cat-conferences\">\n\n<hr class=\"wp-block-separator has-text-color has-background-color has-alpha-channel-opacity has-background-background-color has-background is-style-wide\"\/>\n\n\n\n<div class=\"wp-block-columns is-layout-flex wp-container-core-columns-is-layout-28f84493 wp-block-columns-is-layout-flex\">\n<div class=\"wp-block-column is-layout-flow wp-block-column-is-layout-flow\" style=\"flex-basis:30%\">\n<p class=\"has-base-color has-text-color\"><strong>A. Sassi, M. Zasadzinski, H. Souley Ali, and K. Abderrahim <\/strong><\/p>\n<\/div>\n\n\n\n<div class=\"wp-block-column is-layout-flow wp-block-column-is-layout-flow\" style=\"flex-basis:50%\"><h3 class=\"wp-block-post-title has-text-color has-base-color has-medium-font-size\">Adaptive observer design for bilinear descriptor system with time delays,<\/h3>\n\n\n<p class=\"has-base-color has-text-color\">14th International Workshop on Advanced Control and Diagnosis, ACD 2017, Bucarest, Romania, November 2017.<\/p>\n<\/div>\n\n\n\n<div class=\"wp-block-column is-layout-flow wp-block-column-is-layout-flow\">\n<div class=\"wp-block-buttons is-layout-flex\">\n                <div class=\"wp-block-button has-custom-width wp-block-button__width-100 has-custom-font-size has-small-font-size\"><a target=\"_blank\" class=\"wp-block-button__link has-tertiary-color has-base-background-color has-text-color has-background wp-element-button\" href='https:\/\/hal.archives-ouvertes.fr\/hal-01668234' rel=\"noopener\">Lien vers l&rsquo;article<\/a><\/div>\n                <\/div>\n<\/div>\n<\/div>\n\n<\/li><li class=\"wp-block-post post-4596 journal_article type-journal_article status-publish hentry journal_article_cat-conferences\">\n\n<hr class=\"wp-block-separator has-text-color has-background-color has-alpha-channel-opacity has-background-background-color has-background is-style-wide\"\/>\n\n\n\n<div class=\"wp-block-columns is-layout-flex wp-container-core-columns-is-layout-28f84493 wp-block-columns-is-layout-flex\">\n<div class=\"wp-block-column is-layout-flow wp-block-column-is-layout-flow\" style=\"flex-basis:30%\">\n<p class=\"has-base-color has-text-color\"><strong>L. Amour, M. S. Mushtaq, S. Souihi, and A. Mellouk<\/strong><\/p>\n<\/div>\n\n\n\n<div class=\"wp-block-column is-layout-flow wp-block-column-is-layout-flow\" style=\"flex-basis:50%\"><h3 class=\"wp-block-post-title has-text-color has-base-color has-medium-font-size\">QoE-Based Framework to Optimize User Perceived Video Quality,<\/h3>\n\n\n<p class=\"has-base-color has-text-color\">2017 IEEE 42nd Conference on Local Computer Networks (LCN&rsquo;2017), pp. 5, Singapore, November 2017. <\/p>\n<\/div>\n\n\n\n<div class=\"wp-block-column is-layout-flow wp-block-column-is-layout-flow\">\n<div class=\"wp-block-buttons is-layout-flex\">\n                <div class=\"wp-block-button has-custom-width wp-block-button__width-100 has-custom-font-size has-small-font-size\"><a target=\"_blank\" class=\"wp-block-button__link has-tertiary-color has-base-background-color has-text-color has-background wp-element-button\" href='https:\/\/ieeexplore.ieee.org\/document\/8109418' rel=\"noopener\">Lien vers l&rsquo;article<\/a><\/div>\n                <\/div>\n<\/div>\n<\/div>\n\n<\/li><li class=\"wp-block-post post-4575 journal_article type-journal_article status-publish hentry journal_article_cat-conferences\">\n\n<hr class=\"wp-block-separator has-text-color has-background-color has-alpha-channel-opacity has-background-background-color has-background is-style-wide\"\/>\n\n\n\n<div class=\"wp-block-columns is-layout-flex wp-container-core-columns-is-layout-28f84493 wp-block-columns-is-layout-flex\">\n<div class=\"wp-block-column is-layout-flow wp-block-column-is-layout-flow\" style=\"flex-basis:30%\">\n<p class=\"has-base-color has-text-color\"><strong>S. Aghaei Hashjin and B. Nahid-Mobarakeh<\/strong><\/p>\n<\/div>\n\n\n\n<div class=\"wp-block-column is-layout-flow wp-block-column-is-layout-flow\" style=\"flex-basis:50%\"><h3 class=\"wp-block-post-title has-text-color has-base-color has-medium-font-size\">Active Stabilization of a Microgrid Using MFAC,<\/h3>\n\n\n<p class=\"has-base-color has-text-color\">IEEE IAS Annual Meeting, Cincinnati, USA, October 2017.<\/p>\n<\/div>\n\n\n\n<div class=\"wp-block-column is-layout-flow wp-block-column-is-layout-flow\">\n<div class=\"wp-block-buttons is-layout-flex\">\n                <div class=\"wp-block-button has-custom-width wp-block-button__width-100 has-custom-font-size has-small-font-size\"><a target=\"_blank\" class=\"wp-block-button__link has-tertiary-color has-base-background-color has-text-color has-background wp-element-button\" href='https:\/\/ieeexplore.ieee.org\/document\/8101797' rel=\"noopener\">Lien vers l&rsquo;article<\/a><\/div>\n                <\/div>\n<\/div>\n<\/div>\n\n<\/li><li class=\"wp-block-post post-4688 journal_article type-journal_article status-publish hentry journal_article_cat-conferences\">\n\n<hr class=\"wp-block-separator has-text-color has-background-color has-alpha-channel-opacity has-background-background-color has-background is-style-wide\"\/>\n\n\n\n<div class=\"wp-block-columns is-layout-flex wp-container-core-columns-is-layout-28f84493 wp-block-columns-is-layout-flex\">\n<div class=\"wp-block-column is-layout-flow wp-block-column-is-layout-flow\" style=\"flex-basis:30%\">\n<p class=\"has-base-color has-text-color\"><strong>S. Houriez&#8211;Gombaud-Saintonge, E. Mousseaux, I. Bargiotas, A. De Cesare, T. Dietenbeck, K. Bouaou, A. Redheuil, G. Soulat, U. Gencer, D. Craiem, Y. Chenoune, and N. Kachenoura<\/strong><\/p>\n<\/div>\n\n\n\n<div class=\"wp-block-column is-layout-flow wp-block-column-is-layout-flow\" style=\"flex-basis:50%\"><h3 class=\"wp-block-post-title has-text-color has-base-color has-medium-font-size\">The Assessment of Aortic Pulse Wave Velocity Using 4D Flow Magnetic Resonance Imaging: Methods Comparison,<\/h3>\n\n\n<p class=\"has-base-color has-text-color\">Computing in Cardiology, Rennes, France, September 2017.<\/p>\n<\/div>\n\n\n\n<div class=\"wp-block-column is-layout-flow wp-block-column-is-layout-flow\">\n<div class=\"wp-block-buttons is-layout-flex\">\n                <div class=\"wp-block-button has-custom-width wp-block-button__width-100 has-custom-font-size has-small-font-size\"><a target=\"_blank\" class=\"wp-block-button__link has-tertiary-color has-base-background-color has-text-color has-background wp-element-button\" href='https:\/\/ieeexplore.ieee.org\/document\/8331497' rel=\"noopener\">Lien vers l&rsquo;article<\/a><\/div>\n                <\/div>\n<\/div>\n<\/div>\n\n<\/li><li class=\"wp-block-post post-4931 journal_article type-journal_article status-publish hentry journal_article_cat-conferences\">\n\n<hr class=\"wp-block-separator has-text-color has-background-color has-alpha-channel-opacity has-background-background-color has-background is-style-wide\"\/>\n\n\n\n<div class=\"wp-block-columns is-layout-flex wp-container-core-columns-is-layout-28f84493 wp-block-columns-is-layout-flex\">\n<div class=\"wp-block-column is-layout-flow wp-block-column-is-layout-flow\" style=\"flex-basis:30%\">\n<p class=\"has-base-color has-text-color\"><strong>S.Beldi, F. Boussaha et al.<\/strong><\/p>\n<\/div>\n\n\n\n<div class=\"wp-block-column is-layout-flow wp-block-column-is-layout-flow\" style=\"flex-basis:50%\"><h3 class=\"wp-block-post-title has-text-color has-base-color has-medium-font-size\">Near infrared and visible TiN-Based  parallel-plate capacitor Kinetic Inductance Detectors ,<\/h3>\n\n\n<p class=\"has-base-color has-text-color\">13th European Conference on Applied Superconductivity, Geneva, Switzerland, September 2017.<\/p>\n<\/div>\n\n\n\n<div class=\"wp-block-column is-layout-flow wp-block-column-is-layout-flow\">\n<div class=\"wp-block-buttons is-layout-flex\">\n                <div class=\"wp-block-button has-custom-width wp-block-button__width-100 has-custom-font-size has-small-font-size\"><a target=\"_blank\" class=\"wp-block-button__link has-tertiary-color has-base-background-color has-text-color has-background wp-element-button\" href='https:\/\/www.aconf.org\/conf_94395.html' rel=\"noopener\">Lien vers la conf\u00e9rence<\/a><\/div>\n                <\/div>\n<\/div>\n<\/div>\n\n<\/li><li class=\"wp-block-post post-4503 journal_article type-journal_article status-publish hentry journal_article_cat-conferences\">\n\n<hr class=\"wp-block-separator has-text-color has-background-color has-alpha-channel-opacity has-background-background-color has-background is-style-wide\"\/>\n\n\n\n<div class=\"wp-block-columns is-layout-flex wp-container-core-columns-is-layout-28f84493 wp-block-columns-is-layout-flex\">\n<div class=\"wp-block-column is-layout-flow wp-block-column-is-layout-flow\" style=\"flex-basis:30%\">\n<p class=\"has-base-color has-text-color\"><strong>Y. Lehiani, M. Maidi, M. Preda, and F. Ghorbel<\/strong><\/p>\n<\/div>\n\n\n\n<div class=\"wp-block-column is-layout-flow wp-block-column-is-layout-flow\" style=\"flex-basis:50%\"><h3 class=\"wp-block-post-title has-text-color has-base-color has-medium-font-size\">Image Invariant Description based on Local Fourier-Mellin Transform,<\/h3>\n\n\n<p class=\"has-base-color has-text-color\"> IEEE International Conference on Signal and Image Processing Applications (IEEE ICSIPA\u20192017), pp. 159-163, Kuching, Malaysia, September 2017.<\/p>\n<\/div>\n\n\n\n<div class=\"wp-block-column is-layout-flow wp-block-column-is-layout-flow\">\n<div class=\"wp-block-buttons is-layout-flex\">\n                <div class=\"wp-block-button has-custom-width wp-block-button__width-100 has-custom-font-size has-small-font-size\"><a target=\"_blank\" class=\"wp-block-button__link has-tertiary-color has-base-background-color has-text-color has-background wp-element-button\" href='https:\/\/ieeexplore.ieee.org\/document\/8120598' rel=\"noopener\">Lien vers l&rsquo;article<\/a><\/div>\n                <\/div>\n<\/div>\n<\/div>\n\n<\/li><li class=\"wp-block-post post-4932 journal_article type-journal_article status-publish hentry journal_article_cat-conferences\">\n\n<hr class=\"wp-block-separator has-text-color has-background-color has-alpha-channel-opacity has-background-background-color has-background is-style-wide\"\/>\n\n\n\n<div class=\"wp-block-columns is-layout-flex wp-container-core-columns-is-layout-28f84493 wp-block-columns-is-layout-flex\">\n<div class=\"wp-block-column is-layout-flow wp-block-column-is-layout-flow\" style=\"flex-basis:30%\">\n<p class=\"has-base-color has-text-color\"><strong>S.Beldi, F. Boussaha et al.<\/strong><\/p>\n<\/div>\n\n\n\n<div class=\"wp-block-column is-layout-flow wp-block-column-is-layout-flow\" style=\"flex-basis:50%\"><h3 class=\"wp-block-post-title has-text-color has-base-color has-medium-font-size\">Design of Near Infrared and Visible Kinetic Inductance Detectors Using MIM Capacitors,<\/h3>\n\n\n<p class=\"has-base-color has-text-color\">17th International Workshop on Low Temperature Detectors, Kurume, Japan, July 2017.<\/p>\n<\/div>\n\n\n\n<div class=\"wp-block-column is-layout-flow wp-block-column-is-layout-flow\">\n<div class=\"wp-block-buttons is-layout-flex\">\n                <div class=\"wp-block-button has-custom-width wp-block-button__width-100 has-custom-font-size has-small-font-size\"><a target=\"_blank\" class=\"wp-block-button__link has-tertiary-color has-base-background-color has-text-color has-background wp-element-button\" href='http:\/\/www-x.phys.se.tmu.ac.jp\/ltd17\/wp\/' rel=\"noopener\">Lien vers la conf\u00e9rence<\/a><\/div>\n                <\/div>\n<\/div>\n<\/div>\n\n<\/li><li class=\"wp-block-post post-5524 journal_article type-journal_article status-publish hentry journal_article_cat-conferences\">\n\n<hr class=\"wp-block-separator has-text-color has-background-color has-alpha-channel-opacity has-background-background-color has-background is-style-wide\"\/>\n\n\n\n<div class=\"wp-block-columns is-layout-flex wp-container-core-columns-is-layout-28f84493 wp-block-columns-is-layout-flex\">\n<div class=\"wp-block-column is-layout-flow wp-block-column-is-layout-flow\" style=\"flex-basis:30%\">\n<p class=\"has-base-color has-text-color\"><strong>A. Sassi, M. Zasadzinski, H. Souley Ali, and K. Abderrahim<\/strong><\/p>\n<\/div>\n\n\n\n<div class=\"wp-block-column is-layout-flow wp-block-column-is-layout-flow\" style=\"flex-basis:50%\"><h3 class=\"wp-block-post-title has-text-color has-base-color has-medium-font-size\">A robust reduced order functional H\u221e observer for time delay bilinear systems,<\/h3>\n\n\n<p class=\"has-base-color has-text-color\">2017 25th Mediterranean Conference on Control and Automation (MED), pp. 637-642, Valetta, Malta, July 2017.<\/p>\n<\/div>\n\n\n\n<div class=\"wp-block-column is-layout-flow wp-block-column-is-layout-flow\">\n<div class=\"wp-block-buttons is-layout-flex\">\n                <div class=\"wp-block-button has-custom-width wp-block-button__width-100 has-custom-font-size has-small-font-size\"><a target=\"_blank\" class=\"wp-block-button__link has-tertiary-color has-base-background-color has-text-color has-background wp-element-button\" href='https:\/\/ieeexplore.ieee.org\/document\/7984189' rel=\"noopener\">Lien vers l&rsquo;article<\/a><\/div>\n                <\/div>\n<\/div>\n<\/div>\n\n<\/li><li class=\"wp-block-post post-5525 journal_article type-journal_article status-publish hentry journal_article_cat-conferences\">\n\n<hr class=\"wp-block-separator has-text-color has-background-color has-alpha-channel-opacity has-background-background-color has-background is-style-wide\"\/>\n\n\n\n<div class=\"wp-block-columns is-layout-flex wp-container-core-columns-is-layout-28f84493 wp-block-columns-is-layout-flex\">\n<div class=\"wp-block-column is-layout-flow wp-block-column-is-layout-flow\" style=\"flex-basis:30%\">\n<p class=\"has-base-color has-text-color\"><strong>A. Sassi, H. Souley Ali, M. Zasadzinski, and K. Abderrahim<\/strong><\/p>\n<\/div>\n\n\n\n<div class=\"wp-block-column is-layout-flow wp-block-column-is-layout-flow\" style=\"flex-basis:50%\"><h3 class=\"wp-block-post-title has-text-color has-base-color has-medium-font-size\">Design of an H-infinity adaptive observer for bilinear delayed systems,<\/h3>\n\n\n<p class=\"has-base-color has-text-color\">IFAC World congress, pp. 2923-2928, Toulouse, France, July 2017.<\/p>\n<\/div>\n\n\n\n<div class=\"wp-block-column is-layout-flow wp-block-column-is-layout-flow\">\n<div class=\"wp-block-buttons is-layout-flex\">\n                <div class=\"wp-block-button has-custom-width wp-block-button__width-100 has-custom-font-size has-small-font-size\"><a target=\"_blank\" class=\"wp-block-button__link has-tertiary-color has-base-background-color has-text-color has-background wp-element-button\" href='https:\/\/www.sciencedirect.com\/science\/article\/pii\/S2405896317310364' rel=\"noopener\">Lien vers l&rsquo;article<\/a><\/div>\n                <\/div>\n<\/div>\n<\/div>\n\n<\/li><li class=\"wp-block-post post-5526 journal_article type-journal_article status-publish hentry journal_article_cat-conferences\">\n\n<hr class=\"wp-block-separator has-text-color has-background-color has-alpha-channel-opacity has-background-background-color has-background is-style-wide\"\/>\n\n\n\n<div class=\"wp-block-columns is-layout-flex wp-container-core-columns-is-layout-28f84493 wp-block-columns-is-layout-flex\">\n<div class=\"wp-block-column is-layout-flow wp-block-column-is-layout-flow\" style=\"flex-basis:30%\">\n<p class=\"has-base-color has-text-color\"><strong>H. Souley Ali, A. Sassi, M. Zasadzinski, K. Abderrahim, and M. El Ganaoui<\/strong><\/p>\n<\/div>\n\n\n\n<div class=\"wp-block-column is-layout-flow wp-block-column-is-layout-flow\" style=\"flex-basis:50%\"><h3 class=\"wp-block-post-title has-text-color has-base-color has-medium-font-size\">Fault tolerant control for energy power systems,<\/h3>\n\n\n<p class=\"has-base-color has-text-color\">International Conference on Materials and Energy, ICOME\u201917, Tianjin, China, July 2017.<\/p>\n<\/div>\n\n\n\n<div class=\"wp-block-column is-layout-flow wp-block-column-is-layout-flow\">\n<div class=\"wp-block-buttons is-layout-flex\">\n                <div class=\"wp-block-button has-custom-width wp-block-button__width-100 has-custom-font-size has-small-font-size\"><a target=\"_blank\" class=\"wp-block-button__link has-tertiary-color has-base-background-color has-text-color has-background wp-element-button\" href='https:\/\/hal.archives-ouvertes.fr\/hal-01668238\/file\/template_ICOME_2017.pdf' rel=\"noopener\">Lien vers l&rsquo;article<\/a><\/div>\n                <\/div>\n<\/div>\n<\/div>\n\n<\/li><li class=\"wp-block-post post-4892 journal_article type-journal_article status-publish hentry journal_article_cat-conferences\">\n\n<hr class=\"wp-block-separator has-text-color has-background-color has-alpha-channel-opacity has-background-background-color has-background is-style-wide\"\/>\n\n\n\n<div class=\"wp-block-columns is-layout-flex wp-container-core-columns-is-layout-28f84493 wp-block-columns-is-layout-flex\">\n<div class=\"wp-block-column is-layout-flow wp-block-column-is-layout-flow\" style=\"flex-basis:30%\">\n<p class=\"has-base-color has-text-color\"><strong>A. Bareggi<\/strong><\/p>\n<\/div>\n\n\n\n<div class=\"wp-block-column is-layout-flow wp-block-column-is-layout-flow\" style=\"flex-basis:50%\"><h3 class=\"wp-block-post-title has-text-color has-base-color has-medium-font-size\">Towards objectivity in automatic segmentation of music score by XML\/MIDI language,<\/h3>\n\n\n<p class=\"has-base-color has-text-color\">Euromac IX, Strasbourg, France, July 2017.<\/p>\n<\/div>\n\n\n\n<div class=\"wp-block-column is-layout-flow wp-block-column-is-layout-flow\">\n<div class=\"wp-block-buttons is-layout-flex\">\n                <div class=\"wp-block-button has-custom-width wp-block-button__width-100 has-custom-font-size has-small-font-size\"><a target=\"_blank\" class=\"wp-block-button__link has-tertiary-color has-base-background-color has-text-color has-background wp-element-button\" href='https:\/\/creaa.unistra.fr\/websites\/gream\/Activites\/Euromac_2017_-_Postprint_-_Article_-_BAREGGI_Andrea.pdf' rel=\"noopener\">Lien vers l&rsquo;article<\/a><\/div>\n                <\/div>\n<\/div>\n<\/div>\n\n<\/li><li class=\"wp-block-post post-5364 journal_article type-journal_article status-publish hentry journal_article_cat-conferences\">\n\n<hr class=\"wp-block-separator has-text-color has-background-color has-alpha-channel-opacity has-background-background-color has-background is-style-wide\"\/>\n\n\n\n<div class=\"wp-block-columns is-layout-flex wp-container-core-columns-is-layout-28f84493 wp-block-columns-is-layout-flex\">\n<div class=\"wp-block-column is-layout-flow wp-block-column-is-layout-flow\" style=\"flex-basis:30%\">\n<p class=\"has-base-color has-text-color\"><strong>M. Jamma, A. Bennassar, M. Akherraz, C. Fahassa, M. Barara, and M. Oproescu<\/strong><\/p>\n<\/div>\n\n\n\n<div class=\"wp-block-column is-layout-flow wp-block-column-is-layout-flow\" style=\"flex-basis:50%\"><h3 class=\"wp-block-post-title has-text-color has-base-color has-medium-font-size\">Self-Tuning Fuzzy PI dc-Bus Voltage Controller and Fuzzy Switching Sequences Selection for Direct Power Control of PWM AC\/DC Converter,<\/h3>\n\n\n<p class=\"has-base-color has-text-color\">2017 9th International Conference on Electronics, Computers and Artificial Intelligence (ECAI), pp. 1-6, Targoviste, Romania, June 2017.<\/p>\n<\/div>\n\n\n\n<div class=\"wp-block-column is-layout-flow wp-block-column-is-layout-flow\">\n<div class=\"wp-block-buttons is-layout-flex\">\n                <div class=\"wp-block-button has-custom-width wp-block-button__width-100 has-custom-font-size has-small-font-size\"><a target=\"_blank\" class=\"wp-block-button__link has-tertiary-color has-base-background-color has-text-color has-background wp-element-button\" href='https:\/\/ieeexplore.ieee.org\/abstract\/document\/8166498' rel=\"noopener\">Lien vers l&rsquo;article<\/a><\/div>\n                <\/div>\n<\/div>\n<\/div>\n\n<\/li><li class=\"wp-block-post post-4893 journal_article type-journal_article status-publish hentry journal_article_cat-conferences\">\n\n<hr class=\"wp-block-separator has-text-color has-background-color has-alpha-channel-opacity has-background-background-color has-background is-style-wide\"\/>\n\n\n\n<div class=\"wp-block-columns is-layout-flex wp-container-core-columns-is-layout-28f84493 wp-block-columns-is-layout-flex\">\n<div class=\"wp-block-column is-layout-flow wp-block-column-is-layout-flow\" style=\"flex-basis:30%\">\n<p class=\"has-base-color has-text-color\"><strong>A. Bareggi<\/strong><\/p>\n<\/div>\n\n\n\n<div class=\"wp-block-column is-layout-flow wp-block-column-is-layout-flow\" style=\"flex-basis:50%\"><h3 class=\"wp-block-post-title has-text-color has-base-color has-medium-font-size\">Finite element analysis of high speed impact on\u00a0aluminium plate,<\/h3>\n\n\n<p class=\"has-base-color has-text-color\">M2D 2017, Albufeira, Portugal, June 2017.<\/p>\n<\/div>\n\n\n\n<div class=\"wp-block-column is-layout-flow wp-block-column-is-layout-flow\">\n<div class=\"wp-block-buttons is-layout-flex\">\n                <div class=\"wp-block-button has-custom-width wp-block-button__width-100 has-custom-font-size has-small-font-size\"><a target=\"_blank\" class=\"wp-block-button__link has-tertiary-color has-base-background-color has-text-color has-background wp-element-button\" href='https:\/\/paginas.fe.up.pt\/clme\/M2D2017\/' rel=\"noopener\">Lien vers la conf\u00e9rence<\/a><\/div>\n                <\/div>\n<\/div>\n<\/div>\n\n<\/li><li class=\"wp-block-post post-4630 journal_article type-journal_article status-publish hentry journal_article_cat-conferences\">\n\n<hr class=\"wp-block-separator has-text-color has-background-color has-alpha-channel-opacity has-background-background-color has-background is-style-wide\"\/>\n\n\n\n<div class=\"wp-block-columns is-layout-flex wp-container-core-columns-is-layout-28f84493 wp-block-columns-is-layout-flex\">\n<div class=\"wp-block-column is-layout-flow wp-block-column-is-layout-flow\" style=\"flex-basis:30%\">\n<p class=\"has-base-color has-text-color\"><strong>A. Caldas, A. Micaelli, M. Grossard, M. Makarov, and P. Rodriguez-Ayerbe<\/strong><\/p>\n<\/div>\n\n\n\n<div class=\"wp-block-column is-layout-flow wp-block-column-is-layout-flow\" style=\"flex-basis:50%\"><h3 class=\"wp-block-post-title has-text-color has-base-color has-medium-font-size\">Commande robuste aux incertitudes de contact appliqu\u00e9e \u00e0 la manipulation dextre,<\/h3>\n\n\n<p class=\"has-base-color has-text-color\">Jeunes Chercheurs en G\u00e9nie \u00c9lectrique (JCGE), Arras, France, June 2017.<\/p>\n<\/div>\n\n\n\n<div class=\"wp-block-column is-layout-flow wp-block-column-is-layout-flow\">\n<div class=\"wp-block-buttons is-layout-flex\">\n                <div class=\"wp-block-button has-custom-width wp-block-button__width-100 has-custom-font-size has-small-font-size\"><a target=\"_blank\" class=\"wp-block-button__link has-tertiary-color has-base-background-color has-text-color has-background wp-element-button\" href='https:\/\/www.nae.fr\/du-30052017-au-01062017-jcge-2017-jeunes-chercheurs-en-genie-electrique-arras\/' rel=\"noopener\">Lien vers la conf\u00e9rence<\/a><\/div>\n                <\/div>\n<\/div>\n<\/div>\n\n<\/li><li class=\"wp-block-post post-5532 journal_article type-journal_article status-publish hentry journal_article_cat-conferences\">\n\n<hr class=\"wp-block-separator has-text-color has-background-color has-alpha-channel-opacity has-background-background-color has-background is-style-wide\"\/>\n\n\n\n<div class=\"wp-block-columns is-layout-flex wp-container-core-columns-is-layout-28f84493 wp-block-columns-is-layout-flex\">\n<div class=\"wp-block-column is-layout-flow wp-block-column-is-layout-flow\" style=\"flex-basis:30%\">\n<p class=\"has-base-color has-text-color\"><strong>A. Sassi, H. Souley Ali, M. Zasadzinski, K. Abderrahim, and A. Di Sano<\/strong><\/p>\n<\/div>\n\n\n\n<div class=\"wp-block-column is-layout-flow wp-block-column-is-layout-flow\" style=\"flex-basis:50%\"><h3 class=\"wp-block-post-title has-text-color has-base-color has-medium-font-size\">Observateur adaptatif pour des syst\u00e8mes Proie-Pr\u00e9dateur,<\/h3>\n\n\n<p class=\"has-base-color has-text-color\">Congr\u00e8s National de la Recherche en IUT, CNRIUT&rsquo;2017, Auxerre, France, May 2017. <\/p>\n<\/div>\n\n\n\n<div class=\"wp-block-column is-layout-flow wp-block-column-is-layout-flow\">\n<div class=\"wp-block-buttons is-layout-flex\">\n                <div class=\"wp-block-button has-custom-width wp-block-button__width-100 has-custom-font-size has-small-font-size\"><a target=\"_blank\" class=\"wp-block-button__link has-tertiary-color has-base-background-color has-text-color has-background wp-element-button\" href='https:\/\/hal.archives-ouvertes.fr\/hal-01668248' rel=\"noopener\">Lien vers l&rsquo;article<\/a><\/div>\n                <\/div>\n<\/div>\n<\/div>\n\n<\/li><li class=\"wp-block-post post-5533 journal_article type-journal_article status-publish hentry journal_article_cat-conferences\">\n\n<hr class=\"wp-block-separator has-text-color has-background-color has-alpha-channel-opacity has-background-background-color has-background is-style-wide\"\/>\n\n\n\n<div class=\"wp-block-columns is-layout-flex wp-container-core-columns-is-layout-28f84493 wp-block-columns-is-layout-flex\">\n<div class=\"wp-block-column is-layout-flow wp-block-column-is-layout-flow\" style=\"flex-basis:30%\">\n<p class=\"has-base-color has-text-color\"><strong>H. Souley Ali, A. Sassi, A. Barbata, M. Zasadzinski, and A. Di Sano<\/strong><\/p>\n<\/div>\n\n\n\n<div class=\"wp-block-column is-layout-flow wp-block-column-is-layout-flow\" style=\"flex-basis:50%\"><h3 class=\"wp-block-post-title has-text-color has-base-color has-medium-font-size\">Mod\u00e9lisation et contr\u00f4le appliqu\u00e9s \u00e0 la ma\u00eetrise de la demande en \u00e9nergie des b\u00e2timents,<\/h3>\n\n\n<p class=\"has-base-color has-text-color\">Congr\u00e8s National de la Recherche en IUT, CNRIUT&rsquo;2017, Auxerre, France, May 2017. <\/p>\n<\/div>\n\n\n\n<div class=\"wp-block-column is-layout-flow wp-block-column-is-layout-flow\">\n<div class=\"wp-block-buttons is-layout-flex\">\n                <div class=\"wp-block-button has-custom-width wp-block-button__width-100 has-custom-font-size has-small-font-size\"><a target=\"_blank\" class=\"wp-block-button__link has-tertiary-color has-base-background-color has-text-color has-background wp-element-button\" href='https:\/\/hal.archives-ouvertes.fr\/hal-01668251' rel=\"noopener\">Lien vers l&rsquo;article <\/a><\/div>\n                <\/div>\n<\/div>\n<\/div>\n\n<\/li><li class=\"wp-block-post post-4951 journal_article type-journal_article status-publish hentry journal_article_cat-conferences\">\n\n<hr class=\"wp-block-separator has-text-color has-background-color has-alpha-channel-opacity has-background-background-color has-background is-style-wide\"\/>\n\n\n\n<div class=\"wp-block-columns is-layout-flex wp-container-core-columns-is-layout-28f84493 wp-block-columns-is-layout-flex\">\n<div class=\"wp-block-column is-layout-flow wp-block-column-is-layout-flow\" style=\"flex-basis:30%\">\n<p class=\"has-base-color has-text-color\"><strong>R. Maraoui and E. Cariou <\/strong><\/p>\n<\/div>\n\n\n\n<div class=\"wp-block-column is-layout-flow wp-block-column-is-layout-flow\" style=\"flex-basis:50%\"><h3 class=\"wp-block-post-title has-text-color has-base-color has-medium-font-size\">A Mediation Based Approach for Formal Verication of Web Services Composition,<\/h3>\n\n\n<p class=\"has-base-color has-text-color\">International Conference on Engineering and MIS 2017 (ICEMIS 2017), Monastir, Tunisia, May 2017.<\/p>\n<\/div>\n\n\n\n<div class=\"wp-block-column is-layout-flow wp-block-column-is-layout-flow\">\n<div class=\"wp-block-buttons is-layout-flex\">\n                <div class=\"wp-block-button has-custom-width wp-block-button__width-100 has-custom-font-size has-small-font-size\"><a target=\"_blank\" class=\"wp-block-button__link has-tertiary-color has-base-background-color has-text-color has-background wp-element-button\" href='https:\/\/ieeexplore.ieee.org\/document\/8272975' rel=\"noopener\">Lien vers la conf\u00e9rence<\/a><\/div>\n                <\/div>\n<\/div>\n<\/div>\n\n<\/li><li class=\"wp-block-post post-5363 journal_article type-journal_article status-publish hentry journal_article_cat-conferences\">\n\n<hr class=\"wp-block-separator has-text-color has-background-color has-alpha-channel-opacity has-background-background-color has-background is-style-wide\"\/>\n\n\n\n<div class=\"wp-block-columns is-layout-flex wp-container-core-columns-is-layout-28f84493 wp-block-columns-is-layout-flex\">\n<div class=\"wp-block-column is-layout-flow wp-block-column-is-layout-flow\" style=\"flex-basis:30%\">\n<p class=\"has-base-color has-text-color\"><strong>Y. Errami, A. Obbadi, S. Sahnoun, M. Barara, M. Ouassaid, and M. Maarouf<\/strong><\/p>\n<\/div>\n\n\n\n<div class=\"wp-block-column is-layout-flow wp-block-column-is-layout-flow\" style=\"flex-basis:50%\"><h3 class=\"wp-block-post-title has-text-color has-base-color has-medium-font-size\">Control of High-Power Wind Energy Conversion System Fed by Multi-level Converters,<\/h3>\n\n\n<p class=\"has-base-color has-text-color\">International Conference on Technologies and Materials for Renewable Energy, Environment and Sustainability (TMREES17), Beirut Lebanon, April 2017.<\/p>\n<\/div>\n\n\n\n<div class=\"wp-block-column is-layout-flow wp-block-column-is-layout-flow\">\n<div class=\"wp-block-buttons is-layout-flex\">\n                <div class=\"wp-block-button has-custom-width wp-block-button__width-100 has-custom-font-size has-small-font-size\"><a target=\"_blank\" class=\"wp-block-button__link has-tertiary-color has-base-background-color has-text-color has-background wp-element-button\" href='https:\/\/www.sciencedirect.com\/science\/article\/pii\/S1876610217326139?via%3Dihub0217326139?via%3Dihub' rel=\"noopener\">Lien vers l&rsquo;article<\/a><\/div>\n                <\/div>\n<\/div>\n<\/div>\n\n<\/li><li class=\"wp-block-post post-5374 journal_article type-journal_article status-publish hentry journal_article_cat-conferences\">\n\n<hr class=\"wp-block-separator has-text-color has-background-color has-alpha-channel-opacity has-background-background-color has-background is-style-wide\"\/>\n\n\n\n<div class=\"wp-block-columns is-layout-flex wp-container-core-columns-is-layout-28f84493 wp-block-columns-is-layout-flex\">\n<div class=\"wp-block-column is-layout-flow wp-block-column-is-layout-flow\" style=\"flex-basis:30%\">\n<p class=\"has-base-color has-text-color\"><strong>M. Barara, H. Morel, and G. Clerc<\/strong><\/p>\n<\/div>\n\n\n\n<div class=\"wp-block-column is-layout-flow wp-block-column-is-layout-flow\" style=\"flex-basis:50%\"><h3 class=\"wp-block-post-title has-text-color has-base-color has-medium-font-size\">Control Strategy Scheme for Consistent Power Flow Control in Meshed DC Micro-grids,<\/h3>\n\n\n<p class=\"has-base-color has-text-color\">International conference on components and systems for DC grids, Grenoble, France, March 2017.<\/p>\n<\/div>\n\n\n\n<div class=\"wp-block-column is-layout-flow wp-block-column-is-layout-flow\">\n<div class=\"wp-block-buttons is-layout-flex\">\n                <div class=\"wp-block-button has-custom-width wp-block-button__width-100 has-custom-font-size has-small-font-size\"><a target=\"_blank\" class=\"wp-block-button__link has-tertiary-color has-base-background-color has-text-color has-background wp-element-button\" href='https:\/\/hal.archives-ouvertes.fr\/hal-01793569' rel=\"noopener\">Lien vers l&rsquo;article <\/a><\/div>\n                <\/div>\n<\/div>\n<\/div>\n\n<\/li><li class=\"wp-block-post post-4437 journal_article type-journal_article status-publish hentry journal_article_cat-conferences\">\n\n<hr class=\"wp-block-separator has-text-color has-background-color has-alpha-channel-opacity has-background-background-color has-background is-style-wide\"\/>\n\n\n\n<div class=\"wp-block-columns is-layout-flex wp-container-core-columns-is-layout-28f84493 wp-block-columns-is-layout-flex\">\n<div class=\"wp-block-column is-layout-flow wp-block-column-is-layout-flow\" style=\"flex-basis:30%\">\n<p class=\"has-base-color has-text-color\"><strong>S. Samimi, F. Gruson, P. Delarue, and X. Guillaud<\/strong><\/p>\n<\/div>\n\n\n\n<div class=\"wp-block-column is-layout-flow wp-block-column-is-layout-flow\" style=\"flex-basis:50%\"><h3 class=\"wp-block-post-title has-text-color has-base-color has-medium-font-size\">Energy based model and control of Modular Multilevel Converters,<\/h3>\n\n\n<p class=\"has-base-color has-text-color\">COSYS-DC 2017, Grenoble, France, March 2017.<\/p>\n<\/div>\n\n\n\n<div class=\"wp-block-column is-layout-flow wp-block-column-is-layout-flow\">\n<div class=\"wp-block-buttons is-layout-flex\">\n                <div class=\"wp-block-button has-custom-width wp-block-button__width-100 has-custom-font-size has-small-font-size\"><a target=\"_blank\" class=\"wp-block-button__link has-tertiary-color has-base-background-color has-text-color has-background wp-element-button\" href='https:\/\/www.apime38.com\/cosys-dc-2017' rel=\"noopener\">Lien vers la conf\u00e9rence<\/a><\/div>\n                <\/div>\n<\/div>\n<\/div>\n\n<\/li><li class=\"wp-block-post post-5658 journal_article type-journal_article status-publish hentry journal_article_cat-conferences\">\n\n<hr class=\"wp-block-separator has-text-color has-background-color has-alpha-channel-opacity has-background-background-color has-background is-style-wide\"\/>\n\n\n\n<div class=\"wp-block-columns is-layout-flex wp-container-core-columns-is-layout-28f84493 wp-block-columns-is-layout-flex\">\n<div class=\"wp-block-column is-layout-flow wp-block-column-is-layout-flow\" style=\"flex-basis:30%\">\n<p class=\"has-base-color has-text-color\"><strong>A. Fekkik, H. Denoun, N. Benamrouche, N. Benyahia, A. Badji, and M. Zaouia<\/strong><\/p>\n<\/div>\n\n\n\n<div class=\"wp-block-column is-layout-flow wp-block-column-is-layout-flow\" style=\"flex-basis:50%\"><h3 class=\"wp-block-post-title has-text-color has-base-color has-medium-font-size\">Comparative analysis of direct power control with space vector modulation of PWM rectifier,<\/h3>\n\n\n<p class=\"has-base-color has-text-color\">2016 4th International Conference on Control Engineering &amp; Information Technology (CEIT), Hammamet, Tunisia, December 2016.<\/p>\n<\/div>\n\n\n\n<div class=\"wp-block-column is-layout-flow wp-block-column-is-layout-flow\">\n<div class=\"wp-block-buttons is-layout-flex\">\n                <div class=\"wp-block-button has-custom-width wp-block-button__width-100 has-custom-font-size has-small-font-size\"><a target=\"_blank\" class=\"wp-block-button__link has-tertiary-color has-base-background-color has-text-color has-background wp-element-button\" href='https:\/\/doi.org\/10.1109\/CEIT.2016.7929058' rel=\"noopener\">Lien vers l&rsquo;article<\/a><\/div>\n                <\/div>\n<\/div>\n<\/div>\n\n<\/li><li class=\"wp-block-post post-4578 journal_article type-journal_article status-publish hentry journal_article_cat-conferences\">\n\n<hr class=\"wp-block-separator has-text-color has-background-color has-alpha-channel-opacity has-background-background-color has-background is-style-wide\"\/>\n\n\n\n<div class=\"wp-block-columns is-layout-flex wp-container-core-columns-is-layout-28f84493 wp-block-columns-is-layout-flex\">\n<div class=\"wp-block-column is-layout-flow wp-block-column-is-layout-flow\" style=\"flex-basis:30%\">\n<p class=\"has-base-color has-text-color\"><strong>I. Iskender, A, Mamizadeh, and A. Saeid Hashjin<\/strong><\/p>\n<\/div>\n\n\n\n<div class=\"wp-block-column is-layout-flow wp-block-column-is-layout-flow\" style=\"flex-basis:50%\"><h3 class=\"wp-block-post-title has-text-color has-base-color has-medium-font-size\">Design and Comparing the Results of Two Control Methods Applied for a Maximum Power Tracker System,<\/h3>\n\n\n<p class=\"has-base-color has-text-color\">World Academy of Science, Engineering, and Technology, Conference Proceedings, pp. 1270-1276, Roma, Italy, December 2016.<\/p>\n<\/div>\n\n\n\n<div class=\"wp-block-column is-layout-flow wp-block-column-is-layout-flow\">\n<div class=\"wp-block-buttons is-layout-flex\">\n                <div class=\"wp-block-button has-custom-width wp-block-button__width-100 has-custom-font-size has-small-font-size\"><a target=\"_blank\" class=\"wp-block-button__link has-tertiary-color has-base-background-color has-text-color has-background wp-element-button\" href='https:\/\/scholar.google.com\/citations?view_op=view_citation&amp;hl=en&amp;user=lTrV7cgAAAAJ&amp;citation_for_view=lTrV7cgAAAAJ:LkGwnXOMwfcC' rel=\"noopener\">Lien vers l&rsquo;article<\/a><\/div>\n                <\/div>\n<\/div>\n<\/div>\n\n<\/li><li class=\"wp-block-post post-4335 journal_article type-journal_article status-publish hentry journal_article_cat-conferences\">\n\n<hr class=\"wp-block-separator has-text-color has-background-color has-alpha-channel-opacity has-background-background-color has-background is-style-wide\"\/>\n\n\n\n<div class=\"wp-block-columns is-layout-flex wp-container-core-columns-is-layout-28f84493 wp-block-columns-is-layout-flex\">\n<div class=\"wp-block-column is-layout-flow wp-block-column-is-layout-flow\" style=\"flex-basis:30%\">\n<p class=\"has-base-color has-text-color\"><strong>H. Marouane, C. Duvallet, A. Makni, R. Bouaziz, and B. Sadeg<\/strong><\/p>\n<\/div>\n\n\n\n<div class=\"wp-block-column is-layout-flow wp-block-column-is-layout-flow\" style=\"flex-basis:50%\"><h3 class=\"wp-block-post-title has-text-color has-base-color has-medium-font-size\">Defining a UML Profile for the Consistency of Design Patterns,<\/h3>\n\n\n<p class=\"has-base-color has-text-color\">2016 IEEE\/ACS 13th International Conference of Computer Systems and Applications (AICCSA), Agadir, Marocco, November 2016.<\/p>\n<\/div>\n\n\n\n<div class=\"wp-block-column is-layout-flow wp-block-column-is-layout-flow\">\n<div class=\"wp-block-buttons is-layout-flex\">\n                <div class=\"wp-block-button has-custom-width wp-block-button__width-100 has-custom-font-size has-small-font-size\"><a target=\"_blank\" class=\"wp-block-button__link has-tertiary-color has-base-background-color has-text-color has-background wp-element-button\" href='https:\/\/www.researchgate.net\/publication\/317555109_Defining_a_UML_profile_for_the_consistency_of_design_patterns' rel=\"noopener\">Lien vers l&rsquo;article<\/a><\/div>\n                <\/div>\n<\/div>\n<\/div>\n\n<\/li><li class=\"wp-block-post post-5181 journal_article type-journal_article status-publish hentry journal_article_cat-conferences\">\n\n<hr class=\"wp-block-separator has-text-color has-background-color has-alpha-channel-opacity has-background-background-color has-background is-style-wide\"\/>\n\n\n\n<div class=\"wp-block-columns is-layout-flex wp-container-core-columns-is-layout-28f84493 wp-block-columns-is-layout-flex\">\n<div class=\"wp-block-column is-layout-flow wp-block-column-is-layout-flow\" style=\"flex-basis:30%\">\n<p class=\"has-base-color has-text-color\"><strong>B. Ouni, P. Gaufillet, and P. Cuenot<\/strong><\/p>\n<\/div>\n\n\n\n<div class=\"wp-block-column is-layout-flow wp-block-column-is-layout-flow\" style=\"flex-basis:50%\"><h3 class=\"wp-block-post-title has-text-color has-base-color has-medium-font-size\">TwIRTee design exploration with Capella and IP-XACT,<\/h3>\n\n\n<p class=\"has-base-color has-text-color\">Proceedings of DVCON-Europe conference, Munich, Germany, October 2016. <\/p>\n<\/div>\n\n\n\n<div class=\"wp-block-column is-layout-flow wp-block-column-is-layout-flow\">\n<div class=\"wp-block-buttons is-layout-flex\">\n                <div class=\"wp-block-button has-custom-width wp-block-button__width-100 has-custom-font-size has-small-font-size\"><a target=\"_blank\" class=\"wp-block-button__link has-tertiary-color has-base-background-color has-text-color has-background wp-element-button\" href='https:\/\/hal.archives-ouvertes.fr\/hal-02141405' rel=\"noopener\">Lien vers l&rsquo;article<\/a><\/div>\n                <\/div>\n<\/div>\n<\/div>\n\n<\/li><li class=\"wp-block-post post-5456 journal_article type-journal_article status-publish hentry journal_article_cat-conferences\">\n\n<hr class=\"wp-block-separator has-text-color has-background-color has-alpha-channel-opacity has-background-background-color has-background is-style-wide\"\/>\n\n\n\n<div class=\"wp-block-columns is-layout-flex wp-container-core-columns-is-layout-28f84493 wp-block-columns-is-layout-flex\">\n<div class=\"wp-block-column is-layout-flow wp-block-column-is-layout-flow\" style=\"flex-basis:30%\">\n<p class=\"has-base-color has-text-color\"><strong>A. Giovanni Neglia, S. Alouf, A. Dandoush, S. Simoens, P. Dersin, A. Tuholukova, J. Billion, and P. Derouet<\/strong><\/p>\n<\/div>\n\n\n\n<div class=\"wp-block-column is-layout-flow wp-block-column-is-layout-flow\" style=\"flex-basis:50%\"><h3 class=\"wp-block-post-title has-text-color has-base-color has-medium-font-size\">Performance Evaluation of Train Moving-Block Control, Quantitative Evaluation of Systems,<\/h3>\n\n\n<p class=\"has-base-color has-text-color\">13th International Conference on Quantitative Evaluation of SysTems (QEST), pp. 348-363, Quebec City, Quebec, Canada, August 2016. <\/p>\n<\/div>\n\n\n\n<div class=\"wp-block-column is-layout-flow wp-block-column-is-layout-flow\">\n<div class=\"wp-block-buttons is-layout-flex\">\n                <div class=\"wp-block-button has-custom-width wp-block-button__width-100 has-custom-font-size has-small-font-size\"><a target=\"_blank\" class=\"wp-block-button__link has-tertiary-color has-base-background-color has-text-color has-background wp-element-button\" href='https:\/\/hal.inria.fr\/hal-01345437' rel=\"noopener\">Lien vers l&rsquo;article<\/a><\/div>\n                <\/div>\n<\/div>\n<\/div>\n\n<\/li><li class=\"wp-block-post post-5198 journal_article type-journal_article status-publish hentry journal_article_cat-conferences\">\n\n<hr class=\"wp-block-separator has-text-color has-background-color has-alpha-channel-opacity has-background-background-color has-background is-style-wide\"\/>\n\n\n\n<div class=\"wp-block-columns is-layout-flex wp-container-core-columns-is-layout-28f84493 wp-block-columns-is-layout-flex\">\n<div class=\"wp-block-column is-layout-flow wp-block-column-is-layout-flow\" style=\"flex-basis:30%\">\n<p class=\"has-base-color has-text-color\"><strong>D. Palessonga, M. El Gibari, S. Ginestar, H. Terrisse, B. Guiffard, A. Kassiba, and H. W. Li<\/strong><\/p>\n<\/div>\n\n\n\n<div class=\"wp-block-column is-layout-flow wp-block-column-is-layout-flow\" style=\"flex-basis:50%\"><h3 class=\"wp-block-post-title has-text-color has-base-color has-medium-font-size\">TiO2 nanoparticles loading on the microwave and optical properties of the electro-optic polymer PMMA-DR1 for optimization of microwave photonic components,<\/h3>\n\n\n<p class=\"has-base-color has-text-color\">Progress In Electromagnetics Research Symposium, Shanghai, China, August 2016.<\/p>\n<\/div>\n\n\n\n<div class=\"wp-block-column is-layout-flow wp-block-column-is-layout-flow\">\n<div class=\"wp-block-buttons is-layout-flex\">\n                <div class=\"wp-block-button has-custom-width wp-block-button__width-100 has-custom-font-size has-small-font-size\"><a target=\"_blank\" class=\"wp-block-button__link has-tertiary-color has-base-background-color has-text-color has-background wp-element-button\" href='https:\/\/ieeexplore.ieee.org\/document\/7734349' rel=\"noopener\">Lien vers l&rsquo;article<\/a><\/div>\n                <\/div>\n<\/div>\n<\/div>\n\n<\/li><li class=\"wp-block-post post-5529 journal_article type-journal_article status-publish hentry journal_article_cat-conferences\">\n\n<hr class=\"wp-block-separator has-text-color has-background-color has-alpha-channel-opacity has-background-background-color has-background is-style-wide\"\/>\n\n\n\n<div class=\"wp-block-columns is-layout-flex wp-container-core-columns-is-layout-28f84493 wp-block-columns-is-layout-flex\">\n<div class=\"wp-block-column is-layout-flow wp-block-column-is-layout-flow\" style=\"flex-basis:30%\">\n<p class=\"has-base-color has-text-color\"><strong>A. Sassi, H. Souley-Ali, S. Bedoui, K. Abderrahim, and M. Zasadzinski<\/strong><\/p>\n<\/div>\n\n\n\n<div class=\"wp-block-column is-layout-flow wp-block-column-is-layout-flow\" style=\"flex-basis:50%\"><h3 class=\"wp-block-post-title has-text-color has-base-color has-medium-font-size\">Design of a functional adaptive observer for bilinear delayed systems,<\/h3>\n\n\n<p class=\"has-base-color has-text-color\">IFAC workshop on Time Delay Systems (TDS), Volume 49, Issue 10, pp. 25-30, Istanbul, Turkey, June 2016.<\/p>\n<\/div>\n\n\n\n<div class=\"wp-block-column is-layout-flow wp-block-column-is-layout-flow\">\n<div class=\"wp-block-buttons is-layout-flex\">\n                <div class=\"wp-block-button has-custom-width wp-block-button__width-100 has-custom-font-size has-small-font-size\"><a target=\"_blank\" class=\"wp-block-button__link has-tertiary-color has-base-background-color has-text-color has-background wp-element-button\" href='https:\/\/www.sciencedirect.com\/science\/article\/pii\/S2405896316306760' rel=\"noopener\">Lien vers l&rsquo;article<\/a><\/div>\n                <\/div>\n<\/div>\n<\/div>\n\n<\/li><li class=\"wp-block-post post-4894 journal_article type-journal_article status-publish hentry journal_article_cat-conferences\">\n\n<hr class=\"wp-block-separator has-text-color has-background-color has-alpha-channel-opacity has-background-background-color has-background is-style-wide\"\/>\n\n\n\n<div class=\"wp-block-columns is-layout-flex wp-container-core-columns-is-layout-28f84493 wp-block-columns-is-layout-flex\">\n<div class=\"wp-block-column is-layout-flow wp-block-column-is-layout-flow\" style=\"flex-basis:30%\">\n<p class=\"has-base-color has-text-color\"><strong>A. Bareggi<\/strong><\/p>\n<\/div>\n\n\n\n<div class=\"wp-block-column is-layout-flow wp-block-column-is-layout-flow\" style=\"flex-basis:50%\"><h3 class=\"wp-block-post-title has-text-color has-base-color has-medium-font-size\">Vertical Impact of Ti6Al4V in cylindrical structure: testing and finite element modelling,<\/h3>\n\n\n<p class=\"has-base-color has-text-color\">ICEM 17 &#8211; International conference on experimental mechanics, Rhodos, Greece, July 2016.<\/p>\n<\/div>\n\n\n\n<div class=\"wp-block-column is-layout-flow wp-block-column-is-layout-flow\">\n<div class=\"wp-block-buttons is-layout-flex\">\n                <div class=\"wp-block-button has-custom-width wp-block-button__width-100 has-custom-font-size has-small-font-size\"><a target=\"_blank\" class=\"wp-block-button__link has-tertiary-color has-base-background-color has-text-color has-background wp-element-button\" href='https:\/\/statnano.com\/event\/585' rel=\"noopener\">Lien vers la conf\u00e9rence<\/a><\/div>\n                <\/div>\n<\/div>\n<\/div>\n\n<\/li><li class=\"wp-block-post post-5370 journal_article type-journal_article status-publish hentry journal_article_cat-conferences\">\n\n<hr class=\"wp-block-separator has-text-color has-background-color has-alpha-channel-opacity has-background-background-color has-background is-style-wide\"\/>\n\n\n\n<div class=\"wp-block-columns is-layout-flex wp-container-core-columns-is-layout-28f84493 wp-block-columns-is-layout-flex\">\n<div class=\"wp-block-column is-layout-flow wp-block-column-is-layout-flow\" style=\"flex-basis:30%\">\n<p class=\"has-base-color has-text-color\"><strong>M. Jamma, M. Barara, M. Akherraz, and B.-A. Enache<\/strong><\/p>\n<\/div>\n\n\n\n<div class=\"wp-block-column is-layout-flow wp-block-column-is-layout-flow\" style=\"flex-basis:50%\"><h3 class=\"wp-block-post-title has-text-color has-base-color has-medium-font-size\">Voltage Oriented Control of Three-Phase PWM Rectifier Using Space Vector Modulation and Input Output Feedback Linearization Theory,<\/h3>\n\n\n<p class=\"has-base-color has-text-color\">2016 8th International Conference on Electronics, Computers and Artificial Intelligence (ECAI), pp. 1-8, Ploiesti, Romania, June 2016.<\/p>\n<\/div>\n\n\n\n<div class=\"wp-block-column is-layout-flow wp-block-column-is-layout-flow\">\n<div class=\"wp-block-buttons is-layout-flex\">\n                <div class=\"wp-block-button has-custom-width wp-block-button__width-100 has-custom-font-size has-small-font-size\"><a target=\"_blank\" class=\"wp-block-button__link has-tertiary-color has-base-background-color has-text-color has-background wp-element-button\" href='https:\/\/ieeexplore.ieee.org\/abstract\/document\/7861085' rel=\"noopener\">Lien vers l&rsquo;article<\/a><\/div>\n                <\/div>\n<\/div>\n<\/div>\n\n<\/li><li class=\"wp-block-post post-4328 journal_article type-journal_article status-publish hentry journal_article_cat-conferences\">\n\n<hr class=\"wp-block-separator has-text-color has-background-color has-alpha-channel-opacity has-background-background-color has-background is-style-wide\"\/>\n\n\n\n<div class=\"wp-block-columns is-layout-flex wp-container-core-columns-is-layout-28f84493 wp-block-columns-is-layout-flex\">\n<div class=\"wp-block-column is-layout-flow wp-block-column-is-layout-flow\" style=\"flex-basis:30%\">\n<p class=\"has-base-color has-text-color\"><strong>A. Dandoush, A. Tuholokova, G. Neglia, S. Simoens, S. Alouf, P. Derouet, J. Billion, and P. Dersin<\/strong><\/p>\n<\/div>\n\n\n\n<div class=\"wp-block-column is-layout-flow wp-block-column-is-layout-flow\" style=\"flex-basis:50%\"><h3 class=\"wp-block-post-title has-text-color has-base-color has-medium-font-size\">NS-3 Based Framework for Simulating Communication Based Train Control (CBTC) Systems,<\/h3>\n\n\n<p class=\"has-base-color has-text-color\">WNS3 &rsquo;16: Proceedings of the Workshop on ns-3, pp. 116-123, Seattle, WA, USA, June 2016.<\/p>\n<\/div>\n\n\n\n<div class=\"wp-block-column is-layout-flow wp-block-column-is-layout-flow\">\n<div class=\"wp-block-buttons is-layout-flex\">\n                <div class=\"wp-block-button has-custom-width wp-block-button__width-100 has-custom-font-size has-small-font-size\"><a target=\"_blank\" class=\"wp-block-button__link has-tertiary-color has-base-background-color has-text-color has-background wp-element-button\" href='https:\/\/dl.acm.org\/citation.cfm?doid=2915371.2915378' rel=\"noopener\">Lien vers l&rsquo;article<\/a><\/div>\n                <\/div>\n<\/div>\n<\/div>\n\n<\/li><li class=\"wp-block-post post-5457 journal_article type-journal_article status-publish hentry journal_article_cat-conferences\">\n\n<hr class=\"wp-block-separator has-text-color has-background-color has-alpha-channel-opacity has-background-background-color has-background is-style-wide\"\/>\n\n\n\n<div class=\"wp-block-columns is-layout-flex wp-container-core-columns-is-layout-28f84493 wp-block-columns-is-layout-flex\">\n<div class=\"wp-block-column is-layout-flow wp-block-column-is-layout-flow\" style=\"flex-basis:30%\">\n<p class=\"has-base-color has-text-color\"><strong>G. Neglia, A. Dandoush, S. Simoens, S. Alouf, J. Billion, and P. Dersin<\/strong><\/p>\n<\/div>\n\n\n\n<div class=\"wp-block-column is-layout-flow wp-block-column-is-layout-flow\" style=\"flex-basis:50%\"><h3 class=\"wp-block-post-title has-text-color has-base-color has-medium-font-size\">Performance Evaluation of Train Moving-Block Control,<\/h3>\n\n\n<p class=\"has-base-color has-text-color\">International Conference Reliability, Safety and Security of Railway Systems: Modelling, Analysis, Verification and Certification, Paris, France, June 2016.<\/p>\n<\/div>\n\n\n\n<div class=\"wp-block-column is-layout-flow wp-block-column-is-layout-flow\">\n<div class=\"wp-block-buttons is-layout-flex\">\n                <div class=\"wp-block-button has-custom-width wp-block-button__width-100 has-custom-font-size has-small-font-size\"><a target=\"_blank\" class=\"wp-block-button__link has-tertiary-color has-base-background-color has-text-color has-background wp-element-button\" href='https:\/\/www.researchgate.net\/publication\/303843929_Performance_Evaluation_of_Train_Moving-Block_Control' rel=\"noopener\">Lien vers l&rsquo;article<\/a><\/div>\n                <\/div>\n<\/div>\n<\/div>\n\n<\/li><li class=\"wp-block-post post-5367 journal_article type-journal_article status-publish hentry journal_article_cat-conferences\">\n\n<hr class=\"wp-block-separator has-text-color has-background-color has-alpha-channel-opacity has-background-background-color has-background is-style-wide\"\/>\n\n\n\n<div class=\"wp-block-columns is-layout-flex wp-container-core-columns-is-layout-28f84493 wp-block-columns-is-layout-flex\">\n<div class=\"wp-block-column is-layout-flow wp-block-column-is-layout-flow\" style=\"flex-basis:30%\">\n<p class=\"has-base-color has-text-color\"><strong>R. El Akhrif, A. Abbou, M. Barara, and Y. Majdoub<\/strong><\/p>\n<\/div>\n\n\n\n<div class=\"wp-block-column is-layout-flow wp-block-column-is-layout-flow\" style=\"flex-basis:50%\"><h3 class=\"wp-block-post-title has-text-color has-base-color has-medium-font-size\">Modeling and simulation for a three-phase voltage source inverter using a self-excited induction generator,<\/h3>\n\n\n<p class=\"has-base-color has-text-color\">2016 7th International Renewable Energy Congress (IREC), Hammamet, Tunisia, pp. 1-6, May 2016. <\/p>\n<\/div>\n\n\n\n<div class=\"wp-block-column is-layout-flow wp-block-column-is-layout-flow\">\n<div class=\"wp-block-buttons is-layout-flex\">\n                <div class=\"wp-block-button has-custom-width wp-block-button__width-100 has-custom-font-size has-small-font-size\"><a target=\"_blank\" class=\"wp-block-button__link has-tertiary-color has-base-background-color has-text-color has-background wp-element-button\" href='https:\/\/ieeexplore.ieee.org\/abstract\/document\/7478952' rel=\"noopener\">Lien vers l&rsquo;article<\/a><\/div>\n                <\/div>\n<\/div>\n<\/div>\n\n<\/li><li class=\"wp-block-post post-4597 journal_article type-journal_article status-publish hentry journal_article_cat-conferences\">\n\n<hr class=\"wp-block-separator has-text-color has-background-color has-alpha-channel-opacity has-background-background-color has-background is-style-wide\"\/>\n\n\n\n<div class=\"wp-block-columns is-layout-flex wp-container-core-columns-is-layout-28f84493 wp-block-columns-is-layout-flex\">\n<div class=\"wp-block-column is-layout-flow wp-block-column-is-layout-flow\" style=\"flex-basis:30%\">\n<p class=\"has-base-color has-text-color\"><strong>L. Amour, S. Souihi, M. S. Mushtaq, S. Hoceini, A. Mellouk<\/strong><\/p>\n<\/div>\n\n\n\n<div class=\"wp-block-column is-layout-flow wp-block-column-is-layout-flow\" style=\"flex-basis:50%\"><h3 class=\"wp-block-post-title has-text-color has-base-color has-medium-font-size\">Perceived video quality evaluation based on interactive\/repulsive relation between the QoE IFs,<\/h3>\n\n\n<p class=\"has-base-color has-text-color\">2016 IEEE International Conference on Communications (ICC&rsquo;2016), pp. 7, Kuala Lumpur, Malaysia, May 2016.<\/p>\n<\/div>\n\n\n\n<div class=\"wp-block-column is-layout-flow wp-block-column-is-layout-flow\">\n<div class=\"wp-block-buttons is-layout-flex\">\n                <div class=\"wp-block-button has-custom-width wp-block-button__width-100 has-custom-font-size has-small-font-size\"><a target=\"_blank\" class=\"wp-block-button__link has-tertiary-color has-base-background-color has-text-color has-background wp-element-button\" href='https:\/\/ieeexplore.ieee.org\/document\/7511224' rel=\"noopener\">Lien vers l&rsquo;article<\/a><\/div>\n                <\/div>\n<\/div>\n<\/div>\n\n<\/li><li class=\"wp-block-post post-4336 journal_article type-journal_article status-publish hentry journal_article_cat-conferences\">\n\n<hr class=\"wp-block-separator has-text-color has-background-color has-alpha-channel-opacity has-background-background-color has-background is-style-wide\"\/>\n\n\n\n<div class=\"wp-block-columns is-layout-flex wp-container-core-columns-is-layout-28f84493 wp-block-columns-is-layout-flex\">\n<div class=\"wp-block-column is-layout-flow wp-block-column-is-layout-flow\" style=\"flex-basis:30%\">\n<p class=\"has-base-color has-text-color\"><strong>H. Marouane, C. Duvallet, A. Makni, R. Bouaziz, and B. Sadeg<\/strong><\/p>\n<\/div>\n\n\n\n<div class=\"wp-block-column is-layout-flow wp-block-column-is-layout-flow\" style=\"flex-basis:50%\"><h3 class=\"wp-block-post-title has-text-color has-base-color has-medium-font-size\">Definition of Design Patterns for Advanced Driver Assistance Systems,<\/h3>\n\n\n<p class=\"has-base-color has-text-color\">VikingPLoP &rsquo;16: Proceedings of the 10th Travelling Conference on Pattern Languages of Programs, Art. n\u00b03, pp. 1-10, Leerdam, Netherlands, April 2016.<\/p>\n<\/div>\n\n\n\n<div class=\"wp-block-column is-layout-flow wp-block-column-is-layout-flow\">\n<div class=\"wp-block-buttons is-layout-flex\">\n                <div class=\"wp-block-button has-custom-width wp-block-button__width-100 has-custom-font-size has-small-font-size\"><a target=\"_blank\" class=\"wp-block-button__link has-tertiary-color has-base-background-color has-text-color has-background wp-element-button\" href='https:\/\/dl.acm.org\/doi\/10.1145\/3022636.3022639' rel=\"noopener\">Lien vers l&rsquo;article<\/a><\/div>\n                <\/div>\n<\/div>\n<\/div>\n\n<\/li><li class=\"wp-block-post post-5182 journal_article type-journal_article status-publish hentry journal_article_cat-conferences\">\n\n<hr class=\"wp-block-separator has-text-color has-background-color has-alpha-channel-opacity has-background-background-color has-background is-style-wide\"\/>\n\n\n\n<div class=\"wp-block-columns is-layout-flex wp-container-core-columns-is-layout-28f84493 wp-block-columns-is-layout-flex\">\n<div class=\"wp-block-column is-layout-flow wp-block-column-is-layout-flow\" style=\"flex-basis:30%\">\n<p class=\"has-base-color has-text-color\"><strong>B. Ouni, P. Gaufillet, E. Jenn, and J. Hugues<\/strong><\/p>\n<\/div>\n\n\n\n<div class=\"wp-block-column is-layout-flow wp-block-column-is-layout-flow\" style=\"flex-basis:50%\"><h3 class=\"wp-block-post-title has-text-color has-base-color has-medium-font-size\">Model-Driven Engineering with Capella and AADL,<\/h3>\n\n\n<p class=\"has-base-color has-text-color\">Proceedings of Embedded Real-Time Software and Systems Congress, ERTS 2016, Toulouse, France, January 2016.<\/p>\n<\/div>\n\n\n\n<div class=\"wp-block-column is-layout-flow wp-block-column-is-layout-flow\">\n<div class=\"wp-block-buttons is-layout-flex\">\n                <div class=\"wp-block-button has-custom-width wp-block-button__width-100 has-custom-font-size has-small-font-size\"><a target=\"_blank\" class=\"wp-block-button__link has-tertiary-color has-base-background-color has-text-color has-background wp-element-button\" href='https:\/\/hal.archives-ouvertes.fr\/hal-01266591' rel=\"noopener\">Lien vers l&rsquo;article<\/a><\/div>\n                <\/div>\n<\/div>\n<\/div>\n\n<\/li><li class=\"wp-block-post post-5368 journal_article type-journal_article status-publish hentry journal_article_cat-conferences\">\n\n<hr class=\"wp-block-separator has-text-color has-background-color has-alpha-channel-opacity has-background-background-color has-background is-style-wide\"\/>\n\n\n\n<div class=\"wp-block-columns is-layout-flex wp-container-core-columns-is-layout-28f84493 wp-block-columns-is-layout-flex\">\n<div class=\"wp-block-column is-layout-flow wp-block-column-is-layout-flow\" style=\"flex-basis:30%\">\n<p class=\"has-base-color has-text-color\"><strong>A. Bakouri, H. Mahmoudi, M. Barara, A, Abbou, A. Bennassar, and M. Moutchou<\/strong><\/p>\n<\/div>\n\n\n\n<div class=\"wp-block-column is-layout-flow wp-block-column-is-layout-flow\" style=\"flex-basis:50%\"><h3 class=\"wp-block-post-title has-text-color has-base-color has-medium-font-size\">A Complete Control startegy of Doubly-Fed Induction Generator Connected to Grid for Wind Energy Conversion Systems,<\/h3>\n\n\n<p class=\"has-base-color has-text-color\">International Renewable and Sustainable Energy Conference, Marrakech, Morocco, December 2015.<\/p>\n<\/div>\n\n\n\n<div class=\"wp-block-column is-layout-flow wp-block-column-is-layout-flow\">\n<div class=\"wp-block-buttons is-layout-flex\">\n                <div class=\"wp-block-button has-custom-width wp-block-button__width-100 has-custom-font-size has-small-font-size\"><a target=\"_blank\" class=\"wp-block-button__link has-tertiary-color has-base-background-color has-text-color has-background wp-element-button\" href='https:\/\/ieeexplore.ieee.org\/document\/7455078' rel=\"noopener\">Lien vers l&rsquo;article<\/a><\/div>\n                <\/div>\n<\/div>\n<\/div>\n\n<\/li><li class=\"wp-block-post post-5682 journal_article type-journal_article status-publish hentry journal_article_cat-conferences\">\n\n<hr class=\"wp-block-separator has-text-color has-background-color has-alpha-channel-opacity has-background-background-color has-background is-style-wide\"\/>\n\n\n\n<div class=\"wp-block-columns is-layout-flex wp-container-core-columns-is-layout-28f84493 wp-block-columns-is-layout-flex\">\n<div class=\"wp-block-column is-layout-flow wp-block-column-is-layout-flow\" style=\"flex-basis:30%\">\n<p class=\"has-base-color has-text-color\"><strong>S. Tamalouzt, N. Benyahia, T. Rekioua, and R. Abdessamed<\/strong><\/p>\n<\/div>\n\n\n\n<div class=\"wp-block-column is-layout-flow wp-block-column-is-layout-flow\" style=\"flex-basis:50%\"><h3 class=\"wp-block-post-title has-text-color has-base-color has-medium-font-size\">Wind Turbine DFIG\/Photovoltaic\/Fuel cell hybrid power sources system associated with hydrogen storage energy for microgrid applications,<\/h3>\n\n\n<p class=\"has-base-color has-text-color\">2015 3rd International Renewable and Sustainable Energy Conference (IRSEC), Marrakech, Morocco, December 2015.<\/p>\n<\/div>\n\n\n\n<div class=\"wp-block-column is-layout-flow wp-block-column-is-layout-flow\">\n<div class=\"wp-block-buttons is-layout-flex\">\n                <div class=\"wp-block-button has-custom-width wp-block-button__width-100 has-custom-font-size has-small-font-size\"><a target=\"_blank\" class=\"wp-block-button__link has-tertiary-color has-base-background-color has-text-color has-background wp-element-button\" href='https:\/\/ieeexplore.ieee.org\/document\/7455060' rel=\"noopener\">Lien vers l&rsquo;article<\/a><\/div>\n                <\/div>\n<\/div>\n<\/div>\n\n<\/li><li class=\"wp-block-post post-5199 journal_article type-journal_article status-publish hentry journal_article_cat-conferences\">\n\n<hr class=\"wp-block-separator has-text-color has-background-color has-alpha-channel-opacity has-background-background-color has-background is-style-wide\"\/>\n\n\n\n<div class=\"wp-block-columns is-layout-flex wp-container-core-columns-is-layout-28f84493 wp-block-columns-is-layout-flex\">\n<div class=\"wp-block-column is-layout-flow wp-block-column-is-layout-flow\" style=\"flex-basis:30%\">\n<p class=\"has-base-color has-text-color\"><strong>D. Palessonga, M. El Gibari, S. Ginestar, H. Terrisse, B. Guiffard, A. Kassiba, and H. W. Li<\/strong><\/p>\n<\/div>\n\n\n\n<div class=\"wp-block-column is-layout-flow wp-block-column-is-layout-flow\" style=\"flex-basis:50%\"><h3 class=\"wp-block-post-title has-text-color has-base-color has-medium-font-size\">Tuning of microwave and optical properties of the electro-optic polymer PMMA-DR1 by loading with SiC nanoparticles for optimization of photonic microwave components,<\/h3>\n\n\n<p class=\"has-base-color has-text-color\">IEEE Telecommunications Forum Telfor, Belgrade, Serbia, November 2015.<\/p>\n<\/div>\n\n\n\n<div class=\"wp-block-column is-layout-flow wp-block-column-is-layout-flow\">\n<div class=\"wp-block-buttons is-layout-flex\">\n                <div class=\"wp-block-button has-custom-width wp-block-button__width-100 has-custom-font-size has-small-font-size\"><a target=\"_blank\" class=\"wp-block-button__link has-tertiary-color has-base-background-color has-text-color has-background wp-element-button\" href='https:\/\/ieeexplore.ieee.org\/document\/7377523?reload=true' rel=\"noopener\">Lien vers l&rsquo;article<\/a><\/div>\n                <\/div>\n<\/div>\n<\/div>\n\n<\/li><li class=\"wp-block-post post-4599 journal_article type-journal_article status-publish hentry journal_article_cat-conferences\">\n\n<hr class=\"wp-block-separator has-text-color has-background-color has-alpha-channel-opacity has-background-background-color has-background is-style-wide\"\/>\n\n\n\n<div class=\"wp-block-columns is-layout-flex wp-container-core-columns-is-layout-28f84493 wp-block-columns-is-layout-flex\">\n<div class=\"wp-block-column is-layout-flow wp-block-column-is-layout-flow\" style=\"flex-basis:30%\">\n<p class=\"has-base-color has-text-color\"><strong>L. Amour, S. Souihi, S. Hoceini, and A. Mellouk<\/strong><\/p>\n<\/div>\n\n\n\n<div class=\"wp-block-column is-layout-flow wp-block-column-is-layout-flow\" style=\"flex-basis:50%\"><h3 class=\"wp-block-post-title has-text-color has-base-color has-medium-font-size\">Building a Large Dataset for Model-based QoE Prediction in the Mobile Environment,<\/h3>\n\n\n<p class=\"has-base-color has-text-color\">Proceedings of the 18th ACM International Conference on Modeling, Analysis and Simulation of Wireless and Mobile Systems (MSWiM&rsquo;15), pp. 5, Cancun, Mexico, November 2015.<\/p>\n<\/div>\n\n\n\n<div class=\"wp-block-column is-layout-flow wp-block-column-is-layout-flow\">\n<div class=\"wp-block-buttons is-layout-flex\">\n                <div class=\"wp-block-button has-custom-width wp-block-button__width-100 has-custom-font-size has-small-font-size\"><a target=\"_blank\" class=\"wp-block-button__link has-tertiary-color has-base-background-color has-text-color has-background wp-element-button\" href='https:\/\/dl.acm.org\/doi\/10.1145\/2811587.2811631' rel=\"noopener\">Lien vers l&rsquo;article<\/a><\/div>\n                <\/div>\n<\/div>\n<\/div>\n\n<\/li><li class=\"wp-block-post post-4598 journal_article type-journal_article status-publish hentry journal_article_cat-conferences\">\n\n<hr class=\"wp-block-separator has-text-color has-background-color has-alpha-channel-opacity has-background-background-color has-background is-style-wide\"\/>\n\n\n\n<div class=\"wp-block-columns is-layout-flex wp-container-core-columns-is-layout-28f84493 wp-block-columns-is-layout-flex\">\n<div class=\"wp-block-column is-layout-flow wp-block-column-is-layout-flow\" style=\"flex-basis:30%\">\n<p class=\"has-base-color has-text-color\"><strong>L. Amour, S. Souihi, S. Hoceini, and A. Mellouk<\/strong><\/p>\n<\/div>\n\n\n\n<div class=\"wp-block-column is-layout-flow wp-block-column-is-layout-flow\" style=\"flex-basis:50%\"><h3 class=\"wp-block-post-title has-text-color has-base-color has-medium-font-size\">An Open Source Platform for Perceived Video Quality Evaluation,<\/h3>\n\n\n<p class=\"has-base-color has-text-color\">Proceedings of the 11th ACM Symposium on QoS and Security for Wireless and Mobile Networks (Q2SWinet &lsquo;2015), pp. 3, Cancun, Mexico, November 2015.<\/p>\n<\/div>\n\n\n\n<div class=\"wp-block-column is-layout-flow wp-block-column-is-layout-flow\">\n<div class=\"wp-block-buttons is-layout-flex\">\n                <div class=\"wp-block-button has-custom-width wp-block-button__width-100 has-custom-font-size has-small-font-size\"><a target=\"_blank\" class=\"wp-block-button__link has-tertiary-color has-base-background-color has-text-color has-background wp-element-button\" href='https:\/\/dl.acm.org\/doi\/10.1145\/2815317.2815344' rel=\"noopener\">Lien vers l&rsquo;article<\/a><\/div>\n                <\/div>\n<\/div>\n<\/div>\n\n<\/li><li class=\"wp-block-post post-4505 journal_article type-journal_article status-publish hentry journal_article_cat-conferences\">\n\n<hr class=\"wp-block-separator has-text-color has-background-color has-alpha-channel-opacity has-background-background-color has-background is-style-wide\"\/>\n\n\n\n<div class=\"wp-block-columns is-layout-flex wp-container-core-columns-is-layout-28f84493 wp-block-columns-is-layout-flex\">\n<div class=\"wp-block-column is-layout-flow wp-block-column-is-layout-flow\" style=\"flex-basis:30%\">\n<p class=\"has-base-color has-text-color\"><strong>Y. Lehiani, M. Maidi, M. Preda, and A. Gabrielli  <\/strong><\/p>\n<\/div>\n\n\n\n<div class=\"wp-block-column is-layout-flow wp-block-column-is-layout-flow\" style=\"flex-basis:50%\"><h3 class=\"wp-block-post-title has-text-color has-base-color has-medium-font-size\">Object Recognition in Extended Image Databases using a Mobile Client-Server Architecture,<\/h3>\n\n\n<p class=\"has-base-color has-text-color\">IEEE International Conference on Signal and Image Processing Applications (IEEE ICSIPA\u20192015), pp. 197-202, Kuala Lumpur, Malaysia, October 2015.<\/p>\n<\/div>\n\n\n\n<div class=\"wp-block-column is-layout-flow wp-block-column-is-layout-flow\">\n<div class=\"wp-block-buttons is-layout-flex\">\n                <div class=\"wp-block-button has-custom-width wp-block-button__width-100 has-custom-font-size has-small-font-size\"><a target=\"_blank\" class=\"wp-block-button__link has-tertiary-color has-base-background-color has-text-color has-background wp-element-button\" href='https:\/\/ieeexplore.ieee.org\/document\/7412189' rel=\"noopener\">Lien vers l&rsquo;article<\/a><\/div>\n                <\/div>\n<\/div>\n<\/div>\n\n<\/li><li class=\"wp-block-post post-4504 journal_article type-journal_article status-publish hentry journal_article_cat-conferences\">\n\n<hr class=\"wp-block-separator has-text-color has-background-color has-alpha-channel-opacity has-background-background-color has-background is-style-wide\"\/>\n\n\n\n<div class=\"wp-block-columns is-layout-flex wp-container-core-columns-is-layout-28f84493 wp-block-columns-is-layout-flex\">\n<div class=\"wp-block-column is-layout-flow wp-block-column-is-layout-flow\" style=\"flex-basis:30%\">\n<p class=\"has-base-color has-text-color\"><strong>Y. Lehiani, M. Maidi, M. Preda, and F. Ghorbel <\/strong><\/p>\n<\/div>\n\n\n\n<div class=\"wp-block-column is-layout-flow wp-block-column-is-layout-flow\" style=\"flex-basis:50%\"><h3 class=\"wp-block-post-title has-text-color has-base-color has-medium-font-size\">Object Identification and Tracking for Steady Registration in Mobile Augmented Reality,<\/h3>\n\n\n<p class=\"has-base-color has-text-color\">IEEE International Conference on Signal and Image Processing Applications (IEEE ICSIPA\u20192015), pp. 54-59, Kuala Lumpur, Malaysia, October 2015.<\/p>\n<\/div>\n\n\n\n<div class=\"wp-block-column is-layout-flow wp-block-column-is-layout-flow\">\n<div class=\"wp-block-buttons is-layout-flex\">\n                <div class=\"wp-block-button has-custom-width wp-block-button__width-100 has-custom-font-size has-small-font-size\"><a target=\"_blank\" class=\"wp-block-button__link has-tertiary-color has-base-background-color has-text-color has-background wp-element-button\" href='https:\/\/ieeexplore.ieee.org\/document\/7412163' rel=\"noopener\">Lien vers l&rsquo;article<\/a><\/div>\n                <\/div>\n<\/div>\n<\/div>\n\n<\/li><li class=\"wp-block-post post-4631 journal_article type-journal_article status-publish hentry journal_article_cat-conferences\">\n\n<hr class=\"wp-block-separator has-text-color has-background-color has-alpha-channel-opacity has-background-background-color has-background is-style-wide\"\/>\n\n\n\n<div class=\"wp-block-columns is-layout-flex wp-container-core-columns-is-layout-28f84493 wp-block-columns-is-layout-flex\">\n<div class=\"wp-block-column is-layout-flow wp-block-column-is-layout-flow\" style=\"flex-basis:30%\">\n<p class=\"has-base-color has-text-color\"><strong>A. Caldas, A. Micaelli, M. Grossard, M. Makarov, P. Rodriguez-Ayerbe, and D. Dumur<\/strong><\/p>\n<\/div>\n\n\n\n<div class=\"wp-block-column is-layout-flow wp-block-column-is-layout-flow\" style=\"flex-basis:50%\"><h3 class=\"wp-block-post-title has-text-color has-base-color has-medium-font-size\">On task-decoupling by robust eigenstructure assignment for dexterous manipulation,<\/h3>\n\n\n<p class=\"has-base-color has-text-color\">IEEE\/RSJ International Conference on Intelligent Robots and Systems (IROS 2015), pp.5654-5661, Hamburg, Germany, October 2015.<\/p>\n<\/div>\n\n\n\n<div class=\"wp-block-column is-layout-flow wp-block-column-is-layout-flow\">\n<div class=\"wp-block-buttons is-layout-flex\">\n                <div class=\"wp-block-button has-custom-width wp-block-button__width-100 has-custom-font-size has-small-font-size\"><a target=\"_blank\" class=\"wp-block-button__link has-tertiary-color has-base-background-color has-text-color has-background wp-element-button\" href='https:\/\/hal-centralesupelec.archives-ouvertes.fr\/hal-01259913' rel=\"noopener\">Lien vers l&rsquo;article<\/a><\/div>\n                <\/div>\n<\/div>\n<\/div>\n\n<\/li><li class=\"wp-block-post post-4422 journal_article type-journal_article status-publish hentry journal_article_cat-conferences\">\n\n<hr class=\"wp-block-separator has-text-color has-background-color has-alpha-channel-opacity has-background-background-color has-background is-style-wide\"\/>\n\n\n\n<div class=\"wp-block-columns is-layout-flex wp-container-core-columns-is-layout-28f84493 wp-block-columns-is-layout-flex\">\n<div class=\"wp-block-column is-layout-flow wp-block-column-is-layout-flow\" style=\"flex-basis:30%\">\n<p class=\"has-base-color has-text-color\"><strong>F. Gruson, J. Freytes, S. Samimi, P. Delarue, X. Guillaud, F. Colas, and M.M. Belhaouane <\/strong><\/p>\n<\/div>\n\n\n\n<div class=\"wp-block-column is-layout-flow wp-block-column-is-layout-flow\" style=\"flex-basis:50%\"><h3 class=\"wp-block-post-title has-text-color has-base-color has-medium-font-size\">Impact of control algorithm solutions on Modular Multilevel Converters electrical waveforms and losses,<\/h3>\n\n\n<p class=\"has-base-color has-text-color\"> 2015 17th European Conference on Power Electronics and Applications (EPE&rsquo;15 ECCE-Europe), pp. 1-10, Geneva, Switzerland, September 2015.<\/p>\n<\/div>\n\n\n\n<div class=\"wp-block-column is-layout-flow wp-block-column-is-layout-flow\">\n<div class=\"wp-block-buttons is-layout-flex\">\n                <div class=\"wp-block-button has-custom-width wp-block-button__width-100 has-custom-font-size has-small-font-size\"><a target=\"_blank\" class=\"wp-block-button__link has-tertiary-color has-base-background-color has-text-color has-background wp-element-button\" href='https:\/\/ieeexplore.ieee.org\/abstract\/document\/7309115' rel=\"noopener\">Lien vers l&rsquo;article<\/a><\/div>\n                <\/div>\n<\/div>\n<\/div>\n\n<\/li><li class=\"wp-block-post post-4689 journal_article type-journal_article status-publish hentry journal_article_cat-conferences\">\n\n<hr class=\"wp-block-separator has-text-color has-background-color has-alpha-channel-opacity has-background-background-color has-background is-style-wide\"\/>\n\n\n\n<div class=\"wp-block-columns is-layout-flex wp-container-core-columns-is-layout-28f84493 wp-block-columns-is-layout-flex\">\n<div class=\"wp-block-column is-layout-flow wp-block-column-is-layout-flow\" style=\"flex-basis:30%\">\n<p class=\"has-base-color has-text-color\"><strong>F. Li, O. Tankyevych, Y. Chenoune, R. Blanc, and E. Petit<\/strong><\/p>\n<\/div>\n\n\n\n<div class=\"wp-block-column is-layout-flow wp-block-column-is-layout-flow\" style=\"flex-basis:50%\"><h3 class=\"wp-block-post-title has-text-color has-base-color has-medium-font-size\">Symbolic Representation of Brain Vascular Network with ArterioVenous Malformations from 3DRA Images,<\/h3>\n\n\n<p class=\"has-base-color has-text-color\">37th Annual Conference on the IEEE Engineering in Medicine and Biology Society (EMBS), Vol. 2015, pp. 662-665, Milano, Italy, August 2015.<\/p>\n<\/div>\n\n\n\n<div class=\"wp-block-column is-layout-flow wp-block-column-is-layout-flow\">\n<div class=\"wp-block-buttons is-layout-flex\">\n                <div class=\"wp-block-button has-custom-width wp-block-button__width-100 has-custom-font-size has-small-font-size\"><a target=\"_blank\" class=\"wp-block-button__link has-tertiary-color has-base-background-color has-text-color has-background wp-element-button\" href='https:\/\/pubmed.ncbi.nlm.nih.gov\/26736349\/' rel=\"noopener\">Lien vers l&rsquo;article<\/a><\/div>\n                <\/div>\n<\/div>\n<\/div>\n\n<\/li><li class=\"wp-block-post post-4953 journal_article type-journal_article status-publish hentry journal_article_cat-conferences\">\n\n<hr class=\"wp-block-separator has-text-color has-background-color has-alpha-channel-opacity has-background-background-color has-background is-style-wide\"\/>\n\n\n\n<div class=\"wp-block-columns is-layout-flex wp-container-core-columns-is-layout-28f84493 wp-block-columns-is-layout-flex\">\n<div class=\"wp-block-column is-layout-flow wp-block-column-is-layout-flow\" style=\"flex-basis:30%\">\n<p class=\"has-base-color has-text-color\"><strong>M. Graiet, I. Abbassi, R. Maraoui, J. Sindyana, and L. Hamel<\/strong><\/p>\n<\/div>\n\n\n\n<div class=\"wp-block-column is-layout-flow wp-block-column-is-layout-flow\" style=\"flex-basis:50%\"><h3 class=\"wp-block-post-title has-text-color has-base-color has-medium-font-size\">A Formal Approach for Ensuring a Correct Reconfigurable Composite Service,<\/h3>\n\n\n<p class=\"has-base-color has-text-color\">IEEE International Conference on Services Computing (SCC 2015), pp. 411-418, New York, USA, July 2015.<\/p>\n<\/div>\n\n\n\n<div class=\"wp-block-column is-layout-flow wp-block-column-is-layout-flow\">\n<div class=\"wp-block-buttons is-layout-flex\">\n                <div class=\"wp-block-button has-custom-width wp-block-button__width-100 has-custom-font-size has-small-font-size\"><a target=\"_blank\" class=\"wp-block-button__link has-tertiary-color has-base-background-color has-text-color has-background wp-element-button\" href='https:\/\/ieeexplore.ieee.org\/document\/7207381' rel=\"noopener\">Lien vers l&rsquo;article<\/a><\/div>\n                <\/div>\n<\/div>\n<\/div>\n\n<\/li><li class=\"wp-block-post post-4432 journal_article type-journal_article status-publish hentry journal_article_cat-conferences\">\n\n<hr class=\"wp-block-separator has-text-color has-background-color has-alpha-channel-opacity has-background-background-color has-background is-style-wide\"\/>\n\n\n\n<div class=\"wp-block-columns is-layout-flex wp-container-core-columns-is-layout-28f84493 wp-block-columns-is-layout-flex\">\n<div class=\"wp-block-column is-layout-flow wp-block-column-is-layout-flow\" style=\"flex-basis:30%\">\n<p class=\"has-base-color has-text-color\"><strong>S. Samimi, F. Gruson, X. Guillaud, and P. Delarue<\/strong><\/p>\n<\/div>\n\n\n\n<div class=\"wp-block-column is-layout-flow wp-block-column-is-layout-flow\" style=\"flex-basis:50%\"><h3 class=\"wp-block-post-title has-text-color has-base-color has-medium-font-size\">Control of DC bus voltage with a Modular Multilevel Converter,<\/h3>\n\n\n<p class=\"has-base-color has-text-color\">2015 IEEE Eindhoven PowerTech, pp. 1-6, Eindhoven, Netherlands, July 2015.<\/p>\n<\/div>\n\n\n\n<div class=\"wp-block-column is-layout-flow wp-block-column-is-layout-flow\">\n<div class=\"wp-block-buttons is-layout-flex\">\n                <div class=\"wp-block-button has-custom-width wp-block-button__width-100 has-custom-font-size has-small-font-size\"><a target=\"_blank\" class=\"wp-block-button__link has-tertiary-color has-base-background-color has-text-color has-background wp-element-button\" href='https:\/\/ieeexplore.ieee.org\/document\/7232570' rel=\"noopener\">Lien vers l&rsquo;article<\/a><\/div>\n                <\/div>\n<\/div>\n<\/div>\n\n<\/li><li class=\"wp-block-post post-4952 journal_article type-journal_article status-publish hentry journal_article_cat-conferences\">\n\n<hr class=\"wp-block-separator has-text-color has-background-color has-alpha-channel-opacity has-background-background-color has-background is-style-wide\"\/>\n\n\n\n<div class=\"wp-block-columns is-layout-flex wp-container-core-columns-is-layout-28f84493 wp-block-columns-is-layout-flex\">\n<div class=\"wp-block-column is-layout-flow wp-block-column-is-layout-flow\" style=\"flex-basis:30%\">\n<p class=\"has-base-color has-text-color\"><strong>R. Maraoui and B. El Ayeb <\/strong><\/p>\n<\/div>\n\n\n\n<div class=\"wp-block-column is-layout-flow wp-block-column-is-layout-flow\" style=\"flex-basis:50%\"><h3 class=\"wp-block-post-title has-text-color has-base-color has-medium-font-size\">Integrating the SysML and ACME in a Model Driven Engineering approach to verify the Web service composition,<\/h3>\n\n\n<p class=\"has-base-color has-text-color\">IEEE 24th International Conference on Enabling Technologies: Infrastructure for Collaborative Enterprises (WETICE 2015), Larnaca, Cyprus, June 2015.<\/p>\n<\/div>\n\n\n\n<div class=\"wp-block-column is-layout-flow wp-block-column-is-layout-flow\">\n<div class=\"wp-block-buttons is-layout-flex\">\n                <div class=\"wp-block-button has-custom-width wp-block-button__width-100 has-custom-font-size has-small-font-size\"><a target=\"_blank\" class=\"wp-block-button__link has-tertiary-color has-base-background-color has-text-color has-background wp-element-button\" href='http:\/\/www.cyprusconferences.org\/wetice2015\/' rel=\"noopener\">Lien vers la conf\u00e9rence<\/a><\/div>\n                <\/div>\n<\/div>\n<\/div>\n\n<\/li><li class=\"wp-block-post post-4632 journal_article type-journal_article status-publish hentry journal_article_cat-conferences\">\n\n<hr class=\"wp-block-separator has-text-color has-background-color has-alpha-channel-opacity has-background-background-color has-background is-style-wide\"\/>\n\n\n\n<div class=\"wp-block-columns is-layout-flex wp-container-core-columns-is-layout-28f84493 wp-block-columns-is-layout-flex\">\n<div class=\"wp-block-column is-layout-flow wp-block-column-is-layout-flow\" style=\"flex-basis:30%\">\n<p class=\"has-base-color has-text-color\"><strong>A. Caldas, A. Micaelli, M. Grossard, M. Makarov, P. Rodriguez-Ayerbe, and D. Dumur<\/strong><\/p>\n<\/div>\n\n\n\n<div class=\"wp-block-column is-layout-flow wp-block-column-is-layout-flow\" style=\"flex-basis:50%\"><h3 class=\"wp-block-post-title has-text-color has-base-color has-medium-font-size\">Object-level impedance control for dexterous manipulation with contact uncertainties using an LMI-based approach,<\/h3>\n\n\n<p class=\"has-base-color has-text-color\">2015 IEEE International Conference on Robotics and Automation (ICRA), pp. 3668-3674, Seattle, WA, USA, May 2015. <\/p>\n<\/div>\n\n\n\n<div class=\"wp-block-column is-layout-flow wp-block-column-is-layout-flow\">\n<div class=\"wp-block-buttons is-layout-flex\">\n                <div class=\"wp-block-button has-custom-width wp-block-button__width-100 has-custom-font-size has-small-font-size\"><a target=\"_blank\" class=\"wp-block-button__link has-tertiary-color has-base-background-color has-text-color has-background wp-element-button\" href='https:\/\/ieeexplore.ieee.org\/document\/7139708' rel=\"noopener\">Lien vers l&rsquo;article<\/a><\/div>\n                <\/div>\n<\/div>\n<\/div>\n\n<\/li><li class=\"wp-block-post post-5659 journal_article type-journal_article status-publish hentry journal_article_cat-conferences\">\n\n<hr class=\"wp-block-separator has-text-color has-background-color has-alpha-channel-opacity has-background-background-color has-background is-style-wide\"\/>\n\n\n\n<div class=\"wp-block-columns is-layout-flex wp-container-core-columns-is-layout-28f84493 wp-block-columns-is-layout-flex\">\n<div class=\"wp-block-column is-layout-flow wp-block-column-is-layout-flow\" style=\"flex-basis:30%\">\n<p class=\"has-base-color has-text-color\"><strong>A. Badji, H. Djoudi, N. Benyahia, H. Denoun, M. Zaouia, and N. Benamrouche<\/strong><\/p>\n<\/div>\n\n\n\n<div class=\"wp-block-column is-layout-flow wp-block-column-is-layout-flow\" style=\"flex-basis:50%\"><h3 class=\"wp-block-post-title has-text-color has-base-color has-medium-font-size\">Energetic Macroscopic Representation (EMR) based on Internal Model Control (IMC) for Fuel Cell and Supercapacitor Hybrid Electric Vehicles,<\/h3>\n\n\n<p class=\"has-base-color has-text-color\">2015 3rd International Conference on Control, Engineering &amp; Information Technology (CEIT), Tlemcen, Algeria, May 2015.<\/p>\n<\/div>\n\n\n\n<div class=\"wp-block-column is-layout-flow wp-block-column-is-layout-flow\">\n<div class=\"wp-block-buttons is-layout-flex\">\n                <div class=\"wp-block-button has-custom-width wp-block-button__width-100 has-custom-font-size has-small-font-size\"><a target=\"_blank\" class=\"wp-block-button__link has-tertiary-color has-base-background-color has-text-color has-background wp-element-button\" href='https:\/\/doi.org\/10.1109\/CEIT.2015.7233074' rel=\"noopener\">Lien vers l&rsquo;article<\/a><\/div>\n                <\/div>\n<\/div>\n<\/div>\n\n<\/li><li class=\"wp-block-post post-5360 journal_article type-journal_article status-publish hentry journal_article_cat-conferences\">\n\n<hr class=\"wp-block-separator has-text-color has-background-color has-alpha-channel-opacity has-background-background-color has-background is-style-wide\"\/>\n\n\n\n<div class=\"wp-block-columns is-layout-flex wp-container-core-columns-is-layout-28f84493 wp-block-columns-is-layout-flex\">\n<div class=\"wp-block-column is-layout-flow wp-block-column-is-layout-flow\" style=\"flex-basis:30%\">\n<p class=\"has-base-color has-text-color\"><strong>M. Barara, C. Adiuku, K. Alhosani, N. Al Sayari, A. Bieg, M. Akherraz, and A. Abbou<\/strong><\/p>\n<\/div>\n\n\n\n<div class=\"wp-block-column is-layout-flow wp-block-column-is-layout-flow\" style=\"flex-basis:50%\"><h3 class=\"wp-block-post-title has-text-color has-base-color has-medium-font-size\">An Isolated Renewable Energy Source Based Regulated Single Phase Power Supply Using Multilevel Cascaded H-Bridge Converter,<\/h3>\n\n\n<p class=\"has-base-color has-text-color\">2015 IEEE 5th International Conference on Power Engineering, Energy and Electrical Drives (POWERENG), Riga, Latvia, May 2015. <\/p>\n<\/div>\n\n\n\n<div class=\"wp-block-column is-layout-flow wp-block-column-is-layout-flow\">\n<div class=\"wp-block-buttons is-layout-flex\">\n                <div class=\"wp-block-button has-custom-width wp-block-button__width-100 has-custom-font-size has-small-font-size\"><a target=\"_blank\" class=\"wp-block-button__link has-tertiary-color has-base-background-color has-text-color has-background wp-element-button\" href='https:\/\/ieeexplore.ieee.org\/document\/7266386' rel=\"noopener\">Lien vers l&rsquo;article<\/a><\/div>\n                <\/div>\n<\/div>\n<\/div>\n\n<\/li><li class=\"wp-block-post post-4600 journal_article type-journal_article status-publish hentry journal_article_cat-conferences\">\n\n<hr class=\"wp-block-separator has-text-color has-background-color has-alpha-channel-opacity has-background-background-color has-background is-style-wide\"\/>\n\n\n\n<div class=\"wp-block-columns is-layout-flex wp-container-core-columns-is-layout-28f84493 wp-block-columns-is-layout-flex\">\n<div class=\"wp-block-column is-layout-flow wp-block-column-is-layout-flow\" style=\"flex-basis:30%\">\n<p class=\"has-base-color has-text-color\"><strong>L. Amour, S. Souihi, and A. Mellouk<\/strong><\/p>\n<\/div>\n\n\n\n<div class=\"wp-block-column is-layout-flow wp-block-column-is-layout-flow\" style=\"flex-basis:50%\"><h3 class=\"wp-block-post-title has-text-color has-base-color has-medium-font-size\">A Hierarchical Classification Model of QoE Influence Factors,<\/h3>\n\n\n<p class=\"has-base-color has-text-color\">International Conference on Wired\/Wireless Internet Communication (WWIC&rsquo;2015), pp. 13, Malaga, Spain, May 2015.<\/p>\n<\/div>\n\n\n\n<div class=\"wp-block-column is-layout-flow wp-block-column-is-layout-flow\">\n<div class=\"wp-block-buttons is-layout-flex\">\n                <div class=\"wp-block-button has-custom-width wp-block-button__width-100 has-custom-font-size has-small-font-size\"><a target=\"_blank\" class=\"wp-block-button__link has-tertiary-color has-base-background-color has-text-color has-background wp-element-button\" href='https:\/\/hal.archives-ouvertes.fr\/hal-01567523' rel=\"noopener\">Lien vers l&rsquo;article<\/a><\/div>\n                <\/div>\n<\/div>\n<\/div>\n\n<\/li><li class=\"wp-block-post post-4420 journal_article type-journal_article status-publish hentry journal_article_cat-conferences\">\n\n<hr class=\"wp-block-separator has-text-color has-background-color has-alpha-channel-opacity has-background-background-color has-background is-style-wide\"\/>\n\n\n\n<div class=\"wp-block-columns is-layout-flex wp-container-core-columns-is-layout-28f84493 wp-block-columns-is-layout-flex\">\n<div class=\"wp-block-column is-layout-flow wp-block-column-is-layout-flow\" style=\"flex-basis:30%\">\n<p class=\"has-base-color has-text-color\"><strong>S. Samimi, F. Gruson, P. Delarue, and X. Guillaud<\/strong><\/p>\n<\/div>\n\n\n\n<div class=\"wp-block-column is-layout-flow wp-block-column-is-layout-flow\" style=\"flex-basis:50%\"><h3 class=\"wp-block-post-title has-text-color has-base-color has-medium-font-size\">Synthesis of different types of energy based controllers for a Modular Multilevel Converter integrated in an HVDC link,<\/h3>\n\n\n<p class=\"has-base-color has-text-color\">11th IET International Conference on AC and DC Power Transmission, pp. 1-7, Birmingham, UK, February 2015.<\/p>\n<\/div>\n\n\n\n<div class=\"wp-block-column is-layout-flow wp-block-column-is-layout-flow\">\n<div class=\"wp-block-buttons is-layout-flex\">\n                <div class=\"wp-block-button has-custom-width wp-block-button__width-100 has-custom-font-size has-small-font-size\"><a target=\"_blank\" class=\"wp-block-button__link has-tertiary-color has-base-background-color has-text-color has-background wp-element-button\" href='https:\/\/ieeexplore.ieee.org\/document\/7140607' rel=\"noopener\">Lien vers l&rsquo;article<\/a><\/div>\n                <\/div>\n<\/div>\n<\/div>\n\n<\/li><li class=\"wp-block-post post-4506 journal_article type-journal_article status-publish hentry journal_article_cat-conferences\">\n\n<hr class=\"wp-block-separator has-text-color has-background-color has-alpha-channel-opacity has-background-background-color has-background is-style-wide\"\/>\n\n\n\n<div class=\"wp-block-columns is-layout-flex wp-container-core-columns-is-layout-28f84493 wp-block-columns-is-layout-flex\">\n<div class=\"wp-block-column is-layout-flow wp-block-column-is-layout-flow\" style=\"flex-basis:30%\">\n<p class=\"has-base-color has-text-color\"><strong>M. Maidi, M. Preda, and Y. Lehiani<\/strong><\/p>\n<\/div>\n\n\n\n<div class=\"wp-block-column is-layout-flow wp-block-column-is-layout-flow\" style=\"flex-basis:50%\"><h3 class=\"wp-block-post-title has-text-color has-base-color has-medium-font-size\">Markerless Identification and Tracking for Scalable Image Database,<\/h3>\n\n\n<p class=\"has-base-color has-text-color\">IEEE International Conference on Image Processing (ICIP\u20192014), pp. 403-407, Paris, France, October 2014.<\/p>\n<\/div>\n\n\n\n<div class=\"wp-block-column is-layout-flow wp-block-column-is-layout-flow\">\n<div class=\"wp-block-buttons is-layout-flex\">\n                <div class=\"wp-block-button has-custom-width wp-block-button__width-100 has-custom-font-size has-small-font-size\"><a target=\"_blank\" class=\"wp-block-button__link has-tertiary-color has-base-background-color has-text-color has-background wp-element-button\" href='https:\/\/doi.org\/10.1109\/ICIP.2014.7025080' rel=\"noopener\">Lien vers l&rsquo;article<\/a><\/div>\n                <\/div>\n<\/div>\n<\/div>\n\n<\/li><li class=\"wp-block-post post-5458 journal_article type-journal_article status-publish hentry journal_article_cat-conferences\">\n\n<hr class=\"wp-block-separator has-text-color has-background-color has-alpha-channel-opacity has-background-background-color has-background is-style-wide\"\/>\n\n\n\n<div class=\"wp-block-columns is-layout-flex wp-container-core-columns-is-layout-28f84493 wp-block-columns-is-layout-flex\">\n<div class=\"wp-block-column is-layout-flow wp-block-column-is-layout-flow\" style=\"flex-basis:30%\">\n<p class=\"has-base-color has-text-color\"><strong>A. Dandoush and M. Elgamel, <\/strong><\/p>\n<\/div>\n\n\n\n<div class=\"wp-block-column is-layout-flow wp-block-column-is-layout-flow\" style=\"flex-basis:50%\"><h3 class=\"wp-block-post-title has-text-color has-base-color has-medium-font-size\">Analytical Model for Service Response Time in Distributed Systems,<\/h3>\n\n\n<p class=\"has-base-color has-text-color\">2014 24th International Conference on Computer Theory and Applications (ICCTA), pp. 62-67, Alexandria, Egypt, October 2014.<\/p>\n<\/div>\n\n\n\n<div class=\"wp-block-column is-layout-flow wp-block-column-is-layout-flow\">\n<div class=\"wp-block-buttons is-layout-flex\">\n                <div class=\"wp-block-button has-custom-width wp-block-button__width-100 has-custom-font-size has-small-font-size\"><a target=\"_blank\" class=\"wp-block-button__link has-tertiary-color has-base-background-color has-text-color has-background wp-element-button\" href='https:\/\/ieeexplore.ieee.org\/document\/9521610' rel=\"noopener\">Lien vers l&rsquo;article<\/a><\/div>\n                <\/div>\n<\/div>\n<\/div>\n\n<\/li><li class=\"wp-block-post post-5372 journal_article type-journal_article status-publish hentry journal_article_cat-conferences\">\n\n<hr class=\"wp-block-separator has-text-color has-background-color has-alpha-channel-opacity has-background-background-color has-background is-style-wide\"\/>\n\n\n\n<div class=\"wp-block-columns is-layout-flex wp-container-core-columns-is-layout-28f84493 wp-block-columns-is-layout-flex\">\n<div class=\"wp-block-column is-layout-flow wp-block-column-is-layout-flow\" style=\"flex-basis:30%\">\n<p class=\"has-base-color has-text-color\"><strong>A. Bennassar, A. Abbou, M. Akherraz, M. Barara, A. Essalmi, and Y. Zahraoui<\/strong><\/p>\n<\/div>\n\n\n\n<div class=\"wp-block-column is-layout-flow wp-block-column-is-layout-flow\" style=\"flex-basis:50%\"><h3 class=\"wp-block-post-title has-text-color has-base-color has-medium-font-size\">Improvement performance of sensorless direct field oriented control induction motor drive with fuzzy logic controllers,<\/h3>\n\n\n<p class=\"has-base-color has-text-color\">2014 International Renewable and Sustainable Energy Conference (IRSEC), Ouarzazate, Morocco, October 2014.<\/p>\n<\/div>\n\n\n\n<div class=\"wp-block-column is-layout-flow wp-block-column-is-layout-flow\">\n<div class=\"wp-block-buttons is-layout-flex\">\n                <div class=\"wp-block-button has-custom-width wp-block-button__width-100 has-custom-font-size has-small-font-size\"><a target=\"_blank\" class=\"wp-block-button__link has-tertiary-color has-base-background-color has-text-color has-background wp-element-button\" href='https:\/\/ieeexplore.ieee.org\/document\/7059800' rel=\"noopener\">Lien vers l&rsquo;article<\/a><\/div>\n                <\/div>\n<\/div>\n<\/div>\n\n<\/li><li class=\"wp-block-post post-6994 journal_article type-journal_article status-publish hentry journal_article_cat-conferences\">\n\n<hr class=\"wp-block-separator has-text-color has-background-color has-alpha-channel-opacity has-background-background-color has-background is-style-wide\"\/>\n\n\n\n<div class=\"wp-block-columns is-layout-flex wp-container-core-columns-is-layout-28f84493 wp-block-columns-is-layout-flex\">\n<div class=\"wp-block-column is-layout-flow wp-block-column-is-layout-flow\" style=\"flex-basis:30%\">\n<p class=\"has-base-color has-text-color\"><strong>P. Pankovits, J. Pouget, B. Robyns, F. Delhaye, and S. Brisset<\/strong><\/p>\n<\/div>\n\n\n\n<div class=\"wp-block-column is-layout-flow wp-block-column-is-layout-flow\" style=\"flex-basis:50%\"><h3 class=\"wp-block-post-title has-text-color has-base-color has-medium-font-size\">Towards Railway-Smartgrid: Energy Management Optimization for Hybrid Railway Power Substations,<\/h3>\n\n\n<p class=\"has-base-color has-text-color\">5th IEEE Innovative Smart Grid Technologies Conference Europe (ISGT-Europe), Istanbul, Turkey, October 2014.<\/p>\n<\/div>\n\n\n\n<div class=\"wp-block-column is-layout-flow wp-block-column-is-layout-flow\">\n<div class=\"wp-block-buttons is-layout-flex\">\n                <div class=\"wp-block-button has-custom-width wp-block-button__width-100 has-custom-font-size has-small-font-size\"><a target=\"_blank\" class=\"wp-block-button__link has-tertiary-color has-base-background-color has-text-color has-background wp-element-button\" href='https:\/\/www.aconf.org\/conf_52656.html' rel=\"noopener\">Lien vers la conf\u00e9rence<\/a><\/div>\n                <\/div>\n<\/div>\n<\/div>\n\n<\/li><li class=\"wp-block-post post-4507 journal_article type-journal_article status-publish hentry journal_article_cat-conferences\">\n\n<hr class=\"wp-block-separator has-text-color has-background-color has-alpha-channel-opacity has-background-background-color has-background is-style-wide\"\/>\n\n\n\n<div class=\"wp-block-columns is-layout-flex wp-container-core-columns-is-layout-28f84493 wp-block-columns-is-layout-flex\">\n<div class=\"wp-block-column is-layout-flow wp-block-column-is-layout-flow\" style=\"flex-basis:30%\">\n<p class=\"has-base-color has-text-color\"><strong>M. Maidi, M. Preda, Y. Lehiani, and T. Lavric<\/strong><\/p>\n<\/div>\n\n\n\n<div class=\"wp-block-column is-layout-flow wp-block-column-is-layout-flow\" style=\"flex-basis:50%\"><h3 class=\"wp-block-post-title has-text-color has-base-color has-medium-font-size\">Vision-based tracking in large image database for real-time mobile augmented reality,<\/h3>\n\n\n<p class=\"has-base-color has-text-color\">IEEE International Workshop on Multimedia Signal Processing (MMSP\u20192014), pp. 1-6, Jakarta, Indonesia, September 2014.<\/p>\n<\/div>\n\n\n\n<div class=\"wp-block-column is-layout-flow wp-block-column-is-layout-flow\">\n<div class=\"wp-block-buttons is-layout-flex\">\n                <div class=\"wp-block-button has-custom-width wp-block-button__width-100 has-custom-font-size has-small-font-size\"><a target=\"_blank\" class=\"wp-block-button__link has-tertiary-color has-base-background-color has-text-color has-background wp-element-button\" href='https:\/\/ieeexplore.ieee.org\/document\/6958790' rel=\"noopener\">Lien vers l&rsquo;article<\/a><\/div>\n                <\/div>\n<\/div>\n<\/div>\n\n<\/li><li class=\"wp-block-post post-4633 journal_article type-journal_article status-publish hentry journal_article_cat-conferences\">\n\n<hr class=\"wp-block-separator has-text-color has-background-color has-alpha-channel-opacity has-background-background-color has-background is-style-wide\"\/>\n\n\n\n<div class=\"wp-block-columns is-layout-flex wp-container-core-columns-is-layout-28f84493 wp-block-columns-is-layout-flex\">\n<div class=\"wp-block-column is-layout-flow wp-block-column-is-layout-flow\" style=\"flex-basis:30%\">\n<p class=\"has-base-color has-text-color\"><strong>A. Caldas, A. Micaelli, M. Grossard, M. Makarov, P. Rodriguez-Ayerbe, and D. Dumur<\/strong><\/p>\n<\/div>\n\n\n\n<div class=\"wp-block-column is-layout-flow wp-block-column-is-layout-flow\" style=\"flex-basis:50%\"><h3 class=\"wp-block-post-title has-text-color has-base-color has-medium-font-size\">New metric for wrench space reachability of multifingered hand with contact uncertainties,<\/h3>\n\n\n<p class=\"has-base-color has-text-color\">2014 IEEE\/ASME International Conference on Advanced Intelligent Mechatronics, pp. 1236-1242, Besan\u00e7on, France, July 2014.<\/p>\n<\/div>\n\n\n\n<div class=\"wp-block-column is-layout-flow wp-block-column-is-layout-flow\">\n<div class=\"wp-block-buttons is-layout-flex\">\n                <div class=\"wp-block-button has-custom-width wp-block-button__width-100 has-custom-font-size has-small-font-size\"><a target=\"_blank\" class=\"wp-block-button__link has-tertiary-color has-base-background-color has-text-color has-background wp-element-button\" href='https:\/\/ieeexplore.ieee.org\/document\/6878251' rel=\"noopener\">Lien vers l&rsquo;article<\/a><\/div>\n                <\/div>\n<\/div>\n<\/div>\n\n<\/li><li class=\"wp-block-post post-6995 journal_article type-journal_article status-publish hentry journal_article_cat-conferences\">\n\n<hr class=\"wp-block-separator has-text-color has-background-color has-alpha-channel-opacity has-background-background-color has-background is-style-wide\"\/>\n\n\n\n<div class=\"wp-block-columns is-layout-flex wp-container-core-columns-is-layout-28f84493 wp-block-columns-is-layout-flex\">\n<div class=\"wp-block-column is-layout-flow wp-block-column-is-layout-flow\" style=\"flex-basis:30%\">\n<p class=\"has-base-color has-text-color\"><strong>P. Pankovits, D. Abbes, C. Saudemont, O. Moumni-Abdou, J. Pouget, and B. Robyns<\/strong><\/p>\n<\/div>\n\n\n\n<div class=\"wp-block-column is-layout-flow wp-block-column-is-layout-flow\" style=\"flex-basis:50%\"><h3 class=\"wp-block-post-title has-text-color has-base-color has-medium-font-size\">Energy Management Multi-criteria Design For Hybrid Railway Power Substations,<\/h3>\n\n\n<p class=\"has-base-color has-text-color\">ElectrIMACS, Valencia, Spain, May 2014.<\/p>\n<\/div>\n\n\n\n<div class=\"wp-block-column is-layout-flow wp-block-column-is-layout-flow\">\n<div class=\"wp-block-buttons is-layout-flex\">\n                <div class=\"wp-block-button has-custom-width wp-block-button__width-100 has-custom-font-size has-small-font-size\"><a target=\"_blank\" class=\"wp-block-button__link has-tertiary-color has-base-background-color has-text-color has-background wp-element-button\" href='http:\/\/www.electrimacs2014.upv.es\/index.html' rel=\"noopener\">Lien vers la conf\u00e9rence<\/a><\/div>\n                <\/div>\n<\/div>\n<\/div>\n\n<\/li><li class=\"wp-block-post post-5362 journal_article type-journal_article status-publish hentry journal_article_cat-conferences\">\n\n<hr class=\"wp-block-separator has-text-color has-background-color has-alpha-channel-opacity has-background-background-color has-background is-style-wide\"\/>\n\n\n\n<div class=\"wp-block-columns is-layout-flex wp-container-core-columns-is-layout-28f84493 wp-block-columns-is-layout-flex\">\n<div class=\"wp-block-column is-layout-flow wp-block-column-is-layout-flow\" style=\"flex-basis:30%\">\n<p class=\"has-base-color has-text-color\"><strong>M. Barara, A. Abbou, M. Akherraz, A. Bennassar, S. Ionita, E. Lefter, and B. Enache<\/strong><\/p>\n<\/div>\n\n\n\n<div class=\"wp-block-column is-layout-flow wp-block-column-is-layout-flow\" style=\"flex-basis:50%\"><h3 class=\"wp-block-post-title has-text-color has-base-color has-medium-font-size\">Experimental analysis on a self excited induction generator for standalone wind electric pumping stations,<\/h3>\n\n\n<p class=\"has-base-color has-text-color\">2014 International Conference on Development and Application Systems (DAS), Suceava, Romania, pp. 29-36, May 2014. <\/p>\n<\/div>\n\n\n\n<div class=\"wp-block-column is-layout-flow wp-block-column-is-layout-flow\">\n<div class=\"wp-block-buttons is-layout-flex\">\n                <div class=\"wp-block-button has-custom-width wp-block-button__width-100 has-custom-font-size has-small-font-size\"><a target=\"_blank\" class=\"wp-block-button__link has-tertiary-color has-base-background-color has-text-color has-background wp-element-button\" href='https:\/\/ieeexplore.ieee.org\/document\/6842423' rel=\"noopener\">Lien vers l&rsquo;article<\/a><\/div>\n                <\/div>\n<\/div>\n<\/div>\n\n<\/li><li class=\"wp-block-post post-4692 journal_article type-journal_article status-publish hentry journal_article_cat-conferences\">\n\n<hr class=\"wp-block-separator has-text-color has-background-color has-alpha-channel-opacity has-background-background-color has-background is-style-wide\"\/>\n\n\n\n<div class=\"wp-block-columns is-layout-flex wp-container-core-columns-is-layout-28f84493 wp-block-columns-is-layout-flex\">\n<div class=\"wp-block-column is-layout-flow wp-block-column-is-layout-flow\" style=\"flex-basis:30%\">\n<p class=\"has-base-color has-text-color\"><strong>F. Li, Y. Chenoune, M. Ouenniche, R. Blanc, and E. Petit<\/strong><\/p>\n<\/div>\n\n\n\n<div class=\"wp-block-column is-layout-flow wp-block-column-is-layout-flow\" style=\"flex-basis:50%\"><h3 class=\"wp-block-post-title has-text-color has-base-color has-medium-font-size\">Segmentation and reconstruction of cerebral vessels from 3d rotational angiography for AVM embolization planning,<\/h3>\n\n\n<p class=\"has-base-color has-text-color\">36th Annual Conference on the IEEE Engineering in Medicine and Biology Society (EMBS), Vol. 2014, pp. 5522\u20135, May 2014. <\/p>\n<\/div>\n\n\n\n<div class=\"wp-block-column is-layout-flow wp-block-column-is-layout-flow\">\n<div class=\"wp-block-buttons is-layout-flex\">\n                <div class=\"wp-block-button has-custom-width wp-block-button__width-100 has-custom-font-size has-small-font-size\"><a target=\"_blank\" class=\"wp-block-button__link has-tertiary-color has-base-background-color has-text-color has-background wp-element-button\" href='https:\/\/pubmed.ncbi.nlm.nih.gov\/25571245\/' rel=\"noopener\">Lien vers l&rsquo;article<\/a><\/div>\n                <\/div>\n<\/div>\n<\/div>\n\n<\/li><li class=\"wp-block-post post-5371 journal_article type-journal_article status-publish hentry journal_article_cat-conferences\">\n\n<hr class=\"wp-block-separator has-text-color has-background-color has-alpha-channel-opacity has-background-background-color has-background is-style-wide\"\/>\n\n\n\n<div class=\"wp-block-columns is-layout-flex wp-container-core-columns-is-layout-28f84493 wp-block-columns-is-layout-flex\">\n<div class=\"wp-block-column is-layout-flow wp-block-column-is-layout-flow\" style=\"flex-basis:30%\">\n<p class=\"has-base-color has-text-color\"><strong>A. Bennassar, A. Abbou, M. Akherraz, and M. Barara<\/strong><\/p>\n<\/div>\n\n\n\n<div class=\"wp-block-column is-layout-flow wp-block-column-is-layout-flow\" style=\"flex-basis:50%\"><h3 class=\"wp-block-post-title has-text-color has-base-color has-medium-font-size\">Applied approach intelligent technique for speed control of induction machine,<\/h3>\n\n\n<p class=\"has-base-color has-text-color\">2014 International Conference on Multimedia Computing and Systems (ICMCS), pp. 1008-1013, April 2014, Marrakech, Morocco. <\/p>\n<\/div>\n\n\n\n<div class=\"wp-block-column is-layout-flow wp-block-column-is-layout-flow\">\n<div class=\"wp-block-buttons is-layout-flex\">\n                <div class=\"wp-block-button has-custom-width wp-block-button__width-100 has-custom-font-size has-small-font-size\"><a target=\"_blank\" class=\"wp-block-button__link has-tertiary-color has-base-background-color has-text-color has-background wp-element-button\" href='https:\/\/ieeexplore.ieee.org\/document\/6911177' rel=\"noopener\">Lien vers l&rsquo;article<\/a><\/div>\n                <\/div>\n<\/div>\n<\/div>\n\n<\/li><li class=\"wp-block-post post-5366 journal_article type-journal_article status-publish hentry journal_article_cat-conferences\">\n\n<hr class=\"wp-block-separator has-text-color has-background-color has-alpha-channel-opacity has-background-background-color has-background is-style-wide\"\/>\n\n\n\n<div class=\"wp-block-columns is-layout-flex wp-container-core-columns-is-layout-28f84493 wp-block-columns-is-layout-flex\">\n<div class=\"wp-block-column is-layout-flow wp-block-column-is-layout-flow\" style=\"flex-basis:30%\">\n<p class=\"has-base-color has-text-color\"><strong>M. Barara, A. Abbou, M. Akherraz, A. Bennassar, and M.L. Elhafyani<\/strong><\/p>\n<\/div>\n\n\n\n<div class=\"wp-block-column is-layout-flow wp-block-column-is-layout-flow\" style=\"flex-basis:50%\"><h3 class=\"wp-block-post-title has-text-color has-base-color has-medium-font-size\">General study of self excited induction generator used in isolated renewable energy conversion source,<\/h3>\n\n\n<p class=\"has-base-color has-text-color\">Recent Advances in Electrical and Computer Engineering, pp. 143-149, March 2014.<\/p>\n<\/div>\n\n\n\n<div class=\"wp-block-column is-layout-flow wp-block-column-is-layout-flow\">\n<div class=\"wp-block-buttons is-layout-flex\">\n                <div class=\"wp-block-button has-custom-width wp-block-button__width-100 has-custom-font-size has-small-font-size\"><a target=\"_blank\" class=\"wp-block-button__link has-tertiary-color has-base-background-color has-text-color has-background wp-element-button\" href='https:\/\/www.researchgate.net\/publication\/294870233_General_study_of_self_excited_induction_generator_used_in_isolated_renewable_energy_conversion_source' rel=\"noopener\">Lien vers l&rsquo;article<\/a><\/div>\n                <\/div>\n<\/div>\n<\/div>\n\n<\/li><li class=\"wp-block-post post-6996 journal_article type-journal_article status-publish hentry journal_article_cat-conferences\">\n\n<hr class=\"wp-block-separator has-text-color has-background-color has-alpha-channel-opacity has-background-background-color has-background is-style-wide\"\/>\n\n\n\n<div class=\"wp-block-columns is-layout-flex wp-container-core-columns-is-layout-28f84493 wp-block-columns-is-layout-flex\">\n<div class=\"wp-block-column is-layout-flow wp-block-column-is-layout-flow\" style=\"flex-basis:30%\">\n<p class=\"has-base-color has-text-color\"><strong>P. Pankovits et al.<\/strong><\/p>\n<\/div>\n\n\n\n<div class=\"wp-block-column is-layout-flow wp-block-column-is-layout-flow\" style=\"flex-basis:50%\"><h3 class=\"wp-block-post-title has-text-color has-base-color has-medium-font-size\">CONIFER Project : Innovative concept &#038; tools for Future railway Electrical Infrastructure integrating renewable production sources and storages systems,<\/h3>\n\n\n<p class=\"has-base-color has-text-color\">World Congress on Railway Research, Sydney, Australia, November 2013.<\/p>\n<\/div>\n\n\n\n<div class=\"wp-block-column is-layout-flow wp-block-column-is-layout-flow\">\n<div class=\"wp-block-buttons is-layout-flex\">\n                <div class=\"wp-block-button has-custom-width wp-block-button__width-100 has-custom-font-size has-small-font-size\"><a target=\"_blank\" class=\"wp-block-button__link has-tertiary-color has-base-background-color has-text-color has-background wp-element-button\" href='https:\/\/uic.org\/com\/enews\/nr\/313\/article\/10th-wcrr-world-congress-on-rail' rel=\"noopener\">Lien vers la conf\u00e9rence<\/a><\/div>\n                <\/div>\n<\/div>\n<\/div>\n\n<\/li><li class=\"wp-block-post post-4338 journal_article type-journal_article status-publish hentry journal_article_cat-conferences\">\n\n<hr class=\"wp-block-separator has-text-color has-background-color has-alpha-channel-opacity has-background-background-color has-background is-style-wide\"\/>\n\n\n\n<div class=\"wp-block-columns is-layout-flex wp-container-core-columns-is-layout-28f84493 wp-block-columns-is-layout-flex\">\n<div class=\"wp-block-column is-layout-flow wp-block-column-is-layout-flow\" style=\"flex-basis:30%\">\n<p class=\"has-base-color has-text-color\"><strong>H. Marouane, C. Duvallet, A. Makni, R. Bouaziz, and B. Sadeg<\/strong><\/p>\n<\/div>\n\n\n\n<div class=\"wp-block-column is-layout-flow wp-block-column-is-layout-flow\" style=\"flex-basis:50%\"><h3 class=\"wp-block-post-title has-text-color has-base-color has-medium-font-size\">Real-Time Design Pattern for Actuators in Advanced Driver Assistance Systems,<\/h3>\n\n\n<p class=\"has-base-color has-text-color\">ICSEA 2013, The 8th International Conference on Software Engineering Advances, Venice, Italy, October 2013.<\/p>\n<\/div>\n\n\n\n<div class=\"wp-block-column is-layout-flow wp-block-column-is-layout-flow\">\n<div class=\"wp-block-buttons is-layout-flex\">\n                <div class=\"wp-block-button has-custom-width wp-block-button__width-100 has-custom-font-size has-small-font-size\"><a target=\"_blank\" class=\"wp-block-button__link has-tertiary-color has-base-background-color has-text-color has-background wp-element-button\" href='https:\/\/www.researchgate.net\/publication\/260219897_A_Real-Time_Design_Pattern_for_Actuators_in_Advanced_Driver_Assistance_Systems' rel=\"noopener\">Lien vers l&rsquo;article<\/a><\/div>\n                <\/div>\n<\/div>\n<\/div>\n\n<\/li><li class=\"wp-block-post post-4337 journal_article type-journal_article status-publish hentry journal_article_cat-conferences\">\n\n<hr class=\"wp-block-separator has-text-color has-background-color has-alpha-channel-opacity has-background-background-color has-background is-style-wide\"\/>\n\n\n\n<div class=\"wp-block-columns is-layout-flex wp-container-core-columns-is-layout-28f84493 wp-block-columns-is-layout-flex\">\n<div class=\"wp-block-column is-layout-flow wp-block-column-is-layout-flow\" style=\"flex-basis:30%\">\n<p class=\"has-base-color has-text-color\"><strong>H. Marouane, C. Duvallet, A. Makni, R. Bouaziz, and B. Sadeg<\/strong><\/p>\n<\/div>\n\n\n\n<div class=\"wp-block-column is-layout-flow wp-block-column-is-layout-flow\" style=\"flex-basis:50%\"><h3 class=\"wp-block-post-title has-text-color has-base-color has-medium-font-size\">Metrics for Measuring Quality of Real-time Design Patterns,<\/h3>\n\n\n<p class=\"has-base-color has-text-color\">ICSEA 2013, The 8th International Conference on Software Engineering Advances, Venice, Italy, October 2013.<\/p>\n<\/div>\n\n\n\n<div class=\"wp-block-column is-layout-flow wp-block-column-is-layout-flow\">\n<div class=\"wp-block-buttons is-layout-flex\">\n                <div class=\"wp-block-button has-custom-width wp-block-button__width-100 has-custom-font-size has-small-font-size\"><a target=\"_blank\" class=\"wp-block-button__link has-tertiary-color has-base-background-color has-text-color has-background wp-element-button\" href='https:\/\/thinkmind.org\/index.php?view=article&amp;articleid=icsea_2013_6_20_10203' rel=\"noopener\">Lien vers l&rsquo;article<\/a><\/div>\n                <\/div>\n<\/div>\n<\/div>\n\n<\/li><li class=\"wp-block-post post-5530 journal_article type-journal_article status-publish hentry journal_article_cat-conferences\">\n\n<hr class=\"wp-block-separator has-text-color has-background-color has-alpha-channel-opacity has-background-background-color has-background is-style-wide\"\/>\n\n\n\n<div class=\"wp-block-columns is-layout-flex wp-container-core-columns-is-layout-28f84493 wp-block-columns-is-layout-flex\">\n<div class=\"wp-block-column is-layout-flow wp-block-column-is-layout-flow\" style=\"flex-basis:30%\">\n<p class=\"has-base-color has-text-color\"><strong>A. Sassi, S. Bedoui, and K. Abderrahim<\/strong><\/p>\n<\/div>\n\n\n\n<div class=\"wp-block-column is-layout-flow wp-block-column-is-layout-flow\" style=\"flex-basis:50%\"><h3 class=\"wp-block-post-title has-text-color has-base-color has-medium-font-size\">Time delay system identification,<\/h3>\n\n\n<p class=\"has-base-color has-text-color\">2013 17th International Conference on System Theory, Control and Computing (ICSTCC), pp. 473-478, Sinaia, Romania, October 2013.<\/p>\n<\/div>\n\n\n\n<div class=\"wp-block-column is-layout-flow wp-block-column-is-layout-flow\">\n<div class=\"wp-block-buttons is-layout-flex\">\n                <div class=\"wp-block-button has-custom-width wp-block-button__width-100 has-custom-font-size has-small-font-size\"><a target=\"_blank\" class=\"wp-block-button__link has-tertiary-color has-base-background-color has-text-color has-background wp-element-button\" href='https:\/\/ieeexplore.ieee.org\/document\/6689003' rel=\"noopener\">Lien vers l&rsquo;article<\/a><\/div>\n                <\/div>\n<\/div>\n<\/div>\n\n<\/li><li class=\"wp-block-post post-4525 journal_article type-journal_article status-publish hentry journal_article_cat-conferences\">\n\n<hr class=\"wp-block-separator has-text-color has-background-color has-alpha-channel-opacity has-background-background-color has-background is-style-wide\"\/>\n\n\n\n<div class=\"wp-block-columns is-layout-flex wp-container-core-columns-is-layout-28f84493 wp-block-columns-is-layout-flex\">\n<div class=\"wp-block-column is-layout-flow wp-block-column-is-layout-flow\" style=\"flex-basis:30%\">\n<p class=\"has-base-color has-text-color\"><strong>M. Maidi, M. Preda, M-N. Dailey, and S. Kongsilp<\/strong><\/p>\n<\/div>\n\n\n\n<div class=\"wp-block-column is-layout-flow wp-block-column-is-layout-flow\" style=\"flex-basis:50%\"><h3 class=\"wp-block-post-title has-text-color has-base-color has-medium-font-size\">Natural Feature Tracking on a Mobile Handheld Tablet,<\/h3>\n\n\n<p class=\"has-base-color has-text-color\">IEEE International Conference on Signal and Image Processing Applications (ICSIPA\u20192013), pp. 246-251, Melaka, Malaysia, October 2013.<\/p>\n<\/div>\n\n\n\n<div class=\"wp-block-column is-layout-flow wp-block-column-is-layout-flow\">\n<div class=\"wp-block-buttons is-layout-flex\">\n                <div class=\"wp-block-button has-custom-width wp-block-button__width-100 has-custom-font-size has-small-font-size\"><a target=\"_blank\" class=\"wp-block-button__link has-tertiary-color has-base-background-color has-text-color has-background wp-element-button\" href='https:\/\/ieeexplore.ieee.org\/document\/6708012' rel=\"noopener\">Lien vers l&rsquo;article<\/a><\/div>\n                <\/div>\n<\/div>\n<\/div>\n\n<\/li><li class=\"wp-block-post post-5296 journal_article type-journal_article status-publish hentry journal_article_cat-conferences\">\n\n<hr class=\"wp-block-separator has-text-color has-background-color has-alpha-channel-opacity has-background-background-color has-background is-style-wide\"\/>\n\n\n\n<div class=\"wp-block-columns is-layout-flex wp-container-core-columns-is-layout-28f84493 wp-block-columns-is-layout-flex\">\n<div class=\"wp-block-column is-layout-flow wp-block-column-is-layout-flow\" style=\"flex-basis:30%\">\n<p class=\"has-base-color has-text-color\"><strong>A. Vanyan, F. Bassi, A. Herry, and P. Duhamel<\/strong><\/p>\n<\/div>\n\n\n\n<div class=\"wp-block-column is-layout-flow wp-block-column-is-layout-flow\" style=\"flex-basis:50%\"><h3 class=\"wp-block-post-title has-text-color has-base-color has-medium-font-size\">Coding, diversity and ARQ in fading channels: a case study performance comparison,<\/h3>\n\n\n<p class=\"has-base-color has-text-color\">24th Annual International Symposium on Personal, Indoor, and Mobile Radio Communications (PIMRC), pp. 1-5, London, United Kingdom, September 2013.<\/p>\n<\/div>\n\n\n\n<div class=\"wp-block-column is-layout-flow wp-block-column-is-layout-flow\">\n<div class=\"wp-block-buttons is-layout-flex\">\n                <div class=\"wp-block-button has-custom-width wp-block-button__width-100 has-custom-font-size has-small-font-size\"><a target=\"_blank\" class=\"wp-block-button__link has-tertiary-color has-base-background-color has-text-color has-background wp-element-button\" href='https:\/\/hal-supelec.archives-ouvertes.fr\/hal-00839530' rel=\"noopener\">Lien vers l&rsquo;article<\/a><\/div>\n                <\/div>\n<\/div>\n<\/div>\n\n<\/li><li class=\"wp-block-post post-5160 journal_article type-journal_article status-publish hentry journal_article_cat-conferences\">\n\n<hr class=\"wp-block-separator has-text-color has-background-color has-alpha-channel-opacity has-background-background-color has-background is-style-wide\"\/>\n\n\n\n<div class=\"wp-block-columns is-layout-flex wp-container-core-columns-is-layout-28f84493 wp-block-columns-is-layout-flex\">\n<div class=\"wp-block-column is-layout-flow wp-block-column-is-layout-flow\" style=\"flex-basis:30%\">\n<p class=\"has-base-color has-text-color\"><strong>M. Ba, P. Mathieu, and A. Piatnitsky<\/strong><\/p>\n<\/div>\n\n\n\n<div class=\"wp-block-column is-layout-flow wp-block-column-is-layout-flow\" style=\"flex-basis:50%\"><h3 class=\"wp-block-post-title has-text-color has-base-color has-medium-font-size\">Homogenization for diffusion in a ergodic and stationary random potentiel,<\/h3>\n\n\n<p class=\"has-base-color has-text-color\">Workshop \u00ab\u00a0Random Media\u00a0\u00bb, Berlin, Germany, September 2013.<\/p>\n<\/div>\n\n\n\n<div class=\"wp-block-column is-layout-flow wp-block-column-is-layout-flow\">\n<div class=\"wp-block-buttons is-layout-flex\">\n                <div class=\"wp-block-button has-custom-width wp-block-button__width-100 has-custom-font-size has-small-font-size\"><a target=\"_blank\" class=\"wp-block-button__link has-tertiary-color has-base-background-color has-text-color has-background wp-element-button\" href='https:\/\/www3.math.tu-berlin.de\/stoch\/random-media-2013\/index.htm' rel=\"noopener\">Lien vers la conf\u00e9rence<\/a><\/div>\n                <\/div>\n<\/div>\n<\/div>\n\n<\/li><li class=\"wp-block-post post-6997 journal_article type-journal_article status-publish hentry journal_article_cat-conferences\">\n\n<hr class=\"wp-block-separator has-text-color has-background-color has-alpha-channel-opacity has-background-background-color has-background is-style-wide\"\/>\n\n\n\n<div class=\"wp-block-columns is-layout-flex wp-container-core-columns-is-layout-28f84493 wp-block-columns-is-layout-flex\">\n<div class=\"wp-block-column is-layout-flow wp-block-column-is-layout-flow\" style=\"flex-basis:30%\">\n<p class=\"has-base-color has-text-color\"><strong>P. Pankovits, M. Ployard, J. Pouget, S. Brisset, D. Abbes, and B. Robyns<\/strong><\/p>\n<\/div>\n\n\n\n<div class=\"wp-block-column is-layout-flow wp-block-column-is-layout-flow\" style=\"flex-basis:50%\"><h3 class=\"wp-block-post-title has-text-color has-base-color has-medium-font-size\">Design and Operation Optimization of a Hybrid Railway Power Substation,<\/h3>\n\n\n<p class=\"has-base-color has-text-color\">15th Conference EPE 2013 ECCE Europe, Lille, France, September 2013.<\/p>\n<\/div>\n\n\n\n<div class=\"wp-block-column is-layout-flow wp-block-column-is-layout-flow\">\n<div class=\"wp-block-buttons is-layout-flex\">\n                <div class=\"wp-block-button has-custom-width wp-block-button__width-100 has-custom-font-size has-small-font-size\"><a target=\"_blank\" class=\"wp-block-button__link has-tertiary-color has-base-background-color has-text-color has-background wp-element-button\" href='https:\/\/www.thierry-lequeu.fr\/data\/EPE\/EPE2013\/indexd783.html?page=list-of-topics' rel=\"noopener\">Lien vers la conf\u00e9rence<\/a><\/div>\n                <\/div>\n<\/div>\n<\/div>\n\n<\/li><li class=\"wp-block-post post-4634 journal_article type-journal_article status-publish hentry journal_article_cat-conferences\">\n\n<hr class=\"wp-block-separator has-text-color has-background-color has-alpha-channel-opacity has-background-background-color has-background is-style-wide\"\/>\n\n\n\n<div class=\"wp-block-columns is-layout-flex wp-container-core-columns-is-layout-28f84493 wp-block-columns-is-layout-flex\">\n<div class=\"wp-block-column is-layout-flow wp-block-column-is-layout-flow\" style=\"flex-basis:30%\">\n<p class=\"has-base-color has-text-color\"><strong>A. Caldas, M. Makarov, M. Grossard, P. Rodriguez-Ayerbe, and D. Dumur<\/strong><\/p>\n<\/div>\n\n\n\n<div class=\"wp-block-column is-layout-flow wp-block-column-is-layout-flow\" style=\"flex-basis:50%\"><h3 class=\"wp-block-post-title has-text-color has-base-color has-medium-font-size\">Adaptive residual filtering for safe human-robot collision detection under modeling uncertainties,<\/h3>\n\n\n<p class=\"has-base-color has-text-color\">IEEE\/ASME International Conference on Advanced Intelligent Mechatronics, pp. 722-727, Wollongong, NSW, Australia, July 2013.<\/p>\n<\/div>\n\n\n\n<div class=\"wp-block-column is-layout-flow wp-block-column-is-layout-flow\">\n<div class=\"wp-block-buttons is-layout-flex\">\n                <div class=\"wp-block-button has-custom-width wp-block-button__width-100 has-custom-font-size has-small-font-size\"><a target=\"_blank\" class=\"wp-block-button__link has-tertiary-color has-base-background-color has-text-color has-background wp-element-button\" href='https:\/\/ieeexplore.ieee.org\/document\/6584178' rel=\"noopener\">Lien vers l&rsquo;article<\/a><\/div>\n                <\/div>\n<\/div>\n<\/div>\n\n<\/li><li class=\"wp-block-post post-4954 journal_article type-journal_article status-publish hentry journal_article_cat-conferences\">\n\n<hr class=\"wp-block-separator has-text-color has-background-color has-alpha-channel-opacity has-background-background-color has-background is-style-wide\"\/>\n\n\n\n<div class=\"wp-block-columns is-layout-flex wp-container-core-columns-is-layout-28f84493 wp-block-columns-is-layout-flex\">\n<div class=\"wp-block-column is-layout-flow wp-block-column-is-layout-flow\" style=\"flex-basis:30%\">\n<p class=\"has-base-color has-text-color\"><strong>R. Maraoui, E. Cariou, and B. El Ayeb<\/strong><\/p>\n<\/div>\n\n\n\n<div class=\"wp-block-column is-layout-flow wp-block-column-is-layout-flow\" style=\"flex-basis:50%\"><h3 class=\"wp-block-post-title has-text-color has-base-color has-medium-font-size\">A Model-Driven Engineering Approach for the Formal Verication of Composite Web Services,<\/h3>\n\n\n<p class=\"has-base-color has-text-color\">IEEE 22nd International Workshop on Enabling Technologies: Infrastructure for Collaborative Enterprises (WETICE 2013), Hammamet, Tunisia, June 2013.<\/p>\n<\/div>\n\n\n\n<div class=\"wp-block-column is-layout-flow wp-block-column-is-layout-flow\">\n<div class=\"wp-block-buttons is-layout-flex\">\n                <div class=\"wp-block-button has-custom-width wp-block-button__width-100 has-custom-font-size has-small-font-size\"><a target=\"_blank\" class=\"wp-block-button__link has-tertiary-color has-base-background-color has-text-color has-background wp-element-button\" href='https:\/\/www.worldcat.org\/title\/2013-ieee-22nd-international-workshop-on-enabling-technologies-infrastructure-for-collaborative-enterprises-wetice-17-20-june-2013-hammamet-tunisia\/oclc\/931950245' rel=\"noopener\">Lien vers la conf\u00e9rence<\/a><\/div>\n                <\/div>\n<\/div>\n<\/div>\n\n<\/li><li class=\"wp-block-post post-4408 journal_article type-journal_article status-publish hentry journal_article_cat-conferences\">\n\n<hr class=\"wp-block-separator has-text-color has-background-color has-alpha-channel-opacity has-background-background-color has-background is-style-wide\"\/>\n\n\n\n<div class=\"wp-block-columns is-layout-flex wp-container-core-columns-is-layout-28f84493 wp-block-columns-is-layout-flex\">\n<div class=\"wp-block-column is-layout-flow wp-block-column-is-layout-flow\" style=\"flex-basis:30%\">\n<p class=\"has-base-color has-text-color\"><strong>G. Belkacem<\/strong><\/p>\n<\/div>\n\n\n\n<div class=\"wp-block-column is-layout-flow wp-block-column-is-layout-flow\" style=\"flex-basis:50%\"><h3 class=\"wp-block-post-title has-text-color has-base-color has-medium-font-size\">Mod\u00e9lisation \u00e9lectrothermique distribu\u00e9e des composants de puissance : Transistor COOLMOSTM,<\/h3>\n\n\n<p class=\"has-base-color has-text-color\">Conf\u00e9rence des Jeunes Chercheurs en G\u00e9nie \u00c9lectrique (JCGE), Saint-Nazaire, France, June 2013.<\/p>\n<\/div>\n\n\n\n<div class=\"wp-block-column is-layout-flow wp-block-column-is-layout-flow\">\n<div class=\"wp-block-buttons is-layout-flex\">\n                <div class=\"wp-block-button has-custom-width wp-block-button__width-100 has-custom-font-size has-small-font-size\"><a target=\"_blank\" class=\"wp-block-button__link has-tertiary-color has-base-background-color has-text-color has-background wp-element-button\" href='https:\/\/jcge2013.sciencesconf.org\/' rel=\"noopener\">Lien vers la conf\u00e9rence<\/a><\/div>\n                <\/div>\n<\/div>\n<\/div>\n\n<\/li><li class=\"wp-block-post post-4528 journal_article type-journal_article status-publish hentry journal_article_cat-conferences\">\n\n<hr class=\"wp-block-separator has-text-color has-background-color has-alpha-channel-opacity has-background-background-color has-background is-style-wide\"\/>\n\n\n\n<div class=\"wp-block-columns is-layout-flex wp-container-core-columns-is-layout-28f84493 wp-block-columns-is-layout-flex\">\n<div class=\"wp-block-column is-layout-flow wp-block-column-is-layout-flow\" style=\"flex-basis:30%\">\n<p class=\"has-base-color has-text-color\"><strong>M. Maidi and M. Preda <\/strong><\/p>\n<\/div>\n\n\n\n<div class=\"wp-block-column is-layout-flow wp-block-column-is-layout-flow\" style=\"flex-basis:50%\"><h3 class=\"wp-block-post-title has-text-color has-base-color has-medium-font-size\">Interactive Media Control using Natural Interaction-based Kinect,<\/h3>\n\n\n<p class=\"has-base-color has-text-color\">The 38th IEEE International Conference on Acoustics, Speech, and Signal Processing (ICASSP\u20192013), pp. 1812-1815, Vancouver, British Columbia, Canada, May 2013.<\/p>\n<\/div>\n\n\n\n<div class=\"wp-block-column is-layout-flow wp-block-column-is-layout-flow\">\n<div class=\"wp-block-buttons is-layout-flex\">\n                <div class=\"wp-block-button has-custom-width wp-block-button__width-100 has-custom-font-size has-small-font-size\"><a target=\"_blank\" class=\"wp-block-button__link has-tertiary-color has-base-background-color has-text-color has-background wp-element-button\" href='https:\/\/ieeexplore.ieee.org\/document\/6637965' rel=\"noopener\">Lien vers l&rsquo;article<\/a><\/div>\n                <\/div>\n<\/div>\n<\/div>\n\n<\/li><li class=\"wp-block-post post-5161 journal_article type-journal_article status-publish hentry journal_article_cat-conferences\">\n\n<hr class=\"wp-block-separator has-text-color has-background-color has-alpha-channel-opacity has-background-background-color has-background is-style-wide\"\/>\n\n\n\n<div class=\"wp-block-columns is-layout-flex wp-container-core-columns-is-layout-28f84493 wp-block-columns-is-layout-flex\">\n<div class=\"wp-block-column is-layout-flow wp-block-column-is-layout-flow\" style=\"flex-basis:30%\">\n<p class=\"has-base-color has-text-color\"><strong>M. Ba and P. Mathieu<\/strong><\/p>\n<\/div>\n\n\n\n<div class=\"wp-block-column is-layout-flow wp-block-column-is-layout-flow\" style=\"flex-basis:50%\"><h3 class=\"wp-block-post-title has-text-color has-base-color has-medium-font-size\">A Sobolev inequality and the invariance principle for diffusion in a periodic potentiel,<\/h3>\n\n\n<p class=\"has-base-color has-text-color\">Heat Kernels, Stochastic Processes and Functional Inequalities Workshop, Oberwolfach, Germany, May 2013.<\/p>\n<\/div>\n\n\n\n<div class=\"wp-block-column is-layout-flow wp-block-column-is-layout-flow\">\n<div class=\"wp-block-buttons is-layout-flex\">\n                <div class=\"wp-block-button has-custom-width wp-block-button__width-100 has-custom-font-size has-small-font-size\"><a target=\"_blank\" class=\"wp-block-button__link has-tertiary-color has-base-background-color has-text-color has-background wp-element-button\" href='https:\/\/www.mfo.de\/occasion\/1319\/www_view' rel=\"noopener\">Lien vers la conf\u00e9rence <\/a><\/div>\n                <\/div>\n<\/div>\n<\/div>\n\n<\/li><li class=\"wp-block-post post-4716 journal_article type-journal_article status-publish hentry journal_article_cat-conferences\">\n\n<hr class=\"wp-block-separator has-text-color has-background-color has-alpha-channel-opacity has-background-background-color has-background is-style-wide\"\/>\n\n\n\n<div class=\"wp-block-columns is-layout-flex wp-container-core-columns-is-layout-28f84493 wp-block-columns-is-layout-flex\">\n<div class=\"wp-block-column is-layout-flow wp-block-column-is-layout-flow\" style=\"flex-basis:30%\">\n<p class=\"has-base-color has-text-color\"><strong>F. Li, Y. Chenoune, and R. Blanc<\/strong><\/p>\n<\/div>\n\n\n\n<div class=\"wp-block-column is-layout-flow wp-block-column-is-layout-flow\" style=\"flex-basis:50%\"><h3 class=\"wp-block-post-title has-text-color has-base-color has-medium-font-size\">Segmentation 2D et suivi d\u2019un vaisseau c\u00e9r\u00e9bral \u00e0 partir d\u2019images 3DRA,<\/h3>\n\n\n<p class=\"has-base-color has-text-color\">Recherche en Imagerie et Technologies pour la Sant\u00e9, (RITS), Bordeaux, France, April 2013.<\/p>\n<\/div>\n\n\n\n<div class=\"wp-block-column is-layout-flow wp-block-column-is-layout-flow\">\n<div class=\"wp-block-buttons is-layout-flex\">\n                <div class=\"wp-block-button has-custom-width wp-block-button__width-100 has-custom-font-size has-small-font-size\"><a target=\"_blank\" class=\"wp-block-button__link has-tertiary-color has-base-background-color has-text-color has-background wp-element-button\" href='https:\/\/www.researchgate.net\/publication\/281967958_Segmentation_2D_et_suivi_d%27un_vaisseau_cerebral_a_partir_d%27images_3DRA' rel=\"noopener\">Lien vers l&rsquo;article<\/a><\/div>\n                <\/div>\n<\/div>\n<\/div>\n\n<\/li><li class=\"wp-block-post post-5373 journal_article type-journal_article status-publish hentry journal_article_cat-conferences\">\n\n<hr class=\"wp-block-separator has-text-color has-background-color has-alpha-channel-opacity has-background-background-color has-background is-style-wide\"\/>\n\n\n\n<div class=\"wp-block-columns is-layout-flex wp-container-core-columns-is-layout-28f84493 wp-block-columns-is-layout-flex\">\n<div class=\"wp-block-column is-layout-flow wp-block-column-is-layout-flow\" style=\"flex-basis:30%\">\n<p class=\"has-base-color has-text-color\"><strong>A. Abbou, M. Barara, M. Akherraz, H. Mahmoudi, and M. Moutchou<\/strong><\/p>\n<\/div>\n\n\n\n<div class=\"wp-block-column is-layout-flow wp-block-column-is-layout-flow\" style=\"flex-basis:50%\"><h3 class=\"wp-block-post-title has-text-color has-base-color has-medium-font-size\">Fuzzy Controller for Self-Excited Induction Generator used in Wind energy conversion,<\/h3>\n\n\n<p class=\"has-base-color has-text-color\">2013 International Renewable and Sustainable Energy Conference (IRSEC), Ouarzazate, Morocco, March 2013. <\/p>\n<\/div>\n\n\n\n<div class=\"wp-block-column is-layout-flow wp-block-column-is-layout-flow\">\n<div class=\"wp-block-buttons is-layout-flex\">\n                <div class=\"wp-block-button has-custom-width wp-block-button__width-100 has-custom-font-size has-small-font-size\"><a target=\"_blank\" class=\"wp-block-button__link has-tertiary-color has-base-background-color has-text-color has-background wp-element-button\" href='https:\/\/ieeexplore.ieee.org\/document\/6529656' rel=\"noopener\">Lien vers l&rsquo;article<\/a><\/div>\n                <\/div>\n<\/div>\n<\/div>\n\n<\/li><li class=\"wp-block-post post-5369 journal_article type-journal_article status-publish hentry journal_article_cat-conferences\">\n\n<hr class=\"wp-block-separator has-text-color has-background-color has-alpha-channel-opacity has-background-background-color has-background is-style-wide\"\/>\n\n\n\n<div class=\"wp-block-columns is-layout-flex wp-container-core-columns-is-layout-28f84493 wp-block-columns-is-layout-flex\">\n<div class=\"wp-block-column is-layout-flow wp-block-column-is-layout-flow\" style=\"flex-basis:30%\">\n<p class=\"has-base-color has-text-color\"><strong>M. Barara, M. Akherraz , A. Abbou ,M. Moutchou, and M.L. Elhafyani<\/strong><\/p>\n<\/div>\n\n\n\n<div class=\"wp-block-column is-layout-flow wp-block-column-is-layout-flow\" style=\"flex-basis:50%\"><h3 class=\"wp-block-post-title has-text-color has-base-color has-medium-font-size\">Fuzzy modeling magnetizing curve of a self excited induction generator and effect of mutual inductance,<\/h3>\n\n\n<p class=\"has-base-color has-text-color\">2013 International Renewable and Sustainable Energy Conference (IRSEC), Ouarzazate, Morocco, March 2013. <\/p>\n<\/div>\n\n\n\n<div class=\"wp-block-column is-layout-flow wp-block-column-is-layout-flow\">\n<div class=\"wp-block-buttons is-layout-flex\">\n                <div class=\"wp-block-button has-custom-width wp-block-button__width-100 has-custom-font-size has-small-font-size\"><a target=\"_blank\" class=\"wp-block-button__link has-tertiary-color has-base-background-color has-text-color has-background wp-element-button\" href='https:\/\/ieeexplore.ieee.org\/document\/6529660\/similar#similar' rel=\"noopener\">Lien vers l&rsquo;article<\/a><\/div>\n                <\/div>\n<\/div>\n<\/div>\n\n<\/li><li class=\"wp-block-post post-4695 journal_article type-journal_article status-publish hentry journal_article_cat-conferences\">\n\n<hr class=\"wp-block-separator has-text-color has-background-color has-alpha-channel-opacity has-background-background-color has-background is-style-wide\"\/>\n\n\n\n<div class=\"wp-block-columns is-layout-flex wp-container-core-columns-is-layout-28f84493 wp-block-columns-is-layout-flex\">\n<div class=\"wp-block-column is-layout-flow wp-block-column-is-layout-flow\" style=\"flex-basis:30%\">\n<p class=\"has-base-color has-text-color\"><strong>H. Sarieddeen, R. El Berbari, S. Imad, J. Abdel Baki, M. Hamad, R. Blanc, A. Nakib, and Y. Chenoune<\/strong><\/p>\n<\/div>\n\n\n\n<div class=\"wp-block-column is-layout-flow wp-block-column-is-layout-flow\" style=\"flex-basis:50%\"><h3 class=\"wp-block-post-title has-text-color has-base-color has-medium-font-size\">Image Clustering Framework for BAVM Segmentation in 3DRA Images: Performance Analysis,<\/h3>\n\n\n<p class=\"has-base-color has-text-color\">XXXIVth International Conference on Digital Image Processing (ICDIP 2013), Vol. 7, No. 1, pp. 638-642, Dubai, Arab Emirates, January 2013 (Open Access). <\/p>\n<\/div>\n\n\n\n<div class=\"wp-block-column is-layout-flow wp-block-column-is-layout-flow\">\n<div class=\"wp-block-buttons is-layout-flex\">\n                <div class=\"wp-block-button has-custom-width wp-block-button__width-100 has-custom-font-size has-small-font-size\"><a target=\"_blank\" class=\"wp-block-button__link has-tertiary-color has-base-background-color has-text-color has-background wp-element-button\" href='https:\/\/www.semanticscholar.org\/paper\/Image-Clustering-Framework-for-BAVM-Segmentation-in-Sarieddeen-Berbari\/47afff960637dde97c6da607cb715248dd957ca2' rel=\"noopener\">Lien vers l&rsquo;article<\/a><\/div>\n                <\/div>\n<\/div>\n<\/div>\n\n<\/li><li class=\"wp-block-post post-5184 journal_article type-journal_article status-publish hentry journal_article_cat-conferences\">\n\n<hr class=\"wp-block-separator has-text-color has-background-color has-alpha-channel-opacity has-background-background-color has-background is-style-wide\"\/>\n\n\n\n<div class=\"wp-block-columns is-layout-flex wp-container-core-columns-is-layout-28f84493 wp-block-columns-is-layout-flex\">\n<div class=\"wp-block-column is-layout-flow wp-block-column-is-layout-flow\" style=\"flex-basis:30%\">\n<p class=\"has-base-color has-text-color\"><strong>B. Ouni, C. Belleudy, and E. Senn<\/strong><\/p>\n<\/div>\n\n\n\n<div class=\"wp-block-column is-layout-flow wp-block-column-is-layout-flow\" style=\"flex-basis:50%\"><h3 class=\"wp-block-post-title has-text-color has-base-color has-medium-font-size\">Energy characterization and classification of embedded operating system services,<\/h3>\n\n\n<p class=\"has-base-color has-text-color\">Proceedings of the 15th Euromicro Conference on Digital System Design, pp. 684-691, Izmir, Turkey, September 2012.<\/p>\n<\/div>\n\n\n\n<div class=\"wp-block-column is-layout-flow wp-block-column-is-layout-flow\">\n<div class=\"wp-block-buttons is-layout-flex\">\n                <div class=\"wp-block-button has-custom-width wp-block-button__width-100 has-custom-font-size has-small-font-size\"><a target=\"_blank\" class=\"wp-block-button__link has-tertiary-color has-base-background-color has-text-color has-background wp-element-button\" href='https:\/\/ieeexplore.ieee.org\/document\/6386958' rel=\"noopener\">Lien vers l&rsquo;article<\/a><\/div>\n                <\/div>\n<\/div>\n<\/div>\n\n<\/li><li class=\"wp-block-post post-5183 journal_article type-journal_article status-publish hentry journal_article_cat-conferences\">\n\n<hr class=\"wp-block-separator has-text-color has-background-color has-alpha-channel-opacity has-background-background-color has-background is-style-wide\"\/>\n\n\n\n<div class=\"wp-block-columns is-layout-flex wp-container-core-columns-is-layout-28f84493 wp-block-columns-is-layout-flex\">\n<div class=\"wp-block-column is-layout-flow wp-block-column-is-layout-flow\" style=\"flex-basis:30%\">\n<p class=\"has-base-color has-text-color\"><strong>B. Ouni, H. Ben Rekhissa, and C. Belleudy<\/strong><\/p>\n<\/div>\n\n\n\n<div class=\"wp-block-column is-layout-flow wp-block-column-is-layout-flow\" style=\"flex-basis:50%\"><h3 class=\"wp-block-post-title has-text-color has-base-color has-medium-font-size\">Inter-process communication energy estimation through AADL modeling,<\/h3>\n\n\n<p class=\"has-base-color has-text-color\">Proceedings of International Conference on Synthesis, Modeling, Analysis and Simulation Methods and Applications to Circuit Design, pp. 225-228, Seville, Spain, September 2012.<\/p>\n<\/div>\n\n\n\n<div class=\"wp-block-column is-layout-flow wp-block-column-is-layout-flow\">\n<div class=\"wp-block-buttons is-layout-flex\">\n                <div class=\"wp-block-button has-custom-width wp-block-button__width-100 has-custom-font-size has-small-font-size\"><a target=\"_blank\" class=\"wp-block-button__link has-tertiary-color has-base-background-color has-text-color has-background wp-element-button\" href='https:\/\/ieeexplore.ieee.org\/document\/6339380' rel=\"noopener\">Lien vers l&rsquo;article<\/a><\/div>\n                <\/div>\n<\/div>\n<\/div>\n\n<\/li><li class=\"wp-block-post post-4339 journal_article type-journal_article status-publish hentry journal_article_cat-conferences\">\n\n<hr class=\"wp-block-separator has-text-color has-background-color has-alpha-channel-opacity has-background-background-color has-background is-style-wide\"\/>\n\n\n\n<div class=\"wp-block-columns is-layout-flex wp-container-core-columns-is-layout-28f84493 wp-block-columns-is-layout-flex\">\n<div class=\"wp-block-column is-layout-flow wp-block-column-is-layout-flow\" style=\"flex-basis:30%\">\n<p class=\"has-base-color has-text-color\"><strong>H. Marouane, C. Duvallet, A. Makni, R. Bouaziz, and B. Sadeg<\/strong><\/p>\n<\/div>\n\n\n\n<div class=\"wp-block-column is-layout-flow wp-block-column-is-layout-flow\" style=\"flex-basis:50%\"><h3 class=\"wp-block-post-title has-text-color has-base-color has-medium-font-size\">A Real-Time Design Pattern for Advanced Driver Assistance Systems,<\/h3>\n\n\n<p class=\"has-base-color has-text-color\">Europlop, 17th European Conference on Pattern Languages of Programs, Kloster Irsee, Germany, July 2012.<\/p>\n<\/div>\n\n\n\n<div class=\"wp-block-column is-layout-flow wp-block-column-is-layout-flow\">\n<div class=\"wp-block-buttons is-layout-flex\">\n                <div class=\"wp-block-button has-custom-width wp-block-button__width-100 has-custom-font-size has-small-font-size\"><a target=\"_blank\" class=\"wp-block-button__link has-tertiary-color has-base-background-color has-text-color has-background wp-element-button\" href='https:\/\/www.researchgate.net\/publication\/331354144_A_Real-Time_Design_Pattern_for_Advanced_Driver_Assistance_Systems' rel=\"noopener\">Lien vers l&rsquo;article<\/a><\/div>\n                <\/div>\n<\/div>\n<\/div>\n\n<\/li><li class=\"wp-block-post post-4416 journal_article type-journal_article status-publish hentry journal_article_cat-conferences\">\n\n<hr class=\"wp-block-separator has-text-color has-background-color has-alpha-channel-opacity has-background-background-color has-background is-style-wide\"\/>\n\n\n\n<div class=\"wp-block-columns is-layout-flex wp-container-core-columns-is-layout-28f84493 wp-block-columns-is-layout-flex\">\n<div class=\"wp-block-column is-layout-flow wp-block-column-is-layout-flow\" style=\"flex-basis:30%\">\n<p class=\"has-base-color has-text-color\"><strong>C. Ledoux, P. Lefranc, and C. Larouci<\/strong><\/p>\n<\/div>\n\n\n\n<div class=\"wp-block-column is-layout-flow wp-block-column-is-layout-flow\" style=\"flex-basis:50%\"><h3 class=\"wp-block-post-title has-text-color has-base-color has-medium-font-size\">Optimisation du placement\/routage de semi-conducteurs de puissance. Application \u00e0 l\u2019abaisseur,<\/h3>\n\n\n<p class=\"has-base-color has-text-color\">14\u00e8me \u00e9dition de la Conf\u00e9rence Electronique de Puissance du Futur (EPF), Bordeaux, France, July 2012.<\/p>\n<\/div>\n\n\n\n<div class=\"wp-block-column is-layout-flow wp-block-column-is-layout-flow\">\n<div class=\"wp-block-buttons is-layout-flex\">\n                <div class=\"wp-block-button has-custom-width wp-block-button__width-100 has-custom-font-size has-small-font-size\"><a target=\"_blank\" class=\"wp-block-button__link has-tertiary-color has-base-background-color has-text-color has-background wp-element-button\" href='https:\/\/www.thierry-lequeu.fr\/data\/EPF\/EPF2012\/pages\/pageDynamiqueSITEExt326b.html?guidPage=appel_comm' rel=\"noopener\">Lien vers la conf\u00e9rence<\/a><\/div>\n                <\/div>\n<\/div>\n<\/div>\n\n<\/li><li class=\"wp-block-post post-4407 journal_article type-journal_article status-publish hentry journal_article_cat-conferences\">\n\n<hr class=\"wp-block-separator has-text-color has-background-color has-alpha-channel-opacity has-background-background-color has-background is-style-wide\"\/>\n\n\n\n<div class=\"wp-block-columns is-layout-flex wp-container-core-columns-is-layout-28f84493 wp-block-columns-is-layout-flex\">\n<div class=\"wp-block-column is-layout-flow wp-block-column-is-layout-flow\" style=\"flex-basis:30%\">\n<p class=\"has-base-color has-text-color\"><strong>G. Belkacem, M. Bouarroudj-Berkani, D. Labrousse, S. Lefevbre, G. Rostaing, and P-Y. Joubert<\/strong><\/p>\n<\/div>\n\n\n\n<div class=\"wp-block-column is-layout-flow wp-block-column-is-layout-flow\" style=\"flex-basis:50%\"><h3 class=\"wp-block-post-title has-text-color has-base-color has-medium-font-size\">Mod\u00e9lisation \u00e9lectrothermique distribu\u00e9e d\u2019un transistor COOLMOSTM,<\/h3>\n\n\n<p class=\"has-base-color has-text-color\">14\u00e8me \u00e9dition de la Conf\u00e9rence Electronique de Puissance du Futur (EPF), Bordeaux, France, July 2012.<\/p>\n<\/div>\n\n\n\n<div class=\"wp-block-column is-layout-flow wp-block-column-is-layout-flow\">\n<div class=\"wp-block-buttons is-layout-flex\">\n                <div class=\"wp-block-button has-custom-width wp-block-button__width-100 has-custom-font-size has-small-font-size\"><a target=\"_blank\" class=\"wp-block-button__link has-tertiary-color has-base-background-color has-text-color has-background wp-element-button\" href='https:\/\/www.thierry-lequeu.fr\/data\/EPF\/EPF2012\/pages\/pageDynamiqueSITEExt326b.html?guidPage=appel_comm' rel=\"noopener\">Lien vers la conf\u00e9rence<\/a><\/div>\n                <\/div>\n<\/div>\n<\/div>\n\n<\/li><li class=\"wp-block-post post-5189 journal_article type-journal_article status-publish hentry journal_article_cat-conferences\">\n\n<hr class=\"wp-block-separator has-text-color has-background-color has-alpha-channel-opacity has-background-background-color has-background is-style-wide\"\/>\n\n\n\n<div class=\"wp-block-columns is-layout-flex wp-container-core-columns-is-layout-28f84493 wp-block-columns-is-layout-flex\">\n<div class=\"wp-block-column is-layout-flow wp-block-column-is-layout-flow\" style=\"flex-basis:30%\">\n<p class=\"has-base-color has-text-color\"><strong>B. Ouni, C. Belleudy, and E. Senn<\/strong><\/p>\n<\/div>\n\n\n\n<div class=\"wp-block-column is-layout-flow wp-block-column-is-layout-flow\" style=\"flex-basis:50%\"><h3 class=\"wp-block-post-title has-text-color has-base-color has-medium-font-size\">Context switch routines energy characterization,<\/h3>\n\n\n<p class=\"has-base-color has-text-color\">GDR SoC-SiP (System On Chip \u2013 System In Package), Paris, France, June 2012.<\/p>\n<\/div>\n\n\n\n<div class=\"wp-block-column is-layout-flow wp-block-column-is-layout-flow\">\n<div class=\"wp-block-buttons is-layout-flex\">\n                <div class=\"wp-block-button has-custom-width wp-block-button__width-100 has-custom-font-size has-small-font-size\"><a target=\"_blank\" class=\"wp-block-button__link has-tertiary-color has-base-background-color has-text-color has-background wp-element-button\" href='https:\/\/www.researchgate.net\/publication\/280893300_Context_switch_routines_energy_characterization' rel=\"noopener\">Lien vers l&rsquo;article<\/a><\/div>\n                <\/div>\n<\/div>\n<\/div>\n\n<\/li><li class=\"wp-block-post post-5185 journal_article type-journal_article status-publish hentry journal_article_cat-conferences\">\n\n<hr class=\"wp-block-separator has-text-color has-background-color has-alpha-channel-opacity has-background-background-color has-background is-style-wide\"\/>\n\n\n\n<div class=\"wp-block-columns is-layout-flex wp-container-core-columns-is-layout-28f84493 wp-block-columns-is-layout-flex\">\n<div class=\"wp-block-column is-layout-flow wp-block-column-is-layout-flow\" style=\"flex-basis:30%\">\n<p class=\"has-base-color has-text-color\"><strong>B. Ouni, C. Belleudy, H. Ben Rekhissa, E. Senn<\/strong><\/p>\n<\/div>\n\n\n\n<div class=\"wp-block-column is-layout-flow wp-block-column-is-layout-flow\" style=\"flex-basis:50%\"><h3 class=\"wp-block-post-title has-text-color has-base-color has-medium-font-size\">Energy leakage in low power embedded operating systems using DVFS policy,<\/h3>\n\n\n<p class=\"has-base-color has-text-color\">Proceedings of the 11th Edition of IEEE Faible Tension Faible Consommation, pp. 1-4, Paris, France, June 2012.<\/p>\n<\/div>\n\n\n\n<div class=\"wp-block-column is-layout-flow wp-block-column-is-layout-flow\">\n<div class=\"wp-block-buttons is-layout-flex\">\n                <div class=\"wp-block-button has-custom-width wp-block-button__width-100 has-custom-font-size has-small-font-size\"><a target=\"_blank\" class=\"wp-block-button__link has-tertiary-color has-base-background-color has-text-color has-background wp-element-button\" href='https:\/\/ieeexplore.ieee.org\/document\/6231735' rel=\"noopener\">Lien vers l&rsquo;article<\/a><\/div>\n                <\/div>\n<\/div>\n<\/div>\n\n<\/li><li class=\"wp-block-post post-5186 journal_article type-journal_article status-publish hentry journal_article_cat-conferences\">\n\n<hr class=\"wp-block-separator has-text-color has-background-color has-alpha-channel-opacity has-background-background-color has-background is-style-wide\"\/>\n\n\n\n<div class=\"wp-block-columns is-layout-flex wp-container-core-columns-is-layout-28f84493 wp-block-columns-is-layout-flex\">\n<div class=\"wp-block-column is-layout-flow wp-block-column-is-layout-flow\" style=\"flex-basis:30%\">\n<p class=\"has-base-color has-text-color\"><strong>B. Ouni, C. Belleudy, and E. Senn, <\/strong><\/p>\n<\/div>\n\n\n\n<div class=\"wp-block-column is-layout-flow wp-block-column-is-layout-flow\" style=\"flex-basis:50%\"><h3 class=\"wp-block-post-title has-text-color has-base-color has-medium-font-size\">Realistic energy modeling of scheduling, interprocess-communication and context switch routines,<\/h3>\n\n\n<p class=\"has-base-color has-text-color\">DTIS \u201912, Proceedings of the 7th International Conference on Design and Technology of Integrated systems in Nanoscale Era, Gammarth, Tunisia, pp. 1-6, May 2012.<\/p>\n<\/div>\n\n\n\n<div class=\"wp-block-column is-layout-flow wp-block-column-is-layout-flow\">\n<div class=\"wp-block-buttons is-layout-flex\">\n                <div class=\"wp-block-button has-custom-width wp-block-button__width-100 has-custom-font-size has-small-font-size\"><a target=\"_blank\" class=\"wp-block-button__link has-tertiary-color has-base-background-color has-text-color has-background wp-element-button\" href='https:\/\/ieeexplore.ieee.org\/document\/6232966' rel=\"noopener\">Lien vers l&rsquo;article<\/a><\/div>\n                <\/div>\n<\/div>\n<\/div>\n\n<\/li><li class=\"wp-block-post post-4406 journal_article type-journal_article status-publish hentry journal_article_cat-conferences\">\n\n<hr class=\"wp-block-separator has-text-color has-background-color has-alpha-channel-opacity has-background-background-color has-background is-style-wide\"\/>\n\n\n\n<div class=\"wp-block-columns is-layout-flex wp-container-core-columns-is-layout-28f84493 wp-block-columns-is-layout-flex\">\n<div class=\"wp-block-column is-layout-flow wp-block-column-is-layout-flow\" style=\"flex-basis:30%\">\n<p class=\"has-base-color has-text-color\"><strong>G. Belkacem, D. Labrousse, S. Lefebvre, P.-Y. Joubert, U. Kuehne, L. Fribourg, R. Soulat, E. Florentin, and C. Rey<\/strong><\/p>\n<\/div>\n\n\n\n<div class=\"wp-block-column is-layout-flow wp-block-column-is-layout-flow\" style=\"flex-basis:50%\"><h3 class=\"wp-block-post-title has-text-color has-base-color has-medium-font-size\">Distributed and Coupled Electrothermal Model of Power Semiconductor Devices,<\/h3>\n\n\n<p class=\"has-base-color has-text-color\">The First international Conference on Renewable Energies and VEhicular Technology (REVET), Hammamet, Tunisia, pp. 84-89, March 2012.<\/p>\n<\/div>\n\n\n\n<div class=\"wp-block-column is-layout-flow wp-block-column-is-layout-flow\">\n<div class=\"wp-block-buttons is-layout-flex\">\n                <div class=\"wp-block-button has-custom-width wp-block-button__width-100 has-custom-font-size has-small-font-size\"><a target=\"_blank\" class=\"wp-block-button__link has-tertiary-color has-base-background-color has-text-color has-background wp-element-button\" href='https:\/\/ieeexplore.ieee.org\/xpl\/conhome\/6190854\/proceeding' rel=\"noopener\">Lien vers la conf\u00e9rence<\/a><\/div>\n                <\/div>\n<\/div>\n<\/div>\n\n<\/li><li class=\"wp-block-post post-5190 journal_article type-journal_article status-publish hentry journal_article_cat-conferences\">\n\n<hr class=\"wp-block-separator has-text-color has-background-color has-alpha-channel-opacity has-background-background-color has-background is-style-wide\"\/>\n\n\n\n<div class=\"wp-block-columns is-layout-flex wp-container-core-columns-is-layout-28f84493 wp-block-columns-is-layout-flex\">\n<div class=\"wp-block-column is-layout-flow wp-block-column-is-layout-flow\" style=\"flex-basis:30%\">\n<p class=\"has-base-color has-text-color\"><strong>B. Ouni, C. Belleudy, and E. Senn, <\/strong><\/p>\n<\/div>\n\n\n\n<div class=\"wp-block-column is-layout-flow wp-block-column-is-layout-flow\" style=\"flex-basis:50%\"><h3 class=\"wp-block-post-title has-text-color has-base-color has-medium-font-size\">Embedded OS services power and energy consumption,<\/h3>\n\n\n<p class=\"has-base-color has-text-color\">METHODICA \u201911, 7th workshop on Methods for the Adaptive Distributed Software, Douz, Tunisia, December 2011.<\/p>\n<\/div>\n\n\n\n<div class=\"wp-block-column is-layout-flow wp-block-column-is-layout-flow\">\n<div class=\"wp-block-buttons is-layout-flex\">\n                <div class=\"wp-block-button has-custom-width wp-block-button__width-100 has-custom-font-size has-small-font-size\"><a target=\"_blank\" class=\"wp-block-button__link has-tertiary-color has-base-background-color has-text-color has-background wp-element-button\" href='https:\/\/www.researchgate.net\/publication\/278816656_Embedded_OS_services_power_and_energy_consumption' rel=\"noopener\">Lien vers l&rsquo;article<\/a><\/div>\n                <\/div>\n<\/div>\n<\/div>\n\n<\/li><li class=\"wp-block-post post-4530 journal_article type-journal_article status-publish hentry journal_article_cat-conferences\">\n\n<hr class=\"wp-block-separator has-text-color has-background-color has-alpha-channel-opacity has-background-background-color has-background is-style-wide\"\/>\n\n\n\n<div class=\"wp-block-columns is-layout-flex wp-container-core-columns-is-layout-28f84493 wp-block-columns-is-layout-flex\">\n<div class=\"wp-block-column is-layout-flow wp-block-column-is-layout-flow\" style=\"flex-basis:30%\">\n<p class=\"has-base-color has-text-color\"><strong>M. Maidi, V. Scurtu, and M. Preda<\/strong><\/p>\n<\/div>\n\n\n\n<div class=\"wp-block-column is-layout-flow wp-block-column-is-layout-flow\" style=\"flex-basis:50%\"><h3 class=\"wp-block-post-title has-text-color has-base-color has-medium-font-size\">Characters Identification in TV series,<\/h3>\n\n\n<p class=\"has-base-color has-text-color\">IEEE International Symposium on Multimedia (ISM\u20192011), pp. 143-148, Dana Point, USA, December 2011.<\/p>\n<\/div>\n\n\n\n<div class=\"wp-block-column is-layout-flow wp-block-column-is-layout-flow\">\n<div class=\"wp-block-buttons is-layout-flex\">\n                <div class=\"wp-block-button has-custom-width wp-block-button__width-100 has-custom-font-size has-small-font-size\"><a target=\"_blank\" class=\"wp-block-button__link has-tertiary-color has-base-background-color has-text-color has-background wp-element-button\" href='https:\/\/ieeexplore.ieee.org\/document\/6123338' rel=\"noopener\">Lien vers l&rsquo;article<\/a><\/div>\n                <\/div>\n<\/div>\n<\/div>\n\n<\/li><li class=\"wp-block-post post-4955 journal_article type-journal_article status-publish hentry journal_article_cat-conferences\">\n\n<hr class=\"wp-block-separator has-text-color has-background-color has-alpha-channel-opacity has-background-background-color has-background is-style-wide\"\/>\n\n\n\n<div class=\"wp-block-columns is-layout-flex wp-container-core-columns-is-layout-28f84493 wp-block-columns-is-layout-flex\">\n<div class=\"wp-block-column is-layout-flow wp-block-column-is-layout-flow\" style=\"flex-basis:30%\">\n<p class=\"has-base-color has-text-color\"><strong>R. Maraoui, A. Mhamdi, M. Graiet, M. Kmimech, M. Tahar Bhiri, W. Gaaloul, and E. Cariou<\/strong><\/p>\n<\/div>\n\n\n\n<div class=\"wp-block-column is-layout-flow wp-block-column-is-layout-flow\" style=\"flex-basis:50%\"><h3 class=\"wp-block-post-title has-text-color has-base-color has-medium-font-size\">Towards a transformation of composite web service with QoS extension into ACME\/Armani,<\/h3>\n\n\n<p class=\"has-base-color has-text-color\">International Conference on Information Integration and Web based Application and Services (iiWAS 2011), Ho Chi Minh City, Vietnam, December 2011.<\/p>\n<\/div>\n\n\n\n<div class=\"wp-block-column is-layout-flow wp-block-column-is-layout-flow\">\n<div class=\"wp-block-buttons is-layout-flex\">\n                <div class=\"wp-block-button has-custom-width wp-block-button__width-100 has-custom-font-size has-small-font-size\"><a target=\"_blank\" class=\"wp-block-button__link has-tertiary-color has-base-background-color has-text-color has-background wp-element-button\" href='http:\/\/www.iiwas.org\/conferences\/iiwas2011\/' rel=\"noopener\">Lien vers la conf\u00e9rence<\/a><\/div>\n                <\/div>\n<\/div>\n<\/div>\n\n<\/li><li class=\"wp-block-post post-5187 journal_article type-journal_article status-publish hentry journal_article_cat-conferences\">\n\n<hr class=\"wp-block-separator has-text-color has-background-color has-alpha-channel-opacity has-background-background-color has-background is-style-wide\"\/>\n\n\n\n<div class=\"wp-block-columns is-layout-flex wp-container-core-columns-is-layout-28f84493 wp-block-columns-is-layout-flex\">\n<div class=\"wp-block-column is-layout-flow wp-block-column-is-layout-flow\" style=\"flex-basis:30%\">\n<p class=\"has-base-color has-text-color\"><strong>B. Ouni, C. Belleudy, S. Bilavarn, and E. Senn<\/strong><\/p>\n<\/div>\n\n\n\n<div class=\"wp-block-column is-layout-flow wp-block-column-is-layout-flow\" style=\"flex-basis:50%\"><h3 class=\"wp-block-post-title has-text-color has-base-color has-medium-font-size\">Embedded operating systems energy overhead,<\/h3>\n\n\n<p class=\"has-base-color has-text-color\">DASIP \u201911, Proceedings of the Conference on Design and Architectures for Signal and Image Processing, pp. 52-57, Tampere, Finland, November 2011.<\/p>\n<\/div>\n\n\n\n<div class=\"wp-block-column is-layout-flow wp-block-column-is-layout-flow\">\n<div class=\"wp-block-buttons is-layout-flex\">\n                <div class=\"wp-block-button has-custom-width wp-block-button__width-100 has-custom-font-size has-small-font-size\"><a target=\"_blank\" class=\"wp-block-button__link has-tertiary-color has-base-background-color has-text-color has-background wp-element-button\" href='https:\/\/ieeexplore.ieee.org\/document\/6136853' rel=\"noopener\">Lien vers l&rsquo;article<\/a><\/div>\n                <\/div>\n<\/div>\n<\/div>\n\n<\/li><li class=\"wp-block-post post-4532 journal_article type-journal_article status-publish hentry journal_article_cat-conferences\">\n\n<hr class=\"wp-block-separator has-text-color has-background-color has-alpha-channel-opacity has-background-background-color has-background is-style-wide\"\/>\n\n\n\n<div class=\"wp-block-columns is-layout-flex wp-container-core-columns-is-layout-28f84493 wp-block-columns-is-layout-flex\">\n<div class=\"wp-block-column is-layout-flow wp-block-column-is-layout-flow\" style=\"flex-basis:30%\">\n<p class=\"has-base-color has-text-color\"><strong>M. Maidi, M. Preda, and V-H. Le<\/strong><\/p>\n<\/div>\n\n\n\n<div class=\"wp-block-column is-layout-flow wp-block-column-is-layout-flow\" style=\"flex-basis:50%\"><h3 class=\"wp-block-post-title has-text-color has-base-color has-medium-font-size\">Markerless Tracking for Mobile Augmented Reality,<\/h3>\n\n\n<p class=\"has-base-color has-text-color\">IEEE International Conference on Signal and Image Processing Applications (ICSIPA\u20192011), pp. 301-306, Kuala Lumpur, Malaysia, November 2011.<\/p>\n<\/div>\n\n\n\n<div class=\"wp-block-column is-layout-flow wp-block-column-is-layout-flow\">\n<div class=\"wp-block-buttons is-layout-flex\">\n                <div class=\"wp-block-button has-custom-width wp-block-button__width-100 has-custom-font-size has-small-font-size\"><a target=\"_blank\" class=\"wp-block-button__link has-tertiary-color has-base-background-color has-text-color has-background wp-element-button\" href='https:\/\/ieeexplore.ieee.org\/document\/6144077?denied=' rel=\"noopener\">Lien vers l&rsquo;article<\/a><\/div>\n                <\/div>\n<\/div>\n<\/div>\n\n<\/li><li class=\"wp-block-post post-4721 journal_article type-journal_article status-publish hentry journal_article_cat-conferences\">\n\n<hr class=\"wp-block-separator has-text-color has-background-color has-alpha-channel-opacity has-background-background-color has-background is-style-wide\"\/>\n\n\n\n<div class=\"wp-block-columns is-layout-flex wp-container-core-columns-is-layout-28f84493 wp-block-columns-is-layout-flex\">\n<div class=\"wp-block-column is-layout-flow wp-block-column-is-layout-flow\" style=\"flex-basis:30%\">\n<p class=\"has-base-color has-text-color\"><strong>Y. Chenoune, C. Constantinides, E. Roullot, E. Mousseaux, and F. Frouin<\/strong><\/p>\n<\/div>\n\n\n\n<div class=\"wp-block-column is-layout-flow wp-block-column-is-layout-flow\" style=\"flex-basis:50%\"><h3 class=\"wp-block-post-title has-text-color has-base-color has-medium-font-size\">Segmentation et Recalage 3D d\u2019IRM Cardiaques pour la Quantification Automatique du Rehaussement Tardif,<\/h3>\n\n\n<p class=\"has-base-color has-text-color\">GRETSI, 2011.<\/p>\n<\/div>\n\n\n\n<div class=\"wp-block-column is-layout-flow wp-block-column-is-layout-flow\">\n<div class=\"wp-block-buttons is-layout-flex\">\n                <div class=\"wp-block-button has-custom-width wp-block-button__width-100 has-custom-font-size has-small-font-size\"><a target=\"_blank\" class=\"wp-block-button__link has-tertiary-color has-base-background-color has-text-color has-background wp-element-button\" href='https:\/\/www.google.com\/url?sa=t&amp;rct=j&amp;q=&amp;esrc=s&amp;source=web&amp;cd=&amp;cad=rja&amp;uact=8&amp;ved=2ahUKEwjj1OiYouH_AhW7UaQEHVokA74QFnoECAgQAQ&amp;url=http%3A%2F%2Fwww.gretsi.fr%2Fdata%2Fcolloque%2Fpdf%2F2011_chenoune478.pdf&amp;usg=AOvVaw0o_yK3nnFzdeCYvUHboaPH&amp;opi=89978449' rel=\"noopener\">Lien vers l&rsquo;article<\/a><\/div>\n                <\/div>\n<\/div>\n<\/div>\n\n<\/li><li class=\"wp-block-post post-4956 journal_article type-journal_article status-publish hentry journal_article_cat-conferences\">\n\n<hr class=\"wp-block-separator has-text-color has-background-color has-alpha-channel-opacity has-background-background-color has-background is-style-wide\"\/>\n\n\n\n<div class=\"wp-block-columns is-layout-flex wp-container-core-columns-is-layout-28f84493 wp-block-columns-is-layout-flex\">\n<div class=\"wp-block-column is-layout-flow wp-block-column-is-layout-flow\" style=\"flex-basis:30%\">\n<p class=\"has-base-color has-text-color\"><strong>A. Mhamdi, R. Maraoui, M. Graiet, M. Kmimech, M. Tahar Bhiri, and E. Cariou<\/strong><\/p>\n<\/div>\n\n\n\n<div class=\"wp-block-column is-layout-flow wp-block-column-is-layout-flow\" style=\"flex-basis:50%\"><h3 class=\"wp-block-post-title has-text-color has-base-color has-medium-font-size\">Towards an IDM Approach,<\/h3>\n\n\n<p class=\"has-base-color has-text-color\">Conference on semantics, knowledge and grids (SKG), Beijing, China, October 2011.<\/p>\n<\/div>\n\n\n\n<div class=\"wp-block-column is-layout-flow wp-block-column-is-layout-flow\">\n<div class=\"wp-block-buttons is-layout-flex\">\n                <div class=\"wp-block-button has-custom-width wp-block-button__width-100 has-custom-font-size has-small-font-size\"><a target=\"_blank\" class=\"wp-block-button__link has-tertiary-color has-base-background-color has-text-color has-background wp-element-button\" href='https:\/\/www.computer.org\/csdl\/proceedings\/skg\/2011\/12OmNCbU3aJ' rel=\"noopener\">Lien vers la conf\u00e9rence<\/a><\/div>\n                <\/div>\n<\/div>\n<\/div>\n\n<\/li><li class=\"wp-block-post post-4957 journal_article type-journal_article status-publish hentry journal_article_cat-conferences\">\n\n<hr class=\"wp-block-separator has-text-color has-background-color has-alpha-channel-opacity has-background-background-color has-background is-style-wide\"\/>\n\n\n\n<div class=\"wp-block-columns is-layout-flex wp-container-core-columns-is-layout-28f84493 wp-block-columns-is-layout-flex\">\n<div class=\"wp-block-column is-layout-flow wp-block-column-is-layout-flow\" style=\"flex-basis:30%\">\n<p class=\"has-base-color has-text-color\"><strong>A. Mhamdi, R. Maraoui, M. Graiet, M. Kmimech, M. Tahar Bhiri, and E. Cariou<\/strong><\/p>\n<\/div>\n\n\n\n<div class=\"wp-block-column is-layout-flow wp-block-column-is-layout-flow\" style=\"flex-basis:50%\"><h3 class=\"wp-block-post-title has-text-color has-base-color has-medium-font-size\">Transformation of Composite Web Service for QoS Extension into ACME Armani,<\/h3>\n\n\n<p class=\"has-base-color has-text-color\">The Sixth International Conference on Software Engineering Advances (ICSEA 2011), Barcelone, Spain, October 2011. <\/p>\n<\/div>\n\n\n\n<div class=\"wp-block-column is-layout-flow wp-block-column-is-layout-flow\">\n<div class=\"wp-block-buttons is-layout-flex\">\n                <div class=\"wp-block-button has-custom-width wp-block-button__width-100 has-custom-font-size has-small-font-size\"><a target=\"_blank\" class=\"wp-block-button__link has-tertiary-color has-base-background-color has-text-color has-background wp-element-button\" href='https:\/\/hal.archives-ouvertes.fr\/hal-00648920' rel=\"noopener\">Lien vers l&rsquo;article<\/a><\/div>\n                <\/div>\n<\/div>\n<\/div>\n\n<\/li><li class=\"wp-block-post post-4475 journal_article type-journal_article status-publish hentry journal_article_cat-conferences\">\n\n<hr class=\"wp-block-separator has-text-color has-background-color has-alpha-channel-opacity has-background-background-color has-background is-style-wide\"\/>\n\n\n\n<div class=\"wp-block-columns is-layout-flex wp-container-core-columns-is-layout-28f84493 wp-block-columns-is-layout-flex\">\n<div class=\"wp-block-column is-layout-flow wp-block-column-is-layout-flow\" style=\"flex-basis:30%\">\n<p class=\"has-base-color has-text-color\"><strong>S. Hima, S. Glaser, A. Cha\u00efbet, and B. Vanholme<\/strong><\/p>\n<\/div>\n\n\n\n<div class=\"wp-block-column is-layout-flow wp-block-column-is-layout-flow\" style=\"flex-basis:50%\"><h3 class=\"wp-block-post-title has-text-color has-base-color has-medium-font-size\">Controller design for trajectory tracking passenger vehicles,<\/h3>\n\n\n<p class=\"has-base-color has-text-color\">14th International IEEE Conference on Intelligent Transportation Systems (ITSC), 6083126, Washington, DC, USA, October 2011.<\/p>\n<\/div>\n\n\n\n<div class=\"wp-block-column is-layout-flow wp-block-column-is-layout-flow\">\n<div class=\"wp-block-buttons is-layout-flex\">\n                <div class=\"wp-block-button has-custom-width wp-block-button__width-100 has-custom-font-size has-small-font-size\"><a target=\"_blank\" class=\"wp-block-button__link has-tertiary-color has-base-background-color has-text-color has-background wp-element-button\" href='https:\/\/ieeexplore.ieee.org\/document\/6083126' rel=\"noopener\">Lien vers l&rsquo;article<\/a><\/div>\n                <\/div>\n<\/div>\n<\/div>\n\n<\/li><li class=\"wp-block-post post-4474 journal_article type-journal_article status-publish hentry journal_article_cat-conferences\">\n\n<hr class=\"wp-block-separator has-text-color has-background-color has-alpha-channel-opacity has-background-background-color has-background is-style-wide\"\/>\n\n\n\n<div class=\"wp-block-columns is-layout-flex wp-container-core-columns-is-layout-28f84493 wp-block-columns-is-layout-flex\">\n<div class=\"wp-block-column is-layout-flow wp-block-column-is-layout-flow\" style=\"flex-basis:30%\">\n<p class=\"has-base-color has-text-color\"><strong>S. Hima, B. Lusetti, B. Vanholm, S. Glaser, and S. Mammar<\/strong><\/p>\n<\/div>\n\n\n\n<div class=\"wp-block-column is-layout-flow wp-block-column-is-layout-flow\" style=\"flex-basis:50%\"><h3 class=\"wp-block-post-title has-text-color has-base-color has-medium-font-size\">Trajectory tracking for highly automated passenger vehicles,<\/h3>\n\n\n<p class=\"has-base-color has-text-color\">18th IFAC World Congress, (IFAC-PapersOnline), Volume 44, issue 1, pp. 12958\u201312963, 2011.<\/p>\n<\/div>\n\n\n\n<div class=\"wp-block-column is-layout-flow wp-block-column-is-layout-flow\">\n<div class=\"wp-block-buttons is-layout-flex\">\n                <div class=\"wp-block-button has-custom-width wp-block-button__width-100 has-custom-font-size has-small-font-size\"><a target=\"_blank\" class=\"wp-block-button__link has-tertiary-color has-base-background-color has-text-color has-background wp-element-button\" href='https:\/\/www.sciencedirect.com\/science\/article\/pii\/S1474667016457022' rel=\"noopener\">Lien vers l&rsquo;article<\/a><\/div>\n                <\/div>\n<\/div>\n<\/div>\n\n<\/li><li class=\"wp-block-post post-4415 journal_article type-journal_article status-publish hentry journal_article_cat-conferences\">\n\n<hr class=\"wp-block-separator has-text-color has-background-color has-alpha-channel-opacity has-background-background-color has-background is-style-wide\"\/>\n\n\n\n<div class=\"wp-block-columns is-layout-flex wp-container-core-columns-is-layout-28f84493 wp-block-columns-is-layout-flex\">\n<div class=\"wp-block-column is-layout-flow wp-block-column-is-layout-flow\" style=\"flex-basis:30%\">\n<p class=\"has-base-color has-text-color\"><strong>B. Daguse, X. Jannot, C. Ledoux, P. Lefranc, and J.-C. Vannier<\/strong><\/p>\n<\/div>\n\n\n\n<div class=\"wp-block-column is-layout-flow wp-block-column-is-layout-flow\" style=\"flex-basis:50%\"><h3 class=\"wp-block-post-title has-text-color has-base-color has-medium-font-size\">Multiphysic optimal design of an inverter fed PMSM and choice of switching frequency,<\/h3>\n\n\n<p class=\"has-base-color has-text-color\">Proceedings of the 2011 14th European Conference on Power Electronics and Applications, pp. 1-8, Birmingham, UK, August 2011.<\/p>\n<\/div>\n\n\n\n<div class=\"wp-block-column is-layout-flow wp-block-column-is-layout-flow\">\n<div class=\"wp-block-buttons is-layout-flex\">\n                <div class=\"wp-block-button has-custom-width wp-block-button__width-100 has-custom-font-size has-small-font-size\"><a target=\"_blank\" class=\"wp-block-button__link has-tertiary-color has-base-background-color has-text-color has-background wp-element-button\" href='https:\/\/ieeexplore.ieee.org\/document\/6020612' rel=\"noopener\">Lien vers l&rsquo;article<\/a><\/div>\n                <\/div>\n<\/div>\n<\/div>\n\n<\/li><li class=\"wp-block-post post-4414 journal_article type-journal_article status-publish hentry journal_article_cat-conferences\">\n\n<hr class=\"wp-block-separator has-text-color has-background-color has-alpha-channel-opacity has-background-background-color has-background is-style-wide\"\/>\n\n\n\n<div class=\"wp-block-columns is-layout-flex wp-container-core-columns-is-layout-28f84493 wp-block-columns-is-layout-flex\">\n<div class=\"wp-block-column is-layout-flow wp-block-column-is-layout-flow\" style=\"flex-basis:30%\">\n<p class=\"has-base-color has-text-color\"><strong>C. Ledoux, P. Lefranc, and C. Larouci<\/strong><\/p>\n<\/div>\n\n\n\n<div class=\"wp-block-column is-layout-flow wp-block-column-is-layout-flow\" style=\"flex-basis:50%\"><h3 class=\"wp-block-post-title has-text-color has-base-color has-medium-font-size\">Pre-sizing optimization of an inverter and the passive components,<\/h3>\n\n\n<p class=\"has-base-color has-text-color\">Proceedings of the 2011 14th European Conference on Power Electronics and Applications, pp. 1-8, Birmingham, UK, August 2011.<\/p>\n<\/div>\n\n\n\n<div class=\"wp-block-column is-layout-flow wp-block-column-is-layout-flow\">\n<div class=\"wp-block-buttons is-layout-flex\">\n                <div class=\"wp-block-button has-custom-width wp-block-button__width-100 has-custom-font-size has-small-font-size\"><a target=\"_blank\" class=\"wp-block-button__link has-tertiary-color has-base-background-color has-text-color has-background wp-element-button\" href='https:\/\/ieeexplore.ieee.org\/document\/6020361' rel=\"noopener\">Lien vers l&rsquo;article<\/a><\/div>\n                <\/div>\n<\/div>\n<\/div>\n\n<\/li><li class=\"wp-block-post post-5298 journal_article type-journal_article status-publish hentry journal_article_cat-conferences\">\n\n<hr class=\"wp-block-separator has-text-color has-background-color has-alpha-channel-opacity has-background-background-color has-background is-style-wide\"\/>\n\n\n\n<div class=\"wp-block-columns is-layout-flex wp-container-core-columns-is-layout-28f84493 wp-block-columns-is-layout-flex\">\n<div class=\"wp-block-column is-layout-flow wp-block-column-is-layout-flow\" style=\"flex-basis:30%\">\n<p class=\"has-base-color has-text-color\"><strong>A. Le Duc, P. Ciblat, and C. Le Martret<\/strong><\/p>\n<\/div>\n\n\n\n<div class=\"wp-block-column is-layout-flow wp-block-column-is-layout-flow\" style=\"flex-basis:50%\"><h3 class=\"wp-block-post-title has-text-color has-base-color has-medium-font-size\">Analysis of a cross-layer Hybrid ARQ scheme: application to unequal packet protection,<\/h3>\n\n\n<p class=\"has-base-color has-text-color\">2011 IEEE International Conference on Communications (ICC), Kyoto, Japan, June 2011.<\/p>\n<\/div>\n\n\n\n<div class=\"wp-block-column is-layout-flow wp-block-column-is-layout-flow\">\n<div class=\"wp-block-buttons is-layout-flex\">\n                <div class=\"wp-block-button has-custom-width wp-block-button__width-100 has-custom-font-size has-small-font-size\"><a target=\"_blank\" class=\"wp-block-button__link has-tertiary-color has-base-background-color has-text-color has-background wp-element-button\" href='https:\/\/ieeexplore.ieee.org\/abstract\/document\/5962507' rel=\"noopener\">Lien vers l&rsquo;article<\/a><\/div>\n                <\/div>\n<\/div>\n<\/div>\n\n<\/li><li class=\"wp-block-post post-5191 journal_article type-journal_article status-publish hentry journal_article_cat-conferences\">\n\n<hr class=\"wp-block-separator has-text-color has-background-color has-alpha-channel-opacity has-background-background-color has-background is-style-wide\"\/>\n\n\n\n<div class=\"wp-block-columns is-layout-flex wp-container-core-columns-is-layout-28f84493 wp-block-columns-is-layout-flex\">\n<div class=\"wp-block-column is-layout-flow wp-block-column-is-layout-flow\" style=\"flex-basis:30%\">\n<p class=\"has-base-color has-text-color\"><strong>B. Ouni, H. Ben Rekhissa, C. Belleudy, and Eric Senn<\/strong><\/p>\n<\/div>\n\n\n\n<div class=\"wp-block-column is-layout-flow wp-block-column-is-layout-flow\" style=\"flex-basis:50%\"><h3 class=\"wp-block-post-title has-text-color has-base-color has-medium-font-size\">Approach for modeling embedded operating systems energy characterization,<\/h3>\n\n\n<p class=\"has-base-color has-text-color\">GDR SoC-SiP, Lyon, France, June 2011.<\/p>\n<\/div>\n\n\n\n<div class=\"wp-block-column is-layout-flow wp-block-column-is-layout-flow\">\n<div class=\"wp-block-buttons is-layout-flex\">\n                <div class=\"wp-block-button has-custom-width wp-block-button__width-100 has-custom-font-size has-small-font-size\"><a target=\"_blank\" class=\"wp-block-button__link has-tertiary-color has-base-background-color has-text-color has-background wp-element-button\" href='https:\/\/hal.archives-ouvertes.fr\/hal-00662464' rel=\"noopener\">Lien vers l&rsquo;article<\/a><\/div>\n                <\/div>\n<\/div>\n<\/div>\n\n<\/li><li class=\"wp-block-post post-5188 journal_article type-journal_article status-publish hentry journal_article_cat-conferences\">\n\n<hr class=\"wp-block-separator has-text-color has-background-color has-alpha-channel-opacity has-background-background-color has-background is-style-wide\"\/>\n\n\n\n<div class=\"wp-block-columns is-layout-flex wp-container-core-columns-is-layout-28f84493 wp-block-columns-is-layout-flex\">\n<div class=\"wp-block-column is-layout-flow wp-block-column-is-layout-flow\" style=\"flex-basis:30%\">\n<p class=\"has-base-color has-text-color\"><strong>B. Ouni, I. Belaid, F. Muller, and M. Benjemaa, <\/strong><\/p>\n<\/div>\n\n\n\n<div class=\"wp-block-column is-layout-flow wp-block-column-is-layout-flow\" style=\"flex-basis:50%\"><h3 class=\"wp-block-post-title has-text-color has-base-color has-medium-font-size\">Placement of hardware tasks on FPGA using the Bees algorithm,<\/h3>\n\n\n<p class=\"has-base-color has-text-color\">PECCS \u201911, Proceedings of the conference on Pervasive and embedded computing and communication systems, pp. 498-505, Algarve, Portugal, March 2011.<\/p>\n<\/div>\n\n\n\n<div class=\"wp-block-column is-layout-flow wp-block-column-is-layout-flow\">\n<div class=\"wp-block-buttons is-layout-flex\">\n                <div class=\"wp-block-button has-custom-width wp-block-button__width-100 has-custom-font-size has-small-font-size\"><a target=\"_blank\" class=\"wp-block-button__link has-tertiary-color has-base-background-color has-text-color has-background wp-element-button\" href='https:\/\/www.researchgate.net\/publication\/221156956_Placement_of_Hardware_Tasks_on_FPGA_using_the_Bees_Algorithm' rel=\"noopener\">Lien vers l&rsquo;article<\/a><\/div>\n                <\/div>\n<\/div>\n<\/div>\n\n<\/li><li class=\"wp-block-post post-5437 journal_article type-journal_article status-publish hentry journal_article_cat-conferences\">\n\n<hr class=\"wp-block-separator has-text-color has-background-color has-alpha-channel-opacity has-background-background-color has-background is-style-wide\"\/>\n\n\n\n<div class=\"wp-block-columns is-layout-flex wp-container-core-columns-is-layout-28f84493 wp-block-columns-is-layout-flex\">\n<div class=\"wp-block-column is-layout-flow wp-block-column-is-layout-flow\" style=\"flex-basis:30%\">\n<p class=\"has-base-color has-text-color\"><strong>R. Maraoui, M. Graiet, M. Kmimech, M. Tahar Bhiri, and B. El Ayeb<\/strong><\/p>\n<\/div>\n\n\n\n<div class=\"wp-block-column is-layout-flow wp-block-column-is-layout-flow\" style=\"flex-basis:50%\"><h3 class=\"wp-block-post-title has-text-color has-base-color has-medium-font-size\">Formalisation of Mediation Protocol for Web Services Composition with ACME\/ARMANI ADL,<\/h3>\n\n\n<p class=\"has-base-color has-text-color\">SERVICE COMPUTATION, Lisbon, Portugal, November, 2010.<\/p>\n<\/div>\n\n\n\n<div class=\"wp-block-column is-layout-flow wp-block-column-is-layout-flow\">\n<div class=\"wp-block-buttons is-layout-flex\">\n                <div class=\"wp-block-button has-custom-width wp-block-button__width-100 has-custom-font-size has-small-font-size\"><a target=\"_blank\" class=\"wp-block-button__link has-tertiary-color has-base-background-color has-text-color has-background wp-element-button\" href='https:\/\/www.thinkmind.org\/articles\/service_computation_2010_2_30_20076.pdf' rel=\"noopener\">Lien vers l&rsquo;article<\/a><\/div>\n                <\/div>\n<\/div>\n<\/div>\n\n<\/li><li class=\"wp-block-post post-4413 journal_article type-journal_article status-publish hentry journal_article_cat-conferences\">\n\n<hr class=\"wp-block-separator has-text-color has-background-color has-alpha-channel-opacity has-background-background-color has-background is-style-wide\"\/>\n\n\n\n<div class=\"wp-block-columns is-layout-flex wp-container-core-columns-is-layout-28f84493 wp-block-columns-is-layout-flex\">\n<div class=\"wp-block-column is-layout-flow wp-block-column-is-layout-flow\" style=\"flex-basis:30%\">\n<p class=\"has-base-color has-text-color\"><strong>C. Ledoux, P. Lefranc, J. Cathelin, C. Larouci, D. Diallo, and J.-L. Thomas<\/strong><\/p>\n<\/div>\n\n\n\n<div class=\"wp-block-column is-layout-flow wp-block-column-is-layout-flow\" style=\"flex-basis:50%\"><h3 class=\"wp-block-post-title has-text-color has-base-color has-medium-font-size\">Modeling and fault modes investigation of a power sharing AC drive,<\/h3>\n\n\n<p class=\"has-base-color has-text-color\">IECON 2010 &#8211; 36th Annual Conference on IEEE Industrial Electronics Society, , pp. 2504-2509, Glendale, AZ, USA, November 2010.<\/p>\n<\/div>\n\n\n\n<div class=\"wp-block-column is-layout-flow wp-block-column-is-layout-flow\">\n<div class=\"wp-block-buttons is-layout-flex\">\n                <div class=\"wp-block-button has-custom-width wp-block-button__width-100 has-custom-font-size has-small-font-size\"><a target=\"_blank\" class=\"wp-block-button__link has-tertiary-color has-base-background-color has-text-color has-background wp-element-button\" href='https:\/\/ieeexplore.ieee.org\/document\/5674925' rel=\"noopener\">Lien vers l&rsquo;article<\/a><\/div>\n                <\/div>\n<\/div>\n<\/div>\n\n<\/li><li class=\"wp-block-post post-4942 journal_article type-journal_article status-publish hentry journal_article_cat-conferences\">\n\n<hr class=\"wp-block-separator has-text-color has-background-color has-alpha-channel-opacity has-background-background-color has-background is-style-wide\"\/>\n\n\n\n<div class=\"wp-block-columns is-layout-flex wp-container-core-columns-is-layout-28f84493 wp-block-columns-is-layout-flex\">\n<div class=\"wp-block-column is-layout-flow wp-block-column-is-layout-flow\" style=\"flex-basis:30%\">\n<p class=\"has-base-color has-text-color\"><strong>M. Graiet, R. Maraoui, M. Kmimech, M. Tahar Bhiri, and W. Gaaloul<\/strong><\/p>\n<\/div>\n\n\n\n<div class=\"wp-block-column is-layout-flow wp-block-column-is-layout-flow\" style=\"flex-basis:50%\"><h3 class=\"wp-block-post-title has-text-color has-base-color has-medium-font-size\">Towards an approach of formal verification of mediation protocol based on Web services,<\/h3>\n\n\n<p class=\"has-base-color has-text-color\">12th International Conference on Information Integration and Web-based Applications &amp; Services (iiWAS 2010), pp.75 &#8211; 82, Paris, France, October 2010. <\/p>\n<\/div>\n\n\n\n<div class=\"wp-block-column is-layout-flow wp-block-column-is-layout-flow\">\n<div class=\"wp-block-buttons is-layout-flex\">\n                <div class=\"wp-block-button has-custom-width wp-block-button__width-100 has-custom-font-size has-small-font-size\"><a target=\"_blank\" class=\"wp-block-button__link has-tertiary-color has-base-background-color has-text-color has-background wp-element-button\" href='https:\/\/hal.archives-ouvertes.fr\/hal-01308596' rel=\"noopener\">Lien vers l&rsquo;article<\/a><\/div>\n                <\/div>\n<\/div>\n<\/div>\n\n<\/li><li class=\"wp-block-post post-4697 journal_article type-journal_article status-publish hentry journal_article_cat-conferences\">\n\n<hr class=\"wp-block-separator has-text-color has-background-color has-alpha-channel-opacity has-background-background-color has-background is-style-wide\"\/>\n\n\n\n<div class=\"wp-block-columns is-layout-flex wp-container-core-columns-is-layout-28f84493 wp-block-columns-is-layout-flex\">\n<div class=\"wp-block-column is-layout-flow wp-block-column-is-layout-flow\" style=\"flex-basis:30%\">\n<p class=\"has-base-color has-text-color\"><strong>Y. Chenoune, C. Constantinides, R. El Berbari, E. Roullot, F. Frouin, A. Herment, and E. Mousseaux<\/strong><\/p>\n<\/div>\n\n\n\n<div class=\"wp-block-column is-layout-flow wp-block-column-is-layout-flow\" style=\"flex-basis:50%\"><h3 class=\"wp-block-post-title has-text-color has-base-color has-medium-font-size\">Rigid Registration of Delayed-Enhancement and Cine Cardiac MR Images using 3D Normalized Mutual Information,<\/h3>\n\n\n<p class=\"has-base-color has-text-color\">Computing in Cardiology\u201910, Belfast, United Kingdom 2010, Vol. 37, pp. 161-164, September 2010.<\/p>\n<\/div>\n\n\n\n<div class=\"wp-block-column is-layout-flow wp-block-column-is-layout-flow\">\n<div class=\"wp-block-buttons is-layout-flex\">\n                <div class=\"wp-block-button has-custom-width wp-block-button__width-100 has-custom-font-size has-small-font-size\"><a target=\"_blank\" class=\"wp-block-button__link has-tertiary-color has-base-background-color has-text-color has-background wp-element-button\" href='https:\/\/ieeexplore.ieee.org\/document\/5737934' rel=\"noopener\">Lien vers l&rsquo;article<\/a><\/div>\n                <\/div>\n<\/div>\n<\/div>\n\n<\/li><li class=\"wp-block-post post-4702 journal_article type-journal_article status-publish hentry journal_article_cat-conferences\">\n\n<hr class=\"wp-block-separator has-text-color has-background-color has-alpha-channel-opacity has-background-background-color has-background is-style-wide\"\/>\n\n\n\n<div class=\"wp-block-columns is-layout-flex wp-container-core-columns-is-layout-28f84493 wp-block-columns-is-layout-flex\">\n<div class=\"wp-block-column is-layout-flow wp-block-column-is-layout-flow\" style=\"flex-basis:30%\">\n<p class=\"has-base-color has-text-color\"><strong>C. Constantinides, Y. Chenoune, E. Mousseaux, F. Frouin, and E. Roullot<\/strong><\/p>\n<\/div>\n\n\n\n<div class=\"wp-block-column is-layout-flow wp-block-column-is-layout-flow\" style=\"flex-basis:50%\"><h3 class=\"wp-block-post-title has-text-color has-base-color has-medium-font-size\">Automated Heart Localization for the Segmentation of the Ventricular Cavities on Cine Magnetic Resonance Images,<\/h3>\n\n\n<p class=\"has-base-color has-text-color\">Computing in Cardiology\u201910, Vol. 37, pp. 911-914, Belfast, United Kingdom, September 2010.<\/p>\n<\/div>\n\n\n\n<div class=\"wp-block-column is-layout-flow wp-block-column-is-layout-flow\">\n<div class=\"wp-block-buttons is-layout-flex\">\n                <div class=\"wp-block-button has-custom-width wp-block-button__width-100 has-custom-font-size has-small-font-size\"><a target=\"_blank\" class=\"wp-block-button__link has-tertiary-color has-base-background-color has-text-color has-background wp-element-button\" href='https:\/\/ieeexplore.ieee.org\/document\/5738122' rel=\"noopener\">Lien vers l&rsquo;article<\/a><\/div>\n                <\/div>\n<\/div>\n<\/div>\n\n<\/li><li class=\"wp-block-post post-4412 journal_article type-journal_article status-publish hentry journal_article_cat-conferences\">\n\n<hr class=\"wp-block-separator has-text-color has-background-color has-alpha-channel-opacity has-background-background-color has-background is-style-wide\"\/>\n\n\n\n<div class=\"wp-block-columns is-layout-flex wp-container-core-columns-is-layout-28f84493 wp-block-columns-is-layout-flex\">\n<div class=\"wp-block-column is-layout-flow wp-block-column-is-layout-flow\" style=\"flex-basis:30%\">\n<p class=\"has-base-color has-text-color\"><strong>C. Ledoux, P. Lefranc, C. Larouci, and J.-L. Thomas<\/strong><\/p>\n<\/div>\n\n\n\n<div class=\"wp-block-column is-layout-flow wp-block-column-is-layout-flow\" style=\"flex-basis:50%\"><h3 class=\"wp-block-post-title has-text-color has-base-color has-medium-font-size\">State of the art of monoconverter multiloads applications and associated power electronic devices,<\/h3>\n\n\n<p class=\"has-base-color has-text-color\">2010 IEEE International Symposium on Industrial Electronics, pp. 1092-1096, Bari, Italy, July 2010.<\/p>\n<\/div>\n\n\n\n<div class=\"wp-block-column is-layout-flow wp-block-column-is-layout-flow\">\n<div class=\"wp-block-buttons is-layout-flex\">\n                <div class=\"wp-block-button has-custom-width wp-block-button__width-100 has-custom-font-size has-small-font-size\"><a target=\"_blank\" class=\"wp-block-button__link has-tertiary-color has-base-background-color has-text-color has-background wp-element-button\" href='https:\/\/ieeexplore.ieee.org\/document\/5636856' rel=\"noopener\">Lien vers l&rsquo;article<\/a><\/div>\n                <\/div>\n<\/div>\n<\/div>\n\n<\/li><li class=\"wp-block-post post-5299 journal_article type-journal_article status-publish hentry journal_article_cat-conferences\">\n\n<hr class=\"wp-block-separator has-text-color has-background-color has-alpha-channel-opacity has-background-background-color has-background is-style-wide\"\/>\n\n\n\n<div class=\"wp-block-columns is-layout-flex wp-container-core-columns-is-layout-28f84493 wp-block-columns-is-layout-flex\">\n<div class=\"wp-block-column is-layout-flow wp-block-column-is-layout-flow\" style=\"flex-basis:30%\">\n<p class=\"has-base-color has-text-color\"><strong>A. Le Duc, C. Le Martret, and P. Ciblat<\/strong><\/p>\n<\/div>\n\n\n\n<div class=\"wp-block-column is-layout-flow wp-block-column-is-layout-flow\" style=\"flex-basis:50%\"><h3 class=\"wp-block-post-title has-text-color has-base-color has-medium-font-size\">Efficiency closed-form expressions for any IR-HARQ scheme at the IP level,<\/h3>\n\n\n<p class=\"has-base-color has-text-color\">IEEE Workshop on Signal Processing Advances in Wireless Communications (SPAWC), Marrakech, Morocco, June 2010.<\/p>\n<\/div>\n\n\n\n<div class=\"wp-block-column is-layout-flow wp-block-column-is-layout-flow\">\n<div class=\"wp-block-buttons is-layout-flex\">\n                <div class=\"wp-block-button has-custom-width wp-block-button__width-100 has-custom-font-size has-small-font-size\"><a target=\"_blank\" class=\"wp-block-button__link has-tertiary-color has-base-background-color has-text-color has-background wp-element-button\" href='https:\/\/ieeexplore.ieee.org\/document\/5671036' rel=\"noopener\">Lien vers l&rsquo;article<\/a><\/div>\n                <\/div>\n<\/div>\n<\/div>\n\n<\/li><li class=\"wp-block-post post-4329 journal_article type-journal_article status-publish hentry journal_article_cat-conferences\">\n\n<hr class=\"wp-block-separator has-text-color has-background-color has-alpha-channel-opacity has-background-background-color has-background is-style-wide\"\/>\n\n\n\n<div class=\"wp-block-columns is-layout-flex wp-container-core-columns-is-layout-28f84493 wp-block-columns-is-layout-flex\">\n<div class=\"wp-block-column is-layout-flow wp-block-column-is-layout-flow\" style=\"flex-basis:30%\">\n<p class=\"has-base-color has-text-color\"><strong>A. Dandoush and A. Jean-Marie<\/strong><\/p>\n<\/div>\n\n\n\n<div class=\"wp-block-column is-layout-flow wp-block-column-is-layout-flow\" style=\"flex-basis:50%\"><h3 class=\"wp-block-post-title has-text-color has-base-color has-medium-font-size\">Flow-Level Modeling of Parallel Download in Distributed Systems,<\/h3>\n\n\n<p class=\"has-base-color has-text-color\">2010 Third International Conference on Communication Theory, Reliability, and Quality of Service, Athens \/ Glyfada, Greece, June 2010.<\/p>\n<\/div>\n\n\n\n<div class=\"wp-block-column is-layout-flow wp-block-column-is-layout-flow\">\n<div class=\"wp-block-buttons is-layout-flex\">\n                <div class=\"wp-block-button has-custom-width wp-block-button__width-100 has-custom-font-size has-small-font-size\"><a target=\"_blank\" class=\"wp-block-button__link has-tertiary-color has-base-background-color has-text-color has-background wp-element-button\" href='https:\/\/ieeexplore.ieee.org\/document\/5532781' rel=\"noopener\">Lien vers l&rsquo;article<\/a><\/div>\n                <\/div>\n<\/div>\n<\/div>\n\n<\/li><li class=\"wp-block-post post-5192 journal_article type-journal_article status-publish hentry journal_article_cat-conferences\">\n\n<hr class=\"wp-block-separator has-text-color has-background-color has-alpha-channel-opacity has-background-background-color has-background is-style-wide\"\/>\n\n\n\n<div class=\"wp-block-columns is-layout-flex wp-container-core-columns-is-layout-28f84493 wp-block-columns-is-layout-flex\">\n<div class=\"wp-block-column is-layout-flow wp-block-column-is-layout-flow\" style=\"flex-basis:30%\">\n<p class=\"has-base-color has-text-color\"><strong>B. Ouni, F. Muller, and M. Benjemaa<\/strong><\/p>\n<\/div>\n\n\n\n<div class=\"wp-block-column is-layout-flow wp-block-column-is-layout-flow\" style=\"flex-basis:50%\"><h3 class=\"wp-block-post-title has-text-color has-base-color has-medium-font-size\">Placement and scheduling of hardware tasks on reconfigurable zones using the bees algorithm,<\/h3>\n\n\n<p class=\"has-base-color has-text-color\">GDR SoC-SiP (System On Chip -System In Package), Paris-Orsay, France, June 2009.<\/p>\n<\/div>\n\n\n\n<div class=\"wp-block-column is-layout-flow wp-block-column-is-layout-flow\">\n<div class=\"wp-block-buttons is-layout-flex\">\n                <div class=\"wp-block-button has-custom-width wp-block-button__width-100 has-custom-font-size has-small-font-size\"><a target=\"_blank\" class=\"wp-block-button__link has-tertiary-color has-base-background-color has-text-color has-background wp-element-button\" href='https:\/\/www.scitepress.org\/Papers\/2011\/33618\/pdf\/index.html' rel=\"noopener\">Lien vers l&rsquo;article<\/a><\/div>\n                <\/div>\n<\/div>\n<\/div>\n\n<\/li><li class=\"wp-block-post post-4330 journal_article type-journal_article status-publish hentry journal_article_cat-conferences\">\n\n<hr class=\"wp-block-separator has-text-color has-background-color has-alpha-channel-opacity has-background-background-color has-background is-style-wide\"\/>\n\n\n\n<div class=\"wp-block-columns is-layout-flex wp-container-core-columns-is-layout-28f84493 wp-block-columns-is-layout-flex\">\n<div class=\"wp-block-column is-layout-flow wp-block-column-is-layout-flow\" style=\"flex-basis:30%\">\n<p class=\"has-base-color has-text-color\"><strong>A. Dandoush, S. Alouf, and P. Nain<\/strong><\/p>\n<\/div>\n\n\n\n<div class=\"wp-block-column is-layout-flow wp-block-column-is-layout-flow\" style=\"flex-basis:50%\"><h3 class=\"wp-block-post-title has-text-color has-base-color has-medium-font-size\">A realistic simulation model for peer-to-peer storage systems,<\/h3>\n\n\n<p class=\"has-base-color has-text-color\">VALUETOOLS &rsquo;09 Proceedings of the Fourth International ICST Conference on Performance Evaluation Methodologies and Tools, Pisa, Italy, October 2009.<\/p>\n<\/div>\n\n\n\n<div class=\"wp-block-column is-layout-flow wp-block-column-is-layout-flow\">\n<div class=\"wp-block-buttons is-layout-flex\">\n                <div class=\"wp-block-button has-custom-width wp-block-button__width-100 has-custom-font-size has-small-font-size\"><a target=\"_blank\" class=\"wp-block-button__link has-tertiary-color has-base-background-color has-text-color has-background wp-element-button\" href='https:\/\/dl.acm.org\/citation.cfm?id=1698830' rel=\"noopener\">Lien vers l&rsquo;article<\/a><\/div>\n                <\/div>\n<\/div>\n<\/div>\n\n<\/li><li class=\"wp-block-post post-5300 journal_article type-journal_article status-publish hentry journal_article_cat-conferences\">\n\n<hr class=\"wp-block-separator has-text-color has-background-color has-alpha-channel-opacity has-background-background-color has-background is-style-wide\"\/>\n\n\n\n<div class=\"wp-block-columns is-layout-flex wp-container-core-columns-is-layout-28f84493 wp-block-columns-is-layout-flex\">\n<div class=\"wp-block-column is-layout-flow wp-block-column-is-layout-flow\" style=\"flex-basis:30%\">\n<p class=\"has-base-color has-text-color\"><strong>A. Le Duc, P. Ciblat, and C. Le Martret<\/strong><\/p>\n<\/div>\n\n\n\n<div class=\"wp-block-column is-layout-flow wp-block-column-is-layout-flow\" style=\"flex-basis:50%\"><h3 class=\"wp-block-post-title has-text-color has-base-color has-medium-font-size\">Closed-form expressions for delay and jitter in cross-layer HARQ schemes,<\/h3>\n\n\n<p class=\"has-base-color has-text-color\">2009 IEEE 70th Vehicular Technology Conference Fall, Anchorage, AK, USA, September 2009.<\/p>\n<\/div>\n\n\n\n<div class=\"wp-block-column is-layout-flow wp-block-column-is-layout-flow\">\n<div class=\"wp-block-buttons is-layout-flex\">\n                <div class=\"wp-block-button has-custom-width wp-block-button__width-100 has-custom-font-size has-small-font-size\"><a target=\"_blank\" class=\"wp-block-button__link has-tertiary-color has-base-background-color has-text-color has-background wp-element-button\" href='https:\/\/ieeexplore.ieee.org\/document\/5378776' rel=\"noopener\">Lien vers l&rsquo;article<\/a><\/div>\n                <\/div>\n<\/div>\n<\/div>\n\n<\/li><li class=\"wp-block-post post-4476 journal_article type-journal_article status-publish hentry journal_article_cat-conferences\">\n\n<hr class=\"wp-block-separator has-text-color has-background-color has-alpha-channel-opacity has-background-background-color has-background is-style-wide\"\/>\n\n\n\n<div class=\"wp-block-columns is-layout-flex wp-container-core-columns-is-layout-28f84493 wp-block-columns-is-layout-flex\">\n<div class=\"wp-block-column is-layout-flow wp-block-column-is-layout-flow\" style=\"flex-basis:30%\">\n<p class=\"has-base-color has-text-color\"><strong>H. Arioui, S. Hima, and L. Nehaoua<\/strong><\/p>\n<\/div>\n\n\n\n<div class=\"wp-block-column is-layout-flow wp-block-column-is-layout-flow\" style=\"flex-basis:50%\"><h3 class=\"wp-block-post-title has-text-color has-base-color has-medium-font-size\">Modeling and identification of 2 DOF low cost for driving simulator : Experimental results,<\/h3>\n\n\n<p class=\"has-base-color has-text-color\">, 18th IEEE International Symposium on Robot and Human Interactive Communication (RO-MAN), pp. 1167\u20131172, 5326344, Toyama, Japan, October 2009.<\/p>\n<\/div>\n\n\n\n<div class=\"wp-block-column is-layout-flow wp-block-column-is-layout-flow\">\n<div class=\"wp-block-buttons is-layout-flex\">\n                <div class=\"wp-block-button has-custom-width wp-block-button__width-100 has-custom-font-size has-small-font-size\"><a target=\"_blank\" class=\"wp-block-button__link has-tertiary-color has-base-background-color has-text-color has-background wp-element-button\" href='https:\/\/ieeexplore.ieee.org\/document\/5326344' rel=\"noopener\">Lien vers l&rsquo;article<\/a><\/div>\n                <\/div>\n<\/div>\n<\/div>\n\n<\/li><li class=\"wp-block-post post-4704 journal_article type-journal_article status-publish hentry journal_article_cat-conferences\">\n\n<hr class=\"wp-block-separator has-text-color has-background-color has-alpha-channel-opacity has-background-background-color has-background is-style-wide\"\/>\n\n\n\n<div class=\"wp-block-columns is-layout-flex wp-container-core-columns-is-layout-28f84493 wp-block-columns-is-layout-flex\">\n<div class=\"wp-block-column is-layout-flow wp-block-column-is-layout-flow\" style=\"flex-basis:30%\">\n<p class=\"has-base-color has-text-color\"><strong>C. Constantinides, Y. Chenoune, N. Kachenoura, E. Roullot, E. Mousseaux, A. Herment, and F. Frouin<\/strong><\/p>\n<\/div>\n\n\n\n<div class=\"wp-block-column is-layout-flow wp-block-column-is-layout-flow\" style=\"flex-basis:50%\"><h3 class=\"wp-block-post-title has-text-color has-base-color has-medium-font-size\">Semi-Automated Cardiac Segmentation on Cine Magnetic Resonance Images using GVF-Snake Deformable Models,<\/h3>\n\n\n<p class=\"has-base-color has-text-color\">International Conference on Medical Image Computing and Computer Assisted Interventions 2009 (MICCAI\u201909), The MIDAS Journal &#8211; Cardiac MR Left Ventricle Segmentation Challenge, London, UK, September 2009.<\/p>\n<\/div>\n\n\n\n<div class=\"wp-block-column is-layout-flow wp-block-column-is-layout-flow\">\n<div class=\"wp-block-buttons is-layout-flex\">\n                <div class=\"wp-block-button has-custom-width wp-block-button__width-100 has-custom-font-size has-small-font-size\"><a target=\"_blank\" class=\"wp-block-button__link has-tertiary-color has-base-background-color has-text-color has-background wp-element-button\" href='https:\/\/www.researchgate.net\/profile\/Frederique-Frouin-2\/publication\/258225350_Semi-Automated_Cardiac_Segmentation_on_Cine_MRI_using_GVF-Snake_Deformable_Models\/links\/569c97fd08ae6169e562de75\/Semi-Automated-Cardiac-Segmentation-on-Cine-MRI-using-GVF-Snake-Deformable-Models.pdf' rel=\"noopener\">Lien vers l&rsquo;article<\/a><\/div>\n                <\/div>\n<\/div>\n<\/div>\n\n<\/li><li class=\"wp-block-post post-5459 journal_article type-journal_article status-publish hentry journal_article_cat-conferences\">\n\n<hr class=\"wp-block-separator has-text-color has-background-color has-alpha-channel-opacity has-background-background-color has-background is-style-wide\"\/>\n\n\n\n<div class=\"wp-block-columns is-layout-flex wp-container-core-columns-is-layout-28f84493 wp-block-columns-is-layout-flex\">\n<div class=\"wp-block-column is-layout-flow wp-block-column-is-layout-flow\" style=\"flex-basis:30%\">\n<p class=\"has-base-color has-text-color\"><strong>A. Dandoush, S. Alouf, and P. Nain, <\/strong><\/p>\n<\/div>\n\n\n\n<div class=\"wp-block-column is-layout-flow wp-block-column-is-layout-flow\" style=\"flex-basis:50%\"><h3 class=\"wp-block-post-title has-text-color has-base-color has-medium-font-size\">Simulation analysis of download and recovery processes in P2P storage systems,<\/h3>\n\n\n<p class=\"has-base-color has-text-color\">2009 21st International Teletraffic Congress, pp. 1-8, Paris, France, September 2009.<\/p>\n<\/div>\n\n\n\n<div class=\"wp-block-column is-layout-flow wp-block-column-is-layout-flow\">\n<div class=\"wp-block-buttons is-layout-flex\">\n                <div class=\"wp-block-button has-custom-width wp-block-button__width-100 has-custom-font-size has-small-font-size\"><a target=\"_blank\" class=\"wp-block-button__link has-tertiary-color has-base-background-color has-text-color has-background wp-element-button\" href='https:\/\/ieeexplore.ieee.org\/document\/5300232?denied=' rel=\"noopener\">Lien vers l&rsquo;article<\/a><\/div>\n                <\/div>\n<\/div>\n<\/div>\n\n<\/li><li class=\"wp-block-post post-5446 journal_article type-journal_article status-publish hentry journal_article_cat-conferences\">\n\n<hr class=\"wp-block-separator has-text-color has-background-color has-alpha-channel-opacity has-background-background-color has-background is-style-wide\"\/>\n\n\n\n<div class=\"wp-block-columns is-layout-flex wp-container-core-columns-is-layout-28f84493 wp-block-columns-is-layout-flex\">\n<div class=\"wp-block-column is-layout-flow wp-block-column-is-layout-flow\" style=\"flex-basis:30%\">\n<p class=\"has-base-color has-text-color\"><strong>H. Arioui, S. Hima, and L. Nehaoua, <\/strong><\/p>\n<\/div>\n\n\n\n<div class=\"wp-block-column is-layout-flow wp-block-column-is-layout-flow\" style=\"flex-basis:50%\"><h3 class=\"wp-block-post-title has-text-color has-base-color has-medium-font-size\">2 DOF Low cost platform for driving simulator : Modeling and control,<\/h3>\n\n\n<p class=\"has-base-color has-text-color\">IEEE\/ASME International conference on Advenced Intelligent Mechatronics (AIM), pp. 1206-1211, 5229751, Singapore, July 2009.<\/p>\n<\/div>\n\n\n\n<div class=\"wp-block-column is-layout-flow wp-block-column-is-layout-flow\">\n<div class=\"wp-block-buttons is-layout-flex\">\n                <div class=\"wp-block-button has-custom-width wp-block-button__width-100 has-custom-font-size has-small-font-size\"><a target=\"_blank\" class=\"wp-block-button__link has-tertiary-color has-base-background-color has-text-color has-background wp-element-button\" href='https:\/\/ieeexplore.ieee.org\/document\/5229751' rel=\"noopener\">Lien vers l&rsquo;article<\/a><\/div>\n                <\/div>\n<\/div>\n<\/div>\n\n<\/li><li class=\"wp-block-post post-5301 journal_article type-journal_article status-publish hentry journal_article_cat-conferences\">\n\n<hr class=\"wp-block-separator has-text-color has-background-color has-alpha-channel-opacity has-background-background-color has-background is-style-wide\"\/>\n\n\n\n<div class=\"wp-block-columns is-layout-flex wp-container-core-columns-is-layout-28f84493 wp-block-columns-is-layout-flex\">\n<div class=\"wp-block-column is-layout-flow wp-block-column-is-layout-flow\" style=\"flex-basis:30%\">\n<p class=\"has-base-color has-text-color\"><strong>A. Le Duc, C. Le Martret, and P. Ciblat<\/strong><\/p>\n<\/div>\n\n\n\n<div class=\"wp-block-column is-layout-flow wp-block-column-is-layout-flow\" style=\"flex-basis:50%\"><h3 class=\"wp-block-post-title has-text-color has-base-color has-medium-font-size\">Packet error rate and efficiency closed-form expressions for cross-layer hybrid ARQ schemes,<\/h3>\n\n\n<p class=\"has-base-color has-text-color\">2009 IEEE 10th Workshop on Signal Processing Advances in Wireless Communications, Perugia, Italy, June 2009.<\/p>\n<\/div>\n\n\n\n<div class=\"wp-block-column is-layout-flow wp-block-column-is-layout-flow\">\n<div class=\"wp-block-buttons is-layout-flex\">\n                <div class=\"wp-block-button has-custom-width wp-block-button__width-100 has-custom-font-size has-small-font-size\"><a target=\"_blank\" class=\"wp-block-button__link has-tertiary-color has-base-background-color has-text-color has-background wp-element-button\" href='https:\/\/ieeexplore.ieee.org\/document\/5161811' rel=\"noopener\">Lien vers l&rsquo;article<\/a><\/div>\n                <\/div>\n<\/div>\n<\/div>\n\n<\/li><li class=\"wp-block-post post-5439 journal_article type-journal_article status-publish hentry journal_article_cat-conferences\">\n\n<hr class=\"wp-block-separator has-text-color has-background-color has-alpha-channel-opacity has-background-background-color has-background is-style-wide\"\/>\n\n\n\n<div class=\"wp-block-columns is-layout-flex wp-container-core-columns-is-layout-28f84493 wp-block-columns-is-layout-flex\">\n<div class=\"wp-block-column is-layout-flow wp-block-column-is-layout-flow\" style=\"flex-basis:30%\">\n<p class=\"has-base-color has-text-color\"><strong>A. Bareggi, E. Maire, M. Giton, O. Bouaziz, M. Dimichiel<\/strong><\/p>\n<\/div>\n\n\n\n<div class=\"wp-block-column is-layout-flow wp-block-column-is-layout-flow\" style=\"flex-basis:50%\"><h3 class=\"wp-block-post-title has-text-color has-base-color has-medium-font-size\">Analysis of damage in metallic materials by X-ray tomography,<\/h3>\n\n\n<p class=\"has-base-color has-text-color\">12th International Conference on Fracture 2009, ICF-12, 6, pp. 4471\u20134477, Ottawa, 2009.<\/p>\n<\/div>\n\n\n\n<div class=\"wp-block-column is-layout-flow wp-block-column-is-layout-flow\">\n<div class=\"wp-block-buttons is-layout-flex\">\n                <div class=\"wp-block-button has-custom-width wp-block-button__width-100 has-custom-font-size has-small-font-size\"><a target=\"_blank\" class=\"wp-block-button__link has-tertiary-color has-base-background-color has-text-color has-background wp-element-button\" href='https:\/\/www.researchgate.net\/publication\/290262273_Analysis_of_damage_in_metallic_materials_by_X-ray_tomography' rel=\"noopener\">Lien vers l&rsquo;article<\/a><\/div>\n                <\/div>\n<\/div>\n<\/div>\n\n<\/li><li class=\"wp-block-post post-4535 journal_article type-journal_article status-publish hentry journal_article_cat-conferences\">\n\n<hr class=\"wp-block-separator has-text-color has-background-color has-alpha-channel-opacity has-background-background-color has-background is-style-wide\"\/>\n\n\n\n<div class=\"wp-block-columns is-layout-flex wp-container-core-columns-is-layout-28f84493 wp-block-columns-is-layout-flex\">\n<div class=\"wp-block-column is-layout-flow wp-block-column-is-layout-flow\" style=\"flex-basis:30%\">\n<p class=\"has-base-color has-text-color\"><strong>M. Maidi, F. Ababsa, and M. Mallem<\/strong><\/p>\n<\/div>\n\n\n\n<div class=\"wp-block-column is-layout-flow wp-block-column-is-layout-flow\" style=\"flex-basis:50%\"><h3 class=\"wp-block-post-title has-text-color has-base-color has-medium-font-size\">Vision-Inertial Tracking System for Robust Fiducials Registration in Augmented Reality,<\/h3>\n\n\n<p class=\"has-base-color has-text-color\">IEEE Symposium on Computational Intelligence for Multimedia Signal and Vision Processing (CIMSVP\u20192009), pp. 83-90, Nashville, USA, April 2009.<\/p>\n<\/div>\n\n\n\n<div class=\"wp-block-column is-layout-flow wp-block-column-is-layout-flow\">\n<div class=\"wp-block-buttons is-layout-flex\">\n                <div class=\"wp-block-button has-custom-width wp-block-button__width-100 has-custom-font-size has-small-font-size\"><a target=\"_blank\" class=\"wp-block-button__link has-tertiary-color has-base-background-color has-text-color has-background wp-element-button\" href='https:\/\/ieeexplore.ieee.org\/document\/4925652' rel=\"noopener\">Lien vers l&rsquo;article<\/a><\/div>\n                <\/div>\n<\/div>\n<\/div>\n\n<\/li><li class=\"wp-block-post post-4538 journal_article type-journal_article status-publish hentry journal_article_cat-conferences\">\n\n<hr class=\"wp-block-separator has-text-color has-background-color has-alpha-channel-opacity has-background-background-color has-background is-style-wide\"\/>\n\n\n\n<div class=\"wp-block-columns is-layout-flex wp-container-core-columns-is-layout-28f84493 wp-block-columns-is-layout-flex\">\n<div class=\"wp-block-column is-layout-flow wp-block-column-is-layout-flow\" style=\"flex-basis:30%\">\n<p class=\"has-base-color has-text-color\"><strong>M. Haydar, M. Maidi, D. Roussel, and M. Mallem <\/strong><\/p>\n<\/div>\n\n\n\n<div class=\"wp-block-column is-layout-flow wp-block-column-is-layout-flow\" style=\"flex-basis:50%\"><h3 class=\"wp-block-post-title has-text-color has-base-color has-medium-font-size\">A New Navigation Method for 3D Virtual Environment Exploration,<\/h3>\n\n\n<p class=\"has-base-color has-text-color\">The 2nd Mediterranean Conference on Intelligent Systems and Automation (CISA\u20192009), pp. 190-195, Zarzis, Tunisia, March 2009.<\/p>\n<\/div>\n\n\n\n<div class=\"wp-block-column is-layout-flow wp-block-column-is-layout-flow\">\n<div class=\"wp-block-buttons is-layout-flex\">\n                <div class=\"wp-block-button has-custom-width wp-block-button__width-100 has-custom-font-size has-small-font-size\"><a target=\"_blank\" class=\"wp-block-button__link has-tertiary-color has-base-background-color has-text-color has-background wp-element-button\" href='https:\/\/hal.archives-ouvertes.fr\/hal-00639384' rel=\"noopener\">Lien vers l&rsquo;article<\/a><\/div>\n                <\/div>\n<\/div>\n<\/div>\n\n<\/li><li class=\"wp-block-post post-4541 journal_article type-journal_article status-publish hentry journal_article_cat-conferences\">\n\n<hr class=\"wp-block-separator has-text-color has-background-color has-alpha-channel-opacity has-background-background-color has-background is-style-wide\"\/>\n\n\n\n<div class=\"wp-block-columns is-layout-flex wp-container-core-columns-is-layout-28f84493 wp-block-columns-is-layout-flex\">\n<div class=\"wp-block-column is-layout-flow wp-block-column-is-layout-flow\" style=\"flex-basis:30%\">\n<p class=\"has-base-color has-text-color\"><strong>M. Haydar, M. Maidi, D. Roussel, M. Mallem, P. Drap, K. Bale, and P. Chapman<\/strong><\/p>\n<\/div>\n\n\n\n<div class=\"wp-block-column is-layout-flow wp-block-column-is-layout-flow\" style=\"flex-basis:50%\"><h3 class=\"wp-block-post-title has-text-color has-base-color has-medium-font-size\">Virtual Exploration of Underwater Archaeological Sites : Visualization and Interaction in Mixed Reality Environments,<\/h3>\n\n\n<p class=\"has-base-color has-text-color\">The 9th Eurographics VAST International Symposium on Virtual Reality, Archaeology and Cultural Heritage (VAST\u20192008), pp. 141-148, Braga, Portugal, December 2008.<\/p>\n<\/div>\n\n\n\n<div class=\"wp-block-column is-layout-flow wp-block-column-is-layout-flow\">\n<div class=\"wp-block-buttons is-layout-flex\">\n                <div class=\"wp-block-button has-custom-width wp-block-button__width-100 has-custom-font-size has-small-font-size\"><a target=\"_blank\" class=\"wp-block-button__link has-tertiary-color has-base-background-color has-text-color has-background wp-element-button\" href='https:\/\/hal.archives-ouvertes.fr\/hal-00361188' rel=\"noopener\">Lien vers l&rsquo;article<\/a><\/div>\n                <\/div>\n<\/div>\n<\/div>\n\n<\/li><li class=\"wp-block-post post-5442 journal_article type-journal_article status-publish hentry journal_article_cat-conferences\">\n\n<hr class=\"wp-block-separator has-text-color has-background-color has-alpha-channel-opacity has-background-background-color has-background is-style-wide\"\/>\n\n\n\n<div class=\"wp-block-columns is-layout-flex wp-container-core-columns-is-layout-28f84493 wp-block-columns-is-layout-flex\">\n<div class=\"wp-block-column is-layout-flow wp-block-column-is-layout-flow\" style=\"flex-basis:30%\">\n<p class=\"has-base-color has-text-color\"><strong>S. Zhou, E. Maire, J., Xie, A. Bareggi, J. Adrien, M. Dimichiel<\/strong><\/p>\n<\/div>\n\n\n\n<div class=\"wp-block-column is-layout-flow wp-block-column-is-layout-flow\" style=\"flex-basis:50%\"><h3 class=\"wp-block-post-title has-text-color has-base-color has-medium-font-size\">Damage assessment of Al alloys using in situ tensile tests in X ray tomography,<\/h3>\n\n\n<p class=\"has-base-color has-text-color\">International Conference on Experimental Mechanics 2008 and Seventh Asian Conference on Experimental Mechanics, Vol. 7375, Id. 73756F, Nanjing, China, 2008.<\/p>\n<\/div>\n\n\n\n<div class=\"wp-block-column is-layout-flow wp-block-column-is-layout-flow\">\n<div class=\"wp-block-buttons is-layout-flex\">\n                <div class=\"wp-block-button has-custom-width wp-block-button__width-100 has-custom-font-size has-small-font-size\"><a target=\"_blank\" class=\"wp-block-button__link has-tertiary-color has-base-background-color has-text-color has-background wp-element-button\" href='https:\/\/www.spiedigitallibrary.org\/conference-proceedings-of-spie\/7375\/1\/Damage-assessment-of-Al-alloys-using-in-situ-tensile-tests\/10.1117\/12.839378.short?SSO=1' rel=\"noopener\">Lien vers l&rsquo;article<\/a><\/div>\n                <\/div>\n<\/div>\n<\/div>\n\n<\/li><li class=\"wp-block-post post-4539 journal_article type-journal_article status-publish hentry journal_article_cat-conferences\">\n\n<hr class=\"wp-block-separator has-text-color has-background-color has-alpha-channel-opacity has-background-background-color has-background is-style-wide\"\/>\n\n\n\n<div class=\"wp-block-columns is-layout-flex wp-container-core-columns-is-layout-28f84493 wp-block-columns-is-layout-flex\">\n<div class=\"wp-block-column is-layout-flow wp-block-column-is-layout-flow\" style=\"flex-basis:30%\">\n<p class=\"has-base-color has-text-color\"><strong>F. Alcala, A. Alcocer, F. Alves, K. Bale, J. Bateman, A. Caiti, M. Casenove, J.-C. Chambelland, G. Chapman, O. Cur\u00e9, P. Drap, A. Durand, K. Edmundson, L. Gambella, P. Gambogi, F. Gauch, K. Hanke, M. Haydar, J. Hue, R. Jeansoulin, S. Jeffrey, L. Long, V. Loureiro, M. Maidi, O. Papini, G. Pachoud, A. Pascoal, J. Richards, D. Roussel, D. Scaradozzi, L. Sebastiao, E. Seguin, J. Seinturier, M. Serayet, E. W\u00fcrbel, and S.M. Zanoli<\/strong><\/p>\n<\/div>\n\n\n\n<div class=\"wp-block-column is-layout-flow wp-block-column-is-layout-flow\" style=\"flex-basis:50%\"><h3 class=\"wp-block-post-title has-text-color has-base-color has-medium-font-size\">VENUS (Virtual ExploratioN of Underwater Sites), Two years of interdisciplinary,<\/h3>\n\n\n<p class=\"has-base-color has-text-color\">The 14th Virtual Systems and MultiMedia Conference (VSMM\u20192008), pp. 250-258, Limassol, Cyprus, October 2008.<\/p>\n<\/div>\n\n\n\n<div class=\"wp-block-column is-layout-flow wp-block-column-is-layout-flow\">\n<div class=\"wp-block-buttons is-layout-flex\">\n                <div class=\"wp-block-button has-custom-width wp-block-button__width-100 has-custom-font-size has-small-font-size\"><a target=\"_blank\" class=\"wp-block-button__link has-tertiary-color has-base-background-color has-text-color has-background wp-element-button\" href='https:\/\/hal.archives-ouvertes.fr\/hal-00361198' rel=\"noopener\">Lien vers l&rsquo;article<\/a><\/div>\n                <\/div>\n<\/div>\n<\/div>\n\n<\/li><li class=\"wp-block-post post-4478 journal_article type-journal_article status-publish hentry journal_article_cat-conferences\">\n\n<hr class=\"wp-block-separator has-text-color has-background-color has-alpha-channel-opacity has-background-background-color has-background is-style-wide\"\/>\n\n\n\n<div class=\"wp-block-columns is-layout-flex wp-container-core-columns-is-layout-28f84493 wp-block-columns-is-layout-flex\">\n<div class=\"wp-block-column is-layout-flow wp-block-column-is-layout-flow\" style=\"flex-basis:30%\">\n<p class=\"has-base-color has-text-color\"><strong>N. Lamri, S. Hima, H. Arrioui, and N. S\u00e9guy<\/strong><\/p>\n<\/div>\n\n\n\n<div class=\"wp-block-column is-layout-flow wp-block-column-is-layout-flow\" style=\"flex-basis:50%\"><h3 class=\"wp-block-post-title has-text-color has-base-color has-medium-font-size\">A New Motorcycle Simulator Platform : Mechatronics Design, Dynamics Modeling and Control,<\/h3>\n\n\n<p class=\"has-base-color has-text-color\">17th IFAC World Congress, Seoul, Korea, July 2008.<\/p>\n<\/div>\n\n\n\n<div class=\"wp-block-column is-layout-flow wp-block-column-is-layout-flow\">\n<div class=\"wp-block-buttons is-layout-flex\">\n                <div class=\"wp-block-button has-custom-width wp-block-button__width-100 has-custom-font-size has-small-font-size\"><a target=\"_blank\" class=\"wp-block-button__link has-tertiary-color has-base-background-color has-text-color has-background wp-element-button\" href='https:\/\/hal.archives-ouvertes.fr\/hal-00342966' rel=\"noopener\">Lien vers l&rsquo;article<\/a><\/div>\n                <\/div>\n<\/div>\n<\/div>\n\n<\/li><li class=\"wp-block-post post-4477 journal_article type-journal_article status-publish hentry journal_article_cat-conferences\">\n\n<hr class=\"wp-block-separator has-text-color has-background-color has-alpha-channel-opacity has-background-background-color has-background is-style-wide\"\/>\n\n\n\n<div class=\"wp-block-columns is-layout-flex wp-container-core-columns-is-layout-28f84493 wp-block-columns-is-layout-flex\">\n<div class=\"wp-block-column is-layout-flow wp-block-column-is-layout-flow\" style=\"flex-basis:30%\">\n<p class=\"has-base-color has-text-color\"><strong>S. Hima, N. Lamri, H. Arrioui, and N. S\u00e9guy<\/strong><\/p>\n<\/div>\n\n\n\n<div class=\"wp-block-column is-layout-flow wp-block-column-is-layout-flow\" style=\"flex-basis:50%\"><h3 class=\"wp-block-post-title has-text-color has-base-color has-medium-font-size\">Suitable Two Wheeled Vehicle Dynamics Synthesis for Interactive Motorcycle Simulator,<\/h3>\n\n\n<p class=\"has-base-color has-text-color\">17th IFAC World Congress, Seoul, Korea, July 2008.<\/p>\n<\/div>\n\n\n\n<div class=\"wp-block-column is-layout-flow wp-block-column-is-layout-flow\">\n<div class=\"wp-block-buttons is-layout-flex\">\n                <div class=\"wp-block-button has-custom-width wp-block-button__width-100 has-custom-font-size has-small-font-size\"><a target=\"_blank\" class=\"wp-block-button__link has-tertiary-color has-base-background-color has-text-color has-background wp-element-button\" href='https:\/\/hal.archives-ouvertes.fr\/hal-00342937' rel=\"noopener\">Lien vers l&rsquo;article<\/a><\/div>\n                <\/div>\n<\/div>\n<\/div>\n\n<\/li><li class=\"wp-block-post post-4479 journal_article type-journal_article status-publish hentry journal_article_cat-conferences\">\n\n<hr class=\"wp-block-separator has-text-color has-background-color has-alpha-channel-opacity has-background-background-color has-background is-style-wide\"\/>\n\n\n\n<div class=\"wp-block-columns is-layout-flex wp-container-core-columns-is-layout-28f84493 wp-block-columns-is-layout-flex\">\n<div class=\"wp-block-column is-layout-flow wp-block-column-is-layout-flow\" style=\"flex-basis:30%\">\n<p class=\"has-base-color has-text-color\"><strong>S. Hima<\/strong><\/p>\n<\/div>\n\n\n\n<div class=\"wp-block-column is-layout-flow wp-block-column-is-layout-flow\" style=\"flex-basis:50%\"><h3 class=\"wp-block-post-title has-text-color has-base-color has-medium-font-size\">Two Wheeled Vehicle Dynamics Synthesis for Real-Time Applications,<\/h3>\n\n\n<p class=\"has-base-color has-text-color\">1st Mediterranean Conference on Intelligent Systems and Automation (CISA 2008), Anaba, Algeria, June 2008.<\/p>\n<\/div>\n\n\n\n<div class=\"wp-block-column is-layout-flow wp-block-column-is-layout-flow\">\n<div class=\"wp-block-buttons is-layout-flex\">\n                <div class=\"wp-block-button has-custom-width wp-block-button__width-100 has-custom-font-size has-small-font-size\"><a target=\"_blank\" class=\"wp-block-button__link has-tertiary-color has-base-background-color has-text-color has-background wp-element-button\" href='https:\/\/hal.archives-ouvertes.fr\/hal-00420878\/fr\/' rel=\"noopener\">Lien vers l&rsquo;article<\/a><\/div>\n                <\/div>\n<\/div>\n<\/div>\n\n<\/li><li class=\"wp-block-post post-4722 journal_article type-journal_article status-publish hentry journal_article_cat-conferences\">\n\n<hr class=\"wp-block-separator has-text-color has-background-color has-alpha-channel-opacity has-background-background-color has-background is-style-wide\"\/>\n\n\n\n<div class=\"wp-block-columns is-layout-flex wp-container-core-columns-is-layout-28f84493 wp-block-columns-is-layout-flex\">\n<div class=\"wp-block-column is-layout-flow wp-block-column-is-layout-flow\" style=\"flex-basis:30%\">\n<p class=\"has-base-color has-text-color\"><strong>W. Tfaili, Y. Chenoune, Y. Bouaoune, E. Petit, and P. Siarry<\/strong><\/p>\n<\/div>\n\n\n\n<div class=\"wp-block-column is-layout-flow wp-block-column-is-layout-flow\" style=\"flex-basis:50%\"><h3 class=\"wp-block-post-title has-text-color has-base-color has-medium-font-size\">Optimisation de l\u2019Information Mutuelle en Recalage d\u2019Images par l\u2019Algorithme de Colonies de Fourmis CANDO,<\/h3>\n\n\n<p class=\"has-base-color has-text-color\">Proceedings du 9\u00e8me congr\u00e8s de la Soci\u00e9t\u00e9 Fran\u00e7aise de Recherche Op\u00e9rationnelle et d&rsquo;Aide \u00e0 la D\u00e9cision (ROADEF&rsquo;08), pp. 417-418, Clermont-Ferrand, February 2008.<\/p>\n<\/div>\n\n\n\n<div class=\"wp-block-column is-layout-flow wp-block-column-is-layout-flow\">\n<div class=\"wp-block-buttons is-layout-flex\">\n                <div class=\"wp-block-button has-custom-width wp-block-button__width-100 has-custom-font-size has-small-font-size\"><a target=\"_blank\" class=\"wp-block-button__link has-tertiary-color has-base-background-color has-text-color has-background wp-element-button\" href=' # ' rel=\"noopener\">Lien vers l&rsquo;article<\/a><\/div>\n                <\/div>\n<\/div>\n<\/div>\n\n<\/li><li class=\"wp-block-post post-4480 journal_article type-journal_article status-publish hentry journal_article_cat-conferences\">\n\n<hr class=\"wp-block-separator has-text-color has-background-color has-alpha-channel-opacity has-background-background-color has-background is-style-wide\"\/>\n\n\n\n<div class=\"wp-block-columns is-layout-flex wp-container-core-columns-is-layout-28f84493 wp-block-columns-is-layout-flex\">\n<div class=\"wp-block-column is-layout-flow wp-block-column-is-layout-flow\" style=\"flex-basis:30%\">\n<p class=\"has-base-color has-text-color\"><strong>S. Hima, N. Lamri, N. S\u00e9guy, and H. Arrioui<\/strong><\/p>\n<\/div>\n\n\n\n<div class=\"wp-block-column is-layout-flow wp-block-column-is-layout-flow\" style=\"flex-basis:50%\"><h3 class=\"wp-block-post-title has-text-color has-base-color has-medium-font-size\">Motorcycle Dynamic Synthesis for Two Wheeled Driving Simulator,<\/h3>\n\n\n<p class=\"has-base-color has-text-color\">IEEE Intelligent Transportation Systems Conference (ITSC), Seattle, WA, USA, October 2007.<\/p>\n<\/div>\n\n\n\n<div class=\"wp-block-column is-layout-flow wp-block-column-is-layout-flow\">\n<div class=\"wp-block-buttons is-layout-flex\">\n                <div class=\"wp-block-button has-custom-width wp-block-button__width-100 has-custom-font-size has-small-font-size\"><a target=\"_blank\" class=\"wp-block-button__link has-tertiary-color has-base-background-color has-text-color has-background wp-element-button\" href='https:\/\/hal.archives-ouvertes.fr\/hal-00342938\/fr\/' rel=\"noopener\">Lien vers l&rsquo;article<\/a><\/div>\n                <\/div>\n<\/div>\n<\/div>\n\n<\/li><li class=\"wp-block-post post-5302 journal_article type-journal_article status-publish hentry journal_article_cat-conferences\">\n\n<hr class=\"wp-block-separator has-text-color has-background-color has-alpha-channel-opacity has-background-background-color has-background is-style-wide\"\/>\n\n\n\n<div class=\"wp-block-columns is-layout-flex wp-container-core-columns-is-layout-28f84493 wp-block-columns-is-layout-flex\">\n<div class=\"wp-block-column is-layout-flow wp-block-column-is-layout-flow\" style=\"flex-basis:30%\">\n<p class=\"has-base-color has-text-color\"><strong>A. Le Duc, C. Le Martret, and P. Ciblat<\/strong><\/p>\n<\/div>\n\n\n\n<div class=\"wp-block-column is-layout-flow wp-block-column-is-layout-flow\" style=\"flex-basis:50%\"><h3 class=\"wp-block-post-title has-text-color has-base-color has-medium-font-size\">Proc\u00e9d\u00e9 de retransmission \u00e0 redondance incr\u00e9mentale adapt\u00e9 aux paquets IP fragment\u00e9s,<\/h3>\n\n\n<p class=\"has-base-color has-text-color\">Colloque GRETSI, Troyes, France, September 2007.<\/p>\n<\/div>\n\n\n\n<div class=\"wp-block-column is-layout-flow wp-block-column-is-layout-flow\">\n<div class=\"wp-block-buttons is-layout-flex\">\n                <div class=\"wp-block-button has-custom-width wp-block-button__width-100 has-custom-font-size has-small-font-size\"><a target=\"_blank\" class=\"wp-block-button__link has-tertiary-color has-base-background-color has-text-color has-background wp-element-button\" href='https:\/\/www.gretsi.fr\/data\/colloque\/pdf\/2007_001-1137_17709.pdf' rel=\"noopener\">Lien vers l&rsquo;article<\/a><\/div>\n                <\/div>\n<\/div>\n<\/div>\n\n<\/li><li class=\"wp-block-post post-4707 journal_article type-journal_article status-publish hentry journal_article_cat-conferences\">\n\n<hr class=\"wp-block-separator has-text-color has-background-color has-alpha-channel-opacity has-background-background-color has-background is-style-wide\"\/>\n\n\n\n<div class=\"wp-block-columns is-layout-flex wp-container-core-columns-is-layout-28f84493 wp-block-columns-is-layout-flex\">\n<div class=\"wp-block-column is-layout-flow wp-block-column-is-layout-flow\" style=\"flex-basis:30%\">\n<p class=\"has-base-color has-text-color\"><strong>Y. Chenoune, Y. Bouaoune, E. Del\u00e9chelle, E. Petit, J. Garot, and A. Rahmouni<\/strong><\/p>\n<\/div>\n\n\n\n<div class=\"wp-block-column is-layout-flow wp-block-column-is-layout-flow\" style=\"flex-basis:50%\"><h3 class=\"wp-block-post-title has-text-color has-base-color has-medium-font-size\">MR\/CT multimodal registration of short-axis slices in CT volumes,<\/h3>\n\n\n<p class=\"has-base-color has-text-color\">29th Annual International Conference of IEEE Engineering in Medicine and Biology Society, (EMBS\u201907), pp. 4496-4499, Lyon, France, August 2007.<\/p>\n<\/div>\n\n\n\n<div class=\"wp-block-column is-layout-flow wp-block-column-is-layout-flow\">\n<div class=\"wp-block-buttons is-layout-flex\">\n                <div class=\"wp-block-button has-custom-width wp-block-button__width-100 has-custom-font-size has-small-font-size\"><a target=\"_blank\" class=\"wp-block-button__link has-tertiary-color has-base-background-color has-text-color has-background wp-element-button\" href='https:\/\/ieeexplore.ieee.org\/stamp\/stamp.jsp?arnumber=4353338' rel=\"noopener\">Lien vers l&rsquo;article<\/a><\/div>\n                <\/div>\n<\/div>\n<\/div>\n\n<\/li><li class=\"wp-block-post post-4481 journal_article type-journal_article status-publish hentry journal_article_cat-conferences\">\n\n<hr class=\"wp-block-separator has-text-color has-background-color has-alpha-channel-opacity has-background-background-color has-background is-style-wide\"\/>\n\n\n\n<div class=\"wp-block-columns is-layout-flex wp-container-core-columns-is-layout-28f84493 wp-block-columns-is-layout-flex\">\n<div class=\"wp-block-column is-layout-flow wp-block-column-is-layout-flow\" style=\"flex-basis:30%\">\n<p class=\"has-base-color has-text-color\"><strong>L. Nehaoua, Lamri, S. Hima, H. Arrioui, N. S\u00e9guy, and S. Espi\u00e9<\/strong><\/p>\n<\/div>\n\n\n\n<div class=\"wp-block-column is-layout-flow wp-block-column-is-layout-flow\" style=\"flex-basis:50%\"><h3 class=\"wp-block-post-title has-text-color has-base-color has-medium-font-size\">Design of a New Motorcycle Riding Simulator,<\/h3>\n\n\n<p class=\"has-base-color has-text-color\">American Control Conference, New-York City, USA, July 2007.<\/p>\n<\/div>\n\n\n\n<div class=\"wp-block-column is-layout-flow wp-block-column-is-layout-flow\">\n<div class=\"wp-block-buttons is-layout-flex\">\n                <div class=\"wp-block-button has-custom-width wp-block-button__width-100 has-custom-font-size has-small-font-size\"><a target=\"_blank\" class=\"wp-block-button__link has-tertiary-color has-base-background-color has-text-color has-background wp-element-button\" href='https:\/\/hal.archives-ouvertes.fr\/hal-00342977' rel=\"noopener\">Lien vers l&rsquo;article<\/a><\/div>\n                <\/div>\n<\/div>\n<\/div>\n\n<\/li><li class=\"wp-block-post post-4482 journal_article type-journal_article status-publish hentry journal_article_cat-conferences\">\n\n<hr class=\"wp-block-separator has-text-color has-background-color has-alpha-channel-opacity has-background-background-color has-background is-style-wide\"\/>\n\n\n\n<div class=\"wp-block-columns is-layout-flex wp-container-core-columns-is-layout-28f84493 wp-block-columns-is-layout-flex\">\n<div class=\"wp-block-column is-layout-flow wp-block-column-is-layout-flow\" style=\"flex-basis:30%\">\n<p class=\"has-base-color has-text-color\"><strong>L. Nehaoua, S. Hima, H. Arrioui, N. S\u00e9guy, and S. Espi\u00e9<\/strong><\/p>\n<\/div>\n\n\n\n<div class=\"wp-block-column is-layout-flow wp-block-column-is-layout-flow\" style=\"flex-basis:50%\"><h3 class=\"wp-block-post-title has-text-color has-base-color has-medium-font-size\">Open-loop test and validation of a new two-wheeled vehicle riding simulator,<\/h3>\n\n\n<p class=\"has-base-color has-text-color\">European Control Conference (ECC&rsquo;07), Kos, Greece, July 2007.<\/p>\n<\/div>\n\n\n\n<div class=\"wp-block-column is-layout-flow wp-block-column-is-layout-flow\">\n<div class=\"wp-block-buttons is-layout-flex\">\n                <div class=\"wp-block-button has-custom-width wp-block-button__width-100 has-custom-font-size has-small-font-size\"><a target=\"_blank\" class=\"wp-block-button__link has-tertiary-color has-base-background-color has-text-color has-background wp-element-button\" href='https:\/\/ieeexplore.ieee.org\/document\/7068797' rel=\"noopener\">Lien vers l&rsquo;article<\/a><\/div>\n                <\/div>\n<\/div>\n<\/div>\n\n<\/li><li class=\"wp-block-post post-5460 journal_article type-journal_article status-publish hentry journal_article_cat-conferences\">\n\n<hr class=\"wp-block-separator has-text-color has-background-color has-alpha-channel-opacity has-background-background-color has-background is-style-wide\"\/>\n\n\n\n<div class=\"wp-block-columns is-layout-flex wp-container-core-columns-is-layout-28f84493 wp-block-columns-is-layout-flex\">\n<div class=\"wp-block-column is-layout-flow wp-block-column-is-layout-flow\" style=\"flex-basis:30%\">\n<p class=\"has-base-color has-text-color\"><strong>S. Alouf, A. Dandoush, and P. Nain, <\/strong><\/p>\n<\/div>\n\n\n\n<div class=\"wp-block-column is-layout-flow wp-block-column-is-layout-flow\" style=\"flex-basis:50%\"><h3 class=\"wp-block-post-title has-text-color has-base-color has-medium-font-size\">Performance analysis of peer-to-peer storage systems,<\/h3>\n\n\n<p class=\"has-base-color has-text-color\">20th international teletraffic conference on Managing traffic performance in converged networks (ITC &rsquo;07), pp. 642-653, Ottawa, Canada, June 2007. <\/p>\n<\/div>\n\n\n\n<div class=\"wp-block-column is-layout-flow wp-block-column-is-layout-flow\">\n<div class=\"wp-block-buttons is-layout-flex\">\n                <div class=\"wp-block-button has-custom-width wp-block-button__width-100 has-custom-font-size has-small-font-size\"><a target=\"_blank\" class=\"wp-block-button__link has-tertiary-color has-base-background-color has-text-color has-background wp-element-button\" href='https:\/\/hal.inria.fr\/hal-00641279' rel=\"noopener\">Lien vers l&rsquo;article<\/a><\/div>\n                <\/div>\n<\/div>\n<\/div>\n\n<\/li><li class=\"wp-block-post post-4483 journal_article type-journal_article status-publish hentry journal_article_cat-conferences\">\n\n<hr class=\"wp-block-separator has-text-color has-background-color has-alpha-channel-opacity has-background-background-color has-background is-style-wide\"\/>\n\n\n\n<div class=\"wp-block-columns is-layout-flex wp-container-core-columns-is-layout-28f84493 wp-block-columns-is-layout-flex\">\n<div class=\"wp-block-column is-layout-flow wp-block-column-is-layout-flow\" style=\"flex-basis:30%\">\n<p class=\"has-base-color has-text-color\"><strong>Y. Bestaoui and S. Hima<\/strong><\/p>\n<\/div>\n\n\n\n<div class=\"wp-block-column is-layout-flow wp-block-column-is-layout-flow\" style=\"flex-basis:50%\"><h3 class=\"wp-block-post-title has-text-color has-base-color has-medium-font-size\">Modelling and trajectory generation of lighter than air aerial robots,<\/h3>\n\n\n<p class=\"has-base-color has-text-color\">6th International Workshop on RObot MOtion and COntrol (ROMOCO\u201907), Bukowy Dworek, Poland, June 2007.<\/p>\n<\/div>\n\n\n\n<div class=\"wp-block-column is-layout-flow wp-block-column-is-layout-flow\">\n<div class=\"wp-block-buttons is-layout-flex\">\n                <div class=\"wp-block-button has-custom-width wp-block-button__width-100 has-custom-font-size has-small-font-size\"><a target=\"_blank\" class=\"wp-block-button__link has-tertiary-color has-base-background-color has-text-color has-background wp-element-button\" href='https:\/\/scholar.google.fr\/citations?view_op=view_citation&amp;hl=fr&amp;user=akSGRTEAAAAJ&amp;citation_for_view=akSGRTEAAAAJ:8k81kl-MbHgC' rel=\"noopener\">Lien vers l&rsquo;article<\/a><\/div>\n                <\/div>\n<\/div>\n<\/div>\n\n<\/li><li class=\"wp-block-post post-4485 journal_article type-journal_article status-publish hentry journal_article_cat-conferences\">\n\n<hr class=\"wp-block-separator has-text-color has-background-color has-alpha-channel-opacity has-background-background-color has-background is-style-wide\"\/>\n\n\n\n<div class=\"wp-block-columns is-layout-flex wp-container-core-columns-is-layout-28f84493 wp-block-columns-is-layout-flex\">\n<div class=\"wp-block-column is-layout-flow wp-block-column-is-layout-flow\" style=\"flex-basis:30%\">\n<p class=\"has-base-color has-text-color\"><strong>S. Hima and Y. Bestaoui<\/strong><\/p>\n<\/div>\n\n\n\n<div class=\"wp-block-column is-layout-flow wp-block-column-is-layout-flow\" style=\"flex-basis:50%\"><h3 class=\"wp-block-post-title has-text-color has-base-color has-medium-font-size\">Trim trajectories characterisation for an unmanned autonomous airship,<\/h3>\n\n\n<p class=\"has-base-color has-text-color\">International Conference on Intelligent RObots and Systems (IROS\u20192006), Beijing, China, October 2006.<\/p>\n<\/div>\n\n\n\n<div class=\"wp-block-column is-layout-flow wp-block-column-is-layout-flow\">\n<div class=\"wp-block-buttons is-layout-flex\">\n                <div class=\"wp-block-button has-custom-width wp-block-button__width-100 has-custom-font-size has-small-font-size\"><a target=\"_blank\" class=\"wp-block-button__link has-tertiary-color has-base-background-color has-text-color has-background wp-element-button\" href='https:\/\/ieeexplore.ieee.org\/document\/4058567' rel=\"noopener\">Lien vers l&rsquo;article<\/a><\/div>\n                <\/div>\n<\/div>\n<\/div>\n\n<\/li><li class=\"wp-block-post post-4543 journal_article type-journal_article status-publish hentry journal_article_cat-conferences\">\n\n<hr class=\"wp-block-separator has-text-color has-background-color has-alpha-channel-opacity has-background-background-color has-background is-style-wide\"\/>\n\n\n\n<div class=\"wp-block-columns is-layout-flex wp-container-core-columns-is-layout-28f84493 wp-block-columns-is-layout-flex\">\n<div class=\"wp-block-column is-layout-flow wp-block-column-is-layout-flow\" style=\"flex-basis:30%\">\n<p class=\"has-base-color has-text-color\"><strong>M. Maidi, F. Ababsa, and M. Mallem<\/strong><\/p>\n<\/div>\n\n\n\n<div class=\"wp-block-column is-layout-flow wp-block-column-is-layout-flow\" style=\"flex-basis:50%\"><h3 class=\"wp-block-post-title has-text-color has-base-color has-medium-font-size\">Robust Fiducials Tracking in Augmented Reality,<\/h3>\n\n\n<p class=\"has-base-color has-text-color\">The 13th International Conference on Systems, Signals and Image Processing (IWSSIP\u20192006), pp. 423-426, Budapest, Hungaria, September 2006.<\/p>\n<\/div>\n\n\n\n<div class=\"wp-block-column is-layout-flow wp-block-column-is-layout-flow\">\n<div class=\"wp-block-buttons is-layout-flex\">\n                <div class=\"wp-block-button has-custom-width wp-block-button__width-100 has-custom-font-size has-small-font-size\"><a target=\"_blank\" class=\"wp-block-button__link has-tertiary-color has-base-background-color has-text-color has-background wp-element-button\" href='https:\/\/hal.science\/hal-00339471' rel=\"noopener\">Lien vers l&rsquo;article<\/a><\/div>\n                <\/div>\n<\/div>\n<\/div>\n\n<\/li><li class=\"wp-block-post post-4545 journal_article type-journal_article status-publish hentry journal_article_cat-conferences\">\n\n<hr class=\"wp-block-separator has-text-color has-background-color has-alpha-channel-opacity has-background-background-color has-background is-style-wide\"\/>\n\n\n\n<div class=\"wp-block-columns is-layout-flex wp-container-core-columns-is-layout-28f84493 wp-block-columns-is-layout-flex\">\n<div class=\"wp-block-column is-layout-flow wp-block-column-is-layout-flow\" style=\"flex-basis:30%\">\n<p class=\"has-base-color has-text-color\"><strong>M. Maidi, F. Ababsa, and M. Mallem<\/strong><\/p>\n<\/div>\n\n\n\n<div class=\"wp-block-column is-layout-flow wp-block-column-is-layout-flow\" style=\"flex-basis:50%\"><h3 class=\"wp-block-post-title has-text-color has-base-color has-medium-font-size\">Robust Augmented Reality Tracking based Visual Pose Estimation,<\/h3>\n\n\n<p class=\"has-base-color has-text-color\">International Conference on Informatics in Control, Automation and Robotics (ICINCO\u20192006), pp. 346-351, Set\u00fabal, Portugal, August 2006. <\/p>\n<\/div>\n\n\n\n<div class=\"wp-block-column is-layout-flow wp-block-column-is-layout-flow\">\n<div class=\"wp-block-buttons is-layout-flex\">\n                <div class=\"wp-block-button has-custom-width wp-block-button__width-100 has-custom-font-size has-small-font-size\"><a target=\"_blank\" class=\"wp-block-button__link has-tertiary-color has-base-background-color has-text-color has-background wp-element-button\" href='https:\/\/hal.science\/hal-00339470v1' rel=\"noopener\">Lien vers l&rsquo;article<\/a><\/div>\n                <\/div>\n<\/div>\n<\/div>\n\n<\/li><li class=\"wp-block-post post-4484 journal_article type-journal_article status-publish hentry journal_article_cat-conferences\">\n\n<hr class=\"wp-block-separator has-text-color has-background-color has-alpha-channel-opacity has-background-background-color has-background is-style-wide\"\/>\n\n\n\n<div class=\"wp-block-columns is-layout-flex wp-container-core-columns-is-layout-28f84493 wp-block-columns-is-layout-flex\">\n<div class=\"wp-block-column is-layout-flow wp-block-column-is-layout-flow\" style=\"flex-basis:30%\">\n<p class=\"has-base-color has-text-color\"><strong>Y. Bestaoui, D. Boukraa, S. Hima, and R. Slim<\/strong><\/p>\n<\/div>\n\n\n\n<div class=\"wp-block-column is-layout-flow wp-block-column-is-layout-flow\" style=\"flex-basis:50%\"><h3 class=\"wp-block-post-title has-text-color has-base-color has-medium-font-size\">UAV Initiative in University of EVRY,<\/h3>\n\n\n<p class=\"has-base-color has-text-color\">AAAF Vers des Ing\u00e9nieries &amp; des Technologies Communes aux Transports terrestres, maritimes, a\u00e9riens et spatiaux, 2006.<\/p>\n<\/div>\n\n\n\n<div class=\"wp-block-column is-layout-flow wp-block-column-is-layout-flow\">\n<div class=\"wp-block-buttons is-layout-flex\">\n                <div class=\"wp-block-button has-custom-width wp-block-button__width-100 has-custom-font-size has-small-font-size\"><a target=\"_blank\" class=\"wp-block-button__link has-tertiary-color has-base-background-color has-text-color has-background wp-element-button\" href='https:\/\/hal.archives-ouvertes.fr\/hal-00342791' rel=\"noopener\">Lien vers l&rsquo;article<\/a><\/div>\n                <\/div>\n<\/div>\n<\/div>\n\n<\/li><li class=\"wp-block-post post-4546 journal_article type-journal_article status-publish hentry journal_article_cat-conferences\">\n\n<hr class=\"wp-block-separator has-text-color has-background-color has-alpha-channel-opacity has-background-background-color has-background is-style-wide\"\/>\n\n\n\n<div class=\"wp-block-columns is-layout-flex wp-container-core-columns-is-layout-28f84493 wp-block-columns-is-layout-flex\">\n<div class=\"wp-block-column is-layout-flow wp-block-column-is-layout-flow\" style=\"flex-basis:30%\">\n<p class=\"has-base-color has-text-color\"><strong>M. Maidi, F. Ababsa, and M. Mallem<\/strong><\/p>\n<\/div>\n\n\n\n<div class=\"wp-block-column is-layout-flow wp-block-column-is-layout-flow\" style=\"flex-basis:50%\"><h3 class=\"wp-block-post-title has-text-color has-base-color has-medium-font-size\">Active Contours Motion based on Optical Flow for Tracking in Augmented Reality,<\/h3>\n\n\n<p class=\"has-base-color has-text-color\">International Conference on Virtual Reality (VRIC\u20192006), pp. 215-222, Laval, France, April 2006.<\/p>\n<\/div>\n\n\n\n<div class=\"wp-block-column is-layout-flow wp-block-column-is-layout-flow\">\n<div class=\"wp-block-buttons is-layout-flex\">\n                <div class=\"wp-block-button has-custom-width wp-block-button__width-100 has-custom-font-size has-small-font-size\"><a target=\"_blank\" class=\"wp-block-button__link has-tertiary-color has-base-background-color has-text-color has-background wp-element-button\" href='https:\/\/hal.archives-ouvertes.fr\/hal-00339469' rel=\"noopener\">Lien vers l&rsquo;article<\/a><\/div>\n                <\/div>\n<\/div>\n<\/div>\n\n<\/li><li class=\"wp-block-post post-4911 journal_article type-journal_article status-publish hentry journal_article_cat-conferences\">\n\n<hr class=\"wp-block-separator has-text-color has-background-color has-alpha-channel-opacity has-background-background-color has-background is-style-wide\"\/>\n\n\n\n<div class=\"wp-block-columns is-layout-flex wp-container-core-columns-is-layout-28f84493 wp-block-columns-is-layout-flex\">\n<div class=\"wp-block-column is-layout-flow wp-block-column-is-layout-flow\" style=\"flex-basis:30%\">\n<p class=\"has-base-color has-text-color\"><strong>M. Ossonce, G. Le Guelvouit, C. Delpha, and P. Duhamel<\/strong><\/p>\n<\/div>\n\n\n\n<div class=\"wp-block-column is-layout-flow wp-block-column-is-layout-flow\" style=\"flex-basis:50%\"><h3 class=\"wp-block-post-title has-text-color has-base-color has-medium-font-size\">Game theoretic resolution of the rotation\/scale insensitive watermarking problem,<\/h3>\n\n\n<p class=\"has-base-color has-text-color\">SPIE International Symposium on Electronic Imaging Science and Technology, San Jos\u00e9, California, United States, January 2006.<\/p>\n<\/div>\n\n\n\n<div class=\"wp-block-column is-layout-flow wp-block-column-is-layout-flow\">\n<div class=\"wp-block-buttons is-layout-flex\">\n                <div class=\"wp-block-button has-custom-width wp-block-button__width-100 has-custom-font-size has-small-font-size\"><a target=\"_blank\" class=\"wp-block-button__link has-tertiary-color has-base-background-color has-text-color has-background wp-element-button\" href='https:\/\/hal-supelec.archives-ouvertes.fr\/hal-00871156' rel=\"noopener\">Lien vers l&rsquo;article<\/a><\/div>\n                <\/div>\n<\/div>\n<\/div>\n\n<\/li><li class=\"wp-block-post post-4708 journal_article type-journal_article status-publish hentry journal_article_cat-conferences\">\n\n<hr class=\"wp-block-separator has-text-color has-background-color has-alpha-channel-opacity has-background-background-color has-background is-style-wide\"\/>\n\n\n\n<div class=\"wp-block-columns is-layout-flex wp-container-core-columns-is-layout-28f84493 wp-block-columns-is-layout-flex\">\n<div class=\"wp-block-column is-layout-flow wp-block-column-is-layout-flow\" style=\"flex-basis:30%\">\n<p class=\"has-base-color has-text-color\"><strong>Y. Chenoune, E. Del\u00e9chelle, E. Petit, J. Garot, and A. Rahmounix<\/strong><\/p>\n<\/div>\n\n\n\n<div class=\"wp-block-column is-layout-flow wp-block-column-is-layout-flow\" style=\"flex-basis:50%\"><h3 class=\"wp-block-post-title has-text-color has-base-color has-medium-font-size\">Validation by the HARP method of a New Algorithm to Assess Left Ventricular Deformation on Standard Cine-MRI,<\/h3>\n\n\n<p class=\"has-base-color has-text-color\">IEEE Computers in Cardiology 2005, Vol. 32, pp. 403\u2212406, Lyon, France, September 2005.<\/p>\n<\/div>\n\n\n\n<div class=\"wp-block-column is-layout-flow wp-block-column-is-layout-flow\">\n<div class=\"wp-block-buttons is-layout-flex\">\n                <div class=\"wp-block-button has-custom-width wp-block-button__width-100 has-custom-font-size has-small-font-size\"><a target=\"_blank\" class=\"wp-block-button__link has-tertiary-color has-base-background-color has-text-color has-background wp-element-button\" href='https:\/\/ieeexplore.ieee.org\/document\/1588122' rel=\"noopener\">Lien vers l&rsquo;article<\/a><\/div>\n                <\/div>\n<\/div>\n<\/div>\n\n<\/li><li class=\"wp-block-post post-4548 journal_article type-journal_article status-publish hentry journal_article_cat-conferences\">\n\n<hr class=\"wp-block-separator has-text-color has-background-color has-alpha-channel-opacity has-background-background-color has-background is-style-wide\"\/>\n\n\n\n<div class=\"wp-block-columns is-layout-flex wp-container-core-columns-is-layout-28f84493 wp-block-columns-is-layout-flex\">\n<div class=\"wp-block-column is-layout-flow wp-block-column-is-layout-flow\" style=\"flex-basis:30%\">\n<p class=\"has-base-color has-text-color\"><strong>M. Maidi, F.Ababsa, and M. Mallem<\/strong><\/p>\n<\/div>\n\n\n\n<div class=\"wp-block-column is-layout-flow wp-block-column-is-layout-flow\" style=\"flex-basis:50%\"><h3 class=\"wp-block-post-title has-text-color has-base-color has-medium-font-size\">Vision-Inertial System Calibration for Tracking in Augmented Reality,<\/h3>\n\n\n<p class=\"has-base-color has-text-color\">International Conference on Informatics in Control, Automation and Robotics (ICINCO\u20192005), pp. 156-162, Barcelona, Spain, September 2005.<\/p>\n<\/div>\n\n\n\n<div class=\"wp-block-column is-layout-flow wp-block-column-is-layout-flow\">\n<div class=\"wp-block-buttons is-layout-flex\">\n                <div class=\"wp-block-button has-custom-width wp-block-button__width-100 has-custom-font-size has-small-font-size\"><a target=\"_blank\" class=\"wp-block-button__link has-tertiary-color has-base-background-color has-text-color has-background wp-element-button\" href='https:\/\/hal.archives-ouvertes.fr\/hal-00339472' rel=\"noopener\">Lien vers l&rsquo;article<\/a><\/div>\n                <\/div>\n<\/div>\n<\/div>\n\n<\/li><li class=\"wp-block-post post-4724 journal_article type-journal_article status-publish hentry journal_article_cat-conferences\">\n\n<hr class=\"wp-block-separator has-text-color has-background-color has-alpha-channel-opacity has-background-background-color has-background is-style-wide\"\/>\n\n\n\n<div class=\"wp-block-columns is-layout-flex wp-container-core-columns-is-layout-28f84493 wp-block-columns-is-layout-flex\">\n<div class=\"wp-block-column is-layout-flow wp-block-column-is-layout-flow\" style=\"flex-basis:30%\">\n<p class=\"has-base-color has-text-color\"><strong>S. Randrianarisolo, E. Del\u00e9chelle, E. Petit, Y. Chenoune, J. Garot, and A. Rahmouni<\/strong><\/p>\n<\/div>\n\n\n\n<div class=\"wp-block-column is-layout-flow wp-block-column-is-layout-flow\" style=\"flex-basis:50%\"><h3 class=\"wp-block-post-title has-text-color has-base-color has-medium-font-size\">Evaluation des D\u00e9formations du Myocarde sur des S\u00e9quences Temporelles d&rsquo;Images IRM par Estimation Contrainte du Flot Optique,<\/h3>\n\n\n<p class=\"has-base-color has-text-color\">20\u00e8me colloque GRETSI, Louvain-la-Neuve, France, September 2005.<\/p>\n<\/div>\n\n\n\n<div class=\"wp-block-column is-layout-flow wp-block-column-is-layout-flow\">\n<div class=\"wp-block-buttons is-layout-flex\">\n                <div class=\"wp-block-button has-custom-width wp-block-button__width-100 has-custom-font-size has-small-font-size\"><a target=\"_blank\" class=\"wp-block-button__link has-tertiary-color has-base-background-color has-text-color has-background wp-element-button\" href='https:\/\/www.researchgate.net\/publication\/27609299_Evaluation_des_deformations_du_myocarde_sur_des_sequences_temporelles_d%27images_IRM_par_estimation_contrainte_du_flot_optique' rel=\"noopener\">Lien vers l&rsquo;article<\/a><\/div>\n                <\/div>\n<\/div>\n<\/div>\n\n<\/li><li class=\"wp-block-post post-4910 journal_article type-journal_article status-publish hentry journal_article_cat-conferences\">\n\n<hr class=\"wp-block-separator has-text-color has-background-color has-alpha-channel-opacity has-background-background-color has-background is-style-wide\"\/>\n\n\n\n<div class=\"wp-block-columns is-layout-flex wp-container-core-columns-is-layout-28f84493 wp-block-columns-is-layout-flex\">\n<div class=\"wp-block-column is-layout-flow wp-block-column-is-layout-flow\" style=\"flex-basis:30%\">\n<p class=\"has-base-color has-text-color\"><strong>M. Ossonce, C. Delpha, and P. Duhamel, <\/strong><\/p>\n<\/div>\n\n\n\n<div class=\"wp-block-column is-layout-flow wp-block-column-is-layout-flow\" style=\"flex-basis:50%\"><h3 class=\"wp-block-post-title has-text-color has-base-color has-medium-font-size\">Rotation and scale insensitive image watermarking,<\/h3>\n\n\n<p class=\"has-base-color has-text-color\">2004 International Conference on Image Processing (ICIP 2004), Vol. 4, pp. 2611-2614, Singapore, October 2004. <\/p>\n<\/div>\n\n\n\n<div class=\"wp-block-column is-layout-flow wp-block-column-is-layout-flow\">\n<div class=\"wp-block-buttons is-layout-flex\">\n                <div class=\"wp-block-button has-custom-width wp-block-button__width-100 has-custom-font-size has-small-font-size\"><a target=\"_blank\" class=\"wp-block-button__link has-tertiary-color has-base-background-color has-text-color has-background wp-element-button\" href='https:\/\/ieeexplore.ieee.org\/document\/1421638' rel=\"noopener\">Lien vers l&rsquo;article<\/a><\/div>\n                <\/div>\n<\/div>\n<\/div>\n\n<\/li><li class=\"wp-block-post post-4487 journal_article type-journal_article status-publish hentry journal_article_cat-conferences\">\n\n<hr class=\"wp-block-separator has-text-color has-background-color has-alpha-channel-opacity has-background-background-color has-background is-style-wide\"\/>\n\n\n\n<div class=\"wp-block-columns is-layout-flex wp-container-core-columns-is-layout-28f84493 wp-block-columns-is-layout-flex\">\n<div class=\"wp-block-column is-layout-flow wp-block-column-is-layout-flow\" style=\"flex-basis:30%\">\n<p class=\"has-base-color has-text-color\"><strong>Y. Bestaoui, S. Hima, and C. Sentouh<\/strong><\/p>\n<\/div>\n\n\n\n<div class=\"wp-block-column is-layout-flow wp-block-column-is-layout-flow\" style=\"flex-basis:50%\"><h3 class=\"wp-block-post-title has-text-color has-base-color has-medium-font-size\">Motion Planning of a Fully Actuated Unmanned Air Vehicle,<\/h3>\n\n\n<p class=\"has-base-color has-text-color\">American Institute of Aeronautics and Astronautics (AIAA) Guidance, Navigation and control Conference and Exhibit, Austin, Texas, USA, August 2003.<\/p>\n<\/div>\n\n\n\n<div class=\"wp-block-column is-layout-flow wp-block-column-is-layout-flow\">\n<div class=\"wp-block-buttons is-layout-flex\">\n                <div class=\"wp-block-button has-custom-width wp-block-button__width-100 has-custom-font-size has-small-font-size\"><a target=\"_blank\" class=\"wp-block-button__link has-tertiary-color has-base-background-color has-text-color has-background wp-element-button\" href='https:\/\/doi.org\/10.2514\/6.2003-5335' rel=\"noopener\">Lien vers l&rsquo;article<\/a><\/div>\n                <\/div>\n<\/div>\n<\/div>\n\n<\/li><li class=\"wp-block-post post-4486 journal_article type-journal_article status-publish hentry journal_article_cat-conferences\">\n\n<hr class=\"wp-block-separator has-text-color has-background-color has-alpha-channel-opacity has-background-background-color has-background is-style-wide\"\/>\n\n\n\n<div class=\"wp-block-columns is-layout-flex wp-container-core-columns-is-layout-28f84493 wp-block-columns-is-layout-flex\">\n<div class=\"wp-block-column is-layout-flow wp-block-column-is-layout-flow\" style=\"flex-basis:30%\">\n<p class=\"has-base-color has-text-color\"><strong>S. Hima and Y. Bestaoui<\/strong><\/p>\n<\/div>\n\n\n\n<div class=\"wp-block-column is-layout-flow wp-block-column-is-layout-flow\" style=\"flex-basis:50%\"><h3 class=\"wp-block-post-title has-text-color has-base-color has-medium-font-size\">Time-optimal Path Planning for Lateral Navigation of an Autonomous Airship,<\/h3>\n\n\n<p class=\"has-base-color has-text-color\">American Institute of Aeronautics and Astronautics (AIAA) Guidance, Navigation and control Conference and Exhibit, Austin, Texas, USA, August 2003.<\/p>\n<\/div>\n\n\n\n<div class=\"wp-block-column is-layout-flow wp-block-column-is-layout-flow\">\n<div class=\"wp-block-buttons is-layout-flex\">\n                <div class=\"wp-block-button has-custom-width wp-block-button__width-100 has-custom-font-size has-small-font-size\"><a target=\"_blank\" class=\"wp-block-button__link has-tertiary-color has-base-background-color has-text-color has-background wp-element-button\" href='https:\/\/doi.org\/10.2514\/6.2003-5337' rel=\"noopener\">Lien vers l&rsquo;article<\/a><\/div>\n                <\/div>\n<\/div>\n<\/div>\n\n<\/li><li class=\"wp-block-post post-4488 journal_article type-journal_article status-publish hentry journal_article_cat-conferences\">\n\n<hr class=\"wp-block-separator has-text-color has-background-color has-alpha-channel-opacity has-background-background-color has-background is-style-wide\"\/>\n\n\n\n<div class=\"wp-block-columns is-layout-flex wp-container-core-columns-is-layout-28f84493 wp-block-columns-is-layout-flex\">\n<div class=\"wp-block-column is-layout-flow wp-block-column-is-layout-flow\" style=\"flex-basis:30%\">\n<p class=\"has-base-color has-text-color\"><strong>S. Hima and Y. Bestaoui<\/strong><\/p>\n<\/div>\n\n\n\n<div class=\"wp-block-column is-layout-flow wp-block-column-is-layout-flow\" style=\"flex-basis:50%\"><h3 class=\"wp-block-post-title has-text-color has-base-color has-medium-font-size\">Motion generation on trim trajectories for an Autonomous Underactuated Airship,<\/h3>\n\n\n<p class=\"has-base-color has-text-color\">4th International Airship Conference, Cambridge, England, July 2002.<\/p>\n<\/div>\n\n\n\n<div class=\"wp-block-column is-layout-flow wp-block-column-is-layout-flow\">\n<div class=\"wp-block-buttons is-layout-flex\">\n                <div class=\"wp-block-button has-custom-width wp-block-button__width-100 has-custom-font-size has-small-font-size\"><a target=\"_blank\" class=\"wp-block-button__link has-tertiary-color has-base-background-color has-text-color has-background wp-element-button\" href='https:\/\/www.academia.edu\/22804550\/Motion_Generation_on_Trim_Trajectories_for_an_Autonomous_Underactuated_Airship' rel=\"noopener\">Lien vers l&rsquo;article<\/a><\/div>\n                <\/div>\n<\/div>\n<\/div>\n\n<\/li><li class=\"wp-block-post post-4490 journal_article type-journal_article status-publish hentry journal_article_cat-conferences\">\n\n<hr class=\"wp-block-separator has-text-color has-background-color has-alpha-channel-opacity has-background-background-color has-background is-style-wide\"\/>\n\n\n\n<div class=\"wp-block-columns is-layout-flex wp-container-core-columns-is-layout-28f84493 wp-block-columns-is-layout-flex\">\n<div class=\"wp-block-column is-layout-flow wp-block-column-is-layout-flow\" style=\"flex-basis:30%\">\n<p class=\"has-base-color has-text-color\"><strong>Y. Bestaoui and S. Hima<\/strong><\/p>\n<\/div>\n\n\n\n<div class=\"wp-block-column is-layout-flow wp-block-column-is-layout-flow\" style=\"flex-basis:50%\"><h3 class=\"wp-block-post-title has-text-color has-base-color has-medium-font-size\">Trajectory Tracking of Dirigible in a High Constant Altitude Flight,<\/h3>\n\n\n<p class=\"has-base-color has-text-color\">5th IFAC Symposium on Nonlinear Control Systems, St. Petersburg, Russia, July 2001.<\/p>\n<\/div>\n\n\n\n<div class=\"wp-block-column is-layout-flow wp-block-column-is-layout-flow\">\n<div class=\"wp-block-buttons is-layout-flex\">\n                <div class=\"wp-block-button has-custom-width wp-block-button__width-100 has-custom-font-size has-small-font-size\"><a target=\"_blank\" class=\"wp-block-button__link has-tertiary-color has-base-background-color has-text-color has-background wp-element-button\" href='https:\/\/www.ifac.org\/publications\/2001-ifac-annual-report' rel=\"noopener\">Lien vers la conf\u00e9rence<\/a><\/div>\n                <\/div>\n<\/div>\n<\/div>\n\n<\/li><li class=\"wp-block-post post-4489 journal_article type-journal_article status-publish hentry journal_article_cat-conferences\">\n\n<hr class=\"wp-block-separator has-text-color has-background-color has-alpha-channel-opacity has-background-background-color has-background is-style-wide\"\/>\n\n\n\n<div class=\"wp-block-columns is-layout-flex wp-container-core-columns-is-layout-28f84493 wp-block-columns-is-layout-flex\">\n<div class=\"wp-block-column is-layout-flow wp-block-column-is-layout-flow\" style=\"flex-basis:30%\">\n<p class=\"has-base-color has-text-color\"><strong>Y. Bestaoui and S. Hima<\/strong><\/p>\n<\/div>\n\n\n\n<div class=\"wp-block-column is-layout-flow wp-block-column-is-layout-flow\" style=\"flex-basis:50%\"><h3 class=\"wp-block-post-title has-text-color has-base-color has-medium-font-size\">Caracterisation of Some Generalized Helices for Blimps Path Generation,<\/h3>\n\n\n<p class=\"has-base-color has-text-color\">EUROMECH, Paris, France, April 2001.<\/p>\n<\/div>\n\n\n\n<div class=\"wp-block-column is-layout-flow wp-block-column-is-layout-flow\">\n<div class=\"wp-block-buttons is-layout-flex\">\n                <div class=\"wp-block-button has-custom-width wp-block-button__width-100 has-custom-font-size has-small-font-size\"><a target=\"_blank\" class=\"wp-block-button__link has-tertiary-color has-base-background-color has-text-color has-background wp-element-button\" href='https:\/\/euromech.org\/colloquia?year=2001' rel=\"noopener\">Lien vers la conf\u00e9rence<\/a><\/div>\n                <\/div>\n<\/div>\n<\/div>\n\n<\/li><li class=\"wp-block-post post-5528 journal_article type-journal_article status-publish hentry journal_article_cat-conferences\">\n\n<hr class=\"wp-block-separator has-text-color has-background-color has-alpha-channel-opacity has-background-background-color has-background is-style-wide\"\/>\n\n\n\n<div class=\"wp-block-columns is-layout-flex wp-container-core-columns-is-layout-28f84493 wp-block-columns-is-layout-flex\">\n<div class=\"wp-block-column is-layout-flow wp-block-column-is-layout-flow\" style=\"flex-basis:30%\">\n<p class=\"has-base-color has-text-color\"><strong>A. Sassi, H. Souley Ali, M. Zasadzinski, and K. Abderrahim<\/strong><\/p>\n<\/div>\n\n\n\n<div class=\"wp-block-column is-layout-flow wp-block-column-is-layout-flow\" style=\"flex-basis:50%\"><h3 class=\"wp-block-post-title has-text-color has-base-color has-medium-font-size\">Full order adaptive observer design for time delay bilinear system,<\/h3>\n\n\n<p class=\"has-base-color has-text-color\">2017 6th International Conference on Systems and Control (ICSC), pp. 267-272, Batna, Algeria, June 2017.<\/p>\n<\/div>\n\n\n\n<div class=\"wp-block-column is-layout-flow wp-block-column-is-layout-flow\">\n<div class=\"wp-block-buttons is-layout-flex\">\n                <div class=\"wp-block-button has-custom-width wp-block-button__width-100 has-custom-font-size has-small-font-size\"><a target=\"_blank\" class=\"wp-block-button__link has-tertiary-color has-base-background-color has-text-color has-background wp-element-button\" href='https:\/\/ieeexplore.ieee.org\/document\/7958741' rel=\"noopener\">Lien vers l&rsquo;article<\/a><\/div>\n                <\/div>\n<\/div>\n<\/div>\n\n<\/li><\/ul>\n\n<\/div>\n<\/div>\n\n\n\n<style>\n                :root {\n                  --tab-main: #17418f;\n                  --tab-gray: #ccc;\n                }\n                .red-tab div{\n                  float: left;\n                  border-bottom: 3px solid transparent;\n                  cursor: pointer;\n                  transition: 0.3s;\n                  font-size: 17px;\n                }\n                .red-tab a.wp-block-button__link {\n                    color: black!important;\n                    background-color: transparent!important;\n                }\n                .red-tab div a {\n                    padding: 20px 40px!important;\n                }\n                .red-tab div:hover a, .red-tab div.active a {\n                    color: var(--tab-main)!important;\n                }\n                .red-tab div.active, .red-tab div:hover {\n                    color: var(--tab-main)!important;\n                    border-bottom: 3px solid var(--tab-main);\n                    z-index: 3;\n                }\n                .tab-content {\n                    display: none;\n                    padding: 35px 15px;\n                    border-top: none;\n                background-color: white;\n                }\n                .active {\n                    display: block;\n                }\n                <\/style>\n                \n                <script>\n                document.addEventListener(\"click\", e => {  if (e.target.parentElement.classList.contains(\"tab-title\")  ) { redTab(e) }  });\n                \n                [...document.querySelectorAll(\"div.red-tab div\")].forEach((tabTile, index) => {\n                    tabTile.classList.toggle('active', index == 0)\n                  });\n                [...document.querySelectorAll(\".tab-content\")].forEach((tabcontent, index) => {\n                  tabcontent.classList.toggle('active', index == 0)\n                  });\n                function redTab(e) {\t\n                  let tabTiles = [...document.querySelectorAll(\"div.red-tab div\")];\n                  let tabcontents = [...document.querySelectorAll(\".tab-content\")];\n                  let activeTabIndex = tabTiles.findIndex(tab => { return tab == e.target.parentElement })\n                  tabTiles.forEach((tabTile, index) => {\n                    tabTile.classList.toggle('active', index === activeTabIndex)\n                  })\n                  tabcontents.forEach((tabcontent, index) => {\n                  tabcontent.classList.toggle('active', index === activeTabIndex)\n                  })\n                }\n                <\/script>\n<\/div>\n<\/div>\n","protected":false},"excerpt":{"rendered":"<p>Retrouvez ici l\u2019ensemble des publications de l\u2019\u00e9quipe de recherche de l\u2019ESME. Cette liste de publications inclut les publications des membres de l\u2019ESME Research Lab avant leur arriv\u00e9e \u00e0 l\u2019ESME. Livres Journaux Conf\u00e9rences<\/p>\n","protected":false},"author":1,"featured_media":5547,"parent":0,"menu_order":0,"comment_status":"closed","ping_status":"closed","template":"banner-fil-dariane","meta":{"_acf_changed":false,"footnotes":""},"class_list":["post-2667","page","type-page","status-publish","has-post-thumbnail","hentry"],"acf":[],"yoast_head":"<!-- This site is optimized with the Yoast SEO Premium plugin v22.8 (Yoast SEO v27.3) - https:\/\/yoast.com\/product\/yoast-seo-premium-wordpress\/ -->\n<title>Les publications ESME Research Lab - Equipe de recherche de l&#039;ESME<\/title>\n<meta name=\"description\" content=\"Retrouvez toutes les publications de l&#039;ESME Research Lab, le d\u00e9partement de recherche de l&#039;\u00e9cole d&#039;ing\u00e9nieurs ESME.\" \/>\n<meta name=\"robots\" content=\"index, follow, max-snippet:-1, max-image-preview:large, max-video-preview:-1\" \/>\n<link rel=\"canonical\" href=\"https:\/\/www.esme.fr\/recherche\/articles\/\" \/>\n<meta property=\"og:locale\" content=\"fr_FR\" \/>\n<meta property=\"og:type\" content=\"article\" \/>\n<meta property=\"og:title\" content=\"Les publications ESME Research Lab - Equipe de recherche de l&#039;ESME\" \/>\n<meta property=\"og:description\" content=\"Retrouvez toutes les publications de l&#039;ESME Research Lab, le d\u00e9partement de recherche de l&#039;\u00e9cole d&#039;ing\u00e9nieurs ESME.\" \/>\n<meta property=\"og:url\" content=\"https:\/\/www.esme.fr\/recherche\/articles\/\" \/>\n<meta property=\"article:modified_time\" content=\"2023-06-21T15:07:39+00:00\" \/>\n<meta property=\"og:image\" content=\"https:\/\/www.esme.fr\/recherche\/wp-content\/uploads\/2022\/07\/esme-ecole-ingenieur-fbk.jpg\" \/>\n\t<meta property=\"og:image:width\" content=\"1200\" \/>\n\t<meta property=\"og:image:height\" content=\"630\" \/>\n\t<meta property=\"og:image:type\" content=\"image\/jpeg\" \/>\n<meta name=\"twitter:card\" content=\"summary_large_image\" \/>\n<meta name=\"twitter:title\" content=\"Les publications ESME Research Lab - Equipe de recherche de l&#039;ESME\" \/>\n<meta name=\"twitter:description\" content=\"Retrouvez toutes les publications de l&#039;ESME Research Lab, le d\u00e9partement de recherche de l&#039;\u00e9cole d&#039;ing\u00e9nieurs ESME.\" \/>\n<meta name=\"twitter:label1\" content=\"Dur\u00e9e de lecture estim\u00e9e\" \/>\n\t<meta name=\"twitter:data1\" content=\"1 minute\" \/>\n<script type=\"application\/ld+json\" class=\"yoast-schema-graph\">{\"@context\":\"https:\\\/\\\/schema.org\",\"@graph\":[{\"@type\":\"WebPage\",\"@id\":\"https:\\\/\\\/www.esme.fr\\\/recherche\\\/articles\\\/\",\"url\":\"https:\\\/\\\/www.esme.fr\\\/recherche\\\/articles\\\/\",\"name\":\"Les publications ESME Research Lab - Equipe de recherche de l'ESME\",\"isPartOf\":{\"@id\":\"https:\\\/\\\/www.esme.fr\\\/recherche\\\/#website\"},\"primaryImageOfPage\":{\"@id\":\"https:\\\/\\\/www.esme.fr\\\/recherche\\\/articles\\\/#primaryimage\"},\"image\":{\"@id\":\"https:\\\/\\\/www.esme.fr\\\/recherche\\\/articles\\\/#primaryimage\"},\"thumbnailUrl\":\"https:\\\/\\\/www.esme.fr\\\/recherche\\\/wp-content\\\/uploads\\\/2022\\\/07\\\/esme-ecole-ingenieur-fbk.jpg\",\"datePublished\":\"2017-08-07T10:02:00+00:00\",\"dateModified\":\"2023-06-21T15:07:39+00:00\",\"description\":\"Retrouvez toutes les publications de l'ESME Research Lab, le d\u00e9partement de recherche de l'\u00e9cole d'ing\u00e9nieurs ESME.\",\"breadcrumb\":{\"@id\":\"https:\\\/\\\/www.esme.fr\\\/recherche\\\/articles\\\/#breadcrumb\"},\"inLanguage\":\"fr-FR\",\"potentialAction\":[{\"@type\":\"ReadAction\",\"target\":[\"https:\\\/\\\/www.esme.fr\\\/recherche\\\/articles\\\/\"]}]},{\"@type\":\"ImageObject\",\"inLanguage\":\"fr-FR\",\"@id\":\"https:\\\/\\\/www.esme.fr\\\/recherche\\\/articles\\\/#primaryimage\",\"url\":\"https:\\\/\\\/www.esme.fr\\\/recherche\\\/wp-content\\\/uploads\\\/2022\\\/07\\\/esme-ecole-ingenieur-fbk.jpg\",\"contentUrl\":\"https:\\\/\\\/www.esme.fr\\\/recherche\\\/wp-content\\\/uploads\\\/2022\\\/07\\\/esme-ecole-ingenieur-fbk.jpg\",\"width\":1200,\"height\":630,\"caption\":\"ESME - L'\u00e9cole des ing\u00e9nieurs de l'innovation responsable\"},{\"@type\":\"BreadcrumbList\",\"@id\":\"https:\\\/\\\/www.esme.fr\\\/recherche\\\/articles\\\/#breadcrumb\",\"itemListElement\":[{\"@type\":\"ListItem\",\"position\":1,\"name\":\"Accueil\",\"item\":\"https:\\\/\\\/www.esme.fr\\\/recherche\\\/\"},{\"@type\":\"ListItem\",\"position\":2,\"name\":\"Publications\"}]},{\"@type\":\"WebSite\",\"@id\":\"https:\\\/\\\/www.esme.fr\\\/recherche\\\/#website\",\"url\":\"https:\\\/\\\/www.esme.fr\\\/recherche\\\/\",\"name\":\"\",\"description\":\"Innovative Engineering\",\"potentialAction\":[{\"@type\":\"SearchAction\",\"target\":{\"@type\":\"EntryPoint\",\"urlTemplate\":\"https:\\\/\\\/www.esme.fr\\\/recherche\\\/?s={search_term_string}\"},\"query-input\":{\"@type\":\"PropertyValueSpecification\",\"valueRequired\":true,\"valueName\":\"search_term_string\"}}],\"inLanguage\":\"fr-FR\"}]}<\/script>\n<!-- \/ Yoast SEO Premium plugin. -->","yoast_head_json":{"title":"Les publications ESME Research Lab - Equipe de recherche de l'ESME","description":"Retrouvez toutes les publications de l'ESME Research Lab, le d\u00e9partement de recherche de l'\u00e9cole d'ing\u00e9nieurs ESME.","robots":{"index":"index","follow":"follow","max-snippet":"max-snippet:-1","max-image-preview":"max-image-preview:large","max-video-preview":"max-video-preview:-1"},"canonical":"https:\/\/www.esme.fr\/recherche\/articles\/","og_locale":"fr_FR","og_type":"article","og_title":"Les publications ESME Research Lab - Equipe de recherche de l'ESME","og_description":"Retrouvez toutes les publications de l'ESME Research Lab, le d\u00e9partement de recherche de l'\u00e9cole d'ing\u00e9nieurs ESME.","og_url":"https:\/\/www.esme.fr\/recherche\/articles\/","article_modified_time":"2023-06-21T15:07:39+00:00","og_image":[{"width":1200,"height":630,"url":"https:\/\/www.esme.fr\/recherche\/wp-content\/uploads\/2022\/07\/esme-ecole-ingenieur-fbk.jpg","type":"image\/jpeg"}],"twitter_card":"summary_large_image","twitter_title":"Les publications ESME Research Lab - Equipe de recherche de l'ESME","twitter_description":"Retrouvez toutes les publications de l'ESME Research Lab, le d\u00e9partement de recherche de l'\u00e9cole d'ing\u00e9nieurs ESME.","twitter_misc":{"Dur\u00e9e de lecture estim\u00e9e":"1 minute"},"schema":{"@context":"https:\/\/schema.org","@graph":[{"@type":"WebPage","@id":"https:\/\/www.esme.fr\/recherche\/articles\/","url":"https:\/\/www.esme.fr\/recherche\/articles\/","name":"Les publications ESME Research Lab - Equipe de recherche de l'ESME","isPartOf":{"@id":"https:\/\/www.esme.fr\/recherche\/#website"},"primaryImageOfPage":{"@id":"https:\/\/www.esme.fr\/recherche\/articles\/#primaryimage"},"image":{"@id":"https:\/\/www.esme.fr\/recherche\/articles\/#primaryimage"},"thumbnailUrl":"https:\/\/www.esme.fr\/recherche\/wp-content\/uploads\/2022\/07\/esme-ecole-ingenieur-fbk.jpg","datePublished":"2017-08-07T10:02:00+00:00","dateModified":"2023-06-21T15:07:39+00:00","description":"Retrouvez toutes les publications de l'ESME Research Lab, le d\u00e9partement de recherche de l'\u00e9cole d'ing\u00e9nieurs ESME.","breadcrumb":{"@id":"https:\/\/www.esme.fr\/recherche\/articles\/#breadcrumb"},"inLanguage":"fr-FR","potentialAction":[{"@type":"ReadAction","target":["https:\/\/www.esme.fr\/recherche\/articles\/"]}]},{"@type":"ImageObject","inLanguage":"fr-FR","@id":"https:\/\/www.esme.fr\/recherche\/articles\/#primaryimage","url":"https:\/\/www.esme.fr\/recherche\/wp-content\/uploads\/2022\/07\/esme-ecole-ingenieur-fbk.jpg","contentUrl":"https:\/\/www.esme.fr\/recherche\/wp-content\/uploads\/2022\/07\/esme-ecole-ingenieur-fbk.jpg","width":1200,"height":630,"caption":"ESME - L'\u00e9cole des ing\u00e9nieurs de l'innovation responsable"},{"@type":"BreadcrumbList","@id":"https:\/\/www.esme.fr\/recherche\/articles\/#breadcrumb","itemListElement":[{"@type":"ListItem","position":1,"name":"Accueil","item":"https:\/\/www.esme.fr\/recherche\/"},{"@type":"ListItem","position":2,"name":"Publications"}]},{"@type":"WebSite","@id":"https:\/\/www.esme.fr\/recherche\/#website","url":"https:\/\/www.esme.fr\/recherche\/","name":"","description":"Innovative Engineering","potentialAction":[{"@type":"SearchAction","target":{"@type":"EntryPoint","urlTemplate":"https:\/\/www.esme.fr\/recherche\/?s={search_term_string}"},"query-input":{"@type":"PropertyValueSpecification","valueRequired":true,"valueName":"search_term_string"}}],"inLanguage":"fr-FR"}]}},"_links":{"self":[{"href":"https:\/\/www.esme.fr\/recherche\/wp-json\/wp\/v2\/pages\/2667","targetHints":{"allow":["GET"]}}],"collection":[{"href":"https:\/\/www.esme.fr\/recherche\/wp-json\/wp\/v2\/pages"}],"about":[{"href":"https:\/\/www.esme.fr\/recherche\/wp-json\/wp\/v2\/types\/page"}],"author":[{"embeddable":true,"href":"https:\/\/www.esme.fr\/recherche\/wp-json\/wp\/v2\/users\/1"}],"replies":[{"embeddable":true,"href":"https:\/\/www.esme.fr\/recherche\/wp-json\/wp\/v2\/comments?post=2667"}],"version-history":[{"count":11,"href":"https:\/\/www.esme.fr\/recherche\/wp-json\/wp\/v2\/pages\/2667\/revisions"}],"predecessor-version":[{"id":6714,"href":"https:\/\/www.esme.fr\/recherche\/wp-json\/wp\/v2\/pages\/2667\/revisions\/6714"}],"wp:featuredmedia":[{"embeddable":true,"href":"https:\/\/www.esme.fr\/recherche\/wp-json\/wp\/v2\/media\/5547"}],"wp:attachment":[{"href":"https:\/\/www.esme.fr\/recherche\/wp-json\/wp\/v2\/media?parent=2667"}],"curies":[{"name":"wp","href":"https:\/\/api.w.org\/{rel}","templated":true}]}}