{"id":7316,"date":"2024-12-18T11:42:19","date_gmt":"2024-12-18T10:42:19","guid":{"rendered":"https:\/\/www.esme.fr\/recherche\/?page_id=7316"},"modified":"2026-03-20T17:07:30","modified_gmt":"2026-03-20T16:07:30","slug":"rse","status":"publish","type":"page","link":"https:\/\/www.esme.fr\/recherche\/rse\/","title":{"rendered":"Innovation responsable et d\u00e9marche RSE"},"content":{"rendered":"\n<h2 class=\"wp-block-heading has-base-color has-text-color has-link-color wp-elements-8ceed57260ae582c0df874c8fc7120b0\" id=\"h-preambule\"><strong>Pr\u00e9ambule<\/strong><\/h2>\n\n\n\n<p>L\u2019ESME a formalis\u00e9 depuis quelques ann\u00e9es une politique RSE (Responsabilit\u00e9 Soci\u00e9tale des Entreprises) visant \u00e0 prendre des engagements pour am\u00e9liorer son impact soci\u00e9tal et limiter son impact environnemental. Pour aller plus loin, l\u2019ESME est devenue en juillet 2021 Soci\u00e9t\u00e9 \u00e0 Mission. L\u2019int\u00e9gration des enjeux RSE \u00e0 nos actions et nos missions, y compris dans la strat\u00e9gie recherche et dans les travaux conduits par les enseignants-chercheurs, est un \u00e9l\u00e9ment essentiel afin d&rsquo;atteindre les objectifs alors fix\u00e9s.<\/p>\n\n\n\n<div style=\"height:19px\" aria-hidden=\"true\" class=\"wp-block-spacer\"><\/div>\n\n\n\n<div class=\"wp-block-group alignfull has-cyan-bluish-gray-background-color has-background has-global-padding is-layout-constrained wp-block-group-is-layout-constrained\">\n<h2 class=\"wp-block-heading has-base-color has-text-color has-link-color wp-elements-fb6f1fb6d4f6d3abc8d881cbafe32afb\" id=\"h-comment\"><strong>Comment ?<\/strong><\/h2>\n\n\n\n<div class=\"wp-block-columns is-layout-flex wp-container-core-columns-is-layout-28f84493 wp-block-columns-is-layout-flex\">\n<div class=\"wp-block-column is-layout-flow wp-block-column-is-layout-flow\" style=\"flex-basis:66.66%\">\n<p>Pour mener \u00e0 bien cette d\u00e9marche, des r\u00e9f\u00e9rents scientifiques ont \u00e9t\u00e9 d\u00e9sign\u00e9s pour chaque p\u00f4le disciplinaire de l\u2019ESME Research Lab. Cette \u00e9quipe de r\u00e9f\u00e9rents scientifiques est dirig\u00e9e par Aude Herry, Directrice de la recherche, avec l\u2019aide du responsable RSE. Des crit\u00e8res RSE ont \u00e9t\u00e9 formalis\u00e9s pour \u00e9valuer l\u2019impact de l\u2019innovation responsable dans les activit\u00e9s de recherche et les r\u00e9f\u00e9rents scientifiques s\u2019appuient sur ces indicateurs pour faire progresser la d\u00e9marche RSE au sein de leur p\u00f4le de recherche. Plus pr\u00e9cis\u00e9ment, l\u2019\u00e9quipe a mis en place deux indicateurs&nbsp;:<\/p>\n\n\n\n<ul class=\"wp-block-list\">\n<li>Le pourcentage de projets et collaborations de recherche int\u00e9grant les enjeux RSE (<a href=\"https:\/\/www.agenda-2030.fr\/17-objectifs-de-developpement-durable\/\">cibles des 17 ODD<\/a>)<\/li>\n\n\n\n<li>Le pourcentage de publications de recherche int\u00e9grant les enjeux RSE<\/li>\n<\/ul>\n\n\n\n<p>Les enseignants-chercheurs sont encourag\u00e9s \u00e0 partager leurs publications en <em>open access <\/em>et \u00e0 participer aux enjeux de la science ouverte.<\/p>\n<\/div>\n<\/div>\n<\/div>\n\n\n\n<div style=\"height:19px\" aria-hidden=\"true\" class=\"wp-block-spacer\"><\/div>\n\n\n\n<h2 class=\"wp-block-heading has-base-color has-text-color has-link-color wp-elements-36cd9dd312c36ea0d5200c3ce493e3af\" id=\"h-charte-scientifique-pour-le-developpement-durable\"><strong>Charte scientifique pour le d\u00e9veloppement durable<\/strong><\/h2>\n\n\n\n<p>L\u2019ESME Research Lab officialise son engagement RSE par la publication d\u2019une charte scientifique visant \u00e0 int\u00e9grer les principes du d\u00e9veloppement durable dans ses activit\u00e9s de recherche. Ce document affirme la volont\u00e9 de l\u2019\u00e9cole de promouvoir une science responsable, \u00e9thique et tourn\u00e9e vers les enjeux soci\u00e9taux et environnementaux.<\/p>\n\n\n\n<div data-wp-interactive=\"core\/file\" class=\"wp-block-file\"><object data-wp-bind--hidden=\"!state.hasPdfPreview\" hidden class=\"wp-block-file__embed\" data=\"https:\/\/www.esme.fr\/recherche\/wp-content\/uploads\/2026\/03\/Charte-scientifique-2026.pdf\" type=\"application\/pdf\" style=\"width:100%;height:600px\" aria-label=\"Contenu embarqu\u00e9 Charte scientifique 2026.\"><\/object><a id=\"wp-block-file--media-f2c1513c-8eb8-444c-a317-9e6ef5f2d726\" href=\"https:\/\/www.esme.fr\/recherche\/wp-content\/uploads\/2026\/03\/Charte-scientifique-2026.pdf\">Charte scientifique 2026<\/a><a href=\"https:\/\/www.esme.fr\/recherche\/wp-content\/uploads\/2026\/03\/Charte-scientifique-2026.pdf\" class=\"wp-block-file__button wp-element-button\" download aria-describedby=\"wp-block-file--media-f2c1513c-8eb8-444c-a317-9e6ef5f2d726\">T\u00e9l\u00e9charger<\/a><\/div>\n\n\n\n<h2 class=\"wp-block-heading has-base-color has-text-color has-link-color wp-elements-d70c9e1c01bcd43158d910b609b24679\" id=\"h-publications-et-objectifs-de-developpement-durable-odds-par-pole-disciplinaire-depuis-2023-mise-a-jour-a-la-fin-de-l-annee-civile-0\"><strong>Publications et Objectifs de D\u00e9veloppement Durable (ODDs) par p\u00f4le disciplinaire (depuis 2023 ; mise \u00e0 jour \u00e0 la fin de l\u2019ann\u00e9e civile)<\/strong><\/h2>\n\n\n\n<div class=\"wp-block-columns is-layout-flex wp-container-core-columns-is-layout-28f84493 wp-block-columns-is-layout-flex\">\n<div class=\"wp-block-column is-layout-flow wp-block-column-is-layout-flow\">\n<figure class=\"wp-block-image aligncenter size-full\"><img loading=\"lazy\" decoding=\"async\" width=\"225\" height=\"225\" src=\"https:\/\/www.esme.fr\/recherche\/wp-content\/uploads\/2024\/12\/ODD3.png\" alt=\"\" class=\"wp-image-7321\" srcset=\"https:\/\/www.esme.fr\/recherche\/wp-content\/uploads\/2024\/12\/ODD3.png 225w, https:\/\/www.esme.fr\/recherche\/wp-content\/uploads\/2024\/12\/ODD3-150x150.png 150w\" sizes=\"auto, (max-width: 225px) 100vw, 225px\" \/><\/figure>\n<\/div>\n\n\n\n<div class=\"wp-block-column is-layout-flow wp-block-column-is-layout-flow\">\n<figure class=\"wp-block-image aligncenter size-full\"><img loading=\"lazy\" decoding=\"async\" width=\"225\" height=\"225\" src=\"https:\/\/www.esme.fr\/recherche\/wp-content\/uploads\/2024\/12\/ODD4.png\" alt=\"\" class=\"wp-image-7322\" srcset=\"https:\/\/www.esme.fr\/recherche\/wp-content\/uploads\/2024\/12\/ODD4.png 225w, https:\/\/www.esme.fr\/recherche\/wp-content\/uploads\/2024\/12\/ODD4-150x150.png 150w\" sizes=\"auto, (max-width: 225px) 100vw, 225px\" \/><\/figure>\n<\/div>\n\n\n\n<div class=\"wp-block-column is-layout-flow wp-block-column-is-layout-flow\">\n<figure class=\"wp-block-image aligncenter size-full\"><img loading=\"lazy\" decoding=\"async\" width=\"225\" height=\"225\" src=\"https:\/\/www.esme.fr\/recherche\/wp-content\/uploads\/2024\/12\/ODD7.png\" alt=\"\" class=\"wp-image-7325\" srcset=\"https:\/\/www.esme.fr\/recherche\/wp-content\/uploads\/2024\/12\/ODD7.png 225w, https:\/\/www.esme.fr\/recherche\/wp-content\/uploads\/2024\/12\/ODD7-150x150.png 150w\" sizes=\"auto, (max-width: 225px) 100vw, 225px\" \/><\/figure>\n<\/div>\n\n\n\n<div class=\"wp-block-column is-layout-flow wp-block-column-is-layout-flow\">\n<figure class=\"wp-block-image aligncenter size-full\"><img loading=\"lazy\" decoding=\"async\" width=\"225\" height=\"225\" src=\"https:\/\/www.esme.fr\/recherche\/wp-content\/uploads\/2024\/12\/ODD9.png\" alt=\"\" class=\"wp-image-7327\" srcset=\"https:\/\/www.esme.fr\/recherche\/wp-content\/uploads\/2024\/12\/ODD9.png 225w, https:\/\/www.esme.fr\/recherche\/wp-content\/uploads\/2024\/12\/ODD9-150x150.png 150w\" sizes=\"auto, (max-width: 225px) 100vw, 225px\" \/><\/figure>\n<\/div>\n\n\n\n<div class=\"wp-block-column is-layout-flow wp-block-column-is-layout-flow\">\n<figure class=\"wp-block-image aligncenter size-full\"><img loading=\"lazy\" decoding=\"async\" width=\"225\" height=\"225\" src=\"https:\/\/www.esme.fr\/recherche\/wp-content\/uploads\/2024\/12\/ODD11.png\" alt=\"\" class=\"wp-image-7329\" srcset=\"https:\/\/www.esme.fr\/recherche\/wp-content\/uploads\/2024\/12\/ODD11.png 225w, https:\/\/www.esme.fr\/recherche\/wp-content\/uploads\/2024\/12\/ODD11-150x150.png 150w\" sizes=\"auto, (max-width: 225px) 100vw, 225px\" \/><\/figure>\n<\/div>\n\n\n\n<div class=\"wp-block-column is-layout-flow wp-block-column-is-layout-flow\">\n<figure class=\"wp-block-image aligncenter size-full\"><img loading=\"lazy\" decoding=\"async\" width=\"225\" height=\"225\" src=\"https:\/\/www.esme.fr\/recherche\/wp-content\/uploads\/2024\/12\/ODD12.png\" alt=\"\" class=\"wp-image-7330\" srcset=\"https:\/\/www.esme.fr\/recherche\/wp-content\/uploads\/2024\/12\/ODD12.png 225w, https:\/\/www.esme.fr\/recherche\/wp-content\/uploads\/2024\/12\/ODD12-150x150.png 150w\" sizes=\"auto, (max-width: 225px) 100vw, 225px\" \/><\/figure>\n<\/div>\n<\/div>\n\n\n\n<h3 class=\"wp-block-heading\" id=\"h-pole-disciplinaire-mecatronique-et-electronique-embarquee-nbsp\"><strong>P\u00f4le disciplinaire \u00ab M\u00e9catronique et Electronique embarqu\u00e9e \u00bb&nbsp;<\/strong><\/h3>\n\n\n\n<p>R\u00e9f\u00e9rent scientifique&nbsp;: <strong>Alex Caldas<\/strong><\/p>\n\n\n\n<p>Au sein de ce p\u00f4le disciplinaire, nous nous int\u00e9ressons particuli\u00e8rement aux ODDs n\u00b03, n\u00b09, n\u00b010, n\u00b011 et n\u00b012 au travers des projets :<\/p>\n\n\n\n<p><strong>Pr\u00e9dimensionnement des bo\u00eetiers de blindages \u00e0 base de mat\u00e9riaux composites<\/strong><\/p>\n\n\n\n<div class=\"wp-block-columns is-layout-flex wp-container-core-columns-is-layout-28f84493 wp-block-columns-is-layout-flex\">\n<div class=\"wp-block-column is-layout-flow wp-block-column-is-layout-flow\" style=\"flex-basis:20%\">\n<figure class=\"wp-block-image size-full is-resized\"><img loading=\"lazy\" decoding=\"async\" width=\"225\" height=\"225\" src=\"https:\/\/www.esme.fr\/recherche\/wp-content\/uploads\/2024\/12\/ODD9.png\" alt=\"\" class=\"wp-image-7327\" style=\"width:auto;height:100px\" srcset=\"https:\/\/www.esme.fr\/recherche\/wp-content\/uploads\/2024\/12\/ODD9.png 225w, https:\/\/www.esme.fr\/recherche\/wp-content\/uploads\/2024\/12\/ODD9-150x150.png 150w\" sizes=\"auto, (max-width: 225px) 100vw, 225px\" \/><\/figure>\n<\/div>\n\n\n\n<div class=\"wp-block-column is-layout-flow wp-block-column-is-layout-flow\" style=\"flex-basis:80%\">\n<ul class=\"wp-block-list\">\n<li>9.4 Modernisation et durabilit\u00e9 des fili\u00e8res industrielles<\/li>\n<\/ul>\n<\/div>\n<\/div>\n\n\n\n<div class=\"wp-block-columns is-layout-flex wp-container-core-columns-is-layout-28f84493 wp-block-columns-is-layout-flex\">\n<div class=\"wp-block-column is-layout-flow wp-block-column-is-layout-flow\" style=\"flex-basis:20%\">\n<figure class=\"wp-block-image size-full is-resized\"><img loading=\"lazy\" decoding=\"async\" width=\"225\" height=\"225\" src=\"https:\/\/www.esme.fr\/recherche\/wp-content\/uploads\/2024\/12\/ODD12.png\" alt=\"\" class=\"wp-image-7330\" style=\"width:auto;height:100px\" srcset=\"https:\/\/www.esme.fr\/recherche\/wp-content\/uploads\/2024\/12\/ODD12.png 225w, https:\/\/www.esme.fr\/recherche\/wp-content\/uploads\/2024\/12\/ODD12-150x150.png 150w\" sizes=\"auto, (max-width: 225px) 100vw, 225px\" \/><\/figure>\n<\/div>\n\n\n\n<div class=\"wp-block-column is-layout-flow wp-block-column-is-layout-flow\" style=\"flex-basis:80%\">\n<ul class=\"wp-block-list\">\n<li>12.2 Gestion durable des ressources naturelles<\/li>\n<\/ul>\n<\/div>\n<\/div>\n\n\n\n<p><strong>Etude de l&rsquo;impact du champ \u00e9lectromagn\u00e9tique rayonn\u00e9 par les syst\u00e8mes de transfert d&rsquo;\u00e9nergie sans contact sur les personnes porteuses de dispositifs m\u00e9dicaux actifs (application automobile)<\/strong><\/p>\n\n\n\n<div class=\"wp-block-columns is-layout-flex wp-container-core-columns-is-layout-28f84493 wp-block-columns-is-layout-flex\">\n<div class=\"wp-block-column is-layout-flow wp-block-column-is-layout-flow\" style=\"flex-basis:20%\">\n<figure class=\"wp-block-image size-full is-resized\"><img loading=\"lazy\" decoding=\"async\" width=\"225\" height=\"225\" src=\"https:\/\/www.esme.fr\/recherche\/wp-content\/uploads\/2024\/12\/ODD11.png\" alt=\"\" class=\"wp-image-7329\" style=\"width:auto;height:100px\" srcset=\"https:\/\/www.esme.fr\/recherche\/wp-content\/uploads\/2024\/12\/ODD11.png 225w, https:\/\/www.esme.fr\/recherche\/wp-content\/uploads\/2024\/12\/ODD11-150x150.png 150w\" sizes=\"auto, (max-width: 225px) 100vw, 225px\" \/><\/figure>\n<\/div>\n\n\n\n<div class=\"wp-block-column is-layout-flow wp-block-column-is-layout-flow\" style=\"flex-basis:80%\">\n<ul class=\"wp-block-list\">\n<li>11.2 Transports s\u00fbrs, accessibles et viables<\/li>\n<\/ul>\n<\/div>\n<\/div>\n\n\n\n<p><strong>Conception d&rsquo;un capteur pyro\u00e9lectrique<\/strong><\/p>\n\n\n\n<div class=\"wp-block-columns is-layout-flex wp-container-core-columns-is-layout-28f84493 wp-block-columns-is-layout-flex\">\n<div class=\"wp-block-column is-layout-flow wp-block-column-is-layout-flow\" style=\"flex-basis:20%\">\n<figure class=\"wp-block-image size-full is-resized\"><img loading=\"lazy\" decoding=\"async\" width=\"225\" height=\"225\" src=\"https:\/\/www.esme.fr\/recherche\/wp-content\/uploads\/2024\/12\/ODD3.png\" alt=\"\" class=\"wp-image-7321\" style=\"width:auto;height:100px\" srcset=\"https:\/\/www.esme.fr\/recherche\/wp-content\/uploads\/2024\/12\/ODD3.png 225w, https:\/\/www.esme.fr\/recherche\/wp-content\/uploads\/2024\/12\/ODD3-150x150.png 150w\" sizes=\"auto, (max-width: 225px) 100vw, 225px\" \/><\/figure>\n<\/div>\n\n\n\n<div class=\"wp-block-column is-layout-flow wp-block-column-is-layout-flow\" style=\"flex-basis:80%\">\n<ul class=\"wp-block-list\">\n<li>3.4 Maladies non transmissibles<\/li>\n<\/ul>\n<\/div>\n<\/div>\n\n\n\n<p><strong>D\u00e9tection et de reconnaissance des signaux routiers fran\u00e7ais en temps r\u00e9el<\/strong><\/p>\n\n\n\n<div class=\"wp-block-columns is-layout-flex wp-container-core-columns-is-layout-28f84493 wp-block-columns-is-layout-flex\">\n<div class=\"wp-block-column is-layout-flow wp-block-column-is-layout-flow\" style=\"flex-basis:20%\">\n<figure class=\"wp-block-image size-full is-resized\"><img loading=\"lazy\" decoding=\"async\" width=\"225\" height=\"225\" src=\"https:\/\/www.esme.fr\/recherche\/wp-content\/uploads\/2024\/12\/ODD3.png\" alt=\"\" class=\"wp-image-7321\" style=\"width:auto;height:100px\" srcset=\"https:\/\/www.esme.fr\/recherche\/wp-content\/uploads\/2024\/12\/ODD3.png 225w, https:\/\/www.esme.fr\/recherche\/wp-content\/uploads\/2024\/12\/ODD3-150x150.png 150w\" sizes=\"auto, (max-width: 225px) 100vw, 225px\" \/><\/figure>\n<\/div>\n\n\n\n<div class=\"wp-block-column is-layout-flow wp-block-column-is-layout-flow\" style=\"flex-basis:80%\">\n<ul class=\"wp-block-list\">\n<li>3.6 Accidents de la route<\/li>\n<\/ul>\n<\/div>\n<\/div>\n\n\n\n<div class=\"wp-block-columns is-layout-flex wp-container-core-columns-is-layout-28f84493 wp-block-columns-is-layout-flex\">\n<div class=\"wp-block-column is-layout-flow wp-block-column-is-layout-flow\" style=\"flex-basis:20%\">\n<figure class=\"wp-block-image size-full is-resized\"><img loading=\"lazy\" decoding=\"async\" width=\"225\" height=\"225\" src=\"https:\/\/www.esme.fr\/recherche\/wp-content\/uploads\/2024\/12\/ODD11.png\" alt=\"\" class=\"wp-image-7329\" style=\"width:auto;height:100px\" srcset=\"https:\/\/www.esme.fr\/recherche\/wp-content\/uploads\/2024\/12\/ODD11.png 225w, https:\/\/www.esme.fr\/recherche\/wp-content\/uploads\/2024\/12\/ODD11-150x150.png 150w\" sizes=\"auto, (max-width: 225px) 100vw, 225px\" \/><\/figure>\n<\/div>\n\n\n\n<div class=\"wp-block-column is-layout-flow wp-block-column-is-layout-flow\" style=\"flex-basis:80%\">\n<ul class=\"wp-block-list\">\n<li>11.2 Transports s\u00fbrs, accessibles et viables<\/li>\n<\/ul>\n<\/div>\n<\/div>\n\n\n\n<p><strong>Approches intelligentes d\u2019interface cerveau-machine pour les services \u00e0 la personne, la mobilit\u00e9 intelligente et la domotique avanc\u00e9e<\/strong><\/p>\n\n\n\n<div class=\"wp-block-columns is-layout-flex wp-container-core-columns-is-layout-28f84493 wp-block-columns-is-layout-flex\">\n<div class=\"wp-block-column is-layout-flow wp-block-column-is-layout-flow\" style=\"flex-basis:20%\">\n<figure class=\"wp-block-image size-full is-resized\"><img loading=\"lazy\" decoding=\"async\" width=\"225\" height=\"225\" src=\"https:\/\/www.esme.fr\/recherche\/wp-content\/uploads\/2024\/12\/ODD10.png\" alt=\"\" class=\"wp-image-7328\" style=\"width:auto;height:100px\" srcset=\"https:\/\/www.esme.fr\/recherche\/wp-content\/uploads\/2024\/12\/ODD10.png 225w, https:\/\/www.esme.fr\/recherche\/wp-content\/uploads\/2024\/12\/ODD10-150x150.png 150w\" sizes=\"auto, (max-width: 225px) 100vw, 225px\" \/><\/figure>\n<\/div>\n\n\n\n<div class=\"wp-block-column is-layout-flow wp-block-column-is-layout-flow\" style=\"flex-basis:80%\">\n<ul class=\"wp-block-list\">\n<li>10.2 Autonomisation et int\u00e9gration<\/li>\n<\/ul>\n<\/div>\n<\/div>\n\n\n\n<p><strong>Commandes pour la saisie et la manipulation dextre \u00e0 partir de pr\u00e9henseurs pluridigitaux<\/strong><\/p>\n\n\n\n<div class=\"wp-block-columns is-layout-flex wp-container-core-columns-is-layout-28f84493 wp-block-columns-is-layout-flex\">\n<div class=\"wp-block-column is-layout-flow wp-block-column-is-layout-flow\" style=\"flex-basis:20%\">\n<figure class=\"wp-block-image size-full is-resized\"><img loading=\"lazy\" decoding=\"async\" width=\"225\" height=\"225\" src=\"https:\/\/www.esme.fr\/recherche\/wp-content\/uploads\/2024\/12\/ODD3.png\" alt=\"\" class=\"wp-image-7321\" style=\"width:auto;height:100px\" srcset=\"https:\/\/www.esme.fr\/recherche\/wp-content\/uploads\/2024\/12\/ODD3.png 225w, https:\/\/www.esme.fr\/recherche\/wp-content\/uploads\/2024\/12\/ODD3-150x150.png 150w\" sizes=\"auto, (max-width: 225px) 100vw, 225px\" \/><\/figure>\n<\/div>\n\n\n\n<div class=\"wp-block-column is-layout-flow wp-block-column-is-layout-flow\" style=\"flex-basis:80%\">\n<ul class=\"wp-block-list\">\n<li>3.4 Maladies non transmissibles<\/li>\n<\/ul>\n<\/div>\n<\/div>\n\n\n\n<div class=\"wp-block-columns is-layout-flex wp-container-core-columns-is-layout-28f84493 wp-block-columns-is-layout-flex\">\n<div class=\"wp-block-column is-layout-flow wp-block-column-is-layout-flow\" style=\"flex-basis:20%\">\n<figure class=\"wp-block-image size-full is-resized\"><img loading=\"lazy\" decoding=\"async\" width=\"225\" height=\"225\" src=\"https:\/\/www.esme.fr\/recherche\/wp-content\/uploads\/2024\/12\/ODD9.png\" alt=\"\" class=\"wp-image-7327\" style=\"width:auto;height:100px\" srcset=\"https:\/\/www.esme.fr\/recherche\/wp-content\/uploads\/2024\/12\/ODD9.png 225w, https:\/\/www.esme.fr\/recherche\/wp-content\/uploads\/2024\/12\/ODD9-150x150.png 150w\" sizes=\"auto, (max-width: 225px) 100vw, 225px\" \/><\/figure>\n<\/div>\n\n\n\n<div class=\"wp-block-column is-layout-flow wp-block-column-is-layout-flow\" style=\"flex-basis:80%\">\n<ul class=\"wp-block-list\">\n<li>9.5 Innovation, recherche et d\u00e9veloppement<\/li>\n<\/ul>\n<\/div>\n<\/div>\n\n\n\n<p><strong>D\u00e9veloppement d&rsquo;une proth\u00e8se de souris pour l&rsquo;\u00e9tude de son appropriation (projet ANR HERMIN)<\/strong><\/p>\n\n\n\n<div class=\"wp-block-columns is-layout-flex wp-container-core-columns-is-layout-28f84493 wp-block-columns-is-layout-flex\">\n<div class=\"wp-block-column is-layout-flow wp-block-column-is-layout-flow\" style=\"flex-basis:20%\">\n<figure class=\"wp-block-image size-full is-resized\"><img loading=\"lazy\" decoding=\"async\" width=\"225\" height=\"225\" src=\"https:\/\/www.esme.fr\/recherche\/wp-content\/uploads\/2024\/12\/ODD3.png\" alt=\"\" class=\"wp-image-7321\" style=\"width:auto;height:100px\" srcset=\"https:\/\/www.esme.fr\/recherche\/wp-content\/uploads\/2024\/12\/ODD3.png 225w, https:\/\/www.esme.fr\/recherche\/wp-content\/uploads\/2024\/12\/ODD3-150x150.png 150w\" sizes=\"auto, (max-width: 225px) 100vw, 225px\" \/><\/figure>\n<\/div>\n\n\n\n<div class=\"wp-block-column is-layout-flow wp-block-column-is-layout-flow\" style=\"flex-basis:80%\">\n<ul class=\"wp-block-list\">\n<li>3.4 Maladies non transmissibles<\/li>\n<\/ul>\n<\/div>\n<\/div>\n\n\n\n<p><strong>D\u00e9veloppement d&rsquo;exosquelettes p\u00e9diatriques<\/strong><\/p>\n\n\n\n<div class=\"wp-block-columns is-layout-flex wp-container-core-columns-is-layout-28f84493 wp-block-columns-is-layout-flex\">\n<div class=\"wp-block-column is-layout-flow wp-block-column-is-layout-flow\" style=\"flex-basis:20%\">\n<figure class=\"wp-block-image size-full is-resized\"><img loading=\"lazy\" decoding=\"async\" width=\"225\" height=\"225\" src=\"https:\/\/www.esme.fr\/recherche\/wp-content\/uploads\/2024\/12\/ODD3.png\" alt=\"\" class=\"wp-image-7321\" style=\"width:auto;height:100px\" srcset=\"https:\/\/www.esme.fr\/recherche\/wp-content\/uploads\/2024\/12\/ODD3.png 225w, https:\/\/www.esme.fr\/recherche\/wp-content\/uploads\/2024\/12\/ODD3-150x150.png 150w\" sizes=\"auto, (max-width: 225px) 100vw, 225px\" \/><\/figure>\n<\/div>\n\n\n\n<div class=\"wp-block-column is-layout-flow wp-block-column-is-layout-flow\" style=\"flex-basis:80%\">\n<ul class=\"wp-block-list\">\n<li>3.4 Maladies non transmissibles<\/li>\n<\/ul>\n<\/div>\n<\/div>\n\n\n\n<div class=\"wp-block-columns is-layout-flex wp-container-core-columns-is-layout-28f84493 wp-block-columns-is-layout-flex\">\n<div class=\"wp-block-column is-layout-flow wp-block-column-is-layout-flow\" style=\"flex-basis:20%\">\n<figure class=\"wp-block-image size-full is-resized\"><img loading=\"lazy\" decoding=\"async\" width=\"225\" height=\"225\" src=\"https:\/\/www.esme.fr\/recherche\/wp-content\/uploads\/2024\/12\/ODD10.png\" alt=\"\" class=\"wp-image-7328\" style=\"width:auto;height:100px\" srcset=\"https:\/\/www.esme.fr\/recherche\/wp-content\/uploads\/2024\/12\/ODD10.png 225w, https:\/\/www.esme.fr\/recherche\/wp-content\/uploads\/2024\/12\/ODD10-150x150.png 150w\" sizes=\"auto, (max-width: 225px) 100vw, 225px\" \/><\/figure>\n<\/div>\n\n\n\n<div class=\"wp-block-column is-layout-flow wp-block-column-is-layout-flow\" style=\"flex-basis:80%\">\n<ul class=\"wp-block-list\">\n<li>10.2 Autonomisation et int\u00e9gration<\/li>\n<\/ul>\n<\/div>\n<\/div>\n\n\n\n<p><strong>Estimation de la profondeur \u00e0 partir d&rsquo;un syst\u00e8me d&rsquo;acquisition cam\u00e9ra et IMU pour la navigation de drone<\/strong><\/p>\n\n\n\n<div class=\"wp-block-columns is-layout-flex wp-container-core-columns-is-layout-28f84493 wp-block-columns-is-layout-flex\">\n<div class=\"wp-block-column is-layout-flow wp-block-column-is-layout-flow\" style=\"flex-basis:20%\">\n<figure class=\"wp-block-image size-full is-resized\"><img loading=\"lazy\" decoding=\"async\" width=\"225\" height=\"225\" src=\"https:\/\/www.esme.fr\/recherche\/wp-content\/uploads\/2024\/12\/ODD9.png\" alt=\"\" class=\"wp-image-7327\" style=\"width:auto;height:100px\" srcset=\"https:\/\/www.esme.fr\/recherche\/wp-content\/uploads\/2024\/12\/ODD9.png 225w, https:\/\/www.esme.fr\/recherche\/wp-content\/uploads\/2024\/12\/ODD9-150x150.png 150w\" sizes=\"auto, (max-width: 225px) 100vw, 225px\" \/><\/figure>\n<\/div>\n\n\n\n<div class=\"wp-block-column is-layout-flow wp-block-column-is-layout-flow\" style=\"flex-basis:80%\">\n<ul class=\"wp-block-list\">\n<li>9.4 Modernisation et durabilit\u00e9 des fili\u00e8res industrielles<\/li>\n<\/ul>\n<\/div>\n<\/div>\n\n\n\n<p><strong>D\u00e9veloppement de syst\u00e8me de d\u00e9cision et planification de trajectoire pour v\u00e9hicules autonomes sous contraintes d&rsquo;incertitudes<\/strong><\/p>\n\n\n\n<div class=\"wp-block-columns is-layout-flex wp-container-core-columns-is-layout-28f84493 wp-block-columns-is-layout-flex\">\n<div class=\"wp-block-column is-layout-flow wp-block-column-is-layout-flow\" style=\"flex-basis:20%\">\n<figure class=\"wp-block-image size-full is-resized\"><img loading=\"lazy\" decoding=\"async\" width=\"225\" height=\"225\" src=\"https:\/\/www.esme.fr\/recherche\/wp-content\/uploads\/2024\/12\/ODD11.png\" alt=\"\" class=\"wp-image-7329\" style=\"width:auto;height:100px\" srcset=\"https:\/\/www.esme.fr\/recherche\/wp-content\/uploads\/2024\/12\/ODD11.png 225w, https:\/\/www.esme.fr\/recherche\/wp-content\/uploads\/2024\/12\/ODD11-150x150.png 150w\" sizes=\"auto, (max-width: 225px) 100vw, 225px\" \/><\/figure>\n<\/div>\n\n\n\n<div class=\"wp-block-column is-layout-flow wp-block-column-is-layout-flow\" style=\"flex-basis:80%\">\n<ul class=\"wp-block-list\">\n<li>11.2 Transports s\u00fbrs, accessibles et viables<\/li>\n<\/ul>\n<\/div>\n<\/div>\n\n\n\n<p><strong>S\u00e9curit\u00e9 des deux roues \u00e9lectriques : mod\u00e9lisation et synth\u00e8se de trajectoires optimales<\/strong><\/p>\n\n\n\n<div class=\"wp-block-columns is-layout-flex wp-container-core-columns-is-layout-28f84493 wp-block-columns-is-layout-flex\">\n<div class=\"wp-block-column is-layout-flow wp-block-column-is-layout-flow\" style=\"flex-basis:20%\">\n<figure class=\"wp-block-image size-full is-resized\"><img loading=\"lazy\" decoding=\"async\" width=\"225\" height=\"225\" src=\"https:\/\/www.esme.fr\/recherche\/wp-content\/uploads\/2024\/12\/ODD11.png\" alt=\"\" class=\"wp-image-7329\" style=\"width:auto;height:100px\" srcset=\"https:\/\/www.esme.fr\/recherche\/wp-content\/uploads\/2024\/12\/ODD11.png 225w, https:\/\/www.esme.fr\/recherche\/wp-content\/uploads\/2024\/12\/ODD11-150x150.png 150w\" sizes=\"auto, (max-width: 225px) 100vw, 225px\" \/><\/figure>\n<\/div>\n\n\n\n<div class=\"wp-block-column is-layout-flow wp-block-column-is-layout-flow\" style=\"flex-basis:80%\">\n<ul class=\"wp-block-list\">\n<li>11.2 Transports s\u00fbrs, accessibles et viables<\/li>\n<\/ul>\n<\/div>\n<\/div>\n\n\n\n<h4 class=\"wp-block-heading\" id=\"h-et-qui-ont-donne-lieu-a-plusieurs-publications\"><strong>Et qui ont donn\u00e9 lieu \u00e0 plusieurs publications :<\/strong><\/h4>\n\n\n\n<ul class=\"wp-block-list\">\n<li>N. Triki, <strong>M. Karray<\/strong>, N. El Kadhi, and M. Ksantini, <em>\u00ab&nbsp;<\/em>Enhancing Traffic Sign Recognition Via Transfer Learning: A Decision-Aid Framework with Real-Time Embedded Validation&nbsp;\u00bb, <em>2024 International Conference on Decision Aid Sciences and Applications (DASA),<\/em> Kingdom of Bahrain, December 2024. DOI: <a href=\"https:\/\/eur01.safelinks.protection.outlook.com\/?url=https%3A%2F%2Fdoi.org%2F10.1109%2FDASA63652.2024.10836466&amp;data=05%7C02%7Caude.herry%40esme.fr%7Cf53b9248550f41b05ed708dd73747f0c%7Cc9d58409fb364f2a9a45f8f1094707b1%7C0%7C0%7C638793666362350904%7CUnknown%7CTWFpbGZsb3d8eyJFbXB0eU1hcGkiOnRydWUsIlYiOiIwLjAuMDAwMCIsIlAiOiJXaW4zMiIsIkFOIjoiTWFpbCIsIldUIjoyfQ%3D%3D%7C0%7C%7C%7C&amp;sdata=7uYMCAqkKl%2FB%2BkTVJ7Gh4zbBw7xpqtz%2FkK9gMbhIdvI%3D&amp;reserved=0\" target=\"_blank\" rel=\"noreferrer noopener\">10.1109\/DASA63652.2024.10836466<\/a><\/li>\n\n\n\n<li>A. Kameni, <strong>D. Palessonga<\/strong>, Z. Semmoumy et M. Bensetti, \u00ab&nbsp;Effective electromagnetic properties of composite material computed from neural network approach&nbsp;<em>\u00bb, International Journal of Numerical Modelling: Electronic Networks, Devices and Fields<\/em>, 2024. DOI: <a href=\"https:\/\/eur01.safelinks.protection.outlook.com\/?url=https%3A%2F%2Fdoi.org%2F10.1002%2Fjnm.3303&amp;data=05%7C02%7Caude.herry%40esme.fr%7Cf53b9248550f41b05ed708dd73747f0c%7Cc9d58409fb364f2a9a45f8f1094707b1%7C0%7C0%7C638793666362385547%7CUnknown%7CTWFpbGZsb3d8eyJFbXB0eU1hcGkiOnRydWUsIlYiOiIwLjAuMDAwMCIsIlAiOiJXaW4zMiIsIkFOIjoiTWFpbCIsIldUIjoyfQ%3D%3D%7C0%7C%7C%7C&amp;sdata=qMrY%2BwZS6aydIJv77a%2BcWafXYqdTAQTPZFVz3m2Krk0%3D&amp;reserved=0\">10.1002\/jnm.3303<\/a><\/li>\n\n\n\n<li>N. Triki, <strong>M. Karray<\/strong> et M. Ksantini, \u00ab&nbsp;A comprehensive survey and analysis of traffic sign recognition systems with hardware implementation&nbsp;\u00bb, <em>IEEE Access<\/em>, 2024. DOI: <a href=\"https:\/\/eur01.safelinks.protection.outlook.com\/?url=http%3A%2F%2Fdx.doi.org%2F10.1109%2FACCESS.2024.3459708&amp;data=05%7C02%7Caude.herry%40esme.fr%7Cf53b9248550f41b05ed708dd73747f0c%7Cc9d58409fb364f2a9a45f8f1094707b1%7C0%7C0%7C638793666362408691%7CUnknown%7CTWFpbGZsb3d8eyJFbXB0eU1hcGkiOnRydWUsIlYiOiIwLjAuMDAwMCIsIlAiOiJXaW4zMiIsIkFOIjoiTWFpbCIsIldUIjoyfQ%3D%3D%7C0%7C%7C%7C&amp;sdata=EqFVZlyjxF07wrcht6njznp%2BmbWYLCVAbONsCiAbjVA%3D&amp;reserved=0\" target=\"_blank\" rel=\"noreferrer noopener\">10.1109\/ACCESS.2024.3459708<\/a><\/li>\n\n\n\n<li>B. Altiner, A. Saoud, <strong>A. Caldas<\/strong>, and M. Makarov,<em> \u00ab&nbsp;<\/em>Scenario Convex Programs for Dexterous Manipulation under Modeling Uncertainties&nbsp;\u00bb, <em>2024 IEEE 20th International Conference on Automation Science and Engineering (IEEE CASE 2024),<\/em> August \u2013 September 2024, Bari, Italy. DOI: <a href=\"https:\/\/eur01.safelinks.protection.outlook.com\/?url=http%3A%2F%2Fdx.doi.org%2F10.48550%2FarXiv.2407.11392&amp;data=05%7C02%7Caude.herry%40esme.fr%7Cf53b9248550f41b05ed708dd73747f0c%7Cc9d58409fb364f2a9a45f8f1094707b1%7C0%7C0%7C638793666362428616%7CUnknown%7CTWFpbGZsb3d8eyJFbXB0eU1hcGkiOnRydWUsIlYiOiIwLjAuMDAwMCIsIlAiOiJXaW4zMiIsIkFOIjoiTWFpbCIsIldUIjoyfQ%3D%3D%7C0%7C%7C%7C&amp;sdata=doWlfHm210YJB4G3A4yyN%2FyYDovrgUeKVHgqloANVW4%3D&amp;reserved=0\" target=\"_blank\" rel=\"noreferrer noopener\">10.48550\/arXiv.2407.11392<\/a><\/li>\n\n\n\n<li>H. M. Hailu, <strong>S. Hima<\/strong>, and A. Chaibets, \u00ab&nbsp;Optimizing Lane Change Precision in Autonomous Vehicles: Smooth Trajectory Execution With MPC-Based State Estimation&nbsp;\u00bb, <em>IEEE Access<\/em>, Volume 12, pp. 105027-105041, 2024. DOI: <a href=\"https:\/\/eur01.safelinks.protection.outlook.com\/?url=https%3A%2F%2Fdoi.org%2F10.1109%2FACCESS.2024.3435668&amp;data=05%7C02%7Caude.herry%40esme.fr%7Cf53b9248550f41b05ed708dd73747f0c%7Cc9d58409fb364f2a9a45f8f1094707b1%7C0%7C0%7C638793666362442922%7CUnknown%7CTWFpbGZsb3d8eyJFbXB0eU1hcGkiOnRydWUsIlYiOiIwLjAuMDAwMCIsIlAiOiJXaW4zMiIsIkFOIjoiTWFpbCIsIldUIjoyfQ%3D%3D%7C0%7C%7C%7C&amp;sdata=4LEXwa5uLANtQtnKnkgMZDSEq3Xij6%2F3GxIZO039atU%3D&amp;reserved=0\" target=\"_blank\" rel=\"noreferrer noopener\">10.1109\/ACCESS.2024.3435668<\/a> (july)<\/li>\n\n\n\n<li><strong>M. Karray<\/strong>, N. Triki et M. Ksantini, \u00ab&nbsp;A New Speed Limit Recognition Methodology based on Ensemble learning: Hardware Validation&nbsp;\u00bb, <em>Computers, Materials &amp; Continua (CMC)<\/em>, 2024. DOI: <a href=\"https:\/\/eur01.safelinks.protection.outlook.com\/?url=https%3A%2F%2Fdoi.org%2F10.32604%2Fcmc.2024.051562&amp;data=05%7C02%7Caude.herry%40esme.fr%7Cf53b9248550f41b05ed708dd73747f0c%7Cc9d58409fb364f2a9a45f8f1094707b1%7C0%7C0%7C638793666362459986%7CUnknown%7CTWFpbGZsb3d8eyJFbXB0eU1hcGkiOnRydWUsIlYiOiIwLjAuMDAwMCIsIlAiOiJXaW4zMiIsIkFOIjoiTWFpbCIsIldUIjoyfQ%3D%3D%7C0%7C%7C%7C&amp;sdata=BUJMGI%2BEe2PHa47iXwRWFqCi%2BeYhU9BacWPCthG0Ia0%3D&amp;reserved=0\" target=\"_blank\" rel=\"noreferrer noopener\">10.32604\/cmc.2024.051562<\/a><\/li>\n\n\n\n<li>A. Kameni, <strong>D. Palessonga<\/strong>, Z. Semmoumy and M. Bensetti, \u00ab&nbsp;Machine Learning to Predict Effective Conductivity of Composite Materials for Shielding Applications&nbsp;\u00bb, <em>IEEE Conference on Electromagnetic Field Computation (IEEE CEFC 2024)<\/em>, Jeju, Korea, June 2024. DOI: <a href=\"https:\/\/eur01.safelinks.protection.outlook.com\/?url=https%3A%2F%2Fdoi.org%2F10.1109%2FCEFC65091.2024.10849180&amp;data=05%7C02%7Caude.herry%40esme.fr%7Cf53b9248550f41b05ed708dd73747f0c%7Cc9d58409fb364f2a9a45f8f1094707b1%7C0%7C0%7C638793666362479737%7CUnknown%7CTWFpbGZsb3d8eyJFbXB0eU1hcGkiOnRydWUsIlYiOiIwLjAuMDAwMCIsIlAiOiJXaW4zMiIsIkFOIjoiTWFpbCIsIldUIjoyfQ%3D%3D%7C0%7C%7C%7C&amp;sdata=v9RIZZ%2FoZhlYct%2BcBHI0O7zHjjkFF5%2FNvaIUZVSi7kM%3D&amp;reserved=0\" target=\"_blank\" rel=\"noreferrer noopener\">10.1109\/CEFC65091.2024.10849180<\/a><\/li>\n\n\n\n<li>A. Alaerjan, R. Jabeur, H. Ben Chikha, <strong>M. Karray<\/strong>, and M. Ksantini, \u00ab&nbsp;Improvement of Smart Grid Stability using Artificial Intelligence and Ensemble Learning&nbsp;\u00bb, <em>Symmetry<\/em>, April 2024. DOI: <a href=\"https:\/\/eur01.safelinks.protection.outlook.com\/?url=https%3A%2F%2Fdoi.org%2F10.3390%2Fsym16040459&amp;data=05%7C02%7Caude.herry%40esme.fr%7Cf53b9248550f41b05ed708dd73747f0c%7Cc9d58409fb364f2a9a45f8f1094707b1%7C0%7C0%7C638793666362499191%7CUnknown%7CTWFpbGZsb3d8eyJFbXB0eU1hcGkiOnRydWUsIlYiOiIwLjAuMDAwMCIsIlAiOiJXaW4zMiIsIkFOIjoiTWFpbCIsIldUIjoyfQ%3D%3D%7C0%7C%7C%7C&amp;sdata=JO%2Bpa2sfCOW2ydgdc8Ir7pMyoCGzvBTCdaOAcwFZVyw%3D&amp;reserved=0\">10.3390\/sym16040459<\/a><\/li>\n\n\n\n<li>N. Triki, <strong>M. Karray<\/strong>, and M. Ksantini, \u00ab&nbsp;New Speed Limit Recognition System: Software and Hardware Validation&nbsp;\u00bb, <em>16th International Conference on Agents and Artificial Intelligence (ICAART), <\/em>Roma, Italy, February 2024. DOI: <a href=\"https:\/\/eur01.safelinks.protection.outlook.com\/?url=http%3A%2F%2Fdx.doi.org%2F10.5220%2F0012351000003636&amp;data=05%7C02%7Caude.herry%40esme.fr%7Cf53b9248550f41b05ed708dd73747f0c%7Cc9d58409fb364f2a9a45f8f1094707b1%7C0%7C0%7C638793666362518629%7CUnknown%7CTWFpbGZsb3d8eyJFbXB0eU1hcGkiOnRydWUsIlYiOiIwLjAuMDAwMCIsIlAiOiJXaW4zMiIsIkFOIjoiTWFpbCIsIldUIjoyfQ%3D%3D%7C0%7C%7C%7C&amp;sdata=RjDg6CAovJXiF7cnc8pyKNzITHvwfWsb66cl%2FFtjL7Q%3D&amp;reserved=0\" target=\"_blank\" rel=\"noreferrer noopener\">10.5220\/0012351000003636<\/a><\/li>\n\n\n\n<li>A. Turki, S. Ammar, <strong>M. Karray<\/strong>, and M. Ksantini, \u00ab&nbsp;Facial Expression-Based Drowsiness Detection System for Driver Safety Using Deep Learning Techniques&nbsp;<em>\u00bb, 16th International Conference on Agents and Artificial Intelligence (ICAART)<\/em>, Roma, Italy, February 2024. DOI: <a href=\"https:\/\/eur01.safelinks.protection.outlook.com\/?url=http%3A%2F%2Fdx.doi.org%2F10.5220%2F0012386000003636&amp;data=05%7C02%7Caude.herry%40esme.fr%7Cf53b9248550f41b05ed708dd73747f0c%7Cc9d58409fb364f2a9a45f8f1094707b1%7C0%7C0%7C638793666362538469%7CUnknown%7CTWFpbGZsb3d8eyJFbXB0eU1hcGkiOnRydWUsIlYiOiIwLjAuMDAwMCIsIlAiOiJXaW4zMiIsIkFOIjoiTWFpbCIsIldUIjoyfQ%3D%3D%7C0%7C%7C%7C&amp;sdata=1s2gEHFDtsOSKjhMjuCrk2mDRP%2B5guqS4V78JkNhoPo%3D&amp;reserved=0\" target=\"_blank\" rel=\"noreferrer noopener\">10.5220\/0012386000003636<\/a><\/li>\n\n\n\n<li>A. D\u00e9gardin, D. Alamarguy, A. Br\u00e9zard Oudot, <strong>S. Beldi<\/strong>, C. Chaumont, F. Boussaha, A. Cheneau, and A. Kreisler,&nbsp;\u00ab&nbsp;Fast and Uncooled Semiconducting Ca-Doped Y-Ba-Cu-O Thin Film-Based Thermal Sensors for Infrared&nbsp;\u00bb, <em>Sensors 2023<\/em>, Issue 23, Number 18, pp. 7934, September 2023. DOI: <a href=\"https:\/\/eur01.safelinks.protection.outlook.com\/?url=https%3A%2F%2Fdoi.org%2F10.3390%2Fs23187934&amp;data=05%7C02%7Caude.herry%40esme.fr%7Cf53b9248550f41b05ed708dd73747f0c%7Cc9d58409fb364f2a9a45f8f1094707b1%7C0%7C0%7C638793666362558431%7CUnknown%7CTWFpbGZsb3d8eyJFbXB0eU1hcGkiOnRydWUsIlYiOiIwLjAuMDAwMCIsIlAiOiJXaW4zMiIsIkFOIjoiTWFpbCIsIldUIjoyfQ%3D%3D%7C0%7C%7C%7C&amp;sdata=T74FvaHHmxTEGCrHNE81PkChSmh2bQdnhN4oEoF8Q5M%3D&amp;reserved=0\">10.3390\/s23187934<\/a><\/li>\n\n\n\n<li>A. Kameni, <strong>D. Palessonga<\/strong>, Z. Semmoumy, M. Bensetti, \u00ab&nbsp;Effective electromagnetic properties of composite material computed from neural network approach&nbsp;\u00bb, <em>International Symposium on Electric &amp; Magnetic Field (EMF)<\/em>, Marseille, France, August 2023.<\/li>\n\n\n\n<li>N. Triki, <strong>M. Karray<\/strong>, and M. Ksantini, \u00ab&nbsp;A Real-Time Traffic Sign Recognition Method Using a New Attention-Based Deep Convolutional Neural Network for Smart Vehicles&nbsp;\u00bb, <em>Applied Sciences<\/em>, Volume 13, Issue 8, 2023. DOI: <a href=\"https:\/\/eur01.safelinks.protection.outlook.com\/?url=http%3A%2F%2Fdx.doi.org%2F10.3390%2Fapp13084793&amp;data=05%7C02%7Caude.herry%40esme.fr%7Cf53b9248550f41b05ed708dd73747f0c%7Cc9d58409fb364f2a9a45f8f1094707b1%7C0%7C0%7C638793666362576249%7CUnknown%7CTWFpbGZsb3d8eyJFbXB0eU1hcGkiOnRydWUsIlYiOiIwLjAuMDAwMCIsIlAiOiJXaW4zMiIsIkFOIjoiTWFpbCIsIldUIjoyfQ%3D%3D%7C0%7C%7C%7C&amp;sdata=9Vo96qqVSDJbVCBAcO6zcQtp4HKgsEEbXwuKa1wI9T4%3D&amp;reserved=0\" target=\"_blank\" rel=\"noreferrer noopener\">10.3390\/app13084793<\/a><\/li>\n<\/ul>\n\n\n\n<h3 class=\"wp-block-heading\" id=\"h-pole-disciplinaire-electrotechnique\"><strong>P\u00f4le disciplinaire \u00ab Electrotechnique \u00bb<\/strong><\/h3>\n\n\n\n<p>R\u00e9f\u00e9rent scientifique&nbsp;: <strong>Nabil Benyahia<\/strong><\/p>\n\n\n\n<p>Au sein de ce p\u00f4le disciplinaire, nous nous int\u00e9ressons particuli\u00e8rement \u00e0 l\u2019ODD n\u00b07 au travers des projets :<\/p>\n\n\n\n<p><strong>ANR&nbsp;: D\u00e9veloppement et Int\u00e9gration des Convertisseurs statiques DC\/DC pour l\u2019Interconnexion et le Transport de l\u2019Energie Electrique sur les r\u00e9seaux en haute tension \u00e0 courant continu dans le but d&rsquo;int\u00e9grer les ENRs (L2EP LILLE)<\/strong><\/p>\n\n\n\n<div class=\"wp-block-columns is-layout-flex wp-container-core-columns-is-layout-28f84493 wp-block-columns-is-layout-flex\">\n<div class=\"wp-block-column is-layout-flow wp-block-column-is-layout-flow\" style=\"flex-basis:20%\">\n<figure class=\"wp-block-image size-full is-resized\"><img loading=\"lazy\" decoding=\"async\" width=\"225\" height=\"225\" src=\"https:\/\/www.esme.fr\/recherche\/wp-content\/uploads\/2024\/12\/ODD7.png\" alt=\"\" class=\"wp-image-7325\" style=\"width:auto;height:100px\" srcset=\"https:\/\/www.esme.fr\/recherche\/wp-content\/uploads\/2024\/12\/ODD7.png 225w, https:\/\/www.esme.fr\/recherche\/wp-content\/uploads\/2024\/12\/ODD7-150x150.png 150w\" sizes=\"auto, (max-width: 225px) 100vw, 225px\" \/><\/figure>\n<\/div>\n\n\n\n<div class=\"wp-block-column is-layout-flow wp-block-column-is-layout-flow\" style=\"flex-basis:80%\">\n<ul class=\"wp-block-list\">\n<li>7.b Approvisionnement en \u00e9nergie<\/li>\n<\/ul>\n\n\n\n<ul class=\"wp-block-list\">\n<li>7.2 \u00c9nergies renouvelables<\/li>\n<\/ul>\n<\/div>\n<\/div>\n\n\n\n<div class=\"wp-block-columns is-layout-flex wp-container-core-columns-is-layout-28f84493 wp-block-columns-is-layout-flex\">\n<div class=\"wp-block-column is-layout-flow wp-block-column-is-layout-flow\" style=\"flex-basis:80%\">\n<ul class=\"wp-block-list\">\n<li><\/li>\n<\/ul>\n<\/div>\n<\/div>\n\n\n\n<p><strong>ANR : micro-r\u00e9seau \u00e0 ENR : Power Systems as Cyber-Physical Systems for enhancing the Energy Transition (GEEPS)<\/strong><\/p>\n\n\n\n<div class=\"wp-block-columns is-layout-flex wp-container-core-columns-is-layout-28f84493 wp-block-columns-is-layout-flex\">\n<div class=\"wp-block-column is-layout-flow wp-block-column-is-layout-flow\" style=\"flex-basis:20%\">\n<figure class=\"wp-block-image size-full is-resized\"><img loading=\"lazy\" decoding=\"async\" width=\"225\" height=\"225\" src=\"https:\/\/www.esme.fr\/recherche\/wp-content\/uploads\/2024\/12\/ODD7.png\" alt=\"\" class=\"wp-image-7325\" style=\"width:auto;height:100px\" srcset=\"https:\/\/www.esme.fr\/recherche\/wp-content\/uploads\/2024\/12\/ODD7.png 225w, https:\/\/www.esme.fr\/recherche\/wp-content\/uploads\/2024\/12\/ODD7-150x150.png 150w\" sizes=\"auto, (max-width: 225px) 100vw, 225px\" \/><\/figure>\n<\/div>\n\n\n\n<div class=\"wp-block-column is-layout-flow wp-block-column-is-layout-flow\" style=\"flex-basis:80%\">\n<ul class=\"wp-block-list\">\n<li>7.2 \u00c9nergies renouvelables<\/li>\n<\/ul>\n\n\n\n<ul class=\"wp-block-list\">\n<li>7.3 Efficacit\u00e9 \u00e9nerg\u00e9tique<\/li>\n<\/ul>\n<\/div>\n<\/div>\n\n\n\n<p><strong>Projet Industriel : Caract\u00e9risation des batteries Li-Ion pour le transport a\u00e9rien<\/strong><\/p>\n\n\n\n<div class=\"wp-block-columns is-layout-flex wp-container-core-columns-is-layout-28f84493 wp-block-columns-is-layout-flex\">\n<div class=\"wp-block-column is-layout-flow wp-block-column-is-layout-flow\" style=\"flex-basis:20%\">\n<figure class=\"wp-block-image size-full is-resized\"><img loading=\"lazy\" decoding=\"async\" width=\"225\" height=\"225\" src=\"https:\/\/www.esme.fr\/recherche\/wp-content\/uploads\/2024\/12\/ODD7.png\" alt=\"\" class=\"wp-image-7325\" style=\"width:auto;height:100px\" srcset=\"https:\/\/www.esme.fr\/recherche\/wp-content\/uploads\/2024\/12\/ODD7.png 225w, https:\/\/www.esme.fr\/recherche\/wp-content\/uploads\/2024\/12\/ODD7-150x150.png 150w\" sizes=\"auto, (max-width: 225px) 100vw, 225px\" \/><\/figure>\n<\/div>\n\n\n\n<div class=\"wp-block-column is-layout-flow wp-block-column-is-layout-flow\" style=\"flex-basis:80%\">\n<ul class=\"wp-block-list\">\n<li>7.1 Acc\u00e8s \u00e0 l\u2019\u00e9nergie<\/li>\n<\/ul>\n<\/div>\n<\/div>\n\n\n\n<p><strong>Caract\u00e9risation des Interrupteurs de puissance<\/strong><\/p>\n\n\n\n<div class=\"wp-block-columns is-layout-flex wp-container-core-columns-is-layout-28f84493 wp-block-columns-is-layout-flex\">\n<div class=\"wp-block-column is-layout-flow wp-block-column-is-layout-flow\" style=\"flex-basis:20%\">\n<figure class=\"wp-block-image size-full is-resized\"><img loading=\"lazy\" decoding=\"async\" width=\"225\" height=\"225\" src=\"https:\/\/www.esme.fr\/recherche\/wp-content\/uploads\/2024\/12\/ODD7.png\" alt=\"\" class=\"wp-image-7325\" style=\"width:auto;height:100px\" srcset=\"https:\/\/www.esme.fr\/recherche\/wp-content\/uploads\/2024\/12\/ODD7.png 225w, https:\/\/www.esme.fr\/recherche\/wp-content\/uploads\/2024\/12\/ODD7-150x150.png 150w\" sizes=\"auto, (max-width: 225px) 100vw, 225px\" \/><\/figure>\n<\/div>\n\n\n\n<div class=\"wp-block-column is-layout-flow wp-block-column-is-layout-flow\" style=\"flex-basis:80%\">\n<ul class=\"wp-block-list\">\n<li>7.1 Acc\u00e8s \u00e0 l\u2019\u00e9nergie<\/li>\n<\/ul>\n<\/div>\n<\/div>\n\n\n\n<h4 class=\"wp-block-heading\" id=\"h-et-qui-ont-donne-lieu-a-plusieurs-publications-0\"><strong>Et qui ont donn\u00e9 lieu \u00e0 plusieurs publications :<\/strong><\/h4>\n\n\n\n<ul class=\"wp-block-list\">\n<li><strong>G. Belkacem<\/strong><em>, <\/em>F. Loete, T. Phulpin, \u00ab\u00a0Broadband Eddy Current Measurement of the Sheet Resistance of GaN Semiconductors,\u00a0\u00bb <em>Sensors<\/em>, vol. 24, no. 5, p. 1629, Mar. 2024. DOI: <a href=\"https:\/\/eur01.safelinks.protection.outlook.com\/?url=https%3A%2F%2Fdoi.org%2F10.3390%2Fs24051629&amp;data=05%7C02%7Caude.herry%40esme.fr%7Cfd71f07e922b4a1ebf8108dd6ec50251%7Cc9d58409fb364f2a9a45f8f1094707b1%7C0%7C0%7C638788514602630458%7CUnknown%7CTWFpbGZsb3d8eyJFbXB0eU1hcGkiOnRydWUsIlYiOiIwLjAuMDAwMCIsIlAiOiJXaW4zMiIsIkFOIjoiTWFpbCIsIldUIjoyfQ%3D%3D%7C0%7C%7C%7C&amp;sdata=u5kTMi8S%2FFRNu4FXVhTIjhCcEQlnJjs1pACHNwTx%2F58%3D&amp;reserved=0\">10.3390\/s24051629<\/a><\/li>\n\n\n\n<li>E. Amirouche, <strong>N. Benyahia<\/strong>, S. Aissou, A. Belkaid, I. Colak, A. Berboucha, \u00ab\u00a0Energy Management Strategy for Nano-Grid in Isolated Areas,\u00a0\u00bb <em>2024 12th International Conference on Smart Grid (icSmartGrid)<\/em>, Setubal, Portugal, 2024, pp. 265-269, DOI: <a href=\"https:\/\/eur01.safelinks.protection.outlook.com\/?url=https%3A%2F%2Fieeexplore.ieee.org%2Fdocument%2F10578239&amp;data=05%7C02%7Caude.herry%40esme.fr%7Cfd71f07e922b4a1ebf8108dd6ec50251%7Cc9d58409fb364f2a9a45f8f1094707b1%7C0%7C0%7C638788514602654273%7CUnknown%7CTWFpbGZsb3d8eyJFbXB0eU1hcGkiOnRydWUsIlYiOiIwLjAuMDAwMCIsIlAiOiJXaW4zMiIsIkFOIjoiTWFpbCIsIldUIjoyfQ%3D%3D%7C0%7C%7C%7C&amp;sdata=Yc81V9gCTjlVs97PDJuP4xUIjf9OCKNIZ7ocYcoTZVI%3D&amp;reserved=0\">10.1109\/icSmartGrid61824.2024.10578239<\/a>.<\/li>\n\n\n\n<li>A. Bousbaine, A. Fareha, A. K. Josaph, A. Fekik, A. T. Azar, R. Moualek, <strong>N. Benyahia<\/strong>, N. Benamrouche, N. A. Kamal, A. K. Al Mhdawi, A. J. Humaidi, I. K. Ibraheem, \u00ab\u00a0Design and implementation of a robust 6 DOF quadrotor controller based on Kalman filter for position control,\u00a0\u00bb In: Azar, A.T., Kasim Ibraheem, I., Jaleel Humaidi, A. (eds) Mobile Robot: Motion Control and Path Planning. Studies in Computational Intelligence, vol 1090. Springer, Cham. DOI:<a href=\"https:\/\/eur01.safelinks.protection.outlook.com\/?url=https%3A%2F%2Flink.springer.com%2Fchapter%2F10.1007%2F978-3-031-26564-8_11%23chapter-info&amp;data=05%7C02%7Caude.herry%40esme.fr%7Cfd71f07e922b4a1ebf8108dd6ec50251%7Cc9d58409fb364f2a9a45f8f1094707b1%7C0%7C0%7C638788514602815870%7CUnknown%7CTWFpbGZsb3d8eyJFbXB0eU1hcGkiOnRydWUsIlYiOiIwLjAuMDAwMCIsIlAiOiJXaW4zMiIsIkFOIjoiTWFpbCIsIldUIjoyfQ%3D%3D%7C0%7C%7C%7C&amp;sdata=KlCOI5uO4KLOh6NqV1iXnAKk5P2xPx%2BNClWBGA0P%2FEg%3D&amp;reserved=0\">10.1007\/978-3-031-26564-8_11<\/a><\/li>\n\n\n\n<li>N. Benamrouche, <strong>N. Benyahia<\/strong>, A. Bousbaine, \u00ab\u00a0Hybrid multi power sources PEMFC\/battery\/supercapacitor real-time energy conversion system,\u00a0\u00bb <em>IJPEDS<\/em>, Sep. 2023. DOI: <a href=\"https:\/\/eur01.safelinks.protection.outlook.com\/?url=http%3A%2F%2Fdoi.org%2F10.11591%2Fijpeds.v14.i3.pp1844-1854&amp;data=05%7C02%7Caude.herry%40esme.fr%7Cfd71f07e922b4a1ebf8108dd6ec50251%7Cc9d58409fb364f2a9a45f8f1094707b1%7C0%7C0%7C638788514602827692%7CUnknown%7CTWFpbGZsb3d8eyJFbXB0eU1hcGkiOnRydWUsIlYiOiIwLjAuMDAwMCIsIlAiOiJXaW4zMiIsIkFOIjoiTWFpbCIsIldUIjoyfQ%3D%3D%7C0%7C%7C%7C&amp;sdata=ZfXLc0DQU9x3L22C1R%2BfAp6A8k%2BqQu88o54hlBv6akk%3D&amp;reserved=0\">10.11591\/ijpeds.v14.i3.pp1844-1854<\/a><\/li>\n\n\n\n<li>J. Boukhenfouf et al., \u00ab\u00a0Introducing dissymmetrical inductances in the Modular Multilevel DC converter (M2DC),\u00a0\u00bb In: Belenguer, E., Beltran, H. (eds) ELECTRIMACS 2024. ELECTRIMACS 2024. Lecture Notes in Electrical Engineering, vol 1275. Springer, Cham. DOI: <a href=\"https:\/\/eur01.safelinks.protection.outlook.com\/?url=https%3A%2F%2Flink.springer.com%2Fchapter%2F10.1007%2F978-3-031-73921-7_36%23citeas&amp;data=05%7C02%7Caude.herry%40esme.fr%7Cfd71f07e922b4a1ebf8108dd6ec50251%7Cc9d58409fb364f2a9a45f8f1094707b1%7C0%7C0%7C638788514602839377%7CUnknown%7CTWFpbGZsb3d8eyJFbXB0eU1hcGkiOnRydWUsIlYiOiIwLjAuMDAwMCIsIlAiOiJXaW4zMiIsIkFOIjoiTWFpbCIsIldUIjoyfQ%3D%3D%7C0%7C%7C%7C&amp;sdata=7VHrZsCsp4x5Me8q%2BlM15XsTQcl7wR6JkL4TzP43hqM%3D&amp;reserved=0\">10.1007\/978-3-031-73921-7_36<\/a><\/li>\n\n\n\n<li>J. Boukhenfouf, G.&nbsp;Shafique, <strong>S.&nbsp;Samimi<\/strong>, M.&nbsp;Merlin, P.&nbsp;Le Moigne, P.&nbsp;Delarue, F.&nbsp;Colas, F.&nbsp;Gruson, X.&nbsp;Guillaud&nbsp;, \u00ab\u00a0Small signal analysis of DC voltage control based on a virtual resistance of DC\/DC converter integrated in a multiterminal DC grid,\u00a0\u00bb <em>ET Gener. Transm. Distrib. 18, 3837\u20133850 (2024)<\/em>. DOI: <a href=\"https:\/\/eur01.safelinks.protection.outlook.com\/?url=https%3A%2F%2Fdoi.org%2F10.1049%2Fgtd2.13262&amp;data=05%7C02%7Caude.herry%40esme.fr%7Cfd71f07e922b4a1ebf8108dd6ec50251%7Cc9d58409fb364f2a9a45f8f1094707b1%7C0%7C0%7C638788514603171114%7CUnknown%7CTWFpbGZsb3d8eyJFbXB0eU1hcGkiOnRydWUsIlYiOiIwLjAuMDAwMCIsIlAiOiJXaW4zMiIsIkFOIjoiTWFpbCIsIldUIjoyfQ%3D%3D%7C0%7C%7C%7C&amp;sdata=Ru1MJ6hinfwRTrwffDTY7uloBvawia3Yy23MClJb5No%3D&amp;reserved=0\">10.1049\/gtd2.13262<\/a> <\/li>\n\n\n\n<li>G. Shafique, J.&nbsp;Boukhenfouf, F. Gruson, <strong>S.&nbsp;Samimi<\/strong>, P. Delarue, P.&nbsp;Le Moigne, \u00ab\u00a0Reduce Order Modeling of the multilevel modular DC\/DC converter (M2DC) for HVDC grid,\u00a0\u00bb <em>2023 25th European Conference on Power Electronics and Applications (EPE&rsquo;23 ECCE Europe)<\/em>, Aalborg, Denmark, 2023, pp. 1-8, doi: <a href=\"https:\/\/eur01.safelinks.protection.outlook.com\/?url=https%3A%2F%2Fieeexplore.ieee.org%2Fdocument%2F10264552&amp;data=05%7C02%7Caude.herry%40esme.fr%7Cfd71f07e922b4a1ebf8108dd6ec50251%7Cc9d58409fb364f2a9a45f8f1094707b1%7C0%7C0%7C638788514603323712%7CUnknown%7CTWFpbGZsb3d8eyJFbXB0eU1hcGkiOnRydWUsIlYiOiIwLjAuMDAwMCIsIlAiOiJXaW4zMiIsIkFOIjoiTWFpbCIsIldUIjoyfQ%3D%3D%7C0%7C%7C%7C&amp;sdata=sBfRvqKfk%2F0cUDAc0WBf5bFxxjeCe84V20PPeQFabSs%3D&amp;reserved=0\">10.23919\/EPE23ECCEEurope58414.2023.10264552<\/a><\/li>\n<\/ul>\n\n\n\n<h3 class=\"wp-block-heading\"><strong>P\u00f4le disciplinaire \u00ab Informatique et R\u00e9seaux \u00bb<\/strong><\/h3>\n\n\n\n<p>R\u00e9f\u00e9rent scientifique&nbsp;: <strong>Abdulhalim Dandoush<\/strong><\/p>\n\n\n\n<p>Au sein de ce p\u00f4le disciplinaire, nous nous int\u00e9ressons particuli\u00e8rement aux ODDs n\u00b04 et n\u00b012 au travers d\u2019un projet :<\/p>\n\n\n\n<p><strong>Transition digitale de l&rsquo;\u00e9ducation musicale sup\u00e9rieure et professionnelle : METAMORPHOSES<\/strong><\/p>\n\n\n\n<div class=\"wp-block-columns is-layout-flex wp-container-core-columns-is-layout-28f84493 wp-block-columns-is-layout-flex\">\n<div class=\"wp-block-column is-layout-flow wp-block-column-is-layout-flow\" style=\"flex-basis:20%\">\n<figure class=\"wp-block-image size-full is-resized\"><img loading=\"lazy\" decoding=\"async\" width=\"225\" height=\"225\" src=\"https:\/\/www.esme.fr\/recherche\/wp-content\/uploads\/2024\/12\/ODD4.png\" alt=\"\" class=\"wp-image-7322\" style=\"width:auto;height:100px\" srcset=\"https:\/\/www.esme.fr\/recherche\/wp-content\/uploads\/2024\/12\/ODD4.png 225w, https:\/\/www.esme.fr\/recherche\/wp-content\/uploads\/2024\/12\/ODD4-150x150.png 150w\" sizes=\"auto, (max-width: 225px) 100vw, 225px\" \/><\/figure>\n<\/div>\n\n\n\n<div class=\"wp-block-column is-layout-flow wp-block-column-is-layout-flow\" style=\"flex-basis:80%\">\n<ul class=\"wp-block-list\">\n<li>4.3 Formation professionnelle et enseignement sup\u00e9rieur<\/li>\n<\/ul>\n\n\n\n<ul class=\"wp-block-list\">\n<li>4.c Formation des enseignants<\/li>\n<\/ul>\n<\/div>\n<\/div>\n\n\n\n<div class=\"wp-block-columns is-layout-flex wp-container-core-columns-is-layout-28f84493 wp-block-columns-is-layout-flex\">\n<div class=\"wp-block-column is-layout-flow wp-block-column-is-layout-flow\" style=\"flex-basis:20%\">\n<figure class=\"wp-block-image size-full is-resized\"><img loading=\"lazy\" decoding=\"async\" width=\"225\" height=\"225\" src=\"https:\/\/www.esme.fr\/recherche\/wp-content\/uploads\/2024\/12\/ODD12.png\" alt=\"\" class=\"wp-image-7330\" style=\"width:auto;height:100px\" srcset=\"https:\/\/www.esme.fr\/recherche\/wp-content\/uploads\/2024\/12\/ODD12.png 225w, https:\/\/www.esme.fr\/recherche\/wp-content\/uploads\/2024\/12\/ODD12-150x150.png 150w\" sizes=\"auto, (max-width: 225px) 100vw, 225px\" \/><\/figure>\n<\/div>\n\n\n\n<div class=\"wp-block-column is-layout-flow wp-block-column-is-layout-flow\" style=\"flex-basis:80%\">\n<ul class=\"wp-block-list\">\n<li>12.a Moyens scientifiques et technologiques<\/li>\n<\/ul>\n\n\n\n<ul class=\"wp-block-list\">\n<li>12.c Politique de subvention de l&rsquo;\u00e9nergie<\/li>\n<\/ul>\n<\/div>\n<\/div>\n\n\n\n<h4 class=\"wp-block-heading\" id=\"h-et-qui-ont-donne-lieu-a-la-publication-suivante\"><strong>Et qui ont donn\u00e9 lieu \u00e0 la publication suivante :<\/strong><\/h4>\n\n\n\n<ul class=\"wp-block-list\">\n<li><strong>A. Bareggi<\/strong>, F. Bardazzi, <strong>L. Amour<\/strong>, and M. Ostrowicki, New Perspectives in Virtual Environments for Opera Music, <em>Immersive and 3D Audio: from Architecture to Automotive Conference (I3DA 2023)<\/em>, Bologna, Italy, pp. 1-6, September 2023, doi: 10.1109\/I3DA57090.2023.10289242.<\/li>\n<\/ul>\n\n\n\n<h3 class=\"wp-block-heading\" id=\"h-pole-disciplinaire-nbsp-mathematiques-traitement-du-signal-de-l-image-et-du-son-nbsp\"><strong>P\u00f4le disciplinaire \u00ab&nbsp;Math\u00e9matiques, Traitement du signal, de l\u2019image et du son&nbsp;\u00bb<\/strong><\/h3>\n\n\n\n<p>R\u00e9f\u00e9rente scientifique&nbsp;: <strong>Yasmina Leroul-Chenoune<\/strong><\/p>\n\n\n\n<p>Au sein de ce p\u00f4le disciplinaire, nous nous int\u00e9ressons particuli\u00e8rement aux ODDs n\u00b03, n\u00b010, n\u00b011 et n\u00b012 au travers de projets :<\/p>\n\n\n\n<p><strong>CAPHE&nbsp;: Transition digitale dans le secteur de la performance musicale<\/strong><\/p>\n\n\n\n<div class=\"wp-block-columns is-layout-flex wp-container-core-columns-is-layout-28f84493 wp-block-columns-is-layout-flex\">\n<div class=\"wp-block-column is-layout-flow wp-block-column-is-layout-flow\" style=\"flex-basis:20%\">\n<figure class=\"wp-block-image size-full is-resized\"><img loading=\"lazy\" decoding=\"async\" width=\"225\" height=\"225\" src=\"https:\/\/www.esme.fr\/recherche\/wp-content\/uploads\/2024\/12\/ODD12.png\" alt=\"\" class=\"wp-image-7330\" style=\"width:auto;height:100px\" srcset=\"https:\/\/www.esme.fr\/recherche\/wp-content\/uploads\/2024\/12\/ODD12.png 225w, https:\/\/www.esme.fr\/recherche\/wp-content\/uploads\/2024\/12\/ODD12-150x150.png 150w\" sizes=\"auto, (max-width: 225px) 100vw, 225px\" \/><\/figure>\n<\/div>\n\n\n\n<div class=\"wp-block-column is-layout-flow wp-block-column-is-layout-flow\" style=\"flex-basis:80%\">\n<ul class=\"wp-block-list\">\n<li>12.a Moyens scientifiques et technologiques<\/li>\n<\/ul>\n<\/div>\n<\/div>\n\n\n\n<p><strong>AORTE&nbsp;: Analyse d\u2019images m\u00e9dicales angiographiques par des approches fond\u00e9es sur l\u2019apprentissage profond pour la caract\u00e9risation de l\u2019arche aortique et des vaisseaux supra-aortiques<\/strong><\/p>\n\n\n\n<div class=\"wp-block-columns is-layout-flex wp-container-core-columns-is-layout-28f84493 wp-block-columns-is-layout-flex\">\n<div class=\"wp-block-column is-layout-flow wp-block-column-is-layout-flow\" style=\"flex-basis:20%\">\n<figure class=\"wp-block-image size-full is-resized\"><img loading=\"lazy\" decoding=\"async\" width=\"225\" height=\"225\" src=\"https:\/\/www.esme.fr\/recherche\/wp-content\/uploads\/2024\/12\/ODD3.png\" alt=\"\" class=\"wp-image-7321\" style=\"width:auto;height:100px\" srcset=\"https:\/\/www.esme.fr\/recherche\/wp-content\/uploads\/2024\/12\/ODD3.png 225w, https:\/\/www.esme.fr\/recherche\/wp-content\/uploads\/2024\/12\/ODD3-150x150.png 150w\" sizes=\"auto, (max-width: 225px) 100vw, 225px\" \/><\/figure>\n<\/div>\n\n\n\n<div class=\"wp-block-column is-layout-flow wp-block-column-is-layout-flow\" style=\"flex-basis:80%\">\n<ul class=\"wp-block-list\">\n<li>3.3 Maladies transmissibles<\/li>\n<\/ul>\n\n\n\n<ul class=\"wp-block-list\">\n<li>3.4 Maladies non transmissibles<\/li>\n<\/ul>\n<\/div>\n<\/div>\n\n\n\n<div class=\"wp-block-columns is-layout-flex wp-container-core-columns-is-layout-28f84493 wp-block-columns-is-layout-flex\">\n<div class=\"wp-block-column is-layout-flow wp-block-column-is-layout-flow\" style=\"flex-basis:20%\">\n<figure class=\"wp-block-image size-full is-resized\"><img loading=\"lazy\" decoding=\"async\" width=\"225\" height=\"225\" src=\"https:\/\/www.esme.fr\/recherche\/wp-content\/uploads\/2024\/12\/ODD9.png\" alt=\"\" class=\"wp-image-7327\" style=\"width:auto;height:100px\" srcset=\"https:\/\/www.esme.fr\/recherche\/wp-content\/uploads\/2024\/12\/ODD9.png 225w, https:\/\/www.esme.fr\/recherche\/wp-content\/uploads\/2024\/12\/ODD9-150x150.png 150w\" sizes=\"auto, (max-width: 225px) 100vw, 225px\" \/><\/figure>\n<\/div>\n\n\n\n<div class=\"wp-block-column is-layout-flow wp-block-column-is-layout-flow\" style=\"flex-basis:80%\">\n<ul class=\"wp-block-list\">\n<li>9.5 Innovation, recherche et d\u00e9veloppement<\/li>\n<\/ul>\n<\/div>\n<\/div>\n\n\n\n<p><strong>RETINE&nbsp;: Analyse d\u2019images angiographiques r\u00e9tiniennes pour la classification automatique de stades de la maladie chez des patients atteints de d\u00e9g\u00e9n\u00e9rescence maculaire li\u00e9e \u00e0 l\u2019\u00e2ge<\/strong><\/p>\n\n\n\n<div class=\"wp-block-columns is-layout-flex wp-container-core-columns-is-layout-28f84493 wp-block-columns-is-layout-flex\">\n<div class=\"wp-block-column is-layout-flow wp-block-column-is-layout-flow\" style=\"flex-basis:20%\">\n<figure class=\"wp-block-image size-full is-resized\"><img loading=\"lazy\" decoding=\"async\" width=\"225\" height=\"225\" src=\"https:\/\/www.esme.fr\/recherche\/wp-content\/uploads\/2024\/12\/ODD3.png\" alt=\"\" class=\"wp-image-7321\" style=\"width:auto;height:100px\" srcset=\"https:\/\/www.esme.fr\/recherche\/wp-content\/uploads\/2024\/12\/ODD3.png 225w, https:\/\/www.esme.fr\/recherche\/wp-content\/uploads\/2024\/12\/ODD3-150x150.png 150w\" sizes=\"auto, (max-width: 225px) 100vw, 225px\" \/><\/figure>\n<\/div>\n\n\n\n<div class=\"wp-block-column is-layout-flow wp-block-column-is-layout-flow\" style=\"flex-basis:80%\">\n<ul class=\"wp-block-list\">\n<li>3.3 Maladies transmissibles<\/li>\n<\/ul>\n\n\n\n<ul class=\"wp-block-list\">\n<li>3.4 Maladies non transmissibles<\/li>\n<\/ul>\n<\/div>\n<\/div>\n\n\n\n<p><strong>Mod\u00e8les matriciels optimis\u00e9s&nbsp;: D\u00e9veloppement de m\u00e9thodes d&rsquo;estimation dans des mod\u00e8les matriciels pour traiter des probl\u00e9matiques de d\u00e9bruitage et de compl\u00e9tion de s\u00e9ries temporelles<\/strong><\/p>\n\n\n\n<div class=\"wp-block-columns is-layout-flex wp-container-core-columns-is-layout-28f84493 wp-block-columns-is-layout-flex\">\n<div class=\"wp-block-column is-layout-flow wp-block-column-is-layout-flow\" style=\"flex-basis:20%\">\n<figure class=\"wp-block-image size-full is-resized\"><img loading=\"lazy\" decoding=\"async\" width=\"225\" height=\"225\" src=\"https:\/\/www.esme.fr\/recherche\/wp-content\/uploads\/2024\/12\/ODD3.png\" alt=\"\" class=\"wp-image-7321\" style=\"width:auto;height:100px\" srcset=\"https:\/\/www.esme.fr\/recherche\/wp-content\/uploads\/2024\/12\/ODD3.png 225w, https:\/\/www.esme.fr\/recherche\/wp-content\/uploads\/2024\/12\/ODD3-150x150.png 150w\" sizes=\"auto, (max-width: 225px) 100vw, 225px\" \/><\/figure>\n<\/div>\n\n\n\n<div class=\"wp-block-column is-layout-flow wp-block-column-is-layout-flow\" style=\"flex-basis:80%\">\n<ul class=\"wp-block-list\">\n<li>3.9 Sant\u00e9-environnement<\/li>\n<\/ul>\n<\/div>\n<\/div>\n\n\n\n<div class=\"wp-block-columns is-layout-flex wp-container-core-columns-is-layout-28f84493 wp-block-columns-is-layout-flex\">\n<div class=\"wp-block-column is-layout-flow wp-block-column-is-layout-flow\" style=\"flex-basis:20%\">\n<figure class=\"wp-block-image size-full is-resized\"><img loading=\"lazy\" decoding=\"async\" width=\"225\" height=\"225\" src=\"https:\/\/www.esme.fr\/recherche\/wp-content\/uploads\/2024\/12\/ODD11.png\" alt=\"\" class=\"wp-image-7329\" style=\"width:auto;height:100px\" srcset=\"https:\/\/www.esme.fr\/recherche\/wp-content\/uploads\/2024\/12\/ODD11.png 225w, https:\/\/www.esme.fr\/recherche\/wp-content\/uploads\/2024\/12\/ODD11-150x150.png 150w\" sizes=\"auto, (max-width: 225px) 100vw, 225px\" \/><\/figure>\n<\/div>\n\n\n\n<div class=\"wp-block-column is-layout-flow wp-block-column-is-layout-flow\" style=\"flex-basis:80%\">\n<ul class=\"wp-block-list\">\n<li>11.2 Transports s\u00fbrs, accessibles et viables<\/li>\n<\/ul>\n<\/div>\n<\/div>\n\n\n\n<p><strong>Lois de commande&nbsp;: Commande et observation de syst\u00e8mes avec des simulations dans les 3 th\u00e9matiques que ce soit le d\u00e9veloppement durable, la sant\u00e9 ou m\u00eame l&rsquo;environnement. Avec l&rsquo;\u00e9tablissement de lois de commande ad\u00e9quate aux engins (moteurs) \u00e0 un cout abordable dans le cadre de l&rsquo;am\u00e9lioration de la s\u00e9curit\u00e9 routi\u00e8re.<\/strong><\/p>\n\n\n\n<div class=\"wp-block-columns is-layout-flex wp-container-core-columns-is-layout-28f84493 wp-block-columns-is-layout-flex\">\n<div class=\"wp-block-column is-layout-flow wp-block-column-is-layout-flow\" style=\"flex-basis:20%\">\n<figure class=\"wp-block-image size-full is-resized\"><img loading=\"lazy\" decoding=\"async\" width=\"225\" height=\"225\" src=\"https:\/\/www.esme.fr\/recherche\/wp-content\/uploads\/2024\/12\/ODD11.png\" alt=\"\" class=\"wp-image-7329\" style=\"width:auto;height:100px\" srcset=\"https:\/\/www.esme.fr\/recherche\/wp-content\/uploads\/2024\/12\/ODD11.png 225w, https:\/\/www.esme.fr\/recherche\/wp-content\/uploads\/2024\/12\/ODD11-150x150.png 150w\" sizes=\"auto, (max-width: 225px) 100vw, 225px\" \/><\/figure>\n<\/div>\n\n\n\n<div class=\"wp-block-column is-layout-flow wp-block-column-is-layout-flow\" style=\"flex-basis:80%\">\n<ul class=\"wp-block-list\">\n<li>11.2 Transports s\u00fbrs, accessibles et viables<\/li>\n<\/ul>\n<\/div>\n<\/div>\n\n\n\n<h4 class=\"wp-block-heading\" id=\"h-et-qui-ont-donne-lieu-a-plusieurs-publications-1\"><strong>Et qui ont donn\u00e9 lieu \u00e0 plusieurs publications :<\/strong><\/h4>\n\n\n\n<ul class=\"wp-block-list\">\n<li><strong>A. Sassi<\/strong>, I. Boussada et S. Niculescu, Some insights into partial pole placement method in observers design for time-delay systems, Trends in Mathematics, Birkhauser, <em>Springer Verlag<\/em>, September 2024. DOI&nbsp;: <a href=\"https:\/\/eur01.safelinks.protection.outlook.com\/?url=https%3A%2F%2Fdoi.org%2F10.1007%2F978-3-031-68046-5_10&amp;data=05%7C02%7Caude.herry%40esme.fr%7Cab1344909d6340b90dd208dd689483fb%7Cc9d58409fb364f2a9a45f8f1094707b1%7C0%7C0%7C638781709258305703%7CUnknown%7CTWFpbGZsb3d8eyJFbXB0eU1hcGkiOnRydWUsIlYiOiIwLjAuMDAwMCIsIlAiOiJXaW4zMiIsIkFOIjoiTWFpbCIsIldUIjoyfQ%3D%3D%7C0%7C%7C%7C&amp;sdata=etV2SPIejzuhlpMzL1Oees%2Fp%2B78HUnFF3b%2Fmys0Fw8I%3D&amp;reserved=0\">https:\/\/doi.org\/10.1007\/978-3-031-68046-5_10<\/a>&nbsp;<\/li>\n\n\n\n<li><strong>A. Sassi<\/strong>, I. Boussaada, S.-I. Niculescu, and M. Zasadzinski, Observer-based Controller Design for LTI SISO Systems with Feedback Delay. A Partial Pole Placement Approach, <em>IFAC Workshop on Time Delay Systems (TDS)<\/em>, Udine, Italy, September 2024.<\/li>\n\n\n\n<li>C. Abdelaali, A. Brouri, F. Giri, <strong>A. Sassi<\/strong> et A. Bouklata, Modeling and Adaptive Observer Design of Buck Power Converter with Transmission Delay<em>, 12th IFAC Symposium on Control of Power and Energy Systems (CPES),<\/em> Rabat, Morocco, July 2024. DOI:<a href=\"https:\/\/eur01.safelinks.protection.outlook.com\/?url=https%3A%2F%2Fdoi.org%2F10.1016%2Fj.ifacol.2024.07.581&amp;data=05%7C02%7Caude.herry%40esme.fr%7Cab1344909d6340b90dd208dd689483fb%7Cc9d58409fb364f2a9a45f8f1094707b1%7C0%7C0%7C638781709258330762%7CUnknown%7CTWFpbGZsb3d8eyJFbXB0eU1hcGkiOnRydWUsIlYiOiIwLjAuMDAwMCIsIlAiOiJXaW4zMiIsIkFOIjoiTWFpbCIsIldUIjoyfQ%3D%3D%7C0%7C%7C%7C&amp;sdata=64CDuwRvt3VsmCU02QYMSC2o9%2BOJRs3VsxQhmVJpcYQ%3D&amp;reserved=0\">https:\/\/doi.org\/10.1016\/j.ifacol.2024.07.581<\/a><\/li>\n\n\n\n<li>E. Lebarbier, N. Marie et <strong>A. Rosier<\/strong>, Trend of high dimensional time series estimation using low-rank matrix factorization: heuristics and numerical experiments via the TrendTM package, <em>Computational Statistics<\/em>, June 2024. DOI:<a href=\"https:\/\/eur01.safelinks.protection.outlook.com\/?url=https%3A%2F%2Fdoi.org%2F10.1007%2Fs00180-024-01519-9&amp;data=05%7C02%7Caude.herry%40esme.fr%7Cab1344909d6340b90dd208dd689483fb%7Cc9d58409fb364f2a9a45f8f1094707b1%7C0%7C0%7C638781709258344296%7CUnknown%7CTWFpbGZsb3d8eyJFbXB0eU1hcGkiOnRydWUsIlYiOiIwLjAuMDAwMCIsIlAiOiJXaW4zMiIsIkFOIjoiTWFpbCIsIldUIjoyfQ%3D%3D%7C0%7C%7C%7C&amp;sdata=J%2F8lYp5XTzLZSIGqAughn6RQngMbUdggqWmFftYYZYY%3D&amp;reserved=0\">https:\/\/doi.org\/10.1007\/s00180-024-01519-9<\/a>&nbsp;<\/li>\n\n\n\n<li><strong>A. Sassi<\/strong>, I. Boussada et S.-I. Niculescu, Reduced-Order Observer Design for Time-Delay Systems using Partial Pole Placement, <em>11th International Conference on Systems and Control (ICSC) 2023<\/em>, Sousse, Tunisia, December 2023.<\/li>\n\n\n\n<li>M. Lahlouh, R. Blanc, M. Piotin, J. Szewczyk, N. Passat, and <strong>Y. Chenoune<\/strong>, Cerebral AVM Segmentation from 3D Rotational Angiography Images by Convolutional Neural Networks, <em>Neuroscience Informatics<\/em>, Volume 3, Issue 3, July 2023. DOI:&nbsp;<a href=\"https:\/\/eur01.safelinks.protection.outlook.com\/?url=https%3A%2F%2Fdoi.org%2F10.1016%2Fj.neuri.2023.100138&amp;data=05%7C02%7Caude.herry%40esme.fr%7Cab1344909d6340b90dd208dd689483fb%7Cc9d58409fb364f2a9a45f8f1094707b1%7C0%7C0%7C638781709258357950%7CUnknown%7CTWFpbGZsb3d8eyJFbXB0eU1hcGkiOnRydWUsIlYiOiIwLjAuMDAwMCIsIlAiOiJXaW4zMiIsIkFOIjoiTWFpbCIsIldUIjoyfQ%3D%3D%7C0%7C%7C%7C&amp;sdata=%2Bisw%2B3yTpwx3ZteYpN8IjaQeqrjDROY7K%2Bgvxkp0RY8%3D&amp;reserved=0\">https:\/\/doi.org\/10.1016\/j.neuri.2023.100138<\/a><\/li>\n\n\n\n<li>M. Lahlouh, Y. Chenoune, R. Blanc, M. Piotin, S. Escalard, R. Fahed, J. Szewczyk et N. Passat, \u00abAutomated Aortic Anatomy Analysis: from Image to Clinical Indicators \u00bb, <em>45th Annual Conference of the IEEE Engineering in Medicine and Biology Society (EMBS),<\/em> Sydney, Australia, 24th-27th July 2023. DOI: <a href=\"https:\/\/eur01.safelinks.protection.outlook.com\/?url=https%3A%2F%2Fdoi.org%2F10.1109%2Fembc40787.2023.10340921&amp;data=05%7C02%7Caude.herry%40esme.fr%7Cab1344909d6340b90dd208dd689483fb%7Cc9d58409fb364f2a9a45f8f1094707b1%7C0%7C0%7C638781709258372673%7CUnknown%7CTWFpbGZsb3d8eyJFbXB0eU1hcGkiOnRydWUsIlYiOiIwLjAuMDAwMCIsIlAiOiJXaW4zMiIsIkFOIjoiTWFpbCIsIldUIjoyfQ%3D%3D%7C0%7C%7C%7C&amp;sdata=Ws%2BjDhwUF548IqwwpwL%2FO4AB%2BfM9VtgqhItYWOifWqY%3D&amp;reserved=0\" target=\"_blank\" rel=\"noreferrer noopener\">10.1109\/EMBC40787.2023.10340921<\/a><\/li>\n\n\n\n<li><strong>A. Bareggi<\/strong> et L. Billard, Towards scientific awarenesses in practical choral configuration by 2D acoustic simulation, <em>30th European Association for music in Schools (EAS)<\/em> Conference, Lyon, France, May 2023.<\/li>\n\n\n\n<li><strong>A. Bareggi<\/strong> and S. Sargenti, Listening and composing in electroacoustic music classes: an experimentation with sustainable tools, <em>30th European Association for music in Schools (EAS) Conference<\/em>, Lyon, France, May 2023.<\/li>\n\n\n\n<li>K. Taibouni, A. Miere, A. Samake, E. Souied, E. Petit, and <strong>Y. Chenoune<\/strong>, \u00ab&nbsp;Choriocapillaris Images by Convolutional Neural Networks&nbsp;\u00bb, in \u00ab Artificial Intelligence Applied to Medical Imaging and Computational Biology&nbsp;\u00bb, by L. Rundo, C. Militello, and A. Tangherloni, <em>MDPI, Special Issue \u00ab Artificial Intelligence Applied to Medical Imaging and Computational Biology&nbsp;\u00bb<\/em>, pp. 135-147, Basel, February 2023. DOI: 10.3390\/books978-3-0365-6488-3.<\/li>\n\n\n\n<li>P. Alquier, N. Marie, and <strong>A. Rosier<\/strong>, Tight Risk Bound for High Dimensional Time Series Completion, <em>Electronic Journal of Statistics<\/em>, April 2022. DOI: 10.1214\/22-EJS2015<\/li>\n<\/ul>\n","protected":false},"excerpt":{"rendered":"<p>Pr\u00e9ambule L\u2019ESME a formalis\u00e9 depuis quelques ann\u00e9es une politique RSE (Responsabilit\u00e9 Soci\u00e9tale des Entreprises) visant \u00e0 prendre des engagements pour am\u00e9liorer son impact soci\u00e9tal et limiter son impact environnemental. Pour aller plus loin, l\u2019ESME est devenue en juillet 2021 Soci\u00e9t\u00e9 \u00e0 Mission. L\u2019int\u00e9gration des enjeux RSE \u00e0 nos actions et nos missions, y compris dans [&hellip;]<\/p>\n","protected":false},"author":3,"featured_media":4614,"parent":0,"menu_order":0,"comment_status":"closed","ping_status":"closed","template":"banner-fil-dariane","meta":{"_acf_changed":false,"footnotes":""},"class_list":["post-7316","page","type-page","status-publish","has-post-thumbnail","hentry"],"acf":[],"yoast_head":"<!-- This site is optimized with the Yoast SEO Premium plugin v22.8 (Yoast SEO v27.3) - https:\/\/yoast.com\/product\/yoast-seo-premium-wordpress\/ -->\n<title>Innovation responsable et d\u00e9marche RSE - ESME<\/title>\n<meta name=\"description\" content=\"L&#039;ESME int\u00e8gre les enjeux RSE \u00e0 sa strat\u00e9gie de recherche.\" \/>\n<meta name=\"robots\" content=\"index, follow, max-snippet:-1, max-image-preview:large, max-video-preview:-1\" \/>\n<link rel=\"canonical\" href=\"https:\/\/www.esme.fr\/recherche\/rse\/\" \/>\n<meta property=\"og:locale\" content=\"fr_FR\" \/>\n<meta property=\"og:type\" content=\"article\" \/>\n<meta property=\"og:title\" content=\"Innovation responsable et d\u00e9marche RSE\" \/>\n<meta property=\"og:description\" content=\"L&#039;ESME int\u00e8gre les enjeux RSE \u00e0 sa strat\u00e9gie de recherche.\" \/>\n<meta property=\"og:url\" content=\"https:\/\/www.esme.fr\/recherche\/rse\/\" \/>\n<meta property=\"article:modified_time\" content=\"2026-03-20T16:07:30+00:00\" \/>\n<meta property=\"og:image\" content=\"https:\/\/www.esme.fr\/recherche\/wp-content\/uploads\/2021\/11\/esme_rubrique_visuel_sante.png\" \/>\n\t<meta property=\"og:image:width\" content=\"1920\" \/>\n\t<meta property=\"og:image:height\" content=\"258\" \/>\n\t<meta property=\"og:image:type\" content=\"image\/png\" \/>\n<meta name=\"twitter:card\" content=\"summary_large_image\" \/>\n<meta name=\"twitter:label1\" content=\"Dur\u00e9e de lecture estim\u00e9e\" \/>\n\t<meta name=\"twitter:data1\" content=\"18 minutes\" \/>\n<script type=\"application\/ld+json\" class=\"yoast-schema-graph\">{\"@context\":\"https:\\\/\\\/schema.org\",\"@graph\":[{\"@type\":\"WebPage\",\"@id\":\"https:\\\/\\\/www.esme.fr\\\/recherche\\\/rse\\\/\",\"url\":\"https:\\\/\\\/www.esme.fr\\\/recherche\\\/rse\\\/\",\"name\":\"Innovation responsable et d\u00e9marche RSE - ESME\",\"isPartOf\":{\"@id\":\"https:\\\/\\\/www.esme.fr\\\/recherche\\\/#website\"},\"primaryImageOfPage\":{\"@id\":\"https:\\\/\\\/www.esme.fr\\\/recherche\\\/rse\\\/#primaryimage\"},\"image\":{\"@id\":\"https:\\\/\\\/www.esme.fr\\\/recherche\\\/rse\\\/#primaryimage\"},\"thumbnailUrl\":\"https:\\\/\\\/www.esme.fr\\\/recherche\\\/wp-content\\\/uploads\\\/2021\\\/11\\\/esme_rubrique_visuel_sante.png\",\"datePublished\":\"2024-12-18T10:42:19+00:00\",\"dateModified\":\"2026-03-20T16:07:30+00:00\",\"description\":\"L'ESME int\u00e8gre les enjeux RSE \u00e0 sa strat\u00e9gie de recherche.\",\"breadcrumb\":{\"@id\":\"https:\\\/\\\/www.esme.fr\\\/recherche\\\/rse\\\/#breadcrumb\"},\"inLanguage\":\"fr-FR\",\"potentialAction\":[{\"@type\":\"ReadAction\",\"target\":[\"https:\\\/\\\/www.esme.fr\\\/recherche\\\/rse\\\/\"]}]},{\"@type\":\"ImageObject\",\"inLanguage\":\"fr-FR\",\"@id\":\"https:\\\/\\\/www.esme.fr\\\/recherche\\\/rse\\\/#primaryimage\",\"url\":\"https:\\\/\\\/www.esme.fr\\\/recherche\\\/wp-content\\\/uploads\\\/2021\\\/11\\\/esme_rubrique_visuel_sante.png\",\"contentUrl\":\"https:\\\/\\\/www.esme.fr\\\/recherche\\\/wp-content\\\/uploads\\\/2021\\\/11\\\/esme_rubrique_visuel_sante.png\",\"width\":1920,\"height\":258,\"caption\":\"banniere recherche sant\u00e9\"},{\"@type\":\"BreadcrumbList\",\"@id\":\"https:\\\/\\\/www.esme.fr\\\/recherche\\\/rse\\\/#breadcrumb\",\"itemListElement\":[{\"@type\":\"ListItem\",\"position\":1,\"name\":\"Accueil\",\"item\":\"https:\\\/\\\/www.esme.fr\\\/recherche\\\/\"},{\"@type\":\"ListItem\",\"position\":2,\"name\":\"Innovation responsable et d\u00e9marche RSE\"}]},{\"@type\":\"WebSite\",\"@id\":\"https:\\\/\\\/www.esme.fr\\\/recherche\\\/#website\",\"url\":\"https:\\\/\\\/www.esme.fr\\\/recherche\\\/\",\"name\":\"\",\"description\":\"Innovative Engineering\",\"potentialAction\":[{\"@type\":\"SearchAction\",\"target\":{\"@type\":\"EntryPoint\",\"urlTemplate\":\"https:\\\/\\\/www.esme.fr\\\/recherche\\\/?s={search_term_string}\"},\"query-input\":{\"@type\":\"PropertyValueSpecification\",\"valueRequired\":true,\"valueName\":\"search_term_string\"}}],\"inLanguage\":\"fr-FR\"}]}<\/script>\n<!-- \/ Yoast SEO Premium plugin. -->","yoast_head_json":{"title":"Innovation responsable et d\u00e9marche RSE - ESME","description":"L'ESME int\u00e8gre les enjeux RSE \u00e0 sa strat\u00e9gie de recherche.","robots":{"index":"index","follow":"follow","max-snippet":"max-snippet:-1","max-image-preview":"max-image-preview:large","max-video-preview":"max-video-preview:-1"},"canonical":"https:\/\/www.esme.fr\/recherche\/rse\/","og_locale":"fr_FR","og_type":"article","og_title":"Innovation responsable et d\u00e9marche RSE","og_description":"L'ESME int\u00e8gre les enjeux RSE \u00e0 sa strat\u00e9gie de recherche.","og_url":"https:\/\/www.esme.fr\/recherche\/rse\/","article_modified_time":"2026-03-20T16:07:30+00:00","og_image":[{"width":1920,"height":258,"url":"https:\/\/www.esme.fr\/recherche\/wp-content\/uploads\/2021\/11\/esme_rubrique_visuel_sante.png","type":"image\/png"}],"twitter_card":"summary_large_image","twitter_misc":{"Dur\u00e9e de lecture estim\u00e9e":"18 minutes"},"schema":{"@context":"https:\/\/schema.org","@graph":[{"@type":"WebPage","@id":"https:\/\/www.esme.fr\/recherche\/rse\/","url":"https:\/\/www.esme.fr\/recherche\/rse\/","name":"Innovation responsable et d\u00e9marche RSE - ESME","isPartOf":{"@id":"https:\/\/www.esme.fr\/recherche\/#website"},"primaryImageOfPage":{"@id":"https:\/\/www.esme.fr\/recherche\/rse\/#primaryimage"},"image":{"@id":"https:\/\/www.esme.fr\/recherche\/rse\/#primaryimage"},"thumbnailUrl":"https:\/\/www.esme.fr\/recherche\/wp-content\/uploads\/2021\/11\/esme_rubrique_visuel_sante.png","datePublished":"2024-12-18T10:42:19+00:00","dateModified":"2026-03-20T16:07:30+00:00","description":"L'ESME int\u00e8gre les enjeux RSE \u00e0 sa strat\u00e9gie de recherche.","breadcrumb":{"@id":"https:\/\/www.esme.fr\/recherche\/rse\/#breadcrumb"},"inLanguage":"fr-FR","potentialAction":[{"@type":"ReadAction","target":["https:\/\/www.esme.fr\/recherche\/rse\/"]}]},{"@type":"ImageObject","inLanguage":"fr-FR","@id":"https:\/\/www.esme.fr\/recherche\/rse\/#primaryimage","url":"https:\/\/www.esme.fr\/recherche\/wp-content\/uploads\/2021\/11\/esme_rubrique_visuel_sante.png","contentUrl":"https:\/\/www.esme.fr\/recherche\/wp-content\/uploads\/2021\/11\/esme_rubrique_visuel_sante.png","width":1920,"height":258,"caption":"banniere recherche sant\u00e9"},{"@type":"BreadcrumbList","@id":"https:\/\/www.esme.fr\/recherche\/rse\/#breadcrumb","itemListElement":[{"@type":"ListItem","position":1,"name":"Accueil","item":"https:\/\/www.esme.fr\/recherche\/"},{"@type":"ListItem","position":2,"name":"Innovation responsable et d\u00e9marche RSE"}]},{"@type":"WebSite","@id":"https:\/\/www.esme.fr\/recherche\/#website","url":"https:\/\/www.esme.fr\/recherche\/","name":"","description":"Innovative Engineering","potentialAction":[{"@type":"SearchAction","target":{"@type":"EntryPoint","urlTemplate":"https:\/\/www.esme.fr\/recherche\/?s={search_term_string}"},"query-input":{"@type":"PropertyValueSpecification","valueRequired":true,"valueName":"search_term_string"}}],"inLanguage":"fr-FR"}]}},"_links":{"self":[{"href":"https:\/\/www.esme.fr\/recherche\/wp-json\/wp\/v2\/pages\/7316","targetHints":{"allow":["GET"]}}],"collection":[{"href":"https:\/\/www.esme.fr\/recherche\/wp-json\/wp\/v2\/pages"}],"about":[{"href":"https:\/\/www.esme.fr\/recherche\/wp-json\/wp\/v2\/types\/page"}],"author":[{"embeddable":true,"href":"https:\/\/www.esme.fr\/recherche\/wp-json\/wp\/v2\/users\/3"}],"replies":[{"embeddable":true,"href":"https:\/\/www.esme.fr\/recherche\/wp-json\/wp\/v2\/comments?post=7316"}],"version-history":[{"count":21,"href":"https:\/\/www.esme.fr\/recherche\/wp-json\/wp\/v2\/pages\/7316\/revisions"}],"predecessor-version":[{"id":7717,"href":"https:\/\/www.esme.fr\/recherche\/wp-json\/wp\/v2\/pages\/7316\/revisions\/7717"}],"wp:featuredmedia":[{"embeddable":true,"href":"https:\/\/www.esme.fr\/recherche\/wp-json\/wp\/v2\/media\/4614"}],"wp:attachment":[{"href":"https:\/\/www.esme.fr\/recherche\/wp-json\/wp\/v2\/media?parent=7316"}],"curies":[{"name":"wp","href":"https:\/\/api.w.org\/{rel}","templated":true}]}}